{"id":8386,"date":"2025-11-27T09:18:29","date_gmt":"2025-11-27T08:18:29","guid":{"rendered":"https:\/\/heimatverein-nieder-roden.de\/?page_id=8386"},"modified":"2025-11-27T12:58:24","modified_gmt":"2025-11-27T11:58:24","slug":"der-strumpfdieb-von-nieder-roden","status":"publish","type":"page","link":"https:\/\/heimatverein-nieder-roden.de\/?page_id=8386","title":{"rendered":"Der Strumpfdieb von Nieder-Roden"},"content":{"rendered":"\n<p><strong>Aale unn neue Geschischde aus\u2019m Ort<\/strong><\/p>\n\n\n\n<div id=\"ez-toc-container\" class=\"ez-toc-v2_0_82_2 counter-hierarchy ez-toc-counter ez-toc-custom ez-toc-container-direction\">\n<p class=\"ez-toc-title\" style=\"cursor:inherit\">Inhaltsverzeichnis<\/p>\n<label for=\"ez-toc-cssicon-toggle-item-69f5b1a3ec9c2\" class=\"ez-toc-cssicon-toggle-label\"><span class=\"\"><span class=\"eztoc-hide\" style=\"display:none;\">Toggle<\/span><span class=\"ez-toc-icon-toggle-span\"><svg style=\"fill: #000000;color:#000000\" xmlns=\"http:\/\/www.w3.org\/2000\/svg\" class=\"list-377408\" width=\"20px\" height=\"20px\" viewBox=\"0 0 24 24\" fill=\"none\"><path d=\"M6 6H4v2h2V6zm14 0H8v2h12V6zM4 11h2v2H4v-2zm16 0H8v2h12v-2zM4 16h2v2H4v-2zm16 0H8v2h12v-2z\" fill=\"currentColor\"><\/path><\/svg><svg style=\"fill: #000000;color:#000000\" class=\"arrow-unsorted-368013\" xmlns=\"http:\/\/www.w3.org\/2000\/svg\" width=\"10px\" height=\"10px\" viewBox=\"0 0 24 24\" version=\"1.2\" baseProfile=\"tiny\"><path d=\"M18.2 9.3l-6.2-6.3-6.2 6.3c-.2.2-.3.4-.3.7s.1.5.3.7c.2.2.4.3.7.3h11c.3 0 .5-.1.7-.3.2-.2.3-.5.3-.7s-.1-.5-.3-.7zM5.8 14.7l6.2 6.3 6.2-6.3c.2-.2.3-.5.3-.7s-.1-.5-.3-.7c-.2-.2-.4-.3-.7-.3h-11c-.3 0-.5.1-.7.3-.2.2-.3.5-.3.7s.1.5.3.7z\"\/><\/svg><\/span><\/span><\/label><input type=\"checkbox\"  id=\"ez-toc-cssicon-toggle-item-69f5b1a3ec9c2\"  aria-label=\"Toggle\" \/><nav><ul class='ez-toc-list ez-toc-list-level-1 ' ><li class='ez-toc-page-1 ez-toc-heading-level-3'><a class=\"ez-toc-link ez-toc-heading-1\" href=\"https:\/\/heimatverein-nieder-roden.de\/?page_id=8386\/#Einleitung\" >Einleitung<\/a><\/li><li class='ez-toc-page-1 ez-toc-heading-level-3'><a class=\"ez-toc-link ez-toc-heading-2\" href=\"https:\/\/heimatverein-nieder-roden.de\/?page_id=8386\/#Vorwort\" >Vorwort<\/a><\/li><li class='ez-toc-page-1 ez-toc-heading-level-3'><a class=\"ez-toc-link ez-toc-heading-3\" href=\"https:\/\/heimatverein-nieder-roden.de\/?page_id=8386\/#Worum_geht_es_%E2%80%93_Die_Story\" >Worum geht es? &#8211; Die Story<\/a><\/li><li class='ez-toc-page-1 ez-toc-heading-level-3'><a class=\"ez-toc-link ez-toc-heading-4\" href=\"https:\/\/heimatverein-nieder-roden.de\/?page_id=8386\/#Wer_hat_es_ermoeglicht\" >Wer hat es erm\u00f6glicht?<\/a><\/li><li class='ez-toc-page-1 ez-toc-heading-level-3'><a class=\"ez-toc-link ez-toc-heading-5\" href=\"https:\/\/heimatverein-nieder-roden.de\/?page_id=8386\/#Wer_hat_es_erschaffen\" >Wer hat es erschaffen?<\/a><\/li><li class='ez-toc-page-1 ez-toc-heading-level-3'><a class=\"ez-toc-link ez-toc-heading-6\" href=\"https:\/\/heimatverein-nieder-roden.de\/?page_id=8386\/#Wie_komme_ich_an_ein_Exemplar\" >Wie komme ich an ein Exemplar?<\/a><\/li><li class='ez-toc-page-1 ez-toc-heading-level-3'><a class=\"ez-toc-link ez-toc-heading-7\" href=\"https:\/\/heimatverein-nieder-roden.de\/?page_id=8386\/#Weitere_Daten_zum_Buch\" >Weitere Daten zum Buch<\/a><\/li><\/ul><\/nav><\/div>\n<h3 class=\"wp-block-heading\"><span class=\"ez-toc-section\" id=\"Einleitung\"><\/span><strong>Einleitung<\/strong><span class=\"ez-toc-section-end\"><\/span><\/h3>\n\n\n<div class=\"wp-block-image\">\n<figure class=\"aligncenter size-large is-resized\"><a href=\"https:\/\/heimatverein-nieder-roden.de\/wp-content\/uploads\/2025\/11\/Buch_Der-Strumpfdieb-von-Nieder-Roden_Cover_Tischaufsteller-A3-scaled.jpg\"><img decoding=\"async\" width=\"724\" height=\"1024\" src=\"https:\/\/heimatverein-nieder-roden.de\/wp-content\/uploads\/2025\/11\/Buch_Der-Strumpfdieb-von-Nieder-Roden_Cover_Tischaufsteller-A3-724x1024.jpg\" alt=\"\" class=\"wp-image-8388\" style=\"width:531px;height:auto\" srcset=\"https:\/\/heimatverein-nieder-roden.de\/wp-content\/uploads\/2025\/11\/Buch_Der-Strumpfdieb-von-Nieder-Roden_Cover_Tischaufsteller-A3-724x1024.jpg 724w, https:\/\/heimatverein-nieder-roden.de\/wp-content\/uploads\/2025\/11\/Buch_Der-Strumpfdieb-von-Nieder-Roden_Cover_Tischaufsteller-A3-212x300.jpg 212w, https:\/\/heimatverein-nieder-roden.de\/wp-content\/uploads\/2025\/11\/Buch_Der-Strumpfdieb-von-Nieder-Roden_Cover_Tischaufsteller-A3-768x1086.jpg 768w, https:\/\/heimatverein-nieder-roden.de\/wp-content\/uploads\/2025\/11\/Buch_Der-Strumpfdieb-von-Nieder-Roden_Cover_Tischaufsteller-A3-1086x1536.jpg 1086w, https:\/\/heimatverein-nieder-roden.de\/wp-content\/uploads\/2025\/11\/Buch_Der-Strumpfdieb-von-Nieder-Roden_Cover_Tischaufsteller-A3-1448x2048.jpg 1448w, https:\/\/heimatverein-nieder-roden.de\/wp-content\/uploads\/2025\/11\/Buch_Der-Strumpfdieb-von-Nieder-Roden_Cover_Tischaufsteller-A3-836x1182.jpg 836w, https:\/\/heimatverein-nieder-roden.de\/wp-content\/uploads\/2025\/11\/Buch_Der-Strumpfdieb-von-Nieder-Roden_Cover_Tischaufsteller-A3-560x792.jpg 560w, https:\/\/heimatverein-nieder-roden.de\/wp-content\/uploads\/2025\/11\/Buch_Der-Strumpfdieb-von-Nieder-Roden_Cover_Tischaufsteller-A3-scaled.jpg 1810w\" sizes=\"(max-width: 724px) 100vw, 724px\" \/><\/a><figcaption class=\"wp-element-caption\">Flyer zum Comic: &#8222;Der Strumpfdieb von Nieder-Roden&#8220; &#8211; gegen Spende erh\u00e4ltlich beim AKHNR.\n\u00a9Pirkko Cremer\/AKHNR<\/figcaption><\/figure>\n<\/div>\n\n\n<p>Eine Comic-Geschichte rund um Hist\u00f6rchen aus Rodgau Nieder-Roden. Dieses Buch sch\u00f6pft aus Geschichten von Nieder-R\u00f6der B\u00fcrger:innen. Auch Mitglieder des Heimatvereins haben Geschichten aus ihrem Leben beigetragen. <\/p>\n\n\n\n<p>Mit der Buchvorstellung wurde auch eine begleitende Ausstellung mit Comic-Motiven im Sozialzentrum er\u00f6ffnet. Dabei wurden Bilder und B\u00fccher versteigert f\u00fcr einen guten Zweck.<\/p>\n\n\n\n<p>Die Ausstellung wird im Jahr 2026 auch im Heimatmuseum gezeigt.<\/p>\n\n\n\n<h3 class=\"wp-block-heading\"><span class=\"ez-toc-section\" id=\"Vorwort\"><\/span>Vorwort<span class=\"ez-toc-section-end\"><\/span><\/h3>\n\n\n\n<p class=\"has-regular-font-size\">Verehrte Leserinnen und Leser! Auf den folgenden Seiten versammeln sich alte und neue Geschichten aus Nieder-Roden. Berichte aus mehreren Jahrzehnten stricken ein Bild aus Erz\u00e4hlungen von Ur-Nieder-R\u00f6der:innen und Zugezogenen. Jedes Gespr\u00e4ch war besonders und bewegend. Einige Erlebnisse finden sich in der gezeichneten Geschichte, andere am Ende des Buches, wo Alt- und Neu-b\u00fcrger:innen Berichte \u00fcber ihr Ankommen und ihr Bleiben hinterlassen.<\/p>\n\n\n\n<p>Wir alle kommen von irgendwo her und suchen nach dem Gef\u00fchl, zu Hause zu sein. Was verbinden wir mit Heimat und Identit\u00e4t? Mit dieser Frage besch\u00e4ftigt sich das Buch. Vor allem aber ist es eine Geschichte \u00fcber Nieder-Roden, Erinnerungen an die Kindheit, die alte TGN-Halle, die Bimmelbahn, den Bahnhof, die Linde, die Rodau, den R\u00f6hren-Spielplatz und den Kiessee.<\/p>\n\n\n\n<p>Vielleicht erkennen Sie sich wieder!<\/p>\n\n\n\n<h3 class=\"wp-block-heading\"><span class=\"ez-toc-section\" id=\"Worum_geht_es_%E2%80%93_Die_Story\"><\/span>Worum geht es? &#8211; Die Story<span class=\"ez-toc-section-end\"><\/span><\/h3>\n\n\n\n<p>Silja sucht ihre Str\u00fcmpfe. Immer fehlt einer. Verflixt! Wer hat die Str\u00fcmpfe geklaut? Hat so ein Strumpfdieb einen R\u00fcssel? Oder ganz viele Haare? Ob der auch Schuhe frisst? Im Treppenhaus lernt sie Mohammed kennen. Und der hat einen Freund in der sogenannten \u201eChina-Mauer\u201c. Zu dritt erforschen sie die Gegend und sto\u00dfen dabei auf vielerlei Geschichten aus ihrem Ort.<\/p>\n\n\n\n<p>Ein Mord? In der Schulstra\u00dfe? Und wer war eigentlich der \u201eKohle-Peter\u201c? Letztendlich: Wer klaut denn nun die Str\u00fcmpfe?<\/p>\n\n\n\n<p>Die Leserschaft erh\u00e4lt einen Einblick in den Kosmos dreier Kinder. Die Welt ist gro\u00df, das Leben liegt vor ihnen wie ein bunter Teppich. Ihr Alltag und ihre Abenteuerlust bringen uns Nieder-Roden mit einem Zwinkern in den Augen sehr nahe.<\/p>\n\n\n\n<h3 class=\"wp-block-heading\"><span class=\"ez-toc-section\" id=\"Wer_hat_es_ermoeglicht\"><\/span>Wer hat es erm\u00f6glicht?<span class=\"ez-toc-section-end\"><\/span><\/h3>\n\n\n\n<p>An dieser Stelle m\u00f6chten wir unseren innigsten Dank zum Ausdruck bringen: <\/p>\n\n\n\n<ul class=\"wp-block-list\">\n<li>an das ZIZ f\u00fcr die Verwirklichung des Projekts, <\/li>\n\n\n\n<li>an das Team der Gemeinwesenarbeit, welches in vermittelnder Weise geholfen hat, <\/li>\n\n\n\n<li>und an alle Mitwirkenden!<\/li>\n<\/ul>\n\n\n<div class=\"wp-block-image\">\n<figure class=\"aligncenter size-large is-resized\"><img decoding=\"async\" width=\"1024\" height=\"360\" src=\"https:\/\/heimatverein-nieder-roden.de\/wp-content\/uploads\/2024\/02\/gemeinwesenarbeit_hessen_logo-1024x360.png\" alt=\"\" class=\"wp-image-6526\" style=\"width:592px;height:auto\" srcset=\"https:\/\/heimatverein-nieder-roden.de\/wp-content\/uploads\/2024\/02\/gemeinwesenarbeit_hessen_logo-1024x360.png 1024w, https:\/\/heimatverein-nieder-roden.de\/wp-content\/uploads\/2024\/02\/gemeinwesenarbeit_hessen_logo-300x105.png 300w, https:\/\/heimatverein-nieder-roden.de\/wp-content\/uploads\/2024\/02\/gemeinwesenarbeit_hessen_logo-768x270.png 768w, https:\/\/heimatverein-nieder-roden.de\/wp-content\/uploads\/2024\/02\/gemeinwesenarbeit_hessen_logo-836x294.png 836w, https:\/\/heimatverein-nieder-roden.de\/wp-content\/uploads\/2024\/02\/gemeinwesenarbeit_hessen_logo-560x197.png 560w, https:\/\/heimatverein-nieder-roden.de\/wp-content\/uploads\/2024\/02\/gemeinwesenarbeit_hessen_logo.png 1196w\" sizes=\"(max-width: 1024px) 100vw, 1024px\" \/><figcaption class=\"wp-element-caption\">Logo der Servicestelle Gemeinwesenarbeit der Landesarbeitsgemeinschaft Soziale Brennpunkte Hessen e.V.<\/figcaption><\/figure>\n<\/div>\n\n\n<hr class=\"wp-block-separator has-alpha-channel-opacity is-style-wide\"\/>\n\n\n\n<p class=\"has-text-align-center\"><em>Unterst\u00fctzt durch das Projekt \u201eZuhause im Zentrum\u201c:<\/em><\/p>\n\n\n\n<p class=\"has-text-align-center\"><em> Mit &#8222;Zuhause im Zentrum&#8220; wurde im Herbst 2022 der Rodgauer Stadtteil Nieder-Roden in das Bundesf\u00f6rderprogramm \u201eZukunftsf\u00e4hige Innenst\u00e4dte und Zentren\u201c (ZIZ) aufgenommen. <\/em><br><em>Das Projekt hat die zukunftsf\u00e4hige und nachhaltige Entwicklung und Belebung des Stadteilzentrums im Fokus.<\/em><\/p>\n\n\n<div class=\"wp-block-image\">\n<figure class=\"aligncenter size-large is-resized has-lightbox\"><a href=\"https:\/\/ziz-nieder-roden.de\/\" target=\"_blank\" rel=\" noreferrer noopener\"><img decoding=\"async\" width=\"1024\" height=\"486\" src=\"https:\/\/heimatverein-nieder-roden.de\/wp-content\/uploads\/2024\/11\/Zuhause-im-Zentrum-ZIZ_Logo_-1024x486.png\" alt=\"\" class=\"wp-image-7679\" style=\"width:413px;height:auto\" srcset=\"https:\/\/heimatverein-nieder-roden.de\/wp-content\/uploads\/2024\/11\/Zuhause-im-Zentrum-ZIZ_Logo_-1024x486.png 1024w, https:\/\/heimatverein-nieder-roden.de\/wp-content\/uploads\/2024\/11\/Zuhause-im-Zentrum-ZIZ_Logo_-300x142.png 300w, https:\/\/heimatverein-nieder-roden.de\/wp-content\/uploads\/2024\/11\/Zuhause-im-Zentrum-ZIZ_Logo_-768x364.png 768w, https:\/\/heimatverein-nieder-roden.de\/wp-content\/uploads\/2024\/11\/Zuhause-im-Zentrum-ZIZ_Logo_-1536x728.png 1536w, https:\/\/heimatverein-nieder-roden.de\/wp-content\/uploads\/2024\/11\/Zuhause-im-Zentrum-ZIZ_Logo_-2048x971.png 2048w, https:\/\/heimatverein-nieder-roden.de\/wp-content\/uploads\/2024\/11\/Zuhause-im-Zentrum-ZIZ_Logo_-836x396.png 836w, https:\/\/heimatverein-nieder-roden.de\/wp-content\/uploads\/2024\/11\/Zuhause-im-Zentrum-ZIZ_Logo_-560x266.png 560w\" sizes=\"(max-width: 1024px) 100vw, 1024px\" \/><\/a><figcaption class=\"wp-element-caption\">Das Logo des Projektes &#8222;Zuhause im Zentrum&#8220;.<br>Klicken Sie f\u00fcr weitere Informationen.<br>\u00a9Stadt Rodgau<\/figcaption><\/figure>\n<\/div>\n\n\n<hr class=\"wp-block-separator has-alpha-channel-opacity is-style-wide\"\/>\n\n\n\n<h3 class=\"wp-block-heading\"><span class=\"ez-toc-section\" id=\"Wer_hat_es_erschaffen\"><\/span>Wer hat es erschaffen?<span class=\"ez-toc-section-end\"><\/span><\/h3>\n\n\n\n<div class=\"wp-block-columns is-layout-flex wp-container-core-columns-is-layout-9d6595d7 wp-block-columns-is-layout-flex\">\n<div class=\"wp-block-column is-layout-flow wp-block-column-is-layout-flow\" style=\"flex-basis:33.34%\">\n<p><em>Idee, Story, Text und Recherche:<br><\/em>Pirkko Cremer<\/p>\n<\/div>\n\n\n\n<div class=\"wp-block-column is-layout-flow wp-block-column-is-layout-flow\" style=\"flex-basis:33.34%\">\n<p><em>Illustration<\/em>:<br>Christian Sch\u00fctte<\/p>\n<\/div>\n\n\n\n<div class=\"wp-block-column is-layout-flow wp-block-column-is-layout-flow\" style=\"flex-basis:33.33%\">\n<p><em>Gestaltung<\/em>:<br>Tobias Boos<\/p>\n<\/div>\n<\/div>\n\n\n\n<p><strong>Autorin<\/strong><\/p>\n\n\n\n<p>Die diplomierte Schauspielerin Pirkko Cremer studierte an der Hochschule f\u00fcr Musik und Darstellende Kunst in Frankfurt am Main und spielt regelm\u00e4\u00dfig an der Frankfurter Volksb\u00fchne. Sie schreibt selbst und f\u00fchrt Regie. Zudem arbeitet sie im Goethe-Haus und erfindet mit Tobias Boos (boos+cremer) Parallelwelten im fotografischen Bereich.<\/p>\n\n\n\n<p>Weitere Infos zu Pirkko gibt es hier: <br><a href=\"https:\/\/www.LaCompagniePirkko.com\">https:\/\/www.LaCompagniePirkko.com<\/a><\/p>\n\n\n\n<p><strong>Illustrator<\/strong><\/p>\n\n\n\n<p>Der diplomierte Grafikdesigner und Illustrator Christian Sch\u00fctte lernte sein Handwerk der Visuellen Kommunikation an der Hochschule f\u00fcr Gestaltung in Offenbach am Main. Er arbeitet selbstst\u00e4ndig f\u00fcr Verlage, Werbeagenturen und Firmen. Mit seiner Familie lebt er in Rodgau-Dudenhofen. In seiner Freizeit musiziert er gerne.<\/p>\n\n\n\n<p><strong>Gestalter<\/strong><\/p>\n\n\n\n<p>Tobias Boos ist freiberuflicher Kommunikationsdesigner und Kulturschaffender. Er erhielt sein Diplom an der Fachhochschule in Wiesbaden\/ Fachbereich Gestaltung. Neben der Gestaltung von Printmedien und einer langj\u00e4hrigen Berufst\u00e4tigkeit in einer Druckerei ist sein Schaffen gepr\u00e4gt von kreativen Beteiligungsprojekten in mannigfaltigen Richtungen.<\/p>\n\n\n\n<p>Weitere Infos zu Tobias gibt es hier: <br><a href=\"https:\/\/www.boos-goeckel.de\">https:\/\/www.boos-goeckel.de<\/a><\/p>\n\n\n\n<p><strong>Kolorierung<\/strong><\/p>\n\n\n\n<p>Christian Sch\u00fctte<br>Monika Sch\u00fctte<br>Lars Sch\u00fctte<br>Anja Weiland<\/p>\n\n\n\n<p><strong>Korrektorat<\/strong><\/p>\n\n\n\n<p>Linda Sch\u00fctte<\/p>\n\n\n\n<p><strong>Druck und Bindung<\/strong><\/p>\n\n\n\n<p>Hoehl-Druck Medien &amp; Service GmbH<br><a href=\"https:\/\/www.hoehl-druck.de\">https:\/\/www.hoehl-druck.de<\/a><br><\/p>\n\n\n\n<h3 class=\"wp-block-heading\"><span class=\"ez-toc-section\" id=\"Wie_komme_ich_an_ein_Exemplar\"><\/span>Wie komme ich an ein Exemplar?<span class=\"ez-toc-section-end\"><\/span><\/h3>\n\n\n<div class=\"wp-block-image\">\n<figure class=\"aligncenter size-large is-resized\"><a href=\"https:\/\/heimatverein-nieder-roden.de\/wp-content\/uploads\/2025\/11\/Buch_Der-Strumpfdieb-von-Nieder-Roden_Cover.png\"><img decoding=\"async\" width=\"769\" height=\"1024\" src=\"https:\/\/heimatverein-nieder-roden.de\/wp-content\/uploads\/2025\/11\/Buch_Der-Strumpfdieb-von-Nieder-Roden_Cover-769x1024.png\" alt=\"\" class=\"wp-image-8360\" style=\"width:255px;height:auto\" srcset=\"https:\/\/heimatverein-nieder-roden.de\/wp-content\/uploads\/2025\/11\/Buch_Der-Strumpfdieb-von-Nieder-Roden_Cover-769x1024.png 769w, https:\/\/heimatverein-nieder-roden.de\/wp-content\/uploads\/2025\/11\/Buch_Der-Strumpfdieb-von-Nieder-Roden_Cover-225x300.png 225w, https:\/\/heimatverein-nieder-roden.de\/wp-content\/uploads\/2025\/11\/Buch_Der-Strumpfdieb-von-Nieder-Roden_Cover-768x1023.png 768w, https:\/\/heimatverein-nieder-roden.de\/wp-content\/uploads\/2025\/11\/Buch_Der-Strumpfdieb-von-Nieder-Roden_Cover-1153x1536.png 1153w, https:\/\/heimatverein-nieder-roden.de\/wp-content\/uploads\/2025\/11\/Buch_Der-Strumpfdieb-von-Nieder-Roden_Cover-836x1113.png 836w, https:\/\/heimatverein-nieder-roden.de\/wp-content\/uploads\/2025\/11\/Buch_Der-Strumpfdieb-von-Nieder-Roden_Cover-560x746.png 560w, https:\/\/heimatverein-nieder-roden.de\/wp-content\/uploads\/2025\/11\/Buch_Der-Strumpfdieb-von-Nieder-Roden_Cover.png 1365w\" sizes=\"(max-width: 769px) 100vw, 769px\" \/><\/a><figcaption class=\"wp-element-caption\">Cover des Comics &#8222;Der Strumpfdieb von Nieder-Roden&#8220;\n\u00a9Pirkko Cremer<\/figcaption><\/figure>\n<\/div>\n\n\n<p>Der Strumpfdieb von Nieder-Roden ist erh\u00e4ltlich beim Heimatverein.<\/p>\n\n\n\n<p>Zum Beispiel an den \u00d6ffnungstagen des <a href=\"https:\/\/heimatverein-nieder-roden.de\/?page_id=352\">Heimatmuseums<\/a> &#8211; normalerweise am dritten Sonntag des Monats (von M\u00e4rz bis November).<\/p>\n\n\n\n<p>Au\u00dferdem gibt es das Buch auch an unserem Stand auf dem <a href=\"https:\/\/heimatverein-nieder-roden.de\/?page_id=7761\" data-type=\"page\" data-id=\"7761\">Nieder-R\u00f6der Adventsmarkt<\/a>!<\/p>\n\n\n\n<p>Es gibt keinen festen Preis &#8211; aber wir freuen uns \u00fcber eine Spende (die meisten geben 5 \u20ac oder mehr :-)&#8230;<\/p>\n\n\n\n<h3 class=\"wp-block-heading\"><span class=\"ez-toc-section\" id=\"Weitere_Daten_zum_Buch\"><\/span>Weitere Daten zum Buch<span class=\"ez-toc-section-end\"><\/span><\/h3>\n\n\n\n<p><strong>Papier<\/strong><\/p>\n\n\n\n<p>Cover: 300 g \/ m\u00b2, Magno, 1.1 vol.<br>Innen: 200 g \/ m\u00b2, Magno, 1.1 vol.<\/p>\n\n\n\n<p><strong>Typo<\/strong><\/p>\n\n\n\n<p>Netto, regular \/ bold<br>Coming Home, Versal<\/p>\n\n\n\n<p><strong>Auflage \/ Seiten<\/strong><\/p>\n\n\n\n<p>2025 | 500 St\u00fcck<br>26 Seiten<\/p>\n\n\n\n<p class=\"is-style-info\">Beitrag erstellt mit freundlicher Genehmigung und Unterst\u00fctzung von Pirkko Cremer.<br>Vielen Dank!<\/p>\n","protected":false},"excerpt":{"rendered":"<p>Aale unn neue Geschischde aus\u2019m Ort &#8211; Eine Comic-Geschichte rund um Hist\u00f6rchen aus Rodgau Nieder-Roden. Dieses Buch sch\u00f6pft aus Geschichten von Nieder-R\u00f6der B\u00fcrger:innen. Auch Mitglieder des Heimatvereins haben Geschichten aus ihrem Leben beigetragen. <\/p><p><a class=\"more-link btn\" href=\"https:\/\/heimatverein-nieder-roden.de\/?page_id=8386\">Weiterlesen<\/a><\/p>\n","protected":false},"author":1,"featured_media":8361,"parent":5418,"menu_order":0,"comment_status":"closed","ping_status":"closed","template":"","meta":{"_coblocks_attr":"","_coblocks_dimensions":"","_coblocks_responsive_height":"","_coblocks_accordion_ie_support":"","footnotes":""},"class_list":["post-8386","page","type-page","status-publish","has-post-thumbnail","hentry","nodate"],"publishpress_future_action":{"enabled":false,"date":"2026-05-09 10:11:15","action":"change-status","newStatus":"draft","terms":[],"taxonomy":"","extraData":[]},"publishpress_future_workflow_manual_trigger":{"enabledWorkflows":[]},"_links":{"self":[{"href":"https:\/\/heimatverein-nieder-roden.de\/index.php?rest_route=\/wp\/v2\/pages\/8386","targetHints":{"allow":["GET"]}}],"collection":[{"href":"https:\/\/heimatverein-nieder-roden.de\/index.php?rest_route=\/wp\/v2\/pages"}],"about":[{"href":"https:\/\/heimatverein-nieder-roden.de\/index.php?rest_route=\/wp\/v2\/types\/page"}],"author":[{"embeddable":true,"href":"https:\/\/heimatverein-nieder-roden.de\/index.php?rest_route=\/wp\/v2\/users\/1"}],"replies":[{"embeddable":true,"href":"https:\/\/heimatverein-nieder-roden.de\/index.php?rest_route=%2Fwp%2Fv2%2Fcomments&post=8386"}],"version-history":[{"count":8,"href":"https:\/\/heimatverein-nieder-roden.de\/index.php?rest_route=\/wp\/v2\/pages\/8386\/revisions"}],"predecessor-version":[{"id":8408,"href":"https:\/\/heimatverein-nieder-roden.de\/index.php?rest_route=\/wp\/v2\/pages\/8386\/revisions\/8408"}],"up":[{"embeddable":true,"href":"https:\/\/heimatverein-nieder-roden.de\/index.php?rest_route=\/wp\/v2\/pages\/5418"}],"wp:featuredmedia":[{"embeddable":true,"href":"https:\/\/heimatverein-nieder-roden.de\/index.php?rest_route=\/wp\/v2\/media\/8361"}],"wp:attachment":[{"href":"https:\/\/heimatverein-nieder-roden.de\/index.php?rest_route=%2Fwp%2Fv2%2Fmedia&parent=8386"}],"curies":[{"name":"wp","href":"https:\/\/api.w.org\/{rel}","templated":true}]}}