{"id":8357,"date":"2025-11-27T00:51:32","date_gmt":"2025-11-26T23:51:32","guid":{"rendered":"https:\/\/heimatverein-nieder-roden.de\/?page_id=8357"},"modified":"2025-11-27T00:51:32","modified_gmt":"2025-11-26T23:51:32","slug":"nieder-roeder-adventsmarkt-2024-archiv","status":"publish","type":"page","link":"https:\/\/heimatverein-nieder-roden.de\/?page_id=8357","title":{"rendered":"Nieder-R\u00f6der Adventsmarkt 2024 (Archiv)"},"content":{"rendered":"\n<p class=\"is-style-info\">Der Inhalt dieser Seite wurde urspr\u00fcnglich als Beitrag f\u00fcr den Adventsmarkt 2024 erstellt.<br>Im Rahmen einer Umstrukturierung wurde er im Dezember 2025 als eigene Seite angelegt.<\/p>\n\n\n\n<p>Der Nieder-R\u00f6der Adventsmarkt am 2. Adventswochenende ist ein fester Termin im Jahreskalender des AKHNR.<\/p>\n\n\n\n<div class=\"wp-block-columns is-layout-flex wp-container-core-columns-is-layout-9d6595d7 wp-block-columns-is-layout-flex\">\n<div class=\"wp-block-column is-layout-flow wp-block-column-is-layout-flow\">\n<div class=\"wp-block-media-text is-stacked-on-mobile is-image-fill-element has-white-color has-text-color has-background has-link-color wp-elements-d73cd7a81d7682208d94fd4e1fdc16d0\" style=\"background-color:#932418\"><figure class=\"wp-block-media-text__media\"><a href=\"#einleitung\"><img decoding=\"async\" width=\"683\" height=\"1024\" src=\"https:\/\/heimatverein-nieder-roden.de\/wp-content\/uploads\/2019\/12\/2015-12-07_04-46-40_NRAdventsmarkt-2015_Petrat_4U5B4433-683x1024.jpg\" alt=\"\" class=\"wp-image-2004 size-full\" style=\"object-position:58% 48%\" srcset=\"https:\/\/heimatverein-nieder-roden.de\/wp-content\/uploads\/2019\/12\/2015-12-07_04-46-40_NRAdventsmarkt-2015_Petrat_4U5B4433-683x1024.jpg 683w, https:\/\/heimatverein-nieder-roden.de\/wp-content\/uploads\/2019\/12\/2015-12-07_04-46-40_NRAdventsmarkt-2015_Petrat_4U5B4433-200x300.jpg 200w, https:\/\/heimatverein-nieder-roden.de\/wp-content\/uploads\/2019\/12\/2015-12-07_04-46-40_NRAdventsmarkt-2015_Petrat_4U5B4433-560x840.jpg 560w, https:\/\/heimatverein-nieder-roden.de\/wp-content\/uploads\/2019\/12\/2015-12-07_04-46-40_NRAdventsmarkt-2015_Petrat_4U5B4433.jpg 720w\" sizes=\"(max-width: 683px) 100vw, 683px\" \/><\/a><\/figure><div class=\"wp-block-media-text__content\">\n<p class=\"has-text-align-center is-style-default has-regular-font-size\"><strong><a href=\"#einleitung\">Was macht unseren Adventsmarkt aus?<\/a><\/strong><\/p>\n<\/div><\/div>\n<\/div>\n\n\n\n<div class=\"wp-block-column is-layout-flow wp-block-column-is-layout-flow\">\n<div class=\"wp-block-media-text is-stacked-on-mobile is-vertically-aligned-center is-image-fill-element has-white-color has-text-color has-background has-link-color wp-elements-32c4e316de9f1972f10f5dd4682e055d\" style=\"background-color:#932418\"><figure class=\"wp-block-media-text__media\"><a href=\"#alle-infos\"><img decoding=\"async\" width=\"663\" height=\"1024\" src=\"https:\/\/heimatverein-nieder-roden.de\/wp-content\/uploads\/2024\/12\/NR-Adventsmarkt-2024_Plakat_1080_beschn-663x1024.jpg\" alt=\"\" class=\"wp-image-7770 size-full\" style=\"object-position:50% 50%\" srcset=\"https:\/\/heimatverein-nieder-roden.de\/wp-content\/uploads\/2024\/12\/NR-Adventsmarkt-2024_Plakat_1080_beschn-663x1024.jpg 663w, https:\/\/heimatverein-nieder-roden.de\/wp-content\/uploads\/2024\/12\/NR-Adventsmarkt-2024_Plakat_1080_beschn-194x300.jpg 194w, https:\/\/heimatverein-nieder-roden.de\/wp-content\/uploads\/2024\/12\/NR-Adventsmarkt-2024_Plakat_1080_beschn-768x1187.jpg 768w, https:\/\/heimatverein-nieder-roden.de\/wp-content\/uploads\/2024\/12\/NR-Adventsmarkt-2024_Plakat_1080_beschn-836x1292.jpg 836w, https:\/\/heimatverein-nieder-roden.de\/wp-content\/uploads\/2024\/12\/NR-Adventsmarkt-2024_Plakat_1080_beschn-560x865.jpg 560w, https:\/\/heimatverein-nieder-roden.de\/wp-content\/uploads\/2024\/12\/NR-Adventsmarkt-2024_Plakat_1080_beschn.jpg 930w\" sizes=\"(max-width: 663px) 100vw, 663px\" \/><\/a><\/figure><div class=\"wp-block-media-text__content\">\n<p class=\"has-regular-font-size\"><strong><a href=\"#alle-infos\">Alle Infos zum Adventsmarkt 2024<\/a><\/strong><\/p>\n<\/div><\/div>\n<\/div>\n<\/div>\n\n\n\n<div class=\"wp-block-columns is-layout-flex wp-container-core-columns-is-layout-9d6595d7 wp-block-columns-is-layout-flex\">\n<div class=\"wp-block-column is-layout-flow wp-block-column-is-layout-flow\">\n<div class=\"wp-block-media-text is-stacked-on-mobile is-image-fill-element has-white-color has-text-color has-background has-link-color wp-elements-b398c652d4b6eeff131fe8357b613351\" style=\"background-color:#932418\"><figure class=\"wp-block-media-text__media\"><a href=\"#lageplan\"><img decoding=\"async\" width=\"1024\" height=\"568\" src=\"https:\/\/heimatverein-nieder-roden.de\/wp-content\/uploads\/2024\/12\/NR-Adventsmarkt-2024_Lageplan-1024x568.jpg\" alt=\"\" class=\"wp-image-7769 size-full\" style=\"object-position:50% 50%\" srcset=\"https:\/\/heimatverein-nieder-roden.de\/wp-content\/uploads\/2024\/12\/NR-Adventsmarkt-2024_Lageplan-1024x568.jpg 1024w, https:\/\/heimatverein-nieder-roden.de\/wp-content\/uploads\/2024\/12\/NR-Adventsmarkt-2024_Lageplan-300x166.jpg 300w, https:\/\/heimatverein-nieder-roden.de\/wp-content\/uploads\/2024\/12\/NR-Adventsmarkt-2024_Lageplan-768x426.jpg 768w, https:\/\/heimatverein-nieder-roden.de\/wp-content\/uploads\/2024\/12\/NR-Adventsmarkt-2024_Lageplan-1536x852.jpg 1536w, https:\/\/heimatverein-nieder-roden.de\/wp-content\/uploads\/2024\/12\/NR-Adventsmarkt-2024_Lageplan-836x464.jpg 836w, https:\/\/heimatverein-nieder-roden.de\/wp-content\/uploads\/2024\/12\/NR-Adventsmarkt-2024_Lageplan-560x311.jpg 560w, https:\/\/heimatverein-nieder-roden.de\/wp-content\/uploads\/2024\/12\/NR-Adventsmarkt-2024_Lageplan.jpg 1560w\" sizes=\"(max-width: 1024px) 100vw, 1024px\" \/><\/a><\/figure><div class=\"wp-block-media-text__content\">\n<p><strong>L<a href=\"#lageplan\">ageplan der Buden und St\u00e4nde<\/a><\/strong><\/p>\n<\/div><\/div>\n<\/div>\n\n\n\n<div class=\"wp-block-column is-layout-flow wp-block-column-is-layout-flow\">\n<div class=\"wp-block-media-text is-stacked-on-mobile is-image-fill-element has-white-color has-text-color has-background has-link-color wp-elements-1d3b45da52529450c59f6914f8d5a9d1\" style=\"background-color:#932418\"><figure class=\"wp-block-media-text__media\"><a href=\"#meldungen\"><img decoding=\"async\" width=\"1024\" height=\"576\" src=\"https:\/\/heimatverein-nieder-roden.de\/wp-content\/uploads\/2024\/12\/AKHNR_Adventsmarkt-2024_Website_MeldungenBeitraege_Symbolbild_blurred-1024x576.jpg\" alt=\"\" class=\"wp-image-7773 size-full\" style=\"object-position:50% 50%\" srcset=\"https:\/\/heimatverein-nieder-roden.de\/wp-content\/uploads\/2024\/12\/AKHNR_Adventsmarkt-2024_Website_MeldungenBeitraege_Symbolbild_blurred-1024x576.jpg 1024w, https:\/\/heimatverein-nieder-roden.de\/wp-content\/uploads\/2024\/12\/AKHNR_Adventsmarkt-2024_Website_MeldungenBeitraege_Symbolbild_blurred-300x169.jpg 300w, https:\/\/heimatverein-nieder-roden.de\/wp-content\/uploads\/2024\/12\/AKHNR_Adventsmarkt-2024_Website_MeldungenBeitraege_Symbolbild_blurred-768x432.jpg 768w, https:\/\/heimatverein-nieder-roden.de\/wp-content\/uploads\/2024\/12\/AKHNR_Adventsmarkt-2024_Website_MeldungenBeitraege_Symbolbild_blurred-836x470.jpg 836w, https:\/\/heimatverein-nieder-roden.de\/wp-content\/uploads\/2024\/12\/AKHNR_Adventsmarkt-2024_Website_MeldungenBeitraege_Symbolbild_blurred-560x315.jpg 560w, https:\/\/heimatverein-nieder-roden.de\/wp-content\/uploads\/2024\/12\/AKHNR_Adventsmarkt-2024_Website_MeldungenBeitraege_Symbolbild_blurred.jpg 1280w\" sizes=\"(max-width: 1024px) 100vw, 1024px\" \/><\/a><\/figure><div class=\"wp-block-media-text__content\">\n<p><strong><a href=\"#meldungen\">Meldungen und Beitr\u00e4ge<\/a><\/strong><\/p>\n<\/div><\/div>\n<\/div>\n<\/div>\n\n\n\n<h1 class=\"wp-block-heading\">Inhaltsverzeichnis<\/h1>\n\n\n<div id=\"ez-toc-container\" class=\"ez-toc-v2_0_82_2 counter-hierarchy ez-toc-counter ez-toc-custom ez-toc-container-direction\">\n<nav><ul class='ez-toc-list ez-toc-list-level-1 ' ><li class='ez-toc-page-1 ez-toc-heading-level-1'><a class=\"ez-toc-link ez-toc-heading-1\" href=\"https:\/\/heimatverein-nieder-roden.de\/?page_id=8357\/#Inhaltsverzeichnis\" >Inhaltsverzeichnis<\/a><\/li><li class='ez-toc-page-1 ez-toc-heading-level-1'><a class=\"ez-toc-link ez-toc-heading-2\" href=\"https:\/\/heimatverein-nieder-roden.de\/?page_id=8357\/#Was_macht_unseren_Adventsmarkt_aus\" >Was macht unseren Adventsmarkt aus?<\/a><\/li><li class='ez-toc-page-1 ez-toc-heading-level-1'><a class=\"ez-toc-link ez-toc-heading-3\" href=\"https:\/\/heimatverein-nieder-roden.de\/?page_id=8357\/#Alle_Infos_zum_Nieder-Roeder_Adventsmarkt_2024\" >Alle Infos zum Nieder-R\u00f6der Adventsmarkt 2024<\/a><ul class='ez-toc-list-level-2' ><li class='ez-toc-heading-level-2'><a class=\"ez-toc-link ez-toc-heading-4\" href=\"https:\/\/heimatverein-nieder-roden.de\/?page_id=8357\/#Oeffnungszeiten_und_Lageplan\" >\u00d6ffnungszeiten und Lageplan<\/a><\/li><li class='ez-toc-page-1 ez-toc-heading-level-2'><a class=\"ez-toc-link ez-toc-heading-5\" href=\"https:\/\/heimatverein-nieder-roden.de\/?page_id=8357\/#Auftritt_Musikverein\" >Auftritt Musikverein<\/a><\/li><li class='ez-toc-page-1 ez-toc-heading-level-2'><a class=\"ez-toc-link ez-toc-heading-6\" href=\"https:\/\/heimatverein-nieder-roden.de\/?page_id=8357\/#Angebot_des_AKHNR\" >Angebot des AKHNR<\/a><ul class='ez-toc-list-level-3' ><li class='ez-toc-heading-level-3'><a class=\"ez-toc-link ez-toc-heading-7\" href=\"https:\/\/heimatverein-nieder-roden.de\/?page_id=8357\/#Magnetschmuck_mit_Nieder-Roeder_Motiven\" >Magnetschmuck mit Nieder-R\u00f6der Motiven<\/a><\/li><li class='ez-toc-page-1 ez-toc-heading-level-3'><a class=\"ez-toc-link ez-toc-heading-8\" href=\"https:\/\/heimatverein-nieder-roden.de\/?page_id=8357\/#Buchpakete_der_Heimatbibliothek\" >Buchpakete der Heimatbibliothek<\/a><\/li><li class='ez-toc-page-1 ez-toc-heading-level-3'><a class=\"ez-toc-link ez-toc-heading-9\" href=\"https:\/\/heimatverein-nieder-roden.de\/?page_id=8357\/#Buch_%E2%80%9E125_Jahre_Rodgaubahn%E2%80%9C\" >Buch &#8222;125 Jahre Rodgaubahn&#8220;<\/a><\/li><li class='ez-toc-page-1 ez-toc-heading-level-3'><a class=\"ez-toc-link ez-toc-heading-10\" href=\"https:\/\/heimatverein-nieder-roden.de\/?page_id=8357\/#Meldungen_zum_Adventsmarkt_2024\" >Meldungen zum Adventsmarkt 2024<\/a><\/li><\/ul><\/li><\/ul><\/li><\/ul><\/nav><\/div>\n\n\n\n\n<div style=\"height:76px\" aria-hidden=\"true\" id=\"einleitung\" class=\"wp-block-spacer\"><\/div>\n\n\n\n<h1 class=\"wp-block-heading\">Was macht unseren Adventsmarkt aus?<\/h1>\n\n\n<div class=\"wp-block-image\">\n<figure class=\"aligncenter size-large is-resized\"><a href=\"https:\/\/heimatverein-nieder-roden.de\/wp-content\/uploads\/2019\/12\/2015-12-06_14-16-28_NRAdventsmarkt-2015_Petrat_IMG_8403.jpg\"><img decoding=\"async\" width=\"1024\" height=\"683\" src=\"https:\/\/heimatverein-nieder-roden.de\/wp-content\/uploads\/2019\/12\/2015-12-06_14-16-28_NRAdventsmarkt-2015_Petrat_IMG_8403-1024x683.jpg\" alt=\"\" class=\"wp-image-1999\" style=\"width:528px;height:auto\" srcset=\"https:\/\/heimatverein-nieder-roden.de\/wp-content\/uploads\/2019\/12\/2015-12-06_14-16-28_NRAdventsmarkt-2015_Petrat_IMG_8403-1024x683.jpg 1024w, https:\/\/heimatverein-nieder-roden.de\/wp-content\/uploads\/2019\/12\/2015-12-06_14-16-28_NRAdventsmarkt-2015_Petrat_IMG_8403-300x200.jpg 300w, https:\/\/heimatverein-nieder-roden.de\/wp-content\/uploads\/2019\/12\/2015-12-06_14-16-28_NRAdventsmarkt-2015_Petrat_IMG_8403-768x512.jpg 768w, https:\/\/heimatverein-nieder-roden.de\/wp-content\/uploads\/2019\/12\/2015-12-06_14-16-28_NRAdventsmarkt-2015_Petrat_IMG_8403-1536x1024.jpg 1536w, https:\/\/heimatverein-nieder-roden.de\/wp-content\/uploads\/2019\/12\/2015-12-06_14-16-28_NRAdventsmarkt-2015_Petrat_IMG_8403-560x373.jpg 560w, https:\/\/heimatverein-nieder-roden.de\/wp-content\/uploads\/2019\/12\/2015-12-06_14-16-28_NRAdventsmarkt-2015_Petrat_IMG_8403.jpg 1620w\" sizes=\"(max-width: 1024px) 100vw, 1024px\" \/><\/a><figcaption class=\"wp-element-caption\">Der Nieder-R\u00f6der Adventsmarkt auf dem Kirchplatz. Aufnahme aus dem Jahr 2015.<br>\u00a9Petrat\/AKHNR<\/figcaption><\/figure>\n<\/div>\n\n\n<p>W\u00e4hrend der AKHNR bis vor einigen Jahren sogar selbst Ausrichter des Marktes war, wird er heute organisiert von der Katholischen Pfarrgemeinde St. Matthias.<\/p>\n\n\n<div class=\"wp-block-image\">\n<figure class=\"aligncenter size-full is-resized has-lightbox\"><a href=\"https:\/\/sanktmatthias.de\" target=\"_blank\" rel=\" noreferrer noopener\"><img decoding=\"async\" width=\"314\" height=\"307\" src=\"https:\/\/heimatverein-nieder-roden.de\/wp-content\/uploads\/2023\/08\/Pfarrgemeinde-St-Matthias-Nieder-Roden_Logo-Pfarrbote.png\" alt=\"\" class=\"wp-image-5638\" style=\"width:300px;height:auto\" srcset=\"https:\/\/heimatverein-nieder-roden.de\/wp-content\/uploads\/2023\/08\/Pfarrgemeinde-St-Matthias-Nieder-Roden_Logo-Pfarrbote.png 314w, https:\/\/heimatverein-nieder-roden.de\/wp-content\/uploads\/2023\/08\/Pfarrgemeinde-St-Matthias-Nieder-Roden_Logo-Pfarrbote-300x293.png 300w\" sizes=\"(max-width: 314px) 100vw, 314px\" \/><\/a><figcaption class=\"wp-element-caption\">Logo der Pfarrgemeinde St. Matthias Nieder-Roden &#8211; mit einem Klick gelangen Sie auf die Internetseite.<\/figcaption><\/figure>\n<\/div>\n\n\n<p class=\"has-text-align-center has-background\" style=\"background-color:#fff387\"><strong>Falls Sie Fragen zur Organisation des Marktes haben wenden Sie sich bitte direkt an:<br>adventsmarkt@sanktmatthias.de <\/strong><\/p>\n\n\n\n<div class=\"wp-block-buttons is-content-justification-center is-layout-flex wp-container-core-buttons-is-layout-16018d1d wp-block-buttons-is-layout-flex\">\n<div class=\"wp-block-button is-style-circular\"><a class=\"wp-block-button__link has-background wp-element-button\" href=\"mailto:adventsmarkt@sanktmatthias.de?subject=Anfrage%20zum%20Nieder-R%C3%B6der%20Adventsmarkt&amp;body=Hallo%20liebes%20Orga-Team%20des%20Nieder-R%C3%B6der%20Adventsmarktes%2C%0D%0A%0D%0Aich%20habe%20folgendes%20Anliegen%3A\" style=\"background-color:#932418\" target=\"_blank\" rel=\"noreferrer noopener\">Kontakt zu den Organisatoren<\/a><\/div>\n<\/div>\n\n\n\n<p>Die Buden und St\u00e4nde dr\u00e4ngen sich auf dem Kirchplatz, in Turm- und Schulstra\u00dfe, um die Sankt Matthias Kirche, das Pfarrheim und das Heimatmuseum im alten Ortskern von Nieder-Roden. Dabei sorgen sie f\u00fcr eine einzigartige Atmosph\u00e4re wie es sie in Rodgau kein zweites Mal gibt.<\/p>\n\n\n\n<figure class=\"wp-block-gallery has-nested-images columns-5 is-cropped wp-block-gallery-1 is-layout-flex wp-block-gallery-is-layout-flex\">\n<figure class=\"wp-block-image size-thumbnail\"><a href=\"https:\/\/heimatverein-nieder-roden.de\/wp-content\/uploads\/2019\/12\/2015-12-07_04-47-09_NRAdventsmarkt-2015_Petrat_4U5B4469-1024x683.jpg\"><img decoding=\"async\" width=\"150\" height=\"150\" data-id=\"2006\" src=\"https:\/\/heimatverein-nieder-roden.de\/wp-content\/uploads\/2019\/12\/2015-12-07_04-47-09_NRAdventsmarkt-2015_Petrat_4U5B4469-150x150.jpg\" alt=\"\" class=\"wp-image-2006\"\/><\/a><\/figure>\n\n\n\n<figure class=\"wp-block-image size-thumbnail\"><a href=\"https:\/\/heimatverein-nieder-roden.de\/wp-content\/uploads\/2019\/12\/2015-12-07_04-46-48_NRAdventsmarkt-2015_Petrat_4U5B4450-683x1024.jpg\"><img decoding=\"async\" width=\"150\" height=\"150\" data-id=\"2005\" src=\"https:\/\/heimatverein-nieder-roden.de\/wp-content\/uploads\/2019\/12\/2015-12-07_04-46-48_NRAdventsmarkt-2015_Petrat_4U5B4450-150x150.jpg\" alt=\"\" class=\"wp-image-2005\"\/><\/a><\/figure>\n\n\n\n<figure class=\"wp-block-image size-thumbnail\"><a href=\"https:\/\/heimatverein-nieder-roden.de\/wp-content\/uploads\/2019\/12\/2015-12-07_04-46-40_NRAdventsmarkt-2015_Petrat_4U5B4433-683x1024.jpg\"><img decoding=\"async\" width=\"150\" height=\"150\" data-id=\"2004\" src=\"https:\/\/heimatverein-nieder-roden.de\/wp-content\/uploads\/2019\/12\/2015-12-07_04-46-40_NRAdventsmarkt-2015_Petrat_4U5B4433-150x150.jpg\" alt=\"\" class=\"wp-image-2004\"\/><\/a><\/figure>\n\n\n\n<figure class=\"wp-block-image size-thumbnail\"><a href=\"https:\/\/heimatverein-nieder-roden.de\/wp-content\/uploads\/2019\/12\/2015-12-07_04-46-00_NRAdventsmarkt-2015_Petrat_4U5B4373-683x1024.jpg\"><img decoding=\"async\" width=\"150\" height=\"150\" data-id=\"2003\" src=\"https:\/\/heimatverein-nieder-roden.de\/wp-content\/uploads\/2019\/12\/2015-12-07_04-46-00_NRAdventsmarkt-2015_Petrat_4U5B4373-150x150.jpg\" alt=\"\" class=\"wp-image-2003\"\/><\/a><\/figure>\n\n\n\n<figure class=\"wp-block-image size-thumbnail\"><a href=\"https:\/\/heimatverein-nieder-roden.de\/wp-content\/uploads\/2019\/12\/2015-12-06_14-37-34_NRAdventsmarkt-2015_Petrat_IMG_8192-683x1024.jpg\"><img decoding=\"async\" width=\"150\" height=\"150\" data-id=\"2002\" src=\"https:\/\/heimatverein-nieder-roden.de\/wp-content\/uploads\/2019\/12\/2015-12-06_14-37-34_NRAdventsmarkt-2015_Petrat_IMG_8192-150x150.jpg\" alt=\"\" class=\"wp-image-2002\"\/><\/a><\/figure>\n\n\n\n<figure class=\"wp-block-image size-thumbnail\"><a href=\"https:\/\/heimatverein-nieder-roden.de\/wp-content\/uploads\/2019\/12\/2015-12-06_14-24-29_NRAdventsmarkt-2015_Petrat_IMG_8304-1024x683.jpg\"><img decoding=\"async\" width=\"150\" height=\"150\" data-id=\"2001\" src=\"https:\/\/heimatverein-nieder-roden.de\/wp-content\/uploads\/2019\/12\/2015-12-06_14-24-29_NRAdventsmarkt-2015_Petrat_IMG_8304-150x150.jpg\" alt=\"\" class=\"wp-image-2001\"\/><\/a><\/figure>\n\n\n\n<figure class=\"wp-block-image size-thumbnail\"><a href=\"https:\/\/heimatverein-nieder-roden.de\/wp-content\/uploads\/2019\/12\/2015-12-06_14-16-53_NRAdventsmarkt-2015_Petrat_IMG_8447-683x1024.jpg\"><img decoding=\"async\" width=\"150\" height=\"150\" data-id=\"2000\" src=\"https:\/\/heimatverein-nieder-roden.de\/wp-content\/uploads\/2019\/12\/2015-12-06_14-16-53_NRAdventsmarkt-2015_Petrat_IMG_8447-150x150.jpg\" alt=\"\" class=\"wp-image-2000\"\/><\/a><\/figure>\n\n\n\n<figure class=\"wp-block-image size-thumbnail\"><a href=\"https:\/\/heimatverein-nieder-roden.de\/wp-content\/uploads\/2019\/12\/2015-12-06_14-16-28_NRAdventsmarkt-2015_Petrat_IMG_8403-1024x683.jpg\"><img decoding=\"async\" width=\"150\" height=\"150\" data-id=\"1999\" src=\"https:\/\/heimatverein-nieder-roden.de\/wp-content\/uploads\/2019\/12\/2015-12-06_14-16-28_NRAdventsmarkt-2015_Petrat_IMG_8403-150x150.jpg\" alt=\"\" class=\"wp-image-1999\"\/><\/a><\/figure>\n\n\n\n<figure class=\"wp-block-image size-thumbnail\"><a href=\"https:\/\/heimatverein-nieder-roden.de\/wp-content\/uploads\/2019\/12\/2015-12-06_14-16-11_NRAdventsmarkt-2015_Petrat_IMG_8399-1024x683.jpg\"><img decoding=\"async\" width=\"150\" height=\"150\" data-id=\"1998\" src=\"https:\/\/heimatverein-nieder-roden.de\/wp-content\/uploads\/2019\/12\/2015-12-06_14-16-11_NRAdventsmarkt-2015_Petrat_IMG_8399-150x150.jpg\" alt=\"\" class=\"wp-image-1998\"\/><\/a><\/figure>\n<figcaption class=\"blocks-gallery-caption wp-element-caption\">Eindr\u00fccke des Nieder-R\u00f6der Adventsmarktes 2015 &#8211; \u00a9 Petrat\/AKHNR<\/figcaption><\/figure>\n\n\n\n<p>Die Organisatoren des Marktes haben erfolgreich die Besinnlichkeit der Adventszeit in den Vordergrund ger\u00fcckt und bieten damit einen angenehmen Gegenpol zu den gro\u00dfen kommerziell ausgerichteten M\u00e4rkten. Fast alle St\u00e4nde werden von Ehrenamtlichen, Vereinen, Parteien und Gruppierungen gestellt und die Marktorganisatoren verzichten auf jeglichen Profit &#8211; die Gemeinschaft steht im Vordergrund.<\/p>\n\n\n\n<p>Auch der Heimatverein versucht jedes Jahr am Adventsmarkt teilzunehmen.<\/p>\n\n\n\n<div style=\"height:88px\" aria-hidden=\"true\" id=\"alle-infos\" class=\"wp-block-spacer\"><\/div>\n\n\n\n<h1 class=\"wp-block-heading has-text-align-center\">Alle Infos zum Nieder-R\u00f6der Adventsmarkt 2024<\/h1>\n\n\n\n<p>Wir freuen uns auf den diesj\u00e4hrigen Adventsmarkt und m\u00f6chten Ihnen hier einen \u00dcberblick \u00fcber alle wichtigen Informationen geben. <\/p>\n\n\n\n<p>Da wir nicht die Organisatoren sind und viele Teilnehmer mitmachen, sind unsere Angaben nach bestem Wissen und Gewissen zusammengetragen, aber nat\u00fcrlich ohne Gew\u00e4hr. <\/p>\n\n\n\n<p>Bitte informieren Sie uns, wenn einen Fehler entdecken und\/oder etwas erg\u00e4nzen m\u00f6chten.<br>Klicken Sie auf den folgenden Button. Vielen Dank!<\/p>\n\n\n\n<div class=\"wp-block-buttons is-content-justification-center is-layout-flex wp-container-core-buttons-is-layout-16018d1d wp-block-buttons-is-layout-flex\">\n<div class=\"wp-block-button is-style-circular\"><a class=\"wp-block-button__link wp-element-button\" href=\"mailto:info@heimatverein-nieder-roden.de?subject=Hinweis%20zum%20Nieder-R%C3%B6der%20Adventsmarkt&amp;body=Hallo%20lieber%20Heimatverein%2C%0D%0A%0D%0Aich%20habe%20einen%20Fehler%20gefunden%2Fich%20habe%20folgendes%20Anliegen%3A\">Ich habe einen Hinweis&#8230;<\/a><\/div>\n<\/div>\n\n\n\n<div style=\"height:51px\" aria-hidden=\"true\" id=\"lageplan\" class=\"wp-block-spacer\"><\/div>\n\n\n\n<h2 class=\"wp-block-heading has-text-align-left\"><strong>\u00d6ffnungszeite<\/strong>n und Lageplan<\/h2>\n\n\n\n<blockquote class=\"wp-block-quote has-text-align-center is-layout-flow wp-block-quote-is-layout-flow\">\n<p>Samstag, 7. Dezember, <br>16:00 &#8211; 22:30 Uhr<br><br>Sonntag, 8. Dezember, <br>14:00 &#8211; 20:00 Uhr<\/p>\n<\/blockquote>\n\n\n\n<p>Der Markt wird organisiert von einem Organisationskomitee der Katholischen Pfarrgemeinde St. Matthias.<br>Bei einem gemeinsamen Vortreffen mit allen Teilnehmern werden die Marktordnung und Fragen er\u00f6rtert.<\/p>\n\n\n\n<p>Anschlie\u00dfend erstellt das Komitee den Lageplan:<\/p>\n\n\n<div class=\"wp-block-image\">\n<figure class=\"aligncenter size-large\"><a href=\"https:\/\/heimatverein-nieder-roden.de\/wp-content\/uploads\/2024\/12\/AKHNR_Adventsmarkt-2024_Lageplan_ergaenzt_v1.0-2024-12-06.jpg\"><img decoding=\"async\" width=\"1024\" height=\"725\" src=\"https:\/\/heimatverein-nieder-roden.de\/wp-content\/uploads\/2024\/12\/AKHNR_Adventsmarkt-2024_Lageplan_ergaenzt_v1.0-2024-12-06-1024x725.jpg\" alt=\"\" class=\"wp-image-7915\" srcset=\"https:\/\/heimatverein-nieder-roden.de\/wp-content\/uploads\/2024\/12\/AKHNR_Adventsmarkt-2024_Lageplan_ergaenzt_v1.0-2024-12-06-1024x725.jpg 1024w, https:\/\/heimatverein-nieder-roden.de\/wp-content\/uploads\/2024\/12\/AKHNR_Adventsmarkt-2024_Lageplan_ergaenzt_v1.0-2024-12-06-300x212.jpg 300w, https:\/\/heimatverein-nieder-roden.de\/wp-content\/uploads\/2024\/12\/AKHNR_Adventsmarkt-2024_Lageplan_ergaenzt_v1.0-2024-12-06-768x543.jpg 768w, https:\/\/heimatverein-nieder-roden.de\/wp-content\/uploads\/2024\/12\/AKHNR_Adventsmarkt-2024_Lageplan_ergaenzt_v1.0-2024-12-06-1536x1087.jpg 1536w, https:\/\/heimatverein-nieder-roden.de\/wp-content\/uploads\/2024\/12\/AKHNR_Adventsmarkt-2024_Lageplan_ergaenzt_v1.0-2024-12-06-836x592.jpg 836w, https:\/\/heimatverein-nieder-roden.de\/wp-content\/uploads\/2024\/12\/AKHNR_Adventsmarkt-2024_Lageplan_ergaenzt_v1.0-2024-12-06-560x396.jpg 560w, https:\/\/heimatverein-nieder-roden.de\/wp-content\/uploads\/2024\/12\/AKHNR_Adventsmarkt-2024_Lageplan_ergaenzt_v1.0-2024-12-06.jpg 1587w\" sizes=\"(max-width: 1024px) 100vw, 1024px\" \/><\/a><figcaption class=\"wp-element-caption\">Lageplan des Adventsmarktes 2024 &#8211; \u00a9 Pfarrgemeinde St. Matthias Nieder-Roden\/Adventsmarkt-Komitee<\/figcaption><\/figure>\n<\/div>\n\n\n<p>20 St\u00e4nde dr\u00e4ngen sich in diesem Jahr auf dem Kirchplatz, in Turm- und Schulstra\u00dfe, um die Sankt Matthias Kirche, das Pfarrheim und das Heimatmuseum im alten Ortskern von Nieder-Roden. Dabei sorgen sie f\u00fcr eine einzigartige Atmosph\u00e4re wie es sie in Rodgau kein zweites Mal gibt.<\/p>\n\n\n\n<h2 class=\"wp-block-heading\">Auftritt Musikverein<\/h2>\n\n\n\n<blockquote class=\"wp-block-quote has-text-align-center is-layout-flow wp-block-quote-is-layout-flow\">\n<p>Wahrscheinlich das Orchester &#8222;Klangfarben&#8220; und Freunde<\/p>\n\n\n\n<p>Samstag oder Sonntag<\/p>\n<\/blockquote>\n\n\n<div class=\"wp-block-image is-resized\">\n<figure class=\"aligncenter size-large\"><a href=\"https:\/\/www.mv-nieder-roden.de\/aktuelles\/\" target=\"_blank\" rel=\"noreferrer noopener\"><img decoding=\"async\" width=\"1024\" height=\"469\" src=\"https:\/\/heimatverein-nieder-roden.de\/wp-content\/uploads\/2019\/02\/2019-02-17_AKHNR_MVN-Logo_selbstgeb_v1.0-1024x469.png\" alt=\"\" class=\"wp-image-557\" style=\"width:338px;height:auto\" srcset=\"https:\/\/heimatverein-nieder-roden.de\/wp-content\/uploads\/2019\/02\/2019-02-17_AKHNR_MVN-Logo_selbstgeb_v1.0-1024x469.png 1024w, https:\/\/heimatverein-nieder-roden.de\/wp-content\/uploads\/2019\/02\/2019-02-17_AKHNR_MVN-Logo_selbstgeb_v1.0-300x137.png 300w, https:\/\/heimatverein-nieder-roden.de\/wp-content\/uploads\/2019\/02\/2019-02-17_AKHNR_MVN-Logo_selbstgeb_v1.0-768x352.png 768w\" sizes=\"(max-width: 1024px) 100vw, 1024px\" \/><\/a><figcaption class=\"wp-element-caption\">Klicken Sie f\u00fcr weitere Infos zum Musikverein<\/figcaption><\/figure>\n<\/div>\n\n\n<p>Ein einem der beiden Veranstaltungstage wird auch wieder der Musikverein Nieder-Roden das Treiben begleiten. Das  Orchester &#8222;Klangfarben&#8220; (und Freunde) spielt dann bekannte Weihnachtslieder. Wann genau kl\u00e4rt sich noch.<\/p>\n\n\n\n<h2 class=\"wp-block-heading\" id=\"akhnr\">Angebot des AKHNR<\/h2>\n\n\n\n<p>Der Stand des AKHNR hat seinen festen Platz am Hof des Heimatmuseums zum Kirchplatz hin ausgerichtet.<\/p>\n\n\n<div class=\"wp-block-image\">\n<figure class=\"aligncenter size-large is-resized\"><a href=\"https:\/\/heimatverein-nieder-roden.de\/wp-content\/uploads\/2020\/01\/2019-12-07_16-33-22_AKHNR_Adventsmarkt-2019_IMG_4079_Web-scaled.jpg\"><img decoding=\"async\" width=\"1024\" height=\"1024\" src=\"https:\/\/heimatverein-nieder-roden.de\/wp-content\/uploads\/2020\/01\/2019-12-07_16-33-22_AKHNR_Adventsmarkt-2019_IMG_4079_Web-1024x1024.jpg\" alt=\"\" class=\"wp-image-2142\" style=\"width:568px;height:auto\" srcset=\"https:\/\/heimatverein-nieder-roden.de\/wp-content\/uploads\/2020\/01\/2019-12-07_16-33-22_AKHNR_Adventsmarkt-2019_IMG_4079_Web-1024x1024.jpg 1024w, https:\/\/heimatverein-nieder-roden.de\/wp-content\/uploads\/2020\/01\/2019-12-07_16-33-22_AKHNR_Adventsmarkt-2019_IMG_4079_Web-300x300.jpg 300w, https:\/\/heimatverein-nieder-roden.de\/wp-content\/uploads\/2020\/01\/2019-12-07_16-33-22_AKHNR_Adventsmarkt-2019_IMG_4079_Web-150x150.jpg 150w, https:\/\/heimatverein-nieder-roden.de\/wp-content\/uploads\/2020\/01\/2019-12-07_16-33-22_AKHNR_Adventsmarkt-2019_IMG_4079_Web-768x768.jpg 768w, https:\/\/heimatverein-nieder-roden.de\/wp-content\/uploads\/2020\/01\/2019-12-07_16-33-22_AKHNR_Adventsmarkt-2019_IMG_4079_Web-1536x1536.jpg 1536w, https:\/\/heimatverein-nieder-roden.de\/wp-content\/uploads\/2020\/01\/2019-12-07_16-33-22_AKHNR_Adventsmarkt-2019_IMG_4079_Web-2048x2048.jpg 2048w, https:\/\/heimatverein-nieder-roden.de\/wp-content\/uploads\/2020\/01\/2019-12-07_16-33-22_AKHNR_Adventsmarkt-2019_IMG_4079_Web-560x560.jpg 560w\" sizes=\"(max-width: 1024px) 100vw, 1024px\" \/><\/a><figcaption class=\"wp-element-caption\">Der Stand des AKHNR auf dem Nieder-R\u00f6der Adventsmarkt.<br>\u00a9AKHNR (Archivaufnahme aus 2019)<\/figcaption><\/figure>\n<\/div>\n\n\n<p>In diesem Jahr gibt wieder unseren bekannten Hirschgulasch aus dem Kessel, beheizt nach traditioneller Art mit Holzfeuer, vorbereitet von unserem Nieder-R\u00f6der Chefkoch Wolfgang Schrod. Au\u00dferdem gibt es hei\u00dfe Fleischwurstknacker und eine Auswahl an Geschenkideen.<\/p>\n\n\n<div class=\"wp-block-image\">\n<figure class=\"aligncenter size-full is-resized\"><a href=\"https:\/\/heimatverein-nieder-roden.de\/wp-content\/uploads\/2024\/12\/2024-12-06_AKHNR_Adventsmarkt-2024_Anzeige-Web_v1.2.jpg\"><img decoding=\"async\" width=\"1123\" height=\"378\" src=\"https:\/\/heimatverein-nieder-roden.de\/wp-content\/uploads\/2024\/12\/2024-12-06_AKHNR_Adventsmarkt-2024_Anzeige-Web_v1.2.jpg\" alt=\"\" class=\"wp-image-7912\" style=\"width:824px;height:auto\" srcset=\"https:\/\/heimatverein-nieder-roden.de\/wp-content\/uploads\/2024\/12\/2024-12-06_AKHNR_Adventsmarkt-2024_Anzeige-Web_v1.2.jpg 1123w, https:\/\/heimatverein-nieder-roden.de\/wp-content\/uploads\/2024\/12\/2024-12-06_AKHNR_Adventsmarkt-2024_Anzeige-Web_v1.2-300x101.jpg 300w, https:\/\/heimatverein-nieder-roden.de\/wp-content\/uploads\/2024\/12\/2024-12-06_AKHNR_Adventsmarkt-2024_Anzeige-Web_v1.2-1024x345.jpg 1024w, https:\/\/heimatverein-nieder-roden.de\/wp-content\/uploads\/2024\/12\/2024-12-06_AKHNR_Adventsmarkt-2024_Anzeige-Web_v1.2-768x259.jpg 768w, https:\/\/heimatverein-nieder-roden.de\/wp-content\/uploads\/2024\/12\/2024-12-06_AKHNR_Adventsmarkt-2024_Anzeige-Web_v1.2-836x281.jpg 836w, https:\/\/heimatverein-nieder-roden.de\/wp-content\/uploads\/2024\/12\/2024-12-06_AKHNR_Adventsmarkt-2024_Anzeige-Web_v1.2-560x188.jpg 560w\" sizes=\"(max-width: 1123px) 100vw, 1123px\" \/><\/a><figcaption class=\"wp-element-caption\">Anzeige zum Angebot des AKHNR auf dem Adventsmarkt 2024. \n\u00a9AKHNR\/FMA<\/figcaption><\/figure>\n<\/div>\n\n<div class=\"wp-block-image\">\n<figure class=\"aligncenter size-large is-resized\"><a href=\"https:\/\/heimatverein-nieder-roden.de\/wp-content\/uploads\/2023\/12\/2023-12-09_16-21-33_AKHNR_NRAdventsmarkt2023_WST_20231209_162132-scaled.jpg\"><img decoding=\"async\" width=\"838\" height=\"1024\" src=\"https:\/\/heimatverein-nieder-roden.de\/wp-content\/uploads\/2023\/12\/2023-12-09_16-21-33_AKHNR_NRAdventsmarkt2023_WST_20231209_162132-838x1024.jpg\" alt=\"\" class=\"wp-image-6289\" style=\"width:459px;height:auto\" srcset=\"https:\/\/heimatverein-nieder-roden.de\/wp-content\/uploads\/2023\/12\/2023-12-09_16-21-33_AKHNR_NRAdventsmarkt2023_WST_20231209_162132-838x1024.jpg 838w, https:\/\/heimatverein-nieder-roden.de\/wp-content\/uploads\/2023\/12\/2023-12-09_16-21-33_AKHNR_NRAdventsmarkt2023_WST_20231209_162132-246x300.jpg 246w, https:\/\/heimatverein-nieder-roden.de\/wp-content\/uploads\/2023\/12\/2023-12-09_16-21-33_AKHNR_NRAdventsmarkt2023_WST_20231209_162132-768x938.jpg 768w, https:\/\/heimatverein-nieder-roden.de\/wp-content\/uploads\/2023\/12\/2023-12-09_16-21-33_AKHNR_NRAdventsmarkt2023_WST_20231209_162132-1257x1536.jpg 1257w, https:\/\/heimatverein-nieder-roden.de\/wp-content\/uploads\/2023\/12\/2023-12-09_16-21-33_AKHNR_NRAdventsmarkt2023_WST_20231209_162132-1676x2048.jpg 1676w, https:\/\/heimatverein-nieder-roden.de\/wp-content\/uploads\/2023\/12\/2023-12-09_16-21-33_AKHNR_NRAdventsmarkt2023_WST_20231209_162132-836x1021.jpg 836w, https:\/\/heimatverein-nieder-roden.de\/wp-content\/uploads\/2023\/12\/2023-12-09_16-21-33_AKHNR_NRAdventsmarkt2023_WST_20231209_162132-560x684.jpg 560w\" sizes=\"(max-width: 838px) 100vw, 838px\" \/><\/a><figcaption class=\"wp-element-caption\">Der Wildgulasch beim Heimatverein kommt direkt aus dem hei\u00dfen Kessel auf den Teller. Hier G\u00fcnther Keller bei der Arbeit.<br>\u00a9AKHNR\/FMA<\/figcaption><\/figure>\n<\/div>\n\n\n<h3 class=\"wp-block-heading\">Magnetschmuck mit Nieder-R\u00f6der Motiven<\/h3>\n\n\n\n<div class=\"wp-block-columns is-layout-flex wp-container-core-columns-is-layout-9d6595d7 wp-block-columns-is-layout-flex\">\n<div class=\"wp-block-column is-layout-flow wp-block-column-is-layout-flow\"><div class=\"wp-block-image is-resized\">\n<figure class=\"aligncenter size-large\"><a href=\"https:\/\/heimatverein-nieder-roden.de\/wp-content\/uploads\/2019\/12\/567-740-thickbox.jpg\"><img decoding=\"async\" width=\"600\" height=\"600\" src=\"https:\/\/heimatverein-nieder-roden.de\/wp-content\/uploads\/2019\/12\/567-740-thickbox.jpg\" alt=\"\" class=\"wp-image-2010\" srcset=\"https:\/\/heimatverein-nieder-roden.de\/wp-content\/uploads\/2019\/12\/567-740-thickbox.jpg 600w, https:\/\/heimatverein-nieder-roden.de\/wp-content\/uploads\/2019\/12\/567-740-thickbox-300x300.jpg 300w, https:\/\/heimatverein-nieder-roden.de\/wp-content\/uploads\/2019\/12\/567-740-thickbox-150x150.jpg 150w, https:\/\/heimatverein-nieder-roden.de\/wp-content\/uploads\/2019\/12\/567-740-thickbox-560x560.jpg 560w\" sizes=\"(max-width: 600px) 100vw, 600px\" \/><\/a><figcaption class=\"wp-element-caption\">Magnetschmuck &#8211; Motiv &#8222;Es alde Ord&#8220; &#8211;  \u00a9majoba.de  <\/figcaption><\/figure>\n<\/div><\/div>\n\n\n\n<div class=\"wp-block-column is-layout-flow wp-block-column-is-layout-flow\"><div class=\"wp-block-image is-resized\">\n<figure class=\"aligncenter size-large\"><a href=\"https:\/\/heimatverein-nieder-roden.de\/wp-content\/uploads\/2019\/12\/1572-2728-thickbox.jpg\"><img decoding=\"async\" width=\"600\" height=\"600\" src=\"https:\/\/heimatverein-nieder-roden.de\/wp-content\/uploads\/2019\/12\/1572-2728-thickbox.jpg\" alt=\"\" class=\"wp-image-2011\" srcset=\"https:\/\/heimatverein-nieder-roden.de\/wp-content\/uploads\/2019\/12\/1572-2728-thickbox.jpg 600w, https:\/\/heimatverein-nieder-roden.de\/wp-content\/uploads\/2019\/12\/1572-2728-thickbox-300x300.jpg 300w, https:\/\/heimatverein-nieder-roden.de\/wp-content\/uploads\/2019\/12\/1572-2728-thickbox-150x150.jpg 150w, https:\/\/heimatverein-nieder-roden.de\/wp-content\/uploads\/2019\/12\/1572-2728-thickbox-560x560.jpg 560w\" sizes=\"(max-width: 600px) 100vw, 600px\" \/><\/a><figcaption class=\"wp-element-caption\">Magnetschmuck  &#8211; Motiv &#8222;Am Nieder-R\u00f6der Badesee&#8220; &#8211;  \u00a9 majoba.de   <\/figcaption><\/figure>\n<\/div><\/div>\n<\/div>\n\n\n\n<p>Eine weitere sch\u00f6ne wie praktische Geschenkidee ist der Magnetschmuck mit Motiven, unter anderem aus Nieder-Roden und Umgebung. <br>Auch diese finden Sie bei uns am Stand zu Preisen von 2 \u20ac bis 4 \u20ac je St\u00fcck.<br>Diese Magnete d\u00fcrfen eigentlich an keinem Nieder-R\u00f6der K\u00fchlschrank fehlen.<\/p>\n\n\n\n<h3 class=\"wp-block-heading\">Buchpakete der Heimatbibliothek<\/h3>\n\n\n\n<p>Gro\u00dfen Anklang finden auch unsere Geschenkpakete bestehend aus B\u00fcchern der Nieder-R\u00f6der Heimatbibliothek. Nur beim Adventsmarkt gibt es sie zu Sonderpreisen in sch\u00f6ner (Geschenk-)Verpackung.<\/p>\n\n\n<div class=\"wp-block-image is-resized\">\n<figure class=\"aligncenter size-large\"><a href=\"https:\/\/heimatverein-nieder-roden.de\/wp-content\/uploads\/2019\/11\/20171209_140614_reduz-2MP.jpg\"><img decoding=\"async\" width=\"1024\" height=\"768\" src=\"https:\/\/heimatverein-nieder-roden.de\/wp-content\/uploads\/2019\/11\/20171209_140614_reduz-2MP-1024x768.jpg\" alt=\"\" class=\"wp-image-1879\" style=\"width:397px;height:auto\" srcset=\"https:\/\/heimatverein-nieder-roden.de\/wp-content\/uploads\/2019\/11\/20171209_140614_reduz-2MP-1024x768.jpg 1024w, https:\/\/heimatverein-nieder-roden.de\/wp-content\/uploads\/2019\/11\/20171209_140614_reduz-2MP-300x225.jpg 300w, https:\/\/heimatverein-nieder-roden.de\/wp-content\/uploads\/2019\/11\/20171209_140614_reduz-2MP-768x576.jpg 768w, https:\/\/heimatverein-nieder-roden.de\/wp-content\/uploads\/2019\/11\/20171209_140614_reduz-2MP-1536x1152.jpg 1536w, https:\/\/heimatverein-nieder-roden.de\/wp-content\/uploads\/2019\/11\/20171209_140614_reduz-2MP-560x420.jpg 560w, https:\/\/heimatverein-nieder-roden.de\/wp-content\/uploads\/2019\/11\/20171209_140614_reduz-2MP.jpg 1632w\" sizes=\"(max-width: 1024px) 100vw, 1024px\" \/><\/a><figcaption class=\"wp-element-caption\">Geschenkpakete mit Heimatb\u00fcchern &#8211; \u00a9 AKHNR<\/figcaption><\/figure>\n<\/div>\n\n\n<h3 class=\"wp-block-heading\">Buch &#8222;125 Jahre Rodgaubahn&#8220;<\/h3>\n\n\n\n<p>Ebenfalls auf den Adventsmarkt erh\u00e4ltlich: das stark nachgefragte Buch zum 125-j\u00e4hrigen Jubil\u00e4um der Rodgaubahn.<\/p>\n\n\n\n<p><strong>Es sind nur noch wenige Exemplare verf\u00fcgbar!<\/strong><\/p>\n\n\n<div class=\"wp-block-image is-resized\">\n<figure class=\"aligncenter size-large\"><a href=\"https:\/\/heimatverein-nieder-roden.de\/wp-content\/uploads\/2022\/10\/Rodgaubahn-Festbuch-final_Titel_Seite_001.jpg\"><img decoding=\"async\" width=\"1024\" height=\"1024\" src=\"https:\/\/heimatverein-nieder-roden.de\/wp-content\/uploads\/2022\/10\/Rodgaubahn-Festbuch-final_Titel_Seite_001-1024x1024.jpg\" alt=\"\" class=\"wp-image-4602\" style=\"width:337px;height:auto\" srcset=\"https:\/\/heimatverein-nieder-roden.de\/wp-content\/uploads\/2022\/10\/Rodgaubahn-Festbuch-final_Titel_Seite_001-1024x1024.jpg 1024w, https:\/\/heimatverein-nieder-roden.de\/wp-content\/uploads\/2022\/10\/Rodgaubahn-Festbuch-final_Titel_Seite_001-300x300.jpg 300w, https:\/\/heimatverein-nieder-roden.de\/wp-content\/uploads\/2022\/10\/Rodgaubahn-Festbuch-final_Titel_Seite_001-150x150.jpg 150w, https:\/\/heimatverein-nieder-roden.de\/wp-content\/uploads\/2022\/10\/Rodgaubahn-Festbuch-final_Titel_Seite_001-768x768.jpg 768w, https:\/\/heimatverein-nieder-roden.de\/wp-content\/uploads\/2022\/10\/Rodgaubahn-Festbuch-final_Titel_Seite_001-836x836.jpg 836w, https:\/\/heimatverein-nieder-roden.de\/wp-content\/uploads\/2022\/10\/Rodgaubahn-Festbuch-final_Titel_Seite_001-560x560.jpg 560w, https:\/\/heimatverein-nieder-roden.de\/wp-content\/uploads\/2022\/10\/Rodgaubahn-Festbuch-final_Titel_Seite_001.jpg 1241w\" sizes=\"(max-width: 1024px) 100vw, 1024px\" \/><\/a><figcaption class=\"wp-element-caption\">Titelbild des Buches &#8222;125 Jahre Rodgaubahn&#8220;<\/figcaption><\/figure>\n<\/div>\n\n\n<p>Dieses Buch ist das Resultat eines bislang einzigartigen Projektes: Daf\u00fcr haben 19 Vereine und mehr als 20 weitere Privatpersonen, Gruppierungen und Institutionen Inhalte zu den Texten \u00fcber Orte, Themen und Begebenheiten entlang der Bahnstrecke beigetragen. <\/p>\n\n\n\n<p>Die von 16 Autoren verfassten Texte, umfassen Beitr\u00e4ge zu allen Stationen, die je von der Strecke ber\u00fchrt wurden, und behandeln zus\u00e4tzliche Sonderthemen mit Bezug zum Thema. Das Ganze ist reich illustriert: auf 204 Seiten kommen \u00fcber 300 Abbildungen.<\/p>\n\n\n\n<p>Initiiert wurde das Buch durch die Heimat- und Geschichtsvereine der Stadt Rodgau, unter Federf\u00fchrung des Arbeitskreises f\u00fcr Heimatkunde Nieder-Roden e. V. (AKHNR). <\/p>\n\n\n\n<p>Finanziell erm\u00f6glicht haben es die Anliegerkommunen, 9 St\u00e4dte und Gemeinden und 2 Landkreise, mit Unterst\u00fctzung einiger Sponsoren.<\/p>\n\n\n\n<p><strong>Sichern Sie sich ihr Exemplar an unserem Stand auf dem Adventsmarkt. <\/strong><br><strong>Nur solange der Vorrat reicht!<\/strong><\/p>\n\n\n\n<div class=\"wp-block-buttons is-layout-flex wp-block-buttons-is-layout-flex\">\n<div class=\"wp-block-button aligncenter is-style-circular\"><a class=\"wp-block-button__link wp-element-button\" href=\"https:\/\/heimatverein-nieder-roden.de\/projekte\/125-jahre-rodgaubahn\/\" target=\"_blank\" rel=\"noreferrer noopener\">Mehr zum Projekt hier<\/a><\/div>\n<\/div>\n\n\n\n<hr class=\"wp-block-separator has-alpha-channel-opacity is-style-wide\"\/>\n\n\n\n<div style=\"height:30px\" aria-hidden=\"true\" id=\"meldungen\" class=\"wp-block-spacer\"><\/div>\n\n\n\n<h3 class=\"wp-block-heading\" id=\"meldungen-zum-thema\">Meldungen zum Adventsmarkt 2024<\/h3>\n\n\n<div class=\"display-posts-listing grid\"><div class=\"listing-item\"><a class=\"image\" href=\"https:\/\/heimatverein-nieder-roden.de\/?p=7826\"><img decoding=\"async\" width=\"200\" height=\"300\" src=\"https:\/\/heimatverein-nieder-roden.de\/wp-content\/uploads\/2019\/12\/2015-12-07_04-46-40_NRAdventsmarkt-2015_Petrat_4U5B4433-200x300.jpg\" class=\"attachment-medium size-medium wp-post-image\" alt=\"\" srcset=\"https:\/\/heimatverein-nieder-roden.de\/wp-content\/uploads\/2019\/12\/2015-12-07_04-46-40_NRAdventsmarkt-2015_Petrat_4U5B4433-200x300.jpg 200w, https:\/\/heimatverein-nieder-roden.de\/wp-content\/uploads\/2019\/12\/2015-12-07_04-46-40_NRAdventsmarkt-2015_Petrat_4U5B4433-683x1024.jpg 683w, https:\/\/heimatverein-nieder-roden.de\/wp-content\/uploads\/2019\/12\/2015-12-07_04-46-40_NRAdventsmarkt-2015_Petrat_4U5B4433-560x840.jpg 560w, https:\/\/heimatverein-nieder-roden.de\/wp-content\/uploads\/2019\/12\/2015-12-07_04-46-40_NRAdventsmarkt-2015_Petrat_4U5B4433.jpg 720w\" sizes=\"(max-width: 200px) 100vw, 200px\" \/><\/a> <a class=\"title\" href=\"https:\/\/heimatverein-nieder-roden.de\/?p=7826\">Adventsmarkt 2024 &#8211; Am 7.\/8. Dezember an der Kirche<\/a> <span class=\"excerpt-dash\">-<\/span> <span class=\"excerpt\">Der Nieder-R\u00f6der Adventsmarkt am 2. Adventswochenende ist ein fester Termin im Jahreskalender des AKHNR. Er wird organisiert und getragen von der Pfarrgemeinde St. Matthias Nieder-Roden.Ein gro\u00dfer Dank geht an die tragenden und helfenden H\u00e4nde! 20 St\u00e4nde dr\u00e4ngen sich in diesem Jahr auf dem Kirchplatz, in Turm- und Schulstra\u00dfe, um die Sankt Matthias Kirche, das Pfarrheim &hellip; <\/p><p><a class=\"more-link btn\" href=\"https:\/\/heimatverein-nieder-roden.de\/?p=7826\">Weiterlesen<\/a><\/span><\/div><div class=\"listing-item\"><a class=\"image\" href=\"https:\/\/heimatverein-nieder-roden.de\/?p=7824\"><img decoding=\"async\" width=\"246\" height=\"300\" src=\"https:\/\/heimatverein-nieder-roden.de\/wp-content\/uploads\/2023\/12\/2023-12-09_16-21-33_AKHNR_NRAdventsmarkt2023_WST_20231209_162132-246x300.jpg\" class=\"attachment-medium size-medium wp-post-image\" alt=\"\" srcset=\"https:\/\/heimatverein-nieder-roden.de\/wp-content\/uploads\/2023\/12\/2023-12-09_16-21-33_AKHNR_NRAdventsmarkt2023_WST_20231209_162132-246x300.jpg 246w, https:\/\/heimatverein-nieder-roden.de\/wp-content\/uploads\/2023\/12\/2023-12-09_16-21-33_AKHNR_NRAdventsmarkt2023_WST_20231209_162132-838x1024.jpg 838w, https:\/\/heimatverein-nieder-roden.de\/wp-content\/uploads\/2023\/12\/2023-12-09_16-21-33_AKHNR_NRAdventsmarkt2023_WST_20231209_162132-768x938.jpg 768w, https:\/\/heimatverein-nieder-roden.de\/wp-content\/uploads\/2023\/12\/2023-12-09_16-21-33_AKHNR_NRAdventsmarkt2023_WST_20231209_162132-1257x1536.jpg 1257w, https:\/\/heimatverein-nieder-roden.de\/wp-content\/uploads\/2023\/12\/2023-12-09_16-21-33_AKHNR_NRAdventsmarkt2023_WST_20231209_162132-1676x2048.jpg 1676w, https:\/\/heimatverein-nieder-roden.de\/wp-content\/uploads\/2023\/12\/2023-12-09_16-21-33_AKHNR_NRAdventsmarkt2023_WST_20231209_162132-836x1021.jpg 836w, https:\/\/heimatverein-nieder-roden.de\/wp-content\/uploads\/2023\/12\/2023-12-09_16-21-33_AKHNR_NRAdventsmarkt2023_WST_20231209_162132-560x684.jpg 560w\" sizes=\"(max-width: 246px) 100vw, 246px\" \/><\/a> <a class=\"title\" href=\"https:\/\/heimatverein-nieder-roden.de\/?p=7824\">Adventsmarkt 2024 &#8211; Das gibt&#8217;s beim AKHNR<\/a> <span class=\"excerpt-dash\">-<\/span> <span class=\"excerpt\">Der Stand des AKHNR hat seinen festen Platz am Hof des Heimatmuseums zum Kirchplatz hin ausgerichtet. In diesem Jahr gibt wieder unseren bekannten Hirschgulasch aus dem Kessel, beheizt nach traditioneller Art mit Holzfeuer, vorbereitet von unserem Nieder-R\u00f6der Chefkoch Wolfgang Schrod. Au\u00dferdem gibt es hei\u00dfe Fleischwurstknacker und eine Auswahl an Geschenkideen.<\/span><\/div><div class=\"listing-item\"><a class=\"image\" href=\"https:\/\/heimatverein-nieder-roden.de\/?p=7751\"><img decoding=\"async\" width=\"300\" height=\"169\" src=\"https:\/\/heimatverein-nieder-roden.de\/wp-content\/uploads\/2020\/01\/2019-12-07_16-57-13_AKHNR_Adventsmarkt-2019_IMG_4104_Web-300x169.jpg\" class=\"attachment-medium size-medium wp-post-image\" alt=\"\" srcset=\"https:\/\/heimatverein-nieder-roden.de\/wp-content\/uploads\/2020\/01\/2019-12-07_16-57-13_AKHNR_Adventsmarkt-2019_IMG_4104_Web-300x169.jpg 300w, https:\/\/heimatverein-nieder-roden.de\/wp-content\/uploads\/2020\/01\/2019-12-07_16-57-13_AKHNR_Adventsmarkt-2019_IMG_4104_Web-1024x576.jpg 1024w, https:\/\/heimatverein-nieder-roden.de\/wp-content\/uploads\/2020\/01\/2019-12-07_16-57-13_AKHNR_Adventsmarkt-2019_IMG_4104_Web-768x432.jpg 768w, https:\/\/heimatverein-nieder-roden.de\/wp-content\/uploads\/2020\/01\/2019-12-07_16-57-13_AKHNR_Adventsmarkt-2019_IMG_4104_Web-1536x865.jpg 1536w, https:\/\/heimatverein-nieder-roden.de\/wp-content\/uploads\/2020\/01\/2019-12-07_16-57-13_AKHNR_Adventsmarkt-2019_IMG_4104_Web-2048x1153.jpg 2048w, https:\/\/heimatverein-nieder-roden.de\/wp-content\/uploads\/2020\/01\/2019-12-07_16-57-13_AKHNR_Adventsmarkt-2019_IMG_4104_Web-560x315.jpg 560w\" sizes=\"(max-width: 300px) 100vw, 300px\" \/><\/a> <a class=\"title\" href=\"https:\/\/heimatverein-nieder-roden.de\/?p=7751\">Adventsmarkt 2024 &#8211; B\u00fccherflohmarkt der katholischen \u00f6ffentlichen B\u00fccherei<\/a> <span class=\"excerpt-dash\">-<\/span> <span class=\"excerpt\">Die Pfarrgemeinde St. Matthias l\u00e4dt herzlich ein zum B\u00fccherflohmarkt w\u00e4hrend des Adventsmarktes im Foyer des Pfarrheims St. Matthias. Massenhaft B\u00fccher warten auf Leserinnen und Leser. <\/span><\/div><\/div>\n","protected":false},"excerpt":{"rendered":"<p>Der Inhalt dieser Seite wurde urspr\u00fcnglich als Beitrag f\u00fcr den Adventsmarkt 2024 erstellt.Im Rahmen einer Umstrukturierung wurde er im Dezember 2025 als eigene Seite angelegt. Der Nieder-R\u00f6der Adventsmarkt am 2. Adventswochenende ist ein fester Termin im Jahreskalender des AKHNR. Was macht unseren Adventsmarkt aus? Alle Infos zum Adventsmarkt 2024 Lageplan der Buden und St\u00e4nde Meldungen &hellip; <\/p>\n<p><a class=\"more-link btn\" href=\"https:\/\/heimatverein-nieder-roden.de\/?p=7751\">Weiterlesen<\/a><\/p><p><a class=\"more-link btn\" href=\"https:\/\/heimatverein-nieder-roden.de\/?p=7751\">Weiterlesen<\/a><\/p>\n","protected":false},"author":1,"featured_media":0,"parent":7761,"menu_order":0,"comment_status":"closed","ping_status":"closed","template":"template-onecolumn.php","meta":{"_coblocks_attr":"","_coblocks_dimensions":"","_coblocks_responsive_height":"","_coblocks_accordion_ie_support":"","footnotes":""},"class_list":["post-8357","page","type-page","status-publish","hentry","nodate"],"publishpress_future_action":{"enabled":false,"date":"2026-05-06 21:44:11","action":"change-status","newStatus":"draft","terms":[],"taxonomy":"","extraData":[]},"publishpress_future_workflow_manual_trigger":{"enabledWorkflows":[]},"_links":{"self":[{"href":"https:\/\/heimatverein-nieder-roden.de\/index.php?rest_route=\/wp\/v2\/pages\/8357","targetHints":{"allow":["GET"]}}],"collection":[{"href":"https:\/\/heimatverein-nieder-roden.de\/index.php?rest_route=\/wp\/v2\/pages"}],"about":[{"href":"https:\/\/heimatverein-nieder-roden.de\/index.php?rest_route=\/wp\/v2\/types\/page"}],"author":[{"embeddable":true,"href":"https:\/\/heimatverein-nieder-roden.de\/index.php?rest_route=\/wp\/v2\/users\/1"}],"replies":[{"embeddable":true,"href":"https:\/\/heimatverein-nieder-roden.de\/index.php?rest_route=%2Fwp%2Fv2%2Fcomments&post=8357"}],"version-history":[{"count":2,"href":"https:\/\/heimatverein-nieder-roden.de\/index.php?rest_route=\/wp\/v2\/pages\/8357\/revisions"}],"predecessor-version":[{"id":8383,"href":"https:\/\/heimatverein-nieder-roden.de\/index.php?rest_route=\/wp\/v2\/pages\/8357\/revisions\/8383"}],"up":[{"embeddable":true,"href":"https:\/\/heimatverein-nieder-roden.de\/index.php?rest_route=\/wp\/v2\/pages\/7761"}],"wp:attachment":[{"href":"https:\/\/heimatverein-nieder-roden.de\/index.php?rest_route=%2Fwp%2Fv2%2Fmedia&parent=8357"}],"curies":[{"name":"wp","href":"https:\/\/api.w.org\/{rel}","templated":true}]}}