{"id":8247,"date":"2025-09-09T08:14:08","date_gmt":"2025-09-09T06:14:08","guid":{"rendered":"https:\/\/heimatverein-nieder-roden.de\/?page_id=8247"},"modified":"2025-09-09T08:14:08","modified_gmt":"2025-09-09T06:14:08","slug":"kerb-2024-archiv","status":"publish","type":"page","link":"https:\/\/heimatverein-nieder-roden.de\/?page_id=8247","title":{"rendered":"Kerb 2024 (Archiv)"},"content":{"rendered":"\n<div id=\"nrkerblocations'><\/div>\n<div id=\"nrkerbeventkalender'><\/div>\n<div id=\"nrkerbeventliste'><\/div>\n<div id=\"nrkerbumzug'><\/div>\n\n\n\n<figure class=\"wp-block-pullquote\"><blockquote><p>\u201cHerunter mit dem Kummer <br>herunter mit den Sorgen <br>die Kerb ist heut und die Kerb ist morgen&#8230;&#8220;<\/p><cite>Aus dem Nirrer\u00e4irer Kerbspruch<\/cite><\/blockquote><\/figure>\n\n\n<div class=\"wp-block-image is-style-default\">\n<figure class=\"aligncenter size-large is-resized\"><a href=\"https:\/\/heimatverein-nieder-roden.de\/wp-content\/uploads\/2023\/08\/2021-09-10_17-17-57_AKHNR_Kerbbaumstellen-2021_EGE_20210910_171757-scaled.jpg\"><img decoding=\"async\" width=\"1024\" height=\"768\" src=\"https:\/\/heimatverein-nieder-roden.de\/wp-content\/uploads\/2023\/08\/2021-09-10_17-17-57_AKHNR_Kerbbaumstellen-2021_EGE_20210910_171757-1024x768.jpg\" alt=\"\" class=\"wp-image-5474\" style=\"object-fit:cover;width:1271px;height:714px\" srcset=\"https:\/\/heimatverein-nieder-roden.de\/wp-content\/uploads\/2023\/08\/2021-09-10_17-17-57_AKHNR_Kerbbaumstellen-2021_EGE_20210910_171757-1024x768.jpg 1024w, https:\/\/heimatverein-nieder-roden.de\/wp-content\/uploads\/2023\/08\/2021-09-10_17-17-57_AKHNR_Kerbbaumstellen-2021_EGE_20210910_171757-300x225.jpg 300w, https:\/\/heimatverein-nieder-roden.de\/wp-content\/uploads\/2023\/08\/2021-09-10_17-17-57_AKHNR_Kerbbaumstellen-2021_EGE_20210910_171757-768x576.jpg 768w, https:\/\/heimatverein-nieder-roden.de\/wp-content\/uploads\/2023\/08\/2021-09-10_17-17-57_AKHNR_Kerbbaumstellen-2021_EGE_20210910_171757-1536x1152.jpg 1536w, https:\/\/heimatverein-nieder-roden.de\/wp-content\/uploads\/2023\/08\/2021-09-10_17-17-57_AKHNR_Kerbbaumstellen-2021_EGE_20210910_171757-2048x1536.jpg 2048w, https:\/\/heimatverein-nieder-roden.de\/wp-content\/uploads\/2023\/08\/2021-09-10_17-17-57_AKHNR_Kerbbaumstellen-2021_EGE_20210910_171757-836x627.jpg 836w, https:\/\/heimatverein-nieder-roden.de\/wp-content\/uploads\/2023\/08\/2021-09-10_17-17-57_AKHNR_Kerbbaumstellen-2021_EGE_20210910_171757-560x420.jpg 560w\" sizes=\"(max-width: 1024px) 100vw, 1024px\" \/><\/a><figcaption class=\"wp-element-caption\">Kerbbaumstellen zu Beginn der Nirrer\u00e4irer Kerb 2021 &#8211; mit den Kerbborsche und Kerbm\u00e4dsche und Pfarrer Dr. Peter Eckstein. \u00a9AKHNR\/EGE<\/figcaption><\/figure>\n<\/div>\n\n\n<p>Liebe Besucher!<\/p>\n\n\n\n<p>Die Nirrer\u00e4irer Kerb (Nieder-R\u00f6der Kirchweih) wird nicht durch den AKHNR veranstaltet. Vielmehr arbeiten zahlreiche Mitwirkende zusammen um diese Feier Jahr f\u00fcr Jahr zu einem vielseitigen, sch\u00f6nen Fest zu machen. Die Hauptlast tr\u00e4gt dabei der Kerbverein Nieder-Roden e. V., der unter anderem den Kerbumzug und den Auf- und Abbau des Festzeltes auf dem Kirchplatz organisiert und bew\u00e4ltigt.<\/p>\n\n\n\n<p>Die Mitwirkenden sind:<\/p>\n\n\n\n<ul class=\"wp-block-list\">\n<li>Kerbverein Nieder-Roden e. V.<\/li>\n\n\n\n<li>Pfarrgemeinde Sankt Matthias Nieder-Roden<\/li>\n\n\n\n<li>Musikverein Nieder-Roden e. V.<\/li>\n\n\n\n<li>Familie Mergenthal<\/li>\n\n\n\n<li>Familie Schrod<\/li>\n\n\n\n<li>Schausteller-Familie Adler<\/li>\n<\/ul>\n\n\n\n<div class=\"wp-block-columns is-layout-flex wp-container-core-columns-is-layout-9d6595d7 wp-block-columns-is-layout-flex\">\n<div class=\"wp-block-column is-vertically-aligned-center is-layout-flow wp-block-column-is-layout-flow\"><div class=\"wp-block-image\">\n<figure class=\"aligncenter size-full is-resized\"><img decoding=\"async\" width=\"387\" height=\"357\" src=\"https:\/\/heimatverein-nieder-roden.de\/wp-content\/uploads\/2023\/08\/Kerbverein-Nieder-Roden_Logo.jpg\" alt=\"\" class=\"wp-image-5637\" style=\"width:276px;height:255px\" srcset=\"https:\/\/heimatverein-nieder-roden.de\/wp-content\/uploads\/2023\/08\/Kerbverein-Nieder-Roden_Logo.jpg 387w, https:\/\/heimatverein-nieder-roden.de\/wp-content\/uploads\/2023\/08\/Kerbverein-Nieder-Roden_Logo-300x277.jpg 300w\" sizes=\"(max-width: 387px) 100vw, 387px\" \/><\/figure>\n<\/div><\/div>\n\n\n\n<div class=\"wp-block-column is-vertically-aligned-center is-layout-flow wp-block-column-is-layout-flow\"><div class=\"wp-block-image\">\n<figure class=\"aligncenter size-full is-resized\"><a href=\"https:\/\/www.sanktmatthias.de\/\" target=\"_blank\" rel=\"noreferrer noopener\"><img decoding=\"async\" width=\"314\" height=\"307\" src=\"https:\/\/heimatverein-nieder-roden.de\/wp-content\/uploads\/2023\/08\/Pfarrgemeinde-St-Matthias-Nieder-Roden_Logo-Pfarrbote.png\" alt=\"\" class=\"wp-image-5638\" style=\"width:249px;height:243px\" srcset=\"https:\/\/heimatverein-nieder-roden.de\/wp-content\/uploads\/2023\/08\/Pfarrgemeinde-St-Matthias-Nieder-Roden_Logo-Pfarrbote.png 314w, https:\/\/heimatverein-nieder-roden.de\/wp-content\/uploads\/2023\/08\/Pfarrgemeinde-St-Matthias-Nieder-Roden_Logo-Pfarrbote-300x293.png 300w\" sizes=\"(max-width: 314px) 100vw, 314px\" \/><\/a><\/figure>\n<\/div><\/div>\n\n\n\n<div class=\"wp-block-column is-vertically-aligned-center is-layout-flow wp-block-column-is-layout-flow\"><div class=\"wp-block-image is-style-default\">\n<figure class=\"aligncenter size-large is-resized\"><a href=\"https:\/\/www.mv-nieder-roden.de\/\" target=\"_blank\" rel=\"noreferrer noopener\"><img decoding=\"async\" width=\"1024\" height=\"448\" src=\"https:\/\/heimatverein-nieder-roden.de\/wp-content\/uploads\/2023\/02\/MV-Logo-1024x448.png\" alt=\"\" class=\"wp-image-5033\" style=\"width:345px;height:151px\" srcset=\"https:\/\/heimatverein-nieder-roden.de\/wp-content\/uploads\/2023\/02\/MV-Logo-1024x448.png 1024w, https:\/\/heimatverein-nieder-roden.de\/wp-content\/uploads\/2023\/02\/MV-Logo-300x131.png 300w, https:\/\/heimatverein-nieder-roden.de\/wp-content\/uploads\/2023\/02\/MV-Logo-768x336.png 768w, https:\/\/heimatverein-nieder-roden.de\/wp-content\/uploads\/2023\/02\/MV-Logo-1536x673.png 1536w, https:\/\/heimatverein-nieder-roden.de\/wp-content\/uploads\/2023\/02\/MV-Logo-2048x897.png 2048w, https:\/\/heimatverein-nieder-roden.de\/wp-content\/uploads\/2023\/02\/MV-Logo-836x366.png 836w, https:\/\/heimatverein-nieder-roden.de\/wp-content\/uploads\/2023\/02\/MV-Logo-560x245.png 560w\" sizes=\"(max-width: 1024px) 100vw, 1024px\" \/><\/a><\/figure>\n<\/div><\/div>\n<\/div>\n\n\n\n<div class=\"wp-block-columns is-layout-flex wp-container-core-columns-is-layout-9d6595d7 wp-block-columns-is-layout-flex\">\n<div class=\"wp-block-column is-layout-flow wp-block-column-is-layout-flow\">\n<p class=\"has-text-align-center\"><strong>Kerbverein Nieder-Roden e. V.<\/strong><\/p>\n<\/div>\n\n\n\n<div class=\"wp-block-column is-layout-flow wp-block-column-is-layout-flow\">\n<p class=\"has-text-align-center\"><strong>Pfarrgemeinde St. Matthias Nieder-Roden<\/strong><br><strong>im Pastoralraum Rodgau\/R\u00f6dermark<\/strong><\/p>\n<\/div>\n\n\n\n<div class=\"wp-block-column is-layout-flow wp-block-column-is-layout-flow\">\n<p class=\"has-text-align-center\"><strong>Musikverein Nieder-Roden e. V.<\/strong><\/p>\n<\/div>\n<\/div>\n\n\n\n<p>Die Kerb-Feier ist vor allem auch Tradition, kulturelles Erbe und Fixpunkt f\u00fcr unsere Ortsgemeinschaft &#8211; unsere Heimat.<\/p>\n\n\n\n<p>Deshalb setzt sich der AKHNR im Rahmen seiner M\u00f6glichkeiten stark f\u00fcr die Kerb ein. <br>Vor diesem Hintergrund m\u00f6chten wir Ihnen hier die M\u00f6glichkeit geben sich umfassend \u00fcber die Kerb zu informieren.<\/p>\n\n\n\n<p>F\u00fcr jeden ist etwas dabei.<br>Feiern Sie mit!<\/p>\n\n\n\n<div style=\"height:50px\" aria-hidden=\"true\" class=\"wp-block-spacer\"><\/div>\n\n\n\n<h2 class=\"wp-block-heading has-text-align-center\">Alle Infos zur Nieder-R\u00f6der Kerb 2024<\/h2>\n\n\n\n<p><\/p>\n\n\n\n<p class=\"has-text-align-center\">Klicken Sie auf die \u00dcberschriften in den Boxen um direkt zu den jeweiligen Inhalten zu gelangen.<\/p>\n\n\n\n<p class=\"has-text-align-center is-style-warning\"><strong>Hinweis:<\/strong><br><br>Die Informationen, die Sie hier finden, sind nach bestem Wissen und Gewissen zusammengetragen worden.<br>Leider kann es immer mal wieder zu \u00c4nderungen kommen, die uns nicht (rechtzeitig) bekannt sind.<br><br><strong>Wir k\u00f6nnen daher keine Gew\u00e4hr \u00fcbernehmen!<\/strong><br><br>Bitte informieren Sie uns gerne falls Ihnen ein Fehler auff\u00e4llt.<br>Vielen Dank!<\/p>\n\n\n\n<div class=\"wp-block-columns is-layout-flex wp-container-core-columns-is-layout-9d6595d7 wp-block-columns-is-layout-flex\">\n<div class=\"wp-block-column is-layout-flow wp-block-column-is-layout-flow\">\n<div class=\"wp-block-media-text is-stacked-on-mobile has-background\" style=\"background:linear-gradient(90deg,rgb(147,36,24) 0%,rgb(247,238,225) 100%)\"><figure class=\"wp-block-media-text__media\"><a href=\"#nrkerblocations\"><img decoding=\"async\" width=\"2560\" height=\"1811\" src=\"https:\/\/heimatverein-nieder-roden.de\/wp-content\/uploads\/2023\/08\/2023-08-21_NR-Kerb-2023_Lageplan-Idee_ENTWURF_v0.2-scaled.jpg\" alt=\"\" class=\"wp-image-5555 size-full\" srcset=\"https:\/\/heimatverein-nieder-roden.de\/wp-content\/uploads\/2023\/08\/2023-08-21_NR-Kerb-2023_Lageplan-Idee_ENTWURF_v0.2-scaled.jpg 2560w, https:\/\/heimatverein-nieder-roden.de\/wp-content\/uploads\/2023\/08\/2023-08-21_NR-Kerb-2023_Lageplan-Idee_ENTWURF_v0.2-300x212.jpg 300w, https:\/\/heimatverein-nieder-roden.de\/wp-content\/uploads\/2023\/08\/2023-08-21_NR-Kerb-2023_Lageplan-Idee_ENTWURF_v0.2-1024x724.jpg 1024w, https:\/\/heimatverein-nieder-roden.de\/wp-content\/uploads\/2023\/08\/2023-08-21_NR-Kerb-2023_Lageplan-Idee_ENTWURF_v0.2-768x543.jpg 768w, https:\/\/heimatverein-nieder-roden.de\/wp-content\/uploads\/2023\/08\/2023-08-21_NR-Kerb-2023_Lageplan-Idee_ENTWURF_v0.2-1536x1086.jpg 1536w, https:\/\/heimatverein-nieder-roden.de\/wp-content\/uploads\/2023\/08\/2023-08-21_NR-Kerb-2023_Lageplan-Idee_ENTWURF_v0.2-2048x1448.jpg 2048w, https:\/\/heimatverein-nieder-roden.de\/wp-content\/uploads\/2023\/08\/2023-08-21_NR-Kerb-2023_Lageplan-Idee_ENTWURF_v0.2-836x591.jpg 836w, https:\/\/heimatverein-nieder-roden.de\/wp-content\/uploads\/2023\/08\/2023-08-21_NR-Kerb-2023_Lageplan-Idee_ENTWURF_v0.2-560x396.jpg 560w\" sizes=\"(max-width: 2560px) 100vw, 2560px\" \/><\/a><\/figure><div class=\"wp-block-media-text__content\">\n<p class=\"has-text-align-center has-white-color has-text-color has-link-color has-larger-font-size wp-elements-3de8ec4094883052611988b16da96873\"><strong><a href=\"#nrkerblocations\">Locations<\/a><\/strong><\/p>\n<\/div><\/div>\n<\/div>\n\n\n\n<div class=\"wp-block-column is-layout-flow wp-block-column-is-layout-flow\">\n<div class=\"wp-block-media-text is-stacked-on-mobile has-background\" style=\"background:linear-gradient(90deg,rgb(147,36,24) 0%,rgb(247,238,225) 100%)\"><figure class=\"wp-block-media-text__media\"><a href=\"#nrkerbeventkalender\"><img decoding=\"async\" width=\"1024\" height=\"701\" src=\"https:\/\/heimatverein-nieder-roden.de\/wp-content\/uploads\/2024\/09\/Kerb_Event-Kalender_Symbolbild_weich.jpg\" alt=\"\" class=\"wp-image-7465 size-full\" srcset=\"https:\/\/heimatverein-nieder-roden.de\/wp-content\/uploads\/2024\/09\/Kerb_Event-Kalender_Symbolbild_weich.jpg 1024w, https:\/\/heimatverein-nieder-roden.de\/wp-content\/uploads\/2024\/09\/Kerb_Event-Kalender_Symbolbild_weich-300x205.jpg 300w, https:\/\/heimatverein-nieder-roden.de\/wp-content\/uploads\/2024\/09\/Kerb_Event-Kalender_Symbolbild_weich-768x526.jpg 768w, https:\/\/heimatverein-nieder-roden.de\/wp-content\/uploads\/2024\/09\/Kerb_Event-Kalender_Symbolbild_weich-836x572.jpg 836w, https:\/\/heimatverein-nieder-roden.de\/wp-content\/uploads\/2024\/09\/Kerb_Event-Kalender_Symbolbild_weich-560x383.jpg 560w\" sizes=\"(max-width: 1024px) 100vw, 1024px\" \/><\/a><\/figure><div class=\"wp-block-media-text__content\">\n<p class=\"has-text-align-center has-white-color has-text-color has-link-color has-larger-font-size wp-elements-1afdbc2df834d7e29e6b4831b632a19d\"><strong><a href=\"#nrkerbeventkalender\">Event-Kalender<\/a><\/strong><\/p>\n<\/div><\/div>\n<\/div>\n<\/div>\n\n\n\n<div class=\"wp-block-columns is-layout-flex wp-container-core-columns-is-layout-9d6595d7 wp-block-columns-is-layout-flex\">\n<div class=\"wp-block-column is-layout-flow wp-block-column-is-layout-flow\">\n<div class=\"wp-block-media-text is-stacked-on-mobile has-background\" style=\"background:linear-gradient(120deg,rgb(147,36,24) 0%,rgb(247,238,225) 100%)\"><figure class=\"wp-block-media-text__media\"><a href=\"#nrkerbeventliste\"><img decoding=\"async\" width=\"1256\" height=\"792\" src=\"https:\/\/heimatverein-nieder-roden.de\/wp-content\/uploads\/2023\/08\/grafik-1.png\" alt=\"\" class=\"wp-image-5621 size-full\" srcset=\"https:\/\/heimatverein-nieder-roden.de\/wp-content\/uploads\/2023\/08\/grafik-1.png 1256w, https:\/\/heimatverein-nieder-roden.de\/wp-content\/uploads\/2023\/08\/grafik-1-300x189.png 300w, https:\/\/heimatverein-nieder-roden.de\/wp-content\/uploads\/2023\/08\/grafik-1-1024x646.png 1024w, https:\/\/heimatverein-nieder-roden.de\/wp-content\/uploads\/2023\/08\/grafik-1-768x484.png 768w, https:\/\/heimatverein-nieder-roden.de\/wp-content\/uploads\/2023\/08\/grafik-1-836x527.png 836w, https:\/\/heimatverein-nieder-roden.de\/wp-content\/uploads\/2023\/08\/grafik-1-560x353.png 560w\" sizes=\"(max-width: 1256px) 100vw, 1256px\" \/><\/a><\/figure><div class=\"wp-block-media-text__content\">\n<p class=\"has-text-align-center has-white-color has-text-color has-link-color has-larger-font-size wp-elements-5f01dc40a14751539d4d64e5d2f437c8\"><strong><a href=\"#nrkerbeventliste\">Event-Liste<\/a><\/strong><\/p>\n<\/div><\/div>\n<\/div>\n\n\n\n<div class=\"wp-block-column is-layout-flow wp-block-column-is-layout-flow\">\n<div class=\"wp-block-media-text is-stacked-on-mobile has-background\" style=\"background:linear-gradient(90deg,rgb(147,36,24) 0%,rgb(247,238,225) 100%)\"><figure class=\"wp-block-media-text__media\"><a href=\"https:\/\/heimatverein-nieder-roden.de\/?p=7220\" target=\"_blank\" rel=\"noreferrer noopener\"><img decoding=\"async\" width=\"1024\" height=\"768\" src=\"https:\/\/heimatverein-nieder-roden.de\/wp-content\/uploads\/2024\/09\/2023-09-11_14-42-55_NRKerb2023_FMA_IMG_20230911_144255-1024x768.jpg\" alt=\"\" class=\"wp-image-7483 size-full\" srcset=\"https:\/\/heimatverein-nieder-roden.de\/wp-content\/uploads\/2024\/09\/2023-09-11_14-42-55_NRKerb2023_FMA_IMG_20230911_144255-1024x768.jpg 1024w, https:\/\/heimatverein-nieder-roden.de\/wp-content\/uploads\/2024\/09\/2023-09-11_14-42-55_NRKerb2023_FMA_IMG_20230911_144255-300x225.jpg 300w, https:\/\/heimatverein-nieder-roden.de\/wp-content\/uploads\/2024\/09\/2023-09-11_14-42-55_NRKerb2023_FMA_IMG_20230911_144255-768x576.jpg 768w, https:\/\/heimatverein-nieder-roden.de\/wp-content\/uploads\/2024\/09\/2023-09-11_14-42-55_NRKerb2023_FMA_IMG_20230911_144255-1536x1152.jpg 1536w, https:\/\/heimatverein-nieder-roden.de\/wp-content\/uploads\/2024\/09\/2023-09-11_14-42-55_NRKerb2023_FMA_IMG_20230911_144255-2048x1536.jpg 2048w, https:\/\/heimatverein-nieder-roden.de\/wp-content\/uploads\/2024\/09\/2023-09-11_14-42-55_NRKerb2023_FMA_IMG_20230911_144255-836x627.jpg 836w, https:\/\/heimatverein-nieder-roden.de\/wp-content\/uploads\/2024\/09\/2023-09-11_14-42-55_NRKerb2023_FMA_IMG_20230911_144255-560x420.jpg 560w\" sizes=\"(max-width: 1024px) 100vw, 1024px\" \/><\/a><\/figure><div class=\"wp-block-media-text__content\">\n<p class=\"has-text-align-center has-white-color has-text-color has-link-color has-larger-font-size wp-elements-6ae80bd02f270797f8b956813c1730c6\"><strong><a href=\"https:\/\/heimatverein-nieder-roden.de\/?p=7220\" data-type=\"post\" data-id=\"7220\" target=\"_blank\" rel=\"noreferrer noopener\">Kulinarische Liste<\/a><\/strong><\/p>\n<\/div><\/div>\n<\/div>\n<\/div>\n\n\n\n<div class=\"wp-block-columns is-layout-flex wp-container-core-columns-is-layout-9d6595d7 wp-block-columns-is-layout-flex\">\n<div class=\"wp-block-column is-layout-flow wp-block-column-is-layout-flow\">\n<div class=\"wp-block-media-text is-stacked-on-mobile has-background\" style=\"background:linear-gradient(135deg,rgb(147,36,24) 0%,rgb(247,238,225) 100%);grid-template-columns:63% auto\"><figure class=\"wp-block-media-text__media\"><a href=\"#nrkerbumzug\"><img decoding=\"async\" width=\"1024\" height=\"725\" src=\"https:\/\/heimatverein-nieder-roden.de\/wp-content\/uploads\/2024\/09\/2024-08-23_AKHNR_NR-Kerb2024_Umzug_Verlaufskarte_v1.1-Web-1024x725.jpg\" alt=\"\" class=\"wp-image-7502 size-full\" srcset=\"https:\/\/heimatverein-nieder-roden.de\/wp-content\/uploads\/2024\/09\/2024-08-23_AKHNR_NR-Kerb2024_Umzug_Verlaufskarte_v1.1-Web-1024x725.jpg 1024w, https:\/\/heimatverein-nieder-roden.de\/wp-content\/uploads\/2024\/09\/2024-08-23_AKHNR_NR-Kerb2024_Umzug_Verlaufskarte_v1.1-Web-300x212.jpg 300w, https:\/\/heimatverein-nieder-roden.de\/wp-content\/uploads\/2024\/09\/2024-08-23_AKHNR_NR-Kerb2024_Umzug_Verlaufskarte_v1.1-Web-768x543.jpg 768w, https:\/\/heimatverein-nieder-roden.de\/wp-content\/uploads\/2024\/09\/2024-08-23_AKHNR_NR-Kerb2024_Umzug_Verlaufskarte_v1.1-Web-1536x1087.jpg 1536w, https:\/\/heimatverein-nieder-roden.de\/wp-content\/uploads\/2024\/09\/2024-08-23_AKHNR_NR-Kerb2024_Umzug_Verlaufskarte_v1.1-Web-836x592.jpg 836w, https:\/\/heimatverein-nieder-roden.de\/wp-content\/uploads\/2024\/09\/2024-08-23_AKHNR_NR-Kerb2024_Umzug_Verlaufskarte_v1.1-Web-560x396.jpg 560w, https:\/\/heimatverein-nieder-roden.de\/wp-content\/uploads\/2024\/09\/2024-08-23_AKHNR_NR-Kerb2024_Umzug_Verlaufskarte_v1.1-Web.jpg 1587w\" sizes=\"(max-width: 1024px) 100vw, 1024px\" \/><\/a><\/figure><div class=\"wp-block-media-text__content\">\n<p class=\"has-text-align-center has-white-color has-text-color has-link-color has-larger-font-size wp-elements-70a6cfec9379e5cd8619279b0e62fe44\"><strong><a href=\"#nrkerbumzug\">Umzug<\/a><\/strong><\/p>\n<\/div><\/div>\n<\/div>\n\n\n\n<div class=\"wp-block-column is-layout-flow wp-block-column-is-layout-flow\">\n<div class=\"wp-block-media-text is-stacked-on-mobile has-background\" style=\"background:linear-gradient(120deg,rgb(147,36,24) 0%,rgb(247,238,225) 100%)\"><figure class=\"wp-block-media-text__media\"><a href=\"#nrkerbgeschichte\"><img decoding=\"async\" width=\"1020\" height=\"717\" src=\"https:\/\/heimatverein-nieder-roden.de\/wp-content\/uploads\/2023\/08\/nr-kerb_in-den-1950er-jahren_kerbspruch-beim-alten_Q80.jpg\" alt=\"\" class=\"wp-image-5605 size-full\" srcset=\"https:\/\/heimatverein-nieder-roden.de\/wp-content\/uploads\/2023\/08\/nr-kerb_in-den-1950er-jahren_kerbspruch-beim-alten_Q80.jpg 1020w, https:\/\/heimatverein-nieder-roden.de\/wp-content\/uploads\/2023\/08\/nr-kerb_in-den-1950er-jahren_kerbspruch-beim-alten_Q80-300x211.jpg 300w, https:\/\/heimatverein-nieder-roden.de\/wp-content\/uploads\/2023\/08\/nr-kerb_in-den-1950er-jahren_kerbspruch-beim-alten_Q80-768x540.jpg 768w, https:\/\/heimatverein-nieder-roden.de\/wp-content\/uploads\/2023\/08\/nr-kerb_in-den-1950er-jahren_kerbspruch-beim-alten_Q80-836x588.jpg 836w, https:\/\/heimatverein-nieder-roden.de\/wp-content\/uploads\/2023\/08\/nr-kerb_in-den-1950er-jahren_kerbspruch-beim-alten_Q80-560x394.jpg 560w\" sizes=\"(max-width: 1020px) 100vw, 1020px\" \/><\/a><\/figure><div class=\"wp-block-media-text__content\">\n<p class=\"has-text-align-center has-white-color has-text-color has-link-color has-larger-font-size wp-elements-66c76698b9eac6fbe6477bd15f0f3925\"><strong><a href=\"#nrkerbgeschichte\">Geschichte<\/a><\/strong><\/p>\n<\/div><\/div>\n<\/div>\n<\/div>\n\n\n\n<h2 class=\"wp-block-heading\" id=\"nrkerbeventliste\">Event-Liste &#8211; Wann, wo, was?<\/h2>\n\n\n\n<p>Hier finden Sie eine Liste der geplanten Veranstaltungen im Rahmen der Nieder-R\u00f6der Kerb 2024.<\/p>\n\n\n\n<p>Wenn Sie ein Wort in das Suchfeld eingeben, filtert die Tabelle alle Eintr\u00e4ge mit diesem Wort f\u00fcr Sie heraus.<br>Probieren Sie es aus!<\/p>\n\n\n\n<table id=\"tablepress-16\" class=\"tablepress tablepress-id-16\">\n<thead>\n<tr class=\"row-1\">\n\t<th class=\"column-1\"><strong>Tag<\/strong><\/th><th class=\"column-2\"><strong>Wann?<\/strong><\/th><th class=\"column-3\"><strong>Was?<\/strong><\/th><th class=\"column-4\"><strong>Wo?<\/strong><\/th>\n<\/tr>\n<\/thead>\n<tbody class=\"row-striping row-hover\">\n<tr class=\"row-2\">\n\t<td class=\"column-1\">06. Sep., Freitag<\/td><td class=\"column-2\">16:30 Uhr<\/td><td class=\"column-3\"><strong><a href=\"#nrkerbumzug\">Kerbumzug<\/a><\/strong><\/td><td class=\"column-4\">vom Heimatmuseum \u00fcber Schulstr., Frankfurter Str., Karolinger Str. und Kr\u00fcmmlingsweg zur\u00fcck \u00fcber die Schulstr. zum Pfarrheim<\/td>\n<\/tr>\n<tr class=\"row-3\">\n\t<td class=\"column-1\">06. Sep., Freitag<\/td><td class=\"column-2\">17:00 Uhr<\/td><td class=\"column-3\"><strong><a href=\"https:\/\/heimatverein-nieder-roden.de\/?p=568\" rel=\"noopener\" target=\"_blank\">Kerbbaumstellen mit Freiluftgottesdienst<\/a><\/strong><\/td><td class=\"column-4\">Pfarrheim Vorgarten<\/td>\n<\/tr>\n<tr class=\"row-4\">\n\t<td class=\"column-1\">06. Sep., Freitag<\/td><td class=\"column-2\">17:30 Uhr<\/td><td class=\"column-3\">Kerbzelt &#8211; Einlass<\/td><td class=\"column-4\">Festzelt Kirchplatz<\/td>\n<\/tr>\n<tr class=\"row-5\">\n\t<td class=\"column-1\">06. Sep., Freitag<\/td><td class=\"column-2\">19:00 Uhr<\/td><td class=\"column-3\"><span style=\"color:#000000;\"><strong>Kerber\u00f6ffnung<\/strong><\/span><span style=\"color:#000000;\"> <br \/>\nmit Kerbspruch und Bieranstich<\/span><\/td><td class=\"column-4\">Festzelt Kirchplatz<\/td>\n<\/tr>\n<tr class=\"row-6\">\n\t<td class=\"column-1\">06. Sep., Freitag<\/td><td class=\"column-2\">20:00 Uhr<\/td><td class=\"column-3\"><span style=\"color:#000000;\"><strong>Kerbfeier im Kerbzelt<\/strong><\/span><span style=\"color:#000000;\"><br \/>\nmit Livemusik von der Band \u201eLet&#8217;s Go\u201c<\/span><\/td><td class=\"column-4\">Festzelt Kirchplatz<\/td>\n<\/tr>\n<tr class=\"row-7\">\n\t<td class=\"column-1\">07. Sep., Samstag<\/td><td class=\"column-2\">ab 18:00 Uhr<\/td><td class=\"column-3\">Abendsessen und<br \/>\nUnterhaltungsmusik mit DJ Michy<\/td><td class=\"column-4\">Scheune Schrod<\/td>\n<\/tr>\n<tr class=\"row-8\">\n\t<td class=\"column-1\">07. Sep., Samstag<\/td><td class=\"column-2\">18:00 Uhr<\/td><td class=\"column-3\">Kerbzelt &#8211; Einlass<\/td><td class=\"column-4\">Festzelt Kirchplatz<\/td>\n<\/tr>\n<tr class=\"row-9\">\n\t<td class=\"column-1\">07. Sep., Samstag<\/td><td class=\"column-2\">18:00 Uhr<\/td><td class=\"column-3\">Kerblounge &#8211; Einlass<\/td><td class=\"column-4\">Scheune Mergenthal<\/td>\n<\/tr>\n<tr class=\"row-10\">\n\t<td class=\"column-1\">07. Sep., Samstag<\/td><td class=\"column-2\">20:00 Uhr<\/td><td class=\"column-3\"><span style=\"color:#000000;\"><strong>Kerbfeier im Kerbzelt<\/strong><\/span><span style=\"color:#000000;\"><br \/>\nmit Musik vom DJ<\/span><\/td><td class=\"column-4\">Festzelt Kirchplatz<\/td>\n<\/tr>\n<tr class=\"row-11\">\n\t<td class=\"column-1\">07. Sep., Samstag<\/td><td class=\"column-2\">20:00 Uhr<\/td><td class=\"column-3\"><a href=\"https:\/\/heimatverein-nieder-roden.de\/?p=7211\" rel=\"noopener\" target=\"_blank\"><strong>Kerblounge<\/strong><\/a> &#8211; Beginn Livemusik <br \/>\nVeranstalter: Musikverein Nieder-Roden<\/td><td class=\"column-4\">Scheune Mergenthal<\/td>\n<\/tr>\n<tr class=\"row-12\">\n\t<td class=\"column-1\">08. Sep., Sonntag<\/td><td class=\"column-2\">9:30 Uhr<\/td><td class=\"column-3\"><span style=\"color:#000000;\"><strong>Festgottesdienst zur Kirchweih<\/strong><\/span><span style=\"color:#000000;\"><br \/>\nmit dem Kirchenchor St. C\u00e4cilia<\/span><\/td><td class=\"column-4\">St. Matthias Kirche<\/td>\n<\/tr>\n<tr class=\"row-13\">\n\t<td class=\"column-1\">08. Sep., Sonntag<\/td><td class=\"column-2\">10:30 Uhr<\/td><td class=\"column-3\"><span style=\"color:#000000;\"><strong>Kerbfr\u00fchschoppe<\/strong><\/span><span style=\"color:#000000;\"> <br \/>\nmit der Blaskapelle &#8222;Feucht und Willig&#8220;<\/span> und H\u00fcpfburg f\u00fcr die kleinen G\u00e4ste<\/td><td class=\"column-4\">Festzelt Kirchplatz<\/td>\n<\/tr>\n<tr class=\"row-14\">\n\t<td class=\"column-1\">08. Sep., Sonntag<\/td><td class=\"column-2\">ab 11:00 Uhr<\/td><td class=\"column-3\">Essen und Trinken und Unterhaltungsmusik mit DJ Michy<\/td><td class=\"column-4\">Scheune Schrod<\/td>\n<\/tr>\n<tr class=\"row-15\">\n\t<td class=\"column-1\">08. Sep., Sonntag<\/td><td class=\"column-2\">12:00 Uhr<\/td><td class=\"column-3\"><span style=\"color:#000000;\"><strong>Mittagstisch<\/strong><\/span><span style=\"color:#000000;\"> <br \/>\nbei Fam. Schrod<\/span><\/td><td class=\"column-4\">Scheune Schrod<\/td>\n<\/tr>\n<tr class=\"row-16\">\n\t<td class=\"column-1\">08. Sep., Sonntag<\/td><td class=\"column-2\">12:00 Uhr<\/td><td class=\"column-3\">Musikverein Nieder-Roden <br \/>\nAuftritt <span style=\"color:#000000;\"><strong>Rodgauer Blasmusik<\/strong><\/span><\/td><td class=\"column-4\">Scheune Mergenthal<\/td>\n<\/tr>\n<tr class=\"row-17\">\n\t<td class=\"column-1\">08. Sep., Sonntag<\/td><td class=\"column-2\">15:00 Uhr<\/td><td class=\"column-3\"><span style=\"color:#000000;\"><strong>Kaffee und Kuchen<\/strong><\/span><span style=\"color:#000000;\"> <br \/>\nbei Fam. Schrod<\/span><\/td><td class=\"column-4\">Scheune Schrod<\/td>\n<\/tr>\n<tr class=\"row-18\">\n\t<td class=\"column-1\">08. Sep., Sonntag<\/td><td class=\"column-2\">14:30 Uhr<\/td><td class=\"column-3\">Musikverein Nieder-Roden<br \/>\nAuftritt <span style=\"color:#000000;\"><strong>Jugendorchester<\/strong><\/span><\/td><td class=\"column-4\">Scheune Mergenthal<\/td>\n<\/tr>\n<tr class=\"row-19\">\n\t<td class=\"column-1\">08. Sep., Sonntag<\/td><td class=\"column-2\">15:30 Uhr<\/td><td class=\"column-3\">Musikverein Nieder-Roden<br \/>\nAuftritt <span style=\"color:#000000;\"><strong>Orchester &#8222;Klangfarben&#8220;<\/strong><\/span><\/td><td class=\"column-4\">Scheune Mergenthal<\/td>\n<\/tr>\n<tr class=\"row-20\">\n\t<td class=\"column-1\">08. Sep., Sonntag<\/td><td class=\"column-2\">17:00 Uhr<\/td><td class=\"column-3\"><span style=\"color:#000000;\"><strong><a href=\"https:\/\/heimatverein-nieder-roden.de\/?p=7219\">Livemusik mit Uli und Steffen <\/a><\/strong><\/span><span style=\"color:#000000;\"> <br \/>\nbei Familie Schrod; gespielt werden bekannte Deutsche und Englische Lieder zum Mitsingen<\/span><\/td><td class=\"column-4\">Scheune Schrod<\/td>\n<\/tr>\n<tr class=\"row-21\">\n\t<td class=\"column-1\">08. Sep., Sonntag<\/td><td class=\"column-2\">17:30 Uhr<\/td><td class=\"column-3\">Musikverein Nieder-Roden<br \/>\nAuftritt <span style=\"color:#000000;\"><strong>Konzertorchester<\/strong><\/span><\/td><td class=\"column-4\">Scheune Mergenthal<\/td>\n<\/tr>\n<tr class=\"row-22\">\n\t<td class=\"column-1\">09. Sep., Montag<\/td><td class=\"column-2\">10:30 Uhr<\/td><td class=\"column-3\"><span style=\"color:#000000;\"><strong>Traditioneller Fr\u00fchschoppen<\/strong><\/span><span style=\"color:#000000;\"> <br \/>\nbei Familie Schrod<\/span><\/td><td class=\"column-4\">Scheune Schrod<\/td>\n<\/tr>\n<tr class=\"row-23\">\n\t<td class=\"column-1\">09. Sep., Montag<\/td><td class=\"column-2\">12:00 Uhr<\/td><td class=\"column-3\"><span style=\"color:#000000;\"><strong>Traditionelles Kerb-Essen<\/strong><\/span><span style=\"color:#000000;\"> <br \/>\nbei Familie Schrod<\/span><\/td><td class=\"column-4\">Scheune Schrod<\/td>\n<\/tr>\n<tr class=\"row-24\">\n\t<td class=\"column-1\">09. Sep., Montag<\/td><td class=\"column-2\">12:00 Uhr<\/td><td class=\"column-3\">Familie Mergenthal l\u00e4dt ein <br \/>\nzum <span style=\"color:#000000;\"><strong>Mittagessen<\/strong><\/span><\/td><td class=\"column-4\">Scheune Mergenthal<\/td>\n<\/tr>\n<tr class=\"row-25\">\n\t<td class=\"column-1\">09. Sep., Montag<\/td><td class=\"column-2\">18:00 Uhr<\/td><td class=\"column-3\">Familie Mergenthal l\u00e4dt ein <br \/>\nzum <span style=\"color:#000000;\"><strong>Abendessen<\/strong><\/span><\/td><td class=\"column-4\">Scheune Mergenthal<\/td>\n<\/tr>\n<tr class=\"row-26\">\n\t<td class=\"column-1\">09. Sep., Montag<\/td><td class=\"column-2\">20:00 Uhr<\/td><td class=\"column-3\"><span style=\"color:#000000;\"><strong>Kerb-Beerdigung<\/strong><\/span><span style=\"color:#000000;\"><br \/>\nVerbrennung der Kerbpuppen mit den Kerbborsche und Kerbm\u00e4dsche vom Kerbverein<\/span><\/td><td class=\"column-4\">Scheune Schrod<\/td>\n<\/tr>\n<\/tbody>\n<\/table>\n<!-- #tablepress-16 from cache -->\n\n\n<h2 class=\"wp-block-heading\" id=\"nrkerbeventkalender\">Event-Kalender<\/h2>\n\n\n\n<p>Hier finden Sie die Veranstaltungen der Kerb in Form eines interaktiven Kalenders.<\/p>\n\n\n\n<p>Bewegen Sie die Maus \u00fcber die Termine oder tippen Sie mit dem Finger darauf um die Details zu sehen.<\/p>\n\n\n<div class=\"r34ics-ajax-container loading\" id=\"ics-calendar-66c1d62adc3e7\" data-view=\"month\" data-view-is-list-style=\"0\" data-view-is-list-long=\"0\" data-args=\"f01a462c2298dcf4f5122af6e615b1a9692d4e06\" data-js-args=\"{&quot;debug&quot;:&quot;0&quot;}\">&nbsp;<\/div>\n\n\n\n<h2 class=\"wp-block-heading\" id=\"nrkerblocations\">Lageplan<\/h2>\n\n\n\n<p>Auf der folgenden interaktiven Karte finden Sie alle Veranstaltungsorte der Kerb 2024.<\/p>\n\n\n\n<p>Bewegen Sie einfach die Maus \u00fcber die farbigen Fl\u00e4chen oder w\u00e4hlen Sie einen Ort aus der Liste am linken Kartenrand aus.<\/p>\n\n\n<div><div id=\"image-map-pro-46502615-6c19-48be-a7c2-93a21088a3a5\"><\/div><\/div>\n\n\n\n<p>\u00a9AKHNR\/FMA\/OpenStreetMaps-Mitwirkende<\/p>\n\n\n\n<h2 class=\"wp-block-heading\" id=\"nrkerbumzug\">Umzug<\/h2>\n\n\n\n<p>Hier seht ihr den Verlauf des Kerbumzugs.<br>Er wird organisiert und durchgef\u00fchrt vom Kerbverein Nieder-Roden e. V.<\/p>\n\n\n\n<p>Klicke auf die Karte zum Vergr\u00f6\u00dfern.<\/p>\n\n\n<div class=\"wp-block-image\">\n<figure class=\"aligncenter size-large is-resized\"><a href=\"https:\/\/heimatverein-nieder-roden.de\/wp-content\/uploads\/2024\/08\/2024-08-23_AKHNR_NR-Kerb2024_Umzug_Verlaufskarte_v1.1-Web.jpg\"><img decoding=\"async\" width=\"1024\" height=\"725\" src=\"https:\/\/heimatverein-nieder-roden.de\/wp-content\/uploads\/2024\/08\/2024-08-23_AKHNR_NR-Kerb2024_Umzug_Verlaufskarte_v1.1-Web-1024x725.jpg\" alt=\"\" class=\"wp-image-7388\" style=\"width:840px;height:auto\" srcset=\"https:\/\/heimatverein-nieder-roden.de\/wp-content\/uploads\/2024\/08\/2024-08-23_AKHNR_NR-Kerb2024_Umzug_Verlaufskarte_v1.1-Web-1024x725.jpg 1024w, https:\/\/heimatverein-nieder-roden.de\/wp-content\/uploads\/2024\/08\/2024-08-23_AKHNR_NR-Kerb2024_Umzug_Verlaufskarte_v1.1-Web-300x212.jpg 300w, https:\/\/heimatverein-nieder-roden.de\/wp-content\/uploads\/2024\/08\/2024-08-23_AKHNR_NR-Kerb2024_Umzug_Verlaufskarte_v1.1-Web-768x543.jpg 768w, https:\/\/heimatverein-nieder-roden.de\/wp-content\/uploads\/2024\/08\/2024-08-23_AKHNR_NR-Kerb2024_Umzug_Verlaufskarte_v1.1-Web-1536x1087.jpg 1536w, https:\/\/heimatverein-nieder-roden.de\/wp-content\/uploads\/2024\/08\/2024-08-23_AKHNR_NR-Kerb2024_Umzug_Verlaufskarte_v1.1-Web-836x592.jpg 836w, https:\/\/heimatverein-nieder-roden.de\/wp-content\/uploads\/2024\/08\/2024-08-23_AKHNR_NR-Kerb2024_Umzug_Verlaufskarte_v1.1-Web-560x396.jpg 560w, https:\/\/heimatverein-nieder-roden.de\/wp-content\/uploads\/2024\/08\/2024-08-23_AKHNR_NR-Kerb2024_Umzug_Verlaufskarte_v1.1-Web.jpg 1587w\" sizes=\"(max-width: 1024px) 100vw, 1024px\" \/><\/a><figcaption class=\"wp-element-caption\">Der Entwurf zum Verlauf des Nieder-R\u00f6der Kerbumzuges 2024. \u00a9AKHNR\/FMA\/OpenStreetMaps-Mitwirkende<\/figcaption><\/figure>\n<\/div>\n\n\n<hr class=\"wp-block-separator has-alpha-channel-opacity is-style-wide\"\/>\n\n\n\n<h2 class=\"wp-block-heading has-text-align-center\">Mediensammlung zur Kerb<\/h2>\n\n\n\n<p class=\"has-text-align-center is-style-info\">Wir sammeln Fotos und Videos der Kerb f\u00fcr das Heimatarchiv und die zuk\u00fcnftigen Kerbbl\u00e4ttsche.<br><br>Bitte nutzt den folgenden QR-Code &#8211; einfach anklicken oder scannen, schon kommt ihr zum digitalen Briefkasten.<br><br>Vielen Dank f\u00fcr eure Unterst\u00fctzung!<\/p>\n\n\n<div class=\"wp-block-image\">\n<figure class=\"aligncenter size-full has-lightbox\"><a href=\"https:\/\/cloud.akhnr.de\/index.php\/s\/S2Hd2rzfcKGS8QE\" target=\"_blank\" rel=\"noreferrer noopener\"><img decoding=\"async\" width=\"392\" height=\"392\" src=\"https:\/\/heimatverein-nieder-roden.de\/wp-content\/uploads\/2024\/07\/2024-07-22_AKHNR_NR-Kerb-2024_Mediensammlung-Kerb2023_QR-Code_qr-code.png\" alt=\"\" class=\"wp-image-7093\" srcset=\"https:\/\/heimatverein-nieder-roden.de\/wp-content\/uploads\/2024\/07\/2024-07-22_AKHNR_NR-Kerb-2024_Mediensammlung-Kerb2023_QR-Code_qr-code.png 392w, https:\/\/heimatverein-nieder-roden.de\/wp-content\/uploads\/2024\/07\/2024-07-22_AKHNR_NR-Kerb-2024_Mediensammlung-Kerb2023_QR-Code_qr-code-300x300.png 300w, https:\/\/heimatverein-nieder-roden.de\/wp-content\/uploads\/2024\/07\/2024-07-22_AKHNR_NR-Kerb-2024_Mediensammlung-Kerb2023_QR-Code_qr-code-150x150.png 150w\" sizes=\"(max-width: 392px) 100vw, 392px\" \/><\/a><figcaption class=\"wp-element-caption\">QR-Code zum digitalen Briefkasten &#8211; Mediensammlung Kerb<\/figcaption><\/figure>\n<\/div>\n\n\n<hr class=\"wp-block-separator has-alpha-channel-opacity is-style-wide\"\/>\n\n\n\n<h2 class=\"wp-block-heading\" id=\"nrkerbgeschichte\">Geschichte der Nirrer\u00e4irer Kerb<\/h2>\n\n\n\n<p>F\u00fcr alle, etwas in die Geschichte und den Hintergrund der Kerb in Nieder-Roden eintauchen wollen haben wir hier ein paar Beitr\u00e4ge zusammengestellt und das Kerbbl\u00e4ttche 2023:<\/p>\n\n\n<div class=\"display-posts-listing grid\"><div class=\"listing-item\"><a class=\"image\" href=\"https:\/\/heimatverein-nieder-roden.de\/?p=5938\"><img decoding=\"async\" width=\"300\" height=\"206\" src=\"https:\/\/heimatverein-nieder-roden.de\/wp-content\/uploads\/2023\/09\/Rollwaelder-Kerb_Kerbburschen-2_Rollwald-Doku_WST_bearb-Farbe-300x206.jpg\" class=\"attachment-medium size-medium wp-post-image\" alt=\"\" srcset=\"https:\/\/heimatverein-nieder-roden.de\/wp-content\/uploads\/2023\/09\/Rollwaelder-Kerb_Kerbburschen-2_Rollwald-Doku_WST_bearb-Farbe-300x206.jpg 300w, https:\/\/heimatverein-nieder-roden.de\/wp-content\/uploads\/2023\/09\/Rollwaelder-Kerb_Kerbburschen-2_Rollwald-Doku_WST_bearb-Farbe-1024x702.jpg 1024w, https:\/\/heimatverein-nieder-roden.de\/wp-content\/uploads\/2023\/09\/Rollwaelder-Kerb_Kerbburschen-2_Rollwald-Doku_WST_bearb-Farbe-768x527.jpg 768w, https:\/\/heimatverein-nieder-roden.de\/wp-content\/uploads\/2023\/09\/Rollwaelder-Kerb_Kerbburschen-2_Rollwald-Doku_WST_bearb-Farbe-1536x1053.jpg 1536w, https:\/\/heimatverein-nieder-roden.de\/wp-content\/uploads\/2023\/09\/Rollwaelder-Kerb_Kerbburschen-2_Rollwald-Doku_WST_bearb-Farbe-2048x1404.jpg 2048w, https:\/\/heimatverein-nieder-roden.de\/wp-content\/uploads\/2023\/09\/Rollwaelder-Kerb_Kerbburschen-2_Rollwald-Doku_WST_bearb-Farbe-836x573.jpg 836w, https:\/\/heimatverein-nieder-roden.de\/wp-content\/uploads\/2023\/09\/Rollwaelder-Kerb_Kerbburschen-2_Rollwald-Doku_WST_bearb-Farbe-560x384.jpg 560w\" sizes=\"(max-width: 300px) 100vw, 300px\" \/><\/a> <a class=\"title\" href=\"https:\/\/heimatverein-nieder-roden.de\/?p=5938\">Alle feiern die \u201eKerb\u201c&#8230; und Rollwald?<\/a> <span class=\"excerpt-dash\">-<\/span> <span class=\"excerpt\">Ein Beitrag zur Nirrer\u00e4irer Kerb 2023\n\nEinmal wurde auch in Rollwald Kerb gefeiert. Das war Anfang der 1950er Jahre. Alte Fotoaufnahmen erinnern an das Ereignis. Es gab keine Fahrgesch\u00e4fte, wie an Kirchweih in den Nachbarorten, doch die Rollw\u00e4lder wollten zeigen,...<\/span><\/div><div class=\"listing-item\"><a class=\"image\" href=\"https:\/\/heimatverein-nieder-roden.de\/?p=5904\"><img decoding=\"async\" width=\"300\" height=\"169\" src=\"https:\/\/heimatverein-nieder-roden.de\/wp-content\/uploads\/2023\/08\/2023-08-27_AKHNR_NR-Kerbblaettsche_Symbolbild_Website-300x169.jpg\" class=\"attachment-medium size-medium wp-post-image\" alt=\"\" srcset=\"https:\/\/heimatverein-nieder-roden.de\/wp-content\/uploads\/2023\/08\/2023-08-27_AKHNR_NR-Kerbblaettsche_Symbolbild_Website-300x169.jpg 300w, https:\/\/heimatverein-nieder-roden.de\/wp-content\/uploads\/2023\/08\/2023-08-27_AKHNR_NR-Kerbblaettsche_Symbolbild_Website-1024x576.jpg 1024w, https:\/\/heimatverein-nieder-roden.de\/wp-content\/uploads\/2023\/08\/2023-08-27_AKHNR_NR-Kerbblaettsche_Symbolbild_Website-768x432.jpg 768w, https:\/\/heimatverein-nieder-roden.de\/wp-content\/uploads\/2023\/08\/2023-08-27_AKHNR_NR-Kerbblaettsche_Symbolbild_Website-836x470.jpg 836w, https:\/\/heimatverein-nieder-roden.de\/wp-content\/uploads\/2023\/08\/2023-08-27_AKHNR_NR-Kerbblaettsche_Symbolbild_Website-560x315.jpg 560w, https:\/\/heimatverein-nieder-roden.de\/wp-content\/uploads\/2023\/08\/2023-08-27_AKHNR_NR-Kerbblaettsche_Symbolbild_Website.jpg 1280w\" sizes=\"(max-width: 300px) 100vw, 300px\" \/><\/a> <a class=\"title\" href=\"https:\/\/heimatverein-nieder-roden.de\/?p=5904\">Das Kerbbl\u00e4ttsche digital &#8211; gibts nur hier!<\/a> <span class=\"excerpt-dash\">-<\/span> <span class=\"excerpt\">Ein Beitrag zur Nirrer\u00e4irer Kerb 2023\n\nNat\u00fcrlich liest sich das Kerbbl\u00e4ttsche am besten auf Papier.\n\nAber f\u00fcr alle die es auch gerne digital lesen m\u00f6chten haben wir hier das digitale Kerbbl\u00e4ttche verf\u00fcgbar.<\/span><\/div><div class=\"listing-item\"><a class=\"image\" href=\"https:\/\/heimatverein-nieder-roden.de\/?p=5792\"><img decoding=\"async\" width=\"225\" height=\"300\" src=\"https:\/\/heimatverein-nieder-roden.de\/wp-content\/uploads\/2023\/08\/StMatthiasKirche_KoserBernhard_003_7a064682-c832-46c4-8a7c-4df034f67b9b-225x300.jpg\" class=\"attachment-medium size-medium wp-post-image\" alt=\"\" srcset=\"https:\/\/heimatverein-nieder-roden.de\/wp-content\/uploads\/2023\/08\/StMatthiasKirche_KoserBernhard_003_7a064682-c832-46c4-8a7c-4df034f67b9b-225x300.jpg 225w, https:\/\/heimatverein-nieder-roden.de\/wp-content\/uploads\/2023\/08\/StMatthiasKirche_KoserBernhard_003_7a064682-c832-46c4-8a7c-4df034f67b9b-768x1024.jpg 768w, https:\/\/heimatverein-nieder-roden.de\/wp-content\/uploads\/2023\/08\/StMatthiasKirche_KoserBernhard_003_7a064682-c832-46c4-8a7c-4df034f67b9b-1152x1536.jpg 1152w, https:\/\/heimatverein-nieder-roden.de\/wp-content\/uploads\/2023\/08\/StMatthiasKirche_KoserBernhard_003_7a064682-c832-46c4-8a7c-4df034f67b9b-836x1115.jpg 836w, https:\/\/heimatverein-nieder-roden.de\/wp-content\/uploads\/2023\/08\/StMatthiasKirche_KoserBernhard_003_7a064682-c832-46c4-8a7c-4df034f67b9b-560x747.jpg 560w, https:\/\/heimatverein-nieder-roden.de\/wp-content\/uploads\/2023\/08\/StMatthiasKirche_KoserBernhard_003_7a064682-c832-46c4-8a7c-4df034f67b9b.jpg 1200w\" sizes=\"(max-width: 225px) 100vw, 225px\" \/><\/a> <a class=\"title\" href=\"https:\/\/heimatverein-nieder-roden.de\/?p=5792\">Die Kirchweih: Gedanken aus kirchlicher Sicht<\/a> <span class=\"excerpt-dash\">-<\/span> <span class=\"excerpt\">Ein Beitrag zur Nirrer\u00e4irer Kerb 2023\n\nvon Bernhard Koser, Organist in der Pfarrgemeinde St. Matthias Nieder-Roden.<\/span><\/div><\/div>\n\n\n\n<hr class=\"wp-block-separator has-alpha-channel-opacity is-style-wide\"\/>\n\n\n\n<h2 class=\"wp-block-heading\">Weitere Beitr\u00e4ge zum Thema<\/h2>\n\n\n<div class=\"display-posts-listing grid\"><div class=\"listing-item\"><a class=\"image\" href=\"https:\/\/heimatverein-nieder-roden.de\/?p=7526\"><img decoding=\"async\" width=\"300\" height=\"189\" src=\"https:\/\/heimatverein-nieder-roden.de\/wp-content\/uploads\/2024\/09\/grafik-300x189.png\" class=\"attachment-medium size-medium wp-post-image\" alt=\"\" srcset=\"https:\/\/heimatverein-nieder-roden.de\/wp-content\/uploads\/2024\/09\/grafik-300x189.png 300w, https:\/\/heimatverein-nieder-roden.de\/wp-content\/uploads\/2024\/09\/grafik-1024x644.png 1024w, https:\/\/heimatverein-nieder-roden.de\/wp-content\/uploads\/2024\/09\/grafik-768x483.png 768w, https:\/\/heimatverein-nieder-roden.de\/wp-content\/uploads\/2024\/09\/grafik-836x526.png 836w, https:\/\/heimatverein-nieder-roden.de\/wp-content\/uploads\/2024\/09\/grafik-560x352.png 560w, https:\/\/heimatverein-nieder-roden.de\/wp-content\/uploads\/2024\/09\/grafik.png 1119w\" sizes=\"(max-width: 300px) 100vw, 300px\" \/><\/a> <a class=\"title\" href=\"https:\/\/heimatverein-nieder-roden.de\/?p=7526\">&#8222;Nieder-Roden feiert f\u00fcnf Tage Kirchweih&#8220;<\/a> <span class=\"excerpt-dash\">-<\/span> <span class=\"excerpt\">Artikel der Offenbach-Post auf OP-Online.de vom 10.09.2024. \nWir bedanken uns herzlich f\u00fcr die Berichterstattung der Presse!<\/span><\/div><div class=\"listing-item\"><a class=\"image\" href=\"https:\/\/heimatverein-nieder-roden.de\/?p=7480\"><img decoding=\"async\" width=\"300\" height=\"200\" src=\"https:\/\/heimatverein-nieder-roden.de\/wp-content\/uploads\/2024\/08\/NRKerb2023_Schrod_Mainzer-Hofsaenger-Publikum-300x200.jpg\" class=\"attachment-medium size-medium wp-post-image\" alt=\"\" srcset=\"https:\/\/heimatverein-nieder-roden.de\/wp-content\/uploads\/2024\/08\/NRKerb2023_Schrod_Mainzer-Hofsaenger-Publikum-300x200.jpg 300w, https:\/\/heimatverein-nieder-roden.de\/wp-content\/uploads\/2024\/08\/NRKerb2023_Schrod_Mainzer-Hofsaenger-Publikum-1024x683.jpg 1024w, https:\/\/heimatverein-nieder-roden.de\/wp-content\/uploads\/2024\/08\/NRKerb2023_Schrod_Mainzer-Hofsaenger-Publikum-768x512.jpg 768w, https:\/\/heimatverein-nieder-roden.de\/wp-content\/uploads\/2024\/08\/NRKerb2023_Schrod_Mainzer-Hofsaenger-Publikum-1536x1024.jpg 1536w, https:\/\/heimatverein-nieder-roden.de\/wp-content\/uploads\/2024\/08\/NRKerb2023_Schrod_Mainzer-Hofsaenger-Publikum-2048x1365.jpg 2048w, https:\/\/heimatverein-nieder-roden.de\/wp-content\/uploads\/2024\/08\/NRKerb2023_Schrod_Mainzer-Hofsaenger-Publikum-836x557.jpg 836w, https:\/\/heimatverein-nieder-roden.de\/wp-content\/uploads\/2024\/08\/NRKerb2023_Schrod_Mainzer-Hofsaenger-Publikum-560x373.jpg 560w, https:\/\/heimatverein-nieder-roden.de\/wp-content\/uploads\/2024\/08\/NRKerb2023_Schrod_Mainzer-Hofsaenger-Publikum-272x182.jpg 272w\" sizes=\"(max-width: 300px) 100vw, 300px\" \/><\/a> <a class=\"title\" href=\"https:\/\/heimatverein-nieder-roden.de\/?p=7480\">Kerb 2024 &#8211; Live-Musik hinter der Scheune Schrod<\/a> <span class=\"excerpt-dash\">-<\/span> <span class=\"excerpt\">Alle Freunde der Lagerfeuermusik &#8211; aufgepasst! Am Sonntag, den 8.9. spielen Uli und Steffen im Festzelt bei Schrods auf der Kerb in Nieder-Roden bekannte deutsche und englische Lieder. Es soll kr\u00e4ftig mitgesungen werden. Die Texte finden sich heute ja leicht alle online! Beginn: 17:00 Uhr<\/span><\/div><div class=\"listing-item\"><a class=\"image\" href=\"https:\/\/heimatverein-nieder-roden.de\/?p=7214\"><img decoding=\"async\" width=\"300\" height=\"111\" src=\"https:\/\/heimatverein-nieder-roden.de\/wp-content\/uploads\/2024\/08\/2024-08-16_18-24-22_AKHNR_NRKerb2024_Ortseingang_FMA_IMG_20240816_182422_Ausschnitt-300x111.jpg\" class=\"attachment-medium size-medium wp-post-image\" alt=\"\" srcset=\"https:\/\/heimatverein-nieder-roden.de\/wp-content\/uploads\/2024\/08\/2024-08-16_18-24-22_AKHNR_NRKerb2024_Ortseingang_FMA_IMG_20240816_182422_Ausschnitt-300x111.jpg 300w, https:\/\/heimatverein-nieder-roden.de\/wp-content\/uploads\/2024\/08\/2024-08-16_18-24-22_AKHNR_NRKerb2024_Ortseingang_FMA_IMG_20240816_182422_Ausschnitt-1024x379.jpg 1024w, https:\/\/heimatverein-nieder-roden.de\/wp-content\/uploads\/2024\/08\/2024-08-16_18-24-22_AKHNR_NRKerb2024_Ortseingang_FMA_IMG_20240816_182422_Ausschnitt-768x284.jpg 768w, https:\/\/heimatverein-nieder-roden.de\/wp-content\/uploads\/2024\/08\/2024-08-16_18-24-22_AKHNR_NRKerb2024_Ortseingang_FMA_IMG_20240816_182422_Ausschnitt-1536x569.jpg 1536w, https:\/\/heimatverein-nieder-roden.de\/wp-content\/uploads\/2024\/08\/2024-08-16_18-24-22_AKHNR_NRKerb2024_Ortseingang_FMA_IMG_20240816_182422_Ausschnitt-2048x758.jpg 2048w, https:\/\/heimatverein-nieder-roden.de\/wp-content\/uploads\/2024\/08\/2024-08-16_18-24-22_AKHNR_NRKerb2024_Ortseingang_FMA_IMG_20240816_182422_Ausschnitt-836x310.jpg 836w, https:\/\/heimatverein-nieder-roden.de\/wp-content\/uploads\/2024\/08\/2024-08-16_18-24-22_AKHNR_NRKerb2024_Ortseingang_FMA_IMG_20240816_182422_Ausschnitt-560x207.jpg 560w\" sizes=\"(max-width: 300px) 100vw, 300px\" \/><\/a> <a class=\"title\" href=\"https:\/\/heimatverein-nieder-roden.de\/?p=7214\">Alle Infos zur Nieder-R\u00f6der Kerb 2024<\/a> <span class=\"excerpt-dash\">-<\/span> <span class=\"excerpt\">Hier auf den Seiten des AKHNR finden umfassende Informationen zur Kerb 2024.\n\nWir haben eine spezielle Seite zum Festwochenende erstellt.<\/span><\/div><div class=\"listing-item\"><a class=\"image\" href=\"https:\/\/heimatverein-nieder-roden.de\/?p=7216\"><img decoding=\"async\" width=\"300\" height=\"169\" src=\"https:\/\/heimatverein-nieder-roden.de\/wp-content\/uploads\/2023\/09\/2023-09-08_17-47-20_NRKerb2023_FMA_IMG_20230908_174720-scaled-300x169.jpg\" class=\"attachment-medium size-medium wp-post-image\" alt=\"\" srcset=\"https:\/\/heimatverein-nieder-roden.de\/wp-content\/uploads\/2023\/09\/2023-09-08_17-47-20_NRKerb2023_FMA_IMG_20230908_174720-scaled-300x169.jpg 300w, https:\/\/heimatverein-nieder-roden.de\/wp-content\/uploads\/2023\/09\/2023-09-08_17-47-20_NRKerb2023_FMA_IMG_20230908_174720-scaled-1024x576.jpg 1024w, https:\/\/heimatverein-nieder-roden.de\/wp-content\/uploads\/2023\/09\/2023-09-08_17-47-20_NRKerb2023_FMA_IMG_20230908_174720-scaled-768x432.jpg 768w, https:\/\/heimatverein-nieder-roden.de\/wp-content\/uploads\/2023\/09\/2023-09-08_17-47-20_NRKerb2023_FMA_IMG_20230908_174720-scaled-1536x864.jpg 1536w, https:\/\/heimatverein-nieder-roden.de\/wp-content\/uploads\/2023\/09\/2023-09-08_17-47-20_NRKerb2023_FMA_IMG_20230908_174720-scaled-2048x1152.jpg 2048w, https:\/\/heimatverein-nieder-roden.de\/wp-content\/uploads\/2023\/09\/2023-09-08_17-47-20_NRKerb2023_FMA_IMG_20230908_174720-scaled-836x470.jpg 836w, https:\/\/heimatverein-nieder-roden.de\/wp-content\/uploads\/2023\/09\/2023-09-08_17-47-20_NRKerb2023_FMA_IMG_20230908_174720-scaled-560x315.jpg 560w\" sizes=\"(max-width: 300px) 100vw, 300px\" \/><\/a> <a class=\"title\" href=\"https:\/\/heimatverein-nieder-roden.de\/?p=7216\">Der Kerbumzug<\/a> <span class=\"excerpt-dash\">-<\/span> <span class=\"excerpt\">Ein Beitrag zur Nirrer\u00e4irer Kerb 2024\nACHTUNG: In diesem Jahr startet der Umzug schon um 16:30 Uhr!\nDer erste Veranstaltungspunkt im Kerbkalender ist seit einigen Jahren der Kerbumzug. Hier finden Sie Startzeit und Verlauf.<\/span><\/div><div class=\"listing-item\"><a class=\"image\" href=\"https:\/\/heimatverein-nieder-roden.de\/?p=7217\"><img decoding=\"async\" width=\"300\" height=\"169\" src=\"https:\/\/heimatverein-nieder-roden.de\/wp-content\/uploads\/2023\/09\/2023-09-08_17-50-39_NRKerb2023_FMA_IMG_20230908_175039-scaled-300x169.jpg\" class=\"attachment-medium size-medium wp-post-image\" alt=\"\" srcset=\"https:\/\/heimatverein-nieder-roden.de\/wp-content\/uploads\/2023\/09\/2023-09-08_17-50-39_NRKerb2023_FMA_IMG_20230908_175039-scaled-300x169.jpg 300w, https:\/\/heimatverein-nieder-roden.de\/wp-content\/uploads\/2023\/09\/2023-09-08_17-50-39_NRKerb2023_FMA_IMG_20230908_175039-scaled-1024x576.jpg 1024w, https:\/\/heimatverein-nieder-roden.de\/wp-content\/uploads\/2023\/09\/2023-09-08_17-50-39_NRKerb2023_FMA_IMG_20230908_175039-scaled-768x432.jpg 768w, https:\/\/heimatverein-nieder-roden.de\/wp-content\/uploads\/2023\/09\/2023-09-08_17-50-39_NRKerb2023_FMA_IMG_20230908_175039-scaled-1536x864.jpg 1536w, https:\/\/heimatverein-nieder-roden.de\/wp-content\/uploads\/2023\/09\/2023-09-08_17-50-39_NRKerb2023_FMA_IMG_20230908_175039-scaled-2048x1152.jpg 2048w, https:\/\/heimatverein-nieder-roden.de\/wp-content\/uploads\/2023\/09\/2023-09-08_17-50-39_NRKerb2023_FMA_IMG_20230908_175039-scaled-836x470.jpg 836w, https:\/\/heimatverein-nieder-roden.de\/wp-content\/uploads\/2023\/09\/2023-09-08_17-50-39_NRKerb2023_FMA_IMG_20230908_175039-scaled-560x315.jpg 560w\" sizes=\"(max-width: 300px) 100vw, 300px\" \/><\/a> <a class=\"title\" href=\"https:\/\/heimatverein-nieder-roden.de\/?p=7217\">Kerbbaumstellen am Pfarrheim &#8211; mit Freiluftgottesdienst<\/a> <span class=\"excerpt-dash\">-<\/span> <span class=\"excerpt\">Ein Beitrag zur Nirrer\u00e4irer Kerb 2024\n\nKaum ist der Umzug vorbei, m\u00fcssen die Kerbborsche und Kerbm\u00e4dsche ihr k\u00f6rperliche Leistungsf\u00e4higkeit unter Beweis stellen. Der Kerbbaum, den sie in den Tage zuvor aus dem Wald geholt haben,...<\/span><\/div><div class=\"listing-item\"><a class=\"image\" href=\"https:\/\/heimatverein-nieder-roden.de\/?p=7211\"><img decoding=\"async\" width=\"300\" height=\"296\" src=\"https:\/\/heimatverein-nieder-roden.de\/wp-content\/uploads\/2024\/08\/NRKerb2024_MVN_Kerblounge_Flyer-300x296.jpg\" class=\"attachment-medium size-medium wp-post-image\" alt=\"\" srcset=\"https:\/\/heimatverein-nieder-roden.de\/wp-content\/uploads\/2024\/08\/NRKerb2024_MVN_Kerblounge_Flyer-300x296.jpg 300w, https:\/\/heimatverein-nieder-roden.de\/wp-content\/uploads\/2024\/08\/NRKerb2024_MVN_Kerblounge_Flyer-1024x1012.jpg 1024w, https:\/\/heimatverein-nieder-roden.de\/wp-content\/uploads\/2024\/08\/NRKerb2024_MVN_Kerblounge_Flyer-768x759.jpg 768w, https:\/\/heimatverein-nieder-roden.de\/wp-content\/uploads\/2024\/08\/NRKerb2024_MVN_Kerblounge_Flyer-1536x1517.jpg 1536w, https:\/\/heimatverein-nieder-roden.de\/wp-content\/uploads\/2024\/08\/NRKerb2024_MVN_Kerblounge_Flyer-836x826.jpg 836w, https:\/\/heimatverein-nieder-roden.de\/wp-content\/uploads\/2024\/08\/NRKerb2024_MVN_Kerblounge_Flyer-560x553.jpg 560w, https:\/\/heimatverein-nieder-roden.de\/wp-content\/uploads\/2024\/08\/NRKerb2024_MVN_Kerblounge_Flyer.jpg 2048w\" sizes=\"(max-width: 300px) 100vw, 300px\" \/><\/a> <a class=\"title\" href=\"https:\/\/heimatverein-nieder-roden.de\/?p=7211\">Die Kerblounge des Musikvereins<\/a> <span class=\"excerpt-dash\">-<\/span> <span class=\"excerpt\">Ein Beitrag zur Nirrer\u00e4irer Kerb 2024\n\nDie Kerblounge des MVN in der 8. Auflage mit folgender Besetzung...<\/span><\/div><div class=\"listing-item\"><a class=\"image\" href=\"https:\/\/heimatverein-nieder-roden.de\/?p=7219\"><img decoding=\"async\" width=\"300\" height=\"205\" src=\"https:\/\/heimatverein-nieder-roden.de\/wp-content\/uploads\/2023\/08\/4-2000-09_NR-Kerb_Fam-Schrod_001_beschn-Licht-Q40-300x205.jpg\" class=\"attachment-medium size-medium wp-post-image\" alt=\"\" srcset=\"https:\/\/heimatverein-nieder-roden.de\/wp-content\/uploads\/2023\/08\/4-2000-09_NR-Kerb_Fam-Schrod_001_beschn-Licht-Q40-300x205.jpg 300w, https:\/\/heimatverein-nieder-roden.de\/wp-content\/uploads\/2023\/08\/4-2000-09_NR-Kerb_Fam-Schrod_001_beschn-Licht-Q40-1024x699.jpg 1024w, https:\/\/heimatverein-nieder-roden.de\/wp-content\/uploads\/2023\/08\/4-2000-09_NR-Kerb_Fam-Schrod_001_beschn-Licht-Q40-768x524.jpg 768w, https:\/\/heimatverein-nieder-roden.de\/wp-content\/uploads\/2023\/08\/4-2000-09_NR-Kerb_Fam-Schrod_001_beschn-Licht-Q40-1536x1049.jpg 1536w, https:\/\/heimatverein-nieder-roden.de\/wp-content\/uploads\/2023\/08\/4-2000-09_NR-Kerb_Fam-Schrod_001_beschn-Licht-Q40-2048x1398.jpg 2048w, https:\/\/heimatverein-nieder-roden.de\/wp-content\/uploads\/2023\/08\/4-2000-09_NR-Kerb_Fam-Schrod_001_beschn-Licht-Q40-836x571.jpg 836w, https:\/\/heimatverein-nieder-roden.de\/wp-content\/uploads\/2023\/08\/4-2000-09_NR-Kerb_Fam-Schrod_001_beschn-Licht-Q40-560x382.jpg 560w\" sizes=\"(max-width: 300px) 100vw, 300px\" \/><\/a> <a class=\"title\" href=\"https:\/\/heimatverein-nieder-roden.de\/?p=7219\">Kerb 2024 Scheune Schrod &#8211; Kerb feiern und Gutes tun!<\/a> <span class=\"excerpt-dash\">-<\/span> <span class=\"excerpt\">Ein Beitrag zur Nirrer\u00e4irer Kerb 2024\n\nSeit die Kerb wieder im alten Ortskern von Nieder-Roden stattfindet, ist Familie Schrod in der Ober-Rodener-Stra\u00dfe 49 ein fester Bestandteil der Feier.\n\nUnser Programm und unser Gastronomisches Angebot<\/span><\/div><div class=\"listing-item\"><a class=\"image\" href=\"https:\/\/heimatverein-nieder-roden.de\/?p=7218\"><img decoding=\"async\" width=\"300\" height=\"225\" src=\"https:\/\/heimatverein-nieder-roden.de\/wp-content\/uploads\/2024\/08\/MVN_Kerb2024_Symbolbild-Klangfarben-300x225.jpg\" class=\"attachment-medium size-medium wp-post-image\" alt=\"\" srcset=\"https:\/\/heimatverein-nieder-roden.de\/wp-content\/uploads\/2024\/08\/MVN_Kerb2024_Symbolbild-Klangfarben-300x225.jpg 300w, https:\/\/heimatverein-nieder-roden.de\/wp-content\/uploads\/2024\/08\/MVN_Kerb2024_Symbolbild-Klangfarben-1024x768.jpg 1024w, https:\/\/heimatverein-nieder-roden.de\/wp-content\/uploads\/2024\/08\/MVN_Kerb2024_Symbolbild-Klangfarben-768x576.jpg 768w, https:\/\/heimatverein-nieder-roden.de\/wp-content\/uploads\/2024\/08\/MVN_Kerb2024_Symbolbild-Klangfarben-836x627.jpg 836w, https:\/\/heimatverein-nieder-roden.de\/wp-content\/uploads\/2024\/08\/MVN_Kerb2024_Symbolbild-Klangfarben-560x420.jpg 560w, https:\/\/heimatverein-nieder-roden.de\/wp-content\/uploads\/2024\/08\/MVN_Kerb2024_Symbolbild-Klangfarben.jpg 1280w\" sizes=\"(max-width: 300px) 100vw, 300px\" \/><\/a> <a class=\"title\" href=\"https:\/\/heimatverein-nieder-roden.de\/?p=7218\">2024 ist f\u00fcr den Musikverein Nieder-Roden das Jahr der Jubil\u00e4en<\/a> <span class=\"excerpt-dash\">-<\/span> <span class=\"excerpt\">Ein Beitrag zur Nirrer\u00e4irer Kerb 2024\n\nWir feiern 45 Jahre Rodgau Jazz Big Band und 25 Jahre Rodgauer Blasmusik.\n\nEin Beitrag zur Nirrer\u00e4irer Kerb 2024 mit dem Programm des MVN und dem kulinarischen Angebot.<\/span><\/div><div class=\"listing-item\"><a class=\"image\" href=\"https:\/\/heimatverein-nieder-roden.de\/?p=7220\"><img decoding=\"async\" width=\"300\" height=\"238\" src=\"https:\/\/heimatverein-nieder-roden.de\/wp-content\/uploads\/2024\/08\/NRKerb2024_Schrod_Symbolbild_Wildgulasch-300x238.jpg\" class=\"attachment-medium size-medium wp-post-image\" alt=\"\" srcset=\"https:\/\/heimatverein-nieder-roden.de\/wp-content\/uploads\/2024\/08\/NRKerb2024_Schrod_Symbolbild_Wildgulasch-300x238.jpg 300w, https:\/\/heimatverein-nieder-roden.de\/wp-content\/uploads\/2024\/08\/NRKerb2024_Schrod_Symbolbild_Wildgulasch-1024x812.jpg 1024w, https:\/\/heimatverein-nieder-roden.de\/wp-content\/uploads\/2024\/08\/NRKerb2024_Schrod_Symbolbild_Wildgulasch-768x609.jpg 768w, https:\/\/heimatverein-nieder-roden.de\/wp-content\/uploads\/2024\/08\/NRKerb2024_Schrod_Symbolbild_Wildgulasch-1536x1218.jpg 1536w, https:\/\/heimatverein-nieder-roden.de\/wp-content\/uploads\/2024\/08\/NRKerb2024_Schrod_Symbolbild_Wildgulasch-2048x1624.jpg 2048w, https:\/\/heimatverein-nieder-roden.de\/wp-content\/uploads\/2024\/08\/NRKerb2024_Schrod_Symbolbild_Wildgulasch-836x663.jpg 836w, https:\/\/heimatverein-nieder-roden.de\/wp-content\/uploads\/2024\/08\/NRKerb2024_Schrod_Symbolbild_Wildgulasch-560x444.jpg 560w\" sizes=\"(max-width: 300px) 100vw, 300px\" \/><\/a> <a class=\"title\" href=\"https:\/\/heimatverein-nieder-roden.de\/?p=7220\">Was gibt&#8217;s bei der Kerb zu essen?<\/a> <span class=\"excerpt-dash\">-<\/span> <span class=\"excerpt\">Ein Beitrag zur Nirrer\u00e4irer Kerb 2024\n\nHier geben wir einen \u00dcberblick \u00fcber das kulinarische Angebot zur Kerb 2024. Was gibt es im Festzelt, in den Scheunen und bei den Schaustellern? Hier finden Sie es...<\/span><\/div><\/div>\n\n\n\n<hr class=\"wp-block-separator has-alpha-channel-opacity is-style-wide\"\/>\n\n\nSeite 0 mal aufgerufen in den letzten 365 Tagen.\n","protected":false},"excerpt":{"rendered":"<p>Die Nirrer\u00e4irer Kerb (Nieder-R\u00f6der Kirchweih) wird nicht durch den AKHNR veranstaltet. Vielmehr arbeiten zahlreiche Mitwirkende zusammen um diese Feier Jahr f\u00fcr Jahr zu einem vielseitigen, sch\u00f6nen Fest zu machen. Die Hauptlast tr\u00e4gt dabei der Kerbverein Nieder-Roden e. V., der unter anderem den Kerbumzug und den Auf- und Abbau des Festzeltes auf dem Kirchplatz organisiert und bew\u00e4ltigt.<br \/>\nDie Kerb-Feier ist vor allem auch Tradition, kulturelles Erbe und Fixpunkt f\u00fcr unsere Ortsgemeinschaft &#8211; unsere Heimat.<\/p><p><a class=\"more-link btn\" href=\"https:\/\/heimatverein-nieder-roden.de\/?p=7220\">Weiterlesen<\/a><\/p>\n","protected":false},"author":1,"featured_media":5474,"parent":5607,"menu_order":0,"comment_status":"closed","ping_status":"closed","template":"template-onecolumn.php","meta":{"_coblocks_attr":"","_coblocks_dimensions":"","_coblocks_responsive_height":"","_coblocks_accordion_ie_support":"","footnotes":""},"class_list":["post-8247","page","type-page","status-publish","has-post-thumbnail","hentry","nodate"],"publishpress_future_action":{"enabled":false,"date":"2026-05-07 20:54:53","action":"change-status","newStatus":"draft","terms":[],"taxonomy":"","extraData":[]},"publishpress_future_workflow_manual_trigger":{"enabledWorkflows":[]},"_links":{"self":[{"href":"https:\/\/heimatverein-nieder-roden.de\/index.php?rest_route=\/wp\/v2\/pages\/8247","targetHints":{"allow":["GET"]}}],"collection":[{"href":"https:\/\/heimatverein-nieder-roden.de\/index.php?rest_route=\/wp\/v2\/pages"}],"about":[{"href":"https:\/\/heimatverein-nieder-roden.de\/index.php?rest_route=\/wp\/v2\/types\/page"}],"author":[{"embeddable":true,"href":"https:\/\/heimatverein-nieder-roden.de\/index.php?rest_route=\/wp\/v2\/users\/1"}],"replies":[{"embeddable":true,"href":"https:\/\/heimatverein-nieder-roden.de\/index.php?rest_route=%2Fwp%2Fv2%2Fcomments&post=8247"}],"version-history":[{"count":1,"href":"https:\/\/heimatverein-nieder-roden.de\/index.php?rest_route=\/wp\/v2\/pages\/8247\/revisions"}],"predecessor-version":[{"id":8248,"href":"https:\/\/heimatverein-nieder-roden.de\/index.php?rest_route=\/wp\/v2\/pages\/8247\/revisions\/8248"}],"up":[{"embeddable":true,"href":"https:\/\/heimatverein-nieder-roden.de\/index.php?rest_route=\/wp\/v2\/pages\/5607"}],"wp:featuredmedia":[{"embeddable":true,"href":"https:\/\/heimatverein-nieder-roden.de\/index.php?rest_route=\/wp\/v2\/media\/5474"}],"wp:attachment":[{"href":"https:\/\/heimatverein-nieder-roden.de\/index.php?rest_route=%2Fwp%2Fv2%2Fmedia&parent=8247"}],"curies":[{"name":"wp","href":"https:\/\/api.w.org\/{rel}","templated":true}]}}