{"id":7780,"date":"2024-12-01T16:22:09","date_gmt":"2024-12-01T15:22:09","guid":{"rendered":"https:\/\/heimatverein-nieder-roden.de\/?page_id=7780"},"modified":"2024-12-01T16:22:27","modified_gmt":"2024-12-01T15:22:27","slug":"nieder-roeder-adventsmarkt-2023-archiv","status":"publish","type":"page","link":"https:\/\/heimatverein-nieder-roden.de\/?page_id=7780","title":{"rendered":"Nieder-R\u00f6der Adventsmarkt 2023 (Archiv)"},"content":{"rendered":"\n<p class=\"is-style-info\">Der Inhalt dieser Seite wurde urspr\u00fcnglich als Beitrag f\u00fcr den Adventsmarkt 2023 erstellt.<br>Im Rahmen einer Umstrukturierung wurde er im Dezember 2024 als eigene Seite angelegt.<\/p>\n\n\n\n<p>Nach zwei Jahre Abstinenz ist es wieder soweit: am 2. Adventswochenende lockt der Nieder-R\u00f6der Adventsmarkt wieder seine Freunde &#8211; f\u00fcr viele Rodgauer der Weihnachtsmarkt mit der dichtesten Atmosph\u00e4re!<\/p>\n\n\n<div class=\"wp-block-image is-resized\">\n<figure class=\"aligncenter size-large\"><img decoding=\"async\" width=\"1024\" height=\"1024\" src=\"https:\/\/heimatverein-nieder-roden.de\/wp-content\/uploads\/2020\/01\/2019-12-07_16-33-22_AKHNR_Adventsmarkt-2019_IMG_4079_Web-1024x1024.jpg\" alt=\"\" class=\"wp-image-2142\" srcset=\"https:\/\/heimatverein-nieder-roden.de\/wp-content\/uploads\/2020\/01\/2019-12-07_16-33-22_AKHNR_Adventsmarkt-2019_IMG_4079_Web-1024x1024.jpg 1024w, https:\/\/heimatverein-nieder-roden.de\/wp-content\/uploads\/2020\/01\/2019-12-07_16-33-22_AKHNR_Adventsmarkt-2019_IMG_4079_Web-300x300.jpg 300w, https:\/\/heimatverein-nieder-roden.de\/wp-content\/uploads\/2020\/01\/2019-12-07_16-33-22_AKHNR_Adventsmarkt-2019_IMG_4079_Web-150x150.jpg 150w, https:\/\/heimatverein-nieder-roden.de\/wp-content\/uploads\/2020\/01\/2019-12-07_16-33-22_AKHNR_Adventsmarkt-2019_IMG_4079_Web-768x768.jpg 768w, https:\/\/heimatverein-nieder-roden.de\/wp-content\/uploads\/2020\/01\/2019-12-07_16-33-22_AKHNR_Adventsmarkt-2019_IMG_4079_Web-1536x1536.jpg 1536w, https:\/\/heimatverein-nieder-roden.de\/wp-content\/uploads\/2020\/01\/2019-12-07_16-33-22_AKHNR_Adventsmarkt-2019_IMG_4079_Web-2048x2048.jpg 2048w, https:\/\/heimatverein-nieder-roden.de\/wp-content\/uploads\/2020\/01\/2019-12-07_16-33-22_AKHNR_Adventsmarkt-2019_IMG_4079_Web-560x560.jpg 560w\" sizes=\"(max-width: 1024px) 100vw, 1024px\" \/><figcaption class=\"wp-element-caption\">Der Stand des AKHNR auf dem Nieder-R\u00f6der Adventsmarkt &#8211; \u00a9AKHNR (Archivaufnahme aus 2019)<\/figcaption><\/figure>\n<\/div>\n\n\n<h3 class=\"wp-block-heading\"> <strong>\u00d6ffnungszeite<\/strong>n und Lageplan<\/h3>\n\n\n\n<blockquote class=\"wp-block-quote has-text-align-center is-layout-flow wp-block-quote-is-layout-flow\">\n<p>Samstag, 9. Dezember, <br>16:00 &#8211; 22:30 Uhr<br><br>Sonntag, 10. Dezember, <br>14:00 &#8211; 20:00 Uhr<\/p>\n<\/blockquote>\n\n\n\n<p>W\u00e4hrend wir &#8211; der AKHNR &#8211; bis vor einigen Jahren sogar selbst Ausrichter des Marktes waren, wird er heute organisiert von der Katholischen Pfarrgemeinde St. Matthias. <\/p>\n\n\n\n<figure class=\"wp-block-image size-large\"><a href=\"https:\/\/heimatverein-nieder-roden.de\/wp-content\/uploads\/2023\/12\/NR-Adventsmarkt-2023_Lageplan.jpg\"><img decoding=\"async\" width=\"1024\" height=\"568\" src=\"https:\/\/heimatverein-nieder-roden.de\/wp-content\/uploads\/2023\/12\/NR-Adventsmarkt-2023_Lageplan-1024x568.jpg\" alt=\"\" class=\"wp-image-6219\" srcset=\"https:\/\/heimatverein-nieder-roden.de\/wp-content\/uploads\/2023\/12\/NR-Adventsmarkt-2023_Lageplan-1024x568.jpg 1024w, https:\/\/heimatverein-nieder-roden.de\/wp-content\/uploads\/2023\/12\/NR-Adventsmarkt-2023_Lageplan-300x166.jpg 300w, https:\/\/heimatverein-nieder-roden.de\/wp-content\/uploads\/2023\/12\/NR-Adventsmarkt-2023_Lageplan-768x426.jpg 768w, https:\/\/heimatverein-nieder-roden.de\/wp-content\/uploads\/2023\/12\/NR-Adventsmarkt-2023_Lageplan-1536x852.jpg 1536w, https:\/\/heimatverein-nieder-roden.de\/wp-content\/uploads\/2023\/12\/NR-Adventsmarkt-2023_Lageplan-836x464.jpg 836w, https:\/\/heimatverein-nieder-roden.de\/wp-content\/uploads\/2023\/12\/NR-Adventsmarkt-2023_Lageplan-560x311.jpg 560w, https:\/\/heimatverein-nieder-roden.de\/wp-content\/uploads\/2023\/12\/NR-Adventsmarkt-2023_Lageplan.jpg 1560w\" sizes=\"(max-width: 1024px) 100vw, 1024px\" \/><\/a><figcaption class=\"wp-element-caption\">Lageplan des Adventsmarktes 2023  &#8211; \u00a9 Pfarrgemeinde St. Matthias Nieder-Roden\/Adventsmarkt-Komitee<\/figcaption><\/figure>\n\n\n\n<p>26 St\u00e4nde dr\u00e4ngen sich in diesem Jahr auf dem Kirchplatz, in Turm- und Schulstra\u00dfe, um die Sankt Matthias Kirche, das Pfarrheim und das Heimatmuseum im alten Ortskern von Nieder-Roden. Dabei sorgen sie f\u00fcr eine einzigartige Atmosph\u00e4re wie es sie in Rodgau kein zweites Mal gibt.  <\/p>\n\n\n\n<h3 class=\"wp-block-heading\">Auftritt Musikverein<\/h3>\n\n\n\n<blockquote class=\"wp-block-quote has-text-align-center is-layout-flow wp-block-quote-is-layout-flow\">\n<p>Orchester &#8222;Klangfarben&#8220; und Freunde<\/p>\n\n\n\n<p>Samstag oder Sonntag<\/p>\n<\/blockquote>\n\n\n<div class=\"wp-block-image is-resized\">\n<figure class=\"aligncenter size-large\"><a href=\"https:\/\/www.mv-nieder-roden.de\/aktuelles\/\" target=\"_blank\" rel=\"noreferrer noopener\"><img decoding=\"async\" width=\"1024\" height=\"469\" src=\"https:\/\/heimatverein-nieder-roden.de\/wp-content\/uploads\/2019\/02\/2019-02-17_AKHNR_MVN-Logo_selbstgeb_v1.0-1024x469.png\" alt=\"\" class=\"wp-image-557\" style=\"width:338px;height:auto\" srcset=\"https:\/\/heimatverein-nieder-roden.de\/wp-content\/uploads\/2019\/02\/2019-02-17_AKHNR_MVN-Logo_selbstgeb_v1.0-1024x469.png 1024w, https:\/\/heimatverein-nieder-roden.de\/wp-content\/uploads\/2019\/02\/2019-02-17_AKHNR_MVN-Logo_selbstgeb_v1.0-300x137.png 300w, https:\/\/heimatverein-nieder-roden.de\/wp-content\/uploads\/2019\/02\/2019-02-17_AKHNR_MVN-Logo_selbstgeb_v1.0-768x352.png 768w\" sizes=\"(max-width: 1024px) 100vw, 1024px\" \/><\/a><figcaption class=\"wp-element-caption\">Klicken Sie f\u00fcr weitere Infos zum Musikverein<\/figcaption><\/figure>\n<\/div>\n\n\n<p>Ein einem der beiden Veranstaltungstage wird auch wieder der Musikverein Nieder-Roden das Treiben begleiten. Das  Orchester &#8222;Klangfarben&#8220; (und Freunde) spielt dann bekannte Weihnachtslieder. Wann genau kl\u00e4rt sich noch.<\/p>\n\n\n\n<h3 class=\"wp-block-heading\">Angebot des AKHNR<\/h3>\n\n\n\n<p>Der Stand des AKHNR hat seinen festen Platz am Hof des Heimatmuseums zum Kirchplatz hin ausgerichtet.<\/p>\n\n\n<div class=\"wp-block-image\">\n<figure class=\"aligncenter size-full is-resized\"><a href=\"https:\/\/heimatverein-nieder-roden.de\/wp-content\/uploads\/2023\/12\/2023-12-08_AKHNR_Adventsmarkt-2023_Anzeige-Web_v1.1_138x60mm_web-150dpi.jpg\"><img decoding=\"async\" width=\"815\" height=\"355\" src=\"https:\/\/heimatverein-nieder-roden.de\/wp-content\/uploads\/2023\/12\/2023-12-08_AKHNR_Adventsmarkt-2023_Anzeige-Web_v1.1_138x60mm_web-150dpi.jpg\" alt=\"\" class=\"wp-image-6281\" style=\"width:682px;height:auto\" srcset=\"https:\/\/heimatverein-nieder-roden.de\/wp-content\/uploads\/2023\/12\/2023-12-08_AKHNR_Adventsmarkt-2023_Anzeige-Web_v1.1_138x60mm_web-150dpi.jpg 815w, https:\/\/heimatverein-nieder-roden.de\/wp-content\/uploads\/2023\/12\/2023-12-08_AKHNR_Adventsmarkt-2023_Anzeige-Web_v1.1_138x60mm_web-150dpi-300x131.jpg 300w, https:\/\/heimatverein-nieder-roden.de\/wp-content\/uploads\/2023\/12\/2023-12-08_AKHNR_Adventsmarkt-2023_Anzeige-Web_v1.1_138x60mm_web-150dpi-768x335.jpg 768w, https:\/\/heimatverein-nieder-roden.de\/wp-content\/uploads\/2023\/12\/2023-12-08_AKHNR_Adventsmarkt-2023_Anzeige-Web_v1.1_138x60mm_web-150dpi-560x244.jpg 560w\" sizes=\"(max-width: 815px) 100vw, 815px\" \/><\/a><figcaption class=\"wp-element-caption\">Die Anzeige zu unserem Angebot auf dem Adventsmarkt 2023 &#8211; \u00a9 AKHNR<\/figcaption><\/figure>\n<\/div>\n\n\n<p>In diesem Jahr gibt seit langem wieder unseren bekannten Hirschgulasch aus dem Kessel, beheizt nach traditioneller Art mit Holzfeuer. Au\u00dferdem gibt es hei\u00dfe Fleischwurstknacker und eine gro\u00dfe Auswahl an Geschenkideen.<\/p>\n\n\n\n<h3 class=\"wp-block-heading\">Magnetschmuck mit Nieder-R\u00f6der Motiven<\/h3>\n\n\n\n<div class=\"wp-block-columns is-layout-flex wp-container-core-columns-is-layout-9d6595d7 wp-block-columns-is-layout-flex\">\n<div class=\"wp-block-column is-layout-flow wp-block-column-is-layout-flow\"><div class=\"wp-block-image is-resized\">\n<figure class=\"aligncenter size-large\"><a href=\"https:\/\/heimatverein-nieder-roden.de\/wp-content\/uploads\/2019\/12\/567-740-thickbox.jpg\"><img decoding=\"async\" width=\"600\" height=\"600\" src=\"https:\/\/heimatverein-nieder-roden.de\/wp-content\/uploads\/2019\/12\/567-740-thickbox.jpg\" alt=\"\" class=\"wp-image-2010\" srcset=\"https:\/\/heimatverein-nieder-roden.de\/wp-content\/uploads\/2019\/12\/567-740-thickbox.jpg 600w, https:\/\/heimatverein-nieder-roden.de\/wp-content\/uploads\/2019\/12\/567-740-thickbox-300x300.jpg 300w, https:\/\/heimatverein-nieder-roden.de\/wp-content\/uploads\/2019\/12\/567-740-thickbox-150x150.jpg 150w, https:\/\/heimatverein-nieder-roden.de\/wp-content\/uploads\/2019\/12\/567-740-thickbox-560x560.jpg 560w\" sizes=\"(max-width: 600px) 100vw, 600px\" \/><\/a><figcaption class=\"wp-element-caption\">Magnetschmuck &#8211; Motiv &#8222;Es alde Ord&#8220; &#8211;  \u00a9majoba.de  <\/figcaption><\/figure>\n<\/div><\/div>\n\n\n\n<div class=\"wp-block-column is-layout-flow wp-block-column-is-layout-flow\"><div class=\"wp-block-image is-resized\">\n<figure class=\"aligncenter size-large\"><a href=\"https:\/\/heimatverein-nieder-roden.de\/wp-content\/uploads\/2019\/12\/1572-2728-thickbox.jpg\"><img decoding=\"async\" width=\"600\" height=\"600\" src=\"https:\/\/heimatverein-nieder-roden.de\/wp-content\/uploads\/2019\/12\/1572-2728-thickbox.jpg\" alt=\"\" class=\"wp-image-2011\" srcset=\"https:\/\/heimatverein-nieder-roden.de\/wp-content\/uploads\/2019\/12\/1572-2728-thickbox.jpg 600w, https:\/\/heimatverein-nieder-roden.de\/wp-content\/uploads\/2019\/12\/1572-2728-thickbox-300x300.jpg 300w, https:\/\/heimatverein-nieder-roden.de\/wp-content\/uploads\/2019\/12\/1572-2728-thickbox-150x150.jpg 150w, https:\/\/heimatverein-nieder-roden.de\/wp-content\/uploads\/2019\/12\/1572-2728-thickbox-560x560.jpg 560w\" sizes=\"(max-width: 600px) 100vw, 600px\" \/><\/a><figcaption class=\"wp-element-caption\">Magnetschmuck  &#8211; Motiv &#8222;Am Nieder-R\u00f6der Badesee&#8220; &#8211;  \u00a9 majoba.de   <\/figcaption><\/figure>\n<\/div><\/div>\n<\/div>\n\n\n\n<p>Eine weitere sch\u00f6ne wie praktische Geschenkidee ist der Magnetschmuck mit Motiven, unter anderem aus Nieder-Roden und Umgebung. <br>Auch diese finden Sie bei uns am Stand zu Preisen von 2 \u20ac bis 4 \u20ac je St\u00fcck.<br>Diese Magnete d\u00fcrfen eigentlich an keinem Nieder-R\u00f6der K\u00fchlschrank fehlen.<\/p>\n\n\n\n<h3 class=\"wp-block-heading\">Karten f\u00fcr Konzerte des Musikvereins<\/h3>\n\n\n\n<p>Die Stammg\u00e4ste sind es bereits gew\u00f6hnt:<strong> exklusiv bei uns am Stand<\/strong> gibt es wieder die <strong>Karten f\u00fcr das Festkonzert <\/strong>des Musikvereins Nieder-Roden, am 1. Weihnachtsfeiertag (25. Dezember), im B\u00fcrgerhaus Nieder-Roden (Beginn: 19:00 Uhr).<\/p>\n\n\n\n<p>Eine Neuheit in diesem Jahr: auch <strong>f\u00fcr das Weihnachtskonzert &#8222;A Big Band Christmas&#8220;<\/strong> der &#8222;Rodgau Jazz Bigband&#8220;, ebenfalls ein Orchester des Musikvereins <strong>gibt es bei uns die Karten.<\/strong> Es findet statt am Sonntag, den 17. Dezember, um 17 Uhr in der Aula der Georg-B\u00fcchner-Schule, J\u00fcgesheim.<\/p>\n\n\n\n<div class=\"wp-block-columns is-layout-flex wp-container-core-columns-is-layout-9d6595d7 wp-block-columns-is-layout-flex\">\n<div class=\"wp-block-column is-layout-flow wp-block-column-is-layout-flow\"><div class=\"wp-block-image is-resized\">\n<figure class=\"aligncenter size-large\"><a href=\"https:\/\/heimatverein-nieder-roden.de\/wp-content\/uploads\/2023\/12\/MVN_Festkonzert-2023_Plakat.png\"><img decoding=\"async\" width=\"724\" height=\"1024\" src=\"https:\/\/heimatverein-nieder-roden.de\/wp-content\/uploads\/2023\/12\/MVN_Festkonzert-2023_Plakat-724x1024.png\" alt=\"\" class=\"wp-image-6211\" style=\"width:265px;height:auto\" srcset=\"https:\/\/heimatverein-nieder-roden.de\/wp-content\/uploads\/2023\/12\/MVN_Festkonzert-2023_Plakat-724x1024.png 724w, https:\/\/heimatverein-nieder-roden.de\/wp-content\/uploads\/2023\/12\/MVN_Festkonzert-2023_Plakat-212x300.png 212w, https:\/\/heimatverein-nieder-roden.de\/wp-content\/uploads\/2023\/12\/MVN_Festkonzert-2023_Plakat-768x1087.png 768w, https:\/\/heimatverein-nieder-roden.de\/wp-content\/uploads\/2023\/12\/MVN_Festkonzert-2023_Plakat-836x1183.png 836w, https:\/\/heimatverein-nieder-roden.de\/wp-content\/uploads\/2023\/12\/MVN_Festkonzert-2023_Plakat-560x792.png 560w, https:\/\/heimatverein-nieder-roden.de\/wp-content\/uploads\/2023\/12\/MVN_Festkonzert-2023_Plakat.png 841w\" sizes=\"(max-width: 724px) 100vw, 724px\" \/><\/a><figcaption class=\"wp-element-caption\">Plakat zum Festkonzert 2023 des Musikvereins Nieder-Roden e. V. \u00a9MVN<\/figcaption><\/figure>\n<\/div><\/div>\n\n\n\n<div class=\"wp-block-column is-layout-flow wp-block-column-is-layout-flow\"><div class=\"wp-block-image is-resized\">\n<figure class=\"aligncenter size-large\"><a href=\"https:\/\/heimatverein-nieder-roden.de\/wp-content\/uploads\/2023\/12\/MVN_Rodgau-Jazz-Bigband_A-Bigband-Christmas-2023_Plakat.jpeg\"><img decoding=\"async\" width=\"724\" height=\"1024\" src=\"https:\/\/heimatverein-nieder-roden.de\/wp-content\/uploads\/2023\/12\/MVN_Rodgau-Jazz-Bigband_A-Bigband-Christmas-2023_Plakat-724x1024.jpeg\" alt=\"\" class=\"wp-image-6212\" style=\"width:266px;height:auto\" srcset=\"https:\/\/heimatverein-nieder-roden.de\/wp-content\/uploads\/2023\/12\/MVN_Rodgau-Jazz-Bigband_A-Bigband-Christmas-2023_Plakat-724x1024.jpeg 724w, https:\/\/heimatverein-nieder-roden.de\/wp-content\/uploads\/2023\/12\/MVN_Rodgau-Jazz-Bigband_A-Bigband-Christmas-2023_Plakat-212x300.jpeg 212w, https:\/\/heimatverein-nieder-roden.de\/wp-content\/uploads\/2023\/12\/MVN_Rodgau-Jazz-Bigband_A-Bigband-Christmas-2023_Plakat-768x1086.jpeg 768w, https:\/\/heimatverein-nieder-roden.de\/wp-content\/uploads\/2023\/12\/MVN_Rodgau-Jazz-Bigband_A-Bigband-Christmas-2023_Plakat-1087x1536.jpeg 1087w, https:\/\/heimatverein-nieder-roden.de\/wp-content\/uploads\/2023\/12\/MVN_Rodgau-Jazz-Bigband_A-Bigband-Christmas-2023_Plakat-836x1182.jpeg 836w, https:\/\/heimatverein-nieder-roden.de\/wp-content\/uploads\/2023\/12\/MVN_Rodgau-Jazz-Bigband_A-Bigband-Christmas-2023_Plakat-560x792.jpeg 560w, https:\/\/heimatverein-nieder-roden.de\/wp-content\/uploads\/2023\/12\/MVN_Rodgau-Jazz-Bigband_A-Bigband-Christmas-2023_Plakat.jpeg 1132w\" sizes=\"(max-width: 724px) 100vw, 724px\" \/><\/a><figcaption class=\"wp-element-caption\">Plakat zu &#8222;A Big Band Christmas&#8220; der Rodgau Jazz Bigband \u00a9MVN<\/figcaption><\/figure>\n<\/div><\/div>\n<\/div>\n\n\n\n<h3 class=\"wp-block-heading\">Buchpakete der Heimatbibliothek<\/h3>\n\n\n\n<p>Gro\u00dfen Anklang finden auch unsere Geschenkpakete bestehend aus B\u00fcchern der Nieder-R\u00f6der Heimatbibliothek. Nur beim Adventsmarkt gibt es sie zu Sonderpreisen in sch\u00f6ner (Geschenk-)Verpackung.<\/p>\n\n\n<div class=\"wp-block-image is-resized\">\n<figure class=\"aligncenter size-large\"><a href=\"https:\/\/heimatverein-nieder-roden.de\/wp-content\/uploads\/2019\/11\/20171209_140614_reduz-2MP.jpg\"><img decoding=\"async\" width=\"1024\" height=\"768\" src=\"https:\/\/heimatverein-nieder-roden.de\/wp-content\/uploads\/2019\/11\/20171209_140614_reduz-2MP-1024x768.jpg\" alt=\"\" class=\"wp-image-1879\" style=\"width:397px;height:auto\" srcset=\"https:\/\/heimatverein-nieder-roden.de\/wp-content\/uploads\/2019\/11\/20171209_140614_reduz-2MP-1024x768.jpg 1024w, https:\/\/heimatverein-nieder-roden.de\/wp-content\/uploads\/2019\/11\/20171209_140614_reduz-2MP-300x225.jpg 300w, https:\/\/heimatverein-nieder-roden.de\/wp-content\/uploads\/2019\/11\/20171209_140614_reduz-2MP-768x576.jpg 768w, https:\/\/heimatverein-nieder-roden.de\/wp-content\/uploads\/2019\/11\/20171209_140614_reduz-2MP-1536x1152.jpg 1536w, https:\/\/heimatverein-nieder-roden.de\/wp-content\/uploads\/2019\/11\/20171209_140614_reduz-2MP-560x420.jpg 560w, https:\/\/heimatverein-nieder-roden.de\/wp-content\/uploads\/2019\/11\/20171209_140614_reduz-2MP.jpg 1632w\" sizes=\"(max-width: 1024px) 100vw, 1024px\" \/><\/a><figcaption class=\"wp-element-caption\">Geschenkpakete mit Heimatb\u00fcchern &#8211; \u00a9 AKHNR<\/figcaption><\/figure>\n<\/div>\n\n\n<h3 class=\"wp-block-heading\">Buch &#8222;125 Jahre Rodgaubahn&#8220;<\/h3>\n\n\n\n<p>Ebenfalls auf den Adventsmarkt erh\u00e4ltlich: das stark nachgefragte Buch zum 125-j\u00e4hrigen Jubil\u00e4um der Rodgaubahn.<\/p>\n\n\n<div class=\"wp-block-image is-resized\">\n<figure class=\"aligncenter size-large\"><a href=\"https:\/\/heimatverein-nieder-roden.de\/wp-content\/uploads\/2022\/10\/Rodgaubahn-Festbuch-final_Titel_Seite_001.jpg\"><img decoding=\"async\" width=\"1024\" height=\"1024\" src=\"https:\/\/heimatverein-nieder-roden.de\/wp-content\/uploads\/2022\/10\/Rodgaubahn-Festbuch-final_Titel_Seite_001-1024x1024.jpg\" alt=\"\" class=\"wp-image-4602\" style=\"width:337px;height:auto\" srcset=\"https:\/\/heimatverein-nieder-roden.de\/wp-content\/uploads\/2022\/10\/Rodgaubahn-Festbuch-final_Titel_Seite_001-1024x1024.jpg 1024w, https:\/\/heimatverein-nieder-roden.de\/wp-content\/uploads\/2022\/10\/Rodgaubahn-Festbuch-final_Titel_Seite_001-300x300.jpg 300w, https:\/\/heimatverein-nieder-roden.de\/wp-content\/uploads\/2022\/10\/Rodgaubahn-Festbuch-final_Titel_Seite_001-150x150.jpg 150w, https:\/\/heimatverein-nieder-roden.de\/wp-content\/uploads\/2022\/10\/Rodgaubahn-Festbuch-final_Titel_Seite_001-768x768.jpg 768w, https:\/\/heimatverein-nieder-roden.de\/wp-content\/uploads\/2022\/10\/Rodgaubahn-Festbuch-final_Titel_Seite_001-836x836.jpg 836w, https:\/\/heimatverein-nieder-roden.de\/wp-content\/uploads\/2022\/10\/Rodgaubahn-Festbuch-final_Titel_Seite_001-560x560.jpg 560w, https:\/\/heimatverein-nieder-roden.de\/wp-content\/uploads\/2022\/10\/Rodgaubahn-Festbuch-final_Titel_Seite_001.jpg 1241w\" sizes=\"(max-width: 1024px) 100vw, 1024px\" \/><\/a><figcaption class=\"wp-element-caption\">Titelbild des Buches &#8222;125 Jahre Rodgaubahn&#8220;<\/figcaption><\/figure>\n<\/div>\n\n\n<div class=\"wp-block-buttons is-layout-flex wp-block-buttons-is-layout-flex\">\n<div class=\"wp-block-button aligncenter\"><a class=\"wp-block-button__link wp-element-button\" href=\"https:\/\/heimatverein-nieder-roden.de\/projekte\/125-jahre-rodgaubahn\/\" target=\"_blank\" rel=\"noreferrer noopener\">Mehr zum Projekt hier<\/a><\/div>\n<\/div>\n\n\n\n<p>Dieses Buch ist das Resultat eines bislang einzigartigen Projektes: Daf\u00fcr haben 19 Vereine und mehr als 20 weitere Privatpersonen, Gruppierungen und Institutionen Inhalte zu den Texten \u00fcber Orte, Themen und Begebenheiten entlang der Bahnstrecke beigetragen. <\/p>\n\n\n\n<p>Die von 16 Autoren verfassten Texte, umfassen Beitr\u00e4ge zu allen Stationen, die je von der Strecke ber\u00fchrt wurden, und behandeln zus\u00e4tzliche Sonderthemen mit Bezug zum Thema. Das Ganze ist reich illustriert: auf 204 Seiten kommen \u00fcber 300 Abbildungen.<\/p>\n\n\n\n<p>Initiiert wurde das Buch durch die Heimat- und Geschichtsvereine der Stadt Rodgau, unter Federf\u00fchrung des Arbeitskreises f\u00fcr Heimatkunde Nieder-Roden e. V. (AKHNR). <\/p>\n\n\n\n<p>Finanziell erm\u00f6glicht haben es die Anliegerkommunen, 9 St\u00e4dte und Gemeinden und 2 Landkreise, mit Unterst\u00fctzung einiger Sponsoren.<\/p>\n\n\n\n<p><strong>Sichern Sie sich ihr Exemplar an unserem Stand auf dem Adventsmarkt. Nur solange der Vorrat reicht!<\/strong><br><strong>Wir bitten um eine Spende um 25 Euro zur Anerkennung und Unterst\u00fctzung der ehrenamtlichen Arbeit.<\/strong><\/p>\n\n\n\n<h3 class=\"wp-block-heading\">Ein Markt von Nieder-R\u00f6dern f\u00fcr Nieder-R\u00f6der<\/h3>\n\n\n<div class=\"wp-block-image is-resized\">\n<figure class=\"aligncenter size-large\"><a href=\"https:\/\/heimatverein-nieder-roden.de\/wp-content\/uploads\/2023\/12\/NR-Adventsmarkt-2023_Plakat.jpg\"><img decoding=\"async\" width=\"724\" height=\"1024\" src=\"https:\/\/heimatverein-nieder-roden.de\/wp-content\/uploads\/2023\/12\/NR-Adventsmarkt-2023_Plakat-724x1024.jpg\" alt=\"\" class=\"wp-image-6213\" style=\"width:364px;height:auto\" srcset=\"https:\/\/heimatverein-nieder-roden.de\/wp-content\/uploads\/2023\/12\/NR-Adventsmarkt-2023_Plakat-724x1024.jpg 724w, https:\/\/heimatverein-nieder-roden.de\/wp-content\/uploads\/2023\/12\/NR-Adventsmarkt-2023_Plakat-212x300.jpg 212w, https:\/\/heimatverein-nieder-roden.de\/wp-content\/uploads\/2023\/12\/NR-Adventsmarkt-2023_Plakat-768x1086.jpg 768w, https:\/\/heimatverein-nieder-roden.de\/wp-content\/uploads\/2023\/12\/NR-Adventsmarkt-2023_Plakat-1086x1536.jpg 1086w, https:\/\/heimatverein-nieder-roden.de\/wp-content\/uploads\/2023\/12\/NR-Adventsmarkt-2023_Plakat-1448x2048.jpg 1448w, https:\/\/heimatverein-nieder-roden.de\/wp-content\/uploads\/2023\/12\/NR-Adventsmarkt-2023_Plakat-836x1183.jpg 836w, https:\/\/heimatverein-nieder-roden.de\/wp-content\/uploads\/2023\/12\/NR-Adventsmarkt-2023_Plakat-560x792.jpg 560w, https:\/\/heimatverein-nieder-roden.de\/wp-content\/uploads\/2023\/12\/NR-Adventsmarkt-2023_Plakat.jpg 1754w\" sizes=\"(max-width: 724px) 100vw, 724px\" \/><\/a><figcaption class=\"wp-element-caption\">Das Plakat der Organisatoren des Nieder-R\u00f6der Adventsmarktes 2023 &#8211; \u00a9 Pfarrgemeinde St. Matthias Nieder-Roden<\/figcaption><\/figure>\n<\/div>\n\n\n<p>Die Organisatoren des Marktes haben erfolgreich die Besinnlichkeit der Adventszeit in den Vordergrund ger\u00fcckt und bieten damit einen angenehmen Gegenpol zu den gro\u00dfen kommerziell ausgerichteten M\u00e4rkten. Fast alle St\u00e4nde werden von Ehrenamtlichen, Vereinen, Parteien und Gruppierungen gestellt und die Marktorganisatoren verzichten auf jeglichen Profit \u2013 die Gemeinschaft steht im Vordergrund.<\/p>\n\n\n\n<p><strong>Vielen Dank an die Organisatoren, alle Helfer und Teilnehmer!<\/strong><\/p>\n\n\n\n<p>Besuchen Sie uns. Wir freuen uns auf Sie!<\/p>\n\n\n\n<p class=\"is-style-default\">Falls Sie Fragen zur Organisation des Marktes haben wenden Sie sich bitte direkt an: <a href=\"mailto:adventsmarkt@sanktmatthias.de\" target=\"_blank\" rel=\"noreferrer noopener\">adventsmarkt@sanktmatthias.de<\/a><\/p>\n\n\n\n<hr class=\"wp-block-separator has-alpha-channel-opacity is-style-wide\"\/>\n\n\n\n<h3 class=\"wp-block-heading\" id=\"meldungen-zum-thema\">Meldungen zum Adventsmarkt 2023<\/h3>\n\n\n<div class=\"display-posts-listing grid\"><div class=\"listing-item\"><a class=\"image\" href=\"https:\/\/heimatverein-nieder-roden.de\/?p=6373\"><img decoding=\"async\" width=\"300\" height=\"55\" src=\"https:\/\/heimatverein-nieder-roden.de\/wp-content\/uploads\/2019\/06\/Rodgau-Zeitung_Titel_Symbolbild-300x55.png\" class=\"attachment-medium size-medium wp-post-image\" alt=\"\" srcset=\"https:\/\/heimatverein-nieder-roden.de\/wp-content\/uploads\/2019\/06\/Rodgau-Zeitung_Titel_Symbolbild-300x55.png 300w, https:\/\/heimatverein-nieder-roden.de\/wp-content\/uploads\/2019\/06\/Rodgau-Zeitung_Titel_Symbolbild-768x142.png 768w, https:\/\/heimatverein-nieder-roden.de\/wp-content\/uploads\/2019\/06\/Rodgau-Zeitung_Titel_Symbolbild-1024x189.png 1024w\" sizes=\"(max-width: 300px) 100vw, 300px\" \/><\/a> <a class=\"title\" href=\"https:\/\/heimatverein-nieder-roden.de\/?p=6373\">&#8222;Adventsmarkt zieht Besucher trotz Regens an&#8220;<\/a> <span class=\"excerpt-dash\">-<\/span> <span class=\"excerpt\">Artikel in der Rodgau-Zeitung vom 15.12.2023. Wir bedanken uns herzlich f\u00fcr die Berichterstattung der Presse!<\/span><\/div><div class=\"listing-item\"><a class=\"image\" href=\"https:\/\/heimatverein-nieder-roden.de\/?p=6342\"><img decoding=\"async\" width=\"300\" height=\"43\" src=\"https:\/\/heimatverein-nieder-roden.de\/wp-content\/uploads\/2019\/06\/Offenbach-Post_Titel_Symbolbild-300x43.png\" class=\"attachment-medium size-medium wp-post-image\" alt=\"\" srcset=\"https:\/\/heimatverein-nieder-roden.de\/wp-content\/uploads\/2019\/06\/Offenbach-Post_Titel_Symbolbild-300x43.png 300w, https:\/\/heimatverein-nieder-roden.de\/wp-content\/uploads\/2019\/06\/Offenbach-Post_Titel_Symbolbild-768x111.png 768w, https:\/\/heimatverein-nieder-roden.de\/wp-content\/uploads\/2019\/06\/Offenbach-Post_Titel_Symbolbild-1024x148.png 1024w\" sizes=\"(max-width: 300px) 100vw, 300px\" \/><\/a> <a class=\"title\" href=\"https:\/\/heimatverein-nieder-roden.de\/?p=6342\">&#8222;Adventsmarkt in Rodgau trotzt dem Regen&#8220;<\/a> <span class=\"excerpt-dash\">-<\/span> <span class=\"excerpt\">Artikel der Offenbach-Post auf OP-Online.de vom 06.12.2023. \nWir bedanken uns herzlich f\u00fcr die Berichterstattung der Presse!<\/span><\/div><div class=\"listing-item\"><a class=\"image\" href=\"https:\/\/heimatverein-nieder-roden.de\/?p=6333\"><img decoding=\"async\" width=\"300\" height=\"96\" src=\"https:\/\/heimatverein-nieder-roden.de\/wp-content\/uploads\/2019\/06\/Rodgau-Post_Titel_Symbolbild-300x96.jpg\" class=\"attachment-medium size-medium wp-post-image\" alt=\"\" srcset=\"https:\/\/heimatverein-nieder-roden.de\/wp-content\/uploads\/2019\/06\/Rodgau-Post_Titel_Symbolbild-300x96.jpg 300w, https:\/\/heimatverein-nieder-roden.de\/wp-content\/uploads\/2019\/06\/Rodgau-Post_Titel_Symbolbild-768x246.jpg 768w, https:\/\/heimatverein-nieder-roden.de\/wp-content\/uploads\/2019\/06\/Rodgau-Post_Titel_Symbolbild-1024x328.jpg 1024w\" sizes=\"(max-width: 300px) 100vw, 300px\" \/><\/a> <a class=\"title\" href=\"https:\/\/heimatverein-nieder-roden.de\/?p=6333\">&#8222;Budenzauber trotzt dem Regen&#8220;<\/a> <span class=\"excerpt-dash\">-<\/span> <span class=\"excerpt\">Artikel in der Rodgau-Post vom 14.12.2023. Wir bedanken uns herzlich f\u00fcr die Berichterstattung der Presse!<\/span><\/div><div class=\"listing-item\"><a class=\"image\" href=\"https:\/\/heimatverein-nieder-roden.de\/?p=6287\"><img decoding=\"async\" width=\"300\" height=\"204\" src=\"https:\/\/heimatverein-nieder-roden.de\/wp-content\/uploads\/2023\/12\/2023-12-09_16-14-15_AKHNR_NRAdventsmarkt2023_WST_20231209_161414-300x204.jpg\" class=\"attachment-medium size-medium wp-post-image\" alt=\"\" srcset=\"https:\/\/heimatverein-nieder-roden.de\/wp-content\/uploads\/2023\/12\/2023-12-09_16-14-15_AKHNR_NRAdventsmarkt2023_WST_20231209_161414-300x204.jpg 300w, https:\/\/heimatverein-nieder-roden.de\/wp-content\/uploads\/2023\/12\/2023-12-09_16-14-15_AKHNR_NRAdventsmarkt2023_WST_20231209_161414-1024x698.jpg 1024w, https:\/\/heimatverein-nieder-roden.de\/wp-content\/uploads\/2023\/12\/2023-12-09_16-14-15_AKHNR_NRAdventsmarkt2023_WST_20231209_161414-768x523.jpg 768w, https:\/\/heimatverein-nieder-roden.de\/wp-content\/uploads\/2023\/12\/2023-12-09_16-14-15_AKHNR_NRAdventsmarkt2023_WST_20231209_161414-1536x1046.jpg 1536w, https:\/\/heimatverein-nieder-roden.de\/wp-content\/uploads\/2023\/12\/2023-12-09_16-14-15_AKHNR_NRAdventsmarkt2023_WST_20231209_161414-2048x1395.jpg 2048w, https:\/\/heimatverein-nieder-roden.de\/wp-content\/uploads\/2023\/12\/2023-12-09_16-14-15_AKHNR_NRAdventsmarkt2023_WST_20231209_161414-836x570.jpg 836w, https:\/\/heimatverein-nieder-roden.de\/wp-content\/uploads\/2023\/12\/2023-12-09_16-14-15_AKHNR_NRAdventsmarkt2023_WST_20231209_161414-560x382.jpg 560w\" sizes=\"(max-width: 300px) 100vw, 300px\" \/><\/a> <a class=\"title\" href=\"https:\/\/heimatverein-nieder-roden.de\/?p=6287\">Adventsmarkt 2023 &#8211; Vielen Dank!<\/a> <span class=\"excerpt-dash\">-<\/span> <span class=\"excerpt\">An alle G\u00e4ste und Helferinnen und Helfer!<\/span><\/div><div class=\"listing-item\"><a class=\"image\" href=\"https:\/\/heimatverein-nieder-roden.de\/?p=6217\"><img decoding=\"async\" width=\"300\" height=\"200\" src=\"https:\/\/heimatverein-nieder-roden.de\/wp-content\/uploads\/2019\/11\/IMG_8398_reduz-2MP-300x200.jpg\" class=\"attachment-medium size-medium wp-post-image\" alt=\"Der Nieder-R\u00f6der Adventsmarkt - Archivaufnahme aus 2015 - \u00a9 Peter Petrat\/AKHNR\" srcset=\"https:\/\/heimatverein-nieder-roden.de\/wp-content\/uploads\/2019\/11\/IMG_8398_reduz-2MP-300x200.jpg 300w, https:\/\/heimatverein-nieder-roden.de\/wp-content\/uploads\/2019\/11\/IMG_8398_reduz-2MP-1024x682.jpg 1024w, https:\/\/heimatverein-nieder-roden.de\/wp-content\/uploads\/2019\/11\/IMG_8398_reduz-2MP-768x512.jpg 768w, https:\/\/heimatverein-nieder-roden.de\/wp-content\/uploads\/2019\/11\/IMG_8398_reduz-2MP-1536x1023.jpg 1536w, https:\/\/heimatverein-nieder-roden.de\/wp-content\/uploads\/2019\/11\/IMG_8398_reduz-2MP-560x373.jpg 560w, https:\/\/heimatverein-nieder-roden.de\/wp-content\/uploads\/2019\/11\/IMG_8398_reduz-2MP.jpg 1732w\" sizes=\"(max-width: 300px) 100vw, 300px\" \/><\/a> <a class=\"title\" href=\"https:\/\/heimatverein-nieder-roden.de\/?p=6217\">Nieder-R\u00f6der Adventsmarkt 2023<\/a> <span class=\"excerpt-dash\">-<\/span> <span class=\"excerpt\">An diesem Wochenende ist es wieder soweit. Der Nieder-R\u00f6der Adventsmarkt lockt seine G\u00e4ste in den Altort - f\u00fcr viele Rodgauer der Weihnachtsmarkt mit der dichtesten Atmosph\u00e4re!<\/span><\/div><div class=\"listing-item\"><a class=\"image\" href=\"https:\/\/heimatverein-nieder-roden.de\/?p=6210\"><img decoding=\"async\" width=\"300\" height=\"133\" src=\"https:\/\/heimatverein-nieder-roden.de\/wp-content\/uploads\/2023\/12\/MVN-Weihnachtskonzerte-2023_Web_Slider-300x133.png\" class=\"attachment-medium size-medium wp-post-image\" alt=\"\" srcset=\"https:\/\/heimatverein-nieder-roden.de\/wp-content\/uploads\/2023\/12\/MVN-Weihnachtskonzerte-2023_Web_Slider-300x133.png 300w, https:\/\/heimatverein-nieder-roden.de\/wp-content\/uploads\/2023\/12\/MVN-Weihnachtskonzerte-2023_Web_Slider-1024x456.png 1024w, https:\/\/heimatverein-nieder-roden.de\/wp-content\/uploads\/2023\/12\/MVN-Weihnachtskonzerte-2023_Web_Slider-768x342.png 768w, https:\/\/heimatverein-nieder-roden.de\/wp-content\/uploads\/2023\/12\/MVN-Weihnachtskonzerte-2023_Web_Slider-1536x683.png 1536w, https:\/\/heimatverein-nieder-roden.de\/wp-content\/uploads\/2023\/12\/MVN-Weihnachtskonzerte-2023_Web_Slider-2048x911.png 2048w, https:\/\/heimatverein-nieder-roden.de\/wp-content\/uploads\/2023\/12\/MVN-Weihnachtskonzerte-2023_Web_Slider-836x372.png 836w, https:\/\/heimatverein-nieder-roden.de\/wp-content\/uploads\/2023\/12\/MVN-Weihnachtskonzerte-2023_Web_Slider-560x249.png 560w\" sizes=\"(max-width: 300px) 100vw, 300px\" \/><\/a> <a class=\"title\" href=\"https:\/\/heimatverein-nieder-roden.de\/?p=6210\">Karten zum Festkonzert und zur &#8222;Big Band Christmas&#8220; beim AKHNR auf dem Adventsmarkt<\/a> <span class=\"excerpt-dash\">-<\/span> <span class=\"excerpt\">Kommt auf den Adventsmarkt und sichert euch eure Tickets!<\/span><\/div><\/div>\n","protected":false},"excerpt":{"rendered":"<p>Der Inhalt dieser Seite wurde urspr\u00fcnglich als Beitrag f\u00fcr den Adventsmarkt 2023 erstellt.Im Rahmen einer Umstrukturierung wurde er im Dezember 2024 als eigene Seite angelegt. Nach zwei Jahre Abstinenz ist es wieder soweit: am 2. Adventswochenende lockt der Nieder-R\u00f6der Adventsmarkt wieder seine Freunde &#8211; f\u00fcr viele Rodgauer der Weihnachtsmarkt mit der dichtesten Atmosph\u00e4re! \u00d6ffnungszeiten und &hellip; <\/p>\n<p><a class=\"more-link btn\" href=\"https:\/\/heimatverein-nieder-roden.de\/?p=6210\">Weiterlesen<\/a><\/p><p><a class=\"more-link btn\" href=\"https:\/\/heimatverein-nieder-roden.de\/?p=6210\">Weiterlesen<\/a><\/p>\n","protected":false},"author":1,"featured_media":0,"parent":7761,"menu_order":0,"comment_status":"closed","ping_status":"closed","template":"","meta":{"_coblocks_attr":"","_coblocks_dimensions":"","_coblocks_responsive_height":"","_coblocks_accordion_ie_support":"","footnotes":""},"class_list":["post-7780","page","type-page","status-publish","hentry","nodate"],"publishpress_future_action":{"enabled":false,"date":"2026-05-06 21:38:26","action":"change-status","newStatus":"draft","terms":[],"taxonomy":"","extraData":[]},"publishpress_future_workflow_manual_trigger":{"enabledWorkflows":[]},"_links":{"self":[{"href":"https:\/\/heimatverein-nieder-roden.de\/index.php?rest_route=\/wp\/v2\/pages\/7780","targetHints":{"allow":["GET"]}}],"collection":[{"href":"https:\/\/heimatverein-nieder-roden.de\/index.php?rest_route=\/wp\/v2\/pages"}],"about":[{"href":"https:\/\/heimatverein-nieder-roden.de\/index.php?rest_route=\/wp\/v2\/types\/page"}],"author":[{"embeddable":true,"href":"https:\/\/heimatverein-nieder-roden.de\/index.php?rest_route=\/wp\/v2\/users\/1"}],"replies":[{"embeddable":true,"href":"https:\/\/heimatverein-nieder-roden.de\/index.php?rest_route=%2Fwp%2Fv2%2Fcomments&post=7780"}],"version-history":[{"count":4,"href":"https:\/\/heimatverein-nieder-roden.de\/index.php?rest_route=\/wp\/v2\/pages\/7780\/revisions"}],"predecessor-version":[{"id":7784,"href":"https:\/\/heimatverein-nieder-roden.de\/index.php?rest_route=\/wp\/v2\/pages\/7780\/revisions\/7784"}],"up":[{"embeddable":true,"href":"https:\/\/heimatverein-nieder-roden.de\/index.php?rest_route=\/wp\/v2\/pages\/7761"}],"wp:attachment":[{"href":"https:\/\/heimatverein-nieder-roden.de\/index.php?rest_route=%2Fwp%2Fv2%2Fmedia&parent=7780"}],"curies":[{"name":"wp","href":"https:\/\/api.w.org\/{rel}","templated":true}]}}