{"id":7761,"date":"2024-12-01T12:40:44","date_gmt":"2024-12-01T11:40:44","guid":{"rendered":"https:\/\/heimatverein-nieder-roden.de\/?page_id=7761"},"modified":"2025-12-11T00:23:59","modified_gmt":"2025-12-10T23:23:59","slug":"nieder-roeder-adventsmarkt","status":"publish","type":"page","link":"https:\/\/heimatverein-nieder-roden.de\/?page_id=7761","title":{"rendered":"Nieder-R\u00f6der Adventsmarkt"},"content":{"rendered":"\n<p>Der Nieder-R\u00f6der Adventsmarkt am 2. Adventswochenende ist ein fester Termin im Jahreskalender des AKHNR.<\/p>\n\n\n\n<p class=\"is-style-info\">Update 04.12.2025, 15:26 Uhr:<br>Wir haben den Lageplan hinzugef\u00fcgt. <br>Infos zum Handwerksmarkt mit Verlinkung auf Artikel hinzugef\u00fcgt.<\/p>\n\n\n\n<div class=\"wp-block-columns is-layout-flex wp-container-core-columns-is-layout-9d6595d7 wp-block-columns-is-layout-flex\">\n<div class=\"wp-block-column is-layout-flow wp-block-column-is-layout-flow\">\n<div class=\"wp-block-media-text is-stacked-on-mobile is-image-fill-element has-white-color has-text-color has-background has-link-color wp-elements-bf034c4388fd276ffe9995f5b20dd546\" style=\"background-color:#932418\"><figure class=\"wp-block-media-text__media\"><a href=\"#einleitung\"><img decoding=\"async\" width=\"1024\" height=\"770\" src=\"https:\/\/heimatverein-nieder-roden.de\/wp-content\/uploads\/2025\/12\/2025-12-07_16-57-15_AKHNR_Adventsmarkt2025_PXL_20251207_155715381_WZ-1024x770.jpg\" alt=\"\" class=\"wp-image-8484 size-full\" style=\"object-position:50% 50%\" srcset=\"https:\/\/heimatverein-nieder-roden.de\/wp-content\/uploads\/2025\/12\/2025-12-07_16-57-15_AKHNR_Adventsmarkt2025_PXL_20251207_155715381_WZ-1024x770.jpg 1024w, https:\/\/heimatverein-nieder-roden.de\/wp-content\/uploads\/2025\/12\/2025-12-07_16-57-15_AKHNR_Adventsmarkt2025_PXL_20251207_155715381_WZ-300x226.jpg 300w, https:\/\/heimatverein-nieder-roden.de\/wp-content\/uploads\/2025\/12\/2025-12-07_16-57-15_AKHNR_Adventsmarkt2025_PXL_20251207_155715381_WZ-768x578.jpg 768w, https:\/\/heimatverein-nieder-roden.de\/wp-content\/uploads\/2025\/12\/2025-12-07_16-57-15_AKHNR_Adventsmarkt2025_PXL_20251207_155715381_WZ-836x629.jpg 836w, https:\/\/heimatverein-nieder-roden.de\/wp-content\/uploads\/2025\/12\/2025-12-07_16-57-15_AKHNR_Adventsmarkt2025_PXL_20251207_155715381_WZ-560x421.jpg 560w, https:\/\/heimatverein-nieder-roden.de\/wp-content\/uploads\/2025\/12\/2025-12-07_16-57-15_AKHNR_Adventsmarkt2025_PXL_20251207_155715381_WZ.jpg 1280w\" sizes=\"(max-width: 1024px) 100vw, 1024px\" \/><\/a><\/figure><div class=\"wp-block-media-text__content\">\n<p class=\"has-text-align-left is-style-default has-regular-font-size\"><strong><a href=\"#einleitung\">Was macht unseren Adventsmarkt aus?<\/a><\/strong><\/p>\n<\/div><\/div>\n<\/div>\n\n\n\n<div class=\"wp-block-column is-layout-flow wp-block-column-is-layout-flow\">\n<div class=\"wp-block-media-text is-stacked-on-mobile is-vertically-aligned-center is-image-fill-element has-white-color has-text-color has-background has-link-color wp-elements-82495251d7ec97a70e5886184e7bc8ac\" style=\"background-color:#932418\"><figure class=\"wp-block-media-text__media\"><a href=\"#alle-infos\"><img decoding=\"async\" width=\"1024\" height=\"770\" src=\"https:\/\/heimatverein-nieder-roden.de\/wp-content\/uploads\/2025\/12\/2025-12-06_18-48-11_AKHNR_Adventsmarkt2025_PXL_20251206_174811849_WZ-1024x770.jpg\" alt=\"\" class=\"wp-image-8493 size-full\" style=\"object-position:50% 50%\" srcset=\"https:\/\/heimatverein-nieder-roden.de\/wp-content\/uploads\/2025\/12\/2025-12-06_18-48-11_AKHNR_Adventsmarkt2025_PXL_20251206_174811849_WZ-1024x770.jpg 1024w, https:\/\/heimatverein-nieder-roden.de\/wp-content\/uploads\/2025\/12\/2025-12-06_18-48-11_AKHNR_Adventsmarkt2025_PXL_20251206_174811849_WZ-300x226.jpg 300w, https:\/\/heimatverein-nieder-roden.de\/wp-content\/uploads\/2025\/12\/2025-12-06_18-48-11_AKHNR_Adventsmarkt2025_PXL_20251206_174811849_WZ-768x578.jpg 768w, https:\/\/heimatverein-nieder-roden.de\/wp-content\/uploads\/2025\/12\/2025-12-06_18-48-11_AKHNR_Adventsmarkt2025_PXL_20251206_174811849_WZ-836x629.jpg 836w, https:\/\/heimatverein-nieder-roden.de\/wp-content\/uploads\/2025\/12\/2025-12-06_18-48-11_AKHNR_Adventsmarkt2025_PXL_20251206_174811849_WZ-560x421.jpg 560w, https:\/\/heimatverein-nieder-roden.de\/wp-content\/uploads\/2025\/12\/2025-12-06_18-48-11_AKHNR_Adventsmarkt2025_PXL_20251206_174811849_WZ.jpg 1280w\" sizes=\"(max-width: 1024px) 100vw, 1024px\" \/><\/a><\/figure><div class=\"wp-block-media-text__content\">\n<p class=\"has-regular-font-size\"><strong><a href=\"#alle-infos\">Alle Infos zum <\/a><\/strong><br><strong><a href=\"#alle-infos\">Adventsmarkt 2025<\/a><\/strong><\/p>\n<\/div><\/div>\n<\/div>\n<\/div>\n\n\n\n<div class=\"wp-block-columns is-layout-flex wp-container-core-columns-is-layout-9d6595d7 wp-block-columns-is-layout-flex\">\n<div class=\"wp-block-column is-layout-flow wp-block-column-is-layout-flow\">\n<div class=\"wp-block-media-text is-stacked-on-mobile is-image-fill-element has-white-color has-text-color has-background has-link-color wp-elements-245b64160e591cf96d8b27b8d5929e9f\" style=\"background-color:#932418\"><figure class=\"wp-block-media-text__media\"><a href=\"#handwerksmarkt\"><img decoding=\"async\" width=\"1024\" height=\"770\" src=\"https:\/\/heimatverein-nieder-roden.de\/wp-content\/uploads\/2025\/12\/2025-12-06_21-38-20_AKHNR_Adventsmarkt2025_PXL_20251206_203820078.MP_WZ-1024x770.jpg\" alt=\"\" class=\"wp-image-8491 size-full\" style=\"object-position:50% 50%\" srcset=\"https:\/\/heimatverein-nieder-roden.de\/wp-content\/uploads\/2025\/12\/2025-12-06_21-38-20_AKHNR_Adventsmarkt2025_PXL_20251206_203820078.MP_WZ-1024x770.jpg 1024w, https:\/\/heimatverein-nieder-roden.de\/wp-content\/uploads\/2025\/12\/2025-12-06_21-38-20_AKHNR_Adventsmarkt2025_PXL_20251206_203820078.MP_WZ-300x226.jpg 300w, https:\/\/heimatverein-nieder-roden.de\/wp-content\/uploads\/2025\/12\/2025-12-06_21-38-20_AKHNR_Adventsmarkt2025_PXL_20251206_203820078.MP_WZ-768x578.jpg 768w, https:\/\/heimatverein-nieder-roden.de\/wp-content\/uploads\/2025\/12\/2025-12-06_21-38-20_AKHNR_Adventsmarkt2025_PXL_20251206_203820078.MP_WZ-836x629.jpg 836w, https:\/\/heimatverein-nieder-roden.de\/wp-content\/uploads\/2025\/12\/2025-12-06_21-38-20_AKHNR_Adventsmarkt2025_PXL_20251206_203820078.MP_WZ-560x421.jpg 560w, https:\/\/heimatverein-nieder-roden.de\/wp-content\/uploads\/2025\/12\/2025-12-06_21-38-20_AKHNR_Adventsmarkt2025_PXL_20251206_203820078.MP_WZ.jpg 1280w\" sizes=\"(max-width: 1024px) 100vw, 1024px\" \/><\/a><\/figure><div class=\"wp-block-media-text__content\">\n<p><a href=\"#handwerksmarkt\"><strong>Handwerksmarkt <\/strong><\/a><br><a href=\"#handwerksmarkt\"><strong>im Pfarrheim<\/strong><\/a><\/p>\n<\/div><\/div>\n<\/div>\n\n\n\n<div class=\"wp-block-column is-layout-flow wp-block-column-is-layout-flow\">\n<div class=\"wp-block-media-text is-stacked-on-mobile is-image-fill-element has-white-color has-text-color has-background has-link-color wp-elements-8d38e1c8fad74265949e05edd2c34a84\" style=\"background-color:#932418\"><figure class=\"wp-block-media-text__media\"><a href=\"#akhnr\"><img decoding=\"async\" width=\"1024\" height=\"770\" src=\"https:\/\/heimatverein-nieder-roden.de\/wp-content\/uploads\/2025\/12\/2025-12-07_13-58-50_AKHNR_Adventsmarkt2025_PXL_20251207_125850929_WZ-1024x770.jpg\" alt=\"\" class=\"wp-image-8489 size-full\" style=\"object-position:50% 50%\" srcset=\"https:\/\/heimatverein-nieder-roden.de\/wp-content\/uploads\/2025\/12\/2025-12-07_13-58-50_AKHNR_Adventsmarkt2025_PXL_20251207_125850929_WZ-1024x770.jpg 1024w, https:\/\/heimatverein-nieder-roden.de\/wp-content\/uploads\/2025\/12\/2025-12-07_13-58-50_AKHNR_Adventsmarkt2025_PXL_20251207_125850929_WZ-300x226.jpg 300w, https:\/\/heimatverein-nieder-roden.de\/wp-content\/uploads\/2025\/12\/2025-12-07_13-58-50_AKHNR_Adventsmarkt2025_PXL_20251207_125850929_WZ-768x578.jpg 768w, https:\/\/heimatverein-nieder-roden.de\/wp-content\/uploads\/2025\/12\/2025-12-07_13-58-50_AKHNR_Adventsmarkt2025_PXL_20251207_125850929_WZ-836x629.jpg 836w, https:\/\/heimatverein-nieder-roden.de\/wp-content\/uploads\/2025\/12\/2025-12-07_13-58-50_AKHNR_Adventsmarkt2025_PXL_20251207_125850929_WZ-560x421.jpg 560w, https:\/\/heimatverein-nieder-roden.de\/wp-content\/uploads\/2025\/12\/2025-12-07_13-58-50_AKHNR_Adventsmarkt2025_PXL_20251207_125850929_WZ.jpg 1280w\" sizes=\"(max-width: 1024px) 100vw, 1024px\" \/><\/a><\/figure><div class=\"wp-block-media-text__content\">\n<p><strong><a href=\"#akhnr\">Angebot des Heimatvereins<\/a><\/strong><\/p>\n<\/div><\/div>\n<\/div>\n<\/div>\n\n\n\n<div class=\"wp-block-columns is-layout-flex wp-container-core-columns-is-layout-9d6595d7 wp-block-columns-is-layout-flex\">\n<div class=\"wp-block-column is-layout-flow wp-block-column-is-layout-flow\">\n<div class=\"wp-block-media-text is-stacked-on-mobile is-image-fill-element has-white-color has-text-color has-background has-link-color wp-elements-23be4bb4e234e80e754581a1d4a79c3b\" style=\"background-color:#932418\"><figure class=\"wp-block-media-text__media\"><a href=\"#oeffnungszeiten\"><img decoding=\"async\" width=\"706\" height=\"429\" src=\"https:\/\/heimatverein-nieder-roden.de\/wp-content\/uploads\/2025\/12\/NR-Adventsmarkt-2025_Plakat_beschnitten_1080_quer.jpg\" alt=\"\" class=\"wp-image-8523 size-full\" style=\"object-position:0% 65%\" srcset=\"https:\/\/heimatverein-nieder-roden.de\/wp-content\/uploads\/2025\/12\/NR-Adventsmarkt-2025_Plakat_beschnitten_1080_quer.jpg 706w, https:\/\/heimatverein-nieder-roden.de\/wp-content\/uploads\/2025\/12\/NR-Adventsmarkt-2025_Plakat_beschnitten_1080_quer-300x182.jpg 300w, https:\/\/heimatverein-nieder-roden.de\/wp-content\/uploads\/2025\/12\/NR-Adventsmarkt-2025_Plakat_beschnitten_1080_quer-560x340.jpg 560w\" sizes=\"(max-width: 706px) 100vw, 706px\" \/><\/a><\/figure><div class=\"wp-block-media-text__content\">\n<p><strong><a href=\"http:\/\/oeffnungszeiten\">\u00d6ffnungszeiten<\/a><\/strong><\/p>\n<\/div><\/div>\n<\/div>\n\n\n\n<div class=\"wp-block-column is-layout-flow wp-block-column-is-layout-flow\">\n<div class=\"wp-block-media-text is-stacked-on-mobile is-image-fill-element has-white-color has-text-color has-background has-link-color wp-elements-9201a78c5efbdffafe96fc5baa332321\" style=\"background-color:#932418\"><figure class=\"wp-block-media-text__media\"><a href=\"#lageplan\"><img decoding=\"async\" width=\"1024\" height=\"725\" src=\"https:\/\/heimatverein-nieder-roden.de\/wp-content\/uploads\/2025\/12\/NRAdventsmarkt2025-Lageplan_v1.0_Uebersicht-1024x725.png\" alt=\"\" class=\"wp-image-8455 size-full\" style=\"object-position:100% 60%\" srcset=\"https:\/\/heimatverein-nieder-roden.de\/wp-content\/uploads\/2025\/12\/NRAdventsmarkt2025-Lageplan_v1.0_Uebersicht-1024x725.png 1024w, https:\/\/heimatverein-nieder-roden.de\/wp-content\/uploads\/2025\/12\/NRAdventsmarkt2025-Lageplan_v1.0_Uebersicht-300x212.png 300w, https:\/\/heimatverein-nieder-roden.de\/wp-content\/uploads\/2025\/12\/NRAdventsmarkt2025-Lageplan_v1.0_Uebersicht-768x543.png 768w, https:\/\/heimatverein-nieder-roden.de\/wp-content\/uploads\/2025\/12\/NRAdventsmarkt2025-Lageplan_v1.0_Uebersicht-1536x1087.png 1536w, https:\/\/heimatverein-nieder-roden.de\/wp-content\/uploads\/2025\/12\/NRAdventsmarkt2025-Lageplan_v1.0_Uebersicht-836x592.png 836w, https:\/\/heimatverein-nieder-roden.de\/wp-content\/uploads\/2025\/12\/NRAdventsmarkt2025-Lageplan_v1.0_Uebersicht-560x396.png 560w, https:\/\/heimatverein-nieder-roden.de\/wp-content\/uploads\/2025\/12\/NRAdventsmarkt2025-Lageplan_v1.0_Uebersicht.png 1587w\" sizes=\"(max-width: 1024px) 100vw, 1024px\" \/><\/a><\/figure><div class=\"wp-block-media-text__content\">\n<p><a href=\"#lageplan\"><strong>Lageplan<\/strong> <strong>der Buden und St\u00e4nde<\/strong><\/a><\/p>\n<\/div><\/div>\n<\/div>\n<\/div>\n\n\n\n<div class=\"wp-block-columns is-layout-flex wp-container-core-columns-is-layout-9d6595d7 wp-block-columns-is-layout-flex\">\n<div class=\"wp-block-column is-layout-flow wp-block-column-is-layout-flow\">\n<div class=\"wp-block-media-text is-stacked-on-mobile is-image-fill-element has-white-color has-text-color has-background has-link-color wp-elements-31d58d87a54ca1ef51f59f779f2e22c4\" style=\"background-color:#932418\"><figure class=\"wp-block-media-text__media\"><a href=\"#programm\"><img decoding=\"async\" width=\"1024\" height=\"770\" src=\"https:\/\/heimatverein-nieder-roden.de\/wp-content\/uploads\/2025\/12\/2025-12-06_17-00-34_AKHNR_Adventsmarkt2025_PXL_20251206_160034070_WZ-1024x770.jpg\" alt=\"\" class=\"wp-image-8500 size-full\" style=\"object-position:50% 50%\" srcset=\"https:\/\/heimatverein-nieder-roden.de\/wp-content\/uploads\/2025\/12\/2025-12-06_17-00-34_AKHNR_Adventsmarkt2025_PXL_20251206_160034070_WZ-1024x770.jpg 1024w, https:\/\/heimatverein-nieder-roden.de\/wp-content\/uploads\/2025\/12\/2025-12-06_17-00-34_AKHNR_Adventsmarkt2025_PXL_20251206_160034070_WZ-300x226.jpg 300w, https:\/\/heimatverein-nieder-roden.de\/wp-content\/uploads\/2025\/12\/2025-12-06_17-00-34_AKHNR_Adventsmarkt2025_PXL_20251206_160034070_WZ-768x578.jpg 768w, https:\/\/heimatverein-nieder-roden.de\/wp-content\/uploads\/2025\/12\/2025-12-06_17-00-34_AKHNR_Adventsmarkt2025_PXL_20251206_160034070_WZ-836x629.jpg 836w, https:\/\/heimatverein-nieder-roden.de\/wp-content\/uploads\/2025\/12\/2025-12-06_17-00-34_AKHNR_Adventsmarkt2025_PXL_20251206_160034070_WZ-560x421.jpg 560w, https:\/\/heimatverein-nieder-roden.de\/wp-content\/uploads\/2025\/12\/2025-12-06_17-00-34_AKHNR_Adventsmarkt2025_PXL_20251206_160034070_WZ.jpg 1280w\" sizes=\"(max-width: 1024px) 100vw, 1024px\" \/><\/a><\/figure><div class=\"wp-block-media-text__content\">\n<p><strong><a href=\"#programm\">Begleitprogramm<\/a><\/strong><\/p>\n<\/div><\/div>\n<\/div>\n\n\n\n<div class=\"wp-block-column is-layout-flow wp-block-column-is-layout-flow\">\n<div class=\"wp-block-media-text is-stacked-on-mobile is-image-fill-element has-white-color has-text-color has-background has-link-color wp-elements-1d3b45da52529450c59f6914f8d5a9d1\" style=\"background-color:#932418\"><figure class=\"wp-block-media-text__media\"><a href=\"#meldungen\"><img decoding=\"async\" width=\"1024\" height=\"576\" src=\"https:\/\/heimatverein-nieder-roden.de\/wp-content\/uploads\/2024\/12\/AKHNR_Adventsmarkt-2024_Website_MeldungenBeitraege_Symbolbild_blurred-1024x576.jpg\" alt=\"\" class=\"wp-image-7773 size-full\" style=\"object-position:50% 50%\" srcset=\"https:\/\/heimatverein-nieder-roden.de\/wp-content\/uploads\/2024\/12\/AKHNR_Adventsmarkt-2024_Website_MeldungenBeitraege_Symbolbild_blurred-1024x576.jpg 1024w, https:\/\/heimatverein-nieder-roden.de\/wp-content\/uploads\/2024\/12\/AKHNR_Adventsmarkt-2024_Website_MeldungenBeitraege_Symbolbild_blurred-300x169.jpg 300w, https:\/\/heimatverein-nieder-roden.de\/wp-content\/uploads\/2024\/12\/AKHNR_Adventsmarkt-2024_Website_MeldungenBeitraege_Symbolbild_blurred-768x432.jpg 768w, https:\/\/heimatverein-nieder-roden.de\/wp-content\/uploads\/2024\/12\/AKHNR_Adventsmarkt-2024_Website_MeldungenBeitraege_Symbolbild_blurred-836x470.jpg 836w, https:\/\/heimatverein-nieder-roden.de\/wp-content\/uploads\/2024\/12\/AKHNR_Adventsmarkt-2024_Website_MeldungenBeitraege_Symbolbild_blurred-560x315.jpg 560w, https:\/\/heimatverein-nieder-roden.de\/wp-content\/uploads\/2024\/12\/AKHNR_Adventsmarkt-2024_Website_MeldungenBeitraege_Symbolbild_blurred.jpg 1280w\" sizes=\"(max-width: 1024px) 100vw, 1024px\" \/><\/a><\/figure><div class=\"wp-block-media-text__content\">\n<p><strong><a href=\"#meldungen\">Meldungen und Beitr\u00e4ge<\/a><\/strong><\/p>\n<\/div><\/div>\n<\/div>\n<\/div>\n\n\n\n<h1 class=\"wp-block-heading\">Inhaltsverzeichnis<\/h1>\n\n\n<div id=\"ez-toc-container\" class=\"ez-toc-v2_0_82_2 counter-hierarchy ez-toc-counter ez-toc-custom ez-toc-container-direction\">\n<nav><ul class='ez-toc-list ez-toc-list-level-1 ' ><li class='ez-toc-page-1 ez-toc-heading-level-1'><a class=\"ez-toc-link ez-toc-heading-1\" href=\"https:\/\/heimatverein-nieder-roden.de\/?page_id=7761\/#Inhaltsverzeichnis\" >Inhaltsverzeichnis<\/a><\/li><li class='ez-toc-page-1 ez-toc-heading-level-1'><a class=\"ez-toc-link ez-toc-heading-2\" href=\"https:\/\/heimatverein-nieder-roden.de\/?page_id=7761\/#Was_macht_unseren_Adventsmarkt_aus\" >Was macht unseren Adventsmarkt aus?<\/a><\/li><li class='ez-toc-page-1 ez-toc-heading-level-1'><a class=\"ez-toc-link ez-toc-heading-3\" href=\"https:\/\/heimatverein-nieder-roden.de\/?page_id=7761\/#Alle_Infos_zum_Nieder-Roeder_Adventsmarkt_2025\" >Alle Infos zum Nieder-R\u00f6der Adventsmarkt 2025<\/a><ul class='ez-toc-list-level-2' ><li class='ez-toc-heading-level-2'><a class=\"ez-toc-link ez-toc-heading-4\" href=\"https:\/\/heimatverein-nieder-roden.de\/?page_id=7761\/#Oeffnungszeiten\" >\u00d6ffnungszeiten<\/a><\/li><li class='ez-toc-page-1 ez-toc-heading-level-2'><a class=\"ez-toc-link ez-toc-heading-5\" href=\"https:\/\/heimatverein-nieder-roden.de\/?page_id=7761\/#Lageplan\" >Lageplan<\/a><\/li><li class='ez-toc-page-1 ez-toc-heading-level-2'><a class=\"ez-toc-link ez-toc-heading-6\" href=\"https:\/\/heimatverein-nieder-roden.de\/?page_id=7761\/#Neu_Handwerksmarkt_im_Pfarrheim\" >Neu: Handwerksmarkt im Pfarrheim<\/a><\/li><li class='ez-toc-page-1 ez-toc-heading-level-2'><a class=\"ez-toc-link ez-toc-heading-7\" href=\"https:\/\/heimatverein-nieder-roden.de\/?page_id=7761\/#Begleitprogramm\" >Begleitprogramm<\/a><ul class='ez-toc-list-level-3' ><li class='ez-toc-heading-level-3'><a class=\"ez-toc-link ez-toc-heading-8\" href=\"https:\/\/heimatverein-nieder-roden.de\/?page_id=7761\/#Samstag_6_Dezember\" >Samstag, 6. Dezember<\/a><\/li><li class='ez-toc-page-1 ez-toc-heading-level-3'><a class=\"ez-toc-link ez-toc-heading-9\" href=\"https:\/\/heimatverein-nieder-roden.de\/?page_id=7761\/#Sonntag_7_Dezember\" >Sonntag, 7. Dezember<\/a><\/li><\/ul><\/li><li class='ez-toc-page-1 ez-toc-heading-level-2'><a class=\"ez-toc-link ez-toc-heading-10\" href=\"https:\/\/heimatverein-nieder-roden.de\/?page_id=7761\/#Angebot_des_AKHNR\" >Angebot des AKHNR<\/a><ul class='ez-toc-list-level-3' ><li class='ez-toc-heading-level-3'><a class=\"ez-toc-link ez-toc-heading-11\" href=\"https:\/\/heimatverein-nieder-roden.de\/?page_id=7761\/#Heissbegehrt_Unser_bekannter_Wildgulasch\" >Hei\u00dfbegehrt: Unser bekannter Wildgulasch<\/a><\/li><li class='ez-toc-page-1 ez-toc-heading-level-3'><a class=\"ez-toc-link ez-toc-heading-12\" href=\"https:\/\/heimatverein-nieder-roden.de\/?page_id=7761\/#Exklusiv_auf_dem_Adventsmarkt_%E2%80%9EDer_Strumpfdieb_von_Nieder-Roden%E2%80%9C\" >Exklusiv auf dem Adventsmarkt:  &#8222;Der Strumpfdieb von Nieder-Roden&#8220;<\/a><\/li><li class='ez-toc-page-1 ez-toc-heading-level-3'><a class=\"ez-toc-link ez-toc-heading-13\" href=\"https:\/\/heimatverein-nieder-roden.de\/?page_id=7761\/#Buchpakete_der_Heimatbibliothek\" >Buchpakete der Heimatbibliothek<\/a><\/li><li class='ez-toc-page-1 ez-toc-heading-level-3'><a class=\"ez-toc-link ez-toc-heading-14\" href=\"https:\/\/heimatverein-nieder-roden.de\/?page_id=7761\/#Buch_%E2%80%9E125_Jahre_Rodgaubahn%E2%80%9C\" >Buch &#8222;125 Jahre Rodgaubahn&#8220;<\/a><\/li><li class='ez-toc-page-1 ez-toc-heading-level-3'><a class=\"ez-toc-link ez-toc-heading-15\" href=\"https:\/\/heimatverein-nieder-roden.de\/?page_id=7761\/#Magnetschmuck_mit_Nieder-Roeder_Motiven\" >Magnetschmuck mit Nieder-R\u00f6der Motiven<\/a><\/li><\/ul><\/li><li class='ez-toc-page-1 ez-toc-heading-level-2'><a class=\"ez-toc-link ez-toc-heading-16\" href=\"https:\/\/heimatverein-nieder-roden.de\/?page_id=7761\/#Meldungen_zum_Adventsmarkt_2025\" >Meldungen zum Adventsmarkt 2025<\/a><\/li><\/ul><\/li><\/ul><\/nav><\/div>\n\n\n\n\n<div style=\"height:76px\" aria-hidden=\"true\" id=\"einleitung\" class=\"wp-block-spacer\"><\/div>\n\n\n\n<h1 class=\"wp-block-heading\">Was macht unseren Adventsmarkt aus?<\/h1>\n\n\n<div class=\"wp-block-image\">\n<figure class=\"aligncenter size-large is-resized\"><a href=\"https:\/\/heimatverein-nieder-roden.de\/wp-content\/uploads\/2019\/12\/2015-12-06_14-16-28_NRAdventsmarkt-2015_Petrat_IMG_8403.jpg\"><img decoding=\"async\" width=\"1024\" height=\"683\" src=\"https:\/\/heimatverein-nieder-roden.de\/wp-content\/uploads\/2019\/12\/2015-12-06_14-16-28_NRAdventsmarkt-2015_Petrat_IMG_8403-1024x683.jpg\" alt=\"\" class=\"wp-image-1999\" style=\"width:528px;height:auto\" srcset=\"https:\/\/heimatverein-nieder-roden.de\/wp-content\/uploads\/2019\/12\/2015-12-06_14-16-28_NRAdventsmarkt-2015_Petrat_IMG_8403-1024x683.jpg 1024w, https:\/\/heimatverein-nieder-roden.de\/wp-content\/uploads\/2019\/12\/2015-12-06_14-16-28_NRAdventsmarkt-2015_Petrat_IMG_8403-300x200.jpg 300w, https:\/\/heimatverein-nieder-roden.de\/wp-content\/uploads\/2019\/12\/2015-12-06_14-16-28_NRAdventsmarkt-2015_Petrat_IMG_8403-768x512.jpg 768w, https:\/\/heimatverein-nieder-roden.de\/wp-content\/uploads\/2019\/12\/2015-12-06_14-16-28_NRAdventsmarkt-2015_Petrat_IMG_8403-1536x1024.jpg 1536w, https:\/\/heimatverein-nieder-roden.de\/wp-content\/uploads\/2019\/12\/2015-12-06_14-16-28_NRAdventsmarkt-2015_Petrat_IMG_8403-560x373.jpg 560w, https:\/\/heimatverein-nieder-roden.de\/wp-content\/uploads\/2019\/12\/2015-12-06_14-16-28_NRAdventsmarkt-2015_Petrat_IMG_8403.jpg 1620w\" sizes=\"(max-width: 1024px) 100vw, 1024px\" \/><\/a><figcaption class=\"wp-element-caption\">Der Nieder-R\u00f6der Adventsmarkt auf dem Kirchplatz. Aufnahme aus dem Jahr 2015.<br>\u00a9Petrat\/AKHNR<\/figcaption><\/figure>\n<\/div>\n\n\n<p>W\u00e4hrend der AKHNR bis vor einigen Jahren sogar selbst Ausrichter des Marktes war, wird er heute organisiert von der Katholischen Pfarrgemeinde St. Matthias.<\/p>\n\n\n<div class=\"wp-block-image\">\n<figure class=\"aligncenter size-full is-resized has-lightbox\"><a href=\"https:\/\/sanktmatthias.de\" target=\"_blank\" rel=\" noreferrer noopener\"><img decoding=\"async\" width=\"314\" height=\"307\" src=\"https:\/\/heimatverein-nieder-roden.de\/wp-content\/uploads\/2023\/08\/Pfarrgemeinde-St-Matthias-Nieder-Roden_Logo-Pfarrbote.png\" alt=\"\" class=\"wp-image-5638\" style=\"width:300px;height:auto\" srcset=\"https:\/\/heimatverein-nieder-roden.de\/wp-content\/uploads\/2023\/08\/Pfarrgemeinde-St-Matthias-Nieder-Roden_Logo-Pfarrbote.png 314w, https:\/\/heimatverein-nieder-roden.de\/wp-content\/uploads\/2023\/08\/Pfarrgemeinde-St-Matthias-Nieder-Roden_Logo-Pfarrbote-300x293.png 300w\" sizes=\"(max-width: 314px) 100vw, 314px\" \/><\/a><figcaption class=\"wp-element-caption\">Logo der Pfarrgemeinde St. Matthias Nieder-Roden &#8211; mit einem Klick gelangen Sie auf die Internetseite.<\/figcaption><\/figure>\n<\/div>\n\n\n<p class=\"has-text-align-center has-background\" style=\"background-color:#fff387\"><strong>Falls Sie Fragen zur Organisation des Marktes haben wenden Sie sich bitte direkt an:<br>adventsmarkt@sanktmatthias.de <\/strong><\/p>\n\n\n\n<div class=\"wp-block-buttons is-content-justification-center is-layout-flex wp-container-core-buttons-is-layout-16018d1d wp-block-buttons-is-layout-flex\">\n<div class=\"wp-block-button is-style-circular\"><a class=\"wp-block-button__link has-background wp-element-button\" href=\"mailto:adventsmarkt@sanktmatthias.de?subject=Anfrage%20zum%20Nieder-R%C3%B6der%20Adventsmarkt&amp;body=Hallo%20liebes%20Orga-Team%20des%20Nieder-R%C3%B6der%20Adventsmarktes%2C%0D%0A%0D%0Aich%20habe%20folgendes%20Anliegen%3A\" style=\"background-color:#932418\" target=\"_blank\" rel=\"noreferrer noopener\">Kontakt zu den Organisatoren<\/a><\/div>\n<\/div>\n\n\n\n<p>Die Buden und St\u00e4nde dr\u00e4ngen sich auf dem Kirchplatz, in Turm- und Schulstra\u00dfe, um die Sankt Matthias Kirche, das Pfarrheim und das Heimatmuseum im alten Ortskern von Nieder-Roden. Dabei sorgen sie f\u00fcr eine einzigartige Atmosph\u00e4re wie es sie in Rodgau kein zweites Mal gibt.<\/p>\n\n\n\n<figure class=\"wp-block-gallery has-nested-images columns-5 is-cropped wp-block-gallery-1 is-layout-flex wp-block-gallery-is-layout-flex\">\n<figure class=\"wp-block-image size-thumbnail\"><a href=\"https:\/\/heimatverein-nieder-roden.de\/wp-content\/uploads\/2019\/12\/2015-12-07_04-47-09_NRAdventsmarkt-2015_Petrat_4U5B4469-1024x683.jpg\"><img decoding=\"async\" width=\"150\" height=\"150\" data-id=\"2006\" src=\"https:\/\/heimatverein-nieder-roden.de\/wp-content\/uploads\/2019\/12\/2015-12-07_04-47-09_NRAdventsmarkt-2015_Petrat_4U5B4469-150x150.jpg\" alt=\"\" class=\"wp-image-2006\"\/><\/a><\/figure>\n\n\n\n<figure class=\"wp-block-image size-thumbnail\"><a href=\"https:\/\/heimatverein-nieder-roden.de\/wp-content\/uploads\/2019\/12\/2015-12-07_04-46-48_NRAdventsmarkt-2015_Petrat_4U5B4450-683x1024.jpg\"><img decoding=\"async\" width=\"150\" height=\"150\" data-id=\"2005\" src=\"https:\/\/heimatverein-nieder-roden.de\/wp-content\/uploads\/2019\/12\/2015-12-07_04-46-48_NRAdventsmarkt-2015_Petrat_4U5B4450-150x150.jpg\" alt=\"\" class=\"wp-image-2005\"\/><\/a><\/figure>\n\n\n\n<figure class=\"wp-block-image size-thumbnail\"><a href=\"https:\/\/heimatverein-nieder-roden.de\/wp-content\/uploads\/2019\/12\/2015-12-07_04-46-40_NRAdventsmarkt-2015_Petrat_4U5B4433-683x1024.jpg\"><img decoding=\"async\" width=\"150\" height=\"150\" data-id=\"2004\" src=\"https:\/\/heimatverein-nieder-roden.de\/wp-content\/uploads\/2019\/12\/2015-12-07_04-46-40_NRAdventsmarkt-2015_Petrat_4U5B4433-150x150.jpg\" alt=\"\" class=\"wp-image-2004\"\/><\/a><\/figure>\n\n\n\n<figure class=\"wp-block-image size-thumbnail\"><a href=\"https:\/\/heimatverein-nieder-roden.de\/wp-content\/uploads\/2019\/12\/2015-12-07_04-46-00_NRAdventsmarkt-2015_Petrat_4U5B4373-683x1024.jpg\"><img decoding=\"async\" width=\"150\" height=\"150\" data-id=\"2003\" src=\"https:\/\/heimatverein-nieder-roden.de\/wp-content\/uploads\/2019\/12\/2015-12-07_04-46-00_NRAdventsmarkt-2015_Petrat_4U5B4373-150x150.jpg\" alt=\"\" class=\"wp-image-2003\"\/><\/a><\/figure>\n\n\n\n<figure class=\"wp-block-image size-thumbnail\"><a href=\"https:\/\/heimatverein-nieder-roden.de\/wp-content\/uploads\/2019\/12\/2015-12-06_14-37-34_NRAdventsmarkt-2015_Petrat_IMG_8192-683x1024.jpg\"><img decoding=\"async\" width=\"150\" height=\"150\" data-id=\"2002\" src=\"https:\/\/heimatverein-nieder-roden.de\/wp-content\/uploads\/2019\/12\/2015-12-06_14-37-34_NRAdventsmarkt-2015_Petrat_IMG_8192-150x150.jpg\" alt=\"\" class=\"wp-image-2002\"\/><\/a><\/figure>\n\n\n\n<figure class=\"wp-block-image size-thumbnail\"><a href=\"https:\/\/heimatverein-nieder-roden.de\/wp-content\/uploads\/2019\/12\/2015-12-06_14-24-29_NRAdventsmarkt-2015_Petrat_IMG_8304-1024x683.jpg\"><img decoding=\"async\" width=\"150\" height=\"150\" data-id=\"2001\" src=\"https:\/\/heimatverein-nieder-roden.de\/wp-content\/uploads\/2019\/12\/2015-12-06_14-24-29_NRAdventsmarkt-2015_Petrat_IMG_8304-150x150.jpg\" alt=\"\" class=\"wp-image-2001\"\/><\/a><\/figure>\n\n\n\n<figure class=\"wp-block-image size-thumbnail\"><a href=\"https:\/\/heimatverein-nieder-roden.de\/wp-content\/uploads\/2019\/12\/2015-12-06_14-16-53_NRAdventsmarkt-2015_Petrat_IMG_8447-683x1024.jpg\"><img decoding=\"async\" width=\"150\" height=\"150\" data-id=\"2000\" src=\"https:\/\/heimatverein-nieder-roden.de\/wp-content\/uploads\/2019\/12\/2015-12-06_14-16-53_NRAdventsmarkt-2015_Petrat_IMG_8447-150x150.jpg\" alt=\"\" class=\"wp-image-2000\"\/><\/a><\/figure>\n\n\n\n<figure class=\"wp-block-image size-thumbnail\"><a href=\"https:\/\/heimatverein-nieder-roden.de\/wp-content\/uploads\/2019\/12\/2015-12-06_14-16-28_NRAdventsmarkt-2015_Petrat_IMG_8403-1024x683.jpg\"><img decoding=\"async\" width=\"150\" height=\"150\" data-id=\"1999\" src=\"https:\/\/heimatverein-nieder-roden.de\/wp-content\/uploads\/2019\/12\/2015-12-06_14-16-28_NRAdventsmarkt-2015_Petrat_IMG_8403-150x150.jpg\" alt=\"\" class=\"wp-image-1999\"\/><\/a><\/figure>\n\n\n\n<figure class=\"wp-block-image size-thumbnail\"><a href=\"https:\/\/heimatverein-nieder-roden.de\/wp-content\/uploads\/2019\/12\/2015-12-06_14-16-11_NRAdventsmarkt-2015_Petrat_IMG_8399-1024x683.jpg\"><img decoding=\"async\" width=\"150\" height=\"150\" data-id=\"1998\" src=\"https:\/\/heimatverein-nieder-roden.de\/wp-content\/uploads\/2019\/12\/2015-12-06_14-16-11_NRAdventsmarkt-2015_Petrat_IMG_8399-150x150.jpg\" alt=\"\" class=\"wp-image-1998\"\/><\/a><\/figure>\n<figcaption class=\"blocks-gallery-caption wp-element-caption\">Eindr\u00fccke des Nieder-R\u00f6der Adventsmarktes 2015 &#8211; \u00a9 Petrat\/AKHNR<\/figcaption><\/figure>\n\n\n\n<p>Die Organisatoren des Marktes haben erfolgreich die Besinnlichkeit der Adventszeit in den Vordergrund ger\u00fcckt und bieten damit einen angenehmen Gegenpol zu den gro\u00dfen kommerziell ausgerichteten M\u00e4rkten. Fast alle St\u00e4nde werden von Ehrenamtlichen, Vereinen, Parteien und Gruppierungen gestellt und die Marktorganisatoren verzichten auf jeglichen Profit &#8211; die Gemeinschaft steht im Vordergrund.<\/p>\n\n\n\n<p>Auch der Heimatverein versucht jedes Jahr am Adventsmarkt teilzunehmen.<\/p>\n\n\n\n<div style=\"height:88px\" aria-hidden=\"true\" id=\"alle-infos\" class=\"wp-block-spacer\"><\/div>\n\n\n\n<h1 class=\"wp-block-heading has-text-align-center\">Alle Infos zum Nieder-R\u00f6der Adventsmarkt 2025<\/h1>\n\n\n\n<p>Wir freuen uns auf den diesj\u00e4hrigen Adventsmarkt und m\u00f6chten Ihnen hier einen \u00dcberblick \u00fcber alle wichtigen Informationen geben. <\/p>\n\n\n\n<p>Da wir nicht die Organisatoren sind und viele Teilnehmer mitmachen, sind unsere Angaben nach bestem Wissen und Gewissen zusammengetragen, aber nat\u00fcrlich ohne Gew\u00e4hr. <\/p>\n\n\n\n<p>Bitte informieren Sie uns, wenn einen Fehler entdecken und\/oder etwas erg\u00e4nzen m\u00f6chten.<br>Klicken Sie auf den folgenden Button. Vielen Dank!<\/p>\n\n\n\n<div class=\"wp-block-buttons is-content-justification-center is-layout-flex wp-container-core-buttons-is-layout-16018d1d wp-block-buttons-is-layout-flex\">\n<div class=\"wp-block-button is-style-circular\"><a class=\"wp-block-button__link wp-element-button\" href=\"mailto:info@heimatverein-nieder-roden.de?subject=Hinweis%20zum%20Nieder-R%C3%B6der%20Adventsmarkt&amp;body=Hallo%20lieber%20Heimatverein%2C%0D%0A%0D%0Aich%20habe%20einen%20Fehler%20gefunden%2Fich%20habe%20folgendes%20Anliegen%3A\">Ich habe einen Hinweis&#8230;<\/a><\/div>\n<\/div>\n\n\n<div class=\"wp-block-image\">\n<figure class=\"aligncenter size-large is-resized\"><a href=\"https:\/\/heimatverein-nieder-roden.de\/wp-content\/uploads\/2025\/11\/NR-Adventsmarkt-2025_Plakat_beschnitten.jpg\"><img decoding=\"async\" width=\"670\" height=\"1024\" src=\"https:\/\/heimatverein-nieder-roden.de\/wp-content\/uploads\/2025\/11\/NR-Adventsmarkt-2025_Plakat_beschnitten-670x1024.jpg\" alt=\"\" class=\"wp-image-8371\" style=\"width:509px;height:auto\" srcset=\"https:\/\/heimatverein-nieder-roden.de\/wp-content\/uploads\/2025\/11\/NR-Adventsmarkt-2025_Plakat_beschnitten-670x1024.jpg 670w, https:\/\/heimatverein-nieder-roden.de\/wp-content\/uploads\/2025\/11\/NR-Adventsmarkt-2025_Plakat_beschnitten-196x300.jpg 196w, https:\/\/heimatverein-nieder-roden.de\/wp-content\/uploads\/2025\/11\/NR-Adventsmarkt-2025_Plakat_beschnitten-768x1174.jpg 768w, https:\/\/heimatverein-nieder-roden.de\/wp-content\/uploads\/2025\/11\/NR-Adventsmarkt-2025_Plakat_beschnitten-1005x1536.jpg 1005w, https:\/\/heimatverein-nieder-roden.de\/wp-content\/uploads\/2025\/11\/NR-Adventsmarkt-2025_Plakat_beschnitten-1340x2048.jpg 1340w, https:\/\/heimatverein-nieder-roden.de\/wp-content\/uploads\/2025\/11\/NR-Adventsmarkt-2025_Plakat_beschnitten-836x1278.jpg 836w, https:\/\/heimatverein-nieder-roden.de\/wp-content\/uploads\/2025\/11\/NR-Adventsmarkt-2025_Plakat_beschnitten-560x856.jpg 560w, https:\/\/heimatverein-nieder-roden.de\/wp-content\/uploads\/2025\/11\/NR-Adventsmarkt-2025_Plakat_beschnitten.jpg 1471w\" sizes=\"(max-width: 670px) 100vw, 670px\" \/><\/a><figcaption class=\"wp-element-caption\">Das Plakat der Organisatoren des Nieder-R\u00f6der Adventsmarktes 2025.<br>\u00a9Pfarrgemeinde St. Matthias Nieder-Roden<\/figcaption><\/figure>\n<\/div>\n\n\n<div style=\"height:28px\" aria-hidden=\"true\" id=\"oeffnungszeiten\" class=\"wp-block-spacer\"><\/div>\n\n\n\n<h2 class=\"wp-block-heading has-text-align-left\"><strong>\u00d6ffnungszeite<\/strong>n<\/h2>\n\n\n\n<blockquote class=\"wp-block-quote has-text-align-center is-layout-flow wp-block-quote-is-layout-flow\">\n<p>Samstag, 6. Dezember, <br>16:00 &#8211; 22:30 Uhr<br><br>Sonntag, 7. Dezember, <br>14:00 &#8211; 20:00 Uhr<\/p>\n<\/blockquote>\n\n\n\n<div style=\"height:48px\" aria-hidden=\"true\" id=\"lageplan\" class=\"wp-block-spacer\"><\/div>\n\n\n\n<h2 class=\"wp-block-heading\">Lageplan<\/h2>\n\n\n\n<p>Der Markt wird organisiert von einem Organisationskomitee der Katholischen Pfarrgemeinde St. Matthias.<br>Bei einem gemeinsamen Vortreffen mit allen Teilnehmern werden die Marktordnung und Fragen er\u00f6rtert.<\/p>\n\n\n\n<p>Anschlie\u00dfend erstellt das Komitee den Lageplan:<\/p>\n\n\n<div class=\"wp-block-image\">\n<figure class=\"aligncenter size-large\"><a href=\"https:\/\/heimatverein-nieder-roden.de\/wp-content\/uploads\/2025\/12\/NRAdventsmarkt2025-Lageplan_v1.0_Uebersicht.png\"><img decoding=\"async\" width=\"1024\" height=\"725\" src=\"https:\/\/heimatverein-nieder-roden.de\/wp-content\/uploads\/2025\/12\/NRAdventsmarkt2025-Lageplan_v1.0_Uebersicht-1024x725.png\" alt=\"\" class=\"wp-image-8455\" srcset=\"https:\/\/heimatverein-nieder-roden.de\/wp-content\/uploads\/2025\/12\/NRAdventsmarkt2025-Lageplan_v1.0_Uebersicht-1024x725.png 1024w, https:\/\/heimatverein-nieder-roden.de\/wp-content\/uploads\/2025\/12\/NRAdventsmarkt2025-Lageplan_v1.0_Uebersicht-300x212.png 300w, https:\/\/heimatverein-nieder-roden.de\/wp-content\/uploads\/2025\/12\/NRAdventsmarkt2025-Lageplan_v1.0_Uebersicht-768x543.png 768w, https:\/\/heimatverein-nieder-roden.de\/wp-content\/uploads\/2025\/12\/NRAdventsmarkt2025-Lageplan_v1.0_Uebersicht-1536x1087.png 1536w, https:\/\/heimatverein-nieder-roden.de\/wp-content\/uploads\/2025\/12\/NRAdventsmarkt2025-Lageplan_v1.0_Uebersicht-836x592.png 836w, https:\/\/heimatverein-nieder-roden.de\/wp-content\/uploads\/2025\/12\/NRAdventsmarkt2025-Lageplan_v1.0_Uebersicht-560x396.png 560w, https:\/\/heimatverein-nieder-roden.de\/wp-content\/uploads\/2025\/12\/NRAdventsmarkt2025-Lageplan_v1.0_Uebersicht.png 1587w\" sizes=\"(max-width: 1024px) 100vw, 1024px\" \/><\/a><figcaption class=\"wp-element-caption\">Lageplan (\u00dcbersicht) zum Nieder-R\u00f6der Adventsmarkt 2025<br>\u00a9AKHNR\/FMA<\/figcaption><\/figure>\n<\/div>\n\n\n<p>Im Freien erstreckt sich der Markt vom Garten des Pfarrheims \u00fcber die Schulstra\u00dfe, auf der Turmstra\u00dfe entlang des Heimatmuseums, bis auf den Kirchplatz an der Sankt Matthias Kirche. Hier sind neben den bekannten Vereinen, Privatleuten und Gewerbetreibenden aus Nieder-Roden dieses Jahr, mit dem TSV Dudenhofen und dem Partnerschaftsverein Rodgau\/Donja Stubica aus Weiskirchen, weitere Rodgauer Stadtteile vertreten. Dabei sorgen die liebevoll dekorierten St\u00e4nde im alten Ortskern von Nieder-Roden, f\u00fcr eine einzigartige Atmosph\u00e4re wie es sie in Rodgau kein zweites Mal gibt.<\/p>\n\n\n\n<p>Hier geht&#8217;s zu den Detailpl\u00e4nen f\u00fcr drinnen und drau\u00dfen:<\/p>\n\n\n\n<div class=\"wp-block-columns is-layout-flex wp-container-core-columns-is-layout-9d6595d7 wp-block-columns-is-layout-flex\">\n<div class=\"wp-block-column is-layout-flow wp-block-column-is-layout-flow\">\n<figure class=\"wp-block-image size-large\"><a href=\"https:\/\/heimatverein-nieder-roden.de\/wp-content\/uploads\/2025\/12\/NRAdventsmarkt2025-Lageplan_v1.0_innen.png\"><img decoding=\"async\" width=\"1024\" height=\"725\" src=\"https:\/\/heimatverein-nieder-roden.de\/wp-content\/uploads\/2025\/12\/NRAdventsmarkt2025-Lageplan_v1.0_innen-1024x725.png\" alt=\"\" class=\"wp-image-8454\" srcset=\"https:\/\/heimatverein-nieder-roden.de\/wp-content\/uploads\/2025\/12\/NRAdventsmarkt2025-Lageplan_v1.0_innen-1024x725.png 1024w, https:\/\/heimatverein-nieder-roden.de\/wp-content\/uploads\/2025\/12\/NRAdventsmarkt2025-Lageplan_v1.0_innen-300x212.png 300w, https:\/\/heimatverein-nieder-roden.de\/wp-content\/uploads\/2025\/12\/NRAdventsmarkt2025-Lageplan_v1.0_innen-768x543.png 768w, https:\/\/heimatverein-nieder-roden.de\/wp-content\/uploads\/2025\/12\/NRAdventsmarkt2025-Lageplan_v1.0_innen-1536x1087.png 1536w, https:\/\/heimatverein-nieder-roden.de\/wp-content\/uploads\/2025\/12\/NRAdventsmarkt2025-Lageplan_v1.0_innen-836x592.png 836w, https:\/\/heimatverein-nieder-roden.de\/wp-content\/uploads\/2025\/12\/NRAdventsmarkt2025-Lageplan_v1.0_innen-560x396.png 560w, https:\/\/heimatverein-nieder-roden.de\/wp-content\/uploads\/2025\/12\/NRAdventsmarkt2025-Lageplan_v1.0_innen.png 1587w\" sizes=\"(max-width: 1024px) 100vw, 1024px\" \/><\/a><figcaption class=\"wp-element-caption\">Lageplan (innen, Pfarrheim) zum Nieder-R\u00f6der Adventsmarkt 2025<br>\u00a9AKHNR\/FMA<\/figcaption><\/figure>\n<\/div>\n\n\n\n<div class=\"wp-block-column is-layout-flow wp-block-column-is-layout-flow\">\n<figure class=\"wp-block-image size-large\"><a href=\"https:\/\/heimatverein-nieder-roden.de\/wp-content\/uploads\/2025\/12\/NRAdventsmarkt2025-Lageplan_v1.0_aussen.png\"><img decoding=\"async\" width=\"1024\" height=\"725\" src=\"https:\/\/heimatverein-nieder-roden.de\/wp-content\/uploads\/2025\/12\/NRAdventsmarkt2025-Lageplan_v1.0_aussen-1024x725.png\" alt=\"\" class=\"wp-image-8453\" srcset=\"https:\/\/heimatverein-nieder-roden.de\/wp-content\/uploads\/2025\/12\/NRAdventsmarkt2025-Lageplan_v1.0_aussen-1024x725.png 1024w, https:\/\/heimatverein-nieder-roden.de\/wp-content\/uploads\/2025\/12\/NRAdventsmarkt2025-Lageplan_v1.0_aussen-300x212.png 300w, https:\/\/heimatverein-nieder-roden.de\/wp-content\/uploads\/2025\/12\/NRAdventsmarkt2025-Lageplan_v1.0_aussen-768x543.png 768w, https:\/\/heimatverein-nieder-roden.de\/wp-content\/uploads\/2025\/12\/NRAdventsmarkt2025-Lageplan_v1.0_aussen-1536x1087.png 1536w, https:\/\/heimatverein-nieder-roden.de\/wp-content\/uploads\/2025\/12\/NRAdventsmarkt2025-Lageplan_v1.0_aussen-836x592.png 836w, https:\/\/heimatverein-nieder-roden.de\/wp-content\/uploads\/2025\/12\/NRAdventsmarkt2025-Lageplan_v1.0_aussen-560x396.png 560w, https:\/\/heimatverein-nieder-roden.de\/wp-content\/uploads\/2025\/12\/NRAdventsmarkt2025-Lageplan_v1.0_aussen.png 1587w\" sizes=\"(max-width: 1024px) 100vw, 1024px\" \/><\/a><figcaption class=\"wp-element-caption\">Lageplan (au\u00dfen) zum Nieder-R\u00f6der Adventsmarkt 2025<br>\u00a9AKHNR\/FMA<\/figcaption><\/figure>\n<\/div>\n<\/div>\n\n\n\n<div style=\"height:75px\" aria-hidden=\"true\" id=\"handwerksmarkt\" class=\"wp-block-spacer\"><\/div>\n\n\n\n<h2 class=\"wp-block-heading\">Neu: Handwerksmarkt im Pfarrheim<\/h2>\n\n\n\n<p>Mit 36 Ausstellern hat sich der Markt im Vergleich zum Vorjahr fast verdoppelt. Der gro\u00dfe Zuwachs ist ma\u00dfgeblich auf den neuen Handwerksmarkt im Saal des Pfarrheims zur\u00fcckzuf\u00fchren. An 14 St\u00e4nden finden die Marktbesucher allerlei Handgemachtes und kleine Pr\u00e4sente f\u00fcr das Weihnachtsfest. Auch der traditionelle B\u00fccherflohmarkt im Foyer des Pfarrheims findet wieder statt.<\/p>\n\n\n<div class=\"wp-block-image\">\n<figure class=\"aligncenter size-large is-resized has-lightbox\"><a href=\"https:\/\/heimatverein-nieder-roden.de\/?p=8442\"><img decoding=\"async\" width=\"1024\" height=\"683\" src=\"https:\/\/heimatverein-nieder-roden.de\/wp-content\/uploads\/2019\/12\/2015-12-07_04-47-09_NRAdventsmarkt-2015_Petrat_4U5B4469-1024x683.jpg\" alt=\"\" class=\"wp-image-2006\" style=\"width:721px;height:auto\" srcset=\"https:\/\/heimatverein-nieder-roden.de\/wp-content\/uploads\/2019\/12\/2015-12-07_04-47-09_NRAdventsmarkt-2015_Petrat_4U5B4469-1024x683.jpg 1024w, https:\/\/heimatverein-nieder-roden.de\/wp-content\/uploads\/2019\/12\/2015-12-07_04-47-09_NRAdventsmarkt-2015_Petrat_4U5B4469-300x200.jpg 300w, https:\/\/heimatverein-nieder-roden.de\/wp-content\/uploads\/2019\/12\/2015-12-07_04-47-09_NRAdventsmarkt-2015_Petrat_4U5B4469-768x512.jpg 768w, https:\/\/heimatverein-nieder-roden.de\/wp-content\/uploads\/2019\/12\/2015-12-07_04-47-09_NRAdventsmarkt-2015_Petrat_4U5B4469-1536x1024.jpg 1536w, https:\/\/heimatverein-nieder-roden.de\/wp-content\/uploads\/2019\/12\/2015-12-07_04-47-09_NRAdventsmarkt-2015_Petrat_4U5B4469-560x373.jpg 560w, https:\/\/heimatverein-nieder-roden.de\/wp-content\/uploads\/2019\/12\/2015-12-07_04-47-09_NRAdventsmarkt-2015_Petrat_4U5B4469.jpg 1620w\" sizes=\"(max-width: 1024px) 100vw, 1024px\" \/><\/a><figcaption class=\"wp-element-caption\">Symbolbild\/Archivbild vom Adventsmarkt 2015.\n\u00a9Petrat<\/figcaption><\/figure>\n<\/div>\n\n\n<div class=\"wp-block-buttons is-content-justification-center is-layout-flex wp-container-core-buttons-is-layout-16018d1d wp-block-buttons-is-layout-flex\">\n<div class=\"wp-block-button is-style-circular\"><a class=\"wp-block-button__link wp-element-button\" href=\"https:\/\/heimatverein-nieder-roden.de\/?p=8442\">Mehr Infos zum Handwerksmarkt&#8230;<\/a><\/div>\n<\/div>\n\n\n\n<div style=\"height:68px\" aria-hidden=\"true\" id=\"programm\" class=\"wp-block-spacer\"><\/div>\n\n\n\n<h2 class=\"wp-block-heading\">Begleitprogramm<\/h2>\n\n\n\n<p>Den Markt begleiten auch in diesem Jahr ein paar Programmpunkte. <br>Und nat\u00fcrlich gilt: mit Live-Musik wird&#8217;s noch sch\u00f6ner&#8230;<\/p>\n\n\n<div class=\"wp-block-image\">\n<figure class=\"aligncenter size-large is-resized\"><img decoding=\"async\" width=\"1024\" height=\"683\" src=\"https:\/\/heimatverein-nieder-roden.de\/wp-content\/uploads\/2019\/12\/2015-12-06_14-24-29_NRAdventsmarkt-2015_Petrat_IMG_8304-1024x683.jpg\" alt=\"\" class=\"wp-image-2001\" style=\"width:405px;height:auto\" srcset=\"https:\/\/heimatverein-nieder-roden.de\/wp-content\/uploads\/2019\/12\/2015-12-06_14-24-29_NRAdventsmarkt-2015_Petrat_IMG_8304-1024x683.jpg 1024w, https:\/\/heimatverein-nieder-roden.de\/wp-content\/uploads\/2019\/12\/2015-12-06_14-24-29_NRAdventsmarkt-2015_Petrat_IMG_8304-300x200.jpg 300w, https:\/\/heimatverein-nieder-roden.de\/wp-content\/uploads\/2019\/12\/2015-12-06_14-24-29_NRAdventsmarkt-2015_Petrat_IMG_8304-768x512.jpg 768w, https:\/\/heimatverein-nieder-roden.de\/wp-content\/uploads\/2019\/12\/2015-12-06_14-24-29_NRAdventsmarkt-2015_Petrat_IMG_8304-1536x1024.jpg 1536w, https:\/\/heimatverein-nieder-roden.de\/wp-content\/uploads\/2019\/12\/2015-12-06_14-24-29_NRAdventsmarkt-2015_Petrat_IMG_8304-560x373.jpg 560w, https:\/\/heimatverein-nieder-roden.de\/wp-content\/uploads\/2019\/12\/2015-12-06_14-24-29_NRAdventsmarkt-2015_Petrat_IMG_8304.jpg 1620w\" sizes=\"(max-width: 1024px) 100vw, 1024px\" \/><figcaption class=\"wp-element-caption\">Die Feuerwehr-Kapelle auf dem Nieder-R\u00f6der Adventsmarkt. Archivaufnahme 2015.<br>\u00a9Petrat<\/figcaption><\/figure>\n<\/div>\n\n\n<h3 class=\"wp-block-heading\">Samstag, 6. Dezember<\/h3>\n\n\n\n<figure class=\"wp-block-table is-style-regular\"><table><thead><tr><th style=\"width: 150px;\">Wann?<\/th><th>Was?<\/th><\/tr><\/thead><tbody><tr><td>17:00 Uhr<\/td><td>Musik <br>Orchester ZweiKlang des TSV Dudenhofen und des SKG Rodgau<\/td><\/tr><tr><td>anschlie\u00dfend<\/td><td>Spenden\u00fcbergabe Kerbverein Nieder-Roden e. V. (entf\u00e4llt)<\/td><\/tr><tr><td>ca. 18:00 Uhr<\/td><td>Der Nikolaus kommt f\u00fcr die Kleinen<\/td><\/tr><\/tbody><\/table><\/figure>\n\n\n\n<h3 class=\"wp-block-heading\">Sonntag, 7. Dezember<\/h3>\n\n\n\n<figure class=\"wp-block-table\"><table><thead><tr><th style=\"width: 150px;\">Wann?<\/th><th>Was?<\/th><\/tr><\/thead><tbody><tr><td>17:00 Uhr<\/td><td>Musik<br>Orchester Klangfarben des Musikvereins Nieder-Roden<\/td><\/tr><tr><td>ca. 17:00 Uhr<\/td><td>Der Nikolaus kommt f\u00fcr die Kleinen<\/td><\/tr><tr><td><\/td><td><\/td><\/tr><\/tbody><\/table><\/figure>\n\n\n\n<div class=\"wp-block-buttons is-content-justification-center is-layout-flex wp-container-core-buttons-is-layout-16018d1d wp-block-buttons-is-layout-flex\">\n<div class=\"wp-block-button is-style-circular\"><a class=\"wp-block-button__link wp-element-button\" href=\"https:\/\/heimatverein-nieder-roden.de\/?page_id=7761\">zur Hauptseite Adventsmarkt<\/a><\/div>\n<\/div>\n\n\n\n<div style=\"height:100px\" aria-hidden=\"true\" id=\"akhnr\" class=\"wp-block-spacer\"><\/div>\n\n\n\n<h2 class=\"wp-block-heading\" id=\"akhnr\">Angebot des AKHNR<\/h2>\n\n\n\n<p>Der Stand des AKHNR hat seinen festen Platz am Hof des Heimatmuseums zum Kirchplatz hin ausgerichtet.<\/p>\n\n\n\n<p>Bei uns gibt es wie immer hei\u00dfe Fleischwurstknacker und Wildgulasch f\u00fcr das leibliche Wohl und eine Auswahl an Geschenkideen &#8211; nat\u00fcrlich mit Nieder-R\u00f6der Bezug.<\/p>\n\n\n<div class=\"wp-block-image\">\n<figure class=\"aligncenter size-large is-resized\"><a href=\"https:\/\/heimatverein-nieder-roden.de\/wp-content\/uploads\/2020\/01\/2019-12-07_16-33-22_AKHNR_Adventsmarkt-2019_IMG_4079_Web-scaled.jpg\"><img decoding=\"async\" width=\"1024\" height=\"1024\" src=\"https:\/\/heimatverein-nieder-roden.de\/wp-content\/uploads\/2020\/01\/2019-12-07_16-33-22_AKHNR_Adventsmarkt-2019_IMG_4079_Web-1024x1024.jpg\" alt=\"\" class=\"wp-image-2142\" style=\"width:568px;height:auto\" srcset=\"https:\/\/heimatverein-nieder-roden.de\/wp-content\/uploads\/2020\/01\/2019-12-07_16-33-22_AKHNR_Adventsmarkt-2019_IMG_4079_Web-1024x1024.jpg 1024w, https:\/\/heimatverein-nieder-roden.de\/wp-content\/uploads\/2020\/01\/2019-12-07_16-33-22_AKHNR_Adventsmarkt-2019_IMG_4079_Web-300x300.jpg 300w, https:\/\/heimatverein-nieder-roden.de\/wp-content\/uploads\/2020\/01\/2019-12-07_16-33-22_AKHNR_Adventsmarkt-2019_IMG_4079_Web-150x150.jpg 150w, https:\/\/heimatverein-nieder-roden.de\/wp-content\/uploads\/2020\/01\/2019-12-07_16-33-22_AKHNR_Adventsmarkt-2019_IMG_4079_Web-768x768.jpg 768w, https:\/\/heimatverein-nieder-roden.de\/wp-content\/uploads\/2020\/01\/2019-12-07_16-33-22_AKHNR_Adventsmarkt-2019_IMG_4079_Web-1536x1536.jpg 1536w, https:\/\/heimatverein-nieder-roden.de\/wp-content\/uploads\/2020\/01\/2019-12-07_16-33-22_AKHNR_Adventsmarkt-2019_IMG_4079_Web-2048x2048.jpg 2048w, https:\/\/heimatverein-nieder-roden.de\/wp-content\/uploads\/2020\/01\/2019-12-07_16-33-22_AKHNR_Adventsmarkt-2019_IMG_4079_Web-560x560.jpg 560w\" sizes=\"(max-width: 1024px) 100vw, 1024px\" \/><\/a><figcaption class=\"wp-element-caption\">Der Stand des AKHNR auf dem Nieder-R\u00f6der Adventsmarkt.<br>\u00a9AKHNR (Archivaufnahme aus 2019)<\/figcaption><\/figure>\n<\/div>\n\n<div class=\"wp-block-image\">\n<figure class=\"aligncenter size-full is-resized\"><a href=\"https:\/\/heimatverein-nieder-roden.de\/wp-content\/uploads\/2025\/12\/AKHNR_Adventsmarkt-2025_Anzeige-Web_v1.1_2025-12-01.png\"><img decoding=\"async\" width=\"1123\" height=\"491\" src=\"https:\/\/heimatverein-nieder-roden.de\/wp-content\/uploads\/2025\/12\/AKHNR_Adventsmarkt-2025_Anzeige-Web_v1.1_2025-12-01.png\" alt=\"\" class=\"wp-image-8472\" style=\"width:824px;height:auto\" srcset=\"https:\/\/heimatverein-nieder-roden.de\/wp-content\/uploads\/2025\/12\/AKHNR_Adventsmarkt-2025_Anzeige-Web_v1.1_2025-12-01.png 1123w, https:\/\/heimatverein-nieder-roden.de\/wp-content\/uploads\/2025\/12\/AKHNR_Adventsmarkt-2025_Anzeige-Web_v1.1_2025-12-01-300x131.png 300w, https:\/\/heimatverein-nieder-roden.de\/wp-content\/uploads\/2025\/12\/AKHNR_Adventsmarkt-2025_Anzeige-Web_v1.1_2025-12-01-1024x448.png 1024w, https:\/\/heimatverein-nieder-roden.de\/wp-content\/uploads\/2025\/12\/AKHNR_Adventsmarkt-2025_Anzeige-Web_v1.1_2025-12-01-768x336.png 768w, https:\/\/heimatverein-nieder-roden.de\/wp-content\/uploads\/2025\/12\/AKHNR_Adventsmarkt-2025_Anzeige-Web_v1.1_2025-12-01-836x366.png 836w, https:\/\/heimatverein-nieder-roden.de\/wp-content\/uploads\/2025\/12\/AKHNR_Adventsmarkt-2025_Anzeige-Web_v1.1_2025-12-01-560x245.png 560w\" sizes=\"(max-width: 1123px) 100vw, 1123px\" \/><\/a><figcaption class=\"wp-element-caption\">Anzeige zum Angebot des AKHNR auf dem Adventsmarkt 2025. \u00a9AKHNR\/FMA<\/figcaption><\/figure>\n<\/div>\n\n\n<h3 class=\"wp-block-heading\">Hei\u00dfbegehrt: Unser bekannter Wildgulasch<\/h3>\n\n\n\n<p>In diesem Jahr gibt wieder unseren bekannten Wildgulasch mit Semmelkn\u00f6deln.<\/p>\n\n\n\n<p>Den Gulasch servieren wir hei\u00df, direkt aus dem Kessel, beheizt nach traditioneller Art mit Holzfeuer.<\/p>\n\n\n<div class=\"wp-block-image\">\n<figure class=\"aligncenter size-large is-resized\"><a href=\"https:\/\/heimatverein-nieder-roden.de\/wp-content\/uploads\/2023\/12\/2023-12-09_16-21-33_AKHNR_NRAdventsmarkt2023_WST_20231209_162132-scaled.jpg\"><img decoding=\"async\" width=\"838\" height=\"1024\" src=\"https:\/\/heimatverein-nieder-roden.de\/wp-content\/uploads\/2023\/12\/2023-12-09_16-21-33_AKHNR_NRAdventsmarkt2023_WST_20231209_162132-838x1024.jpg\" alt=\"\" class=\"wp-image-6289\" style=\"width:459px;height:auto\" srcset=\"https:\/\/heimatverein-nieder-roden.de\/wp-content\/uploads\/2023\/12\/2023-12-09_16-21-33_AKHNR_NRAdventsmarkt2023_WST_20231209_162132-838x1024.jpg 838w, https:\/\/heimatverein-nieder-roden.de\/wp-content\/uploads\/2023\/12\/2023-12-09_16-21-33_AKHNR_NRAdventsmarkt2023_WST_20231209_162132-246x300.jpg 246w, https:\/\/heimatverein-nieder-roden.de\/wp-content\/uploads\/2023\/12\/2023-12-09_16-21-33_AKHNR_NRAdventsmarkt2023_WST_20231209_162132-768x938.jpg 768w, https:\/\/heimatverein-nieder-roden.de\/wp-content\/uploads\/2023\/12\/2023-12-09_16-21-33_AKHNR_NRAdventsmarkt2023_WST_20231209_162132-1257x1536.jpg 1257w, https:\/\/heimatverein-nieder-roden.de\/wp-content\/uploads\/2023\/12\/2023-12-09_16-21-33_AKHNR_NRAdventsmarkt2023_WST_20231209_162132-1676x2048.jpg 1676w, https:\/\/heimatverein-nieder-roden.de\/wp-content\/uploads\/2023\/12\/2023-12-09_16-21-33_AKHNR_NRAdventsmarkt2023_WST_20231209_162132-836x1021.jpg 836w, https:\/\/heimatverein-nieder-roden.de\/wp-content\/uploads\/2023\/12\/2023-12-09_16-21-33_AKHNR_NRAdventsmarkt2023_WST_20231209_162132-560x684.jpg 560w\" sizes=\"(max-width: 838px) 100vw, 838px\" \/><\/a><figcaption class=\"wp-element-caption\">Der Wildgulasch beim Heimatverein kommt direkt aus dem hei\u00dfen Kessel auf den Teller. Hier G\u00fcnther Keller bei der Arbeit.<br>\u00a9AKHNR\/FMA<\/figcaption><\/figure>\n<\/div>\n\n\n<h3 class=\"wp-block-heading\">Exklusiv auf dem Adventsmarkt:  &#8222;Der Strumpfdieb von Nieder-Roden&#8220;<\/h3>\n\n\n\n<p>Besonderes Highlight ist in diesem Jahr der neue Nirrer\u00e4irer Comic: &#8222;Der Strumpfdieb von Nieder-Roden&#8220;, von Pirkko Cremer und ihren Mitstreitern Christian Sch\u00fctte (Illustrator) und Tobias Boos (Gestaltung).  Den gibt es nur bei uns am Stand! <\/p>\n\n\n\n<p>Holen Sie sich ein Exemplar ab &#8211; wir freuen uns \u00fcber eine Spende!<\/p>\n\n\n<div class=\"wp-block-image\">\n<figure class=\"aligncenter size-large is-resized\"><a href=\"https:\/\/heimatverein-nieder-roden.de\/wp-content\/uploads\/2025\/11\/Buch_Der-Strumpfdieb-von-Nieder-Roden_Cover_1080.png\"><img decoding=\"async\" width=\"768\" height=\"1024\" src=\"https:\/\/heimatverein-nieder-roden.de\/wp-content\/uploads\/2025\/11\/Buch_Der-Strumpfdieb-von-Nieder-Roden_Cover_1080-768x1024.png\" alt=\"\" class=\"wp-image-8361\" style=\"width:340px;height:auto\" srcset=\"https:\/\/heimatverein-nieder-roden.de\/wp-content\/uploads\/2025\/11\/Buch_Der-Strumpfdieb-von-Nieder-Roden_Cover_1080-768x1024.png 768w, https:\/\/heimatverein-nieder-roden.de\/wp-content\/uploads\/2025\/11\/Buch_Der-Strumpfdieb-von-Nieder-Roden_Cover_1080-225x300.png 225w, https:\/\/heimatverein-nieder-roden.de\/wp-content\/uploads\/2025\/11\/Buch_Der-Strumpfdieb-von-Nieder-Roden_Cover_1080-560x747.png 560w, https:\/\/heimatverein-nieder-roden.de\/wp-content\/uploads\/2025\/11\/Buch_Der-Strumpfdieb-von-Nieder-Roden_Cover_1080.png 810w\" sizes=\"(max-width: 768px) 100vw, 768px\" \/><\/a><\/figure>\n<\/div>\n\n\n<div class=\"wp-block-buttons is-content-justification-center is-layout-flex wp-container-core-buttons-is-layout-16018d1d wp-block-buttons-is-layout-flex\">\n<div class=\"wp-block-button is-style-circular\"><a class=\"wp-block-button__link wp-element-button\" href=\"https:\/\/heimatverein-nieder-roden.de\/?p=8325\">Mehr Infos zum Comic gibts hier&#8230;<\/a><\/div>\n<\/div>\n\n\n\n<h3 class=\"wp-block-heading\">Buchpakete der Heimatbibliothek<\/h3>\n\n\n\n<p>Gro\u00dfen Anklang finden auch unsere Geschenkpakete bestehend aus B\u00fcchern der Nieder-R\u00f6der Heimatbibliothek. Nur beim Adventsmarkt gibt es sie zu Sonderpreisen in sch\u00f6ner (Geschenk-)Verpackung.<\/p>\n\n\n<div class=\"wp-block-image is-resized\">\n<figure class=\"aligncenter size-large\"><a href=\"https:\/\/heimatverein-nieder-roden.de\/wp-content\/uploads\/2019\/11\/20171209_140614_reduz-2MP.jpg\"><img decoding=\"async\" width=\"1024\" height=\"768\" src=\"https:\/\/heimatverein-nieder-roden.de\/wp-content\/uploads\/2019\/11\/20171209_140614_reduz-2MP-1024x768.jpg\" alt=\"\" class=\"wp-image-1879\" style=\"width:397px;height:auto\" srcset=\"https:\/\/heimatverein-nieder-roden.de\/wp-content\/uploads\/2019\/11\/20171209_140614_reduz-2MP-1024x768.jpg 1024w, https:\/\/heimatverein-nieder-roden.de\/wp-content\/uploads\/2019\/11\/20171209_140614_reduz-2MP-300x225.jpg 300w, https:\/\/heimatverein-nieder-roden.de\/wp-content\/uploads\/2019\/11\/20171209_140614_reduz-2MP-768x576.jpg 768w, https:\/\/heimatverein-nieder-roden.de\/wp-content\/uploads\/2019\/11\/20171209_140614_reduz-2MP-1536x1152.jpg 1536w, https:\/\/heimatverein-nieder-roden.de\/wp-content\/uploads\/2019\/11\/20171209_140614_reduz-2MP-560x420.jpg 560w, https:\/\/heimatverein-nieder-roden.de\/wp-content\/uploads\/2019\/11\/20171209_140614_reduz-2MP.jpg 1632w\" sizes=\"(max-width: 1024px) 100vw, 1024px\" \/><\/a><figcaption class=\"wp-element-caption\">Geschenkpakete mit Heimatb\u00fcchern &#8211; \u00a9 AKHNR<\/figcaption><\/figure>\n<\/div>\n\n\n<div class=\"wp-block-buttons is-content-justification-center is-layout-flex wp-container-core-buttons-is-layout-16018d1d wp-block-buttons-is-layout-flex\">\n<div class=\"wp-block-button is-style-circular\"><a class=\"wp-block-button__link wp-element-button\" href=\"https:\/\/heimatverein-nieder-roden.de\/?page_id=5418\">Erfahren Sie hier mehr zu den B\u00fcchern&#8230;<\/a><\/div>\n<\/div>\n\n\n\n<h3 class=\"wp-block-heading\">Buch &#8222;125 Jahre Rodgaubahn&#8220;<\/h3>\n\n\n\n<p>Ebenfalls auf den Adventsmarkt erh\u00e4ltlich: das stark nachgefragte Buch zum 125-j\u00e4hrigen Jubil\u00e4um der Rodgaubahn.<\/p>\n\n\n\n<p><strong>Es sind nur noch wenige Exemplare verf\u00fcgbar!<\/strong><\/p>\n\n\n<div class=\"wp-block-image is-resized\">\n<figure class=\"aligncenter size-large\"><a href=\"https:\/\/heimatverein-nieder-roden.de\/wp-content\/uploads\/2022\/10\/Rodgaubahn-Festbuch-final_Titel_Seite_001.jpg\"><img decoding=\"async\" width=\"1024\" height=\"1024\" src=\"https:\/\/heimatverein-nieder-roden.de\/wp-content\/uploads\/2022\/10\/Rodgaubahn-Festbuch-final_Titel_Seite_001-1024x1024.jpg\" alt=\"\" class=\"wp-image-4602\" style=\"width:337px;height:auto\" srcset=\"https:\/\/heimatverein-nieder-roden.de\/wp-content\/uploads\/2022\/10\/Rodgaubahn-Festbuch-final_Titel_Seite_001-1024x1024.jpg 1024w, https:\/\/heimatverein-nieder-roden.de\/wp-content\/uploads\/2022\/10\/Rodgaubahn-Festbuch-final_Titel_Seite_001-300x300.jpg 300w, https:\/\/heimatverein-nieder-roden.de\/wp-content\/uploads\/2022\/10\/Rodgaubahn-Festbuch-final_Titel_Seite_001-150x150.jpg 150w, https:\/\/heimatverein-nieder-roden.de\/wp-content\/uploads\/2022\/10\/Rodgaubahn-Festbuch-final_Titel_Seite_001-768x768.jpg 768w, https:\/\/heimatverein-nieder-roden.de\/wp-content\/uploads\/2022\/10\/Rodgaubahn-Festbuch-final_Titel_Seite_001-836x836.jpg 836w, https:\/\/heimatverein-nieder-roden.de\/wp-content\/uploads\/2022\/10\/Rodgaubahn-Festbuch-final_Titel_Seite_001-560x560.jpg 560w, https:\/\/heimatverein-nieder-roden.de\/wp-content\/uploads\/2022\/10\/Rodgaubahn-Festbuch-final_Titel_Seite_001.jpg 1241w\" sizes=\"(max-width: 1024px) 100vw, 1024px\" \/><\/a><figcaption class=\"wp-element-caption\">Titelbild des Buches &#8222;125 Jahre Rodgaubahn&#8220;<\/figcaption><\/figure>\n<\/div>\n\n\n<p>Dieses Buch ist das Resultat eines bislang einzigartigen Projektes: Daf\u00fcr haben 19 Vereine und mehr als 20 weitere Privatpersonen, Gruppierungen und Institutionen Inhalte zu den Texten \u00fcber Orte, Themen und Begebenheiten entlang der Bahnstrecke beigetragen. <\/p>\n\n\n\n<p>Die von 16 Autoren verfassten Texte, umfassen Beitr\u00e4ge zu allen Stationen, die je von der Strecke ber\u00fchrt wurden, und behandeln zus\u00e4tzliche Sonderthemen mit Bezug zum Thema. Das Ganze ist reich illustriert: auf 204 Seiten kommen \u00fcber 300 Abbildungen.<\/p>\n\n\n\n<p>Initiiert wurde das Buch durch die Heimat- und Geschichtsvereine der Stadt Rodgau, unter Federf\u00fchrung des Arbeitskreises f\u00fcr Heimatkunde Nieder-Roden e. V. (AKHNR). <\/p>\n\n\n\n<p>Finanziell erm\u00f6glicht haben es die Anliegerkommunen, 9 St\u00e4dte und Gemeinden und 2 Landkreise, mit Unterst\u00fctzung einiger Sponsoren.<\/p>\n\n\n\n<p><strong>Sichern Sie sich ihr Exemplar an unserem Stand auf dem Adventsmarkt. <\/strong><br><strong>Nur solange der Vorrat reicht!<\/strong><\/p>\n\n\n\n<div class=\"wp-block-buttons has-custom-font-size has-regular-font-size is-content-justification-center is-layout-flex wp-container-core-buttons-is-layout-16018d1d wp-block-buttons-is-layout-flex\">\n<div class=\"wp-block-button has-custom-width wp-block-button__width-50 aligncenter is-style-circular\"><a class=\"wp-block-button__link has-small-font-size has-custom-font-size wp-element-button\" href=\"https:\/\/heimatverein-nieder-roden.de\/?page_id=4444\" target=\"_blank\" rel=\"noreferrer noopener\">Mehr zum Projekt &#8222;125 Jahre Rodgaubahn&#8220; hier<\/a><\/div>\n<\/div>\n\n\n\n<h3 class=\"wp-block-heading\">Magnetschmuck mit Nieder-R\u00f6der Motiven<\/h3>\n\n\n\n<p>Eine weitere sch\u00f6ne wie praktische Geschenkidee ist der Magnetschmuck mit Motiven, unter anderem aus Nieder-Roden und Umgebung. <br>Auch diese finden Sie bei uns am Stand zu Preisen von 2 \u20ac bis 4 \u20ac je St\u00fcck.<br>Diese Magnete werden zum Beispiel als Lesezeichen genutzt und d\u00fcrfen eigentlich in keinem Nieder-R\u00f6der Haushalt fehlen.<\/p>\n\n\n\n<div class=\"wp-block-columns is-layout-flex wp-container-core-columns-is-layout-9d6595d7 wp-block-columns-is-layout-flex\">\n<div class=\"wp-block-column is-layout-flow wp-block-column-is-layout-flow\"><div class=\"wp-block-image is-resized\">\n<figure class=\"aligncenter size-large\"><a href=\"https:\/\/heimatverein-nieder-roden.de\/wp-content\/uploads\/2019\/12\/567-740-thickbox.jpg\"><img decoding=\"async\" width=\"600\" height=\"600\" src=\"https:\/\/heimatverein-nieder-roden.de\/wp-content\/uploads\/2019\/12\/567-740-thickbox.jpg\" alt=\"\" class=\"wp-image-2010\" srcset=\"https:\/\/heimatverein-nieder-roden.de\/wp-content\/uploads\/2019\/12\/567-740-thickbox.jpg 600w, https:\/\/heimatverein-nieder-roden.de\/wp-content\/uploads\/2019\/12\/567-740-thickbox-300x300.jpg 300w, https:\/\/heimatverein-nieder-roden.de\/wp-content\/uploads\/2019\/12\/567-740-thickbox-150x150.jpg 150w, https:\/\/heimatverein-nieder-roden.de\/wp-content\/uploads\/2019\/12\/567-740-thickbox-560x560.jpg 560w\" sizes=\"(max-width: 600px) 100vw, 600px\" \/><\/a><figcaption class=\"wp-element-caption\">Magnetschmuck &#8211; Motiv &#8222;Es alde Ord&#8220; &#8211;  \u00a9majoba.de  <\/figcaption><\/figure>\n<\/div><\/div>\n\n\n\n<div class=\"wp-block-column is-layout-flow wp-block-column-is-layout-flow\"><div class=\"wp-block-image is-resized\">\n<figure class=\"aligncenter size-large\"><a href=\"https:\/\/heimatverein-nieder-roden.de\/wp-content\/uploads\/2019\/12\/1572-2728-thickbox.jpg\"><img decoding=\"async\" width=\"600\" height=\"600\" src=\"https:\/\/heimatverein-nieder-roden.de\/wp-content\/uploads\/2019\/12\/1572-2728-thickbox.jpg\" alt=\"\" class=\"wp-image-2011\" srcset=\"https:\/\/heimatverein-nieder-roden.de\/wp-content\/uploads\/2019\/12\/1572-2728-thickbox.jpg 600w, https:\/\/heimatverein-nieder-roden.de\/wp-content\/uploads\/2019\/12\/1572-2728-thickbox-300x300.jpg 300w, https:\/\/heimatverein-nieder-roden.de\/wp-content\/uploads\/2019\/12\/1572-2728-thickbox-150x150.jpg 150w, https:\/\/heimatverein-nieder-roden.de\/wp-content\/uploads\/2019\/12\/1572-2728-thickbox-560x560.jpg 560w\" sizes=\"(max-width: 600px) 100vw, 600px\" \/><\/a><figcaption class=\"wp-element-caption\">Magnetschmuck  &#8211; Motiv &#8222;Am Nieder-R\u00f6der Badesee&#8220; &#8211;  \u00a9 majoba.de   <\/figcaption><\/figure>\n<\/div><\/div>\n<\/div>\n\n\n\n<p class=\"has-text-align-center\">Vielleicht sehen wir uns auf dem Adventsmarkt.<\/p>\n\n\n\n<p class=\"has-text-align-center\">Wir w\u00fcrden uns sehr \u00fcber Ihren Besuch bei uns freuen!<\/p>\n\n\n\n<hr class=\"wp-block-separator has-alpha-channel-opacity is-style-wide\"\/>\n\n\n\n<div style=\"height:30px\" aria-hidden=\"true\" id=\"meldungen\" class=\"wp-block-spacer\"><\/div>\n\n\n\n<h2 class=\"wp-block-heading\" id=\"meldungen-zum-thema\">Meldungen zum Adventsmarkt 2025<\/h2>\n\n\n<div class=\"display-posts-listing grid\"><div class=\"listing-item\"><a class=\"image\" href=\"https:\/\/heimatverein-nieder-roden.de\/?p=8477\"><img decoding=\"async\" width=\"300\" height=\"226\" src=\"https:\/\/heimatverein-nieder-roden.de\/wp-content\/uploads\/2025\/12\/2025-12-06_18-48-11_AKHNR_Adventsmarkt2025_PXL_20251206_174811849_WZ-300x226.jpg\" class=\"attachment-medium size-medium wp-post-image\" alt=\"\" srcset=\"https:\/\/heimatverein-nieder-roden.de\/wp-content\/uploads\/2025\/12\/2025-12-06_18-48-11_AKHNR_Adventsmarkt2025_PXL_20251206_174811849_WZ-300x226.jpg 300w, https:\/\/heimatverein-nieder-roden.de\/wp-content\/uploads\/2025\/12\/2025-12-06_18-48-11_AKHNR_Adventsmarkt2025_PXL_20251206_174811849_WZ-1024x770.jpg 1024w, https:\/\/heimatverein-nieder-roden.de\/wp-content\/uploads\/2025\/12\/2025-12-06_18-48-11_AKHNR_Adventsmarkt2025_PXL_20251206_174811849_WZ-768x578.jpg 768w, https:\/\/heimatverein-nieder-roden.de\/wp-content\/uploads\/2025\/12\/2025-12-06_18-48-11_AKHNR_Adventsmarkt2025_PXL_20251206_174811849_WZ-836x629.jpg 836w, https:\/\/heimatverein-nieder-roden.de\/wp-content\/uploads\/2025\/12\/2025-12-06_18-48-11_AKHNR_Adventsmarkt2025_PXL_20251206_174811849_WZ-560x421.jpg 560w, https:\/\/heimatverein-nieder-roden.de\/wp-content\/uploads\/2025\/12\/2025-12-06_18-48-11_AKHNR_Adventsmarkt2025_PXL_20251206_174811849_WZ.jpg 1280w\" sizes=\"(max-width: 300px) 100vw, 300px\" \/><\/a> <a class=\"title\" href=\"https:\/\/heimatverein-nieder-roden.de\/?p=8477\">Adventsmarkt 2025 &#8211; Impressionen<\/a> <span class=\"excerpt-dash\">-<\/span> <span class=\"excerpt\">Hier ein paar Impressionen des Nirrer\u00e4irer Adventsmarktes 2025:<\/span><\/div><div class=\"listing-item\"><a class=\"image\" href=\"https:\/\/heimatverein-nieder-roden.de\/?p=8442\"><img decoding=\"async\" width=\"300\" height=\"200\" src=\"https:\/\/heimatverein-nieder-roden.de\/wp-content\/uploads\/2019\/12\/2015-12-07_04-47-09_NRAdventsmarkt-2015_Petrat_4U5B4469-300x200.jpg\" class=\"attachment-medium size-medium wp-post-image\" alt=\"\" srcset=\"https:\/\/heimatverein-nieder-roden.de\/wp-content\/uploads\/2019\/12\/2015-12-07_04-47-09_NRAdventsmarkt-2015_Petrat_4U5B4469-300x200.jpg 300w, https:\/\/heimatverein-nieder-roden.de\/wp-content\/uploads\/2019\/12\/2015-12-07_04-47-09_NRAdventsmarkt-2015_Petrat_4U5B4469-1024x683.jpg 1024w, https:\/\/heimatverein-nieder-roden.de\/wp-content\/uploads\/2019\/12\/2015-12-07_04-47-09_NRAdventsmarkt-2015_Petrat_4U5B4469-768x512.jpg 768w, https:\/\/heimatverein-nieder-roden.de\/wp-content\/uploads\/2019\/12\/2015-12-07_04-47-09_NRAdventsmarkt-2015_Petrat_4U5B4469-1536x1024.jpg 1536w, https:\/\/heimatverein-nieder-roden.de\/wp-content\/uploads\/2019\/12\/2015-12-07_04-47-09_NRAdventsmarkt-2015_Petrat_4U5B4469-560x373.jpg 560w, https:\/\/heimatverein-nieder-roden.de\/wp-content\/uploads\/2019\/12\/2015-12-07_04-47-09_NRAdventsmarkt-2015_Petrat_4U5B4469.jpg 1620w\" sizes=\"(max-width: 300px) 100vw, 300px\" \/><\/a> <a class=\"title\" href=\"https:\/\/heimatverein-nieder-roden.de\/?p=8442\">Adventsmarkt 2025 &#8211; Handwerksmarkt im Pfarrheim<\/a> <span class=\"excerpt-dash\">-<\/span> <span class=\"excerpt\">Mit 36 Ausstellern hat sich der Markt im Vergleich zum Vorjahr fast verdoppelt. Der gro\u00dfe Zuwachs ist ma\u00dfgeblich auf den neuen Handwerksmarkt im Saal des Pfarrheims zur\u00fcckzuf\u00fchren. <\/span><\/div><div class=\"listing-item\"><a class=\"image\" href=\"https:\/\/heimatverein-nieder-roden.de\/?p=8449\"><img decoding=\"async\" width=\"300\" height=\"212\" src=\"https:\/\/heimatverein-nieder-roden.de\/wp-content\/uploads\/2025\/12\/NRAdventsmarkt2025-Lageplan_v1.0_Uebersicht-300x212.png\" class=\"attachment-medium size-medium wp-post-image\" alt=\"\" srcset=\"https:\/\/heimatverein-nieder-roden.de\/wp-content\/uploads\/2025\/12\/NRAdventsmarkt2025-Lageplan_v1.0_Uebersicht-300x212.png 300w, https:\/\/heimatverein-nieder-roden.de\/wp-content\/uploads\/2025\/12\/NRAdventsmarkt2025-Lageplan_v1.0_Uebersicht-1024x725.png 1024w, https:\/\/heimatverein-nieder-roden.de\/wp-content\/uploads\/2025\/12\/NRAdventsmarkt2025-Lageplan_v1.0_Uebersicht-768x543.png 768w, https:\/\/heimatverein-nieder-roden.de\/wp-content\/uploads\/2025\/12\/NRAdventsmarkt2025-Lageplan_v1.0_Uebersicht-1536x1087.png 1536w, https:\/\/heimatverein-nieder-roden.de\/wp-content\/uploads\/2025\/12\/NRAdventsmarkt2025-Lageplan_v1.0_Uebersicht-836x592.png 836w, https:\/\/heimatverein-nieder-roden.de\/wp-content\/uploads\/2025\/12\/NRAdventsmarkt2025-Lageplan_v1.0_Uebersicht-560x396.png 560w, https:\/\/heimatverein-nieder-roden.de\/wp-content\/uploads\/2025\/12\/NRAdventsmarkt2025-Lageplan_v1.0_Uebersicht.png 1587w\" sizes=\"(max-width: 300px) 100vw, 300px\" \/><\/a> <a class=\"title\" href=\"https:\/\/heimatverein-nieder-roden.de\/?p=8449\">Adventsmarkt 2025 &#8211; Lageplan<\/a> <span class=\"excerpt-dash\">-<\/span> <span class=\"excerpt\">Der Lageplan zeigt alle St\u00e4nde und Buden, sowohl drinnen im Pfarrheim, als auch drau\u00dfen im Vorgarten, auf Schulstra\u00dfe, Turmstra\u00dfe und Kirchplatz.<\/span><\/div><div class=\"listing-item\"><a class=\"image\" href=\"https:\/\/heimatverein-nieder-roden.de\/?p=8412\"><img decoding=\"async\" width=\"300\" height=\"200\" src=\"https:\/\/heimatverein-nieder-roden.de\/wp-content\/uploads\/2019\/12\/2015-12-06_14-24-29_NRAdventsmarkt-2015_Petrat_IMG_8304-300x200.jpg\" class=\"attachment-medium size-medium wp-post-image\" alt=\"\" srcset=\"https:\/\/heimatverein-nieder-roden.de\/wp-content\/uploads\/2019\/12\/2015-12-06_14-24-29_NRAdventsmarkt-2015_Petrat_IMG_8304-300x200.jpg 300w, https:\/\/heimatverein-nieder-roden.de\/wp-content\/uploads\/2019\/12\/2015-12-06_14-24-29_NRAdventsmarkt-2015_Petrat_IMG_8304-1024x683.jpg 1024w, https:\/\/heimatverein-nieder-roden.de\/wp-content\/uploads\/2019\/12\/2015-12-06_14-24-29_NRAdventsmarkt-2015_Petrat_IMG_8304-768x512.jpg 768w, https:\/\/heimatverein-nieder-roden.de\/wp-content\/uploads\/2019\/12\/2015-12-06_14-24-29_NRAdventsmarkt-2015_Petrat_IMG_8304-1536x1024.jpg 1536w, https:\/\/heimatverein-nieder-roden.de\/wp-content\/uploads\/2019\/12\/2015-12-06_14-24-29_NRAdventsmarkt-2015_Petrat_IMG_8304-560x373.jpg 560w, https:\/\/heimatverein-nieder-roden.de\/wp-content\/uploads\/2019\/12\/2015-12-06_14-24-29_NRAdventsmarkt-2015_Petrat_IMG_8304.jpg 1620w\" sizes=\"(max-width: 300px) 100vw, 300px\" \/><\/a> <a class=\"title\" href=\"https:\/\/heimatverein-nieder-roden.de\/?p=8412\">Adventsmarkt 2025 &#8211; Begleitprogramm<\/a> <span class=\"excerpt-dash\">-<\/span> <span class=\"excerpt\">Den Markt begleiten auch in diesem Jahr ein paar Programmpunkte. Und nat\u00fcrlich gilt: mit Live-Musik wird&#8217;s noch sch\u00f6ner&#8230; Korrektur 10.12.2025:&#8211; der Musikalische Beitrag am Samstag wurde \u00fcbernommen vom Orchester ZweiKlang aus Dudenhofen (TSV)\/J\u00fcgesheim (SKG)&#8211; der Musikalische Beitrag am Samstag wurde \u00fcbernommen vom Orchester &#8222;Klangfarben&#8220; des Musikvereins Nieder-Roden Update 06.12.2025, 08:55 Uhr: &#8211; Spenden\u00fcbergabe Kerbverein entf\u00e4llt &hellip; <\/p><p><a class=\"more-link btn\" href=\"https:\/\/heimatverein-nieder-roden.de\/?p=8412\">Weiterlesen<\/a><\/span><\/div><div class=\"listing-item\"><a class=\"image\" href=\"https:\/\/heimatverein-nieder-roden.de\/?p=8355\"><img decoding=\"async\" width=\"200\" height=\"300\" src=\"https:\/\/heimatverein-nieder-roden.de\/wp-content\/uploads\/2019\/12\/2015-12-07_04-46-40_NRAdventsmarkt-2015_Petrat_4U5B4433-200x300.jpg\" class=\"attachment-medium size-medium wp-post-image\" alt=\"\" srcset=\"https:\/\/heimatverein-nieder-roden.de\/wp-content\/uploads\/2019\/12\/2015-12-07_04-46-40_NRAdventsmarkt-2015_Petrat_4U5B4433-200x300.jpg 200w, https:\/\/heimatverein-nieder-roden.de\/wp-content\/uploads\/2019\/12\/2015-12-07_04-46-40_NRAdventsmarkt-2015_Petrat_4U5B4433-683x1024.jpg 683w, https:\/\/heimatverein-nieder-roden.de\/wp-content\/uploads\/2019\/12\/2015-12-07_04-46-40_NRAdventsmarkt-2015_Petrat_4U5B4433-560x840.jpg 560w, https:\/\/heimatverein-nieder-roden.de\/wp-content\/uploads\/2019\/12\/2015-12-07_04-46-40_NRAdventsmarkt-2015_Petrat_4U5B4433.jpg 720w\" sizes=\"(max-width: 200px) 100vw, 200px\" \/><\/a> <a class=\"title\" href=\"https:\/\/heimatverein-nieder-roden.de\/?p=8355\">Adventsmarkt 2025 &#8211; Am 6.\/7. Dezember an der St. Matthias Kirche<\/a> <span class=\"excerpt-dash\">-<\/span> <span class=\"excerpt\">Der Nieder-R\u00f6der Adventsmarkt am 2. Adventswochenende ist ein fester Termin im Jahreskalender des AKHNR. Er wird organisiert und getragen von der Pfarrgemeinde St. Matthias Nieder-Roden.Ein gro\u00dfer Dank geht an die tragenden und helfenden H\u00e4nde! Mit 36 Ausstellern hat sich der Markt im Vergleich zum Vorjahr fast verdoppelt. Der gro\u00dfe Zuwachs ist ma\u00dfgeblich auf den neuen &hellip; <\/p><p><a class=\"more-link btn\" href=\"https:\/\/heimatverein-nieder-roden.de\/?p=8355\">Weiterlesen<\/a><\/span><\/div><div class=\"listing-item\"><a class=\"image\" href=\"https:\/\/heimatverein-nieder-roden.de\/?p=8340\"><img decoding=\"async\" width=\"300\" height=\"200\" src=\"https:\/\/heimatverein-nieder-roden.de\/wp-content\/uploads\/2019\/12\/2015-12-06_14-16-28_NRAdventsmarkt-2015_Petrat_IMG_8403-300x200.jpg\" class=\"attachment-medium size-medium wp-post-image\" alt=\"\" srcset=\"https:\/\/heimatverein-nieder-roden.de\/wp-content\/uploads\/2019\/12\/2015-12-06_14-16-28_NRAdventsmarkt-2015_Petrat_IMG_8403-300x200.jpg 300w, https:\/\/heimatverein-nieder-roden.de\/wp-content\/uploads\/2019\/12\/2015-12-06_14-16-28_NRAdventsmarkt-2015_Petrat_IMG_8403-1024x683.jpg 1024w, https:\/\/heimatverein-nieder-roden.de\/wp-content\/uploads\/2019\/12\/2015-12-06_14-16-28_NRAdventsmarkt-2015_Petrat_IMG_8403-768x512.jpg 768w, https:\/\/heimatverein-nieder-roden.de\/wp-content\/uploads\/2019\/12\/2015-12-06_14-16-28_NRAdventsmarkt-2015_Petrat_IMG_8403-1536x1024.jpg 1536w, https:\/\/heimatverein-nieder-roden.de\/wp-content\/uploads\/2019\/12\/2015-12-06_14-16-28_NRAdventsmarkt-2015_Petrat_IMG_8403-560x373.jpg 560w, https:\/\/heimatverein-nieder-roden.de\/wp-content\/uploads\/2019\/12\/2015-12-06_14-16-28_NRAdventsmarkt-2015_Petrat_IMG_8403.jpg 1620w\" sizes=\"(max-width: 300px) 100vw, 300px\" \/><\/a> <a class=\"title\" href=\"https:\/\/heimatverein-nieder-roden.de\/?p=8340\">Adventsmarkt 2025 &#8211; Vortreffen f\u00fcr die Teilnehmer am 12. November<\/a> <span class=\"excerpt-dash\">-<\/span> <span class=\"excerpt\">Am Mittwoch, den 12. November 2025, findet um 20 Uhr das Vortreffen zum Nirrer\u00e4irer Adventsmarkt 2025 statt. Was? Adventsmarkt 2025 &#8211; Vortreffen Wann? Mittwoch12. November 202520:00 Uhr Wo? SGN-ClubhausGastst\u00e4tte &#8222;Pizza &amp; Bar GUDES&#8220;Hainburgstra\u00dfe 4963110 Rodgau Das Organisations-Komitee der Pfarrgemeinde St. Matthias l\u00e4dt alle herzlich ein, die sich mit einem Stand auf dem Markt beteiligen wollen. &hellip; <\/p><p><a class=\"more-link btn\" href=\"https:\/\/heimatverein-nieder-roden.de\/?p=8340\">Weiterlesen<\/a><\/span><\/div><\/div>\n","protected":false},"excerpt":{"rendered":"<p>Der Nieder-R\u00f6der Adventsmarkt am 2. Adventswochenende ist ein fester Termin im Jahreskalender des AKHNR. Update 04.12.2025, 15:26 Uhr:Wir haben den Lageplan hinzugef\u00fcgt. Infos zum Handwerksmarkt mit Verlinkung auf Artikel hinzugef\u00fcgt. Was macht unseren Adventsmarkt aus? Alle Infos zum Adventsmarkt 2025 Handwerksmarkt im Pfarrheim Angebot des Heimatvereins \u00d6ffnungszeiten Lageplan der Buden und St\u00e4nde Begleitprogramm Meldungen und &hellip; <\/p>\n<p><a class=\"more-link btn\" href=\"https:\/\/heimatverein-nieder-roden.de\/?p=8340\">Weiterlesen<\/a><\/p>\n","protected":false},"author":1,"featured_media":2142,"parent":1023,"menu_order":0,"comment_status":"closed","ping_status":"closed","template":"template-onecolumn.php","meta":{"_coblocks_attr":"","_coblocks_dimensions":"","_coblocks_responsive_height":"","_coblocks_accordion_ie_support":"","footnotes":""},"class_list":["post-7761","page","type-page","status-publish","has-post-thumbnail","hentry","nodate"],"publishpress_future_action":{"enabled":false,"date":"2026-05-07 20:54:53","action":"change-status","newStatus":"draft","terms":[],"taxonomy":"","extraData":[]},"publishpress_future_workflow_manual_trigger":{"enabledWorkflows":[]},"_links":{"self":[{"href":"https:\/\/heimatverein-nieder-roden.de\/index.php?rest_route=\/wp\/v2\/pages\/7761","targetHints":{"allow":["GET"]}}],"collection":[{"href":"https:\/\/heimatverein-nieder-roden.de\/index.php?rest_route=\/wp\/v2\/pages"}],"about":[{"href":"https:\/\/heimatverein-nieder-roden.de\/index.php?rest_route=\/wp\/v2\/types\/page"}],"author":[{"embeddable":true,"href":"https:\/\/heimatverein-nieder-roden.de\/index.php?rest_route=\/wp\/v2\/users\/1"}],"replies":[{"embeddable":true,"href":"https:\/\/heimatverein-nieder-roden.de\/index.php?rest_route=%2Fwp%2Fv2%2Fcomments&post=7761"}],"version-history":[{"count":64,"href":"https:\/\/heimatverein-nieder-roden.de\/index.php?rest_route=\/wp\/v2\/pages\/7761\/revisions"}],"predecessor-version":[{"id":8609,"href":"https:\/\/heimatverein-nieder-roden.de\/index.php?rest_route=\/wp\/v2\/pages\/7761\/revisions\/8609"}],"up":[{"embeddable":true,"href":"https:\/\/heimatverein-nieder-roden.de\/index.php?rest_route=\/wp\/v2\/pages\/1023"}],"wp:featuredmedia":[{"embeddable":true,"href":"https:\/\/heimatverein-nieder-roden.de\/index.php?rest_route=\/wp\/v2\/media\/2142"}],"wp:attachment":[{"href":"https:\/\/heimatverein-nieder-roden.de\/index.php?rest_route=%2Fwp%2Fv2%2Fmedia&parent=7761"}],"curies":[{"name":"wp","href":"https:\/\/api.w.org\/{rel}","templated":true}]}}