{"id":6853,"date":"2024-05-19T20:18:36","date_gmt":"2024-05-19T18:18:36","guid":{"rendered":"https:\/\/heimatverein-nieder-roden.de\/?page_id=6853"},"modified":"2026-04-25T15:45:43","modified_gmt":"2026-04-25T13:45:43","slug":"jahreskalender-2024","status":"publish","type":"page","link":"https:\/\/heimatverein-nieder-roden.de\/?page_id=6853","title":{"rendered":"Jahreskalender"},"content":{"rendered":"<div class=\"wp-block-image is-style-default\">\n<figure class=\"aligncenter size-full is-resized\"><img decoding=\"async\" width=\"1754\" height=\"1241\" src=\"https:\/\/heimatverein-nieder-roden.de\/wp-content\/uploads\/2024\/12\/AKHNR_Kalender_Symbolbild-fuer-Beitrag_2025_v1.0.jpg\" alt=\"\" class=\"wp-image-7899\" style=\"width:637px;height:auto\" srcset=\"https:\/\/heimatverein-nieder-roden.de\/wp-content\/uploads\/2024\/12\/AKHNR_Kalender_Symbolbild-fuer-Beitrag_2025_v1.0.jpg 1754w, https:\/\/heimatverein-nieder-roden.de\/wp-content\/uploads\/2024\/12\/AKHNR_Kalender_Symbolbild-fuer-Beitrag_2025_v1.0-300x212.jpg 300w, https:\/\/heimatverein-nieder-roden.de\/wp-content\/uploads\/2024\/12\/AKHNR_Kalender_Symbolbild-fuer-Beitrag_2025_v1.0-1024x725.jpg 1024w, https:\/\/heimatverein-nieder-roden.de\/wp-content\/uploads\/2024\/12\/AKHNR_Kalender_Symbolbild-fuer-Beitrag_2025_v1.0-768x543.jpg 768w, https:\/\/heimatverein-nieder-roden.de\/wp-content\/uploads\/2024\/12\/AKHNR_Kalender_Symbolbild-fuer-Beitrag_2025_v1.0-1536x1087.jpg 1536w, https:\/\/heimatverein-nieder-roden.de\/wp-content\/uploads\/2024\/12\/AKHNR_Kalender_Symbolbild-fuer-Beitrag_2025_v1.0-836x591.jpg 836w, https:\/\/heimatverein-nieder-roden.de\/wp-content\/uploads\/2024\/12\/AKHNR_Kalender_Symbolbild-fuer-Beitrag_2025_v1.0-560x396.jpg 560w\" sizes=\"(max-width: 1754px) 100vw, 1754px\" \/><figcaption class=\"wp-element-caption\">Jahreskalender 2025 &#8211; Symbolbild \u00a9 AKHNR<\/figcaption><\/figure>\n<\/div>\n\n\n<p>Auf dieser Seite finden Sie den Nirrer\u00e4irer Jahreskalender. Sie k\u00f6nnen ihn als PDF-Dokument herunterladen und ausdrucken.<\/p>\n\n\n\n<p><a href=\"#anderungshistorie\">Weiter unten sehen Sie die \u00c4nderungen<\/a>, die sich im Laufe des Jahres ergeben haben. Hier k\u00f6nnen Sie schauen, ob die \u00c4nderungen f\u00fcr Sie relevant sind und Sie sich den Kalender vielleicht deshalb neu ausdrucken m\u00f6chten.<\/p>\n\n\n\n<p class=\"is-style-info\">Nat\u00fcrlich sind wir nicht fehlerfrei und froh \u00fcber Hinweise.<br>Bitte teilen Sie uns mit, wenn Ihnen Fehler auffallen. Klicken Sie dazu auf den Button.<br>Vielen Dank!<\/p>\n\n\n\n<div class=\"wp-block-buttons is-content-justification-center is-layout-flex wp-container-core-buttons-is-layout-16018d1d wp-block-buttons-is-layout-flex\">\n<div class=\"wp-block-button is-style-circular\"><a class=\"wp-block-button__link has-text-align-center wp-element-button\" href=\"mailto:info@heimatverein-nieder-roden.de?subject=Jahreskalender%20-%20Ich%20habe%20einen%20Fehler%20gefunden&amp;body=Hallo%20liebes%20Kalender-Team%2C%0D%0A%0D%0Aich%20habe%20einen%20Fehler%20in%20eurem%20Kalender%20gefunden%3A%0D%0A%0D%0ABESCHREIBUNG%0D%0A%0D%0AGru%C3%9F%0D%0ANAME\">Ich habe einen Fehler gefunden&#8230;<\/a><\/div>\n<\/div>\n\n\n\n<hr class=\"wp-block-separator has-alpha-channel-opacity is-style-wide\"\/>\n\n\n\n<h1 class=\"wp-block-heading\">Kalender als PDF-Dokument<\/h1>\n\n\n\n<h2 class=\"wp-block-heading\">Jahreskalender 2026<\/h2>\n\n\n\n<p>Hier finden Sie den Jahreskalender f\u00fcr das Jahr 2026.<\/p>\n\n\n\n<div data-wp-interactive=\"core\/file\" class=\"wp-block-file\"><object data-wp-bind--hidden=\"!state.hasPdfPreview\" hidden class=\"wp-block-file__embed\" data=\"https:\/\/heimatverein-nieder-roden.de\/wp-content\/uploads\/2026\/04\/AKHNR_Kalender2026_v1.6.pdf\" type=\"application\/pdf\" style=\"width:100%;height:940px\" aria-label=\"Einbettung von AKHNR_Kalender2026_v1.6.\"><\/object><a id=\"wp-block-file--media-27d77f79-3ee2-4596-b5bc-5f259f607a2c\" href=\"https:\/\/heimatverein-nieder-roden.de\/wp-content\/uploads\/2026\/04\/AKHNR_Kalender2026_v1.6.pdf\">AKHNR_Kalender2026_v1.6<\/a><a href=\"https:\/\/heimatverein-nieder-roden.de\/wp-content\/uploads\/2026\/04\/AKHNR_Kalender2026_v1.6.pdf\" class=\"wp-block-file__button wp-element-button\" download aria-describedby=\"wp-block-file--media-27d77f79-3ee2-4596-b5bc-5f259f607a2c\">Herunterladen<\/a><\/div>\n\n\n\n<h2 class=\"wp-block-heading\">\u00c4nderungshistorie<\/h2>\n\n\n\n<figure class=\"wp-block-table\"><table><thead><tr><th>Version<\/th><th>\u00c4nderungen<\/th><\/tr><\/thead><tbody><tr><td>AKHNR_Kalender2026_v1.6<\/td><td>Neu:<br>&#8211; Heimat &amp; Genuss<br>&#8212; Do 30.04.<br>&#8212; Mi 20.05.<br>&#8212; Do 11.06.<br>&#8212; Sa 04.07.<br>&#8212; Do 23.07.<br>&#8212; Mi 12.08.<br>&#8212; Do 03.09.<br>&#8212; Sa 26.09.<br>&#8211; 24.03. 16 Uhr Weggottesdienst der Erstkommunionkinder mit Eucharistiefeier<br>&#8211; 26.03. 9 Uhr Heilige Messe \u2013 anschlie\u00dfend Frauenfr\u00fchst\u00fcck in Rollwald<br>&#8211; 29.03. Palmsonntag 9:30 Uhr Hochamt \u2013 Beginn im Garten des Pfarrheims (bei guter Witterung)<br>&#8211; 01.04. Pascha-Mahl<\/td><\/tr><tr><td>AKHNR_Kalender2026_v1.5<\/td><td>Neu:<br>&#8211; Passionskonzert Kath. Kirchenchor 29.03.<br>&#8211; Karfreitagsfischessen 03.04.<br>&#8211; Backfischfest 28.-30.08.<br>&#8211; Drachenfest 26.-27.09.<\/td><\/tr><\/tbody><\/table><\/figure>\n\n\n\n<hr class=\"wp-block-separator has-alpha-channel-opacity is-style-wide\"\/>\n\n\n\n<h2 class=\"wp-block-heading\">Jahreskalender 2025<\/h2>\n\n\n\n<p>Im Jahr 2024 haben wir zum ersten Mail den Versuch gewagt sogar die Termine der M\u00fcllabfuhren in den Kalender einzubauen.<br>Deshalb gab es 4 verschiedene Varianten, je nach dem, wo man in Nieder-Roden wohnt.<\/p>\n\n\n\n<p>Warum sind es 4 M\u00fcllbezirke? <a href=\"#muellbezirke\">Weiter unten gibt es Infos dazu.<\/a><\/p>\n\n\n\n<p>Da das ganze viel Flei\u00dfarbeit erfordert, wissen wir noch nicht, ob es ihn jedes Jahr geben wird.<br>Stand jetzt (05.12.2024) sind die M\u00fcllabfuhrtermine von der Stadt noch nicht bekannt gegeben worden.<br>Deshalb gibt es jetzt erstmal nur einen Kalender ohne M\u00fcllabfuhrtermine.<\/p>\n\n\n\n<div class=\"wp-block-file\"><a id=\"wp-block-file--media-0297f58f-8813-4067-824f-aef9d0b312e2\" href=\"https:\/\/heimatverein-nieder-roden.de\/wp-content\/uploads\/2025\/06\/AKHNR_Kalender2025_v1.6.pdf\">AKHNR_Kalender2025_v1.6<\/a><a href=\"https:\/\/heimatverein-nieder-roden.de\/wp-content\/uploads\/2025\/06\/AKHNR_Kalender2025_v1.6.pdf\" class=\"wp-block-file__button wp-element-button\" download aria-describedby=\"wp-block-file--media-0297f58f-8813-4067-824f-aef9d0b312e2\">Herunterladen<\/a><\/div>\n\n\n\n<h2 class=\"wp-block-heading\">\u00c4nderungshistorie<\/h2>\n\n\n\n<figure class=\"wp-block-table\"><table><thead><tr><th>Version<\/th><th>\u00c4nderungen<\/th><\/tr><\/thead><tbody><tr><td>AKHNR_Kalender2025_v1.6<br><\/td><td>Neu:<br>&#8211; Friedhofs-Caf\u00e9<br>&#8212; 18. Juni<br>&#8212; 2. Juli<br>&#8212; 16. Juli<br>&#8212; 6. August<br>&#8212; 20. August<br>&#8212; 3. September<br>&#8212; 17. September<br>&#8211; 15.06. NABU-Sommerfest<br>&#8211; 15.06. Rollwaldfest<br>-21.\/22.11. TGGW Auff\u00fchrungen Krabat<\/td><\/tr><tr><td>AKHNR_Kalender2025_v1.5<\/td><td>Neu:<br>&#8211; 01.07. Stadtteil-\/Netzwerktreffen<\/td><\/tr><tr><td>AKHNR_Kalender2025_v1.4<br><\/td><td>Neu:<br>&#8211; 16.04. Pascha-Mahl<br>&#8211; 21.05. Stadtteil-\/Netzwerktreffen<br>&#8211; 15.06. Rollwaldfest<\/td><\/tr><tr><td>AKHNR_Kalender2025_v1.3<\/td><td>Neu:<br>&#8211; 21.03. : Gedenken zur Befreiung vor 80 Jahren &#8211; MunaVeRo<\/td><\/tr><tr><td>AKHNR_Kalender2025_v1.2<\/td><td>Neu:<br>&#8211; 16.03. 40 Jahre HGV Weiskirchen<br>&#8211; 18.03. Stadtteil-\/Netzwerktreffen GWA Nieder-Roden<br><br>Korrigiert:<br>&#8211; Jahresauftakt von 16.03. auf 23.03. verschoben<br>&#8211; Ehrungsabend von 19.03. auf 26.03.<br>&#8211; Mitgliederversammlung 26.03. entfernt<br>&#8211; Museums\u00f6ffnung 16.03. durch &#8222;Spaziergang zum Jahresauftakt&#8220; ersetzt<\/td><\/tr><\/tbody><\/table><\/figure>\n\n\n\n<h2 class=\"wp-block-heading\">Jahreskalender 2024<\/h2>\n\n\n\n<p>Hier finden Sie noch die Kalender f\u00fcr 2024.<\/p>\n\n\n\n<p><strong>Klicken Sie auf einen M\u00fcllbezirk zum Ausklappen<\/strong>:<\/p>\n\n\n\n<div class=\"wp-block-coblocks-accordion\">\n<div class=\"wp-block-coblocks-accordion-item\"><details><summary class=\"wp-block-coblocks-accordion-item__title\"><strong>> f\u00fcr den M\u00fcllbezirk A (n\u00f6rdlich der Bahnlinie)<\/strong><\/summary><div class=\"wp-block-coblocks-accordion-item__content\">\n<p><\/p>\n\n\n\n<div data-wp-interactive=\"core\/file\" class=\"wp-block-file\"><object data-wp-bind--hidden=\"!state.hasPdfPreview\" hidden class=\"wp-block-file__embed\" data=\"https:\/\/heimatverein-nieder-roden.de\/wp-content\/uploads\/2024\/11\/AKHNR_Kalender2024_v1.9-fuer-Muellbezirk-A.pdf\" type=\"application\/pdf\" style=\"width:100%;height:600px\" aria-label=\"Einbettung von AKHNR_Kalender2024_v1.9-f\u00fcr-M\u00fcllbezirk-A.\"><\/object><a id=\"wp-block-file--media-a1b1a854-804c-4177-938d-4c2a793082aa\" href=\"https:\/\/heimatverein-nieder-roden.de\/wp-content\/uploads\/2024\/11\/AKHNR_Kalender2024_v1.9-fuer-Muellbezirk-A.pdf\">AKHNR_Kalender2024_v1.9-f\u00fcr-M\u00fcllbezirk-A<\/a><a href=\"https:\/\/heimatverein-nieder-roden.de\/wp-content\/uploads\/2024\/11\/AKHNR_Kalender2024_v1.9-fuer-Muellbezirk-A.pdf\" class=\"wp-block-file__button wp-element-button\" download aria-describedby=\"wp-block-file--media-a1b1a854-804c-4177-938d-4c2a793082aa\">Herunterladen<\/a><\/div>\n<\/div><\/details><\/div>\n\n\n\n<div class=\"wp-block-coblocks-accordion-item\"><details><summary class=\"wp-block-coblocks-accordion-item__title\"><strong>> f\u00fcr den M\u00fcllbezirk B (zwischen Bahnlinie und Hauptstra\u00dfe, inkl. Hauptstra\u00dfe)<\/strong><\/summary><div class=\"wp-block-coblocks-accordion-item__content\">\n<p><\/p>\n\n\n\n<div data-wp-interactive=\"core\/file\" class=\"wp-block-file\"><object data-wp-bind--hidden=\"!state.hasPdfPreview\" hidden class=\"wp-block-file__embed\" data=\"https:\/\/heimatverein-nieder-roden.de\/wp-content\/uploads\/2024\/11\/AKHNR_Kalender2024_v1.9-fuer-Muellbezirk-B.pdf\" type=\"application\/pdf\" style=\"width:100%;height:600px\" aria-label=\"Einbettung von AKHNR_Kalender2024_v1.9-f\u00fcr-M\u00fcllbezirk-B.\"><\/object><a id=\"wp-block-file--media-9da53af5-be56-4641-b983-c5afb09ff6b5\" href=\"https:\/\/heimatverein-nieder-roden.de\/wp-content\/uploads\/2024\/11\/AKHNR_Kalender2024_v1.9-fuer-Muellbezirk-B.pdf\">AKHNR_Kalender2024_v1.9-f\u00fcr-M\u00fcllbezirk-B<\/a><a href=\"https:\/\/heimatverein-nieder-roden.de\/wp-content\/uploads\/2024\/11\/AKHNR_Kalender2024_v1.9-fuer-Muellbezirk-B.pdf\" class=\"wp-block-file__button wp-element-button\" download aria-describedby=\"wp-block-file--media-9da53af5-be56-4641-b983-c5afb09ff6b5\">Herunterladen<\/a><\/div>\n<\/div><\/details><\/div>\n\n\n\n<div class=\"wp-block-coblocks-accordion-item\"><details><summary class=\"wp-block-coblocks-accordion-item__title\"><strong>> f\u00fcr den M\u00fcllbezirk C (rechts\/s\u00fcdlich der Hauptstra\u00dfe)<\/strong><\/summary><div class=\"wp-block-coblocks-accordion-item__content\">\n<p><\/p>\n\n\n\n<div data-wp-interactive=\"core\/file\" class=\"wp-block-file\"><object data-wp-bind--hidden=\"!state.hasPdfPreview\" hidden class=\"wp-block-file__embed\" data=\"https:\/\/heimatverein-nieder-roden.de\/wp-content\/uploads\/2024\/11\/AKHNR_Kalender2024_v1.9-fuer-Muellbezirk-C.pdf\" type=\"application\/pdf\" style=\"width:100%;height:600px\" aria-label=\"Einbettung von AKHNR_Kalender2024_v1.9-f\u00fcr-M\u00fcllbezirk-C.\"><\/object><a id=\"wp-block-file--media-ea106773-5161-4c19-83ad-290641970d53\" href=\"https:\/\/heimatverein-nieder-roden.de\/wp-content\/uploads\/2024\/11\/AKHNR_Kalender2024_v1.9-fuer-Muellbezirk-C.pdf\">AKHNR_Kalender2024_v1.9-f\u00fcr-M\u00fcllbezirk-C<\/a><a href=\"https:\/\/heimatverein-nieder-roden.de\/wp-content\/uploads\/2024\/11\/AKHNR_Kalender2024_v1.9-fuer-Muellbezirk-C.pdf\" class=\"wp-block-file__button wp-element-button\" download aria-describedby=\"wp-block-file--media-ea106773-5161-4c19-83ad-290641970d53\">Herunterladen<\/a><\/div>\n<\/div><\/details><\/div>\n\n\n\n<div class=\"wp-block-coblocks-accordion-item\"><details><summary class=\"wp-block-coblocks-accordion-item__title\"><strong>> f\u00fcr den M\u00fcllbezirk D (Rollwald)<\/strong><\/summary><div class=\"wp-block-coblocks-accordion-item__content\">\n<p><\/p>\n\n\n\n<div data-wp-interactive=\"core\/file\" class=\"wp-block-file\"><object data-wp-bind--hidden=\"!state.hasPdfPreview\" hidden class=\"wp-block-file__embed\" data=\"https:\/\/heimatverein-nieder-roden.de\/wp-content\/uploads\/2024\/11\/AKHNR_Kalender2024_v1.9-fuer-Muellbezirk-D.pdf\" type=\"application\/pdf\" style=\"width:100%;height:600px\" aria-label=\"Einbettung von AKHNR_Kalender2024_v1.9-f\u00fcr-M\u00fcllbezirk-D.\"><\/object><a id=\"wp-block-file--media-b422307a-8a7c-4886-995f-b94e82c4af37\" href=\"https:\/\/heimatverein-nieder-roden.de\/wp-content\/uploads\/2024\/11\/AKHNR_Kalender2024_v1.9-fuer-Muellbezirk-D.pdf\">AKHNR_Kalender2024_v1.9-f\u00fcr-M\u00fcllbezirk-D<\/a><a href=\"https:\/\/heimatverein-nieder-roden.de\/wp-content\/uploads\/2024\/11\/AKHNR_Kalender2024_v1.9-fuer-Muellbezirk-D.pdf\" class=\"wp-block-file__button wp-element-button\" download aria-describedby=\"wp-block-file--media-b422307a-8a7c-4886-995f-b94e82c4af37\">Herunterladen<\/a><\/div>\n<\/div><\/details><\/div>\n<\/div>\n\n\n\n<hr class=\"wp-block-separator has-alpha-channel-opacity is-style-wide\"\/>\n\n\n\n<h2 class=\"wp-block-heading\" id=\"muellbezirke\">Erkl\u00e4rung der M\u00fcllbezirke<\/h2>\n\n\n\n<p>Jedes Jahr zum Jahreswechsel bekommen die Rodgauer Haushalte den Abfallwegweiser der Stadtwerke Rodgau in den Briefkasten. Darin enthalten sind zwei Jahreskalender: <\/p>\n\n\n\n<ol class=\"wp-block-list\">\n<li>einer f\u00fcr die Abfuhrtermine von Restm\u00fcll, Biotonne und Altpapier<\/li>\n\n\n\n<li>einer f\u00fcr die Abfuhrtermine der Gelben Tonne\/des Gelben Sacks<\/li>\n<\/ol>\n\n\n\n<p>Der Grund d\u00fcrfte darin liegen, dass es zwei Entsorgungsunternehmen sind, die f\u00fcr die beiden Gruppen verantwortlich sind.<\/p>\n\n\n\n<p>In beiden F\u00e4llen werden nicht alle Haushalte Nieder-Rodens an einem Tag angefahren &#8211; es gibt mehrere Bezirke, in denen an unterschiedlichen Tagen der M\u00fcll abgeholt wird.<\/p>\n\n\n\n<p>Leider sind die Bezirke nicht gleich:<\/p>\n\n\n\n<div class=\"wp-block-columns is-layout-flex wp-container-core-columns-is-layout-9d6595d7 wp-block-columns-is-layout-flex\">\n<div class=\"wp-block-column is-layout-flow wp-block-column-is-layout-flow\">\n<h4 class=\"wp-block-heading\">Restm\u00fcll, Biotonne, Altpapier<\/h4>\n\n\n\n<figure class=\"wp-block-image size-large\"><a href=\"https:\/\/heimatverein-nieder-roden.de\/wp-content\/uploads\/2024\/01\/Muellbezirke-NR_Restmuell-Biotonne-Altpapier_Q50.jpg\"><img decoding=\"async\" width=\"1024\" height=\"805\" src=\"https:\/\/heimatverein-nieder-roden.de\/wp-content\/uploads\/2024\/01\/Muellbezirke-NR_Restmuell-Biotonne-Altpapier_Q50-1024x805.jpg\" alt=\"\" class=\"wp-image-6503\" srcset=\"https:\/\/heimatverein-nieder-roden.de\/wp-content\/uploads\/2024\/01\/Muellbezirke-NR_Restmuell-Biotonne-Altpapier_Q50-1024x805.jpg 1024w, https:\/\/heimatverein-nieder-roden.de\/wp-content\/uploads\/2024\/01\/Muellbezirke-NR_Restmuell-Biotonne-Altpapier_Q50-300x236.jpg 300w, https:\/\/heimatverein-nieder-roden.de\/wp-content\/uploads\/2024\/01\/Muellbezirke-NR_Restmuell-Biotonne-Altpapier_Q50-768x603.jpg 768w, https:\/\/heimatverein-nieder-roden.de\/wp-content\/uploads\/2024\/01\/Muellbezirke-NR_Restmuell-Biotonne-Altpapier_Q50-1536x1207.jpg 1536w, https:\/\/heimatverein-nieder-roden.de\/wp-content\/uploads\/2024\/01\/Muellbezirke-NR_Restmuell-Biotonne-Altpapier_Q50-836x657.jpg 836w, https:\/\/heimatverein-nieder-roden.de\/wp-content\/uploads\/2024\/01\/Muellbezirke-NR_Restmuell-Biotonne-Altpapier_Q50-560x440.jpg 560w, https:\/\/heimatverein-nieder-roden.de\/wp-content\/uploads\/2024\/01\/Muellbezirke-NR_Restmuell-Biotonne-Altpapier_Q50.jpg 1685w\" sizes=\"(max-width: 1024px) 100vw, 1024px\" \/><\/a><figcaption class=\"wp-element-caption\">M\u00fcllabfuhr-Bezirke in Nieder-Roden, f\u00fcr Restm\u00fcll, Biotonne und Altpapier. \n(Eigene Darstellung auf Grundlage des &#8222;Abfallkalenders 2024 Stadtteil Nieder-Roden Stadtwerke Rodgau&#8220; enthalten im Abfallwegweiser der Stadtwerke Rodgau) \u00a9AKHNR<\/figcaption><\/figure>\n<\/div>\n\n\n\n<div class=\"wp-block-column is-layout-flow wp-block-column-is-layout-flow\">\n<h4 class=\"wp-block-heading\">Gelbe Tonne, Gelber Sack<\/h4>\n\n\n\n<figure class=\"wp-block-image size-large\"><a href=\"https:\/\/heimatverein-nieder-roden.de\/wp-content\/uploads\/2024\/01\/Muellbezirke-NR_GelbeTonneGelberSack_Q50.jpg\"><img decoding=\"async\" width=\"1024\" height=\"806\" src=\"https:\/\/heimatverein-nieder-roden.de\/wp-content\/uploads\/2024\/01\/Muellbezirke-NR_GelbeTonneGelberSack_Q50-1024x806.jpg\" alt=\"\" class=\"wp-image-6504\" srcset=\"https:\/\/heimatverein-nieder-roden.de\/wp-content\/uploads\/2024\/01\/Muellbezirke-NR_GelbeTonneGelberSack_Q50-1024x806.jpg 1024w, https:\/\/heimatverein-nieder-roden.de\/wp-content\/uploads\/2024\/01\/Muellbezirke-NR_GelbeTonneGelberSack_Q50-300x236.jpg 300w, https:\/\/heimatverein-nieder-roden.de\/wp-content\/uploads\/2024\/01\/Muellbezirke-NR_GelbeTonneGelberSack_Q50-768x604.jpg 768w, https:\/\/heimatverein-nieder-roden.de\/wp-content\/uploads\/2024\/01\/Muellbezirke-NR_GelbeTonneGelberSack_Q50-1536x1208.jpg 1536w, https:\/\/heimatverein-nieder-roden.de\/wp-content\/uploads\/2024\/01\/Muellbezirke-NR_GelbeTonneGelberSack_Q50-836x658.jpg 836w, https:\/\/heimatverein-nieder-roden.de\/wp-content\/uploads\/2024\/01\/Muellbezirke-NR_GelbeTonneGelberSack_Q50-560x441.jpg 560w, https:\/\/heimatverein-nieder-roden.de\/wp-content\/uploads\/2024\/01\/Muellbezirke-NR_GelbeTonneGelberSack_Q50.jpg 1683w\" sizes=\"(max-width: 1024px) 100vw, 1024px\" \/><\/a><figcaption class=\"wp-element-caption\">M\u00fcllabfuhr-Bezirke in Nieder-Roden, f\u00fcr Gelbe Tonne und Gelben Sack.\n(Eigene Darstellung auf Grundlage des Kalenders \u201cAbfuhr Gelbe Tonne, Gelber Sack Rodgau 2024, Fa. Remondis\u201d enthalten im Abfallwegweiser der Stadtwerke Rodgau) \u00a9AKHNR<\/figcaption><\/figure>\n<\/div>\n<\/div>\n\n\n\n<h3 class=\"wp-block-heading\">Daraus werden 4 M\u00fcllbezirke<\/h3>\n\n\n\n<p>M\u00f6chte man aus dieser Ausgangssituation f\u00fcr jeden Einwohner einen Kalender mit &#8222;seinen\/ihren&#8220; Abfuhrterminen erstellen, m\u00fcssen daraus 4 M\u00fcllbezirke gebildet werden:<\/p>\n\n\n\n<figure class=\"wp-block-image size-large\"><a href=\"https:\/\/heimatverein-nieder-roden.de\/wp-content\/uploads\/2024\/01\/Muellbezirke-NR_Gesamt_Q50.jpg\"><img decoding=\"async\" width=\"1024\" height=\"805\" src=\"https:\/\/heimatverein-nieder-roden.de\/wp-content\/uploads\/2024\/01\/Muellbezirke-NR_Gesamt_Q50-1024x805.jpg\" alt=\"\" class=\"wp-image-6502\" srcset=\"https:\/\/heimatverein-nieder-roden.de\/wp-content\/uploads\/2024\/01\/Muellbezirke-NR_Gesamt_Q50-1024x805.jpg 1024w, https:\/\/heimatverein-nieder-roden.de\/wp-content\/uploads\/2024\/01\/Muellbezirke-NR_Gesamt_Q50-300x236.jpg 300w, https:\/\/heimatverein-nieder-roden.de\/wp-content\/uploads\/2024\/01\/Muellbezirke-NR_Gesamt_Q50-768x603.jpg 768w, https:\/\/heimatverein-nieder-roden.de\/wp-content\/uploads\/2024\/01\/Muellbezirke-NR_Gesamt_Q50-1536x1207.jpg 1536w, https:\/\/heimatverein-nieder-roden.de\/wp-content\/uploads\/2024\/01\/Muellbezirke-NR_Gesamt_Q50-836x657.jpg 836w, https:\/\/heimatverein-nieder-roden.de\/wp-content\/uploads\/2024\/01\/Muellbezirke-NR_Gesamt_Q50-560x440.jpg 560w, https:\/\/heimatverein-nieder-roden.de\/wp-content\/uploads\/2024\/01\/Muellbezirke-NR_Gesamt_Q50.jpg 1685w\" sizes=\"(max-width: 1024px) 100vw, 1024px\" \/><\/a><figcaption class=\"wp-element-caption\">Vier Bezirke in Nieder-Roden f\u00fcr alle M\u00fcllarten. \u00a9AKHNR<\/figcaption><\/figure>\n\n\n\n<p>Deshalb gibt es 4 Jahreskalender-Varianten um allen Einwohnern einen passenden Kalender zu erm\u00f6glichen.<\/p>\n\n\n\n<hr class=\"wp-block-separator has-alpha-channel-opacity is-style-wide\"\/>\n\n\n\n<h1 class=\"wp-block-heading\" id=\"anderungshistorie\">\u00c4nderungshistorie<\/h1>\n\n\n\n<figure class=\"wp-block-table\"><table><thead><tr><th>Version<\/th><th>\u00c4nderungen<\/th><\/tr><\/thead><tbody><tr><td>AKHNR_Kalender2024_v1.9<\/td><td>Neu:<br>&#8211; 6.11. PGR-Sitzung Nieder-Roden (nur online)<br>&#8211; 9.11. Martinsandacht (nur online)<br>&#8211; 9.\/10.11. Martinsmarkt<br>&#8211; 10.11. Flohmarkt Camping-Freunde<br>&#8211; 16.11. Konzert Polyhymnia &#8222;Viva Italia&#8220;<br>&#8211; 19.11 VR-Sitzung Pfgm. Nieder-Roden (nur online)<br>&#8211; 23.11. Firmung in St. Matthias<\/td><\/tr><tr><td>AKHNR_Kalender2024_v1.8<\/td><td>Neu:<br>&#8211; 07.07. Kindergottesdienst Pfarrheim (nur online)<br>&#8211; 07.07. Kath. Fahrzeugsegnung (nur online)<br>&#8211; 19.07. Seniorennachmittag (nur online)<br>&#8211; 01.08. VWR-Sitzung St. Matthias (nur online)<br>&#8211; 15.08. Messe mit Kr\u00e4uterweihe in Hl. Kreuz (nur online)<br>&#8211; 19.08. Seniorennachmittag (nur online)<br>&#8211; 23.-25.08. Backfischfest ASV Rodgau<br>&#8211; 24.08. Vortrag: Geschichte der Schlimmbach-Orgel St. Nikolaus J\u00fcgesheim (nur online)<br>&#8211; 26.08. Einschulungsgottesdienst St. Matthias (nur online)<br>&#8211; 27.08. \u00d6kumenischer Einschulungsgottesdienst ev. Gemeindezentrum (nur online)<br>&#8211; 31.08. SGN JMC-Sommerfest &#8222;Tanz mit uns&#8220;<br>&#8211; 01.09. Hofflohm\u00e4rkte WK, HH, J\u00dc<br>&#8211; 11.09. PGR-Sitzung St. Matthias (nur online)<br>&#8211; 12.-13.09. 50 Jahre HBS<br>&#8211; 15.09. Kinderfest<br>&#8211; 22.09. 11-16 Uhr Hofflohm\u00e4rkte DU, NR, RO<br>&#8211; 19.10. Mahl der Verst\u00e4ndigung<br>&#8211; 25.-27.10. Rodgau Art 24<br>&#8211; 09.-10.11. Modellbahnausstellung RMC<br>&#8211; 19.11. Vortrag Nepal Stolzenburg<\/td><\/tr><tr><td>AKHNR_Kalender2024_v1.7<\/td><td>Neu:<br>&#8211; 27.06. DRK-Blutspendetermin (nur online)<br>&#8211; 29.06. 85 Jahre B\u00e4ckerei Spahn<br>&#8211; 01.07. Rathaus vor Ort, Puiseauxplatz (nur online und intern)<br>&#8211; 05.07. F\u00fchrung Waldkunstpfad mit Winno Sahm (nur online)<br>&#8211; 07.07. Kindergottesdienst 9:30 Uhr Pfarrheim (nur online)<br>&#8211; 10.07. B\u00fcrgergespr\u00e4ch CDU 19 Uhr Gudes (nur online und intern)<br>&#8211; 14.07. F\u00fchrung Waldkunstpfad mit Gerarhd Steinle (nur online)<br>&#8211; 20.07. F\u00fchrung Waldkunstpfad mit Winno Sahm (nur online)<\/td><\/tr><tr><td>AKHNR_Kalender2024_v1.6<\/td><td>Neu:<br>&#8211; 23.06. NABU Sommerfest 2024<br>&#8211; 23.06. Public Viewing Puiseauxplatz (nur online)<br>&#8211; 29.06. EM Achtelfinale mit Deutschland<br>&#8211; 30.06. Dankamt zur Diamantenen Hochzeit von Ilse und Dieter Sch\u00fcler (nur online)<br>&#8211; 03.07. 2. Jugendversammlung St. Matthias (nur online)<br>&#8211; 06.07. 1. Elfmeter-Cup f\u00fcr Jederfrau\/Jedermann der SGN<br>&#8211; 08.07. Kolpingsfamilie &#8211; Gartenfest Unter den Linden<br>&#8211; 06.07. Musik verbindet &#8211; 40 Jahre Freie Musikschule Rodgau<br>&#8211; 17.07. Seniorennachmittag mit Firmlingen (nur online)<\/td><\/tr><tr><td>AKHNR_Kalender2024_v1.5<\/td><td>Neu:<br>&#8211; 09.06. Europawahl<\/td><\/tr><tr><td>AKHNR_Kalender2024_v1.4<\/td><td>Korrektur:<br>&#8211; 26.05. Museums\u00f6ffnung nicht mit Musik<br><br>Neu:<br>&#8211; 08.04. und 15.04. Sauberhaftes Rodgau<br>&#8211; 22.04. Glasfaserausbau in Rodgau zweite Informationsveranstaltung<br>&#8211; 23.05. 75 Jahre Grundgesetz &#8211; Kinderrechte im Fokus (Ausstellung f\u00fcr Kinder von 5-10)<br>&#8211; 25.05. Nachbarschaftsfest Seestra\u00dfe<br>&#8211; 30.05. Sound of Fire &#8211; Landestreffen der Hessischen Feuerwehrmusik<br>&#8211; 03.06. Glasfaserausbau in Rodgau dritte Informationsveranstaltung<br>&#8211; 15.06. Stra\u00dfentheater \u201eAshes\u201c auf dem Puiseauxplatz<br>&#8211; 30.06. Naturkultur Waldlernpfad<br>&#8211; 06.07. Sommerfest W\u00fchlm\u00e4use<br>&#8211; 31.08. Funzelfest Rollwald best\u00e4tigt<br>&#8211; Fu\u00dfball EM Termine mit sicherer und m\u00f6glicher deutscher Beteiligung  (soweit bekannt)<br>&#8211; aus dem Pfarrboten 4\/2024<br>&#8212; 06.05. 14:30 Uhr Maiandacht Frauengruppe St. Elisabeth (nur online)<br>&#8212; 08.05. 18:30 Uhr Vorabendgottesdienst zu Himmelfahrt (nur online)<br>&#8212; 09.05. 9:00 Uhr Hochamt und Prozession zu Himmelfahrt in J\u00fcgesheim (nur online)<br>&#8212; 19.05. 9:30 Uhr Hochamt zu Pfingstsonntag (nur online)<br>&#8212; 20.05. 9:30 Uhr Hochamt zu Pfingstmontag in Rollwald (nur online)<br><br>Best\u00e4tigt:<br>&#8211; 26.05. 9:30 Uhr 10-j\u00e4hrige Jubil\u00e4um der Hl. Kreuz-Kirche zusammen mit dem Rollwaldfest<\/td><\/tr><tr><td>AKHNR_Kalender2024_v1.3<\/td><td>Neu:<br>&#8211; 05.03. Vortrag &#8222;Neues von Rotaha&#8220;<br>&#8211; 17.03. PGR-Wahl 10:30 &#8211; 14:00 Uhr Pfarrheim<br>&#8211; 19.03. 14:00 Uhr &#8211; Krankensalbungsgottesdienst (nur online)<br>&#8211; 24.03. Palmsonntag &#8211; 9:30 Uhr &#8211; Hochamt (nur online)<br>&#8211; 27.03. Pascha-Mahl &#8211; Pfarrheim<br>&#8211; 29.03. Karfreitung &#8211; 10:00 Uhr &#8211; Kinderkreuzweg &#8211; Andacht im Pfarrheim (nur online)<br>&#8211; 29.03. Karfreitung &#8211; 15:00 Uhr &#8211; Karfreitagsliturgie mit unserem Kirchenchor (nur online)<br>&#8211; 30.03. Karsamstag &#8211; 21:00 Uhr &#8211; Osternacht mit Osterfeuer vor der Kirche<br>&#8211; 31.03. Ostersonntag &#8211; 9:30 Uhr &#8211; Hochamt \u2013 mit unserem Kirchenchor (nur online)<br>&#8211; 01.04. Ostermontag &#8211; 9:30 Uhr &#8211; Ostermontagsgottesdienst (nur online)<br>&#8211; 05.05. 10:00 Uhr &#8211; Erstkommunion St. Matthias<br>&#8211; 26.05. 10 Jahre Heilig-Kreuz-Kirche &#8211; Jubil\u00e4umsgottesdienst anschlie\u00dfend Rollwaldfest<br><br>Korrektur:<br>&#8211; 26.05. MiMh nicht mit dem Musikverein (farbliche Kennzeichnung korrigiert)<\/td><\/tr><tr><td>AKHNR_Kalender2024_v1.2<\/td><td>Neu:<br>&#8211; 03.03. Konzert Orchester Klangfarben (Aula GBS)<br>&#8211; 16.03. Konzert der Bl\u00e4serkids<br>&#8211; 23.+24.03. Auff\u00fchrungen Laienspielgruppe &#8222;Hotel im Angebot&#8220;<br>&#8211; 05.05. Erstkommunion in St. Matthias, mit Umzug des Musikvereins<br>&#8211; 15.12. X-Mas mit der Rodgau Jazz Big Band (Aula GBS)<br><br>Korrekturen\/Erg\u00e4nzungen:<br>&#8211; 30.05. Fronleichnamsprozession<br>&#8211; 16.06. MiMh Orchester erg\u00e4nzt &#8211; mit Klangfarben (nur online)<br>&#8211; 23.06. &#8222;evtl.&#8220; bei 25 Jahre \u201eRodgauer Blasmusik\u201c Jubil\u00e4umsplatzkonzert entfernt wo noch vorhanden<br>&#8211; 21.07. MiMh Orchester erg\u00e4nzt &#8211; Rodgauer Blasmusik (nur online)<br>&#8211; 15.09. MiMh Orchester erg\u00e4nzt &#8211; Konzertorchester (nur online)<\/td><\/tr><tr><td>AKHNR_Kalender2024_v1.1<\/td><td>Korrektur: Museums\u00f6ffnung M\u00e4rz entfernt<\/td><\/tr><tr><td>AKHNR_Kalender2024_v1.0<\/td><td>Erste ver\u00f6ffentlichte Version des Jahreskalenders 2023<\/td><\/tr><\/tbody><\/table><\/figure>\n\n\n\n<hr class=\"wp-block-separator has-css-opacity\"\/>\n\n\n\n<h2 class=\"wp-block-heading\">Meldungen zum Jahreskalender<\/h2>\n\n\n<div class=\"display-posts-listing grid\"><div class=\"listing-item\"><a class=\"image\" href=\"https:\/\/heimatverein-nieder-roden.de\/?p=8675\"><img decoding=\"async\" width=\"300\" height=\"212\" src=\"https:\/\/heimatverein-nieder-roden.de\/wp-content\/uploads\/2024\/01\/AKHNR_Kalender_Symbolbild2_v1.1_JPG-Q80-300x212.jpg\" class=\"attachment-medium size-medium wp-post-image\" alt=\"\" srcset=\"https:\/\/heimatverein-nieder-roden.de\/wp-content\/uploads\/2024\/01\/AKHNR_Kalender_Symbolbild2_v1.1_JPG-Q80-300x212.jpg 300w, https:\/\/heimatverein-nieder-roden.de\/wp-content\/uploads\/2024\/01\/AKHNR_Kalender_Symbolbild2_v1.1_JPG-Q80-1024x724.jpg 1024w, https:\/\/heimatverein-nieder-roden.de\/wp-content\/uploads\/2024\/01\/AKHNR_Kalender_Symbolbild2_v1.1_JPG-Q80-768x543.jpg 768w, https:\/\/heimatverein-nieder-roden.de\/wp-content\/uploads\/2024\/01\/AKHNR_Kalender_Symbolbild2_v1.1_JPG-Q80-836x591.jpg 836w, https:\/\/heimatverein-nieder-roden.de\/wp-content\/uploads\/2024\/01\/AKHNR_Kalender_Symbolbild2_v1.1_JPG-Q80-560x396.jpg 560w, https:\/\/heimatverein-nieder-roden.de\/wp-content\/uploads\/2024\/01\/AKHNR_Kalender_Symbolbild2_v1.1_JPG-Q80.jpg 1123w\" sizes=\"(max-width: 300px) 100vw, 300px\" \/><\/a> <a class=\"title\" href=\"https:\/\/heimatverein-nieder-roden.de\/?p=8675\">Jahreskalender 2026 &#8211; Version 1.6 online<\/a> <span class=\"excerpt-dash\">-<\/span> <span class=\"excerpt\">Wir haben den Jahreskalender auf den aktuellen Stand gebracht.\nHier gibt es die \u00c4nderungen...<\/span><\/div><div class=\"listing-item\"><a class=\"image\" href=\"https:\/\/heimatverein-nieder-roden.de\/?p=8601\"><img decoding=\"async\" width=\"300\" height=\"212\" src=\"https:\/\/heimatverein-nieder-roden.de\/wp-content\/uploads\/2024\/12\/AKHNR_Kalender_Symbolbild-fuer-Beitrag_2025_v1.0-300x212.jpg\" class=\"attachment-medium size-medium wp-post-image\" alt=\"\" srcset=\"https:\/\/heimatverein-nieder-roden.de\/wp-content\/uploads\/2024\/12\/AKHNR_Kalender_Symbolbild-fuer-Beitrag_2025_v1.0-300x212.jpg 300w, https:\/\/heimatverein-nieder-roden.de\/wp-content\/uploads\/2024\/12\/AKHNR_Kalender_Symbolbild-fuer-Beitrag_2025_v1.0-1024x725.jpg 1024w, https:\/\/heimatverein-nieder-roden.de\/wp-content\/uploads\/2024\/12\/AKHNR_Kalender_Symbolbild-fuer-Beitrag_2025_v1.0-768x543.jpg 768w, https:\/\/heimatverein-nieder-roden.de\/wp-content\/uploads\/2024\/12\/AKHNR_Kalender_Symbolbild-fuer-Beitrag_2025_v1.0-1536x1087.jpg 1536w, https:\/\/heimatverein-nieder-roden.de\/wp-content\/uploads\/2024\/12\/AKHNR_Kalender_Symbolbild-fuer-Beitrag_2025_v1.0-836x591.jpg 836w, https:\/\/heimatverein-nieder-roden.de\/wp-content\/uploads\/2024\/12\/AKHNR_Kalender_Symbolbild-fuer-Beitrag_2025_v1.0-560x396.jpg 560w, https:\/\/heimatverein-nieder-roden.de\/wp-content\/uploads\/2024\/12\/AKHNR_Kalender_Symbolbild-fuer-Beitrag_2025_v1.0.jpg 1754w\" sizes=\"(max-width: 300px) 100vw, 300px\" \/><\/a> <a class=\"title\" href=\"https:\/\/heimatverein-nieder-roden.de\/?p=8601\">Jahreskalender 2026 online!<\/a> <span class=\"excerpt-dash\">-<\/span> <span class=\"excerpt\">Zuhause f\u00fcr euren K\u00fchlschrank oder euer schwarzes Brett: Wir haben den Jahreskalender f\u00fcr 2026 fertiggestellt! Alle Wichtigen Termine f\u00fcr Rollwald und Nieder-Roden auf einem Fleck.<\/span><\/div><div class=\"listing-item\"><a class=\"image\" href=\"https:\/\/heimatverein-nieder-roden.de\/?p=8133\"><img decoding=\"async\" width=\"300\" height=\"212\" src=\"https:\/\/heimatverein-nieder-roden.de\/wp-content\/uploads\/2024\/01\/AKHNR_Kalender_Symbolbild2_v1.1_JPG-Q80-300x212.jpg\" class=\"attachment-medium size-medium wp-post-image\" alt=\"\" srcset=\"https:\/\/heimatverein-nieder-roden.de\/wp-content\/uploads\/2024\/01\/AKHNR_Kalender_Symbolbild2_v1.1_JPG-Q80-300x212.jpg 300w, https:\/\/heimatverein-nieder-roden.de\/wp-content\/uploads\/2024\/01\/AKHNR_Kalender_Symbolbild2_v1.1_JPG-Q80-1024x724.jpg 1024w, https:\/\/heimatverein-nieder-roden.de\/wp-content\/uploads\/2024\/01\/AKHNR_Kalender_Symbolbild2_v1.1_JPG-Q80-768x543.jpg 768w, https:\/\/heimatverein-nieder-roden.de\/wp-content\/uploads\/2024\/01\/AKHNR_Kalender_Symbolbild2_v1.1_JPG-Q80-836x591.jpg 836w, https:\/\/heimatverein-nieder-roden.de\/wp-content\/uploads\/2024\/01\/AKHNR_Kalender_Symbolbild2_v1.1_JPG-Q80-560x396.jpg 560w, https:\/\/heimatverein-nieder-roden.de\/wp-content\/uploads\/2024\/01\/AKHNR_Kalender_Symbolbild2_v1.1_JPG-Q80.jpg 1123w\" sizes=\"(max-width: 300px) 100vw, 300px\" \/><\/a> <a class=\"title\" href=\"https:\/\/heimatverein-nieder-roden.de\/?p=8133\">Jahreskalender 2025 &#8211; Version 1.6 online<\/a> <span class=\"excerpt-dash\">-<\/span> <span class=\"excerpt\">Wir haben den Jahreskalender auf den aktuellen Stand gebracht.\nHier gibt es die \u00c4nderungen...<\/span><\/div><div class=\"listing-item\"><a class=\"image\" href=\"https:\/\/heimatverein-nieder-roden.de\/?p=8052\"><img decoding=\"async\" width=\"300\" height=\"212\" src=\"https:\/\/heimatverein-nieder-roden.de\/wp-content\/uploads\/2024\/01\/AKHNR_Kalender_Symbolbild2_v1.1_JPG-Q80-300x212.jpg\" class=\"attachment-medium size-medium wp-post-image\" alt=\"\" srcset=\"https:\/\/heimatverein-nieder-roden.de\/wp-content\/uploads\/2024\/01\/AKHNR_Kalender_Symbolbild2_v1.1_JPG-Q80-300x212.jpg 300w, https:\/\/heimatverein-nieder-roden.de\/wp-content\/uploads\/2024\/01\/AKHNR_Kalender_Symbolbild2_v1.1_JPG-Q80-1024x724.jpg 1024w, https:\/\/heimatverein-nieder-roden.de\/wp-content\/uploads\/2024\/01\/AKHNR_Kalender_Symbolbild2_v1.1_JPG-Q80-768x543.jpg 768w, https:\/\/heimatverein-nieder-roden.de\/wp-content\/uploads\/2024\/01\/AKHNR_Kalender_Symbolbild2_v1.1_JPG-Q80-836x591.jpg 836w, https:\/\/heimatverein-nieder-roden.de\/wp-content\/uploads\/2024\/01\/AKHNR_Kalender_Symbolbild2_v1.1_JPG-Q80-560x396.jpg 560w, https:\/\/heimatverein-nieder-roden.de\/wp-content\/uploads\/2024\/01\/AKHNR_Kalender_Symbolbild2_v1.1_JPG-Q80.jpg 1123w\" sizes=\"(max-width: 300px) 100vw, 300px\" \/><\/a> <a class=\"title\" href=\"https:\/\/heimatverein-nieder-roden.de\/?p=8052\">Jahreskalender 2025 &#8211; Version 1.5 online<\/a> <span class=\"excerpt-dash\">-<\/span> <span class=\"excerpt\">Wir haben den Jahreskalender auf den aktuellen Stand gebracht.\nHier gibt es die \u00c4nderungen...<\/span><\/div><div class=\"listing-item\"><a class=\"image\" href=\"https:\/\/heimatverein-nieder-roden.de\/?p=7966\"><img decoding=\"async\" width=\"300\" height=\"212\" src=\"https:\/\/heimatverein-nieder-roden.de\/wp-content\/uploads\/2024\/01\/AKHNR_Kalender_Symbolbild2_v1.1_JPG-Q80-300x212.jpg\" class=\"attachment-medium size-medium wp-post-image\" alt=\"\" srcset=\"https:\/\/heimatverein-nieder-roden.de\/wp-content\/uploads\/2024\/01\/AKHNR_Kalender_Symbolbild2_v1.1_JPG-Q80-300x212.jpg 300w, https:\/\/heimatverein-nieder-roden.de\/wp-content\/uploads\/2024\/01\/AKHNR_Kalender_Symbolbild2_v1.1_JPG-Q80-1024x724.jpg 1024w, https:\/\/heimatverein-nieder-roden.de\/wp-content\/uploads\/2024\/01\/AKHNR_Kalender_Symbolbild2_v1.1_JPG-Q80-768x543.jpg 768w, https:\/\/heimatverein-nieder-roden.de\/wp-content\/uploads\/2024\/01\/AKHNR_Kalender_Symbolbild2_v1.1_JPG-Q80-836x591.jpg 836w, https:\/\/heimatverein-nieder-roden.de\/wp-content\/uploads\/2024\/01\/AKHNR_Kalender_Symbolbild2_v1.1_JPG-Q80-560x396.jpg 560w, https:\/\/heimatverein-nieder-roden.de\/wp-content\/uploads\/2024\/01\/AKHNR_Kalender_Symbolbild2_v1.1_JPG-Q80.jpg 1123w\" sizes=\"(max-width: 300px) 100vw, 300px\" \/><\/a> <a class=\"title\" href=\"https:\/\/heimatverein-nieder-roden.de\/?p=7966\">Jahreskalender 2025 &#8211; Version 1.2 online<\/a> <span class=\"excerpt-dash\">-<\/span> <span class=\"excerpt\">Wir haben den Jahreskalender auf den aktuellen Stand gebracht.\nHier gibt es die \u00c4nderungen...<\/span><\/div><div class=\"listing-item\"><a class=\"image\" href=\"https:\/\/heimatverein-nieder-roden.de\/?p=7898\"><img decoding=\"async\" width=\"300\" height=\"212\" src=\"https:\/\/heimatverein-nieder-roden.de\/wp-content\/uploads\/2024\/12\/AKHNR_Kalender_Symbolbild-fuer-Beitrag_2025_v1.0-300x212.jpg\" class=\"attachment-medium size-medium wp-post-image\" alt=\"\" srcset=\"https:\/\/heimatverein-nieder-roden.de\/wp-content\/uploads\/2024\/12\/AKHNR_Kalender_Symbolbild-fuer-Beitrag_2025_v1.0-300x212.jpg 300w, https:\/\/heimatverein-nieder-roden.de\/wp-content\/uploads\/2024\/12\/AKHNR_Kalender_Symbolbild-fuer-Beitrag_2025_v1.0-1024x725.jpg 1024w, https:\/\/heimatverein-nieder-roden.de\/wp-content\/uploads\/2024\/12\/AKHNR_Kalender_Symbolbild-fuer-Beitrag_2025_v1.0-768x543.jpg 768w, https:\/\/heimatverein-nieder-roden.de\/wp-content\/uploads\/2024\/12\/AKHNR_Kalender_Symbolbild-fuer-Beitrag_2025_v1.0-1536x1087.jpg 1536w, https:\/\/heimatverein-nieder-roden.de\/wp-content\/uploads\/2024\/12\/AKHNR_Kalender_Symbolbild-fuer-Beitrag_2025_v1.0-836x591.jpg 836w, https:\/\/heimatverein-nieder-roden.de\/wp-content\/uploads\/2024\/12\/AKHNR_Kalender_Symbolbild-fuer-Beitrag_2025_v1.0-560x396.jpg 560w, https:\/\/heimatverein-nieder-roden.de\/wp-content\/uploads\/2024\/12\/AKHNR_Kalender_Symbolbild-fuer-Beitrag_2025_v1.0.jpg 1754w\" sizes=\"(max-width: 300px) 100vw, 300px\" \/><\/a> <a class=\"title\" href=\"https:\/\/heimatverein-nieder-roden.de\/?p=7898\">Jahreskalender 2025 online!<\/a> <span class=\"excerpt-dash\">-<\/span> <span class=\"excerpt\">Zuhause f\u00fcr euren K\u00fchlschrank oder euer schwarzes Brett: Wir haben den Jahreskalender auf den aktuellen Stand gebracht! Alle Wichtigen Nieder-R\u00f6der Termine auf einem Fleck.<\/span><\/div><div class=\"listing-item\"><a class=\"image\" href=\"https:\/\/heimatverein-nieder-roden.de\/?p=7741\"><img decoding=\"async\" width=\"300\" height=\"212\" src=\"https:\/\/heimatverein-nieder-roden.de\/wp-content\/uploads\/2024\/01\/AKHNR_Kalender_Symbolbild2_v1.1_JPG-Q80-300x212.jpg\" class=\"attachment-medium size-medium wp-post-image\" alt=\"\" srcset=\"https:\/\/heimatverein-nieder-roden.de\/wp-content\/uploads\/2024\/01\/AKHNR_Kalender_Symbolbild2_v1.1_JPG-Q80-300x212.jpg 300w, https:\/\/heimatverein-nieder-roden.de\/wp-content\/uploads\/2024\/01\/AKHNR_Kalender_Symbolbild2_v1.1_JPG-Q80-1024x724.jpg 1024w, https:\/\/heimatverein-nieder-roden.de\/wp-content\/uploads\/2024\/01\/AKHNR_Kalender_Symbolbild2_v1.1_JPG-Q80-768x543.jpg 768w, https:\/\/heimatverein-nieder-roden.de\/wp-content\/uploads\/2024\/01\/AKHNR_Kalender_Symbolbild2_v1.1_JPG-Q80-836x591.jpg 836w, https:\/\/heimatverein-nieder-roden.de\/wp-content\/uploads\/2024\/01\/AKHNR_Kalender_Symbolbild2_v1.1_JPG-Q80-560x396.jpg 560w, https:\/\/heimatverein-nieder-roden.de\/wp-content\/uploads\/2024\/01\/AKHNR_Kalender_Symbolbild2_v1.1_JPG-Q80.jpg 1123w\" sizes=\"(max-width: 300px) 100vw, 300px\" \/><\/a> <a class=\"title\" href=\"https:\/\/heimatverein-nieder-roden.de\/?p=7741\">Jahreskalender 2024 &#8211; Version 1.9 online<\/a> <span class=\"excerpt-dash\">-<\/span> <span class=\"excerpt\">Wir haben den Jahreskalender auf den aktuellen Stand gebracht.\nHier gibt es die \u00c4nderungen...<\/span><\/div><div class=\"listing-item\"><a class=\"image\" href=\"https:\/\/heimatverein-nieder-roden.de\/?p=7619\"><img decoding=\"async\" width=\"300\" height=\"212\" src=\"https:\/\/heimatverein-nieder-roden.de\/wp-content\/uploads\/2024\/01\/AKHNR_Kalender_Symbolbild2_v1.1_JPG-Q80-300x212.jpg\" class=\"attachment-medium size-medium wp-post-image\" alt=\"\" srcset=\"https:\/\/heimatverein-nieder-roden.de\/wp-content\/uploads\/2024\/01\/AKHNR_Kalender_Symbolbild2_v1.1_JPG-Q80-300x212.jpg 300w, https:\/\/heimatverein-nieder-roden.de\/wp-content\/uploads\/2024\/01\/AKHNR_Kalender_Symbolbild2_v1.1_JPG-Q80-1024x724.jpg 1024w, https:\/\/heimatverein-nieder-roden.de\/wp-content\/uploads\/2024\/01\/AKHNR_Kalender_Symbolbild2_v1.1_JPG-Q80-768x543.jpg 768w, https:\/\/heimatverein-nieder-roden.de\/wp-content\/uploads\/2024\/01\/AKHNR_Kalender_Symbolbild2_v1.1_JPG-Q80-836x591.jpg 836w, https:\/\/heimatverein-nieder-roden.de\/wp-content\/uploads\/2024\/01\/AKHNR_Kalender_Symbolbild2_v1.1_JPG-Q80-560x396.jpg 560w, https:\/\/heimatverein-nieder-roden.de\/wp-content\/uploads\/2024\/01\/AKHNR_Kalender_Symbolbild2_v1.1_JPG-Q80.jpg 1123w\" sizes=\"(max-width: 300px) 100vw, 300px\" \/><\/a> <a class=\"title\" href=\"https:\/\/heimatverein-nieder-roden.de\/?p=7619\">Jahreskalender 2024 &#8211; Version 1.8 online<\/a> <span class=\"excerpt-dash\">-<\/span> <span class=\"excerpt\">Wir haben den Jahreskalender auf den aktuellen Stand gebracht.\nHier gibt es die \u00c4nderungen...<\/span><\/div><div class=\"listing-item\"><a class=\"image\" href=\"https:\/\/heimatverein-nieder-roden.de\/?p=6926\"><img decoding=\"async\" width=\"300\" height=\"212\" src=\"https:\/\/heimatverein-nieder-roden.de\/wp-content\/uploads\/2024\/01\/AKHNR_Kalender_Symbolbild2_v1.1_JPG-Q80-300x212.jpg\" class=\"attachment-medium size-medium wp-post-image\" alt=\"\" srcset=\"https:\/\/heimatverein-nieder-roden.de\/wp-content\/uploads\/2024\/01\/AKHNR_Kalender_Symbolbild2_v1.1_JPG-Q80-300x212.jpg 300w, https:\/\/heimatverein-nieder-roden.de\/wp-content\/uploads\/2024\/01\/AKHNR_Kalender_Symbolbild2_v1.1_JPG-Q80-1024x724.jpg 1024w, https:\/\/heimatverein-nieder-roden.de\/wp-content\/uploads\/2024\/01\/AKHNR_Kalender_Symbolbild2_v1.1_JPG-Q80-768x543.jpg 768w, https:\/\/heimatverein-nieder-roden.de\/wp-content\/uploads\/2024\/01\/AKHNR_Kalender_Symbolbild2_v1.1_JPG-Q80-836x591.jpg 836w, https:\/\/heimatverein-nieder-roden.de\/wp-content\/uploads\/2024\/01\/AKHNR_Kalender_Symbolbild2_v1.1_JPG-Q80-560x396.jpg 560w, https:\/\/heimatverein-nieder-roden.de\/wp-content\/uploads\/2024\/01\/AKHNR_Kalender_Symbolbild2_v1.1_JPG-Q80.jpg 1123w\" sizes=\"(max-width: 300px) 100vw, 300px\" \/><\/a> <a class=\"title\" href=\"https:\/\/heimatverein-nieder-roden.de\/?p=6926\">Jahreskalender 2024 &#8211; Version 1.7 online<\/a> <span class=\"excerpt-dash\">-<\/span> <span class=\"excerpt\">Wir haben den Jahreskalender auf den aktuellen Stand gebracht.\nHier gibt es die \u00c4nderungen...<\/span><\/div><div class=\"listing-item\"><a class=\"image\" href=\"https:\/\/heimatverein-nieder-roden.de\/?p=6831\"><img decoding=\"async\" width=\"300\" height=\"212\" src=\"https:\/\/heimatverein-nieder-roden.de\/wp-content\/uploads\/2024\/01\/AKHNR_Kalender_Symbolbild2_v1.1_JPG-Q80-300x212.jpg\" class=\"attachment-medium size-medium wp-post-image\" alt=\"\" srcset=\"https:\/\/heimatverein-nieder-roden.de\/wp-content\/uploads\/2024\/01\/AKHNR_Kalender_Symbolbild2_v1.1_JPG-Q80-300x212.jpg 300w, https:\/\/heimatverein-nieder-roden.de\/wp-content\/uploads\/2024\/01\/AKHNR_Kalender_Symbolbild2_v1.1_JPG-Q80-1024x724.jpg 1024w, https:\/\/heimatverein-nieder-roden.de\/wp-content\/uploads\/2024\/01\/AKHNR_Kalender_Symbolbild2_v1.1_JPG-Q80-768x543.jpg 768w, https:\/\/heimatverein-nieder-roden.de\/wp-content\/uploads\/2024\/01\/AKHNR_Kalender_Symbolbild2_v1.1_JPG-Q80-836x591.jpg 836w, https:\/\/heimatverein-nieder-roden.de\/wp-content\/uploads\/2024\/01\/AKHNR_Kalender_Symbolbild2_v1.1_JPG-Q80-560x396.jpg 560w, https:\/\/heimatverein-nieder-roden.de\/wp-content\/uploads\/2024\/01\/AKHNR_Kalender_Symbolbild2_v1.1_JPG-Q80.jpg 1123w\" sizes=\"(max-width: 300px) 100vw, 300px\" \/><\/a> <a class=\"title\" href=\"https:\/\/heimatverein-nieder-roden.de\/?p=6831\">Jahreskalender 2024 &#8211; Version 1.4 online<\/a> <span class=\"excerpt-dash\">-<\/span> <span class=\"excerpt\">Wir haben den Jahreskalender auf den aktuellen Stand gebracht.\nHier gibt es die \u00c4nderungen...<\/span><\/div><\/div>\n\n\n\n<hr class=\"wp-block-separator has-alpha-channel-opacity is-style-wide\"\/>\n\n\nBeitrag 0 mal aufgerufen in den letzten 365 Tagen.\n","protected":false},"excerpt":{"rendered":"<p>Auf dieser Seite finden Sie den Nirrer\u00e4irer Jahreskalender. Sie k\u00f6nnen ihn als PDF-Dokument herunterladen und ausdrucken. Weiter unten sehen Sie die \u00c4nderungen, die sich im Laufe des Jahres ergeben haben. Hier k\u00f6nnen Sie schauen, ob die \u00c4nderungen f\u00fcr Sie relevant sind und Sie sich den Kalender vielleicht deshalb neu ausdrucken m\u00f6chten. Nat\u00fcrlich sind wir nicht &hellip; <\/p>\n<p><a class=\"more-link btn\" href=\"https:\/\/heimatverein-nieder-roden.de\/?p=6831\">Weiterlesen<\/a><\/p><p><a class=\"more-link btn\" href=\"https:\/\/heimatverein-nieder-roden.de\/?p=6831\">Weiterlesen<\/a><\/p>\n","protected":false},"author":1,"featured_media":6478,"parent":23,"menu_order":1,"comment_status":"closed","ping_status":"closed","template":"template-onecolumn.php","meta":{"_coblocks_attr":"","_coblocks_dimensions":"","_coblocks_responsive_height":"","_coblocks_accordion_ie_support":"","footnotes":""},"class_list":["post-6853","page","type-page","status-publish","has-post-thumbnail","hentry","nodate"],"publishpress_future_action":{"enabled":false,"date":"2026-05-07 14:13:12","action":"change-status","newStatus":"draft","terms":[],"taxonomy":"","extraData":[]},"publishpress_future_workflow_manual_trigger":{"enabledWorkflows":[]},"_links":{"self":[{"href":"https:\/\/heimatverein-nieder-roden.de\/index.php?rest_route=\/wp\/v2\/pages\/6853","targetHints":{"allow":["GET"]}}],"collection":[{"href":"https:\/\/heimatverein-nieder-roden.de\/index.php?rest_route=\/wp\/v2\/pages"}],"about":[{"href":"https:\/\/heimatverein-nieder-roden.de\/index.php?rest_route=\/wp\/v2\/types\/page"}],"author":[{"embeddable":true,"href":"https:\/\/heimatverein-nieder-roden.de\/index.php?rest_route=\/wp\/v2\/users\/1"}],"replies":[{"embeddable":true,"href":"https:\/\/heimatverein-nieder-roden.de\/index.php?rest_route=%2Fwp%2Fv2%2Fcomments&post=6853"}],"version-history":[{"count":21,"href":"https:\/\/heimatverein-nieder-roden.de\/index.php?rest_route=\/wp\/v2\/pages\/6853\/revisions"}],"predecessor-version":[{"id":8680,"href":"https:\/\/heimatverein-nieder-roden.de\/index.php?rest_route=\/wp\/v2\/pages\/6853\/revisions\/8680"}],"up":[{"embeddable":true,"href":"https:\/\/heimatverein-nieder-roden.de\/index.php?rest_route=\/wp\/v2\/pages\/23"}],"wp:featuredmedia":[{"embeddable":true,"href":"https:\/\/heimatverein-nieder-roden.de\/index.php?rest_route=\/wp\/v2\/media\/6478"}],"wp:attachment":[{"href":"https:\/\/heimatverein-nieder-roden.de\/index.php?rest_route=%2Fwp%2Fv2%2Fmedia&parent=6853"}],"curies":[{"name":"wp","href":"https:\/\/api.w.org\/{rel}","templated":true}]}}