{"id":5607,"date":"2023-08-22T16:49:30","date_gmt":"2023-08-22T14:49:30","guid":{"rendered":"https:\/\/heimatverein-nieder-roden.de\/?page_id=5607"},"modified":"2025-09-10T22:49:40","modified_gmt":"2025-09-10T20:49:40","slug":"nirreraeirer-kerb","status":"publish","type":"page","link":"https:\/\/heimatverein-nieder-roden.de\/?page_id=5607","title":{"rendered":"Nirrer\u00e4irer Kerb"},"content":{"rendered":"\n<div id=\"nrkerblocations'><\/div>\n<div id=\"nrkerbeventkalender'><\/div>\n<div id=\"nrkerbeventliste'><\/div>\n<div id=\"nrkerbumzug'><\/div>\n\n\n\n<figure class=\"wp-block-pullquote\"><blockquote><p>\u201cHerunter mit dem Kummer <br>herunter mit den Sorgen <br>die Kerb ist heut und die Kerb ist morgen&#8230;&#8220;<\/p><cite>Aus dem Nirrer\u00e4irer Kerbspruch<\/cite><\/blockquote><\/figure>\n\n\n<div class=\"wp-block-image is-style-default\">\n<figure class=\"aligncenter size-large is-resized\"><a href=\"https:\/\/heimatverein-nieder-roden.de\/wp-content\/uploads\/2023\/08\/2021-09-10_17-17-57_AKHNR_Kerbbaumstellen-2021_EGE_20210910_171757-scaled.jpg\"><img decoding=\"async\" width=\"1024\" height=\"768\" src=\"https:\/\/heimatverein-nieder-roden.de\/wp-content\/uploads\/2023\/08\/2021-09-10_17-17-57_AKHNR_Kerbbaumstellen-2021_EGE_20210910_171757-1024x768.jpg\" alt=\"\" class=\"wp-image-5474\" style=\"aspect-ratio:1.780112044817927;object-fit:cover;width:632px;height:auto\" srcset=\"https:\/\/heimatverein-nieder-roden.de\/wp-content\/uploads\/2023\/08\/2021-09-10_17-17-57_AKHNR_Kerbbaumstellen-2021_EGE_20210910_171757-1024x768.jpg 1024w, https:\/\/heimatverein-nieder-roden.de\/wp-content\/uploads\/2023\/08\/2021-09-10_17-17-57_AKHNR_Kerbbaumstellen-2021_EGE_20210910_171757-300x225.jpg 300w, https:\/\/heimatverein-nieder-roden.de\/wp-content\/uploads\/2023\/08\/2021-09-10_17-17-57_AKHNR_Kerbbaumstellen-2021_EGE_20210910_171757-768x576.jpg 768w, https:\/\/heimatverein-nieder-roden.de\/wp-content\/uploads\/2023\/08\/2021-09-10_17-17-57_AKHNR_Kerbbaumstellen-2021_EGE_20210910_171757-1536x1152.jpg 1536w, https:\/\/heimatverein-nieder-roden.de\/wp-content\/uploads\/2023\/08\/2021-09-10_17-17-57_AKHNR_Kerbbaumstellen-2021_EGE_20210910_171757-2048x1536.jpg 2048w, https:\/\/heimatverein-nieder-roden.de\/wp-content\/uploads\/2023\/08\/2021-09-10_17-17-57_AKHNR_Kerbbaumstellen-2021_EGE_20210910_171757-836x627.jpg 836w, https:\/\/heimatverein-nieder-roden.de\/wp-content\/uploads\/2023\/08\/2021-09-10_17-17-57_AKHNR_Kerbbaumstellen-2021_EGE_20210910_171757-560x420.jpg 560w\" sizes=\"(max-width: 1024px) 100vw, 1024px\" \/><\/a><figcaption class=\"wp-element-caption\">Kerbbaumstellen zu Beginn der Nirrer\u00e4irer Kerb 2021 &#8211; mit den Kerbborsche und Kerbm\u00e4dsche und Pfarrer Dr. Peter Eckstein. \u00a9AKHNR\/EGE<\/figcaption><\/figure>\n<\/div>\n\n\n<p>Liebe Besucher!<\/p>\n\n\n\n<p>Die Nirrer\u00e4irer Kerb (Nieder-R\u00f6der Kirchweih) wird nicht durch den AKHNR veranstaltet. Vielmehr arbeiten zahlreiche Mitwirkende zusammen um diese Feier Jahr f\u00fcr Jahr zu einem vielseitigen, sch\u00f6nen Fest zu machen. Die Hauptlast tr\u00e4gt dabei der Kerbverein Nieder-Roden e. V., der unter anderem den Kerbumzug und den Auf- und Abbau des Festzeltes auf dem Kirchplatz organisiert und bew\u00e4ltigt.<\/p>\n\n\n\n<p>Die Mitwirkenden sind:<\/p>\n\n\n\n<ul class=\"wp-block-list\">\n<li>Pfarrgemeinde Sankt Matthias Nieder-Roden<\/li>\n\n\n\n<li>Kerbverein Nieder-Roden e. V.<\/li>\n\n\n\n<li>Musikverein Nieder-Roden e. V.<\/li>\n\n\n\n<li>Familie Mergenthal<\/li>\n\n\n\n<li>Familie Schrod<\/li>\n\n\n\n<li>Schausteller-Familie Adler<\/li>\n<\/ul>\n\n\n\n<div class=\"wp-block-columns is-layout-flex wp-container-core-columns-is-layout-9d6595d7 wp-block-columns-is-layout-flex\">\n<div class=\"wp-block-column is-vertically-aligned-center is-layout-flow wp-block-column-is-layout-flow\"><div class=\"wp-block-image\">\n<figure class=\"aligncenter size-full is-resized\"><a href=\"https:\/\/www.sanktmatthias.de\/\" target=\"_blank\" rel=\"noreferrer noopener\"><img decoding=\"async\" width=\"314\" height=\"307\" src=\"https:\/\/heimatverein-nieder-roden.de\/wp-content\/uploads\/2023\/08\/Pfarrgemeinde-St-Matthias-Nieder-Roden_Logo-Pfarrbote.png\" alt=\"\" class=\"wp-image-5638\" style=\"aspect-ratio:1.0246913580246915;width:249px;height:auto\" srcset=\"https:\/\/heimatverein-nieder-roden.de\/wp-content\/uploads\/2023\/08\/Pfarrgemeinde-St-Matthias-Nieder-Roden_Logo-Pfarrbote.png 314w, https:\/\/heimatverein-nieder-roden.de\/wp-content\/uploads\/2023\/08\/Pfarrgemeinde-St-Matthias-Nieder-Roden_Logo-Pfarrbote-300x293.png 300w\" sizes=\"(max-width: 314px) 100vw, 314px\" \/><\/a><\/figure>\n<\/div><\/div>\n<\/div>\n\n\n\n<div class=\"wp-block-columns is-layout-flex wp-container-core-columns-is-layout-9d6595d7 wp-block-columns-is-layout-flex\">\n<div class=\"wp-block-column is-layout-flow wp-block-column-is-layout-flow\">\n<p class=\"has-text-align-center\"><strong>Pfarrgemeinde St. Matthias Nieder-Roden<\/strong><br><strong>im Pastoralraum Rodgau\/R\u00f6dermark<\/strong><\/p>\n<\/div>\n<\/div>\n\n\n\n<p>Die Kerb-Feier ist vor allem auch Tradition, kulturelles Erbe und Fixpunkt f\u00fcr unsere Ortsgemeinschaft &#8211; unsere Heimat.<\/p>\n\n\n\n<p>Vor diesem Hintergrund m\u00f6chten wir Ihnen hier die M\u00f6glichkeit geben sich umfassend \u00fcber die Kerb zu informieren.<\/p>\n\n\n\n<p>F\u00fcr jeden ist etwas dabei.<br>Feiern Sie mit!<\/p>\n\n\n\n<div style=\"height:50px\" aria-hidden=\"true\" class=\"wp-block-spacer\"><\/div>\n\n\n\n<h2 class=\"wp-block-heading has-text-align-center\">Die Nieder-R\u00f6der Kerb 2025<\/h2>\n\n\n\n<h2 class=\"wp-block-heading\">Ablauf<\/h2>\n\n\n\n<h3 class=\"wp-block-heading\">Freitag, 12. September 2025<\/h3>\n\n\n\n<figure class=\"wp-block-table\"><table class=\"has-fixed-layout\"><thead><tr><th>Wann?<\/th><th>Was?<\/th><th>Wo?<\/th><\/tr><\/thead><tbody><tr><td>16:30 Uhr<\/td><td>Kerbumzug (Start am Pfarrheim) mit Kerbbaumstellen und Andacht im Garten des Pfarrheims<\/td><td>Start am Pfarrheim<\/td><\/tr><tr><td>Anschlie\u00dfend<\/td><td>Kerbbaumstellen und Andacht<\/td><td>Vorgarten des Pfarrheims<\/td><\/tr><tr><td>Anschlie\u00dfend<\/td><td>Kerbzelt \u00f6ffnet<\/td><td>Kirchplatz<\/td><\/tr><tr><td>19:00 Uhr<\/td><td>Kerbspruch mit Kerbvadder Robin Betzel und Bieranstich<\/td><td>Kirchplatz<\/td><\/tr><tr><td>Anschlie\u00dfend<\/td><td>B\u00fchne frei f\u00fcr &#8222;Let&#8217;s Go&#8220;<\/td><td>Kirchplatz<\/td><\/tr><\/tbody><\/table><\/figure>\n\n\n\n<h3 class=\"wp-block-heading\">Samstag, 13. September 2025<\/h3>\n\n\n\n<figure class=\"wp-block-table\"><table class=\"has-fixed-layout\"><tbody><tr><td>18:00 Uhr<\/td><td>Kerbzelt \u00f6ffnet &#8211; Partymeile mit DJ f\u00fcr jede Altersklasse<\/td><td>Kirchplatz<\/td><\/tr><tr><td>18:00 Uhr<\/td><td>Auftritt zweier Mitglieder der Mainzer Hofs\u00e4nger mit Solistin Lisa<\/td><td>Scheune Schrod<br>Ober-Rodener-Stra\u00dfe 51<\/td><\/tr><tr><td>18:00 Uhr<\/td><td>\u00d6ffnung der Kerblounge<\/td><td>Scheune Mergenthal<br>Ober-Rodener-Stra\u00dfe 28-30<\/td><\/tr><tr><td>20:00 Uhr<\/td><td>Live-Musik in der Kerblounge<\/td><td>Scheune Mergenthal<br>Ober-Rodener-Stra\u00dfe 28-30<\/td><\/tr><\/tbody><\/table><\/figure>\n\n\n\n<h3 class=\"wp-block-heading\">Sonntag, 14. September 2025<\/h3>\n\n\n\n<figure class=\"wp-block-table\"><table class=\"has-fixed-layout\"><tbody><tr><td>10:30 Uhr<\/td><td>Kerbessen im Kerbzelt: <br>Schweinebraten mit Kl\u00f6\u00dfen und Krautsalat<br><br>Musikbegleitung: Blaskapelle &#8222;Feucht &amp; Willig&#8220;<br><br>Kinderprogramm mit H\u00fcpfburg und Animation<\/td><td>Kirchplatz<\/td><\/tr><tr><td>10:30 Uhr<\/td><td>Fr\u00fchschoppen in der Scheune Schrod<\/td><td>Scheune Schrod<br>Ober-Rodener-Stra\u00dfe 51<\/td><\/tr><tr><td>11:00 Uhr<\/td><td>Fr\u00fchschoppen in der Scheune Mergenthal<\/td><td>Scheune Mergenthal<br>Ober-Rodener-Stra\u00dfe 28-30<\/td><\/tr><tr><td>12:00 Uhr<\/td><td>Auftritt Rodgauer Blasmusik<\/td><td>Scheune Mergenthal<br>Ober-Rodener-Stra\u00dfe 28-30<\/td><\/tr><tr><td>14:30 Uhr<\/td><td>Auftritt Jugendorchester und Bl\u00e4serkids<\/td><td>Scheune Mergenthal<br>Ober-Rodener-Stra\u00dfe 28-30<\/td><\/tr><tr><td>15:30 Uhr<\/td><td>Auftritt Orchester Klangfarben<\/td><td>Scheune Mergenthal<br>Ober-Rodener-Stra\u00dfe 28-30<\/td><\/tr><tr><td>17:30 Uhr<\/td><td>Auftritt Konzertorchester<\/td><td>Scheune Mergenthal<br>Ober-Rodener-Stra\u00dfe 28-30<\/td><\/tr><\/tbody><\/table><\/figure>\n\n\n\n<h3 class=\"wp-block-heading\">Montag, 15. September 2025<\/h3>\n\n\n\n<figure class=\"wp-block-table\"><table class=\"has-fixed-layout\"><tbody><tr><td>10:30 Uhr<\/td><td>Fr\u00fchschoppen in der Scheune Schrod<\/td><td>Scheune Schrod<br>Ober-Rodener-Stra\u00dfe 51<\/td><\/tr><tr><td>12:00 Uhr<\/td><td>Gegrilltes und diverse Salate von Familie Mergenthal<\/td><td>Scheune Mergenthal<br>Ober-Rodener-Stra\u00dfe 28-30<\/td><\/tr><tr><td>18:00 Uhr<\/td><td>Gegrilltes und diverse Salate von Familie Mergenthal<\/td><td>Scheune Mergenthal<br>Ober-Rodener-Stra\u00dfe 28-30<\/td><\/tr><tr><td>20:00 Uhr<\/td><td>Kerbbeerdigung vor der Scheune Schrod<\/td><td>Ober-Rodener-Stra\u00dfe 51<\/td><\/tr><tr><td><\/td><td><\/td><td><\/td><\/tr><\/tbody><\/table><\/figure>\n\n\n\n<h2 class=\"wp-block-heading\" id=\"nrkerbeventkalender\">Event-Kalender<\/h2>\n\n\n\n<p>Hier finden Sie die Veranstaltungen der Kerb in Form eines interaktiven Kalenders.<\/p>\n\n\n\n<p>Bewegen Sie die Maus \u00fcber die Termine oder tippen Sie mit dem Finger darauf um die Details zu sehen.<\/p>\n\n\n<div class=\"r34ics-ajax-container loading\" id=\"ics-calendar-68bfd2a2e8073\" data-view=\"month\" data-view-is-list-style=\"0\" data-view-is-list-long=\"0\" data-args=\"31fc934b06763ce5589e02a93c150f0a9ca12da6\" data-js-args=\"{&quot;debug&quot;:&quot;0&quot;}\">&nbsp;<\/div>\n\n\n\n<p><\/p>\n\n\n\n<hr class=\"wp-block-separator has-alpha-channel-opacity is-style-wide\"\/>\n\n\n\n<h2 class=\"wp-block-heading has-text-align-center\">Mediensammlung zur Kerb<\/h2>\n\n\n\n<p class=\"has-text-align-center is-style-info\">Wir sammeln Fotos und Videos der Kerb f\u00fcr das Heimatarchiv und die zuk\u00fcnftigen Kerbbl\u00e4ttsche.<br><br>Bitte nutzt den folgenden QR-Code &#8211; einfach anklicken oder scannen, schon kommt ihr zum digitalen Briefkasten.<br><br>Vielen Dank f\u00fcr eure Unterst\u00fctzung!<\/p>\n\n\n<div class=\"wp-block-image\">\n<figure class=\"aligncenter size-full has-lightbox\"><a href=\"https:\/\/cloud.akhnr.de\/index.php\/s\/S2Hd2rzfcKGS8QE\" target=\"_blank\" rel=\"noreferrer noopener\"><img decoding=\"async\" width=\"392\" height=\"392\" src=\"https:\/\/heimatverein-nieder-roden.de\/wp-content\/uploads\/2024\/07\/2024-07-22_AKHNR_NR-Kerb-2024_Mediensammlung-Kerb2023_QR-Code_qr-code.png\" alt=\"\" class=\"wp-image-7093\" srcset=\"https:\/\/heimatverein-nieder-roden.de\/wp-content\/uploads\/2024\/07\/2024-07-22_AKHNR_NR-Kerb-2024_Mediensammlung-Kerb2023_QR-Code_qr-code.png 392w, https:\/\/heimatverein-nieder-roden.de\/wp-content\/uploads\/2024\/07\/2024-07-22_AKHNR_NR-Kerb-2024_Mediensammlung-Kerb2023_QR-Code_qr-code-300x300.png 300w, https:\/\/heimatverein-nieder-roden.de\/wp-content\/uploads\/2024\/07\/2024-07-22_AKHNR_NR-Kerb-2024_Mediensammlung-Kerb2023_QR-Code_qr-code-150x150.png 150w\" sizes=\"(max-width: 392px) 100vw, 392px\" \/><\/a><figcaption class=\"wp-element-caption\">QR-Code zum digitalen Briefkasten &#8211; Mediensammlung Kerb<\/figcaption><\/figure>\n<\/div>\n\n\n<p class=\"has-text-align-center is-style-warning\"><strong>Hinweis:<\/strong><br><br>Die Informationen, die Sie hier finden, sind nach bestem Wissen und Gewissen zusammengetragen worden.<br>Leider kann es immer mal wieder zu \u00c4nderungen kommen, die uns nicht (rechtzeitig) bekannt sind.<br><br><strong>Wir k\u00f6nnen daher keine Gew\u00e4hr \u00fcbernehmen!<\/strong><br><br>Bitte informieren Sie uns gerne falls Ihnen ein Fehler auff\u00e4llt.<br>Vielen Dank!<\/p>\n\n\n\n<hr class=\"wp-block-separator has-alpha-channel-opacity is-style-wide\"\/>\n\n\n\n<h2 class=\"wp-block-heading\" id=\"nrkerbgeschichte\">Geschichte der Nirrer\u00e4irer Kerb<\/h2>\n\n\n\n<p>F\u00fcr alle, etwas in die Geschichte und den Hintergrund der Kerb in Nieder-Roden eintauchen wollen haben wir hier ein paar Beitr\u00e4ge zusammengestellt und das Kerbbl\u00e4ttche 2023:<\/p>\n\n\n<div class=\"display-posts-listing grid\"><div class=\"listing-item\"><a class=\"image\" href=\"https:\/\/heimatverein-nieder-roden.de\/?p=5938\"><img decoding=\"async\" width=\"300\" height=\"206\" src=\"https:\/\/heimatverein-nieder-roden.de\/wp-content\/uploads\/2023\/09\/Rollwaelder-Kerb_Kerbburschen-2_Rollwald-Doku_WST_bearb-Farbe-300x206.jpg\" class=\"attachment-medium size-medium wp-post-image\" alt=\"\" srcset=\"https:\/\/heimatverein-nieder-roden.de\/wp-content\/uploads\/2023\/09\/Rollwaelder-Kerb_Kerbburschen-2_Rollwald-Doku_WST_bearb-Farbe-300x206.jpg 300w, https:\/\/heimatverein-nieder-roden.de\/wp-content\/uploads\/2023\/09\/Rollwaelder-Kerb_Kerbburschen-2_Rollwald-Doku_WST_bearb-Farbe-1024x702.jpg 1024w, https:\/\/heimatverein-nieder-roden.de\/wp-content\/uploads\/2023\/09\/Rollwaelder-Kerb_Kerbburschen-2_Rollwald-Doku_WST_bearb-Farbe-768x527.jpg 768w, https:\/\/heimatverein-nieder-roden.de\/wp-content\/uploads\/2023\/09\/Rollwaelder-Kerb_Kerbburschen-2_Rollwald-Doku_WST_bearb-Farbe-1536x1053.jpg 1536w, https:\/\/heimatverein-nieder-roden.de\/wp-content\/uploads\/2023\/09\/Rollwaelder-Kerb_Kerbburschen-2_Rollwald-Doku_WST_bearb-Farbe-2048x1404.jpg 2048w, https:\/\/heimatverein-nieder-roden.de\/wp-content\/uploads\/2023\/09\/Rollwaelder-Kerb_Kerbburschen-2_Rollwald-Doku_WST_bearb-Farbe-836x573.jpg 836w, https:\/\/heimatverein-nieder-roden.de\/wp-content\/uploads\/2023\/09\/Rollwaelder-Kerb_Kerbburschen-2_Rollwald-Doku_WST_bearb-Farbe-560x384.jpg 560w\" sizes=\"(max-width: 300px) 100vw, 300px\" \/><\/a> <a class=\"title\" href=\"https:\/\/heimatverein-nieder-roden.de\/?p=5938\">Alle feiern die \u201eKerb\u201c&#8230; und Rollwald?<\/a> <span class=\"excerpt-dash\">-<\/span> <span class=\"excerpt\">Ein Beitrag zur Nirrer\u00e4irer Kerb 2023\n\nEinmal wurde auch in Rollwald Kerb gefeiert. Das war Anfang der 1950er Jahre. Alte Fotoaufnahmen erinnern an das Ereignis. Es gab keine Fahrgesch\u00e4fte, wie an Kirchweih in den Nachbarorten, doch die Rollw\u00e4lder wollten zeigen,...<\/span><\/div><div class=\"listing-item\"><a class=\"image\" href=\"https:\/\/heimatverein-nieder-roden.de\/?p=5904\"><img decoding=\"async\" width=\"300\" height=\"169\" src=\"https:\/\/heimatverein-nieder-roden.de\/wp-content\/uploads\/2023\/08\/2023-08-27_AKHNR_NR-Kerbblaettsche_Symbolbild_Website-300x169.jpg\" class=\"attachment-medium size-medium wp-post-image\" alt=\"\" srcset=\"https:\/\/heimatverein-nieder-roden.de\/wp-content\/uploads\/2023\/08\/2023-08-27_AKHNR_NR-Kerbblaettsche_Symbolbild_Website-300x169.jpg 300w, https:\/\/heimatverein-nieder-roden.de\/wp-content\/uploads\/2023\/08\/2023-08-27_AKHNR_NR-Kerbblaettsche_Symbolbild_Website-1024x576.jpg 1024w, https:\/\/heimatverein-nieder-roden.de\/wp-content\/uploads\/2023\/08\/2023-08-27_AKHNR_NR-Kerbblaettsche_Symbolbild_Website-768x432.jpg 768w, https:\/\/heimatverein-nieder-roden.de\/wp-content\/uploads\/2023\/08\/2023-08-27_AKHNR_NR-Kerbblaettsche_Symbolbild_Website-836x470.jpg 836w, https:\/\/heimatverein-nieder-roden.de\/wp-content\/uploads\/2023\/08\/2023-08-27_AKHNR_NR-Kerbblaettsche_Symbolbild_Website-560x315.jpg 560w, https:\/\/heimatverein-nieder-roden.de\/wp-content\/uploads\/2023\/08\/2023-08-27_AKHNR_NR-Kerbblaettsche_Symbolbild_Website.jpg 1280w\" sizes=\"(max-width: 300px) 100vw, 300px\" \/><\/a> <a class=\"title\" href=\"https:\/\/heimatverein-nieder-roden.de\/?p=5904\">Das Kerbbl\u00e4ttsche digital &#8211; gibts nur hier!<\/a> <span class=\"excerpt-dash\">-<\/span> <span class=\"excerpt\">Ein Beitrag zur Nirrer\u00e4irer Kerb 2023\n\nNat\u00fcrlich liest sich das Kerbbl\u00e4ttsche am besten auf Papier.\n\nAber f\u00fcr alle die es auch gerne digital lesen m\u00f6chten haben wir hier das digitale Kerbbl\u00e4ttche verf\u00fcgbar.<\/span><\/div><div class=\"listing-item\"><a class=\"image\" href=\"https:\/\/heimatverein-nieder-roden.de\/?p=5792\"><img decoding=\"async\" width=\"225\" height=\"300\" src=\"https:\/\/heimatverein-nieder-roden.de\/wp-content\/uploads\/2023\/08\/StMatthiasKirche_KoserBernhard_003_7a064682-c832-46c4-8a7c-4df034f67b9b-225x300.jpg\" class=\"attachment-medium size-medium wp-post-image\" alt=\"\" srcset=\"https:\/\/heimatverein-nieder-roden.de\/wp-content\/uploads\/2023\/08\/StMatthiasKirche_KoserBernhard_003_7a064682-c832-46c4-8a7c-4df034f67b9b-225x300.jpg 225w, https:\/\/heimatverein-nieder-roden.de\/wp-content\/uploads\/2023\/08\/StMatthiasKirche_KoserBernhard_003_7a064682-c832-46c4-8a7c-4df034f67b9b-768x1024.jpg 768w, https:\/\/heimatverein-nieder-roden.de\/wp-content\/uploads\/2023\/08\/StMatthiasKirche_KoserBernhard_003_7a064682-c832-46c4-8a7c-4df034f67b9b-1152x1536.jpg 1152w, https:\/\/heimatverein-nieder-roden.de\/wp-content\/uploads\/2023\/08\/StMatthiasKirche_KoserBernhard_003_7a064682-c832-46c4-8a7c-4df034f67b9b-836x1115.jpg 836w, https:\/\/heimatverein-nieder-roden.de\/wp-content\/uploads\/2023\/08\/StMatthiasKirche_KoserBernhard_003_7a064682-c832-46c4-8a7c-4df034f67b9b-560x747.jpg 560w, https:\/\/heimatverein-nieder-roden.de\/wp-content\/uploads\/2023\/08\/StMatthiasKirche_KoserBernhard_003_7a064682-c832-46c4-8a7c-4df034f67b9b.jpg 1200w\" sizes=\"(max-width: 225px) 100vw, 225px\" \/><\/a> <a class=\"title\" href=\"https:\/\/heimatverein-nieder-roden.de\/?p=5792\">Die Kirchweih: Gedanken aus kirchlicher Sicht<\/a> <span class=\"excerpt-dash\">-<\/span> <span class=\"excerpt\">Ein Beitrag zur Nirrer\u00e4irer Kerb 2023\n\nvon Bernhard Koser, Organist in der Pfarrgemeinde St. Matthias Nieder-Roden.<\/span><\/div><\/div>\n\n\n\n<hr class=\"wp-block-separator has-alpha-channel-opacity is-style-wide\"\/>\n\n\n\n<h2 class=\"wp-block-heading\">Weitere Beitr\u00e4ge zum Thema<\/h2>\n\n\n<div class=\"display-posts-listing grid\"><div class=\"listing-item\"><a class=\"image\" href=\"https:\/\/heimatverein-nieder-roden.de\/?p=8270\"><img decoding=\"async\" width=\"300\" height=\"191\" src=\"https:\/\/heimatverein-nieder-roden.de\/wp-content\/uploads\/2025\/09\/image-1-300x191.png\" class=\"attachment-medium size-medium wp-post-image\" alt=\"\" srcset=\"https:\/\/heimatverein-nieder-roden.de\/wp-content\/uploads\/2025\/09\/image-1-300x191.png 300w, https:\/\/heimatverein-nieder-roden.de\/wp-content\/uploads\/2025\/09\/image-1-768x488.png 768w, https:\/\/heimatverein-nieder-roden.de\/wp-content\/uploads\/2025\/09\/image-1-836x531.png 836w, https:\/\/heimatverein-nieder-roden.de\/wp-content\/uploads\/2025\/09\/image-1-560x356.png 560w, https:\/\/heimatverein-nieder-roden.de\/wp-content\/uploads\/2025\/09\/image-1.png 1015w\" sizes=\"(max-width: 300px) 100vw, 300px\" \/><\/a> <a class=\"title\" href=\"https:\/\/heimatverein-nieder-roden.de\/?p=8270\">&#8222;Nieder-R\u00f6der Kerb verbindet Tradition und Trends&#8220;<\/a> <span class=\"excerpt-dash\">-<\/span> <span class=\"excerpt\">Artikel der Offenbach-Post auf OP-Online.de vom 09.09.2025. \nWir bedanken uns herzlich f\u00fcr die Berichterstattung der Presse!<\/span><\/div><div class=\"listing-item\"><a class=\"image\" href=\"https:\/\/heimatverein-nieder-roden.de\/?p=8259\"><img decoding=\"async\" width=\"300\" height=\"111\" src=\"https:\/\/heimatverein-nieder-roden.de\/wp-content\/uploads\/2024\/08\/2024-08-16_18-24-22_AKHNR_NRKerb2024_Ortseingang_FMA_IMG_20240816_182422_Ausschnitt-300x111.jpg\" class=\"attachment-medium size-medium wp-post-image\" alt=\"\" srcset=\"https:\/\/heimatverein-nieder-roden.de\/wp-content\/uploads\/2024\/08\/2024-08-16_18-24-22_AKHNR_NRKerb2024_Ortseingang_FMA_IMG_20240816_182422_Ausschnitt-300x111.jpg 300w, https:\/\/heimatverein-nieder-roden.de\/wp-content\/uploads\/2024\/08\/2024-08-16_18-24-22_AKHNR_NRKerb2024_Ortseingang_FMA_IMG_20240816_182422_Ausschnitt-1024x379.jpg 1024w, https:\/\/heimatverein-nieder-roden.de\/wp-content\/uploads\/2024\/08\/2024-08-16_18-24-22_AKHNR_NRKerb2024_Ortseingang_FMA_IMG_20240816_182422_Ausschnitt-768x284.jpg 768w, https:\/\/heimatverein-nieder-roden.de\/wp-content\/uploads\/2024\/08\/2024-08-16_18-24-22_AKHNR_NRKerb2024_Ortseingang_FMA_IMG_20240816_182422_Ausschnitt-1536x569.jpg 1536w, https:\/\/heimatverein-nieder-roden.de\/wp-content\/uploads\/2024\/08\/2024-08-16_18-24-22_AKHNR_NRKerb2024_Ortseingang_FMA_IMG_20240816_182422_Ausschnitt-2048x758.jpg 2048w, https:\/\/heimatverein-nieder-roden.de\/wp-content\/uploads\/2024\/08\/2024-08-16_18-24-22_AKHNR_NRKerb2024_Ortseingang_FMA_IMG_20240816_182422_Ausschnitt-836x310.jpg 836w, https:\/\/heimatverein-nieder-roden.de\/wp-content\/uploads\/2024\/08\/2024-08-16_18-24-22_AKHNR_NRKerb2024_Ortseingang_FMA_IMG_20240816_182422_Ausschnitt-560x207.jpg 560w\" sizes=\"(max-width: 300px) 100vw, 300px\" \/><\/a> <a class=\"title\" href=\"https:\/\/heimatverein-nieder-roden.de\/?p=8259\">Infos zur Nieder-R\u00f6der Kerb 2025<\/a> <span class=\"excerpt-dash\">-<\/span> <span class=\"excerpt\">Hier auf den Seiten des AKHNR finden Sie umfassende Informationen zur Kerb 2025.\n\nWir haben eine spezielle Seite zum Festwochenende erstellt.<\/span><\/div><\/div>\n\n\n\n<hr class=\"wp-block-separator has-alpha-channel-opacity is-style-wide\"\/>\n\n\nSeite 0 mal aufgerufen in den letzten 365 Tagen.\n","protected":false},"excerpt":{"rendered":"<p>Die Nirrer\u00e4irer Kerb (Nieder-R\u00f6der Kirchweih) wird nicht durch den AKHNR veranstaltet. Vielmehr arbeiten zahlreiche Mitwirkende zusammen um diese Feier Jahr f\u00fcr Jahr zu einem vielseitigen, sch\u00f6nen Fest zu machen. Die Hauptlast tr\u00e4gt dabei der Kerbverein Nieder-Roden e. V., der unter anderem den Kerbumzug und den Auf- und Abbau des Festzeltes auf dem Kirchplatz organisiert und bew\u00e4ltigt.<br \/>\nDie Kerb-Feier ist vor allem auch Tradition, kulturelles Erbe und Fixpunkt f\u00fcr unsere Ortsgemeinschaft &#8211; unsere Heimat.<\/p><p><a class=\"more-link btn\" href=\"https:\/\/heimatverein-nieder-roden.de\/?p=8259\">Weiterlesen<\/a><\/p>\n","protected":false},"author":1,"featured_media":5474,"parent":1023,"menu_order":0,"comment_status":"closed","ping_status":"closed","template":"template-onecolumn.php","meta":{"_coblocks_attr":"","_coblocks_dimensions":"","_coblocks_responsive_height":"","_coblocks_accordion_ie_support":"","footnotes":""},"class_list":["post-5607","page","type-page","status-publish","has-post-thumbnail","hentry","nodate"],"publishpress_future_action":{"enabled":false,"date":"2026-05-08 02:12:00","action":"change-status","newStatus":"draft","terms":[],"taxonomy":"","extraData":[]},"publishpress_future_workflow_manual_trigger":{"enabledWorkflows":[]},"_links":{"self":[{"href":"https:\/\/heimatverein-nieder-roden.de\/index.php?rest_route=\/wp\/v2\/pages\/5607","targetHints":{"allow":["GET"]}}],"collection":[{"href":"https:\/\/heimatverein-nieder-roden.de\/index.php?rest_route=\/wp\/v2\/pages"}],"about":[{"href":"https:\/\/heimatverein-nieder-roden.de\/index.php?rest_route=\/wp\/v2\/types\/page"}],"author":[{"embeddable":true,"href":"https:\/\/heimatverein-nieder-roden.de\/index.php?rest_route=\/wp\/v2\/users\/1"}],"replies":[{"embeddable":true,"href":"https:\/\/heimatverein-nieder-roden.de\/index.php?rest_route=%2Fwp%2Fv2%2Fcomments&post=5607"}],"version-history":[{"count":82,"href":"https:\/\/heimatverein-nieder-roden.de\/index.php?rest_route=\/wp\/v2\/pages\/5607\/revisions"}],"predecessor-version":[{"id":8273,"href":"https:\/\/heimatverein-nieder-roden.de\/index.php?rest_route=\/wp\/v2\/pages\/5607\/revisions\/8273"}],"up":[{"embeddable":true,"href":"https:\/\/heimatverein-nieder-roden.de\/index.php?rest_route=\/wp\/v2\/pages\/1023"}],"wp:featuredmedia":[{"embeddable":true,"href":"https:\/\/heimatverein-nieder-roden.de\/index.php?rest_route=\/wp\/v2\/media\/5474"}],"wp:attachment":[{"href":"https:\/\/heimatverein-nieder-roden.de\/index.php?rest_route=%2Fwp%2Fv2%2Fmedia&parent=5607"}],"curies":[{"name":"wp","href":"https:\/\/api.w.org\/{rel}","templated":true}]}}