{"id":4866,"date":"2022-11-30T21:28:17","date_gmt":"2022-11-30T20:28:17","guid":{"rendered":"https:\/\/heimatverein-nieder-roden.de\/?page_id=4866"},"modified":"2022-12-05T23:43:04","modified_gmt":"2022-12-05T22:43:04","slug":"nieder-roeder-fotokalender","status":"publish","type":"page","link":"https:\/\/heimatverein-nieder-roden.de\/?page_id=4866","title":{"rendered":"Nieder-R\u00f6der Fotokalender"},"content":{"rendered":"\n<p>Seit dem Jahr 2020 gibt der Arbeitskreis f\u00fcr Heimatkunde Nieder-Roden e. V.  (AKHNR) den Nieder-R\u00f6der Fotokalender heraus.<\/p>\n\n\n\n<p>Auf 13 eindrucksvollen Fotos zeigen wir ungewohnte Perspektiven und machen Lust darauf die Umgebung von Nieder-Roden und Rollwald neu zu entdecken. Unsere Fotografin mit dem besonderen Blick f\u00fcr die Sch\u00f6nheiten im Kleinen und Gro\u00dfen ist Eva Gerschner. Bei der Zusammenstellung der Aufnahmen wird sie unterst\u00fctzt von Uli Biebel.<\/p>\n\n\n\n<p>Das Kalendarium zeigt neben allen Feiertagen auch die Jahrestermine des AKHNR, des Musikvereins Nieder-Roden und weitere Nieder-R\u00f6der Termine, wie beispielsweise Kerb und Weinfest.<\/p>\n\n\n\n<h3 class=\"wp-block-heading\">Erh\u00e4ltlich ist der Fotokalender&#8230;<\/h3>\n\n\n\n<ul class=\"wp-block-list\">\n<li>auf dem Nieder-R\u00f6der Adventsmarkt am Stand des AKHNR<\/li>\n\n\n\n<li>\u00fcber unsere Partner-Buchhandlung &#8222;Gartenstadt B\u00fccher&#8220; <\/li>\n\n\n\n<li>per Telefon unter: 06106 76444<br><\/li>\n<\/ul>\n\n\n\n<p class=\"has-black-color has-vivid-green-cyan-background-color has-text-color has-background\"><strong>Kennen Sie Termine, die wir auch aufnehmen sollen?<\/strong><br><strong>Sprechen \/ schreiben Sie  uns einfach an!<\/strong><\/p>\n\n\n\n<hr class=\"wp-block-separator has-alpha-channel-opacity\"\/>\n\n\n\n<h2 class=\"wp-block-heading\">Meldungen zum Thema<\/h2>\n\n\n<div class=\"display-posts-listing grid\"><div class=\"listing-item\"><a class=\"image\" href=\"https:\/\/heimatverein-nieder-roden.de\/?p=4882\"><img decoding=\"async\" width=\"300\" height=\"90\" src=\"https:\/\/heimatverein-nieder-roden.de\/wp-content\/uploads\/2022\/12\/2022-12-06_AKHNR_Website_Meldung_Fotokalender-bei-GartensBuecher_Sliderbild_8bit-300x90.png\" class=\"attachment-medium size-medium wp-post-image\" alt=\"\" srcset=\"https:\/\/heimatverein-nieder-roden.de\/wp-content\/uploads\/2022\/12\/2022-12-06_AKHNR_Website_Meldung_Fotokalender-bei-GartensBuecher_Sliderbild_8bit-300x90.png 300w, https:\/\/heimatverein-nieder-roden.de\/wp-content\/uploads\/2022\/12\/2022-12-06_AKHNR_Website_Meldung_Fotokalender-bei-GartensBuecher_Sliderbild_8bit-1024x307.png 1024w, https:\/\/heimatverein-nieder-roden.de\/wp-content\/uploads\/2022\/12\/2022-12-06_AKHNR_Website_Meldung_Fotokalender-bei-GartensBuecher_Sliderbild_8bit-768x230.png 768w, https:\/\/heimatverein-nieder-roden.de\/wp-content\/uploads\/2022\/12\/2022-12-06_AKHNR_Website_Meldung_Fotokalender-bei-GartensBuecher_Sliderbild_8bit-836x251.png 836w, https:\/\/heimatverein-nieder-roden.de\/wp-content\/uploads\/2022\/12\/2022-12-06_AKHNR_Website_Meldung_Fotokalender-bei-GartensBuecher_Sliderbild_8bit-560x168.png 560w, https:\/\/heimatverein-nieder-roden.de\/wp-content\/uploads\/2022\/12\/2022-12-06_AKHNR_Website_Meldung_Fotokalender-bei-GartensBuecher_Sliderbild_8bit.png 1040w\" sizes=\"(max-width: 300px) 100vw, 300px\" \/><\/a> <a class=\"title\" href=\"https:\/\/heimatverein-nieder-roden.de\/?p=4882\">Fotokalender jetzt auch bei &#8222;Gartenstadt B\u00fccher&#8220;<\/a> <span class=\"excerpt-dash\">-<\/span> <span class=\"excerpt\">Den Nieder-R\u00f6der Fotokalender 2023 gibt es ab sofort auch bei unserer Partner-Buchhandlung \"Gartenstadt B\u00fccher\"!<\/span><\/div><div class=\"listing-item\"><a class=\"image\" href=\"https:\/\/heimatverein-nieder-roden.de\/?p=4872\"><img decoding=\"async\" width=\"300\" height=\"43\" src=\"https:\/\/heimatverein-nieder-roden.de\/wp-content\/uploads\/2019\/06\/Offenbach-Post_Titel_Symbolbild-300x43.png\" class=\"attachment-medium size-medium wp-post-image\" alt=\"\" srcset=\"https:\/\/heimatverein-nieder-roden.de\/wp-content\/uploads\/2019\/06\/Offenbach-Post_Titel_Symbolbild-300x43.png 300w, https:\/\/heimatverein-nieder-roden.de\/wp-content\/uploads\/2019\/06\/Offenbach-Post_Titel_Symbolbild-768x111.png 768w, https:\/\/heimatverein-nieder-roden.de\/wp-content\/uploads\/2019\/06\/Offenbach-Post_Titel_Symbolbild-1024x148.png 1024w\" sizes=\"(max-width: 300px) 100vw, 300px\" \/><\/a> <a class=\"title\" href=\"https:\/\/heimatverein-nieder-roden.de\/?p=4872\">&#8222;Anregungen f\u00fcr Spazierg\u00e4nge&#8220;<\/a> <span class=\"excerpt-dash\">-<\/span> <span class=\"excerpt\">Artikel der Offenbach-Post auf OP-Online.de vom 01.12.2022. \nWir bedanken uns herzlich f\u00fcr die Berichterstattung der Presse!<\/span><\/div><div class=\"listing-item\"><a class=\"image\" href=\"https:\/\/heimatverein-nieder-roden.de\/?p=4867\"><img decoding=\"async\" width=\"300\" height=\"55\" src=\"https:\/\/heimatverein-nieder-roden.de\/wp-content\/uploads\/2019\/06\/Rodgau-Zeitung_Titel_Symbolbild-300x55.png\" class=\"attachment-medium size-medium wp-post-image\" alt=\"\" srcset=\"https:\/\/heimatverein-nieder-roden.de\/wp-content\/uploads\/2019\/06\/Rodgau-Zeitung_Titel_Symbolbild-300x55.png 300w, https:\/\/heimatverein-nieder-roden.de\/wp-content\/uploads\/2019\/06\/Rodgau-Zeitung_Titel_Symbolbild-768x142.png 768w, https:\/\/heimatverein-nieder-roden.de\/wp-content\/uploads\/2019\/06\/Rodgau-Zeitung_Titel_Symbolbild-1024x189.png 1024w\" sizes=\"(max-width: 300px) 100vw, 300px\" \/><\/a> <a class=\"title\" href=\"https:\/\/heimatverein-nieder-roden.de\/?p=4867\">&#8222;Nieder-R\u00f6der Fotokalender&#8220;<\/a> <span class=\"excerpt-dash\">-<\/span> <span class=\"excerpt\">Artikel in der Rodgau-Zeitung vom 02.12.2022.\nWir bedanken uns herzlich f\u00fcr die Berichterstattung der Presse!<\/span><\/div><div class=\"listing-item\"><a class=\"image\" href=\"https:\/\/heimatverein-nieder-roden.de\/?p=4852\"><img decoding=\"async\" width=\"300\" height=\"214\" src=\"https:\/\/heimatverein-nieder-roden.de\/wp-content\/uploads\/2022\/11\/AKHNR_Fotokalender-2023_Titel-300x214.jpg\" class=\"attachment-medium size-medium wp-post-image\" alt=\"\" srcset=\"https:\/\/heimatverein-nieder-roden.de\/wp-content\/uploads\/2022\/11\/AKHNR_Fotokalender-2023_Titel-300x214.jpg 300w, https:\/\/heimatverein-nieder-roden.de\/wp-content\/uploads\/2022\/11\/AKHNR_Fotokalender-2023_Titel-1024x730.jpg 1024w, https:\/\/heimatverein-nieder-roden.de\/wp-content\/uploads\/2022\/11\/AKHNR_Fotokalender-2023_Titel-768x547.jpg 768w, https:\/\/heimatverein-nieder-roden.de\/wp-content\/uploads\/2022\/11\/AKHNR_Fotokalender-2023_Titel-1536x1095.jpg 1536w, https:\/\/heimatverein-nieder-roden.de\/wp-content\/uploads\/2022\/11\/AKHNR_Fotokalender-2023_Titel-836x596.jpg 836w, https:\/\/heimatverein-nieder-roden.de\/wp-content\/uploads\/2022\/11\/AKHNR_Fotokalender-2023_Titel-560x399.jpg 560w, https:\/\/heimatverein-nieder-roden.de\/wp-content\/uploads\/2022\/11\/AKHNR_Fotokalender-2023_Titel.jpg 1790w\" sizes=\"(max-width: 300px) 100vw, 300px\" \/><\/a> <a class=\"title\" href=\"https:\/\/heimatverein-nieder-roden.de\/?p=4852\">Fotokalender 2023<\/a> <span class=\"excerpt-dash\">-<\/span> <span class=\"excerpt\">Der Nieder-R\u00f6der Fotokalender 2023 in limitierter Auflage von 200 St\u00fcck.\n\nJetzt verf\u00fcgbar!<\/span><\/div><div class=\"listing-item\"><a class=\"image\" href=\"https:\/\/heimatverein-nieder-roden.de\/?p=3317\"><img decoding=\"async\" width=\"300\" height=\"43\" src=\"https:\/\/heimatverein-nieder-roden.de\/wp-content\/uploads\/2019\/06\/Offenbach-Post_Titel_Symbolbild-300x43.png\" class=\"attachment-medium size-medium wp-post-image\" alt=\"\" srcset=\"https:\/\/heimatverein-nieder-roden.de\/wp-content\/uploads\/2019\/06\/Offenbach-Post_Titel_Symbolbild-300x43.png 300w, https:\/\/heimatverein-nieder-roden.de\/wp-content\/uploads\/2019\/06\/Offenbach-Post_Titel_Symbolbild-768x111.png 768w, https:\/\/heimatverein-nieder-roden.de\/wp-content\/uploads\/2019\/06\/Offenbach-Post_Titel_Symbolbild-1024x148.png 1024w\" sizes=\"(max-width: 300px) 100vw, 300px\" \/><\/a> <a class=\"title\" href=\"https:\/\/heimatverein-nieder-roden.de\/?p=3317\">&#8222;Heimatverein Nieder-Roden gibt Fotokalender heraus&#8220;<\/a> <span class=\"excerpt-dash\">-<\/span> <span class=\"excerpt\">Artikel der Offenbach-Post auf OP-Online.de vom 02.12.2021. \nWir bedanken uns herzlich f\u00fcr die Berichterstattung der Presse!<\/span><\/div><div class=\"listing-item\"><a class=\"image\" href=\"https:\/\/heimatverein-nieder-roden.de\/?p=3313\"><img decoding=\"async\" width=\"300\" height=\"55\" src=\"https:\/\/heimatverein-nieder-roden.de\/wp-content\/uploads\/2019\/06\/Rodgau-Zeitung_Titel_Symbolbild-300x55.png\" class=\"attachment-medium size-medium wp-post-image\" alt=\"\" srcset=\"https:\/\/heimatverein-nieder-roden.de\/wp-content\/uploads\/2019\/06\/Rodgau-Zeitung_Titel_Symbolbild-300x55.png 300w, https:\/\/heimatverein-nieder-roden.de\/wp-content\/uploads\/2019\/06\/Rodgau-Zeitung_Titel_Symbolbild-768x142.png 768w, https:\/\/heimatverein-nieder-roden.de\/wp-content\/uploads\/2019\/06\/Rodgau-Zeitung_Titel_Symbolbild-1024x189.png 1024w\" sizes=\"(max-width: 300px) 100vw, 300px\" \/><\/a> <a class=\"title\" href=\"https:\/\/heimatverein-nieder-roden.de\/?p=3313\">&#8222;Neuer Kalender des AKHNR erh\u00e4ltlich&#8220;<\/a> <span class=\"excerpt-dash\">-<\/span> <span class=\"excerpt\">Artikel in der Rodgau-Zeitung vom 02.12.2021.\nWir bedanken uns herzlich f\u00fcr die Berichterstattung der Presse!<\/span><\/div><div class=\"listing-item\"><a class=\"image\" href=\"https:\/\/heimatverein-nieder-roden.de\/?p=3296\"><img decoding=\"async\" width=\"300\" height=\"169\" src=\"https:\/\/heimatverein-nieder-roden.de\/wp-content\/uploads\/2021\/11\/2021-11-14_AKHNR_Fotokalender-2022_Titelfoto_IMG_6657_2MP-300x169.jpg\" class=\"attachment-medium size-medium wp-post-image\" alt=\"\" srcset=\"https:\/\/heimatverein-nieder-roden.de\/wp-content\/uploads\/2021\/11\/2021-11-14_AKHNR_Fotokalender-2022_Titelfoto_IMG_6657_2MP-300x169.jpg 300w, https:\/\/heimatverein-nieder-roden.de\/wp-content\/uploads\/2021\/11\/2021-11-14_AKHNR_Fotokalender-2022_Titelfoto_IMG_6657_2MP-1024x576.jpg 1024w, https:\/\/heimatverein-nieder-roden.de\/wp-content\/uploads\/2021\/11\/2021-11-14_AKHNR_Fotokalender-2022_Titelfoto_IMG_6657_2MP-768x432.jpg 768w, https:\/\/heimatverein-nieder-roden.de\/wp-content\/uploads\/2021\/11\/2021-11-14_AKHNR_Fotokalender-2022_Titelfoto_IMG_6657_2MP-1536x864.jpg 1536w, https:\/\/heimatverein-nieder-roden.de\/wp-content\/uploads\/2021\/11\/2021-11-14_AKHNR_Fotokalender-2022_Titelfoto_IMG_6657_2MP-836x470.jpg 836w, https:\/\/heimatverein-nieder-roden.de\/wp-content\/uploads\/2021\/11\/2021-11-14_AKHNR_Fotokalender-2022_Titelfoto_IMG_6657_2MP-560x315.jpg 560w, https:\/\/heimatverein-nieder-roden.de\/wp-content\/uploads\/2021\/11\/2021-11-14_AKHNR_Fotokalender-2022_Titelfoto_IMG_6657_2MP.jpg 1930w\" sizes=\"(max-width: 300px) 100vw, 300px\" \/><\/a> <a class=\"title\" href=\"https:\/\/heimatverein-nieder-roden.de\/?p=3296\">\u201eSpazierg\u00e4nge\u201c \u2013 Pressemitteilung zum Fotokalender 2022<\/a> <span class=\"excerpt-dash\">-<\/span> <span class=\"excerpt\">Wie auch schon in den letzten beiden Jahren bietet der AKHNR wieder seinen beliebten Monatskalender an. Der Nieder-R\u00f6der Fotokalender im Format DIN A4 quer ist jetzt verf\u00fcgbar.<\/span><\/div><div class=\"listing-item\"><a class=\"image\" href=\"https:\/\/heimatverein-nieder-roden.de\/?p=3265\"><img decoding=\"async\" width=\"300\" height=\"55\" src=\"https:\/\/heimatverein-nieder-roden.de\/wp-content\/uploads\/2019\/06\/Rodgau-Zeitung_Titel_Symbolbild-300x55.png\" class=\"attachment-medium size-medium wp-post-image\" alt=\"\" srcset=\"https:\/\/heimatverein-nieder-roden.de\/wp-content\/uploads\/2019\/06\/Rodgau-Zeitung_Titel_Symbolbild-300x55.png 300w, https:\/\/heimatverein-nieder-roden.de\/wp-content\/uploads\/2019\/06\/Rodgau-Zeitung_Titel_Symbolbild-768x142.png 768w, https:\/\/heimatverein-nieder-roden.de\/wp-content\/uploads\/2019\/06\/Rodgau-Zeitung_Titel_Symbolbild-1024x189.png 1024w\" sizes=\"(max-width: 300px) 100vw, 300px\" \/><\/a> <a class=\"title\" href=\"https:\/\/heimatverein-nieder-roden.de\/?p=3265\">&#8222;Nieder-R\u00f6der Fotokalender&#8220;<\/a> <span class=\"excerpt-dash\">-<\/span> <span class=\"excerpt\">Artikel in der Rodgau-Zeitung vom 25.12.2020.\nWir bedanken uns herzlich f\u00fcr die Berichterstattung der Presse!<\/span><\/div><div class=\"listing-item\"><a class=\"image\" href=\"https:\/\/heimatverein-nieder-roden.de\/?p=2529\"><img decoding=\"async\" width=\"300\" height=\"171\" src=\"https:\/\/heimatverein-nieder-roden.de\/wp-content\/uploads\/2020\/12\/2020-11-14_AKHNR_Tischkalender-2021_Titelfoto_2MP-300x171.png\" class=\"attachment-medium size-medium wp-post-image\" alt=\"\" srcset=\"https:\/\/heimatverein-nieder-roden.de\/wp-content\/uploads\/2020\/12\/2020-11-14_AKHNR_Tischkalender-2021_Titelfoto_2MP-300x171.png 300w, https:\/\/heimatverein-nieder-roden.de\/wp-content\/uploads\/2020\/12\/2020-11-14_AKHNR_Tischkalender-2021_Titelfoto_2MP-1024x582.png 1024w, https:\/\/heimatverein-nieder-roden.de\/wp-content\/uploads\/2020\/12\/2020-11-14_AKHNR_Tischkalender-2021_Titelfoto_2MP-768x437.png 768w, https:\/\/heimatverein-nieder-roden.de\/wp-content\/uploads\/2020\/12\/2020-11-14_AKHNR_Tischkalender-2021_Titelfoto_2MP-1536x873.png 1536w, https:\/\/heimatverein-nieder-roden.de\/wp-content\/uploads\/2020\/12\/2020-11-14_AKHNR_Tischkalender-2021_Titelfoto_2MP-836x475.png 836w, https:\/\/heimatverein-nieder-roden.de\/wp-content\/uploads\/2020\/12\/2020-11-14_AKHNR_Tischkalender-2021_Titelfoto_2MP-560x318.png 560w, https:\/\/heimatverein-nieder-roden.de\/wp-content\/uploads\/2020\/12\/2020-11-14_AKHNR_Tischkalender-2021_Titelfoto_2MP.png 1875w\" sizes=\"(max-width: 300px) 100vw, 300px\" \/><\/a> <a class=\"title\" href=\"https:\/\/heimatverein-nieder-roden.de\/?p=2529\">Fotokalender 2021<\/a> <span class=\"excerpt-dash\">-<\/span> <span class=\"excerpt\">Der Nieder-R\u00f6der Fotokalender 2021 in limitierter Auflage von 100 St\u00fcck! Wir freuen uns \u00fcber Ihre Spende! Melden Sie sich f\u00fcr Ihr Exemplar:\u2022 Per Telefon: +49 6106 76444\u2022 Per E-Mail: vorstand@heimatverein-nieder-roden.de<\/span><\/div><div class=\"listing-item\"><a class=\"image\" href=\"https:\/\/heimatverein-nieder-roden.de\/?p=3268\"><img decoding=\"async\" width=\"300\" height=\"96\" src=\"https:\/\/heimatverein-nieder-roden.de\/wp-content\/uploads\/2019\/06\/Rodgau-Post_Titel_Symbolbild-300x96.jpg\" class=\"attachment-medium size-medium wp-post-image\" alt=\"\" srcset=\"https:\/\/heimatverein-nieder-roden.de\/wp-content\/uploads\/2019\/06\/Rodgau-Post_Titel_Symbolbild-300x96.jpg 300w, https:\/\/heimatverein-nieder-roden.de\/wp-content\/uploads\/2019\/06\/Rodgau-Post_Titel_Symbolbild-768x246.jpg 768w, https:\/\/heimatverein-nieder-roden.de\/wp-content\/uploads\/2019\/06\/Rodgau-Post_Titel_Symbolbild-1024x328.jpg 1024w\" sizes=\"(max-width: 300px) 100vw, 300px\" \/><\/a> <a class=\"title\" href=\"https:\/\/heimatverein-nieder-roden.de\/?p=3268\">&#8222;Bilder aus Nieder-Roden&#8220; &#8211; Arbeitskreis f\u00fcr Heimatkunde gibt Kalender heraus<\/a> <span class=\"excerpt-dash\">-<\/span> <span class=\"excerpt\">Artikel in der Rodgau-Post vom 24.12.2020. \nWir bedanken uns herzlich f\u00fcr die Berichterstattung der Presse!<\/span><\/div><\/div>\n","protected":false},"excerpt":{"rendered":"<p>Seit dem Jahr 2020 gibt der Arbeitskreis f\u00fcr Heimatkunde Nieder-Roden e. V. (AKHNR) den Nieder-R\u00f6der Fotokalender heraus. Auf 13 eindrucksvollen Fotos zeigen wir ungewohnte Perspektiven und machen Lust darauf die Umgebung von Nieder-Roden und Rollwald neu zu entdecken. Unsere Fotografin mit dem besonderen Blick f\u00fcr die Sch\u00f6nheiten im Kleinen und Gro\u00dfen ist Eva Gerschner. Bei &hellip; <\/p>\n<p><a class=\"more-link btn\" href=\"https:\/\/heimatverein-nieder-roden.de\/?p=3268\">Weiterlesen<\/a><\/p><p><a class=\"more-link btn\" href=\"https:\/\/heimatverein-nieder-roden.de\/?p=3268\">Weiterlesen<\/a><\/p>\n","protected":false},"author":1,"featured_media":4856,"parent":1023,"menu_order":0,"comment_status":"closed","ping_status":"closed","template":"","meta":{"_coblocks_attr":"","_coblocks_dimensions":"","_coblocks_responsive_height":"","_coblocks_accordion_ie_support":"","footnotes":""},"class_list":["post-4866","page","type-page","status-publish","has-post-thumbnail","hentry","nodate"],"publishpress_future_action":{"enabled":false,"date":"2026-05-08 01:02:57","action":"change-status","newStatus":"draft","terms":[],"taxonomy":"","extraData":[]},"publishpress_future_workflow_manual_trigger":{"enabledWorkflows":[]},"_links":{"self":[{"href":"https:\/\/heimatverein-nieder-roden.de\/index.php?rest_route=\/wp\/v2\/pages\/4866","targetHints":{"allow":["GET"]}}],"collection":[{"href":"https:\/\/heimatverein-nieder-roden.de\/index.php?rest_route=\/wp\/v2\/pages"}],"about":[{"href":"https:\/\/heimatverein-nieder-roden.de\/index.php?rest_route=\/wp\/v2\/types\/page"}],"author":[{"embeddable":true,"href":"https:\/\/heimatverein-nieder-roden.de\/index.php?rest_route=\/wp\/v2\/users\/1"}],"replies":[{"embeddable":true,"href":"https:\/\/heimatverein-nieder-roden.de\/index.php?rest_route=%2Fwp%2Fv2%2Fcomments&post=4866"}],"version-history":[{"count":3,"href":"https:\/\/heimatverein-nieder-roden.de\/index.php?rest_route=\/wp\/v2\/pages\/4866\/revisions"}],"predecessor-version":[{"id":4888,"href":"https:\/\/heimatverein-nieder-roden.de\/index.php?rest_route=\/wp\/v2\/pages\/4866\/revisions\/4888"}],"up":[{"embeddable":true,"href":"https:\/\/heimatverein-nieder-roden.de\/index.php?rest_route=\/wp\/v2\/pages\/1023"}],"wp:featuredmedia":[{"embeddable":true,"href":"https:\/\/heimatverein-nieder-roden.de\/index.php?rest_route=\/wp\/v2\/media\/4856"}],"wp:attachment":[{"href":"https:\/\/heimatverein-nieder-roden.de\/index.php?rest_route=%2Fwp%2Fv2%2Fmedia&parent=4866"}],"curies":[{"name":"wp","href":"https:\/\/api.w.org\/{rel}","templated":true}]}}