{"id":480,"date":"2019-02-12T23:45:20","date_gmt":"2019-02-12T22:45:20","guid":{"rendered":"http:\/\/heimatverein-nieder-roden.de\/?page_id=480"},"modified":"2024-02-15T23:53:27","modified_gmt":"2024-02-15T22:53:27","slug":"jahresausflug","status":"publish","type":"page","link":"https:\/\/heimatverein-nieder-roden.de\/?page_id=480","title":{"rendered":"Jahresausflug"},"content":{"rendered":"\n\n\n<p>Nach M\u00f6glichkeit f\u00fchrt der AKHNR in jedem Jahr einen Jahresausflug durch. <br>Dabei steuern wir einen Interessanten Ort in unserer Umgebung an, lernen etwas und verbringen einen angenehmen Tag unter Freunden. Wir lassen den Tag mit einem gemeinsamen Abendessen ausklingen oder kehren unterwegs ein, sodass auch die Verpflegung nicht zu kurz kommt.<\/p>\n\n\n\n<hr class=\"wp-block-separator has-css-opacity is-style-wide\"\/>\n\n\nSeite 0 mal aufgerufen in den letzten 365 Tagen.\n\n\n\n<hr class=\"wp-block-separator has-css-opacity is-style-wide\"\/>\n\n\n\n<h3 class=\"wp-block-heading\" id=\"meldungen-zum-thema\">Meldungen zum Thema<\/h3>\n\n\n<div class=\"display-posts-listing grid\"><div class=\"listing-item\"><a class=\"image\" href=\"https:\/\/heimatverein-nieder-roden.de\/?p=6615\"><img decoding=\"async\" width=\"300\" height=\"92\" src=\"https:\/\/heimatverein-nieder-roden.de\/wp-content\/uploads\/2024\/03\/2024-03-13_AKHNR_Jahresausflug-2024-03-17_Web_Slider-Bild_1300x400px_abgesagt-300x92.jpg\" class=\"attachment-medium size-medium wp-post-image\" alt=\"\" srcset=\"https:\/\/heimatverein-nieder-roden.de\/wp-content\/uploads\/2024\/03\/2024-03-13_AKHNR_Jahresausflug-2024-03-17_Web_Slider-Bild_1300x400px_abgesagt-300x92.jpg 300w, https:\/\/heimatverein-nieder-roden.de\/wp-content\/uploads\/2024\/03\/2024-03-13_AKHNR_Jahresausflug-2024-03-17_Web_Slider-Bild_1300x400px_abgesagt-1024x315.jpg 1024w, https:\/\/heimatverein-nieder-roden.de\/wp-content\/uploads\/2024\/03\/2024-03-13_AKHNR_Jahresausflug-2024-03-17_Web_Slider-Bild_1300x400px_abgesagt-768x236.jpg 768w, https:\/\/heimatverein-nieder-roden.de\/wp-content\/uploads\/2024\/03\/2024-03-13_AKHNR_Jahresausflug-2024-03-17_Web_Slider-Bild_1300x400px_abgesagt-836x257.jpg 836w, https:\/\/heimatverein-nieder-roden.de\/wp-content\/uploads\/2024\/03\/2024-03-13_AKHNR_Jahresausflug-2024-03-17_Web_Slider-Bild_1300x400px_abgesagt-560x172.jpg 560w, https:\/\/heimatverein-nieder-roden.de\/wp-content\/uploads\/2024\/03\/2024-03-13_AKHNR_Jahresausflug-2024-03-17_Web_Slider-Bild_1300x400px_abgesagt.jpg 1300w\" sizes=\"(max-width: 300px) 100vw, 300px\" \/><\/a> <a class=\"title\" href=\"https:\/\/heimatverein-nieder-roden.de\/?p=6615\">Jahresausflug 2024 abgesagt<\/a> <span class=\"excerpt-dash\">-<\/span> <span class=\"excerpt\">Leider haben sich nicht gen\u00fcgend MitfahrerInnen angemeldet.<\/span><\/div><div class=\"listing-item\"><a class=\"image\" href=\"https:\/\/heimatverein-nieder-roden.de\/?p=6567\"><img decoding=\"async\" width=\"300\" height=\"200\" src=\"https:\/\/heimatverein-nieder-roden.de\/wp-content\/uploads\/2024\/02\/01_Aussenansicht_copyright_Deutsches_Ledermuseum_L_Brichta-300x200.jpg\" class=\"attachment-medium size-medium wp-post-image\" alt=\"\" srcset=\"https:\/\/heimatverein-nieder-roden.de\/wp-content\/uploads\/2024\/02\/01_Aussenansicht_copyright_Deutsches_Ledermuseum_L_Brichta-300x200.jpg 300w, https:\/\/heimatverein-nieder-roden.de\/wp-content\/uploads\/2024\/02\/01_Aussenansicht_copyright_Deutsches_Ledermuseum_L_Brichta-1024x684.jpg 1024w, https:\/\/heimatverein-nieder-roden.de\/wp-content\/uploads\/2024\/02\/01_Aussenansicht_copyright_Deutsches_Ledermuseum_L_Brichta-768x513.jpg 768w, https:\/\/heimatverein-nieder-roden.de\/wp-content\/uploads\/2024\/02\/01_Aussenansicht_copyright_Deutsches_Ledermuseum_L_Brichta-1536x1025.jpg 1536w, https:\/\/heimatverein-nieder-roden.de\/wp-content\/uploads\/2024\/02\/01_Aussenansicht_copyright_Deutsches_Ledermuseum_L_Brichta-2048x1367.jpg 2048w, https:\/\/heimatverein-nieder-roden.de\/wp-content\/uploads\/2024\/02\/01_Aussenansicht_copyright_Deutsches_Ledermuseum_L_Brichta-836x558.jpg 836w, https:\/\/heimatverein-nieder-roden.de\/wp-content\/uploads\/2024\/02\/01_Aussenansicht_copyright_Deutsches_Ledermuseum_L_Brichta-560x374.jpg 560w, https:\/\/heimatverein-nieder-roden.de\/wp-content\/uploads\/2024\/02\/01_Aussenansicht_copyright_Deutsches_Ledermuseum_L_Brichta-272x182.jpg 272w\" sizes=\"(max-width: 300px) 100vw, 300px\" \/><\/a> <a class=\"title\" href=\"https:\/\/heimatverein-nieder-roden.de\/?p=6567\">Jahresausflug 2024 zum Deutschen Ledermuseum<\/a> <span class=\"excerpt-dash\">-<\/span> <span class=\"excerpt\">wir hoffen ihr hattet allesamt einen guten Start ins Jahr 2024 und seid bereit f\u00fcr unseren Jahresausflug! Am Sonntag, den 17. M\u00e4rz 2024, starten wir mit einem Besuch des Deutschen Ledermuseums in Offenbach.<\/span><\/div><div class=\"listing-item\"><a class=\"image\" href=\"https:\/\/heimatverein-nieder-roden.de\/?p=5139\"><img decoding=\"async\" width=\"300\" height=\"92\" src=\"https:\/\/heimatverein-nieder-roden.de\/wp-content\/uploads\/2023\/04\/2023-02-22_AKHNR_Jahresausflug-LGS-2023-05-14_Web_Slider-Bild_1300x400px_abgesagt_JPG-niedrig-Stufe2-300x92.jpg\" class=\"attachment-medium size-medium wp-post-image\" alt=\"\" srcset=\"https:\/\/heimatverein-nieder-roden.de\/wp-content\/uploads\/2023\/04\/2023-02-22_AKHNR_Jahresausflug-LGS-2023-05-14_Web_Slider-Bild_1300x400px_abgesagt_JPG-niedrig-Stufe2-300x92.jpg 300w, https:\/\/heimatverein-nieder-roden.de\/wp-content\/uploads\/2023\/04\/2023-02-22_AKHNR_Jahresausflug-LGS-2023-05-14_Web_Slider-Bild_1300x400px_abgesagt_JPG-niedrig-Stufe2-1024x315.jpg 1024w, https:\/\/heimatverein-nieder-roden.de\/wp-content\/uploads\/2023\/04\/2023-02-22_AKHNR_Jahresausflug-LGS-2023-05-14_Web_Slider-Bild_1300x400px_abgesagt_JPG-niedrig-Stufe2-768x236.jpg 768w, https:\/\/heimatverein-nieder-roden.de\/wp-content\/uploads\/2023\/04\/2023-02-22_AKHNR_Jahresausflug-LGS-2023-05-14_Web_Slider-Bild_1300x400px_abgesagt_JPG-niedrig-Stufe2-836x257.jpg 836w, https:\/\/heimatverein-nieder-roden.de\/wp-content\/uploads\/2023\/04\/2023-02-22_AKHNR_Jahresausflug-LGS-2023-05-14_Web_Slider-Bild_1300x400px_abgesagt_JPG-niedrig-Stufe2-560x172.jpg 560w, https:\/\/heimatverein-nieder-roden.de\/wp-content\/uploads\/2023\/04\/2023-02-22_AKHNR_Jahresausflug-LGS-2023-05-14_Web_Slider-Bild_1300x400px_abgesagt_JPG-niedrig-Stufe2.jpg 1300w\" sizes=\"(max-width: 300px) 100vw, 300px\" \/><\/a> <a class=\"title\" href=\"https:\/\/heimatverein-nieder-roden.de\/?p=5139\">Jahresausflug 2023 &#8211; abgesagt<\/a> <span class=\"excerpt-dash\">-<\/span> <span class=\"excerpt\">Leider haben sich nicht gen\u00fcgend MitfahrerInnen angemeldet.<\/span><\/div><div class=\"listing-item\"><a class=\"image\" href=\"https:\/\/heimatverein-nieder-roden.de\/?p=5110\"><img decoding=\"async\" width=\"300\" height=\"55\" src=\"https:\/\/heimatverein-nieder-roden.de\/wp-content\/uploads\/2019\/06\/Rodgau-Zeitung_Titel_Symbolbild-300x55.png\" class=\"attachment-medium size-medium wp-post-image\" alt=\"\" srcset=\"https:\/\/heimatverein-nieder-roden.de\/wp-content\/uploads\/2019\/06\/Rodgau-Zeitung_Titel_Symbolbild-300x55.png 300w, https:\/\/heimatverein-nieder-roden.de\/wp-content\/uploads\/2019\/06\/Rodgau-Zeitung_Titel_Symbolbild-768x142.png 768w, https:\/\/heimatverein-nieder-roden.de\/wp-content\/uploads\/2019\/06\/Rodgau-Zeitung_Titel_Symbolbild-1024x189.png 1024w\" sizes=\"(max-width: 300px) 100vw, 300px\" \/><\/a> <a class=\"title\" href=\"https:\/\/heimatverein-nieder-roden.de\/?p=5110\">&#8222;Musikverein und Heimatverein gemeinsam auf der Landesgartenschau&#8220;<\/a> <span class=\"excerpt-dash\">-<\/span> <span class=\"excerpt\">Artikel in der Rodgau-Zeitung vom 10.03.2023.\nWir bedanken uns herzlich f\u00fcr die Berichterstattung der Presse!<\/span><\/div><div class=\"listing-item\"><a class=\"image\" href=\"https:\/\/heimatverein-nieder-roden.de\/?p=5029\"><img decoding=\"async\" width=\"300\" height=\"92\" src=\"https:\/\/heimatverein-nieder-roden.de\/wp-content\/uploads\/2023\/02\/2023-02-22_AKHNR_Jahresausflug-LGS-2023-05-14_Web_Slider-Bild_1300x400px_JPG-mittel-300x92.jpg\" class=\"attachment-medium size-medium wp-post-image\" alt=\"\" srcset=\"https:\/\/heimatverein-nieder-roden.de\/wp-content\/uploads\/2023\/02\/2023-02-22_AKHNR_Jahresausflug-LGS-2023-05-14_Web_Slider-Bild_1300x400px_JPG-mittel-300x92.jpg 300w, https:\/\/heimatverein-nieder-roden.de\/wp-content\/uploads\/2023\/02\/2023-02-22_AKHNR_Jahresausflug-LGS-2023-05-14_Web_Slider-Bild_1300x400px_JPG-mittel-1024x315.jpg 1024w, https:\/\/heimatverein-nieder-roden.de\/wp-content\/uploads\/2023\/02\/2023-02-22_AKHNR_Jahresausflug-LGS-2023-05-14_Web_Slider-Bild_1300x400px_JPG-mittel-768x236.jpg 768w, https:\/\/heimatverein-nieder-roden.de\/wp-content\/uploads\/2023\/02\/2023-02-22_AKHNR_Jahresausflug-LGS-2023-05-14_Web_Slider-Bild_1300x400px_JPG-mittel.jpg 1300w, https:\/\/heimatverein-nieder-roden.de\/wp-content\/uploads\/2023\/02\/2023-02-22_AKHNR_Jahresausflug-LGS-2023-05-14_Web_Slider-Bild_1300x400px_JPG-mittel-836x257.jpg 836w, https:\/\/heimatverein-nieder-roden.de\/wp-content\/uploads\/2023\/02\/2023-02-22_AKHNR_Jahresausflug-LGS-2023-05-14_Web_Slider-Bild_1300x400px_JPG-mittel-560x172.jpg 560w\" sizes=\"(max-width: 300px) 100vw, 300px\" \/><\/a> <a class=\"title\" href=\"https:\/\/heimatverein-nieder-roden.de\/?p=5029\">Jahresausflug 2023 &#8211; Vorl\u00e4ufiger Plan<\/a> <span class=\"excerpt-dash\">-<\/span> <span class=\"excerpt\">Der vorl\u00e4ufige Plan zum Jahresausflug steht - Ziel: Landesgartenschau Fulda 2023 - Jetzt melden!<\/span><\/div><div class=\"listing-item\"><a class=\"image\" href=\"https:\/\/heimatverein-nieder-roden.de\/?p=2125\"><img decoding=\"async\" width=\"300\" height=\"225\" src=\"https:\/\/heimatverein-nieder-roden.de\/wp-content\/uploads\/2019\/05\/AKHNR_Jahresauftakt2019_1-300x225.jpg\" class=\"attachment-medium size-medium wp-post-image\" alt=\"\" srcset=\"https:\/\/heimatverein-nieder-roden.de\/wp-content\/uploads\/2019\/05\/AKHNR_Jahresauftakt2019_1-300x225.jpg 300w, https:\/\/heimatverein-nieder-roden.de\/wp-content\/uploads\/2019\/05\/AKHNR_Jahresauftakt2019_1-768x576.jpg 768w, https:\/\/heimatverein-nieder-roden.de\/wp-content\/uploads\/2019\/05\/AKHNR_Jahresauftakt2019_1-1024x768.jpg 1024w, https:\/\/heimatverein-nieder-roden.de\/wp-content\/uploads\/2019\/05\/AKHNR_Jahresauftakt2019_1.jpg 1440w\" sizes=\"(max-width: 300px) 100vw, 300px\" \/><\/a> <a class=\"title\" href=\"https:\/\/heimatverein-nieder-roden.de\/?p=2125\">Jahresauftakt 2020 &#8211; Ausflug nach Urberach &#8211; Jetzt anmelden!<\/a> <span class=\"excerpt-dash\">-<\/span> <span class=\"excerpt\">Wir lernen einen weiteren Ort in unserer N\u00e4he kennen: Urberach.\nJetzt anmelden! Hier gibt es die Infos...<\/span><\/div><div class=\"listing-item\"><a class=\"image\" href=\"https:\/\/heimatverein-nieder-roden.de\/?p=1689\"><img decoding=\"async\" width=\"300\" height=\"96\" src=\"https:\/\/heimatverein-nieder-roden.de\/wp-content\/uploads\/2019\/06\/Rodgau-Post_Titel_Symbolbild-300x96.jpg\" class=\"attachment-medium size-medium wp-post-image\" alt=\"\" srcset=\"https:\/\/heimatverein-nieder-roden.de\/wp-content\/uploads\/2019\/06\/Rodgau-Post_Titel_Symbolbild-300x96.jpg 300w, https:\/\/heimatverein-nieder-roden.de\/wp-content\/uploads\/2019\/06\/Rodgau-Post_Titel_Symbolbild-768x246.jpg 768w, https:\/\/heimatverein-nieder-roden.de\/wp-content\/uploads\/2019\/06\/Rodgau-Post_Titel_Symbolbild-1024x328.jpg 1024w\" sizes=\"(max-width: 300px) 100vw, 300px\" \/><\/a> <a class=\"title\" href=\"https:\/\/heimatverein-nieder-roden.de\/?p=1689\">&#8222;Der Jahresausflug des Arbeitskreises Heimatkunde Nieder-Roden&#8230;&#8220;<\/a> <span class=\"excerpt-dash\">-<\/span> <span class=\"excerpt\">Artikel in der Rodgau-Post vom 17.10.2019 Wir bedanken uns herzlich f\u00fcr die Berichterstattung der Presse! Mit freundlicher Genehmigung der Rodgau-Post! Hier geht&#8217;s zum E-Paper der Rodgau-Post.<\/span><\/div><div class=\"listing-item\"><a class=\"image\" href=\"https:\/\/heimatverein-nieder-roden.de\/?p=1598\"><img decoding=\"async\" width=\"300\" height=\"225\" src=\"https:\/\/heimatverein-nieder-roden.de\/wp-content\/uploads\/2019\/10\/2019-09-30_AKHNR_Jahresausflug2019_Fotos_HegerW_IMG_20190929_175940-300x225.jpg\" class=\"attachment-medium size-medium wp-post-image\" alt=\"\" srcset=\"https:\/\/heimatverein-nieder-roden.de\/wp-content\/uploads\/2019\/10\/2019-09-30_AKHNR_Jahresausflug2019_Fotos_HegerW_IMG_20190929_175940-300x225.jpg 300w, https:\/\/heimatverein-nieder-roden.de\/wp-content\/uploads\/2019\/10\/2019-09-30_AKHNR_Jahresausflug2019_Fotos_HegerW_IMG_20190929_175940-768x576.jpg 768w, https:\/\/heimatverein-nieder-roden.de\/wp-content\/uploads\/2019\/10\/2019-09-30_AKHNR_Jahresausflug2019_Fotos_HegerW_IMG_20190929_175940-1024x768.jpg 1024w, https:\/\/heimatverein-nieder-roden.de\/wp-content\/uploads\/2019\/10\/2019-09-30_AKHNR_Jahresausflug2019_Fotos_HegerW_IMG_20190929_175940-560x420.jpg 560w\" sizes=\"(max-width: 300px) 100vw, 300px\" \/><\/a> <a class=\"title\" href=\"https:\/\/heimatverein-nieder-roden.de\/?p=1598\">Das historische Frankfurt &#8211; das war der Jahresausflug 2019<\/a> <span class=\"excerpt-dash\">-<\/span> <span class=\"excerpt\">Die 25 Teilnehmer des Ausflugs erlebten einen tollen Tag und einen interessanten Einblick in die Geschichte der Stadt Frankfurt.<\/span><\/div><div class=\"listing-item\"><a class=\"image\" href=\"https:\/\/heimatverein-nieder-roden.de\/?p=1357\"><img decoding=\"async\" width=\"300\" height=\"182\" src=\"https:\/\/heimatverein-nieder-roden.de\/wp-content\/uploads\/2019\/06\/ask-blackboard-356079-300x182.jpg\" class=\"attachment-medium size-medium wp-post-image\" alt=\"\" srcset=\"https:\/\/heimatverein-nieder-roden.de\/wp-content\/uploads\/2019\/06\/ask-blackboard-356079-300x182.jpg 300w, https:\/\/heimatverein-nieder-roden.de\/wp-content\/uploads\/2019\/06\/ask-blackboard-356079-768x465.jpg 768w, https:\/\/heimatverein-nieder-roden.de\/wp-content\/uploads\/2019\/06\/ask-blackboard-356079-1024x620.jpg 1024w\" sizes=\"(max-width: 300px) 100vw, 300px\" \/><\/a> <a class=\"title\" href=\"https:\/\/heimatverein-nieder-roden.de\/?p=1357\">Jahresausflug 2020<\/a> <span class=\"excerpt-dash\">-<\/span> <span class=\"excerpt\">Haben Sie einen Wunsch wo der n\u00e4chste Ausflug hingehen soll? Schreiben Sie uns. Wir freuen uns \u00fcber Ihre Vorschl\u00e4ge! E-Mail: info@heimatverein-nieder-roden.de<\/span><\/div><div class=\"listing-item\"><a class=\"image\" href=\"https:\/\/heimatverein-nieder-roden.de\/?p=1333\"><img decoding=\"async\" width=\"300\" height=\"200\" src=\"https:\/\/heimatverein-nieder-roden.de\/wp-content\/uploads\/2019\/06\/architecture-blue-sky-city-1124460-300x200.jpg\" class=\"attachment-medium size-medium wp-post-image\" alt=\"\" srcset=\"https:\/\/heimatverein-nieder-roden.de\/wp-content\/uploads\/2019\/06\/architecture-blue-sky-city-1124460-300x200.jpg 300w, https:\/\/heimatverein-nieder-roden.de\/wp-content\/uploads\/2019\/06\/architecture-blue-sky-city-1124460-768x512.jpg 768w, https:\/\/heimatverein-nieder-roden.de\/wp-content\/uploads\/2019\/06\/architecture-blue-sky-city-1124460-1024x683.jpg 1024w\" sizes=\"(max-width: 300px) 100vw, 300px\" \/><\/a> <a class=\"title\" href=\"https:\/\/heimatverein-nieder-roden.de\/?p=1333\">Jahresausflug 2019 &#8211; Der Plan<\/a> <span class=\"excerpt-dash\">-<\/span> <span class=\"excerpt\">Das ist der Plan zum Jahresausflug 2019 nach Frankfurt am Main.<\/span><\/div><\/div>\n","protected":false},"excerpt":{"rendered":"<p>Nach M\u00f6glichkeit f\u00fchrt der AKHNR in jedem Jahr einen Jahresausflug durch. Dabei steuern wir einen Interessanten Ort in unserer Umgebung an, lernen etwas und verbringen einen angenehmen Tag unter Freunden. Wir lassen den Tag mit einem gemeinsamen Abendessen ausklingen oder kehren unterwegs ein, sodass auch die Verpflegung nicht zu kurz kommt. Meldungen zum Thema<\/p><p><a class=\"more-link btn\" href=\"https:\/\/heimatverein-nieder-roden.de\/?p=1333\">Weiterlesen<\/a><\/p>\n","protected":false},"author":1,"featured_media":1337,"parent":381,"menu_order":5,"comment_status":"closed","ping_status":"closed","template":"","meta":{"_coblocks_attr":"","_coblocks_dimensions":"","_coblocks_responsive_height":"","_coblocks_accordion_ie_support":"","footnotes":""},"class_list":["post-480","page","type-page","status-publish","has-post-thumbnail","hentry","nodate"],"publishpress_future_action":{"enabled":false,"date":"2026-05-06 21:34:18","action":"change-status","newStatus":"draft","terms":[],"taxonomy":"","extraData":[]},"publishpress_future_workflow_manual_trigger":{"enabledWorkflows":[]},"_links":{"self":[{"href":"https:\/\/heimatverein-nieder-roden.de\/index.php?rest_route=\/wp\/v2\/pages\/480","targetHints":{"allow":["GET"]}}],"collection":[{"href":"https:\/\/heimatverein-nieder-roden.de\/index.php?rest_route=\/wp\/v2\/pages"}],"about":[{"href":"https:\/\/heimatverein-nieder-roden.de\/index.php?rest_route=\/wp\/v2\/types\/page"}],"author":[{"embeddable":true,"href":"https:\/\/heimatverein-nieder-roden.de\/index.php?rest_route=\/wp\/v2\/users\/1"}],"replies":[{"embeddable":true,"href":"https:\/\/heimatverein-nieder-roden.de\/index.php?rest_route=%2Fwp%2Fv2%2Fcomments&post=480"}],"version-history":[{"count":26,"href":"https:\/\/heimatverein-nieder-roden.de\/index.php?rest_route=\/wp\/v2\/pages\/480\/revisions"}],"predecessor-version":[{"id":6584,"href":"https:\/\/heimatverein-nieder-roden.de\/index.php?rest_route=\/wp\/v2\/pages\/480\/revisions\/6584"}],"up":[{"embeddable":true,"href":"https:\/\/heimatverein-nieder-roden.de\/index.php?rest_route=\/wp\/v2\/pages\/381"}],"wp:featuredmedia":[{"embeddable":true,"href":"https:\/\/heimatverein-nieder-roden.de\/index.php?rest_route=\/wp\/v2\/media\/1337"}],"wp:attachment":[{"href":"https:\/\/heimatverein-nieder-roden.de\/index.php?rest_route=%2Fwp%2Fv2%2Fmedia&parent=480"}],"curies":[{"name":"wp","href":"https:\/\/api.w.org\/{rel}","templated":true}]}}