{"id":478,"date":"2019-02-12T23:44:25","date_gmt":"2019-02-12T22:44:25","guid":{"rendered":"http:\/\/heimatverein-nieder-roden.de\/?page_id=478"},"modified":"2024-12-01T22:54:24","modified_gmt":"2024-12-01T21:54:24","slug":"teilnahme-am-nieder-roeder-adventsmarkt","status":"publish","type":"page","link":"https:\/\/heimatverein-nieder-roden.de\/?page_id=478","title":{"rendered":"Teilnahme am Nieder-R\u00f6der Adventsmarkt"},"content":{"rendered":"\n\n\n<p>Der Nieder-R\u00f6der Adventsmarkt am 2. Adventswochende ist ein fester Termin im Jahreskalender des AKHNR.<\/p>\n\n\n\n<p>W\u00e4hrend wir bis vor einigen Jahren sogar selbst Ausrichter des Marktes waren, wird er heute organisiert von der Katholischen Pfarrgemeinde St. Matthias. <\/p>\n\n\n\n<p>Wir haben eine eigene Seite zum Adventsmarkt erstellt. Dort finden Sie alle Informationen, die uns zur Verf\u00fcgung stehen:<\/p>\n\n\n\n<div class=\"wp-block-buttons is-content-justification-center is-layout-flex wp-container-core-buttons-is-layout-16018d1d wp-block-buttons-is-layout-flex\">\n<div class=\"wp-block-button is-style-circular\"><a class=\"wp-block-button__link wp-element-button\" href=\"https:\/\/heimatverein-nieder-roden.de\/?page_id=7761\">Alle Infos zum Adventsmarkt<\/a><\/div>\n<\/div>\n\n\n\n<h3 class=\"wp-block-heading\">Unser Stand auf dem Adventsmarkt<\/h3>\n\n\n\n<p>Der Stand des AKHNR hat seinen festen Platz an der Giebelseite des Heimatmuseums am Kirchplatz.<\/p>\n\n\n<div class=\"wp-block-image\">\n<figure class=\"aligncenter size-large is-resized\"><a href=\"https:\/\/heimatverein-nieder-roden.de\/wp-content\/uploads\/2020\/01\/2019-12-07_16-33-22_AKHNR_Adventsmarkt-2019_IMG_4079_Web-scaled.jpg\"><img decoding=\"async\" width=\"1024\" height=\"1024\" src=\"https:\/\/heimatverein-nieder-roden.de\/wp-content\/uploads\/2020\/01\/2019-12-07_16-33-22_AKHNR_Adventsmarkt-2019_IMG_4079_Web-1024x1024.jpg\" alt=\"\" class=\"wp-image-2142\" style=\"width:572px;height:auto\" srcset=\"https:\/\/heimatverein-nieder-roden.de\/wp-content\/uploads\/2020\/01\/2019-12-07_16-33-22_AKHNR_Adventsmarkt-2019_IMG_4079_Web-1024x1024.jpg 1024w, https:\/\/heimatverein-nieder-roden.de\/wp-content\/uploads\/2020\/01\/2019-12-07_16-33-22_AKHNR_Adventsmarkt-2019_IMG_4079_Web-300x300.jpg 300w, https:\/\/heimatverein-nieder-roden.de\/wp-content\/uploads\/2020\/01\/2019-12-07_16-33-22_AKHNR_Adventsmarkt-2019_IMG_4079_Web-150x150.jpg 150w, https:\/\/heimatverein-nieder-roden.de\/wp-content\/uploads\/2020\/01\/2019-12-07_16-33-22_AKHNR_Adventsmarkt-2019_IMG_4079_Web-768x768.jpg 768w, https:\/\/heimatverein-nieder-roden.de\/wp-content\/uploads\/2020\/01\/2019-12-07_16-33-22_AKHNR_Adventsmarkt-2019_IMG_4079_Web-1536x1536.jpg 1536w, https:\/\/heimatverein-nieder-roden.de\/wp-content\/uploads\/2020\/01\/2019-12-07_16-33-22_AKHNR_Adventsmarkt-2019_IMG_4079_Web-2048x2048.jpg 2048w, https:\/\/heimatverein-nieder-roden.de\/wp-content\/uploads\/2020\/01\/2019-12-07_16-33-22_AKHNR_Adventsmarkt-2019_IMG_4079_Web-560x560.jpg 560w\" sizes=\"(max-width: 1024px) 100vw, 1024px\" \/><\/a><figcaption class=\"wp-element-caption\">Der Stand des AKHNR auf dem Nieder-R\u00f6der Adventsmarkt.<br>\u00a9AKHNR (Archivaufnahme aus 2019)<\/figcaption><\/figure>\n<\/div>\n\n\n<p>Wir sind ber\u00fchmt f\u00fcr unseren Wildgulasch mit Kl\u00f6\u00dfen der einen einzigartigen Genuss verspricht! Au\u00dferdem gibt es nach M\u00f6glichkeit hei\u00dfe Wildknacker, Schmalzbrote und eine Auswahl an Geschenkideen und Dekoartikeln, die von den Mitgliedern selbst gefertigt sind. <\/p>\n\n\n\n<p>Gro\u00dfen Anklang finden auch unsere Geschenkpakete bestehend aus B\u00fcchern der Nieder-R\u00f6der Heimatbibliothek. Nur beim Adventsmarkt gibt es sie zu Sonderpreisen in sch\u00f6ner (Geschenk-)Verpackung.<\/p>\n\n\n\n<p>Was es in diesem Jahr genau gibt finden Sie mit einem Klick auf dem folgenden Button:<\/p>\n\n\n\n<div class=\"wp-block-buttons is-content-justification-center is-layout-flex wp-container-core-buttons-is-layout-16018d1d wp-block-buttons-is-layout-flex\">\n<div class=\"wp-block-button is-style-circular\"><a class=\"wp-block-button__link wp-element-button\" href=\"https:\/\/heimatverein-nieder-roden.de\/?page_id=7761#akhnr\">Unser Angebot in diesem Jahr<\/a><\/div>\n<\/div>\n\n\n\n<p>Besuchen Sie uns. Wir freuen uns auf Sie!<\/p>\n\n\n\n<hr class=\"wp-block-separator has-css-opacity\"\/>\n\n\nSeite 0 mal aufgerufen in den letzten 365 Tagen.\n\n\n\n<h3 class=\"wp-block-heading\" id=\"meldungen-zum-thema\">Meldungen zum Thema<\/h3>\n\n\n<div class=\"display-posts-listing grid\"><div class=\"listing-item\"><a class=\"image\" href=\"https:\/\/heimatverein-nieder-roden.de\/?p=8477\"><img decoding=\"async\" width=\"300\" height=\"226\" src=\"https:\/\/heimatverein-nieder-roden.de\/wp-content\/uploads\/2025\/12\/2025-12-06_18-48-11_AKHNR_Adventsmarkt2025_PXL_20251206_174811849_WZ-300x226.jpg\" class=\"attachment-medium size-medium wp-post-image\" alt=\"\" srcset=\"https:\/\/heimatverein-nieder-roden.de\/wp-content\/uploads\/2025\/12\/2025-12-06_18-48-11_AKHNR_Adventsmarkt2025_PXL_20251206_174811849_WZ-300x226.jpg 300w, https:\/\/heimatverein-nieder-roden.de\/wp-content\/uploads\/2025\/12\/2025-12-06_18-48-11_AKHNR_Adventsmarkt2025_PXL_20251206_174811849_WZ-1024x770.jpg 1024w, https:\/\/heimatverein-nieder-roden.de\/wp-content\/uploads\/2025\/12\/2025-12-06_18-48-11_AKHNR_Adventsmarkt2025_PXL_20251206_174811849_WZ-768x578.jpg 768w, https:\/\/heimatverein-nieder-roden.de\/wp-content\/uploads\/2025\/12\/2025-12-06_18-48-11_AKHNR_Adventsmarkt2025_PXL_20251206_174811849_WZ-836x629.jpg 836w, https:\/\/heimatverein-nieder-roden.de\/wp-content\/uploads\/2025\/12\/2025-12-06_18-48-11_AKHNR_Adventsmarkt2025_PXL_20251206_174811849_WZ-560x421.jpg 560w, https:\/\/heimatverein-nieder-roden.de\/wp-content\/uploads\/2025\/12\/2025-12-06_18-48-11_AKHNR_Adventsmarkt2025_PXL_20251206_174811849_WZ.jpg 1280w\" sizes=\"(max-width: 300px) 100vw, 300px\" \/><\/a> <a class=\"title\" href=\"https:\/\/heimatverein-nieder-roden.de\/?p=8477\">Adventsmarkt 2025 &#8211; Impressionen<\/a> <span class=\"excerpt-dash\">-<\/span> <span class=\"excerpt\">Hier ein paar Impressionen des Nirrer\u00e4irer Adventsmarktes 2025:<\/span><\/div><div class=\"listing-item\"><a class=\"image\" href=\"https:\/\/heimatverein-nieder-roden.de\/?p=8442\"><img decoding=\"async\" width=\"300\" height=\"200\" src=\"https:\/\/heimatverein-nieder-roden.de\/wp-content\/uploads\/2019\/12\/2015-12-07_04-47-09_NRAdventsmarkt-2015_Petrat_4U5B4469-300x200.jpg\" class=\"attachment-medium size-medium wp-post-image\" alt=\"\" srcset=\"https:\/\/heimatverein-nieder-roden.de\/wp-content\/uploads\/2019\/12\/2015-12-07_04-47-09_NRAdventsmarkt-2015_Petrat_4U5B4469-300x200.jpg 300w, https:\/\/heimatverein-nieder-roden.de\/wp-content\/uploads\/2019\/12\/2015-12-07_04-47-09_NRAdventsmarkt-2015_Petrat_4U5B4469-1024x683.jpg 1024w, https:\/\/heimatverein-nieder-roden.de\/wp-content\/uploads\/2019\/12\/2015-12-07_04-47-09_NRAdventsmarkt-2015_Petrat_4U5B4469-768x512.jpg 768w, https:\/\/heimatverein-nieder-roden.de\/wp-content\/uploads\/2019\/12\/2015-12-07_04-47-09_NRAdventsmarkt-2015_Petrat_4U5B4469-1536x1024.jpg 1536w, https:\/\/heimatverein-nieder-roden.de\/wp-content\/uploads\/2019\/12\/2015-12-07_04-47-09_NRAdventsmarkt-2015_Petrat_4U5B4469-560x373.jpg 560w, https:\/\/heimatverein-nieder-roden.de\/wp-content\/uploads\/2019\/12\/2015-12-07_04-47-09_NRAdventsmarkt-2015_Petrat_4U5B4469.jpg 1620w\" sizes=\"(max-width: 300px) 100vw, 300px\" \/><\/a> <a class=\"title\" href=\"https:\/\/heimatverein-nieder-roden.de\/?p=8442\">Adventsmarkt 2025 &#8211; Handwerksmarkt im Pfarrheim<\/a> <span class=\"excerpt-dash\">-<\/span> <span class=\"excerpt\">Mit 36 Ausstellern hat sich der Markt im Vergleich zum Vorjahr fast verdoppelt. Der gro\u00dfe Zuwachs ist ma\u00dfgeblich auf den neuen Handwerksmarkt im Saal des Pfarrheims zur\u00fcckzuf\u00fchren. <\/span><\/div><div class=\"listing-item\"><a class=\"image\" href=\"https:\/\/heimatverein-nieder-roden.de\/?p=8449\"><img decoding=\"async\" width=\"300\" height=\"212\" src=\"https:\/\/heimatverein-nieder-roden.de\/wp-content\/uploads\/2025\/12\/NRAdventsmarkt2025-Lageplan_v1.0_Uebersicht-300x212.png\" class=\"attachment-medium size-medium wp-post-image\" alt=\"\" srcset=\"https:\/\/heimatverein-nieder-roden.de\/wp-content\/uploads\/2025\/12\/NRAdventsmarkt2025-Lageplan_v1.0_Uebersicht-300x212.png 300w, https:\/\/heimatverein-nieder-roden.de\/wp-content\/uploads\/2025\/12\/NRAdventsmarkt2025-Lageplan_v1.0_Uebersicht-1024x725.png 1024w, https:\/\/heimatverein-nieder-roden.de\/wp-content\/uploads\/2025\/12\/NRAdventsmarkt2025-Lageplan_v1.0_Uebersicht-768x543.png 768w, https:\/\/heimatverein-nieder-roden.de\/wp-content\/uploads\/2025\/12\/NRAdventsmarkt2025-Lageplan_v1.0_Uebersicht-1536x1087.png 1536w, https:\/\/heimatverein-nieder-roden.de\/wp-content\/uploads\/2025\/12\/NRAdventsmarkt2025-Lageplan_v1.0_Uebersicht-836x592.png 836w, https:\/\/heimatverein-nieder-roden.de\/wp-content\/uploads\/2025\/12\/NRAdventsmarkt2025-Lageplan_v1.0_Uebersicht-560x396.png 560w, https:\/\/heimatverein-nieder-roden.de\/wp-content\/uploads\/2025\/12\/NRAdventsmarkt2025-Lageplan_v1.0_Uebersicht.png 1587w\" sizes=\"(max-width: 300px) 100vw, 300px\" \/><\/a> <a class=\"title\" href=\"https:\/\/heimatverein-nieder-roden.de\/?p=8449\">Adventsmarkt 2025 &#8211; Lageplan<\/a> <span class=\"excerpt-dash\">-<\/span> <span class=\"excerpt\">Der Lageplan zeigt alle St\u00e4nde und Buden, sowohl drinnen im Pfarrheim, als auch drau\u00dfen im Vorgarten, auf Schulstra\u00dfe, Turmstra\u00dfe und Kirchplatz.<\/span><\/div><div class=\"listing-item\"><a class=\"image\" href=\"https:\/\/heimatverein-nieder-roden.de\/?p=8412\"><img decoding=\"async\" width=\"300\" height=\"200\" src=\"https:\/\/heimatverein-nieder-roden.de\/wp-content\/uploads\/2019\/12\/2015-12-06_14-24-29_NRAdventsmarkt-2015_Petrat_IMG_8304-300x200.jpg\" class=\"attachment-medium size-medium wp-post-image\" alt=\"\" srcset=\"https:\/\/heimatverein-nieder-roden.de\/wp-content\/uploads\/2019\/12\/2015-12-06_14-24-29_NRAdventsmarkt-2015_Petrat_IMG_8304-300x200.jpg 300w, https:\/\/heimatverein-nieder-roden.de\/wp-content\/uploads\/2019\/12\/2015-12-06_14-24-29_NRAdventsmarkt-2015_Petrat_IMG_8304-1024x683.jpg 1024w, https:\/\/heimatverein-nieder-roden.de\/wp-content\/uploads\/2019\/12\/2015-12-06_14-24-29_NRAdventsmarkt-2015_Petrat_IMG_8304-768x512.jpg 768w, https:\/\/heimatverein-nieder-roden.de\/wp-content\/uploads\/2019\/12\/2015-12-06_14-24-29_NRAdventsmarkt-2015_Petrat_IMG_8304-1536x1024.jpg 1536w, https:\/\/heimatverein-nieder-roden.de\/wp-content\/uploads\/2019\/12\/2015-12-06_14-24-29_NRAdventsmarkt-2015_Petrat_IMG_8304-560x373.jpg 560w, https:\/\/heimatverein-nieder-roden.de\/wp-content\/uploads\/2019\/12\/2015-12-06_14-24-29_NRAdventsmarkt-2015_Petrat_IMG_8304.jpg 1620w\" sizes=\"(max-width: 300px) 100vw, 300px\" \/><\/a> <a class=\"title\" href=\"https:\/\/heimatverein-nieder-roden.de\/?p=8412\">Adventsmarkt 2025 &#8211; Begleitprogramm<\/a> <span class=\"excerpt-dash\">-<\/span> <span class=\"excerpt\">Den Markt begleiten auch in diesem Jahr ein paar Programmpunkte. Und nat\u00fcrlich gilt: mit Live-Musik wird&#8217;s noch sch\u00f6ner&#8230; Korrektur 10.12.2025:&#8211; der Musikalische Beitrag am Samstag wurde \u00fcbernommen vom Orchester ZweiKlang aus Dudenhofen (TSV)\/J\u00fcgesheim (SKG)&#8211; der Musikalische Beitrag am Samstag wurde \u00fcbernommen vom Orchester &#8222;Klangfarben&#8220; des Musikvereins Nieder-Roden Update 06.12.2025, 08:55 Uhr: &#8211; Spenden\u00fcbergabe Kerbverein entf\u00e4llt &hellip; <\/p><p><a class=\"more-link btn\" href=\"https:\/\/heimatverein-nieder-roden.de\/?p=8412\">Weiterlesen<\/a><\/span><\/div><div class=\"listing-item\"><a class=\"image\" href=\"https:\/\/heimatverein-nieder-roden.de\/?p=8355\"><img decoding=\"async\" width=\"200\" height=\"300\" src=\"https:\/\/heimatverein-nieder-roden.de\/wp-content\/uploads\/2019\/12\/2015-12-07_04-46-40_NRAdventsmarkt-2015_Petrat_4U5B4433-200x300.jpg\" class=\"attachment-medium size-medium wp-post-image\" alt=\"\" srcset=\"https:\/\/heimatverein-nieder-roden.de\/wp-content\/uploads\/2019\/12\/2015-12-07_04-46-40_NRAdventsmarkt-2015_Petrat_4U5B4433-200x300.jpg 200w, https:\/\/heimatverein-nieder-roden.de\/wp-content\/uploads\/2019\/12\/2015-12-07_04-46-40_NRAdventsmarkt-2015_Petrat_4U5B4433-683x1024.jpg 683w, https:\/\/heimatverein-nieder-roden.de\/wp-content\/uploads\/2019\/12\/2015-12-07_04-46-40_NRAdventsmarkt-2015_Petrat_4U5B4433-560x840.jpg 560w, https:\/\/heimatverein-nieder-roden.de\/wp-content\/uploads\/2019\/12\/2015-12-07_04-46-40_NRAdventsmarkt-2015_Petrat_4U5B4433.jpg 720w\" sizes=\"(max-width: 200px) 100vw, 200px\" \/><\/a> <a class=\"title\" href=\"https:\/\/heimatverein-nieder-roden.de\/?p=8355\">Adventsmarkt 2025 &#8211; Am 6.\/7. Dezember an der St. Matthias Kirche<\/a> <span class=\"excerpt-dash\">-<\/span> <span class=\"excerpt\">Der Nieder-R\u00f6der Adventsmarkt am 2. Adventswochenende ist ein fester Termin im Jahreskalender des AKHNR. Er wird organisiert und getragen von der Pfarrgemeinde St. Matthias Nieder-Roden.Ein gro\u00dfer Dank geht an die tragenden und helfenden H\u00e4nde! Mit 36 Ausstellern hat sich der Markt im Vergleich zum Vorjahr fast verdoppelt. Der gro\u00dfe Zuwachs ist ma\u00dfgeblich auf den neuen &hellip; <\/p><p><a class=\"more-link btn\" href=\"https:\/\/heimatverein-nieder-roden.de\/?p=8355\">Weiterlesen<\/a><\/span><\/div><div class=\"listing-item\"><a class=\"image\" href=\"https:\/\/heimatverein-nieder-roden.de\/?p=8340\"><img decoding=\"async\" width=\"300\" height=\"200\" src=\"https:\/\/heimatverein-nieder-roden.de\/wp-content\/uploads\/2019\/12\/2015-12-06_14-16-28_NRAdventsmarkt-2015_Petrat_IMG_8403-300x200.jpg\" class=\"attachment-medium size-medium wp-post-image\" alt=\"\" srcset=\"https:\/\/heimatverein-nieder-roden.de\/wp-content\/uploads\/2019\/12\/2015-12-06_14-16-28_NRAdventsmarkt-2015_Petrat_IMG_8403-300x200.jpg 300w, https:\/\/heimatverein-nieder-roden.de\/wp-content\/uploads\/2019\/12\/2015-12-06_14-16-28_NRAdventsmarkt-2015_Petrat_IMG_8403-1024x683.jpg 1024w, https:\/\/heimatverein-nieder-roden.de\/wp-content\/uploads\/2019\/12\/2015-12-06_14-16-28_NRAdventsmarkt-2015_Petrat_IMG_8403-768x512.jpg 768w, https:\/\/heimatverein-nieder-roden.de\/wp-content\/uploads\/2019\/12\/2015-12-06_14-16-28_NRAdventsmarkt-2015_Petrat_IMG_8403-1536x1024.jpg 1536w, https:\/\/heimatverein-nieder-roden.de\/wp-content\/uploads\/2019\/12\/2015-12-06_14-16-28_NRAdventsmarkt-2015_Petrat_IMG_8403-560x373.jpg 560w, https:\/\/heimatverein-nieder-roden.de\/wp-content\/uploads\/2019\/12\/2015-12-06_14-16-28_NRAdventsmarkt-2015_Petrat_IMG_8403.jpg 1620w\" sizes=\"(max-width: 300px) 100vw, 300px\" \/><\/a> <a class=\"title\" href=\"https:\/\/heimatverein-nieder-roden.de\/?p=8340\">Adventsmarkt 2025 &#8211; Vortreffen f\u00fcr die Teilnehmer am 12. November<\/a> <span class=\"excerpt-dash\">-<\/span> <span class=\"excerpt\">Am Mittwoch, den 12. November 2025, findet um 20 Uhr das Vortreffen zum Nirrer\u00e4irer Adventsmarkt 2025 statt. Was? Adventsmarkt 2025 &#8211; Vortreffen Wann? Mittwoch12. November 202520:00 Uhr Wo? SGN-ClubhausGastst\u00e4tte &#8222;Pizza &amp; Bar GUDES&#8220;Hainburgstra\u00dfe 4963110 Rodgau Das Organisations-Komitee der Pfarrgemeinde St. Matthias l\u00e4dt alle herzlich ein, die sich mit einem Stand auf dem Markt beteiligen wollen. &hellip; <\/p><p><a class=\"more-link btn\" href=\"https:\/\/heimatverein-nieder-roden.de\/?p=8340\">Weiterlesen<\/a><\/span><\/div><div class=\"listing-item\"><a class=\"image\" href=\"https:\/\/heimatverein-nieder-roden.de\/?p=7826\"><img decoding=\"async\" width=\"200\" height=\"300\" src=\"https:\/\/heimatverein-nieder-roden.de\/wp-content\/uploads\/2019\/12\/2015-12-07_04-46-40_NRAdventsmarkt-2015_Petrat_4U5B4433-200x300.jpg\" class=\"attachment-medium size-medium wp-post-image\" alt=\"\" srcset=\"https:\/\/heimatverein-nieder-roden.de\/wp-content\/uploads\/2019\/12\/2015-12-07_04-46-40_NRAdventsmarkt-2015_Petrat_4U5B4433-200x300.jpg 200w, https:\/\/heimatverein-nieder-roden.de\/wp-content\/uploads\/2019\/12\/2015-12-07_04-46-40_NRAdventsmarkt-2015_Petrat_4U5B4433-683x1024.jpg 683w, https:\/\/heimatverein-nieder-roden.de\/wp-content\/uploads\/2019\/12\/2015-12-07_04-46-40_NRAdventsmarkt-2015_Petrat_4U5B4433-560x840.jpg 560w, https:\/\/heimatverein-nieder-roden.de\/wp-content\/uploads\/2019\/12\/2015-12-07_04-46-40_NRAdventsmarkt-2015_Petrat_4U5B4433.jpg 720w\" sizes=\"(max-width: 200px) 100vw, 200px\" \/><\/a> <a class=\"title\" href=\"https:\/\/heimatverein-nieder-roden.de\/?p=7826\">Adventsmarkt 2024 &#8211; Am 7.\/8. Dezember an der Kirche<\/a> <span class=\"excerpt-dash\">-<\/span> <span class=\"excerpt\">Der Nieder-R\u00f6der Adventsmarkt am 2. Adventswochenende ist ein fester Termin im Jahreskalender des AKHNR. Er wird organisiert und getragen von der Pfarrgemeinde St. Matthias Nieder-Roden.Ein gro\u00dfer Dank geht an die tragenden und helfenden H\u00e4nde! 20 St\u00e4nde dr\u00e4ngen sich in diesem Jahr auf dem Kirchplatz, in Turm- und Schulstra\u00dfe, um die Sankt Matthias Kirche, das Pfarrheim &hellip; <\/p><p><a class=\"more-link btn\" href=\"https:\/\/heimatverein-nieder-roden.de\/?p=7826\">Weiterlesen<\/a><\/span><\/div><div class=\"listing-item\"><a class=\"image\" href=\"https:\/\/heimatverein-nieder-roden.de\/?p=7824\"><img decoding=\"async\" width=\"246\" height=\"300\" src=\"https:\/\/heimatverein-nieder-roden.de\/wp-content\/uploads\/2023\/12\/2023-12-09_16-21-33_AKHNR_NRAdventsmarkt2023_WST_20231209_162132-246x300.jpg\" class=\"attachment-medium size-medium wp-post-image\" alt=\"\" srcset=\"https:\/\/heimatverein-nieder-roden.de\/wp-content\/uploads\/2023\/12\/2023-12-09_16-21-33_AKHNR_NRAdventsmarkt2023_WST_20231209_162132-246x300.jpg 246w, https:\/\/heimatverein-nieder-roden.de\/wp-content\/uploads\/2023\/12\/2023-12-09_16-21-33_AKHNR_NRAdventsmarkt2023_WST_20231209_162132-838x1024.jpg 838w, https:\/\/heimatverein-nieder-roden.de\/wp-content\/uploads\/2023\/12\/2023-12-09_16-21-33_AKHNR_NRAdventsmarkt2023_WST_20231209_162132-768x938.jpg 768w, https:\/\/heimatverein-nieder-roden.de\/wp-content\/uploads\/2023\/12\/2023-12-09_16-21-33_AKHNR_NRAdventsmarkt2023_WST_20231209_162132-1257x1536.jpg 1257w, https:\/\/heimatverein-nieder-roden.de\/wp-content\/uploads\/2023\/12\/2023-12-09_16-21-33_AKHNR_NRAdventsmarkt2023_WST_20231209_162132-1676x2048.jpg 1676w, https:\/\/heimatverein-nieder-roden.de\/wp-content\/uploads\/2023\/12\/2023-12-09_16-21-33_AKHNR_NRAdventsmarkt2023_WST_20231209_162132-836x1021.jpg 836w, https:\/\/heimatverein-nieder-roden.de\/wp-content\/uploads\/2023\/12\/2023-12-09_16-21-33_AKHNR_NRAdventsmarkt2023_WST_20231209_162132-560x684.jpg 560w\" sizes=\"(max-width: 246px) 100vw, 246px\" \/><\/a> <a class=\"title\" href=\"https:\/\/heimatverein-nieder-roden.de\/?p=7824\">Adventsmarkt 2024 &#8211; Das gibt&#8217;s beim AKHNR<\/a> <span class=\"excerpt-dash\">-<\/span> <span class=\"excerpt\">Der Stand des AKHNR hat seinen festen Platz am Hof des Heimatmuseums zum Kirchplatz hin ausgerichtet. In diesem Jahr gibt wieder unseren bekannten Hirschgulasch aus dem Kessel, beheizt nach traditioneller Art mit Holzfeuer, vorbereitet von unserem Nieder-R\u00f6der Chefkoch Wolfgang Schrod. Au\u00dferdem gibt es hei\u00dfe Fleischwurstknacker und eine Auswahl an Geschenkideen.<\/span><\/div><div class=\"listing-item\"><a class=\"image\" href=\"https:\/\/heimatverein-nieder-roden.de\/?p=7751\"><img decoding=\"async\" width=\"300\" height=\"169\" src=\"https:\/\/heimatverein-nieder-roden.de\/wp-content\/uploads\/2020\/01\/2019-12-07_16-57-13_AKHNR_Adventsmarkt-2019_IMG_4104_Web-300x169.jpg\" class=\"attachment-medium size-medium wp-post-image\" alt=\"\" srcset=\"https:\/\/heimatverein-nieder-roden.de\/wp-content\/uploads\/2020\/01\/2019-12-07_16-57-13_AKHNR_Adventsmarkt-2019_IMG_4104_Web-300x169.jpg 300w, https:\/\/heimatverein-nieder-roden.de\/wp-content\/uploads\/2020\/01\/2019-12-07_16-57-13_AKHNR_Adventsmarkt-2019_IMG_4104_Web-1024x576.jpg 1024w, https:\/\/heimatverein-nieder-roden.de\/wp-content\/uploads\/2020\/01\/2019-12-07_16-57-13_AKHNR_Adventsmarkt-2019_IMG_4104_Web-768x432.jpg 768w, https:\/\/heimatverein-nieder-roden.de\/wp-content\/uploads\/2020\/01\/2019-12-07_16-57-13_AKHNR_Adventsmarkt-2019_IMG_4104_Web-1536x865.jpg 1536w, https:\/\/heimatverein-nieder-roden.de\/wp-content\/uploads\/2020\/01\/2019-12-07_16-57-13_AKHNR_Adventsmarkt-2019_IMG_4104_Web-2048x1153.jpg 2048w, https:\/\/heimatverein-nieder-roden.de\/wp-content\/uploads\/2020\/01\/2019-12-07_16-57-13_AKHNR_Adventsmarkt-2019_IMG_4104_Web-560x315.jpg 560w\" sizes=\"(max-width: 300px) 100vw, 300px\" \/><\/a> <a class=\"title\" href=\"https:\/\/heimatverein-nieder-roden.de\/?p=7751\">Adventsmarkt 2024 &#8211; B\u00fccherflohmarkt der katholischen \u00f6ffentlichen B\u00fccherei<\/a> <span class=\"excerpt-dash\">-<\/span> <span class=\"excerpt\">Die Pfarrgemeinde St. Matthias l\u00e4dt herzlich ein zum B\u00fccherflohmarkt w\u00e4hrend des Adventsmarktes im Foyer des Pfarrheims St. Matthias. Massenhaft B\u00fccher warten auf Leserinnen und Leser. <\/span><\/div><div class=\"listing-item\"><a class=\"image\" href=\"https:\/\/heimatverein-nieder-roden.de\/?p=6373\"><img decoding=\"async\" width=\"300\" height=\"55\" src=\"https:\/\/heimatverein-nieder-roden.de\/wp-content\/uploads\/2019\/06\/Rodgau-Zeitung_Titel_Symbolbild-300x55.png\" class=\"attachment-medium size-medium wp-post-image\" alt=\"\" srcset=\"https:\/\/heimatverein-nieder-roden.de\/wp-content\/uploads\/2019\/06\/Rodgau-Zeitung_Titel_Symbolbild-300x55.png 300w, https:\/\/heimatverein-nieder-roden.de\/wp-content\/uploads\/2019\/06\/Rodgau-Zeitung_Titel_Symbolbild-768x142.png 768w, https:\/\/heimatverein-nieder-roden.de\/wp-content\/uploads\/2019\/06\/Rodgau-Zeitung_Titel_Symbolbild-1024x189.png 1024w\" sizes=\"(max-width: 300px) 100vw, 300px\" \/><\/a> <a class=\"title\" href=\"https:\/\/heimatverein-nieder-roden.de\/?p=6373\">&#8222;Adventsmarkt zieht Besucher trotz Regens an&#8220;<\/a> <span class=\"excerpt-dash\">-<\/span> <span class=\"excerpt\">Artikel in der Rodgau-Zeitung vom 15.12.2023. Wir bedanken uns herzlich f\u00fcr die Berichterstattung der Presse!<\/span><\/div><\/div>\n","protected":false},"excerpt":{"rendered":"<p>Der Nieder-R\u00f6der Adventsmarkt am 2. Adventswochende ist ein fester Termin im Jahreskalender des AKHNR. W\u00e4hrend wir bis vor einigen Jahren sogar selbst Ausrichter des Marktes waren, wird er heute organisiert von der Katholischen Pfarrgemeinde St. Matthias. Wir haben eine eigene Seite zum Adventsmarkt erstellt. Dort finden Sie alle Informationen, die uns zur Verf\u00fcgung stehen: Unser &hellip; <\/p>\n<p><a class=\"more-link btn\" href=\"https:\/\/heimatverein-nieder-roden.de\/?p=6373\">Weiterlesen<\/a><\/p><p><a class=\"more-link btn\" href=\"https:\/\/heimatverein-nieder-roden.de\/?p=6373\">Weiterlesen<\/a><\/p>\n","protected":false},"author":1,"featured_media":2004,"parent":381,"menu_order":7,"comment_status":"closed","ping_status":"closed","template":"","meta":{"_coblocks_attr":"","_coblocks_dimensions":"","_coblocks_responsive_height":"","_coblocks_accordion_ie_support":"","footnotes":""},"class_list":["post-478","page","type-page","status-publish","has-post-thumbnail","hentry","nodate"],"publishpress_future_action":{"enabled":false,"date":"2026-05-08 02:09:15","action":"change-status","newStatus":"draft","terms":[],"taxonomy":"","extraData":[]},"publishpress_future_workflow_manual_trigger":{"enabledWorkflows":[]},"_links":{"self":[{"href":"https:\/\/heimatverein-nieder-roden.de\/index.php?rest_route=\/wp\/v2\/pages\/478","targetHints":{"allow":["GET"]}}],"collection":[{"href":"https:\/\/heimatverein-nieder-roden.de\/index.php?rest_route=\/wp\/v2\/pages"}],"about":[{"href":"https:\/\/heimatverein-nieder-roden.de\/index.php?rest_route=\/wp\/v2\/types\/page"}],"author":[{"embeddable":true,"href":"https:\/\/heimatverein-nieder-roden.de\/index.php?rest_route=\/wp\/v2\/users\/1"}],"replies":[{"embeddable":true,"href":"https:\/\/heimatverein-nieder-roden.de\/index.php?rest_route=%2Fwp%2Fv2%2Fcomments&post=478"}],"version-history":[{"count":22,"href":"https:\/\/heimatverein-nieder-roden.de\/index.php?rest_route=\/wp\/v2\/pages\/478\/revisions"}],"predecessor-version":[{"id":7875,"href":"https:\/\/heimatverein-nieder-roden.de\/index.php?rest_route=\/wp\/v2\/pages\/478\/revisions\/7875"}],"up":[{"embeddable":true,"href":"https:\/\/heimatverein-nieder-roden.de\/index.php?rest_route=\/wp\/v2\/pages\/381"}],"wp:featuredmedia":[{"embeddable":true,"href":"https:\/\/heimatverein-nieder-roden.de\/index.php?rest_route=\/wp\/v2\/media\/2004"}],"wp:attachment":[{"href":"https:\/\/heimatverein-nieder-roden.de\/index.php?rest_route=%2Fwp%2Fv2%2Fmedia&parent=478"}],"curies":[{"name":"wp","href":"https:\/\/api.w.org\/{rel}","templated":true}]}}