{"id":474,"date":"2019-02-12T23:42:49","date_gmt":"2019-02-12T22:42:49","guid":{"rendered":"http:\/\/heimatverein-nieder-roden.de\/?page_id=474"},"modified":"2024-12-05T19:45:14","modified_gmt":"2024-12-05T18:45:14","slug":"fotos-im-historischen-klassenzimmer","status":"publish","type":"page","link":"https:\/\/heimatverein-nieder-roden.de\/?page_id=474","title":{"rendered":"Oischulfoddo"},"content":{"rendered":"\n<p><em>Oischulfoddo = Nieder-R\u00f6der Mundart f\u00fcr &#8222;Einschulfoto&#8220;<\/em><\/p>\n\n\n\n\n<div class=\"wp-block-image\">\n<figure class=\"alignleft is-resized\"><img decoding=\"async\" width=\"768\" height=\"1024\" src=\"http:\/\/heimatverein-nieder-roden.de\/wp-content\/uploads\/2019\/08\/AKHNR_Fotos-im-hist-Klassenzimmer_Symbolbild-e1564949054120-768x1024.jpg\" alt=\"\" class=\"wp-image-1457\" style=\"width:233px;height:310px\" srcset=\"https:\/\/heimatverein-nieder-roden.de\/wp-content\/uploads\/2019\/08\/AKHNR_Fotos-im-hist-Klassenzimmer_Symbolbild-e1564949054120-768x1024.jpg 768w, https:\/\/heimatverein-nieder-roden.de\/wp-content\/uploads\/2019\/08\/AKHNR_Fotos-im-hist-Klassenzimmer_Symbolbild-e1564949054120-225x300.jpg 225w, https:\/\/heimatverein-nieder-roden.de\/wp-content\/uploads\/2019\/08\/AKHNR_Fotos-im-hist-Klassenzimmer_Symbolbild-e1564949054120-560x747.jpg 560w\" sizes=\"(max-width: 768px) 100vw, 768px\" \/><\/figure>\n<\/div>\n\n\n<p>Eine der j\u00fcngeren Aktionen des AKHNR ist die \u00d6ffnung des Heimatmuseums zum Schulanfang.<\/p>\n\n\n\n<p>Dabei bieten wir den interessierten Familien die M\u00f6glichkeit das Heimatmuseum zu besuchen und bei dieser Gelegenheit Fotos im historischen Klassenzimmer zu machen. Eine tolle Erinnerung an den ersten Schultag &#8211; f\u00fcr gro\u00df und klein.<\/p>\n\n\n\n<p>Fr\u00fcher hie\u00df die Aktion \u00fcbrigens noch &#8222;Fotos im historischen Klassenzimmer&#8220; &#8211; aber Oischulfoddo hat einfach mehr Charme und hilft bei der Nirrer\u00e4irer Mundart-Pflege.<br>Eine tolle Idee von unserem Vorstandsmitglied Ilse Eberhardt.<\/p>\n\n\n\n<p>Wir bewerben diese Aktion in den Kinderg\u00e4rten und Schulen und freuen uns \u00fcber den stetig wachsenden Zuspruch.<br><br>Besuchen auch Sie uns!<\/p>\n\n\n\n<div class=\"wp-block-buttons is-content-justification-center is-layout-flex wp-container-core-buttons-is-layout-16018d1d wp-block-buttons-is-layout-flex\">\n<div class=\"wp-block-button\"><a class=\"wp-block-button__link wp-element-button\">Wo ist das Heimatuseum?<\/a><\/div>\n<\/div>\n\n\n\n<p class=\"has-text-align-center is-style-info\"><strong>N\u00e4chster Termin f\u00fcrs Oischulfoddo<br><br>Dienstag<br>19. August 2025<br>11:00 &#8211; 16:00 Uhr<br><br>im <a href=\"https:\/\/heimatverein-nieder-roden.de\/?page_id=352\">Heimatmuseum Nieder-Roden<\/a><br>Schulstra\u00dfe 32<br>63110 Rodgau<\/strong><\/p>\n\n\n\n<hr class=\"wp-block-separator has-css-opacity\"\/>\n\n\nSeite 0 mal aufgerufen in den letzten 365 Tagen.\n\n\n\n<hr class=\"wp-block-separator has-css-opacity is-style-wide\"\/>\n\n\n\n<h3 class=\"wp-block-heading\" id=\"meldungen-zum-thema\">Meldungen zum Thema<\/h3>\n\n\n<div class=\"display-posts-listing grid\"><div class=\"listing-item\"><a class=\"image\" href=\"https:\/\/heimatverein-nieder-roden.de\/?p=8165\"><img decoding=\"async\" width=\"300\" height=\"93\" src=\"https:\/\/heimatverein-nieder-roden.de\/wp-content\/uploads\/2025\/08\/AKHNR_Oischulfoddo-2025_Website-Slider_1300x400-1-300x93.jpg\" class=\"attachment-medium size-medium wp-post-image\" alt=\"\" srcset=\"https:\/\/heimatverein-nieder-roden.de\/wp-content\/uploads\/2025\/08\/AKHNR_Oischulfoddo-2025_Website-Slider_1300x400-1-300x93.jpg 300w, https:\/\/heimatverein-nieder-roden.de\/wp-content\/uploads\/2025\/08\/AKHNR_Oischulfoddo-2025_Website-Slider_1300x400-1-1024x316.jpg 1024w, https:\/\/heimatverein-nieder-roden.de\/wp-content\/uploads\/2025\/08\/AKHNR_Oischulfoddo-2025_Website-Slider_1300x400-1-768x237.jpg 768w, https:\/\/heimatverein-nieder-roden.de\/wp-content\/uploads\/2025\/08\/AKHNR_Oischulfoddo-2025_Website-Slider_1300x400-1-836x258.jpg 836w, https:\/\/heimatverein-nieder-roden.de\/wp-content\/uploads\/2025\/08\/AKHNR_Oischulfoddo-2025_Website-Slider_1300x400-1-560x173.jpg 560w, https:\/\/heimatverein-nieder-roden.de\/wp-content\/uploads\/2025\/08\/AKHNR_Oischulfoddo-2025_Website-Slider_1300x400-1.jpg 1300w\" sizes=\"(max-width: 300px) 100vw, 300px\" \/><\/a> <a class=\"title\" href=\"https:\/\/heimatverein-nieder-roden.de\/?p=8165\">Alle Jahre wieder\u2026 Oischulkinner &#8211; Oischulfoddo<\/a> <span class=\"excerpt-dash\">-<\/span> <span class=\"excerpt\">Der erste Schultag ist ein besonderer Tag f\u00fcr viele Kinder und ihre Familien. In Nieder-Roden gibt es eine Tradition, die diesen Tag noch unvergesslicher macht: die Aktion &#8222;Oischulfoddo&#8220; im Heimatmuseum. &#8222;Oischulfoddo&#8220; bedeutet &#8222;Einschulfoto&#8220; in Nieder-R\u00f6der Mundart und bietet Familien die M\u00f6glichkeit, beim Foto-Shooting unvergessliche Erinnerungen an den ersten Schultag zu schaffen. Am Dienstag, den 19. &hellip; <\/p><p><a class=\"more-link btn\" href=\"https:\/\/heimatverein-nieder-roden.de\/?p=8165\">Weiterlesen<\/a><\/span><\/div><div class=\"listing-item\"><a class=\"image\" href=\"https:\/\/heimatverein-nieder-roden.de\/?p=7399\"><img decoding=\"async\" width=\"300\" height=\"197\" src=\"https:\/\/heimatverein-nieder-roden.de\/wp-content\/uploads\/2024\/08\/grafik-2-300x197.png\" class=\"attachment-medium size-medium wp-post-image\" alt=\"\" srcset=\"https:\/\/heimatverein-nieder-roden.de\/wp-content\/uploads\/2024\/08\/grafik-2-300x197.png 300w, https:\/\/heimatverein-nieder-roden.de\/wp-content\/uploads\/2024\/08\/grafik-2-1024x673.png 1024w, https:\/\/heimatverein-nieder-roden.de\/wp-content\/uploads\/2024\/08\/grafik-2-768x504.png 768w, https:\/\/heimatverein-nieder-roden.de\/wp-content\/uploads\/2024\/08\/grafik-2-836x549.png 836w, https:\/\/heimatverein-nieder-roden.de\/wp-content\/uploads\/2024\/08\/grafik-2-560x368.png 560w, https:\/\/heimatverein-nieder-roden.de\/wp-content\/uploads\/2024\/08\/grafik-2.png 1116w\" sizes=\"(max-width: 300px) 100vw, 300px\" \/><\/a> <a class=\"title\" href=\"https:\/\/heimatverein-nieder-roden.de\/?p=7399\">&#8222;In Rodgau gibt es ein Klassenzimmer wie vor 100 Jahren&#8220;<\/a> <span class=\"excerpt-dash\">-<\/span> <span class=\"excerpt\">Artikel der Offenbach-Post auf OP-Online.de vom 23.08.2024. \nWir bedanken uns herzlich f\u00fcr die Berichterstattung der Presse!<\/span><\/div><div class=\"listing-item\"><a class=\"image\" href=\"https:\/\/heimatverein-nieder-roden.de\/?p=7176\"><img decoding=\"async\" width=\"300\" height=\"225\" src=\"https:\/\/heimatverein-nieder-roden.de\/wp-content\/uploads\/2019\/05\/AKHNR_Museum_Klassenzimmer-300x225.jpg\" class=\"attachment-medium size-medium wp-post-image\" alt=\"\" srcset=\"https:\/\/heimatverein-nieder-roden.de\/wp-content\/uploads\/2019\/05\/AKHNR_Museum_Klassenzimmer-300x225.jpg 300w, https:\/\/heimatverein-nieder-roden.de\/wp-content\/uploads\/2019\/05\/AKHNR_Museum_Klassenzimmer-768x576.jpg 768w, https:\/\/heimatverein-nieder-roden.de\/wp-content\/uploads\/2019\/05\/AKHNR_Museum_Klassenzimmer-1024x768.jpg 1024w\" sizes=\"(max-width: 300px) 100vw, 300px\" \/><\/a> <a class=\"title\" href=\"https:\/\/heimatverein-nieder-roden.de\/?p=7176\">Tintenfass und Schiefertafel &#8211; \u201eOischulfoddo\u201c<\/a> <span class=\"excerpt-dash\">-<\/span> <span class=\"excerpt\">Wollt ihr wissen, wie Oma und Opa zur Schule gingen?Am Dienstag, den 27. August, k\u00f6nnt ihr das sehen.Mit Tintenfass und Schiefertafel, sowie den alten Schulb\u00e4nken! Ihr k\u00f6nnt also den historischen Schulalltag erleben und bei der Gelegenheit einzigartige Fotos machen.Das Heimatmuseum in Nieder-Roden, Schulstra\u00dfe 32, freut sich auf euch in der Zeit von 11 bis 16 &hellip; <\/p><p><a class=\"more-link btn\" href=\"https:\/\/heimatverein-nieder-roden.de\/?p=7176\">Weiterlesen<\/a><\/span><\/div><div class=\"listing-item\"><a class=\"image\" href=\"https:\/\/heimatverein-nieder-roden.de\/?p=7132\"><img decoding=\"async\" width=\"300\" height=\"55\" src=\"https:\/\/heimatverein-nieder-roden.de\/wp-content\/uploads\/2019\/06\/Rodgau-Zeitung_Titel_Symbolbild-300x55.png\" class=\"attachment-medium size-medium wp-post-image\" alt=\"\" srcset=\"https:\/\/heimatverein-nieder-roden.de\/wp-content\/uploads\/2019\/06\/Rodgau-Zeitung_Titel_Symbolbild-300x55.png 300w, https:\/\/heimatverein-nieder-roden.de\/wp-content\/uploads\/2019\/06\/Rodgau-Zeitung_Titel_Symbolbild-768x142.png 768w, https:\/\/heimatverein-nieder-roden.de\/wp-content\/uploads\/2019\/06\/Rodgau-Zeitung_Titel_Symbolbild-1024x189.png 1024w\" sizes=\"(max-width: 300px) 100vw, 300px\" \/><\/a> <a class=\"title\" href=\"https:\/\/heimatverein-nieder-roden.de\/?p=7132\">&#8222;Werzborre und Oischulfoddo beim Heimatverein&#8220;<\/a> <span class=\"excerpt-dash\">-<\/span> <span class=\"excerpt\">Artikel in der Rodgau-Zeitung vom 26.07.2024.\nWir bedanken uns herzlich f\u00fcr die Berichterstattung der Presse!<\/span><\/div><div class=\"listing-item\"><a class=\"image\" href=\"https:\/\/heimatverein-nieder-roden.de\/?p=7040\"><img decoding=\"async\" width=\"300\" height=\"117\" src=\"https:\/\/heimatverein-nieder-roden.de\/wp-content\/uploads\/2020\/07\/2019-06-16_AKHNR_\u00d6ffnung-2019-06-16_IMG_20190616_144641_stitch-300x117.jpg\" class=\"attachment-medium size-medium wp-post-image\" alt=\"Die Rodgauer Blasmusik bei ihrem Jubil\u00e4umsauftritt 2019 im Hof des Heimatmuseums! - \u00a9AKHNR\/FST\" srcset=\"https:\/\/heimatverein-nieder-roden.de\/wp-content\/uploads\/2020\/07\/2019-06-16_AKHNR_\u00d6ffnung-2019-06-16_IMG_20190616_144641_stitch-300x117.jpg 300w, https:\/\/heimatverein-nieder-roden.de\/wp-content\/uploads\/2020\/07\/2019-06-16_AKHNR_\u00d6ffnung-2019-06-16_IMG_20190616_144641_stitch-1024x400.jpg 1024w, https:\/\/heimatverein-nieder-roden.de\/wp-content\/uploads\/2020\/07\/2019-06-16_AKHNR_\u00d6ffnung-2019-06-16_IMG_20190616_144641_stitch-768x300.jpg 768w, https:\/\/heimatverein-nieder-roden.de\/wp-content\/uploads\/2020\/07\/2019-06-16_AKHNR_\u00d6ffnung-2019-06-16_IMG_20190616_144641_stitch-1536x600.jpg 1536w, https:\/\/heimatverein-nieder-roden.de\/wp-content\/uploads\/2020\/07\/2019-06-16_AKHNR_\u00d6ffnung-2019-06-16_IMG_20190616_144641_stitch-560x219.jpg 560w, https:\/\/heimatverein-nieder-roden.de\/wp-content\/uploads\/2020\/07\/2019-06-16_AKHNR_\u00d6ffnung-2019-06-16_IMG_20190616_144641_stitch.jpg 1620w\" sizes=\"(max-width: 300px) 100vw, 300px\" \/><\/a> <a class=\"title\" href=\"https:\/\/heimatverein-nieder-roden.de\/?p=7040\">&#8222;Musik im Museumshof&#8220;, Werzborre und Oischulfoddo beim Heimatverein<\/a> <span class=\"excerpt-dash\">-<\/span> <span class=\"excerpt\">Am Sonntag, 21. Juli 2024, ge\u00f6ffnet ab 14 Uhr. Wir freuen uns, die Rodgauer Blasmusik begr\u00fc\u00dfen zu d\u00fcrfen. Besuchen Sie die Jahresausstellung \"70 Jahre Sch\u00fctzenclub Gamsbock\". Infos zu den Aktionen Werzborre und \"Oischulfoddo\".<\/span><\/div><div class=\"listing-item\"><a class=\"image\" href=\"https:\/\/heimatverein-nieder-roden.de\/?p=5879\"><img decoding=\"async\" width=\"300\" height=\"55\" src=\"https:\/\/heimatverein-nieder-roden.de\/wp-content\/uploads\/2019\/06\/Rodgau-Zeitung_Titel_Symbolbild-300x55.png\" class=\"attachment-medium size-medium wp-post-image\" alt=\"\" srcset=\"https:\/\/heimatverein-nieder-roden.de\/wp-content\/uploads\/2019\/06\/Rodgau-Zeitung_Titel_Symbolbild-300x55.png 300w, https:\/\/heimatverein-nieder-roden.de\/wp-content\/uploads\/2019\/06\/Rodgau-Zeitung_Titel_Symbolbild-768x142.png 768w, https:\/\/heimatverein-nieder-roden.de\/wp-content\/uploads\/2019\/06\/Rodgau-Zeitung_Titel_Symbolbild-1024x189.png 1024w\" sizes=\"(max-width: 300px) 100vw, 300px\" \/><\/a> <a class=\"title\" href=\"https:\/\/heimatverein-nieder-roden.de\/?p=5879\">&#8222;Aktion Oischulfoddo&#8220;<\/a> <span class=\"excerpt-dash\">-<\/span> <span class=\"excerpt\">Artikel in der Rodgau-Zeitung vom 01.09.2023.\nWir bedanken uns herzlich f\u00fcr die Berichterstattung der Presse!<\/span><\/div><div class=\"listing-item\"><a class=\"image\" href=\"https:\/\/heimatverein-nieder-roden.de\/?p=5984\"><img decoding=\"async\" width=\"300\" height=\"43\" src=\"https:\/\/heimatverein-nieder-roden.de\/wp-content\/uploads\/2019\/06\/Offenbach-Post_Titel_Symbolbild-300x43.png\" class=\"attachment-medium size-medium wp-post-image\" alt=\"\" srcset=\"https:\/\/heimatverein-nieder-roden.de\/wp-content\/uploads\/2019\/06\/Offenbach-Post_Titel_Symbolbild-300x43.png 300w, https:\/\/heimatverein-nieder-roden.de\/wp-content\/uploads\/2019\/06\/Offenbach-Post_Titel_Symbolbild-768x111.png 768w, https:\/\/heimatverein-nieder-roden.de\/wp-content\/uploads\/2019\/06\/Offenbach-Post_Titel_Symbolbild-1024x148.png 1024w\" sizes=\"(max-width: 300px) 100vw, 300px\" \/><\/a> <a class=\"title\" href=\"https:\/\/heimatverein-nieder-roden.de\/?p=5984\">&#8222;Rodgau: F\u00fcrs Foto auf die historische Schulbank&#8220;<\/a> <span class=\"excerpt-dash\">-<\/span> <span class=\"excerpt\">Artikel der Offenbach-Post auf OP-Online.de vom 11.09.2023. \nWir bedanken uns herzlich f\u00fcr die Berichterstattung der Presse!<\/span><\/div><div class=\"listing-item\"><a class=\"image\" href=\"https:\/\/heimatverein-nieder-roden.de\/?p=5821\"><img decoding=\"async\" width=\"300\" height=\"225\" src=\"https:\/\/heimatverein-nieder-roden.de\/wp-content\/uploads\/2019\/05\/AKHNR_Museum_Klassenzimmer-300x225.jpg\" class=\"attachment-medium size-medium wp-post-image\" alt=\"\" srcset=\"https:\/\/heimatverein-nieder-roden.de\/wp-content\/uploads\/2019\/05\/AKHNR_Museum_Klassenzimmer-300x225.jpg 300w, https:\/\/heimatverein-nieder-roden.de\/wp-content\/uploads\/2019\/05\/AKHNR_Museum_Klassenzimmer-768x576.jpg 768w, https:\/\/heimatverein-nieder-roden.de\/wp-content\/uploads\/2019\/05\/AKHNR_Museum_Klassenzimmer-1024x768.jpg 1024w\" sizes=\"(max-width: 300px) 100vw, 300px\" \/><\/a> <a class=\"title\" href=\"https:\/\/heimatverein-nieder-roden.de\/?p=5821\">Aktion &#8222;Oischulfoddo&#8220;<\/a> <span class=\"excerpt-dash\">-<\/span> <span class=\"excerpt\">Das Heimatmuseum Nieder-Roden \u00f6ffnet zum Schulanfang seine T\u00fcren.\nHier l\u00e4sst sich ein ganz besonderes Fotos zur Einschulung zu schie\u00dfen...<\/span><\/div><div class=\"listing-item\"><a class=\"image\" href=\"https:\/\/heimatverein-nieder-roden.de\/?p=3055\"><img decoding=\"async\" width=\"300\" height=\"96\" src=\"https:\/\/heimatverein-nieder-roden.de\/wp-content\/uploads\/2019\/06\/Rodgau-Post_Titel_Symbolbild-300x96.jpg\" class=\"attachment-medium size-medium wp-post-image\" alt=\"\" srcset=\"https:\/\/heimatverein-nieder-roden.de\/wp-content\/uploads\/2019\/06\/Rodgau-Post_Titel_Symbolbild-300x96.jpg 300w, https:\/\/heimatverein-nieder-roden.de\/wp-content\/uploads\/2019\/06\/Rodgau-Post_Titel_Symbolbild-768x246.jpg 768w, https:\/\/heimatverein-nieder-roden.de\/wp-content\/uploads\/2019\/06\/Rodgau-Post_Titel_Symbolbild-1024x328.jpg 1024w\" sizes=\"(max-width: 300px) 100vw, 300px\" \/><\/a> <a class=\"title\" href=\"https:\/\/heimatverein-nieder-roden.de\/?p=3055\">&#8222;Kerb-Aktivit\u00e4ten m\u00fcssen ruhen&#8220;<\/a> <span class=\"excerpt-dash\">-<\/span> <span class=\"excerpt\">Artikel in der Rodgau-Post vom 16.09.2021. \nWir bedanken uns herzlich f\u00fcr die Berichterstattung der Presse!<\/span><\/div><div class=\"listing-item\"><a class=\"image\" href=\"https:\/\/heimatverein-nieder-roden.de\/?p=2431\"><img decoding=\"async\" width=\"300\" height=\"225\" src=\"https:\/\/heimatverein-nieder-roden.de\/wp-content\/uploads\/2020\/08\/2014-08-15_AKHNR_Werzborre_Wochenmarkt_IMGP4175-scaled-300x225.jpg\" class=\"attachment-medium size-medium wp-post-image\" alt=\"\" srcset=\"https:\/\/heimatverein-nieder-roden.de\/wp-content\/uploads\/2020\/08\/2014-08-15_AKHNR_Werzborre_Wochenmarkt_IMGP4175-scaled-300x225.jpg 300w, https:\/\/heimatverein-nieder-roden.de\/wp-content\/uploads\/2020\/08\/2014-08-15_AKHNR_Werzborre_Wochenmarkt_IMGP4175-scaled-1024x768.jpg 1024w, https:\/\/heimatverein-nieder-roden.de\/wp-content\/uploads\/2020\/08\/2014-08-15_AKHNR_Werzborre_Wochenmarkt_IMGP4175-scaled-768x576.jpg 768w, https:\/\/heimatverein-nieder-roden.de\/wp-content\/uploads\/2020\/08\/2014-08-15_AKHNR_Werzborre_Wochenmarkt_IMGP4175-scaled-1536x1152.jpg 1536w, https:\/\/heimatverein-nieder-roden.de\/wp-content\/uploads\/2020\/08\/2014-08-15_AKHNR_Werzborre_Wochenmarkt_IMGP4175-scaled-2048x1536.jpg 2048w, https:\/\/heimatverein-nieder-roden.de\/wp-content\/uploads\/2020\/08\/2014-08-15_AKHNR_Werzborre_Wochenmarkt_IMGP4175-scaled-560x420.jpg 560w\" sizes=\"(max-width: 300px) 100vw, 300px\" \/><\/a> <a class=\"title\" href=\"https:\/\/heimatverein-nieder-roden.de\/?p=2431\">Sommerliche Aktivit\u00e4ten des AKHNR &#8211; Werzborre und Fotos zur Einschulung<\/a> <span class=\"excerpt-dash\">-<\/span> <span class=\"excerpt\">Auch in diesem Sommer ist der AKHNR aktiv: bei der Ausgabe der Werzborre und mit der Fotoaktion zur Einschulung nach den Sommerferien.<\/span><\/div><\/div>\n\n\n\n<p><\/p>\n","protected":false},"excerpt":{"rendered":"<p>Oischulfoddo = Nieder-R\u00f6der Mundart f\u00fcr &#8222;Einschulfoto&#8220; Eine der j\u00fcngeren Aktionen des AKHNR ist die \u00d6ffnung des Heimatmuseums zum Schulanfang. Dabei bieten wir den interessierten Familien die M\u00f6glichkeit das Heimatmuseum zu besuchen und bei dieser Gelegenheit Fotos im historischen Klassenzimmer zu machen. Eine tolle Erinnerung an den ersten Schultag &#8211; f\u00fcr gro\u00df und klein. Fr\u00fcher hie\u00df &hellip; <\/p>\n<p><a class=\"more-link btn\" href=\"https:\/\/heimatverein-nieder-roden.de\/?p=2431\">Weiterlesen<\/a><\/p><p><a class=\"more-link btn\" href=\"https:\/\/heimatverein-nieder-roden.de\/?p=2431\">Weiterlesen<\/a><\/p>\n","protected":false},"author":1,"featured_media":1457,"parent":381,"menu_order":2,"comment_status":"closed","ping_status":"closed","template":"","meta":{"_coblocks_attr":"","_coblocks_dimensions":"","_coblocks_responsive_height":"","_coblocks_accordion_ie_support":"","footnotes":""},"class_list":["post-474","page","type-page","status-publish","has-post-thumbnail","hentry","nodate"],"publishpress_future_action":{"enabled":false,"date":"2026-05-06 21:44:40","action":"change-status","newStatus":"draft","terms":[],"taxonomy":"","extraData":[]},"publishpress_future_workflow_manual_trigger":{"enabledWorkflows":[]},"_links":{"self":[{"href":"https:\/\/heimatverein-nieder-roden.de\/index.php?rest_route=\/wp\/v2\/pages\/474","targetHints":{"allow":["GET"]}}],"collection":[{"href":"https:\/\/heimatverein-nieder-roden.de\/index.php?rest_route=\/wp\/v2\/pages"}],"about":[{"href":"https:\/\/heimatverein-nieder-roden.de\/index.php?rest_route=\/wp\/v2\/types\/page"}],"author":[{"embeddable":true,"href":"https:\/\/heimatverein-nieder-roden.de\/index.php?rest_route=\/wp\/v2\/users\/1"}],"replies":[{"embeddable":true,"href":"https:\/\/heimatverein-nieder-roden.de\/index.php?rest_route=%2Fwp%2Fv2%2Fcomments&post=474"}],"version-history":[{"count":36,"href":"https:\/\/heimatverein-nieder-roden.de\/index.php?rest_route=\/wp\/v2\/pages\/474\/revisions"}],"predecessor-version":[{"id":7897,"href":"https:\/\/heimatverein-nieder-roden.de\/index.php?rest_route=\/wp\/v2\/pages\/474\/revisions\/7897"}],"up":[{"embeddable":true,"href":"https:\/\/heimatverein-nieder-roden.de\/index.php?rest_route=\/wp\/v2\/pages\/381"}],"wp:featuredmedia":[{"embeddable":true,"href":"https:\/\/heimatverein-nieder-roden.de\/index.php?rest_route=\/wp\/v2\/media\/1457"}],"wp:attachment":[{"href":"https:\/\/heimatverein-nieder-roden.de\/index.php?rest_route=%2Fwp%2Fv2%2Fmedia&parent=474"}],"curies":[{"name":"wp","href":"https:\/\/api.w.org\/{rel}","templated":true}]}}