{"id":470,"date":"2019-02-12T23:41:57","date_gmt":"2019-02-12T22:41:57","guid":{"rendered":"http:\/\/heimatverein-nieder-roden.de\/?page_id=470"},"modified":"2022-03-12T11:19:46","modified_gmt":"2022-03-12T10:19:46","slug":"heimat-filmnacht","status":"publish","type":"page","link":"https:\/\/heimatverein-nieder-roden.de\/?page_id=470","title":{"rendered":"Heimat-Filmnacht"},"content":{"rendered":"\n\n\n<p>Film vermag es wie kaum ein anderes Medium vergangene Zeiten erlebbar zu machen. In Nieder Roden haben wir das gro\u00dfe Gl\u00fcck, dass sich in der Vergangenheit engagierte Heimatfilmer daf\u00fcr eingesetzt haben, das Leben in unserem Ort festzuhalten.<\/p>\n\n\n\n<p>Lehrer M\u00fcller ist vielen Nieder-R\u00f6dern ein Begriff. Er begann in den 50er Jahren mit Aufnahmen auf 16mm-Filmen und hielt dabei nahezu alle Aspekte des t\u00e4glichen Lebens und besonderer Ereignisse fest. Seine Arbeit wurde schlie\u00dflich fortgef\u00fchrt von Rudi Keller, einem &#8222;echten&#8220; Nieder-R\u00f6der, der bis in das neue Jahrtausend mit der Filmkamera unterwegs war um Entwicklungen festzuhalten.<\/p>\n\n\n\n<p>Der Arbeitskreis f\u00fcr Heimatkunde versucht dem gro\u00dfen Werk der beiden gerecht zu werden und arbeitet seit 2014 an der Digitalisierung und Aufbereitung der Heimatfilme.<\/p>\n\n\n\n<p>Allj\u00e4hrlich zur Filmnacht pr\u00e4sentieren wir den Stand dieser Arbeiten und zeigen Heimatfilme aus 65 Jahren Lokalgeschichte. <\/p>\n\n\n\n<p><strong>Kommen Sie und tauchen Sie ein! Der Eintritt ist fre<\/strong>i!<\/p>\n\n\n\n<hr class=\"wp-block-separator\"\/>\n\n\nSeite 0 mal aufgerufen in den letzten 14 Tagen.\n\n\n\n<hr class=\"wp-block-separator is-style-wide\"\/>\n\n\n\n<h3 class=\"wp-block-heading\" id=\"meldungen-zum-thema\">Meldungen zum Thema<\/h3>\n\n\n<div class=\"display-posts-listing grid\"><div class=\"listing-item\"><a class=\"image\" href=\"https:\/\/heimatverein-nieder-roden.de\/?p=2980\"><img decoding=\"async\" width=\"300\" height=\"96\" src=\"https:\/\/heimatverein-nieder-roden.de\/wp-content\/uploads\/2019\/06\/Rodgau-Post_Titel_Symbolbild-300x96.jpg\" class=\"attachment-medium size-medium wp-post-image\" alt=\"\" srcset=\"https:\/\/heimatverein-nieder-roden.de\/wp-content\/uploads\/2019\/06\/Rodgau-Post_Titel_Symbolbild-300x96.jpg 300w, https:\/\/heimatverein-nieder-roden.de\/wp-content\/uploads\/2019\/06\/Rodgau-Post_Titel_Symbolbild-768x246.jpg 768w, https:\/\/heimatverein-nieder-roden.de\/wp-content\/uploads\/2019\/06\/Rodgau-Post_Titel_Symbolbild-1024x328.jpg 1024w\" sizes=\"(max-width: 300px) 100vw, 300px\" \/><\/a> <a class=\"title\" href=\"https:\/\/heimatverein-nieder-roden.de\/?p=2980\">&#8222;Fast wie fr\u00fcher die Wochenschau&#8220;<\/a> <span class=\"excerpt-dash\">-<\/span> <span class=\"excerpt\">Artikel in der Rodgau-Post vom 12.08.2021. Wir bedanken uns herzlich f\u00fcr die Berichterstattung der Presse! Mit freundlicher Genehmigung der Rodgau-Post! Hier geht&#8217;s zum E-Paper der Rodgau-Post.<\/span><\/div><div class=\"listing-item\"><a class=\"image\" href=\"https:\/\/heimatverein-nieder-roden.de\/?p=2937\"><img decoding=\"async\" width=\"300\" height=\"55\" src=\"https:\/\/heimatverein-nieder-roden.de\/wp-content\/uploads\/2019\/06\/Rodgau-Zeitung_Titel_Symbolbild-300x55.png\" class=\"attachment-medium size-medium wp-post-image\" alt=\"\" srcset=\"https:\/\/heimatverein-nieder-roden.de\/wp-content\/uploads\/2019\/06\/Rodgau-Zeitung_Titel_Symbolbild-300x55.png 300w, https:\/\/heimatverein-nieder-roden.de\/wp-content\/uploads\/2019\/06\/Rodgau-Zeitung_Titel_Symbolbild-768x142.png 768w, https:\/\/heimatverein-nieder-roden.de\/wp-content\/uploads\/2019\/06\/Rodgau-Zeitung_Titel_Symbolbild-1024x189.png 1024w\" sizes=\"(max-width: 300px) 100vw, 300px\" \/><\/a> <a class=\"title\" href=\"https:\/\/heimatverein-nieder-roden.de\/?p=2937\">&#8222;Filmnacht vom Arbeitskreis f\u00fcr Heimatkunde in Nieder-Roden&#8220;<\/a> <span class=\"excerpt-dash\">-<\/span> <span class=\"excerpt\">Artikel in der Rodgau-Zeitung und auf rheinmainverlag.de vom 22.07.2021.\nWir bedanken uns herzlich f\u00fcr die Berichterstattung der Presse!<\/span><\/div><div class=\"listing-item\"><a class=\"image\" href=\"https:\/\/heimatverein-nieder-roden.de\/?p=2830\"><img decoding=\"async\" width=\"300\" height=\"150\" src=\"https:\/\/heimatverein-nieder-roden.de\/wp-content\/uploads\/2019\/07\/AKHNR_Heimat-Filmnacht_Symbolbild-300x150.png\" class=\"attachment-medium size-medium wp-post-image\" alt=\"\" srcset=\"https:\/\/heimatverein-nieder-roden.de\/wp-content\/uploads\/2019\/07\/AKHNR_Heimat-Filmnacht_Symbolbild-300x150.png 300w, https:\/\/heimatverein-nieder-roden.de\/wp-content\/uploads\/2019\/07\/AKHNR_Heimat-Filmnacht_Symbolbild-768x384.png 768w, https:\/\/heimatverein-nieder-roden.de\/wp-content\/uploads\/2019\/07\/AKHNR_Heimat-Filmnacht_Symbolbild-1024x512.png 1024w, https:\/\/heimatverein-nieder-roden.de\/wp-content\/uploads\/2019\/07\/AKHNR_Heimat-Filmnacht_Symbolbild-375x187.png 375w, https:\/\/heimatverein-nieder-roden.de\/wp-content\/uploads\/2019\/07\/AKHNR_Heimat-Filmnacht_Symbolbild.png 2000w\" sizes=\"(max-width: 300px) 100vw, 300px\" \/><\/a> <a class=\"title\" href=\"https:\/\/heimatverein-nieder-roden.de\/?p=2830\">Heimat-Filmnacht 2021 &#8211; Mit besonders gro\u00dfer Leinwand&#8230;<\/a> <span class=\"excerpt-dash\">-<\/span> <span class=\"excerpt\"><!-- wp:paragraph -->\n<p>Liebe Filmfreunde,<\/p>\n<!-- \/wp:paragraph -->\n\n<!-- wp:paragraph -->\n<p>wir freuen uns endlich wieder eine Heimat-Filmnacht im Freien durchf\u00fchren zu k\u00f6nnen.<\/p>\n<!-- \/wp:paragraph -->\n\n<!-- wp:paragraph -->\n<p>Damit wir gen\u00fcgend Platz haben wechseln wir den Standort. Wir laden euch herzlich ein zur<\/p>\n<!-- \/wp:paragraph --><\/span><\/div><div class=\"listing-item\"><a class=\"image\" href=\"https:\/\/heimatverein-nieder-roden.de\/?p=2827\"><img decoding=\"async\" width=\"300\" height=\"43\" src=\"https:\/\/heimatverein-nieder-roden.de\/wp-content\/uploads\/2019\/06\/Offenbach-Post_Titel_Symbolbild-300x43.png\" class=\"attachment-medium size-medium wp-post-image\" alt=\"\" srcset=\"https:\/\/heimatverein-nieder-roden.de\/wp-content\/uploads\/2019\/06\/Offenbach-Post_Titel_Symbolbild-300x43.png 300w, https:\/\/heimatverein-nieder-roden.de\/wp-content\/uploads\/2019\/06\/Offenbach-Post_Titel_Symbolbild-768x111.png 768w, https:\/\/heimatverein-nieder-roden.de\/wp-content\/uploads\/2019\/06\/Offenbach-Post_Titel_Symbolbild-1024x148.png 1024w\" sizes=\"(max-width: 300px) 100vw, 300px\" \/><\/a> <a class=\"title\" href=\"https:\/\/heimatverein-nieder-roden.de\/?p=2827\">&#8222;Heimatmuseum bereitet sich auf Neustart vor&#8220;<\/a> <span class=\"excerpt-dash\">-<\/span> <span class=\"excerpt\">Artikel der Offenbach-Post auf OP-Online.de vom 29.06.2021. Wir bedanken uns herzlich f\u00fcr die Berichterstattung der Presse! Klicken Sie auf das Bild und sie gelangen direkt zum Artikel! Mit freundlicher Genehmigung der Offenbach-Post!<\/span><\/div><div class=\"listing-item\"><a class=\"image\" href=\"https:\/\/heimatverein-nieder-roden.de\/?p=2824\"><img decoding=\"async\" width=\"300\" height=\"55\" src=\"https:\/\/heimatverein-nieder-roden.de\/wp-content\/uploads\/2019\/06\/Rodgau-Zeitung_Titel_Symbolbild-300x55.png\" class=\"attachment-medium size-medium wp-post-image\" alt=\"\" srcset=\"https:\/\/heimatverein-nieder-roden.de\/wp-content\/uploads\/2019\/06\/Rodgau-Zeitung_Titel_Symbolbild-300x55.png 300w, https:\/\/heimatverein-nieder-roden.de\/wp-content\/uploads\/2019\/06\/Rodgau-Zeitung_Titel_Symbolbild-768x142.png 768w, https:\/\/heimatverein-nieder-roden.de\/wp-content\/uploads\/2019\/06\/Rodgau-Zeitung_Titel_Symbolbild-1024x189.png 1024w\" sizes=\"(max-width: 300px) 100vw, 300px\" \/><\/a> <a class=\"title\" href=\"https:\/\/heimatverein-nieder-roden.de\/?p=2824\">&#8222;Filmabende in Planung&#8220;<\/a> <span class=\"excerpt-dash\">-<\/span> <span class=\"excerpt\"><!-- wp:paragraph -->\n<p>Artikel in der Rodgau-Zeitung vom 02.07.2021. <\/p>\n<!-- \/wp:paragraph -->\n\n<!-- wp:paragraph -->\n<p>Wir bedanken uns herzlich f\u00fcr die Berichterstattung der Presse! <\/p>\n<!-- \/wp:paragraph --><\/span><\/div><div class=\"listing-item\"><a class=\"image\" href=\"https:\/\/heimatverein-nieder-roden.de\/?p=1817\"><img decoding=\"async\" width=\"300\" height=\"150\" src=\"https:\/\/heimatverein-nieder-roden.de\/wp-content\/uploads\/2019\/07\/AKHNR_Heimat-Filmnacht_Symbolbild-300x150.png\" class=\"attachment-medium size-medium wp-post-image\" alt=\"\" srcset=\"https:\/\/heimatverein-nieder-roden.de\/wp-content\/uploads\/2019\/07\/AKHNR_Heimat-Filmnacht_Symbolbild-300x150.png 300w, https:\/\/heimatverein-nieder-roden.de\/wp-content\/uploads\/2019\/07\/AKHNR_Heimat-Filmnacht_Symbolbild-768x384.png 768w, https:\/\/heimatverein-nieder-roden.de\/wp-content\/uploads\/2019\/07\/AKHNR_Heimat-Filmnacht_Symbolbild-1024x512.png 1024w, https:\/\/heimatverein-nieder-roden.de\/wp-content\/uploads\/2019\/07\/AKHNR_Heimat-Filmnacht_Symbolbild-375x187.png 375w, https:\/\/heimatverein-nieder-roden.de\/wp-content\/uploads\/2019\/07\/AKHNR_Heimat-Filmnacht_Symbolbild.png 2000w\" sizes=\"(max-width: 300px) 100vw, 300px\" \/><\/a> <a class=\"title\" href=\"https:\/\/heimatverein-nieder-roden.de\/?p=1817\">Heimat-Filmnacht 2019 &#8211; Nachholtermine festgelegt!<\/a> <span class=\"excerpt-dash\">-<\/span> <span class=\"excerpt\">Die Heimat-Filmnacht musste am daf\u00fcr vorgesehenen Termin leider witterungsbedingt ausfallen. Der schwere Sturm, der gro\u00dfe Sch\u00e4den vor allem in Rodgau verursacht hat, machte uns einen Strich durch die Rechnung. Wir freuen uns daher sehr, dass wir nicht nur einen, sondern sogar zwei Nachholtermine finden konnten.Die Filmnacht wird nachgeholt am 22. und 23. November, also freitags &hellip; <\/p><p><a class=\"more-link btn\" href=\"https:\/\/heimatverein-nieder-roden.de\/?p=1817\">Weiterlesen<\/a><\/span><\/div><div class=\"listing-item\"><a class=\"image\" href=\"https:\/\/heimatverein-nieder-roden.de\/?p=1867\"><img decoding=\"async\" width=\"300\" height=\"96\" src=\"https:\/\/heimatverein-nieder-roden.de\/wp-content\/uploads\/2019\/06\/Rodgau-Post_Titel_Symbolbild-300x96.jpg\" class=\"attachment-medium size-medium wp-post-image\" alt=\"\" srcset=\"https:\/\/heimatverein-nieder-roden.de\/wp-content\/uploads\/2019\/06\/Rodgau-Post_Titel_Symbolbild-300x96.jpg 300w, https:\/\/heimatverein-nieder-roden.de\/wp-content\/uploads\/2019\/06\/Rodgau-Post_Titel_Symbolbild-768x246.jpg 768w, https:\/\/heimatverein-nieder-roden.de\/wp-content\/uploads\/2019\/06\/Rodgau-Post_Titel_Symbolbild-1024x328.jpg 1024w\" sizes=\"(max-width: 300px) 100vw, 300px\" \/><\/a> <a class=\"title\" href=\"https:\/\/heimatverein-nieder-roden.de\/?p=1867\">&#8222;Nachholtermine f\u00fcr Heimat-Filmnacht&#8220;<\/a> <span class=\"excerpt-dash\">-<\/span> <span class=\"excerpt\">Artikel in der Rodgau-Post vom 21.11.2019. Wir bedanken uns herzlich f\u00fcr die Berichterstattung der Presse! Mit freundlicher Genehmigung der Rodgau-Post! Hier geht&#8217;s zum E-Paper der Rodgau-Post.<\/span><\/div><div class=\"listing-item\"><a class=\"image\" href=\"https:\/\/heimatverein-nieder-roden.de\/?p=2195\"><img decoding=\"async\" width=\"300\" height=\"55\" src=\"https:\/\/heimatverein-nieder-roden.de\/wp-content\/uploads\/2019\/06\/Rodgau-Zeitung_Titel_Symbolbild-300x55.png\" class=\"attachment-medium size-medium wp-post-image\" alt=\"\" srcset=\"https:\/\/heimatverein-nieder-roden.de\/wp-content\/uploads\/2019\/06\/Rodgau-Zeitung_Titel_Symbolbild-300x55.png 300w, https:\/\/heimatverein-nieder-roden.de\/wp-content\/uploads\/2019\/06\/Rodgau-Zeitung_Titel_Symbolbild-768x142.png 768w, https:\/\/heimatverein-nieder-roden.de\/wp-content\/uploads\/2019\/06\/Rodgau-Zeitung_Titel_Symbolbild-1024x189.png 1024w\" sizes=\"(max-width: 300px) 100vw, 300px\" \/><\/a> <a class=\"title\" href=\"https:\/\/heimatverein-nieder-roden.de\/?p=2195\">&#8222;Heimat-Filmnacht 2019 &#8211; Der Arbeitskreis f\u00fcr Heimatkunde l\u00e4dt ein&#8220;<\/a> <span class=\"excerpt-dash\">-<\/span> <span class=\"excerpt\"><!-- wp:paragraph -->\n<p>Artikel in der Rodgau-Zeitung vom 14.11.2019. <\/p>\n<!-- \/wp:paragraph -->\n\n<!-- wp:paragraph -->\n<p>Wir bedanken uns herzlich f\u00fcr die Berichterstattung der Presse! <\/p>\n<!-- \/wp:paragraph --><\/span><\/div><div class=\"listing-item\"><a class=\"image\" href=\"https:\/\/heimatverein-nieder-roden.de\/?p=1495\"><img decoding=\"async\" width=\"300\" height=\"150\" src=\"https:\/\/heimatverein-nieder-roden.de\/wp-content\/uploads\/2019\/07\/AKHNR_Heimat-Filmnacht_Symbolbild-300x150.png\" class=\"attachment-medium size-medium wp-post-image\" alt=\"\" srcset=\"https:\/\/heimatverein-nieder-roden.de\/wp-content\/uploads\/2019\/07\/AKHNR_Heimat-Filmnacht_Symbolbild-300x150.png 300w, https:\/\/heimatverein-nieder-roden.de\/wp-content\/uploads\/2019\/07\/AKHNR_Heimat-Filmnacht_Symbolbild-768x384.png 768w, https:\/\/heimatverein-nieder-roden.de\/wp-content\/uploads\/2019\/07\/AKHNR_Heimat-Filmnacht_Symbolbild-1024x512.png 1024w, https:\/\/heimatverein-nieder-roden.de\/wp-content\/uploads\/2019\/07\/AKHNR_Heimat-Filmnacht_Symbolbild-375x187.png 375w, https:\/\/heimatverein-nieder-roden.de\/wp-content\/uploads\/2019\/07\/AKHNR_Heimat-Filmnacht_Symbolbild.png 2000w\" sizes=\"(max-width: 300px) 100vw, 300px\" \/><\/a> <a class=\"title\" href=\"https:\/\/heimatverein-nieder-roden.de\/?p=1495\">Heimat-Filmnacht f\u00e4llt aus!<\/a> <span class=\"excerpt-dash\">-<\/span> <span class=\"excerpt\">Aufgrund der schlechten Witterungsbedingungen muss die f\u00fcr heute (18. August 2019) geplante Filmnacht leider ausfallen! Wir bitten um ihr Verst\u00e4ndnis. Vielen Dank!<\/span><\/div><div class=\"listing-item\"><a class=\"image\" href=\"https:\/\/heimatverein-nieder-roden.de\/?p=1472\"><img decoding=\"async\" width=\"300\" height=\"96\" src=\"https:\/\/heimatverein-nieder-roden.de\/wp-content\/uploads\/2019\/06\/Rodgau-Post_Titel_Symbolbild-300x96.jpg\" class=\"attachment-medium size-medium wp-post-image\" alt=\"\" srcset=\"https:\/\/heimatverein-nieder-roden.de\/wp-content\/uploads\/2019\/06\/Rodgau-Post_Titel_Symbolbild-300x96.jpg 300w, https:\/\/heimatverein-nieder-roden.de\/wp-content\/uploads\/2019\/06\/Rodgau-Post_Titel_Symbolbild-768x246.jpg 768w, https:\/\/heimatverein-nieder-roden.de\/wp-content\/uploads\/2019\/06\/Rodgau-Post_Titel_Symbolbild-1024x328.jpg 1024w\" sizes=\"(max-width: 300px) 100vw, 300px\" \/><\/a> <a class=\"title\" href=\"https:\/\/heimatverein-nieder-roden.de\/?p=1472\">&#8222;Mit der Schult\u00fcte auf Schulbank anno dazumal&#8220;<\/a> <span class=\"excerpt-dash\">-<\/span> <span class=\"excerpt\">Artikel in der Rodgau-Post vom 08.08.2019.\nWir bedanken uns herzlich f\u00fcr die Berichterstattung der Presse!<\/span><\/div><\/div>\n\n\n\n<p><\/p>\n","protected":false},"excerpt":{"rendered":"<p>Film vermag es wie kaum ein anderes Medium vergangene Zeiten erlebbar zu machen. In Nieder Roden haben wir das gro\u00dfe Gl\u00fcck, dass sich in der Vergangenheit engagierte Heimatfilmer daf\u00fcr eingesetzt haben, das Leben in unserem Ort festzuhalten. Lehrer M\u00fcller ist vielen Nieder-R\u00f6dern ein Begriff. Er begann in den 50er Jahren mit Aufnahmen auf 16mm-Filmen und &hellip; <\/p>\n<p><a class=\"more-link btn\" href=\"https:\/\/heimatverein-nieder-roden.de\/?p=1472\">Weiterlesen<\/a><\/p><p><a class=\"more-link btn\" href=\"https:\/\/heimatverein-nieder-roden.de\/?p=1472\">Weiterlesen<\/a><\/p>\n","protected":false},"author":1,"featured_media":1430,"parent":381,"menu_order":4,"comment_status":"closed","ping_status":"closed","template":"","meta":{"_coblocks_attr":"","_coblocks_dimensions":"","_coblocks_responsive_height":"","_coblocks_accordion_ie_support":"","footnotes":""},"class_list":["post-470","page","type-page","status-publish","has-post-thumbnail","hentry","nodate"],"publishpress_future_action":{"enabled":false,"date":"2026-05-07 22:24:57","action":"change-status","newStatus":"draft","terms":[],"taxonomy":"","extraData":[]},"publishpress_future_workflow_manual_trigger":{"enabledWorkflows":[]},"_links":{"self":[{"href":"https:\/\/heimatverein-nieder-roden.de\/index.php?rest_route=\/wp\/v2\/pages\/470","targetHints":{"allow":["GET"]}}],"collection":[{"href":"https:\/\/heimatverein-nieder-roden.de\/index.php?rest_route=\/wp\/v2\/pages"}],"about":[{"href":"https:\/\/heimatverein-nieder-roden.de\/index.php?rest_route=\/wp\/v2\/types\/page"}],"author":[{"embeddable":true,"href":"https:\/\/heimatverein-nieder-roden.de\/index.php?rest_route=\/wp\/v2\/users\/1"}],"replies":[{"embeddable":true,"href":"https:\/\/heimatverein-nieder-roden.de\/index.php?rest_route=%2Fwp%2Fv2%2Fcomments&post=470"}],"version-history":[{"count":20,"href":"https:\/\/heimatverein-nieder-roden.de\/index.php?rest_route=\/wp\/v2\/pages\/470\/revisions"}],"predecessor-version":[{"id":3798,"href":"https:\/\/heimatverein-nieder-roden.de\/index.php?rest_route=\/wp\/v2\/pages\/470\/revisions\/3798"}],"up":[{"embeddable":true,"href":"https:\/\/heimatverein-nieder-roden.de\/index.php?rest_route=\/wp\/v2\/pages\/381"}],"wp:featuredmedia":[{"embeddable":true,"href":"https:\/\/heimatverein-nieder-roden.de\/index.php?rest_route=\/wp\/v2\/media\/1430"}],"wp:attachment":[{"href":"https:\/\/heimatverein-nieder-roden.de\/index.php?rest_route=%2Fwp%2Fv2%2Fmedia&parent=470"}],"curies":[{"name":"wp","href":"https:\/\/api.w.org\/{rel}","templated":true}]}}