{"id":388,"date":"2019-02-08T20:22:08","date_gmt":"2019-02-08T19:22:08","guid":{"rendered":"http:\/\/heimatverein-nieder-roden.de\/?page_id=388"},"modified":"2025-03-20T16:09:15","modified_gmt":"2025-03-20T15:09:15","slug":"werzborre","status":"publish","type":"page","link":"https:\/\/heimatverein-nieder-roden.de\/?page_id=388","title":{"rendered":"Werzborre"},"content":{"rendered":"<div id=\"ez-toc-container\" class=\"ez-toc-v2_0_82_2 counter-hierarchy ez-toc-counter ez-toc-custom ez-toc-container-direction\">\n<p class=\"ez-toc-title\" style=\"cursor:inherit\">Inhaltsverzeichnis<\/p>\n<label for=\"ez-toc-cssicon-toggle-item-69f3ef78a8004\" class=\"ez-toc-cssicon-toggle-label\"><span class=\"\"><span class=\"eztoc-hide\" style=\"display:none;\">Toggle<\/span><span class=\"ez-toc-icon-toggle-span\"><svg style=\"fill: #000000;color:#000000\" xmlns=\"http:\/\/www.w3.org\/2000\/svg\" class=\"list-377408\" width=\"20px\" height=\"20px\" viewBox=\"0 0 24 24\" fill=\"none\"><path d=\"M6 6H4v2h2V6zm14 0H8v2h12V6zM4 11h2v2H4v-2zm16 0H8v2h12v-2zM4 16h2v2H4v-2zm16 0H8v2h12v-2z\" fill=\"currentColor\"><\/path><\/svg><svg style=\"fill: #000000;color:#000000\" class=\"arrow-unsorted-368013\" xmlns=\"http:\/\/www.w3.org\/2000\/svg\" width=\"10px\" height=\"10px\" viewBox=\"0 0 24 24\" version=\"1.2\" baseProfile=\"tiny\"><path d=\"M18.2 9.3l-6.2-6.3-6.2 6.3c-.2.2-.3.4-.3.7s.1.5.3.7c.2.2.4.3.7.3h11c.3 0 .5-.1.7-.3.2-.2.3-.5.3-.7s-.1-.5-.3-.7zM5.8 14.7l6.2 6.3 6.2-6.3c.2-.2.3-.5.3-.7s-.1-.5-.3-.7c-.2-.2-.4-.3-.7-.3h-11c-.3 0-.5.1-.7.3-.2.2-.3.5-.3.7s.1.5.3.7z\"\/><\/svg><\/span><\/span><\/label><input type=\"checkbox\"  id=\"ez-toc-cssicon-toggle-item-69f3ef78a8004\" checked aria-label=\"Toggle\" \/><nav><ul class='ez-toc-list ez-toc-list-level-1 ' ><li class='ez-toc-page-1 ez-toc-heading-level-1'><a class=\"ez-toc-link ez-toc-heading-1\" href=\"https:\/\/heimatverein-nieder-roden.de\/?page_id=388\/#Die_Werzborre_in_Nieder-Roden\" >Die Werzborre in Nieder-Roden<\/a><\/li><li class='ez-toc-page-1 ez-toc-heading-level-1'><a class=\"ez-toc-link ez-toc-heading-2\" href=\"https:\/\/heimatverein-nieder-roden.de\/?page_id=388\/#Die_Pflanzen_im_Nieder-Roeder_Werzborre\" >Die Pflanzen im Nieder-R\u00f6der Werzborre<\/a><\/li><li class='ez-toc-page-1 ez-toc-heading-level-1'><a class=\"ez-toc-link ez-toc-heading-3\" href=\"https:\/\/heimatverein-nieder-roden.de\/?page_id=388\/#Einleitung\" >Einleitung<\/a><\/li><li class='ez-toc-page-1 ez-toc-heading-level-1'><a class=\"ez-toc-link ez-toc-heading-4\" href=\"https:\/\/heimatverein-nieder-roden.de\/?page_id=388\/#Blutsknopf_%E2%80%93_Sanguisorba_officinalis_%E2%80%93_Grosser_Wiesenknopf\" >Blutsknopf &#8211; Sanguisorba officinalis &#8211;  Gro\u00dfer Wiesenknopf<\/a><\/li><li class='ez-toc-page-1 ez-toc-heading-level-1'><a class=\"ez-toc-link ez-toc-heading-5\" href=\"https:\/\/heimatverein-nieder-roden.de\/?page_id=388\/#Blutskraut_%E2%80%93_Amaranthus_cruentus_%E2%80%93_Fuchsschwanz_oder_Roter_Hirsen_Amarant\" >Blutskraut &#8211; Amaranthus cruentus &#8211; Fuchsschwanz oder Roter Hirsen, Amarant<\/a><\/li><li class='ez-toc-page-1 ez-toc-heading-level-1'><a class=\"ez-toc-link ez-toc-heading-6\" href=\"https:\/\/heimatverein-nieder-roden.de\/?page_id=388\/#Eisenkraut_%E2%80%93_Verbena_officinalis\" >Eisenkraut &#8211; Verbena officinalis<\/a><\/li><li class='ez-toc-page-1 ez-toc-heading-level-1'><a class=\"ez-toc-link ez-toc-heading-7\" href=\"https:\/\/heimatverein-nieder-roden.de\/?page_id=388\/#Elisabethenstroh_%E2%80%93_Epilobium_roseum_%E2%80%93_Rosarotes_Weidenroeschen\" >Elisabethenstroh &#8211; Epilobium roseum &#8211; Rosarotes Weidenr\u00f6schen<\/a><\/li><li class='ez-toc-page-1 ez-toc-heading-level-1'><a class=\"ez-toc-link ez-toc-heading-8\" href=\"https:\/\/heimatverein-nieder-roden.de\/?page_id=388\/#Gelbe_Rafohne_%E2%80%93_Tanacetum_vulgare_%E2%80%93_Rainfarn_Wurmkraut\" >Gelbe Rafohne &#8211; Tanacetum vulgare &#8211; Rainfarn, Wurmkraut<\/a><\/li><li class='ez-toc-page-1 ez-toc-heading-level-1'><a class=\"ez-toc-link ez-toc-heading-9\" href=\"https:\/\/heimatverein-nieder-roden.de\/?page_id=388\/#Halsgespinskraut_%E2%80%93_Lycopus_europaeus_%E2%80%93_Ufer-Wolfstrapp\" >Halsgespinskraut &#8211; Lycopus europaeus &#8211;  Ufer-Wolfstrapp<\/a><\/li><li class='ez-toc-page-1 ez-toc-heading-level-1'><a class=\"ez-toc-link ez-toc-heading-10\" href=\"https:\/\/heimatverein-nieder-roden.de\/?page_id=388\/#Herzgespann_%E2%80%93_Leonurus_cardiaca_%E2%80%93_Echtes_Herzgespann\" >Herzgespann &#8211; Leonurus cardiaca &#8211;  Echtes Herzgespann<\/a><\/li><li class='ez-toc-page-1 ez-toc-heading-level-1'><a class=\"ez-toc-link ez-toc-heading-11\" href=\"https:\/\/heimatverein-nieder-roden.de\/?page_id=388\/#Halbegaul_%E2%80%93_Verbascum_nigrum_%E2%80%93_schwarze_Koenigskerze\" >Halbegaul &#8211; Verbascum nigrum &#8211;  schwarze K\u00f6nigskerze<\/a><\/li><li class='ez-toc-page-1 ez-toc-heading-level-1'><a class=\"ez-toc-link ez-toc-heading-12\" href=\"https:\/\/heimatverein-nieder-roden.de\/?page_id=388\/#Verbascum_thapsus_Scrophulariaceae_%E2%80%93_Kleinbluetige_Koenigskerze\" >Verbascum thapsus (Scrophulariaceae) &#8211; Kleinbl\u00fctige K\u00f6nigskerze<\/a><\/li><li class='ez-toc-page-1 ez-toc-heading-level-1'><a class=\"ez-toc-link ez-toc-heading-13\" href=\"https:\/\/heimatverein-nieder-roden.de\/?page_id=388\/#Hartehaad_%E2%80%93_Hypericum_perforatum_%E2%80%93_Tuepfel-_Johanniskraut\" >Hartehaad &#8211; Hypericum perforatum &#8211;  (T\u00fcpfel-) Johanniskraut<\/a><\/li><li class='ez-toc-page-1 ez-toc-heading-level-1'><a class=\"ez-toc-link ez-toc-heading-14\" href=\"https:\/\/heimatverein-nieder-roden.de\/?page_id=388\/#Liebstaengel_%E2%80%93_Levisticum_officinale_%E2%80%93_Liebstoeckel_%E2%80%9EMaggikraut%E2%80%9C\" >Liebst\u00e4ngel &#8211; Levisticum officinale &#8211; Liebst\u00f6ckel, &#8222;Maggikraut&#8220;<\/a><\/li><li class='ez-toc-page-1 ez-toc-heading-level-1'><a class=\"ez-toc-link ez-toc-heading-15\" href=\"https:\/\/heimatverein-nieder-roden.de\/?page_id=388\/#%E2%80%9EOsterlazeie%E2%80%9C_%E2%80%93_Aristolochia_clematitis_%E2%80%93_Osterluzei\" >&#8222;Osterlazeie&#8220; &#8211; Aristolochia clematitis &#8211; Osterluzei<\/a><\/li><li class='ez-toc-page-1 ez-toc-heading-level-1'><a class=\"ez-toc-link ez-toc-heading-16\" href=\"https:\/\/heimatverein-nieder-roden.de\/?page_id=388\/#Weisse_Rafohne_%E2%80%93_Achillea_ptarmica_%E2%80%93_Sumpfschafgarbe_weisser_Dorant\" >Wei\u00dfe Rafohne &#8211; Achillea ptarmica &#8211; Sumpfschafgarbe, wei\u00dfer Dorant<\/a><\/li><li class='ez-toc-page-1 ez-toc-heading-level-1'><a class=\"ez-toc-link ez-toc-heading-17\" href=\"https:\/\/heimatverein-nieder-roden.de\/?page_id=388\/#Wermut_%E2%80%93_Artemisia_absinthium_%E2%80%93_Wermut_Absinth\" >Wermut &#8211; Artemisia absinthium &#8211; Wermut, Absinth<\/a><\/li><li class='ez-toc-page-1 ez-toc-heading-level-1'><a class=\"ez-toc-link ez-toc-heading-18\" href=\"https:\/\/heimatverein-nieder-roden.de\/?page_id=388\/#Artemisia_vulgaris_Asteraceae_%E2%80%93_Gemeiner_Beifuss\" >Artemisia vulgaris (Asteraceae) &#8211; Gemeiner Beifu\u00df<\/a><\/li><\/ul><\/nav><\/div>\n\n\n\n<p>Die <em>Schaffkibbe Werzborre<\/em> ist eine Gruppe engagierter Nieder-R\u00f6derinnen und Nieder-R\u00f6der, die sich der Pflege und Weitergabe eines alten Brauchtums widmet: dem Sammeln und Binden der Werzborre. Diese traditionellen Kr\u00e4uterstr\u00e4u\u00dfe, die am 15. August zu Maria Himmelfahrt geweiht werden, sind tief in der Geschichte unserer Heimat verwurzelt und zeugen von einer engen Verbindung zwischen Natur, Glauben und Volksmedizin.<\/p>\n\n\n<div class=\"wp-block-image\">\n<figure class=\"aligncenter size-large is-resized\"><a href=\"https:\/\/heimatverein-nieder-roden.de\/wp-content\/uploads\/2020\/08\/2014-08-15_AKHNR_Werzborre_Wochenmarkt_IMGP4177-scaled.jpg\"><img decoding=\"async\" width=\"1024\" height=\"768\" src=\"https:\/\/heimatverein-nieder-roden.de\/wp-content\/uploads\/2020\/08\/2014-08-15_AKHNR_Werzborre_Wochenmarkt_IMGP4177-1024x768.jpg\" alt=\"\" class=\"wp-image-2467\" style=\"width:435px;height:auto\" srcset=\"https:\/\/heimatverein-nieder-roden.de\/wp-content\/uploads\/2020\/08\/2014-08-15_AKHNR_Werzborre_Wochenmarkt_IMGP4177-1024x768.jpg 1024w, https:\/\/heimatverein-nieder-roden.de\/wp-content\/uploads\/2020\/08\/2014-08-15_AKHNR_Werzborre_Wochenmarkt_IMGP4177-300x225.jpg 300w, https:\/\/heimatverein-nieder-roden.de\/wp-content\/uploads\/2020\/08\/2014-08-15_AKHNR_Werzborre_Wochenmarkt_IMGP4177-768x576.jpg 768w, https:\/\/heimatverein-nieder-roden.de\/wp-content\/uploads\/2020\/08\/2014-08-15_AKHNR_Werzborre_Wochenmarkt_IMGP4177-1536x1152.jpg 1536w, https:\/\/heimatverein-nieder-roden.de\/wp-content\/uploads\/2020\/08\/2014-08-15_AKHNR_Werzborre_Wochenmarkt_IMGP4177-2048x1536.jpg 2048w, https:\/\/heimatverein-nieder-roden.de\/wp-content\/uploads\/2020\/08\/2014-08-15_AKHNR_Werzborre_Wochenmarkt_IMGP4177-560x420.jpg 560w\" sizes=\"(max-width: 1024px) 100vw, 1024px\" \/><\/a><figcaption class=\"wp-element-caption\">Die Werzborre-Str\u00e4u\u00dfe auf dem Nieder-R\u00f6der Wochenmarkt. \n\u00a9AKHNR\/EGE<\/figcaption><\/figure>\n<\/div>\n\n\n<p>Fr\u00fcher war das Sammeln der Werzborre eine Selbstverst\u00e4ndlichkeit, eine Mischung aus Pflicht, Freude und sozialem Miteinander. Dabei ging es nicht nur um die botanische Vielfalt, sondern auch um das Wissen \u00fcber die Heilkr\u00e4fte der Pflanzen. Die Str\u00e4u\u00dfe wurden nach der Weihe im Stall oder unter dem Dach aufgeh\u00e4ngt, um Schutz zu gew\u00e4hren, und fanden bei der Versorgung von Mensch und Tier Verwendung.<\/p>\n\n\n\n<p>Mit dem Wandel der Zeit geriet diese Tradition jedoch zunehmend in Vergessenheit. Der Arbeitskreis f\u00fcr Heimatkunde Nieder-Roden e.V. hat es sich zur Aufgabe gemacht, das alte Wissen zu bewahren und neu zu beleben. Die <em>Schaffkibbe Werzborre<\/em> tr\u00e4gt dazu bei, indem sie die alten Br\u00e4uche pflegt, die Kenntnisse um die Pflanzen weitergibt und das Sammeln als gemeinschaftliches Erlebnis wieder aufleben l\u00e4sst.<\/p>\n\n\n\n<p>Heute bedeutet Werzborre nicht nur den Erhalt eines alten Brauchs, sondern auch eine bewusste Auseinandersetzung mit der Natur und ihren Sch\u00e4tzen. Unsere regionale Pflanzenwelt ist einzigartig und verdient es, erhalten und genutzt zu werden. Indem wir die Kr\u00e4uter unserer Heimat erkennen und wertsch\u00e4tzen, sch\u00fctzen wir nicht nur ein St\u00fcck Kulturgeschichte, sondern auch die Biodiversit\u00e4t unserer Umgebung.<\/p>\n\n\n\n<p>Wir laden alle Interessierten ein, sich uns anzuschlie\u00dfen \u2013 sei es beim Sammeln der Kr\u00e4uter, beim Binden der Str\u00e4u\u00dfe oder beim Austausch von Wissen \u00fcber die alten Heilpflanzen. Gemeinsam lassen wir die Tradition der Werzborre lebendig bleiben!<\/p>\n\n\n\n<p class=\"has-text-align-center is-style-info\"><strong>Interessiert Sie dieses Thema?<\/strong><br><br><strong>Werden Sie Teil unserer Schaffkibbe Werzborre!<br><br>schreiben Sie uns \u00fcber:<br><br><a href=\"mailto:info@heimatverein-nieder-roden.de?subject=Interesse%20an%20der%20Schaffkibbe%20Werzborre&amp;body=Hallo%2C%0D%0A%0D%0Aich%20habe%20ihre%20Internetseite%20zur%20%22Schaffkibbe%20Werzborre%22%20gesehen%20und%20interessiere%20mich%20daf%C3%BCr.%0D%0A%0D%0AHIER%20K%C3%96NNEN%20SIE%20WEITEREN%20TEXT%20HINEINSCHREIBEN%0D%0A%0D%0AMit%20freundlichem%20Gru%C3%9F%0D%0ANAME\" target=\"_blank\" rel=\"noreferrer noopener\">info@heimatverein-nieder-roden.de<\/a><\/strong><\/p>\n\n\n\n<h1 class=\"wp-block-heading\" id=\"die-werzborre-in-nieder-roden\"><span class=\"ez-toc-section\" id=\"Die_Werzborre_in_Nieder-Roden\"><\/span>Die Werzborre in Nieder-Roden<span class=\"ez-toc-section-end\"><\/span><\/h1>\n\n\n\n<p>Ein Beitrag von Ulrich Biebel (Mitglied des AKHNR)<\/p>\n\n\n\n<hr class=\"wp-block-separator has-css-opacity\"\/>\n\n\n<div class=\"wp-block-image\">\n<figure class=\"aligncenter size-medium\"><img decoding=\"async\" width=\"300\" height=\"201\" src=\"https:\/\/heimatverein-nieder-roden.de\/wp-content\/uploads\/2021\/02\/IMG_5698-300x201.jpg\" alt=\"\" class=\"wp-image-2678\" srcset=\"https:\/\/heimatverein-nieder-roden.de\/wp-content\/uploads\/2021\/02\/IMG_5698-300x201.jpg 300w, https:\/\/heimatverein-nieder-roden.de\/wp-content\/uploads\/2021\/02\/IMG_5698-1024x685.jpg 1024w, https:\/\/heimatverein-nieder-roden.de\/wp-content\/uploads\/2021\/02\/IMG_5698-768x514.jpg 768w, https:\/\/heimatverein-nieder-roden.de\/wp-content\/uploads\/2021\/02\/IMG_5698-1536x1027.jpg 1536w, https:\/\/heimatverein-nieder-roden.de\/wp-content\/uploads\/2021\/02\/IMG_5698-2048x1370.jpg 2048w, https:\/\/heimatverein-nieder-roden.de\/wp-content\/uploads\/2021\/02\/IMG_5698-836x559.jpg 836w, https:\/\/heimatverein-nieder-roden.de\/wp-content\/uploads\/2021\/02\/IMG_5698-560x375.jpg 560w\" sizes=\"(max-width: 300px) 100vw, 300px\" \/><figcaption class=\"wp-element-caption\">Sumpf-Schafgarbe (= &#8222;Wei\u00dfe Raffohne&#8220;), (c) UBI<\/figcaption><\/figure>\n<\/div>\n\n\n<h1 class=\"wp-block-heading\" id=\"die-pflanzen-im-nieder-roder-werzborre\"><span class=\"ez-toc-section\" id=\"Die_Pflanzen_im_Nieder-Roeder_Werzborre\"><\/span>Die Pflanzen im Nieder-R\u00f6der Werzborre<span class=\"ez-toc-section-end\"><\/span><\/h1>\n\n\n\n<p>(alphabetisch und in ihrer lokalen Bezeichnung)<\/p>\n\n\n\n<ol class=\"wp-block-list\">\n<li><a href=\"#Blutsknopf\">Blutsknopf<\/a><\/li>\n\n\n\n<li><a href=\"#Blutskraut\">Blutskraut<\/a><\/li>\n\n\n\n<li><a href=\"#Eisenkraut\">Eisenkraut<\/a><\/li>\n\n\n\n<li><a href=\"#Elisabethenstroh\">Elisabethenstroh<\/a><\/li>\n\n\n\n<li><a href=\"#GelbeRafohne\">Gelbe Rafohne<\/a><\/li>\n\n\n\n<li><a href=\"#Halsgespinskraut\">Halsgespinskraut<\/a>\n<ul class=\"wp-block-list\">\n<li><a href=\"#Herzgespann\">Herzgespann<\/a><\/li>\n<\/ul>\n<\/li>\n\n\n\n<li><a href=\"#Halwegaul\">Halbegaul<\/a><\/li>\n\n\n\n<li><a href=\"#Hartehaad\">Hartehaad (Johanniskraut)<\/a><\/li>\n\n\n\n<li><a href=\"#Liebstengel\">Liebst\u00e4ngel<\/a><\/li>\n\n\n\n<li><a href=\"#Osterlasei\">Osterlazeie<\/a><\/li>\n\n\n\n<li><a href=\"#Wei\u00dfeRafohne\">Wei\u00dfe Rafohne<\/a><\/li>\n\n\n\n<li><a href=\"#Wermut\">Wermut<\/a><\/li>\n<\/ol>\n\n\n\n<h1 class=\"wp-block-heading\" id=\"einleitung\"><span class=\"ez-toc-section\" id=\"Einleitung\"><\/span>Einleitung<span class=\"ez-toc-section-end\"><\/span><\/h1>\n\n\n\n<p><em>(Die vollst\u00e4ndige Seite  zu den Nieder-R\u00f6der Werzborre inklusive vieler weiterf\u00fchrender Links finden Sie hier: <\/em><a rel=\"noreferrer noopener\" aria-label=\"http:\/\/werzborre.de (\u00f6ffnet in neuem Tab)\" href=\"http:\/\/werzborre.de\" target=\"_blank\"><em>http:\/\/werzborre.de<\/em><\/a><em>.)<\/em><\/p>\n\n\n\n<p>Alteingesessene Nieder-R\u00f6der und Nieder-R\u00f6derinnen erinnern sich noch gut an die Zeiten in ihrer Jugend, als das Sammeln der Werzborre im Hochsommer eine Pflicht und auch eine gro\u00dfe Freude war. Es war Ehrensache, alle 12 Kr\u00e4uter zusammen zu bekommen, sei es durch Spazierg\u00e4nge zu den vom Vorjahr bekannten Stellen, sei es durch Tausch. Mitunter soll auch Diebstahl vorgekommen sein. Eine medizinische Verwendung der Str\u00e4u\u00dfe, die an Maria Himmelfahrt am 15. August in der Kirche geweiht wurden, war dagegen wohl eher nicht ihr Anliegen. Sie wurden meistens im Stall oder auch unter dem Dach aufgeh\u00e4ngt um Schaden jedweder Art abzuhalten. Die Angst vor Blitzschlag und Brand war hier noch weitaus begr\u00fcndeter als heute und da man ja nichts anderes tun konnte&#8230;<\/p>\n\n\n\n<p>Etwas handfester war die Verwendung im Stall. Jeder der irgendwie konnte, hatte zu dieser Zeit noch eine Kuh, ein Schwein oder auch andere Nutztiere im Stall. Und der Kr\u00e4uterstrau\u00df wurde im Fall der Erkrankung der Tiere dann als Heilmittel unter das Futter gemischt, wohl eher pauschal als gezielt einzelne Teile daraus je nach Beschwerden. Da man zwar sein Tier kannte, aber es leider nicht fragen konnte, wo es weh tat und auch ein Tierarzt nicht greifbar war, blieb das wohl die einzige praktikable L\u00f6sung. Nach Angabe einer guten Bekannten aus Nieder-Roden wurde aus den Kr\u00e4utern bei Bedarf ein Tee f\u00fcr die K\u00fche gemacht. Der Tee sollte den Tieren gegen &#8222;Bauchweh&#8220; (Verdauungsprobleme) helfen, konnte sie aber auch beim Kalben unterst\u00fctzen (bzw. danach). <\/p>\n\n\n<div class=\"wp-block-image\">\n<figure class=\"alignright is-resized\"><img decoding=\"async\" width=\"681\" height=\"1024\" src=\"https:\/\/heimatverein-nieder-roden.de\/wp-content\/uploads\/2019\/05\/IMG_7703-681x1024.jpg\" alt=\"\" class=\"wp-image-1244\" style=\"width:333px;height:501px\" srcset=\"https:\/\/heimatverein-nieder-roden.de\/wp-content\/uploads\/2019\/05\/IMG_7703-681x1024.jpg 681w, https:\/\/heimatverein-nieder-roden.de\/wp-content\/uploads\/2019\/05\/IMG_7703-200x300.jpg 200w, https:\/\/heimatverein-nieder-roden.de\/wp-content\/uploads\/2019\/05\/IMG_7703-768x1154.jpg 768w, https:\/\/heimatverein-nieder-roden.de\/wp-content\/uploads\/2019\/05\/IMG_7703.jpg 1674w\" sizes=\"(max-width: 681px) 100vw, 681px\" \/><figcaption class=\"wp-element-caption\">Nieder-R\u00f6der Werzborre am Verkaufsstand auf dem Puiseauxplatz.<em>\u00a9 U.Biebel  <\/em> <\/figcaption><\/figure>\n<\/div>\n\n\n<p>Der Arbeitskreis f\u00fcr Heimatkunde Nieder-Roden e.V. (AKHNR), in Rodgau Nieder-Roden, hat seit einigen Jahren begonnen, diese Tradition wiederzubeleben. Das Sammeln der &#8222;Werzborre&#8220;, also der &#8222;Weiheb\u00fcschel&#8220; oder &#8222;Kr\u00e4uterbuschen&#8220;, wie man andernorts auch dazu sagt, war in den davor liegenden Jahrzehnten etwas in Vergessenheit geraten, als Nieder-Rodens Bev\u00f6lkerung sprunghaft angewachsen und das Dorf immer gr\u00f6\u00dfer und zugebauter wurde.<\/p>\n\n\n\n<p>Zu Beginn der Neuzeit am Ausgang des Mittelalters wurde im Zusammenhang mit der Hexenverfolgung auch das Wissen der &#8222;Kr\u00e4uterweiblein&#8220; mit-verbrannt. Wom\u00f6glich war irgendwem das medizinische Wissen der weisen Frauen ein Dorn im Auge, wussten diese doch auch genau mit welchen Pflanzen man eine Schwangerschaft abbrechen konnte. Dass sie mit ihrem Wissen Gutes wie B\u00f6ses erreichen konnten ist unbestreitbar, denn hochgiftige Substanzen finden sich durchaus auch in einheimischen Pflanzen, z.B. im<a rel=\"noreferrer noopener\" href=\"http:\/\/www.botanikus.de\/Botanik3\/Ordnung\/Fingerhut\/fingerhut.html\" target=\"_blank\"> Fingerhut<\/a> = Digitalis, einem auch heute noch verwendeten hochwirksamen Arzneimittel bei Herzproblemen, f\u00fcr Gesunde und falsch dosiert aber sehr gef\u00e4hrlich.<\/p>\n\n\n\n<p>Die Aufnahme der Kr\u00e4uterweihe in den katholischen Ritus zeigt, dass die Kirche durchaus zu sch\u00e4tzen wusste, was da an Volkswissen vorhanden war. Die Umwidmung des heidnischen in einen religi\u00f6sen Brauch in der Verbindung zur Gottesmutter Maria und ihrer Himmelfahrt war da naheliegend. Den religi\u00f6sen Zusammenhang sollte man sich von einem ausgewiesenen Theologen erl\u00e4utern lassen, von selbst erschlie\u00dft er sich nicht so leicht.<\/p>\n\n\n\n<p>Das Weihegebet (Benedictionale) dr\u00fcckt den Zusammenhang wie folgt aus:<\/p>\n\n\n\n<blockquote class=\"wp-block-quote is-layout-flow wp-block-quote-is-layout-flow\">\n<p>Herr, unser Gott, du hast Maria \u00fcber alle Gesch\u00f6pfe erhoben und sie in den Himmel aufgenommen. An ihrem Fest danken wir dir f\u00fcr alle Wunder deiner Sch\u00f6pfung. Durch die Heilkr\u00e4uter und Blumen schenkst du uns Gesundheit und Freude. Segne diese Kr\u00e4uter und Blumen. Sie erinnern uns an deine Herrlichkeit und an den Reichtum deines Lebens. Schenke uns auf die F\u00fcrsprache Mariens dein Heil. Lass uns zur ewigen Gemeinschaft mit dir gelangen und dereinst einstimmen in das Lob der ganzen Sch\u00f6pfung, die dich preist durch deinen Sohn Jesus Christus in alle Ewigkeit. Amen <\/p>\n<cite> Weihegebet (Benedictionale)<\/cite><\/blockquote>\n\n\n<div class=\"wp-block-image\">\n<figure class=\"aligncenter is-resized\"><img decoding=\"async\" width=\"768\" height=\"1024\" src=\"https:\/\/heimatverein-nieder-roden.de\/wp-content\/uploads\/2019\/05\/IMG_7841-768x1024.jpg\" alt=\"\" class=\"wp-image-1245\" style=\"width:388px;height:517px\" srcset=\"https:\/\/heimatverein-nieder-roden.de\/wp-content\/uploads\/2019\/05\/IMG_7841-768x1024.jpg 768w, https:\/\/heimatverein-nieder-roden.de\/wp-content\/uploads\/2019\/05\/IMG_7841-225x300.jpg 225w\" sizes=\"(max-width: 768px) 100vw, 768px\" \/><figcaption class=\"wp-element-caption\">W\u00fcrzstrau\u00df vor einem Marienbild in Hanneberg (Franken)  <br><em>\u00a9 U.Biebel<\/em>  <\/figcaption><\/figure>\n<\/div>\n\n\n<p>Das Datum der Weihe erkl\u00e4rt sich durch die Vegetationsperiode der Pflanzen. Im Hochsommer stehen fast alle Pflanzen in vollem Saft und haben daher besonders viele heilkr\u00e4ftige Substanzen angesammelt. Dass es schon ein wichtiger Anlass war, wird dadurch angezeigt, dass es der Feiertag Maria Himmelfahrt ist, zu dem die Str\u00e4u\u00dfe geweiht werden. Und auch der Zusammenhang zur Mutter Gottes, die als Remineszenz an eine Muttergottheit angesehen werden kann erhellt sich beim Thema Naturheilkunde zwanglos (\u201eMutter Natur\u201c, Fruchtbarkeitssymbol).<\/p>\n\n\n\n<p>Die aufkommende Naturwissenschaften der Neuzeit verwarfen Vieles, was an Brauchtum da war, als Aberglaube. Damit wurde aber das Kind mit dem Bade ausgesch\u00fcttet. Doch blieben in Nieder-Roden die Werzborre, auch nachdem die Nutztiere weitgehend abgeschafft worden waren, als Mittel gegen Blitzschlag im Einsatz, auch ohne dass jemand die einzelnen Heilwirkungen der Pflanzen f\u00fcr den Menschen noch w\u00fcsste. <\/p>\n\n\n\n<p>Warum es Heilpflanzen auch in der heutigen Medizin noch schwer haben, hat aber andere Gr\u00fcnde. Ihre Verwendung ben\u00f6tigt eine ungew\u00f6hnliche Art von Heilwissen, die durch die universit\u00e4re Ausbildung nicht geleistet werden kann, da sie nicht universell und streng systematisch lehrbar ist. Heilpflanzen wachsen in verschiedenen Gegenden und zu verschiedenen Jahreszeiten. Dies allein gen\u00fcgt, um eine zentrale Ausbildung f\u00fcr den Heilkundigen vor Ort unpraktikabel zu machen. Wenn heute ein Kranker bei der weisen \u201eKr\u00e4uterhexe\u201c seines Vertrauens um Rat fragt, muss sie wissen, was zurzeit hier gerade an passenden Pflanzen w\u00e4chst, nicht etwas, das zwar hochwirksam, aber nicht zu bekommen ist, weil es anderswo oder zu einer anderen Jahreszeit w\u00e4chst. Solch eine Medizin ist zudem kaum kommerzialisierbar, allenfalls in Form von Heiltees, die man dementsprechend heute auch in der Apotheke das ganze Jahr \u00fcber (teuer) erwerben kann.<\/p>\n\n\n\n<p>W\u00fcssten wir mehr \u00fcber unsere heimischen Pflanzen, w\u00fcrden wir uns viel Geld sparen k\u00f6nnen, solange es nur darum geht, einen Erk\u00e4ltungstee zu machen, Bauchweh zu vertreiben oder etwas zur Beruhigung vor dem Einschlafen zu haben. Dazu wachsen gen\u00fcgend Helfer vor der eigenen Haust\u00fcre. Zumindest taten sie das noch bis vor gar nicht langer Zeit. Wenn wir w\u00fcssten, was wir hier an Sch\u00e4tzen besitzen, w\u00fcrden die Grundst\u00fccke, die sie beherbergen wahrscheinlich auch nicht so sorglos als Bau- oder Industrieland verscherbelt.<\/p>\n\n\n\n<p>Der Sammlung der Nieder-R\u00f6der Werzborre sieht man ihre lokale Geschichte an. Nicht nur, dass selbstverst\u00e4ndlich hier andere Pflanzen gesammelt und geweiht werden als in anderen D\u00f6rfern (z.B. im Spessart). Das ergibt sich aus der lokalen Flora und Fauna. Wenn es darum ginge, m\u00f6glichst bestimmte Pflanzen zu finden, die bei allen Christen dieselben sind, w\u00e4re das wohl schon machbar, Kosmopoliten gibt es auch bei Pflanzen. Aber das ist eben nicht das Ziel. Maria ist da gro\u00dfz\u00fcgig. Es geht ihr (das hei\u00dft, es ging bei dem Brauch) wohl von Anfang an nicht um bestimmte Kr\u00e4uter, sondern um die bestimmten Wirkungen. Und da werden traditionell solche Kr\u00e4uter gesammelt, die besondere Wirkungen hervorrufen. <\/p>\n\n\n\n<p>Je nach Region werden also unterschiedliche Kr\u00e4uter gesammelt. Die ben\u00f6tigte Zahl an Pflanzen ist ebenfalls nicht einheitlich. Dass es eine magische Zahl sein muss, liegt evtl. in alter Zahlenmystik begr\u00fcndet, kam aber vielleicht auch erst durch das Christentum hinzu. Mal sind es neun, mal 12, oder noch viel mehr Kr\u00e4uter, die gesammelt werden m\u00fcssen (vgl. hierzu auch den Eintrag in Wikipedia unter &#8222;<a href=\"https:\/\/de.wikipedia.org\/wiki\/W\u00fcrzb\u00fcschel\">W\u00fcrzb\u00fcschel<\/a>&#8222;). Hier spiegelt sich auch die lokale Geschichte wider. Die Tradition musste ja von engagierten Menschen vor Ort erhalten werden, und nur wenn es da besonders kluge K\u00f6pfe gab, die sich auf die Pflanzen\u00adheilkunde verstanden, dann konnten sie ihr Wissen auf diese Weise kulturell sichern. Gerade in Zeiten, in denen das Volk nicht lesen und schreiben konnte, waren die Kr\u00e4uterstr\u00e4u\u00dfe eine M\u00f6glichkeit f\u00fcr die erfolgreiche Tradierung von Wissen \u00fcber n\u00fctzliche Pflanzen. <\/p>\n\n\n<div class=\"wp-block-image\">\n<figure class=\"alignleft is-resized\"><img decoding=\"async\" width=\"354\" height=\"580\" src=\"https:\/\/heimatverein-nieder-roden.de\/wp-content\/uploads\/2019\/05\/hartehaad_gart_m.jpg\" alt=\"\" class=\"wp-image-1236\" style=\"width:240px;height:392px\" srcset=\"https:\/\/heimatverein-nieder-roden.de\/wp-content\/uploads\/2019\/05\/hartehaad_gart_m.jpg 354w, https:\/\/heimatverein-nieder-roden.de\/wp-content\/uploads\/2019\/05\/hartehaad_gart_m-183x300.jpg 183w\" sizes=\"(max-width: 354px) 100vw, 354px\" \/><figcaption class=\"wp-element-caption\">Johanniskraut-Abbildung im &#8222;Gart der Gesundheit&#8220; <\/figcaption><\/figure>\n<\/div>\n\n\n<p>Selbst wenn die meisten Verwender nicht wussten, was die Wirkungen der einzelnen Pflanzen waren oder es sich nur f\u00fcr kurze Zeit merken konnten: schon die Tatsache allein ist bedeutsam, dass sie wussten, dass es bestimmte Heilpflanzen gibt und wo diese jeweils zu finden sind. Ein Heilkundiger konnte dann den Tipp geben: Sammle <a rel=\"noreferrer noopener\" href=\"http:\/\/werzborre.de\/html\/hartehaad.html\" target=\"_blank\">Johanniskraut<\/a> und mache daraus einen Tee, den Du jeden Tag dreimal trinkst. Mit dieser Anweisung k\u00f6nnen heute die meisten Menschen schon nichts mehr anfangen, obwohl sie vielleicht jahrelang beim Spazierengehen an einer Menge Johannis\u00adkrautpflanzen vorbeigekommen sind. <\/p>\n\n\n\n<p>Wenn Heilwirkungen dieser Pflanzen heute experimentell belegt werden, muss ich immer erstaunt feststellen, dass ich keinerlei Vorstellung habe, auf welche Weise unsere Altvorderen dieses Wissen erworben haben k\u00f6nnten. Experimente im modernen Sinn haben sie sicher nicht gemacht. Es muss ein \u00fcber Jahrhunderte langsam angesammeltes und kollektiv m\u00fcndlich weitergegebenes Wissen sein. Dass dabei mitunter auch schriftliche Zeugnisse eine Rolle spielten ist unbestritten. Hildegard von Bingen schrieb bereits um das Jahr 1150 ein ma\u00dfgebliches Buch zur Heilkunde. Es kann jedoch bezweifelt werden, dass je ein Nieder-R\u00f6der au\u00dfer evtl. dem Pfarrer darin gelesen h\u00e4tte. Nach Auskunft von Pfarrer Grittner ist es auch eher unwahrscheinlich, dass die Ordensschwestern (und in Nieder-Roden gab es noch bis 1983 die Schwestern der g\u00f6ttlichen Vorsehung) die Tr\u00e4ger des Kr\u00e4uterwissens waren, zumindest nicht mehr zu seiner aktiven Zeit in Nieder-Roden. Sie sammelten anscheinend nicht einmal die Werzborre. Das war ausschlie\u00dflich die Sache der alteingesessenen Nieder-R\u00f6der(innen). Ein ber\u00fchmtes und ausf\u00fchrliches deutsches Kr\u00e4uterbuch stammt von 1485. Es ist der <a rel=\"noreferrer noopener\" href=\"http:\/\/tudigit.ulb.tu-darmstadt.de\/show\/inc-iv-204\" target=\"_blank\">&#8222;Gart der Gesundheit&#8220;<\/a> und enth\u00e4lt auch viele der im Werzborre enthaltenen Pflanzen zusammen mit ausf\u00fchrlichen Beschreibungen \u00fcber deren Wirkungsweise.<\/p>\n\n\n\n<p>In einigen der Werzborre- Pflanzen finden sich ganz konkrete Spuren Niederrodener Heimatgeschichte. So geh\u00f6rt traditionell in unserem Ort die <a rel=\"noreferrer noopener\" href=\"http:\/\/werzborre.de\/html\/weisse_rafohne.html\" target=\"_blank\">Sumpfschafgarbe<\/a> in den Strau\u00df der Werzborre. Hier nennt man sie die &#8222;Wei\u00dfe Rafohne&#8220;. Eine Pflanze, die den Sammler heute vor arge Probleme stellt, denn weder Sumpf noch die entsprechende Schafgarbe finden sich noch in gr\u00f6\u00dferen Mengen.<\/p>\n\n\n<div class=\"wp-block-image\">\n<figure class=\"alignright is-resized\"><img decoding=\"async\" width=\"592\" height=\"690\" src=\"https:\/\/heimatverein-nieder-roden.de\/wp-content\/uploads\/2019\/05\/schafgarbe_gart_da.jpg\" alt=\"\" class=\"wp-image-1237\" style=\"width:287px;height:335px\" srcset=\"https:\/\/heimatverein-nieder-roden.de\/wp-content\/uploads\/2019\/05\/schafgarbe_gart_da.jpg 592w, https:\/\/heimatverein-nieder-roden.de\/wp-content\/uploads\/2019\/05\/schafgarbe_gart_da-257x300.jpg 257w\" sizes=\"(max-width: 592px) 100vw, 592px\" \/><figcaption class=\"wp-element-caption\">Bild einer  gemeinen Schafgarbe im <br>&#8222;Gart der Gesundheit&#8220;.<\/figcaption><\/figure>\n<\/div>\n\n\n<p>Einstmals, und das ist nicht allzu lange her, war aber Nieder-Roden ringsum sumpfig und von Seen umgeben. Ein gutes Zeugnis davon gibt das Flurnamenbuch von Karl Pohl, welches der AKHNR in der Reihe der &#8222;Nieder-R\u00f6der Heimatbibliothek&#8220; herausgegeben hat. Nach den gro\u00dfen Trockenlegungsaktionen im 20. Jahrhundert wurden die \u00c4cker zwar fruchtbarer, denn sie &#8222;soffen nicht mehr ab&#8220;, aber einige vormals typische Eigenschaften der heimatlichen Landschaft verschwanden auch. Neben der Sumpfschafgarbe waren das auch die Fr\u00f6sche und Molche in den Wiesent\u00fcmpeln und in der Folge dann die St\u00f6rche, die hier heute nichts mehr zu fressen finden. Stattdessen findet man nun die gew\u00f6hnliche Schafgarbe in gro\u00dfer Zahl, da sie trockene B\u00f6den bevorzugt. Deshalb: Sammeln Sie lieber die gemeine Schafgarbe; es ist ganz im Sinne der W\u00fcrzb\u00fcrde-Idee. Sie wirkt auch gut. <\/p>\n\n\n<div class=\"wp-block-image\">\n<figure class=\"alignleft is-resized\"><img decoding=\"async\" width=\"614\" height=\"1024\" src=\"http:\/\/heimatverein-nieder-roden.de\/wp-content\/uploads\/2019\/05\/20160813_171206-e1557502982922-614x1024.jpg\" alt=\"\" class=\"wp-image-1242\" style=\"width:281px;height:470px\" srcset=\"https:\/\/heimatverein-nieder-roden.de\/wp-content\/uploads\/2019\/05\/20160813_171206-e1557502982922-614x1024.jpg 614w, https:\/\/heimatverein-nieder-roden.de\/wp-content\/uploads\/2019\/05\/20160813_171206-e1557502982922-180x300.jpg 180w, https:\/\/heimatverein-nieder-roden.de\/wp-content\/uploads\/2019\/05\/20160813_171206-e1557502982922-768x1280.jpg 768w, https:\/\/heimatverein-nieder-roden.de\/wp-content\/uploads\/2019\/05\/20160813_171206-e1557502982922.jpg 1536w\" sizes=\"(max-width: 614px) 100vw, 614px\" \/><figcaption class=\"wp-element-caption\">Blutskraut im Hof des Heimatmuseums, selbst ausges\u00e4t durch das dortige Binden der Str\u00e4u\u00dfe. <em>\u00a9 U.Biebel  <\/em> <\/figcaption><\/figure>\n<\/div>\n\n\n<p>Oft kann man zu den historischen Einwirkungen auf die Auswahl der Pflanzen nur Mutma\u00dfungen anstellen. Eine solche Mutma\u00dfung ist verbunden mit dem sch\u00f6nen roten <a rel=\"noreferrer noopener\" href=\"http:\/\/werzborre.de\/html\/blutskraut.html\" target=\"_blank\">Blutskraut<\/a>. Diese Pflanze, auch Fuchsschwanz genannt, ist eine aus S\u00fcdamerika bzw. Indien eingeb\u00fcrgerte Art. Das hei\u00dft, sie kann erst relativ sp\u00e4t in den Strau\u00df aufgenommen worden sein. Man findet sie allerdings in vielen W\u00fcrzstr\u00e4u\u00dfen, nicht nur in Nieder-Roden. Das ist insofern verwunderlich, da sie heute nur als Zierpflanze in den G\u00e4rten auftaucht. Das mag auch der Hauptgrund sein, dass sie \u00fcberhaupt in den Strau\u00df kam, denn auch das Auge m\u00f6chte zu seinem Recht kommen. Und wirklich: dieser Fuchsschwanz ziert ungemein und vor allem fast unbegrenzt lange, denn die besondere Eigenschaft dieses Krautes ist es, dass sie nicht verwelkt und immer sch\u00f6n rot bleibt. Schon der lateinische Name Amaranthus (= welkt nicht) besagt dies. Dass diese Pflanze auch schon bei den Ureinwohnern von Mittel- und S\u00fcdamerika sehr beliebt war steht auf einem anderen Blatt. Sie haben ihn als Nahrung gesch\u00e4tzt. Ein naher Verwandter dieser Hirse wird heute wieder in den L\u00e4den verkauft, als Quinoa, netterweise auch im Eine-Welt-Laden im Kirchturm, wiewohl kaum einer der Ein- oder Verk\u00e4ufer bislang diese Beziehung kennt. Aber auch Amarant kann man in gut sortierten Gesch\u00e4ften finden. Die Samen werden heutzutage besonders in Mittelamerika angebaut und verwendet. In Afrika werden vor allem die Bl\u00e4tter als Gem\u00fcse (\u00e4hnlich Spinat) gegessen (<a href=\"https:\/\/www.prota4u.org\/database\/protav8.asp?&amp;g=pe&amp;p=Amaranthus+cruentus+L.\">Quelle<\/a>). Wer viel Blutskraut im Garten hat, kann ihn im Herbst auch ernten und die kleinen schwarzen Samen als leckere und ungew\u00f6hnliche Beilage zubereiten.<\/p>\n\n\n\n<p><\/p>\n\n\n<div class=\"wp-block-image\">\n<figure class=\"alignleft is-resized\"><img decoding=\"async\" width=\"566\" height=\"668\" src=\"https:\/\/heimatverein-nieder-roden.de\/wp-content\/uploads\/2019\/05\/herzgespann_gart_da.jpg\" alt=\"\" class=\"wp-image-1239\" style=\"width:354px;height:418px\" srcset=\"https:\/\/heimatverein-nieder-roden.de\/wp-content\/uploads\/2019\/05\/herzgespann_gart_da.jpg 566w, https:\/\/heimatverein-nieder-roden.de\/wp-content\/uploads\/2019\/05\/herzgespann_gart_da-254x300.jpg 254w\" sizes=\"(max-width: 566px) 100vw, 566px\" \/><figcaption class=\"wp-element-caption\">Herzgespann im &#8222;Gart der Gesundheit&#8220;<\/figcaption><\/figure>\n<\/div>\n\n\n<p>Eine andere merkw\u00fcrdige Geschichte erz\u00e4hlt das <a rel=\"noreferrer noopener\" href=\"http:\/\/werzborre.de\/html\/herzgespann.html\" target=\"_blank\">&#8222;Herzgespann&#8220;<\/a> &#8211; eine Pflanze, die schon im Namen ihre potenzielle Heilkraft bei Herzbeschwerden tr\u00e4gt. Dieses Kraut muss kurz nach dem Krieg in oder um Nieder-Roden durchaus noch so h\u00e4ufig wie heute die Brennnessel gewesen sein. Sie schm\u00fcckte auch die Bauerng\u00e4rten. Doch schon seit L\u00e4ngerem findet man sie nicht mehr. Sie scheint in unserer Gegend fast g\u00e4nzlich verschwunden. Auch andernorts gilt sie schon seit einiger Zeit als gef\u00e4hrdet. Die Nieder-R\u00f6der waren allerdings auch zu diesen neueren Zeiten noch kr\u00e4uterkundig genug, um sie durch eine andere Pflanze zu ersetzen, die nicht nur \u00e4hnlich aussieht sondern ebenfalls Heilwirkungen hat, dem <a rel=\"noreferrer noopener\" href=\"http:\/\/werzborre.de\/html\/halsgespinskraut.html\" target=\"_blank\">Wolfstrapp, <\/a>der in Nieder-Roden auch &#8222;Halsgespinskraut&#8220; hei\u00dft (Andere nennen es auch Halsgespannskraut). Das w\u00e4re allein schon bemerkenswert. Wirklich erstaunlich finde ich aber, dass die &#8222;Ersatzdroge&#8220; Wolfstrapp teilweise vergleichbare Anwendungsgebiete hat und das, obwohl doch angeblich schon lange niemand mehr die Werzborre tats\u00e4chlich als Heilmittel eingesetzt hatte. Es w\u00e4re spannend zu erfahren, wer diese Entscheidung traf und wann. Andererseits w\u00e4re es auch von gro\u00dfem \u00f6kologischem Interesse, warum das Herzgespann bei und so gr\u00fcndlich verschwunden ist. In Ostdeutschland findet man es noch fl\u00e4chendeckend  (<a href=\"http:\/\/www.floraweb.de\/webkarten\/karte.html?taxnr=3359\">Quelle<\/a>). <br>Wer Interesse hat diese interessante und bei Bienen und Hummeln sehr beliebte Pflanze wieder anzusiedeln, kann bei mir gern Ableger und Samen zur Nachzucht im eigenen Garten bekommen. <\/p>\n\n\n\n<p>Die folgenden Informationen zur Heilwirkung der Pflanzen stammen nur zum kleinen Teil von mir, wiewohl ich die Fotografien fast alle in der n\u00e4heren Umgebung von Nieder-Roden selbst gemacht habe. Die Zeichnungen stammen aus alten Botanikb\u00fcchern, die gemeinfrei im Internet zu finden sind. An einigen Stellen habe ich Abbildungen und Texte aus einem uralten Kr\u00e4uterbuch von 1484 aufgenommen, das frei zug\u00e4nglich im Internet abrufbar ist. Da ich leider kein Latein kann w\u00fcrde ich mich freuen, wenn sich jemand f\u00e4nde, der sie \u00fcbersetzten kann. Die Bilder zu diesem alten Kr\u00e4uterbuch sind \u00fcbrigens auf den ersten Blick haarstr\u00e4ubend schlecht. Danach w\u00fcrde niemand die Pflanzen in der Natur finden und erkennen k\u00f6nnen, der nicht sowieso wei\u00df, was er sucht. Der einfache Grund f\u00fcr diese Schw\u00e4che ist wohl der Folgende: Hier wurde von einem Schreiber ein \u00e4lteres Werk stur kopiert.<\/p>\n\n\n\n<p>Der Schreiber hatte offenbar kein Ahnung von Botanik, was aber bei beim Abschreiben von  Buchstaben nichts ausmacht. Im Grunde musste er noch nicht einmal Latein k\u00f6nnen, er musste ja nur sch\u00f6n die Schriftzeichen abmalen. Die Symbolkraft der Buchstaben und die Redundanz der Sprache erlauben es hier dennoch den Sinn weitgehend unver\u00e4ndert zu erhalten. Beim Abzeichnen einer Pflanze ohne echte Vorlage allerdings schleichen sich bei jedem Kopiervorgang neue Fehler ein, bis die Form v\u00f6llig entstellt ist. Im digitalen Zeitalter von &#8222;copy und paste&#8220; ist wenigstens dieses Problem nicht mehr vorhanden. Gerade darum m\u00f6chte ich darum bitten, dass alles, was Sie hier heraus kopieren wollen, als Zitat kenntlich machen. Das ist auch in Ihrem Sinne. Dann werden meine Fehler wenigstens nicht auch noch zu den Ihren.<\/p>\n\n\n\n<p>Alle Angaben zur Heilwirkung stammen aus einem grandiosen <a rel=\"noreferrer noopener\" href=\"http:\/\/heilfastenkur.de\/buch-4-Das-grosse-Lexikon-der-Heilpflanzen.htm\" target=\"_blank\">Standardwerk zur Pflanzenheilkunde des Engl\u00e4nders Andrew Chevallier<\/a>. Das Buch ist vergriffen aber antiquarisch erh\u00e4ltlich. Wenn Sie sich daf\u00fcr interessieren: Es ist in der<a rel=\"noreferrer noopener\" href=\"http:\/\/ri.roedermark.de\/webopacrodgau\/App\/Pages\/webopac\/vdetails.aspx?detail=true&amp;nr=5213&amp;adaptor=RODGAU\" target=\"_blank\"> Nieder-R\u00f6der Stadtbibliothek <\/a>am Puiseaux-Platz ausleihbar. <br>WICHTIG:  <br>Sie  sollten die Informationen zur Wirkung niemals als alleinige Quelle f\u00fcr  gesundheitsbezogene Entscheidungen verwenden! Bei gesundheitlichen Beschwerden fragen Sie Ihren Arzt oder Apotheker! Bei Erkrankungen von Tieren konsultieren Sie einen Tierarzt! <\/p>\n\n\n\n<p>Viel Spa\u00df nun beim Lesen und Sammeln w\u00fcnscht<\/p>\n\n\n\n<p>Ulrich Biebel<\/p>\n\n\n\n<hr class=\"wp-block-separator has-css-opacity is-style-wide\"\/>\n\n\n\n<h1 class=\"wp-block-heading\" id=\"Blutsknopf\"><span class=\"ez-toc-section\" id=\"Blutsknopf_%E2%80%93_Sanguisorba_officinalis_%E2%80%93_Grosser_Wiesenknopf\"><\/span>Blutsknopf &#8211; Sanguisorba officinalis &#8211; <br>Gro\u00dfer Wiesenknopf<span class=\"ez-toc-section-end\"><\/span><\/h1>\n\n\n\n<p>Der gro\u00dfe Wiesenknopf ist nicht nur gesund, sondern auch ein Leckerbissen f\u00fcr das Weidevieh. Nicht zuletzt deshalb wurde er wohl in den Strauch aufgenommen. F\u00fcr den Einsatz in der Heilkunde ist allerdings auch die Wurzel von Bedeutung. <\/p>\n\n\n\n<figure class=\"wp-block-gallery has-nested-images columns-default is-cropped wp-block-gallery-1 is-layout-flex wp-block-gallery-is-layout-flex\">\n<figure class=\"wp-block-image size-large\"><a href=\"https:\/\/heimatverein-nieder-roden.de\/wp-content\/uploads\/2019\/04\/blutsknopf_detail.jpg\"><img decoding=\"async\" width=\"768\" height=\"1024\" data-id=\"1029\" src=\"https:\/\/heimatverein-nieder-roden.de\/wp-content\/uploads\/2019\/04\/blutsknopf_detail-768x1024.jpg\" alt=\"\" class=\"wp-image-1029\" srcset=\"https:\/\/heimatverein-nieder-roden.de\/wp-content\/uploads\/2019\/04\/blutsknopf_detail-768x1024.jpg 768w, https:\/\/heimatverein-nieder-roden.de\/wp-content\/uploads\/2019\/04\/blutsknopf_detail-225x300.jpg 225w, https:\/\/heimatverein-nieder-roden.de\/wp-content\/uploads\/2019\/04\/blutsknopf_detail.jpg 912w\" sizes=\"(max-width: 768px) 100vw, 768px\" \/><\/a><figcaption class=\"wp-element-caption\">Detailaufnahme des Gro\u00dfen Wiesenknopfes, \u00a9 U.Biebel <\/figcaption><\/figure>\n\n\n\n<figure class=\"wp-block-image size-large\"><a href=\"https:\/\/heimatverein-nieder-roden.de\/wp-content\/uploads\/2019\/04\/blutsknopf_zeichnung.jpg\"><img decoding=\"async\" width=\"684\" height=\"1024\" data-id=\"1031\" src=\"https:\/\/heimatverein-nieder-roden.de\/wp-content\/uploads\/2019\/04\/blutsknopf_zeichnung-684x1024.jpg\" alt=\"\" class=\"wp-image-1031\" srcset=\"https:\/\/heimatverein-nieder-roden.de\/wp-content\/uploads\/2019\/04\/blutsknopf_zeichnung-684x1024.jpg 684w, https:\/\/heimatverein-nieder-roden.de\/wp-content\/uploads\/2019\/04\/blutsknopf_zeichnung-200x300.jpg 200w, https:\/\/heimatverein-nieder-roden.de\/wp-content\/uploads\/2019\/04\/blutsknopf_zeichnung-768x1151.jpg 768w, https:\/\/heimatverein-nieder-roden.de\/wp-content\/uploads\/2019\/04\/blutsknopf_zeichnung.jpg 801w\" sizes=\"(max-width: 684px) 100vw, 684px\" \/><\/a><figcaption class=\"wp-element-caption\">Zeichnung des Blutsknopfes.<\/figcaption><\/figure>\n\n\n\n<figure class=\"wp-block-image size-large\"><a href=\"https:\/\/heimatverein-nieder-roden.de\/wp-content\/uploads\/2019\/05\/IMG_7662.jpg\"><img decoding=\"async\" width=\"768\" height=\"1024\" data-id=\"1264\" src=\"https:\/\/heimatverein-nieder-roden.de\/wp-content\/uploads\/2019\/05\/IMG_7662-768x1024.jpg\" alt=\"\" class=\"wp-image-1264\" srcset=\"https:\/\/heimatverein-nieder-roden.de\/wp-content\/uploads\/2019\/05\/IMG_7662-768x1024.jpg 768w, https:\/\/heimatverein-nieder-roden.de\/wp-content\/uploads\/2019\/05\/IMG_7662-225x300.jpg 225w\" sizes=\"(max-width: 768px) 100vw, 768px\" \/><\/a><figcaption class=\"wp-element-caption\">Blutskneppschewiese bei Nieder-Roden  <br> \u00a9 U.Biebel <\/figcaption><\/figure>\n<\/figure>\n\n\n\n<h3 class=\"wp-block-heading\" id=\"beschreibung\">Beschreibung:<\/h3>\n\n\n\n<p>Mehrj\u00e4hrige, bis zu 60 cm hohe Pflanze mit langstieligen, meist dreizehnz\u00e4hligen Fiederbl\u00e4ttern und kugeligen dunkelroten Bl\u00fctenst\u00e4nden.<\/p>\n\n\n\n<h3 class=\"wp-block-heading\" id=\"verbreitung-anbau\">Verbreitung &amp; Anbau:<\/h3>\n\n\n\n<p>Heimisch in Europa, Nordafrika und den gem\u00e4\u00dfigten Klimaregionen Asiens, w\u00e4chst auf feuchten Wiesen, besonders im Bergland; als Futterpflanze und Salatkraut angebaut. Ernte im Sommer.<\/p>\n\n\n\n<h3 class=\"wp-block-heading\" id=\"verwendete-teile\">Verwendete Teile:<\/h3>\n\n\n\n<p>Spro\u00dfteile, Wurzel. Inhaltsstoffe: Gerbstoffe, Sanguisorbin (ein Triterpen) und Gummen.<\/p>\n\n\n\n<h3 class=\"wp-block-heading\" id=\"geschichte-brauchtum\">Geschichte &amp; Brauchtum:<\/h3>\n\n\n\n<p>Wiesenknopf ist in Europa schon seit langem als Futterpflanze und Zutat beim Bierbrauen genutzt worden. Wie der lateinische Name andeutet, hat man ihn auch zur Wundheilung verwendet: sanguis bedeutet \u00bbBlut\u00ab; sorbeo \u00bbich schl\u00fcrfe ein\u00ab.<\/p>\n\n\n\n<h3 class=\"wp-block-heading\" id=\"medizinische-wirkung-anwendung\">Medizinische Wirkung &amp; Anwendung:<\/h3>\n\n\n\n<p>Auch heute noch dient der Gro\u00dfe Wiesenknopf zum Stillen oder Verlangsamen einer Blutung.<\/p>\n\n\n\n<p>Bei starken Perioden- und Geb\u00e4rmutterblutun\u00adgen wendet man ihn sowohl in der europ\u00e4ischen als auch in der chinesischen Volksmedizin innerlich an. Eine Lotion oder Salbe wirkt \u00e4u\u00dferlich bei H\u00e4morrhoiden, Verbrennungen, Wunden und Ekzemen. Als adstringierende Arzneipflanze wird Wiesenknopf bei verschiedenen Magen-Darm-Beschwerden eingesetzt, so bei Durchfall, Ruhr und chronischer Dickdarmentz\u00fcndung, insbesondere mit Blutungen.<\/p>\n\n\n\n<h3 class=\"wp-block-heading\" id=\"forschungsergebnisse\">Forschungsergebnisse:<\/h3>\n\n\n\n<p>Nach chinesischen Untersuchungen soll die ganze Pflanze bei Verbrennungen wirksamer sein als der daraus isolierte Gerbstoffextrakt. Patienten mit Ekzem zeigten nach Behandlung mit einer Salbe aus Sanguisorba-Wurzel und Vaseline deutliche Besserung.<\/p>\n\n\n\n<p>Quelle: Chevallier, S.165.<\/p>\n\n\n\n<hr class=\"wp-block-separator has-css-opacity is-style-wide\"\/>\n\n\n\n<h1 class=\"wp-block-heading\" id=\"Blutskraut\"><span class=\"ez-toc-section\" id=\"Blutskraut_%E2%80%93_Amaranthus_cruentus_%E2%80%93_Fuchsschwanz_oder_Roter_Hirsen_Amarant\"><\/span>Blutskraut &#8211; Amaranthus cruentus &#8211; Fuchsschwanz oder Roter Hirsen, Amarant<span class=\"ez-toc-section-end\"><\/span><\/h1>\n\n\n\n<p>Es gibt vom Blutskraut verschiedene Gartenformen, wie Amaranthus cruentus, A. hypochondriacus oder A. caudatus. <\/p>\n\n\n\n<figure class=\"wp-block-gallery has-nested-images columns-default is-cropped wp-block-gallery-2 is-layout-flex wp-block-gallery-is-layout-flex\">\n<figure class=\"wp-block-image size-large\"><a href=\"https:\/\/heimatverein-nieder-roden.de\/wp-content\/uploads\/2019\/04\/blutskraut_ganz.jpg\"><img decoding=\"async\" width=\"768\" height=\"1024\" data-id=\"1036\" src=\"https:\/\/heimatverein-nieder-roden.de\/wp-content\/uploads\/2019\/04\/blutskraut_ganz-768x1024.jpg\" alt=\"\" class=\"wp-image-1036\" srcset=\"https:\/\/heimatverein-nieder-roden.de\/wp-content\/uploads\/2019\/04\/blutskraut_ganz-768x1024.jpg 768w, https:\/\/heimatverein-nieder-roden.de\/wp-content\/uploads\/2019\/04\/blutskraut_ganz-225x300.jpg 225w\" sizes=\"(max-width: 768px) 100vw, 768px\" \/><\/a><figcaption class=\"wp-element-caption\"> <br>Blutskraut Detailaufnahme  <br>\u00a9 U.Biebel <\/figcaption><\/figure>\n\n\n\n<figure class=\"wp-block-image size-large\"><a href=\"https:\/\/heimatverein-nieder-roden.de\/wp-content\/uploads\/2019\/04\/blutskraut_im_garten.jpg\"><img decoding=\"async\" width=\"768\" height=\"1024\" data-id=\"1037\" src=\"https:\/\/heimatverein-nieder-roden.de\/wp-content\/uploads\/2019\/04\/blutskraut_im_garten-768x1024.jpg\" alt=\"\" class=\"wp-image-1037\" srcset=\"https:\/\/heimatverein-nieder-roden.de\/wp-content\/uploads\/2019\/04\/blutskraut_im_garten-768x1024.jpg 768w, https:\/\/heimatverein-nieder-roden.de\/wp-content\/uploads\/2019\/04\/blutskraut_im_garten-225x300.jpg 225w\" sizes=\"(max-width: 768px) 100vw, 768px\" \/><\/a><figcaption class=\"wp-element-caption\"> <br>Blutskraut im Kleingarten  <br>\u00a9 U.Biebel <\/figcaption><\/figure>\n<\/figure>\n\n\n\n<p>Blutskraut oder auch Amarant zeichnet sich durch seine langlebigen Bl\u00fcten aus (griechisch: &#8222;ich verwelke nicht&#8220;). Das \u201eBlutskraut\u201c im Werzborre muss rot sein, daher werden gern die Zierformen und Zuchtformen verwendet. Diese schm\u00fccken ungemein. Sie vermehren sich durch Aussaat der Samen und kommen in vielen G\u00e4rten Jahr f\u00fcr Jahr von selbst wieder. Wer sie (noch) nicht im Garten hat, muss auf die auf Feldern wachsende gr\u00fcne Art Amaranthus retroflexus ausweichen (siehe Bild unten). Sie hat ebenfalls sehr ergiebige langlebige Bl\u00fcten- bzw. Fruchtst\u00e4nde. Samen f\u00fcr die Nachzucht k\u00f6nnen bei Sie auch mir bekommen. <\/p>\n\n\n\n<figure class=\"wp-block-gallery has-nested-images columns-default is-cropped wp-block-gallery-3 is-layout-flex wp-block-gallery-is-layout-flex\">\n<figure class=\"wp-block-image size-large\"><a href=\"https:\/\/heimatverein-nieder-roden.de\/wp-content\/uploads\/2019\/04\/blutskraut_gruen.jpg\"><img decoding=\"async\" width=\"768\" height=\"1024\" data-id=\"1040\" src=\"https:\/\/heimatverein-nieder-roden.de\/wp-content\/uploads\/2019\/04\/blutskraut_gruen-768x1024.jpg\" alt=\"\" class=\"wp-image-1040\" srcset=\"https:\/\/heimatverein-nieder-roden.de\/wp-content\/uploads\/2019\/04\/blutskraut_gruen-768x1024.jpg 768w, https:\/\/heimatverein-nieder-roden.de\/wp-content\/uploads\/2019\/04\/blutskraut_gruen-225x300.jpg 225w\" sizes=\"(max-width: 768px) 100vw, 768px\" \/><\/a><figcaption class=\"wp-element-caption\"> Amaranthus retroflexus an der Bahnstrecke zwischen Nieder-Roden und Rollwald, <br>auf H\u00f6he des Gleisanschlusses zum Industriegebiet.  <br>\u00a9 U.Biebel  <\/figcaption><\/figure>\n\n\n\n<figure class=\"wp-block-image size-large\"><a href=\"https:\/\/heimatverein-nieder-roden.de\/wp-content\/uploads\/2019\/04\/blutskraut_zeichnung.jpg\"><img decoding=\"async\" width=\"640\" height=\"980\" data-id=\"1041\" src=\"https:\/\/heimatverein-nieder-roden.de\/wp-content\/uploads\/2019\/04\/blutskraut_zeichnung.jpg\" alt=\"\" class=\"wp-image-1041\" srcset=\"https:\/\/heimatverein-nieder-roden.de\/wp-content\/uploads\/2019\/04\/blutskraut_zeichnung.jpg 640w, https:\/\/heimatverein-nieder-roden.de\/wp-content\/uploads\/2019\/04\/blutskraut_zeichnung-196x300.jpg 196w\" sizes=\"(max-width: 640px) 100vw, 640px\" \/><\/a><figcaption class=\"wp-element-caption\">Amaranthus retroflexus: die gr\u00fcne Wildform des Amarant<\/figcaption><\/figure>\n<\/figure>\n\n\n\n<h3 class=\"wp-block-heading\" id=\"beschreibung\">Beschreibung:<\/h3>\n\n\n\n<p>Robuste, bis zu 1 m hohe, auf\u00adrechte, einj\u00e4hrige Pflanze mit maximal 15 cm gro\u00dfen, stark ge\u00e4derten, lanzettlichen purpur\u00adgr\u00fcnen Bl\u00e4ttern und langen Rispen aus kleinen dunkelpurpurroten Bl\u00fcten. Die Vermehrung erfolgt durch Aussaat im Fr\u00fchjahr.<\/p>\n\n\n\n<h3 class=\"wp-block-heading\" id=\"verbreitung-anbau\">Verbreitung &amp; Anbau:<\/h3>\n\n\n\n<p>In Indien heimisch, kommt heute in vielen L\u00e4ndern wildwachsend vor; h\u00e4ufige Gartenpflanze. Geerntet wird zur Bl\u00fctezeit im Sp\u00e4tsommer oder Fr\u00fchherbst.<\/p>\n\n\n\n<h3 class=\"wp-block-heading\" id=\"verwendete-teile\">Verwendete Teile:<\/h3>\n\n\n\n<p>Sprossteile.<\/p>\n\n\n\n<h3 class=\"wp-block-heading\" id=\"inhaltsstoffe\">Inhaltsstoffe:<\/h3>\n\n\n\n<p>Der Amarant enth\u00e4lt Gerbstoffe und einen roten Farbstoff, den man zum F\u00e4rben von Lebensmitteln und Arzneien nutzt.<\/p>\n\n\n\n<h3 class=\"wp-block-heading\" id=\"geschichte-brauchtum\">Geschichte &amp; Brauchtum:<\/h3>\n\n\n\n<p>Der Name Amarant leitet sich von dem griechischen Begriff f\u00fcr \u00bbich verwelke nicht\u00ab ab. Er war der G\u00f6ttin Artemis geweiht, die in Ephesus verehrt wurde. Man schrieb der Pflanze besondere Heilkr\u00e4fte zu; au\u00dferdem galt sie als Zeichen der Unsterblichkeit, so da\u00df sie oft Gr\u00e4ber und G\u00f6tterbilder schm\u00fcckte.<\/p>\n\n\n\n<h3 class=\"wp-block-heading\" id=\"medizinische-wirkung-anwendung\">Medizinische Wirkung &amp; Anwendung:<\/h3>\n\n\n\n<p>Der Amarant ist eine adstringierende Pflanze, die v. a. gegen Blutverlust und bei Durchfall verwendet wird. Abkochungen sind ein Mittel gegen starke Menstruation, \u00fcberm\u00e4\u00dfigen Scheidenausflu\u00df, Durchfall und Ruhr. Au\u00dferdem kennt man sie als Gurgelmittel bei Entz\u00fcndungen des Rachenraumes oder bei Geschw\u00fcren im Mund.<\/p>\n\n\n\n<h3 class=\"wp-block-heading\" id=\"verwandte-arten\">Verwandte Arten:<\/h3>\n\n\n\n<p>Der Gartenfuchsschwanz (A. caudatus, auch Inkaweizen oder Quinoa genannt) war urspr\u00fcnglich eine Nutzpflanze, die zur Brotherstellung oder in Salaten verwendet wurde. Auch die Samen von A. grandifloris wurden als Nahrungsmittel genutzt, und zwar von den australischen Aborigines. <\/p>\n\n\n\n<p>Quelle: Chevallier, 2001, S.265.<\/p>\n\n\n\n<hr class=\"wp-block-separator has-css-opacity is-style-wide\"\/>\n\n\n\n<h1 class=\"wp-block-heading\" id=\"Eisenkraut\"><span class=\"ez-toc-section\" id=\"Eisenkraut_%E2%80%93_Verbena_officinalis\"><\/span>Eisenkraut &#8211; Verbena officinalis <span class=\"ez-toc-section-end\"><\/span><\/h1>\n\n\n\n<p>Eisenkraut m\u00fcsste vielleicht besser Drahtkraut hei\u00dfen, denn daran erinnert sein sperriger Wuchs.<\/p>\n\n\n\n<figure class=\"wp-block-gallery has-nested-images columns-default is-cropped wp-block-gallery-4 is-layout-flex wp-block-gallery-is-layout-flex\">\n<figure class=\"wp-block-image size-large\"><a href=\"https:\/\/heimatverein-nieder-roden.de\/wp-content\/uploads\/2019\/04\/eisenkraut_zeichnung.jpg\"><img decoding=\"async\" width=\"400\" height=\"599\" data-id=\"1043\" src=\"https:\/\/heimatverein-nieder-roden.de\/wp-content\/uploads\/2019\/04\/eisenkraut_zeichnung.jpg\" alt=\"\" class=\"wp-image-1043\" srcset=\"https:\/\/heimatverein-nieder-roden.de\/wp-content\/uploads\/2019\/04\/eisenkraut_zeichnung.jpg 400w, https:\/\/heimatverein-nieder-roden.de\/wp-content\/uploads\/2019\/04\/eisenkraut_zeichnung-200x300.jpg 200w\" sizes=\"(max-width: 400px) 100vw, 400px\" \/><\/a><figcaption class=\"wp-element-caption\">Eisenkraut &#8211; Zeichnung<\/figcaption><\/figure>\n\n\n\n<figure class=\"wp-block-image size-large\"><a href=\"https:\/\/heimatverein-nieder-roden.de\/wp-content\/uploads\/2019\/05\/20170721_184421.jpg\"><img decoding=\"async\" width=\"614\" height=\"1024\" data-id=\"1259\" src=\"https:\/\/heimatverein-nieder-roden.de\/wp-content\/uploads\/2019\/05\/20170721_184421-614x1024.jpg\" alt=\"\" class=\"wp-image-1259\" srcset=\"https:\/\/heimatverein-nieder-roden.de\/wp-content\/uploads\/2019\/05\/20170721_184421-614x1024.jpg 614w, https:\/\/heimatverein-nieder-roden.de\/wp-content\/uploads\/2019\/05\/20170721_184421-180x300.jpg 180w, https:\/\/heimatverein-nieder-roden.de\/wp-content\/uploads\/2019\/05\/20170721_184421-768x1280.jpg 768w, https:\/\/heimatverein-nieder-roden.de\/wp-content\/uploads\/2019\/05\/20170721_184421.jpg 1536w\" sizes=\"(max-width: 614px) 100vw, 614px\" \/><\/a><figcaption class=\"wp-element-caption\"> <br>Bl\u00fcte des Eisenkrauts<br>\u00a9 U.Biebel   <\/figcaption><\/figure>\n\n\n\n<figure class=\"wp-block-image size-large\"><a href=\"https:\/\/heimatverein-nieder-roden.de\/wp-content\/uploads\/2019\/05\/IMG_7683.jpg\"><img decoding=\"async\" width=\"768\" height=\"1024\" data-id=\"1261\" src=\"https:\/\/heimatverein-nieder-roden.de\/wp-content\/uploads\/2019\/05\/IMG_7683-768x1024.jpg\" alt=\"\" class=\"wp-image-1261\" srcset=\"https:\/\/heimatverein-nieder-roden.de\/wp-content\/uploads\/2019\/05\/IMG_7683-768x1024.jpg 768w, https:\/\/heimatverein-nieder-roden.de\/wp-content\/uploads\/2019\/05\/IMG_7683-225x300.jpg 225w\" sizes=\"(max-width: 768px) 100vw, 768px\" \/><\/a><figcaption class=\"wp-element-caption\">Eisenkraut w\u00e4chst Jahr f\u00fcr Jahr an derselben Stelle!  <br>\u00a9 U.Biebel   <\/figcaption><\/figure>\n<\/figure>\n\n\n\n<p>Eisenkraut hat nicht nur k\u00f6rperlich heilende Wirkungen sondern wurde von unseren fr\u00fchen Vorfahren, den Kelten, als magische Pflanze verehrt. Dass es im W\u00fcrzstrauch auftaucht, l\u00e4sst ahnen, wie alt die Wurzeln dieses Brauches sind. Die Pflanze w\u00e4chst mitunter in gro\u00dfen Mengen, ist aber in unserer Gegend eher selten. <\/p>\n\n\n\n<p><\/p>\n\n\n\n<h3 class=\"wp-block-heading\" id=\"beschreibung\">Beschreibung<\/h3>\n\n\n\n<p>Verbena officinalis (Verbenaceae) &#8211; ECHTES EISENKRAUT, Ma bian cao (chinesisch)<\/p>\n\n\n\n<p>Dem Eisenkraut schrieb man magische Kr\u00e4fte zu; angels\u00e4chsische und gallische Druiden nutzten es in ihren Zeremonien. Gleichzeitig handelt es sich um eine traditionelle Heilpflanze, die in China und Europa zur Anwendung kam. Dioskorides bezeichnete das Eisenkraut als \u00bbheilige Pflanze\u00ab, es galt viele Jahrhunderte als Allheilmittel. Es besitzt ionisierende und aufbauende Eigenschaften und wird bei Stre\u00df und Angstzust\u00e4nden oder zur St\u00e4rkung der Verdauung verwendet.<\/p>\n\n\n\n<p>Eisenkraut wurde im Mittelalter als Gl\u00fccksbringer getragen.<\/p>\n\n\n\n<h3 class=\"wp-block-heading\" id=\"verbreitung-anbau\">Verbreitung &amp; Anbau<\/h3>\n\n\n\n<p>Eisenkraut kommt fast \u00fcberall in Europa und Nordafrika, aber auch in China und Japan wildwachsend vor. Es wird im Fr\u00fchjahr oder Herbst durch Aussaat vermehrt und bevorzugt durchl\u00e4ssigen Boden und viel Sonne. Die Spro\u00dfteile werden w\u00e4hrend der Bl\u00fcte im Sommer geerntet.<\/p>\n\n\n\n<h3 class=\"wp-block-heading\" id=\"verwandte-arten\">Verwandte Arten<\/h3>\n\n\n\n<p>Die in Nordamerika heimische Art V.hastata wird in \u00e4hnlicher Weise verwendet wie der Echte Baldrian.<\/p>\n\n\n\n<h3 class=\"wp-block-heading\" id=\"hauptsachliche-inhaltsstoffe\">Haupts\u00e4chliche Inhaltsstoffe<\/h3>\n\n\n\n<p>Bittere Iridoide (Verbenalin), \u00c4therisches \u00d6l, Alkaloide, Schleimstoffe, Gerbstoffe.<\/p>\n\n\n\n<h3 class=\"wp-block-heading\" id=\"hauptsachliche-wirkung\">Haupts\u00e4chliche Wirkung<\/h3>\n\n\n\n<p>Nervinum, Tonisierend, Sanftes Beruhigungsmittel, Stimuliert Gallensekretion, Sanftes Bittermittel.<\/p>\n\n\n\n<h3 class=\"wp-block-heading\" id=\"forschungsergebnisse\">Forschungsergebnisse:<\/h3>\n\n\n\n<h4 class=\"wp-block-heading\" id=\"hormonelle-effekte\">Hormonelle Effekte:<\/h4>\n\n\n\n<p>Nach ersten Untersuchungen hat die Pflanze eine \u00f6strogene und pro\u00f6strogene Wirkung. Au\u00dferdem stimuliert sie die Geb\u00e4rmuttermuskulatur und regt die Produktion von Muttermilch an. <\/p>\n\n\n\n<h4 class=\"wp-block-heading\" id=\"bittermittel\">Bittermittel:<\/h4>\n\n\n\n<p>Das bittere Eisenkraut regt die Verdauung an, verursacht in hoher Dosis allerdings Erbrechen, wof\u00fcr das Verbenalin verantwortlich sein k\u00f6nnte.<\/p>\n\n\n\n<h3 class=\"wp-block-heading\" id=\"fruhere-heutige-verwendung\">Fr\u00fchere &amp; Heutige Verwendung<\/h3>\n\n\n\n<h4 class=\"wp-block-heading\" id=\"verdauungstonikum\">Verdauungstonikum:<\/h4>\n\n\n\n<p>Die Pflanze verbessert Verdauung und N\u00e4hrstoffaufnahme aus der Nahrung.<\/p>\n\n\n\n<h4 class=\"wp-block-heading\" id=\"nervensystem\">Nervensystem:<\/h4>\n\n\n\n<p>Eisenkraut wird als Nerventonikum hoch gesch\u00e4tzt und ist bei nervlicher Anspannung besonders hilfreich. Man sagt ihm eine milde antidepressive Wirkung nach und nimmt es vornehmlich bei Beklemmung und nerv\u00f6ser Ersch\u00f6pfung nach langen Stre\u00dfphasen.<\/p>\n\n\n\n<h4 class=\"wp-block-heading\" id=\"rekonvaleszenz\">Rekonvaleszenz:<\/h4>\n\n\n\n<p>Durch seine Wirkung auf Verdauung und Ner\u00adven ist es ein ideales Tonikum nach einer chronischen Krankheit.<\/p>\n\n\n\n<h4 class=\"wp-block-heading\" id=\"kopfschmerzen-migrane\">Kopfschmerzen &amp; Migr\u00e4ne:<\/h4>\n\n\n\n<p>Eisenkraut lindert Kopfschmerzen und wird in der chinesischen Kr\u00e4uterheilkunde bei menstruations\u00adbedingter Migr\u00e4ne verwendet.<\/p>\n\n\n\n<h4 class=\"wp-block-heading\" id=\"weitere-anwendungen\">Weitere Anwendungen:<\/h4>\n\n\n\n<p>Eisen\u00adkraut eignet sich zur Behandlung von Gelbsucht, Gallensteinen, Asthma, Schlaflosigkeit, pr\u00e4menstruellem Syndrom und Fieber sowie weiteren Beschwerden.<\/p>\n\n\n\n<h3 class=\"wp-block-heading\" id=\"rezepturen-ihre-anwendung\">Rezepturen &amp; ihre Anwendung<\/h3>\n\n\n\n<h3 class=\"wp-block-heading\" id=\"warnung\">Warnung:<\/h3>\n\n\n\n<p>Nicht die Dosierung \u00fcberschreiten. Eisenkraut kann Erbrechen ausl\u00f6sen, wenn es im \u00dcberma\u00df genommen wird. Nicht w\u00e4hrend der Schwangerschaft anwenden.<\/p>\n\n\n\n<h4 class=\"wp-block-heading\" id=\"tinktur\">Tinktur<\/h4>\n\n\n\n<p>ist ein entspannendes, beruhigendes\nTonikum. Bei Stre\u00df und Beklemmung 3mal t\u00e4glich 1\/2 TL, in einem Glas Wasser aufgel\u00f6st.<\/p>\n\n\n\n<h4 class=\"wp-block-heading\" id=\"aufguss\">Aufgu\u00df<\/h4>\n\n\n\n<p>regt die Verdauung an und verbessert die N\u00e4hrstoffaufnahme. Regelm\u00e4\u00dfig, besonders aber nach schweren\nMahlzeiten, eine Tasse trinken.<\/p>\n\n\n\n<h4 class=\"wp-block-heading\" id=\"pulver\">Pulver<\/h4>\n\n\n\n<p>kann als Zahnpasta benutzt werden. Regelm\u00e4\u00dfig auf die Z\u00e4hne gerieben, reinigt und sch\u00fctzt es.<\/p>\n\n\n\n<p>Quelle: Chevallier, 2001, S.149.<\/p>\n\n\n\n<p>Weitere aktuelle Informationen auf der Seite <a href=\"http:\/\/www.waschkultur.de\/kraeuterundblueten\/kraeuter\/eisenkraut.htm\">Waschkultur<\/a>.<\/p>\n\n\n\n<p>Einen anschaulichen Einblick in die umfangreicher ehemalige Verwendung des Eisenkrautes gew\u00e4hrt das <a href=\"http:\/\/www.kraeuter.ch\/_texte\/eisenkraut.htm\">Kr\u00e4uterbuch von Jacobus Theodorus &#8222;TABERNAEMONTANUS&#8220;<\/a>.\n<\/p>\n\n\n\n<p>Noch mehr &#8211; zum Teil mittelalterliche &#8211; <a href=\"http:\/\/www.joerg-sieger.de\/isenheim\/texte\/hinweis\/i_10fe.htm\">Informationen zum Eisenkraut wurden hier zusammengetragen<\/a>. <\/p>\n\n\n\n<hr class=\"wp-block-separator has-css-opacity is-style-wide\"\/>\n\n\n\n<h1 class=\"wp-block-heading\" id=\"Elisabethenstroh\"><span class=\"ez-toc-section\" id=\"Elisabethenstroh_%E2%80%93_Epilobium_roseum_%E2%80%93_Rosarotes_Weidenroeschen\"><\/span>Elisabethenstroh &#8211; Epilobium roseum &#8211; Rosarotes Weidenr\u00f6schen<span class=\"ez-toc-section-end\"><\/span><\/h1>\n\n\n\n<p>Das echte Elisabethenstroh kommt in ganz unterschiedlichen Gr\u00f6\u00dfen vor, je nach Standort. An feuchten aber sonnigen Orten kann es stattliche Gr\u00f6\u00dfe erreichen.<\/p>\n\n\n\n<figure class=\"wp-block-gallery has-nested-images columns-default is-cropped wp-block-gallery-5 is-layout-flex wp-block-gallery-is-layout-flex\">\n<figure class=\"wp-block-image size-large\"><a href=\"https:\/\/heimatverein-nieder-roden.de\/wp-content\/uploads\/2019\/04\/elisabethenstroh_ganz.jpg\"><img decoding=\"async\" width=\"768\" height=\"1024\" data-id=\"1049\" src=\"https:\/\/heimatverein-nieder-roden.de\/wp-content\/uploads\/2019\/04\/elisabethenstroh_ganz-768x1024.jpg\" alt=\"\" class=\"wp-image-1049\" srcset=\"https:\/\/heimatverein-nieder-roden.de\/wp-content\/uploads\/2019\/04\/elisabethenstroh_ganz-768x1024.jpg 768w, https:\/\/heimatverein-nieder-roden.de\/wp-content\/uploads\/2019\/04\/elisabethenstroh_ganz-225x300.jpg 225w\" sizes=\"(max-width: 768px) 100vw, 768px\" \/><\/a><figcaption class=\"wp-element-caption\">Echtes Weidenr\u00f6schen (Elisabethenstroh)  <br>\u00a9 U.Biebel <\/figcaption><\/figure>\n\n\n\n<figure class=\"wp-block-image size-large\"><a href=\"https:\/\/heimatverein-nieder-roden.de\/wp-content\/uploads\/2019\/04\/elisabethenstroh_zeichnung.jpg\"><img decoding=\"async\" width=\"684\" height=\"1024\" data-id=\"1050\" src=\"https:\/\/heimatverein-nieder-roden.de\/wp-content\/uploads\/2019\/04\/elisabethenstroh_zeichnung-684x1024.jpg\" alt=\"\" class=\"wp-image-1050\" srcset=\"https:\/\/heimatverein-nieder-roden.de\/wp-content\/uploads\/2019\/04\/elisabethenstroh_zeichnung-684x1024.jpg 684w, https:\/\/heimatverein-nieder-roden.de\/wp-content\/uploads\/2019\/04\/elisabethenstroh_zeichnung-200x300.jpg 200w, https:\/\/heimatverein-nieder-roden.de\/wp-content\/uploads\/2019\/04\/elisabethenstroh_zeichnung-768x1151.jpg 768w, https:\/\/heimatverein-nieder-roden.de\/wp-content\/uploads\/2019\/04\/elisabethenstroh_zeichnung.jpg 801w\" sizes=\"(max-width: 684px) 100vw, 684px\" \/><\/a><figcaption class=\"wp-element-caption\">Elisabethenstroh &#8211; Zeichnung<\/figcaption><\/figure>\n\n\n\n<figure class=\"wp-block-image size-large\"><a href=\"https:\/\/heimatverein-nieder-roden.de\/wp-content\/uploads\/2019\/04\/elisabethenstroh-1.jpg\"><img decoding=\"async\" width=\"768\" height=\"1024\" data-id=\"1051\" src=\"https:\/\/heimatverein-nieder-roden.de\/wp-content\/uploads\/2019\/04\/elisabethenstroh-1-768x1024.jpg\" alt=\"\" class=\"wp-image-1051\" srcset=\"https:\/\/heimatverein-nieder-roden.de\/wp-content\/uploads\/2019\/04\/elisabethenstroh-1-768x1024.jpg 768w, https:\/\/heimatverein-nieder-roden.de\/wp-content\/uploads\/2019\/04\/elisabethenstroh-1-225x300.jpg 225w\" sizes=\"(max-width: 768px) 100vw, 768px\" \/><\/a><figcaption class=\"wp-element-caption\">Der Name Elisabethenstroh stammt wohl von den reifen Fruchtst\u00e4nden, die \u00c4hnlichkeiten mit Stroh aufweisen.  <br>\u00a9 U.Biebel <\/figcaption><\/figure>\n<\/figure>\n\n\n\n<p>Das rosenrote Weidenr\u00f6schen (Epilobium roseum) der Nieder-R\u00f6der Werzborre \u00e4hnelt der unten heilkundlich beschriebenen Weidenr\u00f6schenart und ist eng verwandt, so dass auch die Wirkungen wahrscheinlich \u00e4hnlich sind. Das<a href=\"http:\/\/de.wikipedia.org\/wiki\/Schmalbl%C3%A4ttriges_Weidenr%C3%B6schen\"> schmalbl\u00e4ttrige Weidenr\u00f6schen<\/a> tritt im Gegensatz zum rosenroten auch in Massenbest\u00e4nden auf und kann daher leicht gesammelt werden. Puristen verschm\u00e4hen es dennoch f\u00fcr die W\u00fcrzb\u00fcrde. Mit etwas Geduld finden Sie bestimmt auch das Original! Als einj\u00e4hrige Pflanze, die ihre Samen durch den Wind verbreitet, taucht es allerdings jedes Jahr anderswo auf. <\/p>\n\n\n\n<h3 class=\"wp-block-heading\" id=\"chamaenerion-angustifolium-syn-epilobium-angustifolium-onagraceae-schmalblattriges-weidenroschen\">Chamaenerion angustifolium syn. Epilobium angustifolium (Onagraceae) &#8211; Schmalbl\u00e4ttriges Weidenr\u00f6schen<\/h3>\n\n\n\n<p>Beschreibung: Mehrj\u00e4hrige Pflanze mit steifem, bis 2 m hohem Stengel, lanzettlichen Bl\u00e4ttern und purpurrosa Bl\u00fcten in langen Bl\u00fctenst\u00e4nden.<\/p>\n\n\n\n<h3 class=\"wp-block-heading\" id=\"verbreitung-und-anbau\">Verbreitung und Anbau:<\/h3>\n\n\n\n<p>Kommt in Europa und Westasien vor, w\u00e4chst auf Lichtungen, an Waldr\u00e4ndern und auf \u00d6dland. Wird zur Bl\u00fcte\u00adzeit im Sp\u00e4tsommer geerntet.<\/p>\n\n\n\n<h3 class=\"wp-block-heading\" id=\"verwendete-teile\">Verwendete Teile: <\/h3>\n\n\n\n<p>Spro\u00dfteile.<\/p>\n\n\n\n<h3 class=\"wp-block-heading\" id=\"inhaltsstoffe\">Inhaltsstoffe:<\/h3>\n\n\n\n<p>Flavone und Gerbstoffe.<\/p>\n\n\n\n<h3 class=\"wp-block-heading\" id=\"geschichte-und-brauchtum\">Geschichte und Brauchtum:<\/h3>\n\n\n\n<p>In Europa wurde ein adstringierender Tee aus den Bl\u00e4ttern getrunken. In Sibirien hat man aus Weiden\u00adr\u00f6schen und Fliegenpilz (Amanita muscaria) ein berauschendes Getr\u00e4nk hergestellt.<\/p>\n\n\n\n<h3 class=\"wp-block-heading\" id=\"medizinische-wirkung-und-anwendung\">Medizinische Wirkung und Anwendung:<\/h3>\n\n\n\n<p>Aufgrund der beruhigenden und adstringierenden Eigenschaften wirkt das Schmalbl\u00e4ttrige Weiden\u00adr\u00f6schen gegen Durchfall, Colitis und Reizdarm. Au\u00dferdem l\u00e4sst sich eine lindernde Hautsalbe f\u00fcr Kinder daraus herstellen, und man wendet die Art bei Prostatabeschwerden an.<\/p>\n\n\n\n<p>Quelle: Chevallier, 2001, S.186f.<\/p>\n\n\n\n<hr class=\"wp-block-separator has-css-opacity is-style-wide\"\/>\n\n\n\n<h1 class=\"wp-block-heading\" id=\"GelbeRafohne\"><span class=\"ez-toc-section\" id=\"Gelbe_Rafohne_%E2%80%93_Tanacetum_vulgare_%E2%80%93_Rainfarn_Wurmkraut\"><\/span>Gelbe Rafohne &#8211; Tanacetum vulgare &#8211; Rainfarn, Wurmkraut<span class=\"ez-toc-section-end\"><\/span><\/h1>\n\n\n\n<p>Der Rainfarn ist eines der wenigen Kr\u00e4uter in der W\u00fcrzb\u00fcrde, die f\u00fcr Menschen eine eher gesundheitssch\u00e4digende Wirkung haben. Es wirkt allerdings als gutes Mittel gegen Sch\u00e4dlingsbefall und h\u00e4lt so den W\u00fcrzstrau\u00df frei von Parasiten. Innerlich wirkt es durch seine Giftigkeit auch stark gegen parasitische W\u00fcrmer (\u201eWurmkraut\u201c), was vermutlich bei mancher kranken Kuh das Problem gewesen sein mag. Die Giftwirkung auf das Nerven\u00adsystem nahm man da wohl oder \u00fcbel in Kauf. Das enthaltene Gift Thujon ist \u00fcbrigens dasselbe, das auch den Wermut\u00adschnaps Absinth so gef\u00e4hrlich macht (und auch der ist im W\u00fcrzstrau\u00df drin und gilt als Heilpflanze). <\/p>\n\n\n\n<figure class=\"wp-block-gallery has-nested-images columns-default is-cropped wp-block-gallery-6 is-layout-flex wp-block-gallery-is-layout-flex\">\n<figure class=\"wp-block-image size-large\"><a href=\"https:\/\/heimatverein-nieder-roden.de\/wp-content\/uploads\/2019\/04\/gelbe_rafohne_alt.jpg\"><img decoding=\"async\" width=\"498\" height=\"742\" data-id=\"1052\" src=\"https:\/\/heimatverein-nieder-roden.de\/wp-content\/uploads\/2019\/04\/gelbe_rafohne_alt.jpg\" alt=\"\" class=\"wp-image-1052\" srcset=\"https:\/\/heimatverein-nieder-roden.de\/wp-content\/uploads\/2019\/04\/gelbe_rafohne_alt.jpg 498w, https:\/\/heimatverein-nieder-roden.de\/wp-content\/uploads\/2019\/04\/gelbe_rafohne_alt-201x300.jpg 201w\" sizes=\"(max-width: 498px) 100vw, 498px\" \/><\/a><figcaption class=\"wp-element-caption\">Der Eintrag zu Reynfarn in einem alten Kr\u00e4uterbuch.<\/figcaption><\/figure>\n\n\n\n<figure class=\"wp-block-image size-large\"><a href=\"https:\/\/heimatverein-nieder-roden.de\/wp-content\/uploads\/2019\/04\/gelbe_rafohne_zeichnung.jpg\"><img decoding=\"async\" width=\"684\" height=\"1024\" data-id=\"1054\" src=\"https:\/\/heimatverein-nieder-roden.de\/wp-content\/uploads\/2019\/04\/gelbe_rafohne_zeichnung-684x1024.jpg\" alt=\"\" class=\"wp-image-1054\" srcset=\"https:\/\/heimatverein-nieder-roden.de\/wp-content\/uploads\/2019\/04\/gelbe_rafohne_zeichnung-684x1024.jpg 684w, https:\/\/heimatverein-nieder-roden.de\/wp-content\/uploads\/2019\/04\/gelbe_rafohne_zeichnung-200x300.jpg 200w, https:\/\/heimatverein-nieder-roden.de\/wp-content\/uploads\/2019\/04\/gelbe_rafohne_zeichnung-768x1151.jpg 768w, https:\/\/heimatverein-nieder-roden.de\/wp-content\/uploads\/2019\/04\/gelbe_rafohne_zeichnung.jpg 801w\" sizes=\"(max-width: 684px) 100vw, 684px\" \/><\/a><figcaption class=\"wp-element-caption\">Gelbe Rafohne &#8211; Zeichnung<\/figcaption><\/figure>\n<\/figure>\n\n\n\n<p>Die hessische Bezeichnung \u201eRaffoone\u201c l\u00e4sst den urspr\u00fcnglichen Sinn besser erkennen als die hochdeutsche Bezeichnung \u201eRainfarn\u201c. Zwar hat die Pflanze stark gefiederte Bl\u00e4tter wie ein Farn, aber urspr\u00fcnglich war wohl gemeint, dass die Pflanze wie eine gelbe Fahne am Feldrand (am Rain) leuchtend aufgepflanzt stand, so wie auch ihre Schwester in der W\u00fcrzborre, die \u201eWei\u00dfe Rainfahne\u201c. Sie sollte daher eher Raa-Fohne geschrieben werden. Ich habe mich als Kompromiss f\u00fcr Rafohne entschieden. <\/p>\n\n\n\n<figure class=\"wp-block-gallery has-nested-images columns-default is-cropped wp-block-gallery-7 is-layout-flex wp-block-gallery-is-layout-flex\">\n<figure class=\"wp-block-image size-large\"><a href=\"https:\/\/heimatverein-nieder-roden.de\/wp-content\/uploads\/2019\/04\/gelbe_rafohne_blueten-1.jpg\"><img decoding=\"async\" width=\"1024\" height=\"768\" data-id=\"1055\" src=\"https:\/\/heimatverein-nieder-roden.de\/wp-content\/uploads\/2019\/04\/gelbe_rafohne_blueten-1-1024x768.jpg\" alt=\"\" class=\"wp-image-1055\" srcset=\"https:\/\/heimatverein-nieder-roden.de\/wp-content\/uploads\/2019\/04\/gelbe_rafohne_blueten-1-1024x768.jpg 1024w, https:\/\/heimatverein-nieder-roden.de\/wp-content\/uploads\/2019\/04\/gelbe_rafohne_blueten-1-300x225.jpg 300w, https:\/\/heimatverein-nieder-roden.de\/wp-content\/uploads\/2019\/04\/gelbe_rafohne_blueten-1-768x576.jpg 768w\" sizes=\"(max-width: 1024px) 100vw, 1024px\" \/><\/a><figcaption class=\"wp-element-caption\">Rainfarn (Gelbe Rafohne)  <br>\u00a9 U.Biebel <\/figcaption><\/figure>\n\n\n\n<figure class=\"wp-block-image size-large\"><a href=\"https:\/\/heimatverein-nieder-roden.de\/wp-content\/uploads\/2019\/04\/gelbe_rafohne_ganz.jpg\"><img decoding=\"async\" width=\"1024\" height=\"776\" data-id=\"1056\" src=\"https:\/\/heimatverein-nieder-roden.de\/wp-content\/uploads\/2019\/04\/gelbe_rafohne_ganz-1024x776.jpg\" alt=\"\" class=\"wp-image-1056\" srcset=\"https:\/\/heimatverein-nieder-roden.de\/wp-content\/uploads\/2019\/04\/gelbe_rafohne_ganz-1024x776.jpg 1024w, https:\/\/heimatverein-nieder-roden.de\/wp-content\/uploads\/2019\/04\/gelbe_rafohne_ganz-300x227.jpg 300w, https:\/\/heimatverein-nieder-roden.de\/wp-content\/uploads\/2019\/04\/gelbe_rafohne_ganz-768x582.jpg 768w, https:\/\/heimatverein-nieder-roden.de\/wp-content\/uploads\/2019\/04\/gelbe_rafohne_ganz.jpg 2041w\" sizes=\"(max-width: 1024px) 100vw, 1024px\" \/><\/a><figcaption class=\"wp-element-caption\"> Rainfarn (Gelbe Rafohne)   <br>\u00a9 U.Biebel <\/figcaption><\/figure>\n<\/figure>\n\n\n\n<h3 class=\"wp-block-heading\" id=\"beschreibung\">Beschreibung:<\/h3>\n\n\n\n<p>Mehrj\u00e4hrige, stark aromatische, bis zu 1 m hohe Pflanze mit doppelt gefiederten Bl\u00e4ttern und flachen gelben Bl\u00fctenk\u00f6pfen in Doldenrispen.<\/p>\n\n\n\n<h3 class=\"wp-block-heading\" id=\"verbreitung-anbau\">Verbreitung &amp; Anbau:<\/h3>\n\n\n\n<p>Heimisch in Europa und Teilen Asiens, eingeb\u00fcrgert in Nordamerika, w\u00e4chst auf \u00d6dland, an Wegr\u00e4ndern und in Wassern\u00e4he. Die Bl\u00fctensprosse werden zu Beginn der Bl\u00fctezeit geerntet. <\/p>\n\n\n\n<h3 class=\"wp-block-heading\" id=\"verwendete-teile\">Verwendete Teile:<\/h3>\n\n\n\n<p>Bl\u00fctensprosse<\/p>\n\n\n\n<h3 class=\"wp-block-heading\" id=\"inhaltsstoffe\">Inhaltsstoffe:<\/h3>\n\n\n\n<p>\u00c4therisches \u00d6l mit betr\u00e4chtlichen Mengen an Thujon und Kampfer, ferner Sesquiterpenlactone, Flavonoide und Harz. Das isolierte \u00e4therische \u00d6l wirkt stark menstruations\u00adanregend. Thujon ist ein starkes Nervengift.<\/p>\n\n\n\n<h3 class=\"wp-block-heading\" id=\"geschichte-brauchtum\">Geschichte &amp; Brauchtum:<\/h3>\n\n\n\n<p>In den heute noch existierenden Texten der Antike wird der Rainfarn nicht erw\u00e4hnt, h\u00e4ufig jedoch in mittel\u00adalterlichen Kr\u00e4uterb\u00fcchern. Besonders Hildegard von Bingen (12. Jahrhundert) f\u00fchrt ihn als Arznei\u00adpflanze auf, und seit dieser Zeit ist er auch als Wurmmittel gebr\u00e4uchlich. In England verzehrte man in der Fastenzeit \u00bbWurmkraut-Pudding\u00ab.<\/p>\n\n\n\n<h3 class=\"wp-block-heading\" id=\"medizinische-wirkung-anwendung\">Medizinische Wirkung &amp; Anwendung:<\/h3>\n\n\n\n<p>Wegen seiner Giftigkeit wird Rainfarn heute wenig verwendet. Wenn \u00fcberhaupt, wird er zum Entwurmen eingesetzt, in geringerem Ma\u00dfe zum Einleiten der Menstruation. Rainfarn t\u00f6tet \u00e4u\u00dferlich Kr\u00e4tze, Fl\u00f6he und L\u00e4use ab, doch besteht selbst beim Auftragen auf die Haut Ver\u00adgiftungsgefahr, da die Monoterpene leicht \u00fcber die Haut aufgenommen werden.<\/p>\n\n\n\n<h3 class=\"wp-block-heading\" id=\"warnung\">Warnung:<\/h3>\n\n\n\n<p>Nur unter \u00e4rztlicher Aufsicht und nicht in der Schwangerschaft anwenden. Wegen des Gehalts an giftigem Thujon wird die innere und \u00e4u\u00dfere Anwendung nicht mehr empfohlen. Die ganze Pflanze und das isolierte \u00e4therische \u00d6l unterliegen in einigen L\u00e4ndern gesetzlichen  Bestimmungen.<\/p>\n\n\n\n<p>Quelle: Chevallier, 2001, S.274.<\/p>\n\n\n\n<p><a href=\"http:\/\/buecher.heilpflanzen-welt.de\/BGA-Kommission-E-Monographien\/chrysanthemum-vulgare-rainfarn.htm\">Die offizielle (negative) Bewertung der Pflanzenwirkungen finden Sie hier.<\/a><\/p>\n\n\n\n<hr class=\"wp-block-separator has-css-opacity is-style-wide\"\/>\n\n\n\n<h1 class=\"wp-block-heading\" id=\"Halsgespinskraut\"><span class=\"ez-toc-section\" id=\"Halsgespinskraut_%E2%80%93_Lycopus_europaeus_%E2%80%93_Ufer-Wolfstrapp\"><\/span>Halsgespinskraut &#8211; Lycopus europaeus &#8211; <br>Ufer-Wolfstrapp<span class=\"ez-toc-section-end\"><\/span><\/h1>\n\n\n\n<figure class=\"wp-block-gallery has-nested-images columns-default is-cropped wp-block-gallery-8 is-layout-flex wp-block-gallery-is-layout-flex\">\n<figure class=\"wp-block-image size-large\"><a href=\"https:\/\/heimatverein-nieder-roden.de\/wp-content\/uploads\/2019\/04\/halsgespinskraut_detail.jpg\"><img decoding=\"async\" width=\"1024\" height=\"768\" data-id=\"1086\" src=\"https:\/\/heimatverein-nieder-roden.de\/wp-content\/uploads\/2019\/04\/halsgespinskraut_detail-1024x768.jpg\" alt=\"\" class=\"wp-image-1086\" srcset=\"https:\/\/heimatverein-nieder-roden.de\/wp-content\/uploads\/2019\/04\/halsgespinskraut_detail-1024x768.jpg 1024w, https:\/\/heimatverein-nieder-roden.de\/wp-content\/uploads\/2019\/04\/halsgespinskraut_detail-300x225.jpg 300w, https:\/\/heimatverein-nieder-roden.de\/wp-content\/uploads\/2019\/04\/halsgespinskraut_detail-768x576.jpg 768w\" sizes=\"(max-width: 1024px) 100vw, 1024px\" \/><\/a><figcaption class=\"wp-element-caption\">Wolfstrapp &#8211; Detailaufnahme  <br>\u00a9 U.Biebel <\/figcaption><\/figure>\n\n\n\n<figure class=\"wp-block-image size-large\"><a href=\"https:\/\/heimatverein-nieder-roden.de\/wp-content\/uploads\/2019\/04\/halsgespinskraut_ganz.jpg\"><img decoding=\"async\" width=\"768\" height=\"1024\" data-id=\"1087\" src=\"https:\/\/heimatverein-nieder-roden.de\/wp-content\/uploads\/2019\/04\/halsgespinskraut_ganz-768x1024.jpg\" alt=\"\" class=\"wp-image-1087\" srcset=\"https:\/\/heimatverein-nieder-roden.de\/wp-content\/uploads\/2019\/04\/halsgespinskraut_ganz-768x1024.jpg 768w, https:\/\/heimatverein-nieder-roden.de\/wp-content\/uploads\/2019\/04\/halsgespinskraut_ganz-225x300.jpg 225w\" sizes=\"(max-width: 768px) 100vw, 768px\" \/><\/a><figcaption class=\"wp-element-caption\">Wolfstrapp &#8211; im Wald  <br>\u00a9 U.Biebel <\/figcaption><\/figure>\n\n\n\n<figure class=\"wp-block-image size-large\"><a href=\"https:\/\/heimatverein-nieder-roden.de\/wp-content\/uploads\/2019\/04\/halsgespinskraut_titelblatt.jpg\"><img decoding=\"async\" width=\"768\" height=\"1024\" data-id=\"1088\" src=\"https:\/\/heimatverein-nieder-roden.de\/wp-content\/uploads\/2019\/04\/halsgespinskraut_titelblatt-768x1024.jpg\" alt=\"\" class=\"wp-image-1088\" srcset=\"https:\/\/heimatverein-nieder-roden.de\/wp-content\/uploads\/2019\/04\/halsgespinskraut_titelblatt-768x1024.jpg 768w, https:\/\/heimatverein-nieder-roden.de\/wp-content\/uploads\/2019\/04\/halsgespinskraut_titelblatt-225x300.jpg 225w, https:\/\/heimatverein-nieder-roden.de\/wp-content\/uploads\/2019\/04\/halsgespinskraut_titelblatt.jpg 886w\" sizes=\"(max-width: 768px) 100vw, 768px\" \/><\/a><figcaption class=\"wp-element-caption\">Wolfstrapp &#8211; Verwendung in der Heilkunst<\/figcaption><\/figure>\n<\/figure>\n\n\n\n<p>Der Uferwolfstrapp (Lycopus) wurde erst in die Sammlung der Werzborre-Pflanzen aufgenommen, als man das fr\u00fcher h\u00e4ufige &#8222;Herz\u00adgespann&#8220; nicht mehr fand. Das ersatzweise hinzugezogene \u201cHals\u00adgespinskraut\u201d \u00e4hnelt nicht nur \u00e4u\u00dferlich dem bekannten Herz\u00adst\u00e4rkungsmittel Herz\u00adgespann (Leonurus) und stammt aus der gleichen Familie, es hat auch selbst nach\u00adgewiesenerma\u00dfen vergleichbare Wirkungen. Dies ist ein guter Hinweis darauf, dass die heilkundigen Nieder-R\u00f6der genau wussten, was sie taten, als sie nach einem Ersatz suchten. Was allerdings der Name \u201cHalsgespins\u201d bedeuten k\u00f6nnte, bleibt fraglich. Immerhin k\u00f6nnte man argumentieren, dass der Wolfstrapp nicht nur f\u00fcr das Herz gut ist, sondern auch bei Katarrhen (Hals!) hilft und besonders gut zur Behandlung von Schilddr\u00fcsenproblemen (die auch am Hals liegt) verwendet werden kann. <\/p>\n\n\n\n<p>Der Name Wolfstrapp erkl\u00e4rt sich leicht aus der Form der Bl\u00e4tter, die an den Fu\u00dfabdruck (\u201cTrapp\u201d) eines Wolfes erinnern. Die Pflanze findet sich an feuchten Stellen im Wald. Im Folgenden wird vorwiegend sein gleichfalls heilwirksamer Vetter aus Virginia beschreiben.<\/p>\n\n\n\n<h3 class=\"wp-block-heading\" id=\"lycopus-virginicus-lamiaceae-virginischer-wolfstrapp\">Lycopus virginicus (Lamiaceae)- Virginischer Wolfstrapp<\/h3>\n\n\n\n<h3 class=\"wp-block-heading\" id=\"beschreibung\">Beschreibung:<\/h3>\n\n\n\n<p>Mehrj\u00e4hrige, bis zu 60 cm hohe Pflanze mit vierkantigem Stengel, lanzettli\u00adchen Bl\u00e4ttern und wei\u00dfen Bl\u00fcten in Scheinquirlen. Verbreitung &amp; Anbau: In Nordamerika h\u00e4ufig, w\u00e4chst in Wassern\u00e4he; Ernte zur Bl\u00fctezeit. Verwendete Teile: Spro\u00dfteile.<\/p>\n\n\n\n<h3 class=\"wp-block-heading\" id=\"inhaltsstoffe\">Inhaltsstoffe:<\/h3>\n\n\n\n<p>Phenols\u00e4uren (u. a. Abk\u00f6mmlinge der Kaffee-, Chlorogen- und Elags\u00e4ure). <\/p>\n\n\n\n<h3 class=\"wp-block-heading\" id=\"geschichte-brauchtum\">Geschichte &amp; Brauchtum:<\/h3>\n\n\n\n<p>Galt in der physio\u00admedikalistischen Tradition des 19. Jahrhunderts als adstringierend und nerven beruhigend; wurde bei lockerem Husten, inneren Blutungen und Harninkontinenz und als schwaches Bet\u00e4ubungsmittel verabreicht.<\/p>\n\n\n\n<h3 class=\"wp-block-heading\" id=\"medizinische-wirkung-anwendung\">Medizinische Wirkung &amp; Anwendung:<\/h3>\n\n\n\n<p>Virginischer Wolfstrapp wirkt beruhigend und wird heute haupts\u00e4chlich bei einer \u00dcberfunktion der Schilddr\u00fcse und zur Behandlung von Herzrasen verschrieben. Wolfstrapp gilt auch als eine aromatisch ionisierende und adstringierende Arzneipflanze zum Lindern von Katarrhen.<\/p>\n\n\n\n<h3 class=\"wp-block-heading\" id=\"forschungsergebnisse\">Forschungsergebnisse: <\/h3>\n\n\n\n<p>Nach neueren Studien scheinen L. virynicus und in gewissem Ma\u00dfe auch L. europaeus (siehe n\u00e4chster Absatz) die Schilddr\u00fcsenaktivit\u00e4t zu d\u00e4mpfen.<\/p>\n\n\n\n<h3 class=\"wp-block-heading\" id=\"verwandte-arten\">Verwandte Arten:<\/h3>\n\n\n\n<p>Der Europ\u00e4ische Wolf\u00adstrapp (L. europaeus) wirkt adstringierend und herzst\u00e4rkend. Man nimmt ihn bei Herzklopfen und Angstzust\u00e4nden, fr\u00fcher auch zur Fiebersenkung.<\/p>\n\n\n\n<h3 class=\"wp-block-heading\" id=\"warnung\">Warnung:<\/h3>\n\n\n\n<p>Nur unter \u00e4rztlicher Aufsicht und nicht w\u00e4hrend der Schwangerschaft anwenden.<\/p>\n\n\n\n<p>Quelle: Chevallier, 2001,  S.230.<\/p>\n\n\n\n<p><a href=\"http:\/\/buecher.heilpflanzen-welt.de\/BGA-Kommission-E-Monographien\/lycopi-herba-wolfstrappkraut.htm\">Die offizielle Bewertung der Pflanzenwirkungen finden Sie hier.<\/a><\/p>\n\n\n\n<hr class=\"wp-block-separator has-css-opacity is-style-wide\"\/>\n\n\n\n<h1 class=\"wp-block-heading\" id=\"Herzgespann\"><span class=\"ez-toc-section\" id=\"Herzgespann_%E2%80%93_Leonurus_cardiaca_%E2%80%93_Echtes_Herzgespann\"><\/span>Herzgespann &#8211; Leonurus cardiaca &#8211; <br>Echtes Herzgespann<span class=\"ez-toc-section-end\"><\/span><\/h1>\n\n\n\n<p>Weil sich das Herzgespann leider nicht mehr in den Fluren und W\u00e4ldern um Nieder-Roden findet m\u00fcssen Sie, um es zu sehen, in den Kr\u00e4utergarten des Klosters in Seligenstadt fahren. Dort gibt es im \u00dcbrigen auch einen Mariengarten im Hof, in dem viele der Werzborrepflanzen wachsen, da dort alles angepflanzt wurde, was mit Maria zu tun hat.<\/p>\n\n\n\n<figure class=\"wp-block-gallery has-nested-images columns-default is-cropped wp-block-gallery-9 is-layout-flex wp-block-gallery-is-layout-flex\">\n<figure class=\"wp-block-image size-large\"><a href=\"https:\/\/heimatverein-nieder-roden.de\/wp-content\/uploads\/2019\/04\/herzgespann_zeichnung.jpg\"><img decoding=\"async\" width=\"684\" height=\"1024\" data-id=\"1089\" src=\"https:\/\/heimatverein-nieder-roden.de\/wp-content\/uploads\/2019\/04\/herzgespann_zeichnung-684x1024.jpg\" alt=\"\" class=\"wp-image-1089\" srcset=\"https:\/\/heimatverein-nieder-roden.de\/wp-content\/uploads\/2019\/04\/herzgespann_zeichnung-684x1024.jpg 684w, https:\/\/heimatverein-nieder-roden.de\/wp-content\/uploads\/2019\/04\/herzgespann_zeichnung-200x300.jpg 200w, https:\/\/heimatverein-nieder-roden.de\/wp-content\/uploads\/2019\/04\/herzgespann_zeichnung-768x1151.jpg 768w, https:\/\/heimatverein-nieder-roden.de\/wp-content\/uploads\/2019\/04\/herzgespann_zeichnung.jpg 801w\" sizes=\"(max-width: 684px) 100vw, 684px\" \/><\/a><figcaption class=\"wp-element-caption\">Herzgespann &#8211; Zeichnung<\/figcaption><\/figure>\n\n\n\n<figure class=\"wp-block-image size-large\"><a href=\"https:\/\/heimatverein-nieder-roden.de\/wp-content\/uploads\/2019\/04\/herzgespann_detail.jpg\"><img decoding=\"async\" width=\"768\" height=\"1024\" data-id=\"1091\" src=\"https:\/\/heimatverein-nieder-roden.de\/wp-content\/uploads\/2019\/04\/herzgespann_detail-768x1024.jpg\" alt=\"\" class=\"wp-image-1091\" srcset=\"https:\/\/heimatverein-nieder-roden.de\/wp-content\/uploads\/2019\/04\/herzgespann_detail-768x1024.jpg 768w, https:\/\/heimatverein-nieder-roden.de\/wp-content\/uploads\/2019\/04\/herzgespann_detail-225x300.jpg 225w\" sizes=\"(max-width: 768px) 100vw, 768px\" \/><\/a><figcaption class=\"wp-element-caption\">Herzgespann &#8211; Detailaufnahme  <br>\u00a9 U.Biebel <\/figcaption><\/figure>\n\n\n\n<figure class=\"wp-block-image size-large\"><a href=\"https:\/\/heimatverein-nieder-roden.de\/wp-content\/uploads\/2019\/04\/herzgespann_blueten-1.jpg\"><img decoding=\"async\" width=\"768\" height=\"1024\" data-id=\"1092\" src=\"https:\/\/heimatverein-nieder-roden.de\/wp-content\/uploads\/2019\/04\/herzgespann_blueten-1-768x1024.jpg\" alt=\"\" class=\"wp-image-1092\" srcset=\"https:\/\/heimatverein-nieder-roden.de\/wp-content\/uploads\/2019\/04\/herzgespann_blueten-1-768x1024.jpg 768w, https:\/\/heimatverein-nieder-roden.de\/wp-content\/uploads\/2019\/04\/herzgespann_blueten-1-225x300.jpg 225w\" sizes=\"(max-width: 768px) 100vw, 768px\" \/><\/a><figcaption class=\"wp-element-caption\"> Herzgespann &#8211; Bl\u00fcten  <br>\u00a9 U.Biebel <\/figcaption><\/figure>\n<\/figure>\n\n\n\n<p>In Bayern solle das Herzgespann z.B. am Main verstreut noch zu finden sein. Diese<a rel=\"noreferrer noopener\" href=\"http:\/\/www.bayernflora.de\/de\/info_pflanzen.php?taxnr=3359\" target=\"_blank\"> Verbreitungskarte <\/a>zeigt das. Dort wie in Hessen wird der Status der Pflanze als gef\u00e4hrdet eingestuft. Sie sollte daher nicht gesammelt werden. Sie d\u00fcrfen das echte Herzgespann allerdings im eigenen Garten gerne<a href=\"http:\/\/www.kraeuter-und-duftpflanzen.de\/Pflanzen-und-Saatgut\/Haarstrang-Hundszunge\/Herzgespann\/Herzgespann-Saatgut?c=564\"> auss\u00e4en<\/a> und dann sp\u00e4ter ernten. <\/p>\n\n\n\n<p>Auch die Bienen und Hummeln im Garten freuen sich sehr dar\u00fcber! <\/p>\n\n\n\n<h3 class=\"wp-block-heading\" id=\"beschreibung\">Beschreibung:<\/h3>\n\n\n\n<p>Mehrj\u00e4hrige, bis zu 1,5 m hohe Pflanze mit gez\u00e4hnten, bandf\u00f6rmigen Bl\u00e4ttern und wei\u00dfen oder rosafarbenen Lippenbl\u00fcten in Quirlen.<\/p>\n\n\n\n<h3 class=\"wp-block-heading\" id=\"verbreitung-anbau\">Verbreitung &amp; Anbau:<\/h3>\n\n\n\n<p>Heimisch in Europa. Westasien bis zum Himalaja und Nordafrika; eingeb\u00fcrgert in Nordamerika, w\u00e4chst in W\u00e4ldern, auf Schuttpl\u00e4tzen und an Wegr\u00e4ndern; auch als Gartenpflanze angebaut. Ernte zu Beginn der Bl\u00fctezeit.<\/p>\n\n\n\n<h3 class=\"wp-block-heading\" id=\"verwendete-teile\">Verwendete Teile:<\/h3>\n\n\n\n<p>Spro\u00dfteile.<\/p>\n\n\n\n<h3 class=\"wp-block-heading\" id=\"inhaltsstoffe\">Inhaltsstoffe:<\/h3>\n\n\n\n<p>Alkaloide (darunter L-Stachydrin), Iridoide (u. a. Leonurin), Diterpene, Flavonoide, Kaffees\u00e4ure und Gerbstoffe.<\/p>\n\n\n\n<h3 class=\"wp-block-heading\" id=\"geschichte-brauchtum\">Geschichte &amp; Brauchtum:<\/h3>\n\n\n\n<p>Schon seit langem gilt Herzgespann als Herzmittel, wie schon sein Name andeutet. So schrieb Nicholas Culpeper 1652, da\u00df \u00bbes kein besseres Kraut gibt zum Vertreiben melancholischer Nebel aus dem Herzen, zum St\u00e4rken desselben und zum Aufheitern des Sinns\u00ab. Der italienische Arzt und Kr\u00e4uterkundler Petrus Andreas Matthiolus befand, es sei \u00bbn\u00fctzlich bei starkem Pulsschlag und Herzklopfen, Kr\u00e4mpfen und L\u00e4hmung&#8230; [es] verd\u00fcnne dicke und z\u00e4he K\u00f6rpers\u00e4fte [und] stimuliere die Harnproduktion sowie die Periodenblutung\u00ab (1548).<\/p>\n\n\n\n<h3 class=\"wp-block-heading\" id=\"medizinische-wirkung-anwendung\">Medizinische Wirkung &amp; Anwendung:<\/h3>\n\n\n\n<p>Als Herz- und Nervenmittel wird Herzgespann oft bei Herzklopfen verschrieben; besonders schwache Herzen st\u00e4rkt die Pflanze. Sie wirkt krampfl\u00f6send und beruhigend, bringt eher Entspannung als Benommenheit. Au\u00dferdem stimuliert Herzgespann die Geb\u00e4rmuttermuskulatur und ist deshalb besonders vorteilhaft bei verz\u00f6gerter Periodenblutung, Periodenschmerzen und pr\u00e4menstruellen Spannungen (vor allem durch Schock und Kummer verursacht). Bei starker Menstruation sollte die Arzneidroge jedoch nicht angewendet werden.<\/p>\n\n\n\n<h3 class=\"wp-block-heading\" id=\"verwandte-arten\">Verwandte Arten:<\/h3>\n\n\n\n<p>Therapeutisch werden zwei ostasiatische Arten, L. heterophyllus (China) und L. sibiriens (Sibirien) genauso wie Herzge\u00adspann eingesetzt. Auch L. heterophyllus scheint Bluthochdruck zu senken und die Menstruation einzuleiten.<\/p>\n\n\n\n<h3 class=\"wp-block-heading\" id=\"warnung\">Warnung:<\/h3>\n\n\n\n<p>Nicht w\u00e4hrend der Schwanger\u00adschaft und bei Neigung zu starker Menstruation anwenden.\n<\/p>\n\n\n\n<p>Quelle: Chevallier, Andrew. 2001, S.226<\/p>\n\n\n\n<p><a rel=\"noreferrer noopener\" href=\"http:\/\/buecher.heilpflanzen-welt.de\/phytotherapeutische-welt-1962\/077.htm\" target=\"_blank\">Mehr Informationen unter heilpflanzen-welt.de<\/a><\/p>\n\n\n\n<hr class=\"wp-block-separator has-css-opacity is-style-wide\"\/>\n\n\n\n<h1 class=\"wp-block-heading\" id=\"Halwegaul\"><span class=\"ez-toc-section\" id=\"Halbegaul_%E2%80%93_Verbascum_nigrum_%E2%80%93_schwarze_Koenigskerze\"><\/span>Halbegaul &#8211; Verbascum nigrum &#8211; <br>schwarze K\u00f6nigskerze<span class=\"ez-toc-section-end\"><\/span><\/h1>\n\n\n\n<p>Es gibt lokal mindestens drei verschiedene Arten von K\u00f6nigskerzen. Anscheinend bilden Sie auch Hybride untereinander. Es ist also nicht ganz einfach, die richtige K\u00f6nigskerze zu finden. Traditionell wird in Nieder-Roden die schwarze K\u00f6nigskerze (Verbascum nigrum) gesammelt, deren Bl\u00e4tter oberseits nicht behaart sind. Sie wird vielleicht so genannt, weil ihr abgebl\u00fchter Fruchtstand noch lange stehen bleibt, dann aber dunkelbraun bis schwarz aussieht. Im Vergleich mit ihren hell-wolligen behaarten Nachbararten erscheinen ihre Bl\u00e4tter eher dunkel (auch: dunkle K\u00f6nigskerze). Angeblich wurde der Fruchtstand fr\u00fcher mit Teer oder Pech bestrichen und dann angez\u00fcndet wie eine Fackel benutzt (\u201cKerze\u201d). Danach war er sicher schwarz. Sammeln Sie am besten Pflanzen, die gut zur Gr\u00f6\u00dfe des Werzborre passen. Sie sind so etwa wie das Aush\u00e4ngeschild eines sch\u00f6nen Strau\u00dfes. Leider sind die K\u00f6nigskerzen mitunter bis zum 15. August schon zum gro\u00dfen Teil verbl\u00fcht.<\/p>\n\n\n\n<figure class=\"wp-block-image size-medium\"><a href=\"https:\/\/heimatverein-nieder-roden.de\/wp-content\/uploads\/2019\/05\/halwegaul_ganz.jpg\"><img decoding=\"async\" width=\"225\" height=\"300\" src=\"https:\/\/heimatverein-nieder-roden.de\/wp-content\/uploads\/2019\/05\/halwegaul_ganz-225x300.jpg\" alt=\"\" class=\"wp-image-1216\" srcset=\"https:\/\/heimatverein-nieder-roden.de\/wp-content\/uploads\/2019\/05\/halwegaul_ganz-225x300.jpg 225w, https:\/\/heimatverein-nieder-roden.de\/wp-content\/uploads\/2019\/05\/halwegaul_ganz-768x1024.jpg 768w\" sizes=\"(max-width: 225px) 100vw, 225px\" \/><\/a><figcaption class=\"wp-element-caption\">Halbegaul sieht auch im Balkonkasten gut aus, \u00a9 U.Biebel <\/figcaption><\/figure>\n\n\n\n<p>Woher der heimische Name \u201cHalbegaul&#8220; oder &#8222;Halwegeil\u201d stammt ist nicht klar. Die bisher beste Erkl\u00e4rung hat nichts mit G\u00e4ulen oder Pferden zu tun sondern mit dem Wort &#8222;geil&#8220;, das hier angeblich f\u00fcr &#8222;bl\u00fchen&#8220; steht. Der Fruchtstand der K\u00f6nigskerze ist meist nur zum Teil in Bl\u00fcte, am oberen Ende sind die Bl\u00fcten noch geschlossen, am unteren schon verbl\u00fcht. <\/p>\n\n\n\n<p>Der Volksname &#8222;Halber Gaul&#8220; wird volkst\u00fcmlich aber auch f\u00fcr den Pferde(!)-Ampfer oder botanisch &#8222;stumpfbl\u00e4ttrigen Ampfer&#8220; (<em><a href=\"https:\/\/de.wikipedia.org\/wiki\/Stumpfbl\u00e4ttriger_Ampfer\" target=\"_blank\" rel=\"noreferrer noopener\">Rumex obtusifolius<\/a><\/em>) verwendet. Es k\u00f6nnte sich also einfach um eine Verwechslung handeln, wenn nicht die beiden Pflanzen recht h\u00e4ufig w\u00e4ren und dabei ziemlich verschieden auss\u00e4hen. Und auch der Name &#8222;Halbe Geil&#8220; wurde schon f\u00fcr eine andere heimische Pflanze verwendet, n\u00e4mlich dem &#8222;Roten G\u00e4nsefu\u00df&#8220; (<em><a href=\"https:\/\/de.wikipedia.org\/wiki\/Roter_G\u00e4nsefu\u00df\" target=\"_blank\" rel=\"noreferrer noopener\">Chenopodium rubrum<\/a><\/em>). \u00c4hnlich sind sich diese drei Pflanzen allenfalls in der allgemeinen Wuchsform und Gr\u00f6\u00dfe. Angesichts der Verwendung als Heilkraut scheint so viel Nachl\u00e4ssigkeit in der Namensgebung doch bedenklich. <\/p>\n\n\n\n<figure class=\"wp-block-image\"><a href=\"https:\/\/heimatverein-nieder-roden.de\/wp-content\/uploads\/2019\/05\/halwegaul_bluete.jpg\"><img decoding=\"async\" width=\"768\" height=\"1024\" src=\"https:\/\/heimatverein-nieder-roden.de\/wp-content\/uploads\/2019\/05\/halwegaul_bluete-768x1024.jpg\" alt=\"\" class=\"wp-image-1217\" srcset=\"https:\/\/heimatverein-nieder-roden.de\/wp-content\/uploads\/2019\/05\/halwegaul_bluete-768x1024.jpg 768w, https:\/\/heimatverein-nieder-roden.de\/wp-content\/uploads\/2019\/05\/halwegaul_bluete-225x300.jpg 225w\" sizes=\"(max-width: 768px) 100vw, 768px\" \/><\/a><figcaption class=\"wp-element-caption\">Schwarze K\u00f6nigskerze (Halbegaul) &#8211; Bl\u00fcte (Oberroden, Gr\u00fcnanlage an der Stra\u00dfe nach Waldacker),  <br>\u00a9 U.Biebel<\/figcaption><\/figure>\n\n\n\n<p>Denn andererseits gibt es auch f\u00fcr die K\u00f6nigskerze viele volkst\u00fcmliche Namen:<br>Donnerkerze \u00b7 Fackelkraut \u00b7 Frauenkerze \u00b7 Goldblume \u00b7 Hammelschwanz \u00b7 Himmelbrand \u00b7 Johanniskerze \u00b7 Marienkerze \u00b7 Unholdenkerze \u00b7 Wetterkerze<br>(nach <a href=\"http:\/\/www.heilfastenkur.de\/Koenigskerze.shtml\" target=\"_blank\" rel=\"noreferrer noopener\">http:\/\/www.heilfastenkur.de<\/a>)<\/p>\n\n\n\n<p>In jedem Fall sind alle K\u00f6nigskerzen typische Marienblumen und haben traditionell in allen Gew\u00fcrzstr\u00e4u\u00dfen, die zu Maria Himmelfahrt gesammelt werden, eine prominente Rolle. Und durch diese lebendige Tradition wei\u00df (bzw. wusste) dann ja in Nieder-Roden jedes Kind, was mit dem &#8222;Halwegaul&#8220; gemeint war.<\/p>\n\n\n\n<p>Die unten als Heilpflanze beschriebene &#8222;Kleinbl\u00fctige K\u00f6nigskerze&#8220; ist eine nahe Verwandte unserer schwarzen K\u00f6nigskerze. Verbascum &#8211; Arten mit stark flaumig behaarten Bl\u00e4ttern wurden mancherorts &#8222;Wulle&#8220; genannt (von Wolle). Mitunter wurde auch die Wurzel als Heilmittel verwendet.<\/p>\n\n\n\n<hr class=\"wp-block-separator has-css-opacity is-style-wide\"\/>\n\n\n\n<h1 class=\"wp-block-heading\" id=\"verbascum-thapsus-scrophulariaceae-kleinblutige-konigskerze\"><span class=\"ez-toc-section\" id=\"Verbascum_thapsus_Scrophulariaceae_%E2%80%93_Kleinbluetige_Koenigskerze\"><\/span>Verbascum thapsus (Scrophulariaceae) &#8211; Kleinbl\u00fctige K\u00f6nigskerze <span class=\"ez-toc-section-end\"><\/span><\/h1>\n\n\n\n<figure class=\"wp-block-gallery has-nested-images columns-default is-cropped wp-block-gallery-10 is-layout-flex wp-block-gallery-is-layout-flex\">\n<figure class=\"wp-block-image size-large\"><a href=\"https:\/\/heimatverein-nieder-roden.de\/wp-content\/uploads\/2019\/04\/koenigskerze_zeichnung.jpg\"><img decoding=\"async\" width=\"485\" height=\"778\" data-id=\"1093\" src=\"https:\/\/heimatverein-nieder-roden.de\/wp-content\/uploads\/2019\/04\/koenigskerze_zeichnung.jpg\" alt=\"\" class=\"wp-image-1093\" srcset=\"https:\/\/heimatverein-nieder-roden.de\/wp-content\/uploads\/2019\/04\/koenigskerze_zeichnung.jpg 485w, https:\/\/heimatverein-nieder-roden.de\/wp-content\/uploads\/2019\/04\/koenigskerze_zeichnung-187x300.jpg 187w\" sizes=\"(max-width: 485px) 100vw, 485px\" \/><\/a><figcaption class=\"wp-element-caption\"> <br>K\u00f6nigskerze &#8211; Zeichnung<\/figcaption><\/figure>\n\n\n\n<figure class=\"wp-block-image size-large\"><a href=\"https:\/\/heimatverein-nieder-roden.de\/wp-content\/uploads\/2019\/04\/koenigskerze_alt.jpg\"><img decoding=\"async\" width=\"428\" height=\"618\" data-id=\"1094\" src=\"https:\/\/heimatverein-nieder-roden.de\/wp-content\/uploads\/2019\/04\/koenigskerze_alt.jpg\" alt=\"\" class=\"wp-image-1094\" srcset=\"https:\/\/heimatverein-nieder-roden.de\/wp-content\/uploads\/2019\/04\/koenigskerze_alt.jpg 428w, https:\/\/heimatverein-nieder-roden.de\/wp-content\/uploads\/2019\/04\/koenigskerze_alt-208x300.jpg 208w\" sizes=\"(max-width: 428px) 100vw, 428px\" \/><\/a><figcaption class=\"wp-element-caption\"> <br>Wollige K\u00f6nigskerze &#8211; in einem alten Kr\u00e4uterbuch<\/figcaption><\/figure>\n<\/figure>\n\n\n\n<h3 class=\"wp-block-heading\" id=\"beschreibung\">Beschreibung:<\/h3>\n\n\n\n<p>Zweij\u00e4hrige, bis zu 2 m hohe, aufrechte Pflanze mit leicht behaarten graugr\u00fcnen, lanzettlich-ovalen Bl\u00e4ttern und leuchtendgelben Bl\u00fcten\u00e4hren.<\/p>\n\n\n\n<h3 class=\"wp-block-heading\" id=\"verbreitung-anbau\">Verbreitung &amp; Anbau:<\/h3>\n\n\n\n<p>Heimisch in Europa, West-, Mittel- und Ostasien; vielerorts in gem\u00e4\u00dfigten Klimazonen eingeb\u00fcrgert; w\u00e4chst auf \u00d6dland und an Wegrainen. Ernte der Bl\u00e4tter und Bl\u00fcten im Sommer.<\/p>\n\n\n\n<h3 class=\"wp-block-heading\" id=\"verwendete-teile\">Verwendete Teile:<\/h3>\n\n\n\n<p>Bl\u00e4tter, Bl\u00fcten.<\/p>\n\n\n\n<h3 class=\"wp-block-heading\" id=\"inhaltsstoffe\">Inhaltsstoffe:<\/h3>\n\n\n\n<p>Schleimstoffe, Flavonoide, Triterpensaponine, \u00e4therisches \u00d6l und Gerbstoffe.<\/p>\n\n\n\n<h3 class=\"wp-block-heading\" id=\"geschichte-brauchtum\">Geschichte &amp; Brauchtum:<\/h3>\n\n\n\n<p>K\u00f6nigskerze war fr\u00fcher als Heil-, aber auch als Zauberpflanze hoch gesch\u00e4tzt. Im 16. Jahrhundert \u00e4u\u00dferte der Kr\u00e4uterarzt John Gerard seine Zweifel an den Zauberkr\u00e4ften: \u00bbEinige denken, da\u00df dieses Kraut, am K\u00f6rper getragen, gegen die Fallsucht hilft . . . welches ein falscher und Aberglaube ist.\u00ab Er best\u00e4tigte jedoch den Nutzen der K\u00f6nigskerze als Hustenmittel.<\/p>\n\n\n\n<h3 class=\"wp-block-heading\" id=\"medizinische-wirkung-anwendung\">Medizinische Wirkung &amp; Anwendung:<\/h3>\n\n\n\n<p>Kleinbl\u00fctige K\u00f6nigskerze hilft bei Husten und Katarrh, insbesondere bei Luftr\u00f6hrenentz\u00fcndung und Bronchitis. Ein Aufgu\u00df aus Bl\u00e4ttern und Bl\u00fcten vermindert die Bildung von Schleim und stimuliert sein Abhusten. K\u00f6nigskerze l\u00e4\u00dft sich gut mit anderen auswurff\u00f6rdernden Pflanzen wie Huflattich (Tussilago farfara) und Garten\u00adthymian (Thymus vulgaris) kombinieren. \u00c4u\u00dferlich wirkt K\u00f6nigskerze lindernd und f\u00f6rdert die Wundheilung. In Deutschland legt man die Bl\u00fcten in Oliven\u00f6l ein und nutzt das daraus gewonnene fette \u00d6l bei Ohrinfekten und H\u00e4morrhoiden.<\/p>\n\n\n\n<p>Quelle: Chevallier, Andrew. 2001, S.281.<\/p>\n\n\n\n<p>Was der alte griechische Gelehrte Dioskurides (40-90 n.Chr.) schon \u00fcber die Heilwirkung der K\u00f6nigskerzen wusste, <a href=\"http:\/\/buecher.heilpflanzen-welt.de\/Dioskurides-Arzneimittellehre\/425.htm\" target=\"_blank\" rel=\"noreferrer noopener\">steht hier<\/a>. <\/p>\n\n\n\n<p><a href=\"http:\/\/buecher.heilpflanzen-welt.de\/BGA-Kommission-E-Monographien\/verbasci-flos-wollblumen.htm\">Die offizielle Bewertung der Pflanzenwirkungen finden Sie hier.<\/a><\/p>\n\n\n\n<hr class=\"wp-block-separator has-css-opacity is-style-wide\"\/>\n\n\n\n<h1 class=\"wp-block-heading\" id=\"Hartehaad\"><span class=\"ez-toc-section\" id=\"Hartehaad_%E2%80%93_Hypericum_perforatum_%E2%80%93_Tuepfel-_Johanniskraut\"><\/span>Hartehaad &#8211; Hypericum perforatum &#8211; <br>(T\u00fcpfel-) Johanniskraut<span class=\"ez-toc-section-end\"><\/span><\/h1>\n\n\n\n<p>Der Hartehaa (das Hartheu) ist eines der bekanntesten und auch in der Medizin anerkanntesten Heilkr\u00e4uter. Selten ist es nicht. Der Name \u201cHartheu\u201d oder &#8222;Hartheide&#8220; nimmt vermutlich Bezug auf sein sperriges hartes Kraut, das in den Wiesen in gr\u00f6\u00dferen Mengen anf\u00e4llt, wenn gem\u00e4ht wird.<\/p>\n\n\n<div class=\"wp-block-image\">\n<figure class=\"aligncenter\"><a href=\"https:\/\/heimatverein-nieder-roden.de\/wp-content\/uploads\/2019\/05\/johanniskraut_ganz.jpg\"><img decoding=\"async\" width=\"1024\" height=\"768\" src=\"https:\/\/heimatverein-nieder-roden.de\/wp-content\/uploads\/2019\/05\/johanniskraut_ganz-1024x768.jpg\" alt=\"\" class=\"wp-image-1187\" srcset=\"https:\/\/heimatverein-nieder-roden.de\/wp-content\/uploads\/2019\/05\/johanniskraut_ganz-1024x768.jpg 1024w, https:\/\/heimatverein-nieder-roden.de\/wp-content\/uploads\/2019\/05\/johanniskraut_ganz-300x225.jpg 300w, https:\/\/heimatverein-nieder-roden.de\/wp-content\/uploads\/2019\/05\/johanniskraut_ganz-768x576.jpg 768w\" sizes=\"(max-width: 1024px) 100vw, 1024px\" \/><\/a><figcaption class=\"wp-element-caption\">Johanniskraut (Hartehaad)  Fundort an der Bahn Richtung Rollwald<br>\u00a9 U.Biebel <\/figcaption><\/figure>\n<\/div>\n\n\n<p> Das zur Zeit der Sommersonnenwende bl\u00fchende Johanniskraut galt bereits im mittelalterlichen Europa als magische Pflanze zur Abwehr von Krankheiten und Unheil; therapeutisch nutzte man es zur Wundheilung und bei Niedergeschlagenheit. Im 19. Jahrhundert kam das Kraut aus der Mode, aber neuere Forschungen haben das Interesse neu erweckt, da die Pflanze sich tats\u00e4chlich als Mittel zur Behandlung von unterschiedlichen Gem\u00fctskrankheiten erwiesen hat.<\/p>\n\n\n\n<figure class=\"wp-block-gallery has-nested-images columns-default is-cropped wp-block-gallery-11 is-layout-flex wp-block-gallery-is-layout-flex\">\n<figure class=\"wp-block-image size-large\"><a href=\"https:\/\/heimatverein-nieder-roden.de\/wp-content\/uploads\/2019\/05\/johanniskraut_blueten.jpg\"><img decoding=\"async\" width=\"1024\" height=\"768\" data-id=\"1189\" src=\"https:\/\/heimatverein-nieder-roden.de\/wp-content\/uploads\/2019\/05\/johanniskraut_blueten-1024x768.jpg\" alt=\"\" class=\"wp-image-1189\" srcset=\"https:\/\/heimatverein-nieder-roden.de\/wp-content\/uploads\/2019\/05\/johanniskraut_blueten-1024x768.jpg 1024w, https:\/\/heimatverein-nieder-roden.de\/wp-content\/uploads\/2019\/05\/johanniskraut_blueten-300x225.jpg 300w, https:\/\/heimatverein-nieder-roden.de\/wp-content\/uploads\/2019\/05\/johanniskraut_blueten-768x576.jpg 768w\" sizes=\"(max-width: 1024px) 100vw, 1024px\" \/><\/a><figcaption class=\"wp-element-caption\">Johanniskraut &#8211; Bl\u00fcten  <br>\u00a9 U.Biebel <\/figcaption><\/figure>\n\n\n\n<figure class=\"wp-block-image size-large\"><a href=\"https:\/\/heimatverein-nieder-roden.de\/wp-content\/uploads\/2019\/05\/johanniskraut_fruechte-1.jpg\"><img decoding=\"async\" width=\"768\" height=\"1024\" data-id=\"1190\" src=\"https:\/\/heimatverein-nieder-roden.de\/wp-content\/uploads\/2019\/05\/johanniskraut_fruechte-1-768x1024.jpg\" alt=\"\" class=\"wp-image-1190\" srcset=\"https:\/\/heimatverein-nieder-roden.de\/wp-content\/uploads\/2019\/05\/johanniskraut_fruechte-1-768x1024.jpg 768w, https:\/\/heimatverein-nieder-roden.de\/wp-content\/uploads\/2019\/05\/johanniskraut_fruechte-1-225x300.jpg 225w\" sizes=\"(max-width: 768px) 100vw, 768px\" \/><\/a><figcaption class=\"wp-element-caption\"> Johanniskraut &#8211; Fr\u00fcchte  <br>\u00a9 U.Biebel <\/figcaption><\/figure>\n\n\n\n<figure class=\"wp-block-image size-large\"><a href=\"https:\/\/heimatverein-nieder-roden.de\/wp-content\/uploads\/2019\/05\/johanniskraut_zeichnung.jpg\"><img decoding=\"async\" width=\"344\" height=\"506\" data-id=\"1191\" src=\"https:\/\/heimatverein-nieder-roden.de\/wp-content\/uploads\/2019\/05\/johanniskraut_zeichnung.jpg\" alt=\"\" class=\"wp-image-1191\" srcset=\"https:\/\/heimatverein-nieder-roden.de\/wp-content\/uploads\/2019\/05\/johanniskraut_zeichnung.jpg 344w, https:\/\/heimatverein-nieder-roden.de\/wp-content\/uploads\/2019\/05\/johanniskraut_zeichnung-204x300.jpg 204w\" sizes=\"(max-width: 344px) 100vw, 344px\" \/><\/a><figcaption class=\"wp-element-caption\"> Johanniskraut &#8211; Zeichnung<\/figcaption><\/figure>\n<\/figure>\n\n\n\n<p>Johanniskraut galt im Mittelalter als Volksmedizin gegen Wahnsinn.<\/p>\n\n\n\n<h3 class=\"wp-block-heading\" id=\"verbreitung-anbau\">Verbreitung &amp; Anbau:<\/h3>\n\n\n\n<p>Die Pflanze, die sonnige Standorte auf Kalkboden bevorzugt, kommt weltweit in gem\u00e4\u00dfigten Zonen vor. Die Vermehrung erfolgt durch Samen oder Teilung des Wurzelstocks im Herbst; Spro\u00dfspitzen werden nach \u00d6ffnung der Bl\u00fcten geerntet.<\/p>\n\n\n\n<h3 class=\"wp-block-heading\" id=\"verwandte-arten\">Verwandte Arten:<\/h3>\n\n\n\n<p>Es gibt Hypericum-Arten mit \u00e4hnli\u00adchen therapeutischen Eigenschaften.<\/p>\n\n\n\n<h3 class=\"wp-block-heading\" id=\"hauptsachliche-inhaltsstoffe\">Haupts\u00e4chliche Inhaltsstoffe:<\/h3>\n\n\n\n<p>Phloroglucinol (Hyperforin), Polycyclische Diketone (Hypericin), Flavonoide, Proanthocyane<\/p>\n\n\n\n<h3 class=\"wp-block-heading\" id=\"hauptsachliche-wirkung\">Haupts\u00e4chliche Wirkung:<\/h3>\n\n\n\n<p>Antidepressivum, Anxiolytikum, Antiviral, Antioxidans, Wundheilend, Entz\u00fcndungshemmend<\/p>\n\n\n\n<h3 class=\"wp-block-heading\" id=\"forschungsergebnisse\">Forschungsergebnisse:<\/h3>\n\n\n\n<h4 class=\"wp-block-heading\" id=\"depressionen\">Depressionen:<\/h4>\n\n\n\n<p>Nach Untersuchungen, die seit 1970 durchgef\u00fchrt werden, ist es ein effektives Antidepressivum. Wie eine \u00f6sterreichische Studie nachwies, verbesserte die Einnahme eines Extrakts leichte bis mittelschwere Depressionen bei 67 % der Patienten.<\/p>\n\n\n\n<h4 class=\"wp-block-heading\" id=\"hyperforin\">Hyperforin:<\/h4>\n\n\n\n<p>1998 durchgef\u00fchrte Untersuchungen haben gezeigt, da\u00df diese Substanz eine gro\u00dfe Rolle bei der Wirkung der Pflanze gegen Depressionen spielt.<\/p>\n\n\n\n<h4 class=\"wp-block-heading\" id=\"hypericin\">Hypericin:<\/h4>\n\n\n\n<p>Hypericin hat eine antivirale Wirkung. Die isolierte Substanz (und auch das Kraut selbst) scheinen u. a. gegen Viren zu wirken, die Herpes, HIV oder Hepatitis B und C verursachen.<\/p>\n\n\n\n<h3 class=\"wp-block-heading\" id=\"sicherheit\">Sicherheit:<\/h3>\n\n\n\n<p>Das Johanniskraut ist eine sehr sichere Arznei. So zeigten 15 Testpersonen, die nur Placebos bekommen hatten, mehr Nebenwirkungen als die, die Johanniskraut bekommen hatten. M\u00f6gliche Reaktionen mit anderen Medikamenten k\u00f6nnten problematisch sein.<\/p>\n\n\n\n<h3 class=\"wp-block-heading\" id=\"fruhere-heutige-verwendung\">Fr\u00fchere &amp; heutige Verwendung:<\/h3>\n\n\n\n<h4 class=\"wp-block-heading\" id=\"nervenbeschwerden\">Nervenbeschwerden:<\/h4>\n\n\n\n<p>Johanniskraut gilt als Tonikum f\u00fcr das Nervensystem, so da\u00df man es bei nerv\u00f6ser Ersch\u00f6pfung, Angstzust\u00e4nden, Schlaflosigkeit und Depression einsetzen kann. M\u00f6glicherweise hilft es aber auch bei Suchtkrankheiten.<\/p>\n\n\n\n<h4 class=\"wp-block-heading\" id=\"menopause\">Menopause:<\/h4>\n\n\n\n<p>Johanniskraut kann mangelnde Vitalit\u00e4t w\u00e4hrend der Menopause lindern.<\/p>\n\n\n\n<h4 class=\"wp-block-heading\" id=\"tonisierende-eigenschaften\">Tonisierende Eigenschaften:<\/h4>\n\n\n\n<p>Johanniskraut ist ein wertvolles Tonikum f\u00fcr Leber und Gallenblase.<\/p>\n\n\n\n<h4 class=\"wp-block-heading\" id=\"aufgussol\">Aufgu\u00df\u00f6l:<\/h4>\n\n\n\n<p>Das rote \u00d6l unterst\u00fctzt die Gewebeerneuerung, so da\u00df man es \u00e4u\u00dferlich bei Wunden und Verbrennungen anwendet, aber auch bei Zahn- und Gelenkschmerzen. Innerlich wird es bei Magengeschw\u00fcren angewendet. <\/p>\n\n\n\n<h3 class=\"wp-block-heading\" id=\"rezepturen-ihre-anwendung\">Rezepturen &amp; ihre Anwendung:<\/h3>\n\n\n\n<h3 class=\"wp-block-heading\" id=\"warnung\">Warnung:<\/h3>\n\n\n\n<p>Kann \u00dcberempfindlichkeit gegen Sonnenlicht verursachen. Bei Ein\u00adnahme anderer Medikamente sollte ein Arzt konsultiert werden.<\/p>\n\n\n\n<h4 class=\"wp-block-heading\" id=\"aufgussol\">Aufguss\u00f6l:<\/h4>\n\n\n\n<p>6-w\u00f6chiges Einlegen der Pflanze in \u00d6l. Auf kleinere Wunden und Verbrennungen tupfen.<\/p>\n\n\n\n<h4 class=\"wp-block-heading\" id=\"creme\">Creme:<\/h4>\n\n\n\n<p>Bei Kr\u00e4mpfen, Neuralgie die betroffene Stelle einreiben.<\/p>\n\n\n\n<h4 class=\"wp-block-heading\" id=\"tinktur\">Tinktur:<\/h4>\n\n\n\n<p>Bei Depressionen 3mal t\u00e4glich \u00bd TL mit Wasser einnehmen.<\/p>\n\n\n\n<h4 class=\"wp-block-heading\" id=\"aufguss\">Aufguss:<\/h4>\n\n\n\n<p>T\u00e4glich 100 ml als Verdauungstonikum trinken.<\/p>\n\n\n\n<p>Quelle: Chevallier, Andrew. 2001, S.30f, S.108<\/p>\n\n\n\n<p>Die offizielle Bewertung der Pflanzenwirkungen finden Sie <a href=\"http:\/\/buecher.heilpflanzen-welt.de\/BGA-Kommission-E-Monographien\/hyperici-herba-johanniskraut.htm\">hier<\/a>.<\/p>\n\n\n\n<hr class=\"wp-block-separator has-css-opacity is-style-wide\"\/>\n\n\n\n<h1 class=\"wp-block-heading\" id=\"Liebstengel\"><span class=\"ez-toc-section\" id=\"Liebstaengel_%E2%80%93_Levisticum_officinale_%E2%80%93_Liebstoeckel_%E2%80%9EMaggikraut%E2%80%9C\"><\/span>Liebst\u00e4ngel &#8211; Levisticum officinale &#8211; Liebst\u00f6ckel, &#8222;Maggikraut&#8220;<span class=\"ez-toc-section-end\"><\/span><\/h1>\n\n\n\n<p>Den \u201eLiebst\u00e4ngel\u201c findet man in fast jedem alten Nieder-R\u00f6der Garten. Tats\u00e4chlich ist er eine so alte Gew\u00fcrzpflanze, dass keiner sich recht erinnern kann, woher er stammt. Dass er au\u00dfer als W\u00fcrze in der Suppe auch zu Heilzwecken zu gebrauchen ist, ging mit der Zeit in Vergessenheit. Seine gen\u00fcgsame und ergiebige Art hat ihn in vielen G\u00e4rten gerettet und dass man ihn eben als Gew\u00fcrz verwenden kann. <\/p>\n\n\n\n<figure class=\"wp-block-image\"><a href=\"https:\/\/heimatverein-nieder-roden.de\/wp-content\/uploads\/2019\/05\/liebstengel_ganz.jpg\"><img decoding=\"async\" width=\"1024\" height=\"768\" src=\"https:\/\/heimatverein-nieder-roden.de\/wp-content\/uploads\/2019\/05\/liebstengel_ganz-1024x768.jpg\" alt=\"\" class=\"wp-image-1192\" srcset=\"https:\/\/heimatverein-nieder-roden.de\/wp-content\/uploads\/2019\/05\/liebstengel_ganz-1024x768.jpg 1024w, https:\/\/heimatverein-nieder-roden.de\/wp-content\/uploads\/2019\/05\/liebstengel_ganz-300x225.jpg 300w, https:\/\/heimatverein-nieder-roden.de\/wp-content\/uploads\/2019\/05\/liebstengel_ganz-768x576.jpg 768w\" sizes=\"(max-width: 1024px) 100vw, 1024px\" \/><\/a><figcaption class=\"wp-element-caption\">Liebst\u00f6ckel (Liebst\u00e4ngel, Maggikraut) im Garten <br>\u00a9 U.Biebel <\/figcaption><\/figure>\n\n\n\n<p>Die \u00c4lteren erinnern sich daran, dass man die hohlen St\u00e4ngel als Strohhalm benutzte. Anscheinend aber besonders dann, wenn man krank war. Was dadurch getrunken wurde wei\u00df ich leider nicht, vielleicht eine nahrhafte klare Br\u00fche? Der St\u00e4ngel ist jedenfalls bis heute das Wesentliche f\u00fcr die Werzborre. Weder Bl\u00e4tter noch Bl\u00fcten sind n\u00f6tig, wichtig ist, dass ein St\u00fcck hohler St\u00e4ngel dabei ist (und sei er auch schon verdorrt).<\/p>\n\n\n\n<figure class=\"wp-block-gallery has-nested-images columns-default is-cropped wp-block-gallery-12 is-layout-flex wp-block-gallery-is-layout-flex\">\n<figure class=\"wp-block-image size-large\"><a href=\"https:\/\/heimatverein-nieder-roden.de\/wp-content\/uploads\/2019\/05\/liebstengel_alt.gif\"><img decoding=\"async\" width=\"466\" height=\"663\" data-id=\"1193\" src=\"https:\/\/heimatverein-nieder-roden.de\/wp-content\/uploads\/2019\/05\/liebstengel_alt.gif\" alt=\"\" class=\"wp-image-1193\"\/><\/a><figcaption class=\"wp-element-caption\"> &#8222;Liebstuckel&#8220; &#8211; in einem alten Kr\u00e4uterbuch<\/figcaption><\/figure>\n\n\n\n<figure class=\"wp-block-image size-large\"><a href=\"https:\/\/heimatverein-nieder-roden.de\/wp-content\/uploads\/2019\/05\/liebstengel_bluete.jpg\"><img decoding=\"async\" width=\"1024\" height=\"768\" data-id=\"1194\" src=\"https:\/\/heimatverein-nieder-roden.de\/wp-content\/uploads\/2019\/05\/liebstengel_bluete-1024x768.jpg\" alt=\"\" class=\"wp-image-1194\" srcset=\"https:\/\/heimatverein-nieder-roden.de\/wp-content\/uploads\/2019\/05\/liebstengel_bluete-1024x768.jpg 1024w, https:\/\/heimatverein-nieder-roden.de\/wp-content\/uploads\/2019\/05\/liebstengel_bluete-300x225.jpg 300w, https:\/\/heimatverein-nieder-roden.de\/wp-content\/uploads\/2019\/05\/liebstengel_bluete-768x576.jpg 768w\" sizes=\"(max-width: 1024px) 100vw, 1024px\" \/><\/a><figcaption class=\"wp-element-caption\">Liebst\u00e4ngel &#8211; Bl\u00fcten  <br>\u00a9 U.Biebel <\/figcaption><\/figure>\n\n\n\n<figure class=\"wp-block-image size-large\"><a href=\"https:\/\/heimatverein-nieder-roden.de\/wp-content\/uploads\/2019\/05\/liebstengel_zeichnung.jpg\"><img decoding=\"async\" width=\"487\" height=\"594\" data-id=\"1195\" src=\"https:\/\/heimatverein-nieder-roden.de\/wp-content\/uploads\/2019\/05\/liebstengel_zeichnung.jpg\" alt=\"\" class=\"wp-image-1195\" srcset=\"https:\/\/heimatverein-nieder-roden.de\/wp-content\/uploads\/2019\/05\/liebstengel_zeichnung.jpg 487w, https:\/\/heimatverein-nieder-roden.de\/wp-content\/uploads\/2019\/05\/liebstengel_zeichnung-246x300.jpg 246w\" sizes=\"(max-width: 487px) 100vw, 487px\" \/><\/a><figcaption class=\"wp-element-caption\"> Liebst\u00e4ngel &#8211; Zeichnung<\/figcaption><\/figure>\n<\/figure>\n\n\n\n<p>Da der Liebst\u00f6ckel jedes Jahr wiederkommt, k\u00f6nnten wohl einige der Pflanzen, die in den alten G\u00e4rten stehen, schon Hunderte von Jahren alt sein. Aber das merkt man ihnen nicht an. Au\u00dferhalb der G\u00e4rten findet er sich hierzulande nicht. Irgendwer muss ihn wohl vor langer Zeit mitgebracht haben. Vielleicht die R\u00f6mer? Ob als Samen oder als Pflanze, wer wei\u00df das schon&#8230;<\/p>\n\n\n\n<h3 class=\"wp-block-heading\" id=\"beschreibung\">Beschreibung:<\/h3>\n\n\n\n<p>Mehrj\u00e4hrige, bis zu 2 m hohe Pflanze mit gez\u00e4hnten Fiederbl\u00e4ttern, gr\u00fcngelb\u00adlichen Bl\u00fcten und winzigen, ovalen Fr\u00fcchten.<\/p>\n\n\n\n<h3 class=\"wp-block-heading\" id=\"verbreitung-anbau\">Verbreitung &amp; Anbau: <\/h3>\n\n\n\n<p>Heimisch in S\u00fcdeuropa und S\u00fcdwestasien, w\u00e4chst an sonnigen Bergh\u00e4ngen. Die Bl\u00e4tter werden im Fr\u00fchjahr oder Fr\u00fchsommer, die Fr\u00fcchte im Sp\u00e4tsommer, die Wurzel im Herbst geerntet.<\/p>\n\n\n\n<h3 class=\"wp-block-heading\" id=\"verwendete-teile\">Verwendete Teile:<\/h3>\n\n\n\n<p>Wurzel, Fr\u00fcchte, Bl\u00e4tter.<\/p>\n\n\n\n<h3 class=\"wp-block-heading\" id=\"inhaltsstoffe\">Inhaltsstoffe:<\/h3>\n\n\n\n<p>\u00c4therisches \u00d6l (etwa 70% Phthalide), Cumarine (darunter Bergapten, Psoralen und Umbelliferon), Alkin, Pflanzens\u00e4uren, Sterole, Harze und Gummi. Die Phthalide wirken beruhigend und entkrampfend.<\/p>\n\n\n\n<h3 class=\"wp-block-heading\" id=\"geschichte-brauchtum\">Geschichte &amp; Brauchtum:<\/h3>\n\n\n\n<p>K&#8217;Eogh, der irische Pflanzenheilkundler, schrieb 1735, da\u00df Liebst\u00f6ckel \u00bbBl\u00e4hungen vertreibt. .. der Verdauung hilft, Harnlassen und Menstruation veranla\u00dft, die Sicht kl\u00e4rt und Pickel, Sommersprossen und R\u00f6tungen aus dem Gesicht entfernt\u00ab.<\/p>\n\n\n\n<h3 class=\"wp-block-heading\" id=\"medizinische-wirkung-anwendung\">Medizinische Wirkung &amp; Anwendung:<\/h3>\n\n\n\n<p>Liebst\u00f6ckel wirkt im Verdauungstrakt und in den Atemwegen w\u00e4rmend und ionisierend. Es hilft bei Verdauungsst\u00f6rungen, Appetitlosigkeit, Bl\u00e4hungen, Koliken und Bronchitis. Wegen der harntreibenden und antimikrobiellen Eigenschaften nimmt man es regelm\u00e4\u00dfig bei Harnwegserkrankungen. Liebst\u00f6ckel leitet die Menstruation ein und hilft bei Periodenschmerz. Seine anregende Wirkung hilft bei schwachem Blutdruck.<\/p>\n\n\n\n<h3 class=\"wp-block-heading\" id=\"verwandte-arten\">Verwandte Arten:<\/h3>\n\n\n\n<p>Das chinesische Chuan xiong (Ligusticum ivallichii) wird bei Periodenschmerzen angewendet und um ausbleibende Periodenblutungen einzuleiten. Gao ben (Ligusti\u00adcum sinense) hilft ebenfalls bei Schmerzen.<\/p>\n\n\n\n<h3 class=\"wp-block-heading\" id=\"warnung\">Warnung:<\/h3>\n\n\n\n<p>Nicht w\u00e4hrend der Schwangerschaft und bei Nierenkrankheiten anwenden.<\/p>\n\n\n\n<p>Quelle: Chevallier, Andrew. 2001, S.227<\/p>\n\n\n\n<p>Mehr Informationen unter <a href=\"http:\/\/buecher.heilpflanzen-welt.de\/phytotherapeutische-welt-1962\/115.htm\">heilpflanzen-welt.de<\/a><\/p>\n\n\n\n<hr class=\"wp-block-separator has-css-opacity is-style-wide\"\/>\n\n\n\n<h1 class=\"wp-block-heading\" id=\"Osterlasei\"><span class=\"ez-toc-section\" id=\"%E2%80%9EOsterlazeie%E2%80%9C_%E2%80%93_Aristolochia_clematitis_%E2%80%93_Osterluzei\"><\/span>&#8222;Osterlazeie&#8220; &#8211; Aristolochia clematitis &#8211; Osterluzei <span class=\"ez-toc-section-end\"><\/span><\/h1>\n\n\n\n<p>Die Osterluzei findet sich vor allem in und an (alten) Nieder-R\u00f6der G\u00e4rten, nur noch selten in der freien Natur. (Einen Standort in Dudenhofen habe ich entdeckt. Dort g\u00e4be es genug Osterluzei f\u00fcr ganze Gemeinde Nieder-Roden: An der Mainzer Stra\u00dfe links auf den Feldweg abbiegen Richtung Kleingartenanlage. Gleich rechts im Geb\u00fcsch und unter dem Nussbaum). Ansonsten fragen Sie bitte die \u00e4lteren Niederr\u00f6der! Meistens sind sie froh, wenn jemand ihre &#8222;Osterlazeie&#8220; haben will, denn einmal da, vermehrt sie sich von selbst und wuchert gern. Sie ist abgesehen vom Geruch recht dekorativ. <\/p>\n\n\n\n<figure class=\"wp-block-image\"><a href=\"https:\/\/heimatverein-nieder-roden.de\/wp-content\/uploads\/2019\/05\/osterluzei_ganz.png\"><img decoding=\"async\" width=\"768\" height=\"1024\" src=\"https:\/\/heimatverein-nieder-roden.de\/wp-content\/uploads\/2019\/05\/osterluzei_ganz-768x1024.png\" alt=\"\" class=\"wp-image-1197\" srcset=\"https:\/\/heimatverein-nieder-roden.de\/wp-content\/uploads\/2019\/05\/osterluzei_ganz-768x1024.png 768w, https:\/\/heimatverein-nieder-roden.de\/wp-content\/uploads\/2019\/05\/osterluzei_ganz-225x300.png 225w\" sizes=\"(max-width: 768px) 100vw, 768px\" \/><\/a><figcaption class=\"wp-element-caption\"> Osterluzei in einem alten Nieder-R\u00f6der Garten im Breitwiesenring  <br>\u00a9 U.Biebel <\/figcaption><\/figure>\n\n\n\n<p>Aristolochia gilt f\u00fcr den Menschen als krebserregend. Als Teil der Werzborre wurde sie fr\u00fcher ans Vieh verf\u00fcttert, vielleicht ist sie dort unsch\u00e4dlich. So alt, dass eine Kuh Krebs bekommen k\u00f6nnte, wird diese meist ja nicht (wir Menschen in fr\u00fcheren Zeiten auch nicht!). Wie sie den K\u00fchen helfen sollte ist unklar, vielleicht gegen Zahnschmerzen oder zur Hilfe beim Kalben!?<\/p>\n\n\n\n<figure class=\"wp-block-gallery has-nested-images columns-default is-cropped wp-block-gallery-13 is-layout-flex wp-block-gallery-is-layout-flex\">\n<figure class=\"wp-block-image size-large\"><a href=\"https:\/\/heimatverein-nieder-roden.de\/wp-content\/uploads\/2019\/05\/osterluzei_alt.png\"><img decoding=\"async\" width=\"483\" height=\"678\" data-id=\"1198\" src=\"https:\/\/heimatverein-nieder-roden.de\/wp-content\/uploads\/2019\/05\/osterluzei_alt.png\" alt=\"\" class=\"wp-image-1198\" srcset=\"https:\/\/heimatverein-nieder-roden.de\/wp-content\/uploads\/2019\/05\/osterluzei_alt.png 483w, https:\/\/heimatverein-nieder-roden.de\/wp-content\/uploads\/2019\/05\/osterluzei_alt-214x300.png 214w\" sizes=\"(max-width: 483px) 100vw, 483px\" \/><\/a><figcaption class=\"wp-element-caption\"> Osterluzei in einem alten Kr\u00e4uterbuch<\/figcaption><\/figure>\n\n\n\n<figure class=\"wp-block-image size-large\"><a href=\"https:\/\/heimatverein-nieder-roden.de\/wp-content\/uploads\/2019\/05\/osterluzei_detail.jpg\"><img decoding=\"async\" width=\"1024\" height=\"768\" data-id=\"1199\" src=\"https:\/\/heimatverein-nieder-roden.de\/wp-content\/uploads\/2019\/05\/osterluzei_detail-1024x768.jpg\" alt=\"\" class=\"wp-image-1199\" srcset=\"https:\/\/heimatverein-nieder-roden.de\/wp-content\/uploads\/2019\/05\/osterluzei_detail-1024x768.jpg 1024w, https:\/\/heimatverein-nieder-roden.de\/wp-content\/uploads\/2019\/05\/osterluzei_detail-300x225.jpg 300w, https:\/\/heimatverein-nieder-roden.de\/wp-content\/uploads\/2019\/05\/osterluzei_detail-768x576.jpg 768w\" sizes=\"(max-width: 1024px) 100vw, 1024px\" \/><\/a><figcaption class=\"wp-element-caption\"> Osterluzei &#8211; Detail  <br>\u00a9 U.Biebel <\/figcaption><\/figure>\n\n\n\n<figure class=\"wp-block-image size-large\"><a href=\"https:\/\/heimatverein-nieder-roden.de\/wp-content\/uploads\/2019\/05\/osterluzei_zeichnung.jpg\"><img decoding=\"async\" width=\"488\" height=\"800\" data-id=\"1200\" src=\"https:\/\/heimatverein-nieder-roden.de\/wp-content\/uploads\/2019\/05\/osterluzei_zeichnung.jpg\" alt=\"\" class=\"wp-image-1200\" srcset=\"https:\/\/heimatverein-nieder-roden.de\/wp-content\/uploads\/2019\/05\/osterluzei_zeichnung.jpg 488w, https:\/\/heimatverein-nieder-roden.de\/wp-content\/uploads\/2019\/05\/osterluzei_zeichnung-183x300.jpg 183w\" sizes=\"(max-width: 488px) 100vw, 488px\" \/><\/a><figcaption class=\"wp-element-caption\">Osterluzei &#8211; Zeichnung<\/figcaption><\/figure>\n<\/figure>\n\n\n\n<h3 class=\"wp-block-heading\" id=\"beschreibung\">Beschreibung:<\/h3>\n\n\n\n<p>Unangenehm riechende Pflanze mit herzf\u00f6rmigen Bl\u00e4ttern und r\u00f6hrenf\u00f6rmigen, am Ende verbreiterten gelben Bl\u00fcten. Verbreitung &amp; Anbau: Hauptverbreitung in Mittel- und S\u00fcdeuropa sowie S\u00fcdwestasien. Die Wurzel wird im Fr\u00fchjahr oder Herbst geerntet. Verwendete Teile: Wurzel, Spro\u00dfteile.<\/p>\n\n\n\n<h3 class=\"wp-block-heading\" id=\"inhaltsstoffe\">Inhaltsstoffe:<\/h3>\n\n\n\n<p>Die Osterluzei enth\u00e4lt Aristolochias\u00e4uren, \u00e4therisches \u00d6l und Gerbstoffe. Aristolochias\u00e4uren regen die Aktivit\u00e4t der Leukozyten an, sind aber krebserregend und nierensch\u00e4digend.<\/p>\n\n\n\n<h3 class=\"wp-block-heading\" id=\"geschichte-brauchtum\">Geschichte &amp; Brauchtum:<\/h3>\n\n\n\n<p>Aristolochia bedeutet \u00bbsehr gute Geburt\u00ab und bezieht sich auf die traditionelle Verwendung ihres frischen Saftes zur Einleitung von Geburten. In der Antike zur Behandlung von Beschwerden der Geb\u00e4rmutter, Reptilienbissen und Kopfwunden verwendet. Die Ureinwohnern Amerikas nutzten bestimmte Aristolochia-Arten bei Schlangenbissen, Magen- und Zahnschmerzen sowie Fieber.<\/p>\n\n\n\n<h3 class=\"wp-block-heading\" id=\"medizinische-wirkung-anwendung\">Medizinische Wirkung &amp; Anwendung:<\/h3>\n\n\n\n<p>Die Osterluzei wird heute nicht mehr verwendet. Fr\u00fcher nutzte man sie zur Behandlung von Wunden und bei Schlangenbissen, aber auch nach einer Geburt zur Verhinderung von Infektionen. Au\u00dferdem galt sie als starke Arznei zur Einleitung der Menstruation und als Abtreibungsmittel. Abkochungen wurden verwendet, um die Heilung von Geschw\u00fcren zu beschleunigen und Asthma oder Bronchitis zu behandeln.<\/p>\n\n\n\n<h3 class=\"wp-block-heading\" id=\"forschungsergebnisse\">Forschungsergebnisse:<\/h3>\n\n\n\n<p>In China werden Aristolochia-Arten heute noch angewendet, in anderen L\u00e4ndern ist die medizinische Nutzung der Pflanze wegen der Giftigkeit der Aristolochias\u00e4ure dagegen verboten.<\/p>\n\n\n\n<h3 class=\"wp-block-heading\" id=\"verwandte-arten\">Verwandte Arten:<\/h3>\n\n\n\n<p>Im Amazonasgebiet werden Umschl\u00e4ge und Aufg\u00fcsse von A. klugii bei Schlangenbissen angewendet. In Nordamerika nutzt man die Virginische Schlangenwurzel (A. serpentaria) auf \u00e4hnliche Weise; au\u00dferdem galt diese Pflanze dort als starkes Fiebermittel. A. bracteata verwendet man im Sudan bei Stichen von Skorpionen; die in Europa und Asien heimische A. rotunda wird im Iran als menstruationsf\u00f6rderndes Tonikum genutzt. Die chinesischen Arten A. kaempferi und A. fangchi werden bei funktionalen Lungenbeschwerden, bei Schmerzen oder bei Fl\u00fcssigkeitsretention verwendet; A. indica dient als Verh\u00fctungsmittel.<\/p>\n\n\n\n<h3 class=\"wp-block-heading\" id=\"warnung\">Warnung:<\/h3>\n\n\n\n<p>Die Osterluzei und andere Aristo\u00adlochia-Arten d\u00fcrfen nicht mehr therapeutisch angewendet werden.<\/p>\n\n\n\n<p>Quelle: Chevallier, Andrew. 2001, S.171<\/p>\n\n\n\n<hr class=\"wp-block-separator has-css-opacity is-style-wide\"\/>\n\n\n\n<h1 class=\"wp-block-heading\" id=\"Wei\u00dfeRafohne\"><span class=\"ez-toc-section\" id=\"Weisse_Rafohne_%E2%80%93_Achillea_ptarmica_%E2%80%93_Sumpfschafgarbe_weisser_Dorant\"><\/span>Wei\u00dfe Rafohne &#8211; Achillea ptarmica &#8211; Sumpfschafgarbe, wei\u00dfer Dorant<span class=\"ez-toc-section-end\"><\/span><\/h1>\n\n\n\n<p>In Nieder-Roden wird traditionell die Sumpfschafgarbe gesammelt. Dies geht auf Zeiten zur\u00fcck, als der Rodgau noch eine sumpfige Gegend war. Damals gab es neben den S\u00fcmpfen, in denen die Sumpfschafgarbe wuchs auch noch viele Fr\u00f6sche und darum auch St\u00f6rche, die sich von ihnen ern\u00e4hren konnten. Seit der Flurbereinigung und der gro\u00dfangelegten Trockenlegung sind die nassen Wiesen immer seltener geworden und mit ihnen auch Storch, Frosch und Sumpfschafgarbe.<\/p>\n\n\n\n<figure class=\"wp-block-image\"><a href=\"https:\/\/heimatverein-nieder-roden.de\/wp-content\/uploads\/2019\/05\/schafgarbe_ganz.jpg\"><img decoding=\"async\" width=\"768\" height=\"1024\" src=\"https:\/\/heimatverein-nieder-roden.de\/wp-content\/uploads\/2019\/05\/schafgarbe_ganz-768x1024.jpg\" alt=\"\" class=\"wp-image-1201\" srcset=\"https:\/\/heimatverein-nieder-roden.de\/wp-content\/uploads\/2019\/05\/schafgarbe_ganz-768x1024.jpg 768w, https:\/\/heimatverein-nieder-roden.de\/wp-content\/uploads\/2019\/05\/schafgarbe_ganz-225x300.jpg 225w\" sizes=\"(max-width: 768px) 100vw, 768px\" \/><\/a><figcaption class=\"wp-element-caption\">Wei\u00dfe Raffone (= Sumpfschafgarbe)  <br>\u00a9 U.Biebel <\/figcaption><\/figure>\n\n\n\n<p>Die Sumpfschafgrabe ist selten geworden. Sie hat den Status &#8222;Vowarnstufe&#8220; auf der Artenschutzliste. Daher bitte nicht unbedingt sammeln. Die weitaus h\u00e4ufigere Gemeine Schafgarbe tut es auch.<\/p>\n\n\n\n<figure class=\"wp-block-gallery has-nested-images columns-default is-cropped wp-block-gallery-14 is-layout-flex wp-block-gallery-is-layout-flex\">\n<figure class=\"wp-block-image size-large\"><a href=\"https:\/\/heimatverein-nieder-roden.de\/wp-content\/uploads\/2019\/05\/schafgarbe_in_wiese.jpg\"><img decoding=\"async\" width=\"768\" height=\"1024\" data-id=\"1204\" src=\"https:\/\/heimatverein-nieder-roden.de\/wp-content\/uploads\/2019\/05\/schafgarbe_in_wiese-768x1024.jpg\" alt=\"\" class=\"wp-image-1204\" srcset=\"https:\/\/heimatverein-nieder-roden.de\/wp-content\/uploads\/2019\/05\/schafgarbe_in_wiese-768x1024.jpg 768w, https:\/\/heimatverein-nieder-roden.de\/wp-content\/uploads\/2019\/05\/schafgarbe_in_wiese-225x300.jpg 225w\" sizes=\"(max-width: 768px) 100vw, 768px\" \/><\/a><figcaption class=\"wp-element-caption\">Wei\u00dfe Raffone &#8211; in der Wiese  \u00a9 U.Biebel<\/figcaption><\/figure>\n\n\n\n<figure class=\"wp-block-image size-large\"><a href=\"https:\/\/heimatverein-nieder-roden.de\/wp-content\/uploads\/2019\/05\/schafgarbe_zeichnung.jpg\"><img decoding=\"async\" width=\"684\" height=\"1024\" data-id=\"1205\" src=\"https:\/\/heimatverein-nieder-roden.de\/wp-content\/uploads\/2019\/05\/schafgarbe_zeichnung-684x1024.jpg\" alt=\"\" class=\"wp-image-1205\" srcset=\"https:\/\/heimatverein-nieder-roden.de\/wp-content\/uploads\/2019\/05\/schafgarbe_zeichnung-684x1024.jpg 684w, https:\/\/heimatverein-nieder-roden.de\/wp-content\/uploads\/2019\/05\/schafgarbe_zeichnung-200x300.jpg 200w, https:\/\/heimatverein-nieder-roden.de\/wp-content\/uploads\/2019\/05\/schafgarbe_zeichnung-768x1151.jpg 768w, https:\/\/heimatverein-nieder-roden.de\/wp-content\/uploads\/2019\/05\/schafgarbe_zeichnung.jpg 801w\" sizes=\"(max-width: 684px) 100vw, 684px\" \/><\/a><figcaption class=\"wp-element-caption\">Wei\u00dfe Raffone &#8211; Zeichnung<\/figcaption><\/figure>\n<\/figure>\n\n\n\n<p>Die gemeine Schafgarbe (Achillea millefolium, s.u.) findet sich heute regelm\u00e4\u00dfig in und um Nieder-Roden. Da sie eine anerkannte Heilpflanze ist, spricht nichts dagegen, sie ersatzweise in die W\u00fcrzb\u00fcrden aufzunehmen. Umso mehr als die Sumpfschafgrabe schon in der Gefahr steht ganz zu verschwinden. \u00dcber die Heilwirkung der Sumpfschafgarbe selbst ist wenig bekannt. Von ihrer Verwendung als Heilkraut wird daher eher abgeraten. Sie ist auch als Nieswurz bekannt und man kann wohl entsprechend aus Bl\u00fcten und Kraut Niespulver herstellen.<\/p>\n\n\n\n<figure class=\"wp-block-gallery has-nested-images columns-default is-cropped wp-block-gallery-15 is-layout-flex wp-block-gallery-is-layout-flex\">\n<figure class=\"wp-block-image size-large\"><a href=\"https:\/\/heimatverein-nieder-roden.de\/wp-content\/uploads\/2019\/05\/gemeine_schafgarbe_zeichnung2.jpg\"><img decoding=\"async\" width=\"507\" height=\"800\" data-id=\"1203\" src=\"https:\/\/heimatverein-nieder-roden.de\/wp-content\/uploads\/2019\/05\/gemeine_schafgarbe_zeichnung2.jpg\" alt=\"\" class=\"wp-image-1203\" srcset=\"https:\/\/heimatverein-nieder-roden.de\/wp-content\/uploads\/2019\/05\/gemeine_schafgarbe_zeichnung2.jpg 507w, https:\/\/heimatverein-nieder-roden.de\/wp-content\/uploads\/2019\/05\/gemeine_schafgarbe_zeichnung2-190x300.jpg 190w\" sizes=\"(max-width: 507px) 100vw, 507px\" \/><\/a><figcaption class=\"wp-element-caption\">Gemeine Schafgarbe &#8211; Zeichnung <\/figcaption><\/figure>\n\n\n\n<figure class=\"wp-block-image size-large\"><a href=\"https:\/\/heimatverein-nieder-roden.de\/wp-content\/uploads\/2019\/05\/IMG_1371.jpg\"><img decoding=\"async\" width=\"1024\" height=\"768\" data-id=\"1256\" src=\"https:\/\/heimatverein-nieder-roden.de\/wp-content\/uploads\/2019\/05\/IMG_1371-1024x768.jpg\" alt=\"\" class=\"wp-image-1256\" srcset=\"https:\/\/heimatverein-nieder-roden.de\/wp-content\/uploads\/2019\/05\/IMG_1371-1024x768.jpg 1024w, https:\/\/heimatverein-nieder-roden.de\/wp-content\/uploads\/2019\/05\/IMG_1371-300x225.jpg 300w, https:\/\/heimatverein-nieder-roden.de\/wp-content\/uploads\/2019\/05\/IMG_1371-768x576.jpg 768w\" sizes=\"(max-width: 1024px) 100vw, 1024px\" \/><\/a><figcaption class=\"wp-element-caption\">Gemeine Schafgarbe, Detailaufnahme  <br>\u00a9 U.Biebel <\/figcaption><\/figure>\n<\/figure>\n\n\n\n<p>Wenn Sie das Original finden wollen, m\u00fcssen Sie eine sumpfige Wiese kennen. Versuchen Sie es an der Lache! Auff\u00e4lligster Unterschied ist die Form der Bl\u00e4tter. Auch sind bei der Sumpfschafgarbe die Bl\u00fcten deutlich gr\u00f6\u00dfer.<\/p>\n\n\n\n<h3 class=\"wp-block-heading\" id=\"achillea-millefolium-asteraceae-gemeine-schafgarbe\">Achillea millefolium (Asteraceae) &#8211; (Gemeine) Schafgarbe<\/h3>\n\n\n\n<p>Die Schafgarbe ist eine bis zu 1 m hohe, mehrj\u00e4hrige Pflanze mit wei\u00dfen Bl\u00fctenk\u00f6pfchen und fein\u00adgeteilten Bl\u00e4ttern.<\/p>\n\n\n\n<p>Die Schafgarbe ist eine in Europa heimische Pflanze mit einer langen Tradition als Wundheilkraut. Schon im Altertum als \u00bbSoldatenkraut\u00ab (herba militaris) bekannt, wurde sie zur Behandlung blutender Kampf\u00adverletzungen verwendet. Man setzt sie auch als Bittertonikum und zur Herstellung von Bittergetr\u00e4nken aller Art ein; zudem wird sie bei Erk\u00e4ltungen, Grippe, Heuschnupfen, Menstruationsbeschwerden und Kreislaufst\u00f6rungen verwendet.<\/p>\n\n\n\n<p>Der Name Schafgarbe leitet sich vom althochdeutschen \u00bbgarwe\u00ab ab, was \u00bbGesundmacher\u00ab bedeutet.<\/p>\n\n\n\n<h3 class=\"wp-block-heading\" id=\"verbreitung-anbau\">Verbreitung &amp; Anbau:<\/h3>\n\n\n\n<p>Eigentlich in Europa und Westasien heimisch, findet man die Schafgarbe heute fast \u00fcberall in gem\u00e4\u00dfigten Breiten auf Wiesen und an Wegr\u00e4n\u00addern. Die Vermehrung erfolgt durch Rhizome; die Spro\u00dfteile werden im Sommer zur Bl\u00fctezeit gesammelt.<\/p>\n\n\n\n<h3 class=\"wp-block-heading\" id=\"hauptsachliche-inhaltsstoffe\">Haupts\u00e4chliche Inhaltsstoffe:<\/h3>\n\n\n\n<p>\u00c4therisches \u00d6l mit unterschiedlichen Bestandteilen (Linalool, Kampfer, Sabinen, Azulen), Sesquiterpenlactone , Flavonoide, Alkaloide (Achillein), Polyine, Triterpene, Phytosterole, Gerbstoffe.<\/p>\n\n\n\n<h3 class=\"wp-block-heading\" id=\"hauptsachliche-wirkung\">Haupts\u00e4chliche Wirkung:<\/h3>\n\n\n\n<p>Krampfl\u00f6send, Adstringierend, Bittertonikum, Schwei\u00dftreibend, Blutdrucksenkend, Fiebersenkend, Stillt innere Blutungen, f\u00f6rdert die Menstruation, Entz\u00fcndungshemmend.<\/p>\n\n\n\n<h3 class=\"wp-block-heading\" id=\"forschungsergebnisse\">Forschungsergebnisse:<\/h3>\n\n\n\n<p>Trotz der vielen Anwendungsm\u00f6glichkeiten und der \u00c4hnlichkeit zur Echten Kamille (Chamomilla recutita) ist diese Pflanze kaum untersucht. Bekannt sind die entz\u00fcndungs-hemmende Wirkung des \u00e4therischen \u00d6ls und die anti-allergenen Eigenschaften des Azulens. Die Sesquiterpenlactone wirken gegen Tumoren; das Achillein und die Flavonoide hemmen innere und \u00e4u\u00dfere Blutungen, und die Flavo\u00adnoide sind f\u00fcr die krampfl\u00f6sende Wirkung verantwortlich.<\/p>\n\n\n\n<h3 class=\"wp-block-heading\" id=\"fruhere-heutige-verwendung\">Fr\u00fchere &amp; Heutige Verwendung:<\/h3>\n\n\n\n<h4 class=\"wp-block-heading\" id=\"wundheilung\">Wundheilung:<\/h4>\n\n\n\n<p>Achilles, dem die Schafgarbe ihren Gattungsnamen verdankt, soll die Pflanze zur Wundheilung genutzt haben. Sie wird seit Jahrhunderten f\u00fcr diesen Zweck verwendet, z.B. als Wundsalbe.<\/p>\n\n\n\n<h4 class=\"wp-block-heading\" id=\"gynakologische-wirkung\">Gyn\u00e4kologische Wirkung:<\/h4>\n\n\n\n<p> Die Schafgarbe unterst\u00fctzt die Menstruation, lindert Schmerzen und verhindert zu starke Blutungen. <\/p>\n\n\n\n<h4 class=\"wp-block-heading\" id=\"weitere-anwendungen\">Weitere Anwendungen:<\/h4>\n\n\n\n<p>Die Schafgarbe l\u00e4\u00dft sich bei Erk\u00e4ltungen und Grippe anwenden. Als Bittertonikum kann sie bei Verdauungsbeschwerden und Koliken eingesetzt werden. Sie senkt den Blutdruck, verbessert die Blutzirkulation und lindert Krampfaderbeschwerden und Heuschnupfen.<\/p>\n\n\n\n<p>Quelle: Chevallier, Andrew. 2001, S.56.<\/p>\n\n\n\n<p>Weitere Informationen auf der Seite <a rel=\"noreferrer noopener\" href=\"http:\/\/www.waschkultur.de\/kraeuterundblueten\/kraeuter\/schafgarbe.htm\" target=\"_blank\">Waschkultur<\/a> und unter <a rel=\"noreferrer noopener\" href=\"http:\/\/buecher.heilpflanzen-welt.de\/phytotherapeutische-welt-1962\/085.htm\" target=\"_blank\">heilpflanzen-welt.de<\/a> <\/p>\n\n\n\n<hr class=\"wp-block-separator has-css-opacity is-style-wide\"\/>\n\n\n\n<h1 class=\"wp-block-heading\" id=\"Wermut\"><span class=\"ez-toc-section\" id=\"Wermut_%E2%80%93_Artemisia_absinthium_%E2%80%93_Wermut_Absinth\"><\/span>Wermut &#8211; Artemisia absinthium &#8211; Wermut, Absinth<span class=\"ez-toc-section-end\"><\/span><\/h1>\n\n\n\n<p>Der Wermut ist Vielen ausschlie\u00dflich als bitterer Aperitif bekannt (Martini!). Welche Heilwirkungen die darin enthaltene Pflanze hat, ist heute wenig bekannt. Der Echte Wermut findet sich auf unseren \u00c4ckern kaum noch, daf\u00fcr aber umso mehr sein naher Verwandter der gemeine Beifu\u00df. Auch er hat Heilwirkung und darf ersatzweise in den W\u00fcrzstrauch hinein.<\/p>\n\n\n\n<figure class=\"wp-block-image\"><a href=\"https:\/\/heimatverein-nieder-roden.de\/wp-content\/uploads\/2019\/05\/wermut_ganz.jpg\"><img decoding=\"async\" width=\"768\" height=\"1024\" src=\"https:\/\/heimatverein-nieder-roden.de\/wp-content\/uploads\/2019\/05\/wermut_ganz-768x1024.jpg\" alt=\"\" class=\"wp-image-1206\" srcset=\"https:\/\/heimatverein-nieder-roden.de\/wp-content\/uploads\/2019\/05\/wermut_ganz-768x1024.jpg 768w, https:\/\/heimatverein-nieder-roden.de\/wp-content\/uploads\/2019\/05\/wermut_ganz-225x300.jpg 225w\" sizes=\"(max-width: 768px) 100vw, 768px\" \/><\/a><figcaption class=\"wp-element-caption\">Wermut (im Klostergarten Seligenstadt), \u00a9 U.Biebel <\/figcaption><\/figure>\n\n\n\n<p>Wermut ist eine der bittersten Pflanzen &#8211; absinthium bedeutet \u00bbohne S\u00fc\u00dfe\u00ab &#8211; mit einer wohltuenden Wirkung auf das Verdauungssystem, besonders auf den Magen und die Gallenblase. Die Arznei wird in kleinen Schlucken getrunken, wobei der bittere Geschmack einen Gro\u00dfteil der therapeutischen Wirkung ausmacht. Die Pflanze war fr\u00fcher einer der wichtigsten Aromastoffe f\u00fcr Vermouth-Getr\u00e4nke.<\/p>\n\n\n\n<figure class=\"wp-block-gallery has-nested-images columns-2 is-cropped wp-block-gallery-16 is-layout-flex wp-block-gallery-is-layout-flex\">\n<figure class=\"wp-block-image size-large\"><a href=\"https:\/\/heimatverein-nieder-roden.de\/wp-content\/uploads\/2019\/05\/wermut_alt.jpg\"><img decoding=\"async\" width=\"446\" height=\"624\" data-id=\"1207\" src=\"https:\/\/heimatverein-nieder-roden.de\/wp-content\/uploads\/2019\/05\/wermut_alt.jpg\" alt=\"\" class=\"wp-image-1207\" srcset=\"https:\/\/heimatverein-nieder-roden.de\/wp-content\/uploads\/2019\/05\/wermut_alt.jpg 446w, https:\/\/heimatverein-nieder-roden.de\/wp-content\/uploads\/2019\/05\/wermut_alt-214x300.jpg 214w\" sizes=\"(max-width: 446px) 100vw, 446px\" \/><\/a><figcaption class=\"wp-element-caption\"> Wermut &#8211; in einem alten Kr\u00e4uterbuch<\/figcaption><\/figure>\n\n\n\n<figure class=\"wp-block-image size-large\"><a href=\"https:\/\/heimatverein-nieder-roden.de\/wp-content\/uploads\/2019\/05\/wermut_lokal.jpg\"><img decoding=\"async\" width=\"1024\" height=\"913\" data-id=\"1209\" src=\"https:\/\/heimatverein-nieder-roden.de\/wp-content\/uploads\/2019\/05\/wermut_lokal-1024x913.jpg\" alt=\"\" class=\"wp-image-1209\" srcset=\"https:\/\/heimatverein-nieder-roden.de\/wp-content\/uploads\/2019\/05\/wermut_lokal-1024x913.jpg 1024w, https:\/\/heimatverein-nieder-roden.de\/wp-content\/uploads\/2019\/05\/wermut_lokal-300x267.jpg 300w, https:\/\/heimatverein-nieder-roden.de\/wp-content\/uploads\/2019\/05\/wermut_lokal-768x685.jpg 768w, https:\/\/heimatverein-nieder-roden.de\/wp-content\/uploads\/2019\/05\/wermut_lokal.jpg 1536w\" sizes=\"(max-width: 1024px) 100vw, 1024px\" \/><\/a><figcaption class=\"wp-element-caption\"> Wermut &#8211; Bei J\u00fcgesheim fand sich sogar ein wildwachsendes Exemplar!  <br>\u00a9 U.Biebel <\/figcaption><\/figure>\n\n\n\n<figure class=\"wp-block-image size-large\"><a href=\"https:\/\/heimatverein-nieder-roden.de\/wp-content\/uploads\/2019\/05\/wermut_detail-1.jpg\"><img decoding=\"async\" width=\"768\" height=\"1024\" data-id=\"1210\" src=\"https:\/\/heimatverein-nieder-roden.de\/wp-content\/uploads\/2019\/05\/wermut_detail-1-768x1024.jpg\" alt=\"\" class=\"wp-image-1210\" srcset=\"https:\/\/heimatverein-nieder-roden.de\/wp-content\/uploads\/2019\/05\/wermut_detail-1-768x1024.jpg 768w, https:\/\/heimatverein-nieder-roden.de\/wp-content\/uploads\/2019\/05\/wermut_detail-1-225x300.jpg 225w\" sizes=\"(max-width: 768px) 100vw, 768px\" \/><\/a><figcaption class=\"wp-element-caption\">Wermut &#8211; Detail, \u00a9 U.Biebel <\/figcaption><\/figure>\n\n\n\n<figure class=\"wp-block-image size-large\"><a href=\"https:\/\/heimatverein-nieder-roden.de\/wp-content\/uploads\/2019\/05\/wermut_zeichnung.jpg\"><img decoding=\"async\" width=\"636\" height=\"824\" data-id=\"1211\" src=\"https:\/\/heimatverein-nieder-roden.de\/wp-content\/uploads\/2019\/05\/wermut_zeichnung.jpg\" alt=\"\" class=\"wp-image-1211\" srcset=\"https:\/\/heimatverein-nieder-roden.de\/wp-content\/uploads\/2019\/05\/wermut_zeichnung.jpg 636w, https:\/\/heimatverein-nieder-roden.de\/wp-content\/uploads\/2019\/05\/wermut_zeichnung-232x300.jpg 232w\" sizes=\"(max-width: 636px) 100vw, 636px\" \/><\/a><figcaption class=\"wp-element-caption\">Wermut &#8211; Zeichnung<\/figcaption><\/figure>\n<\/figure>\n\n\n\n<h3 class=\"wp-block-heading\" id=\"verbreitung-anbau\">Verbreitung &amp; Anbau<\/h3>\n\n\n\n<p>Der Wermut ist in Europa heimisch, wo er an Wegr\u00e4ndern und auf \u00d6dland w\u00e4chst. Heute kommt er auch in Zentralasien und im Osten der USA wildwachsend vor; au\u00dferdem wird er weltweit in gem\u00e4\u00dfigten Regionen kultiviert. Wermut wird im Fr\u00fchjahr durch Samen oder im Herbst durch Teilung der Wurzeln vermehrt. Die Spro\u00dfteile werden im Sp\u00e4tsommer geerntet.<\/p>\n\n\n\n<p> wildwachsend vor; au\u00dferdem wird er weltweit in gem\u00e4\u00dfigten Regionen kultiviert. Wermut wird im Fr\u00fchjahr durch Samen oder im Herbst durch Teilung der Wurzeln vermehrt. Die Spro\u00dfteile werden im Sp\u00e4tsommer geerntet.<\/p>\n\n\n\n<h3 class=\"wp-block-heading\" id=\"hauptsachliche-inhaltsstoffe\">Haupts\u00e4chliche Inhaltsstoffe<\/h3>\n\n\n\n<p>\u00c4therisches \u00d6l mit Sesquiterpen- lactonen (Artabsin, Anabsinthin), Thujon, Azulen, Flavonoide, Phenolcarbons\u00e4uren, Lignane<\/p>\n\n\n\n<h3 class=\"wp-block-heading\" id=\"hauptsachliche-wirkung\">Haupts\u00e4chliche Wirkung<\/h3>\n\n\n\n<p>Aromatisches Bittermittel, regt Gallensekretion an, entz\u00fcndungshemmend, Wurmmittel, lindert Magenschmerzen, mildes Antidepressivum.<\/p>\n\n\n\n<h3 class=\"wp-block-heading\" id=\"forschungsergebnisse\">Forschungsergebnisse:<\/h3>\n\n\n\n<h4 class=\"wp-block-heading\" id=\"bitteres-heilkraut\">Bitteres Heilkraut:<\/h4>\n\n\n\n<p>Um 1970 durchgef\u00fchrte Untersuchungen best\u00e4tigten, da\u00df verschiedene Bestandteile der Pflanze zu ihrer therapeutischen Wirkung beitragen. Viele sind so bitter, da\u00df sie die Bitterrezeptoren der Geschmacksknospen auf der Zunge aktivieren, die wiederum die Sekretion bestimmten Magen- und anderer Verdauungss\u00e4fte anregen.<\/p>\n\n\n\n<h4 class=\"wp-block-heading\" id=\"weitere-anwendungen\">Weitere Anwendungen:<\/h4>\n\n\n\n<p>Nach einer Untersuchung in Pakistan (1995) hat Wermut eine lebersch\u00fctzende Wirkung, die auf eine Hemmung bestimmter Stoffwechselenzyme in der Leber zur\u00fcckgeht.<\/p>\n\n\n\n<h3 class=\"wp-block-heading\" id=\"fruhere-heutige-verwendung\">Fr\u00fchere &amp; Heutige Verwendung<\/h3>\n\n\n\n<h4 class=\"wp-block-heading\" id=\"absinth\">Absinth:<\/h4>\n\n\n\n<p>Aus Wermut l\u00e4\u00dft sich Absinth herstellen, ein s\u00fcchtig\u00admachendes und toxisches Getr\u00e4nk, das im 19. Jahrhundert in Frankreich beliebt war. Absinth, der heute ver\u00adboten ist, enthielt als Geschmacks\u00adstoff das an Thujon reiche \u00e4therisches \u00d6l des Wermut. Thujon ist ein nervenstimulierendes Mittel, das in kleinen Mengen ungef\u00e4hrlich ist, in gr\u00f6\u00dferen dagegen giftig.<\/p>\n\n\n\n<h4 class=\"wp-block-heading\" id=\"anregung-der-verdauung\">Anregung der Verdauung:<\/h4>\n\n\n\n<p>Wermut ist besonders wertvoll f\u00fcr Menschen mit schlechter Verdauung. Er steigert die Magens\u00e4ure- und Gallenproduktion und st\u00e4rkt so die Verdauung und die Aufnahme von N\u00e4hrstoffen. Eine regelm\u00e4\u00dfige Anwendung von Wermuttinktur lindert Bl\u00e4hungen, st\u00e4rkt die Ver\u00addauung und verhilft dem K\u00f6rper nach einer Krankheit wieder zu Vitalit\u00e4t. <\/p>\n\n\n\n<h4 class=\"wp-block-heading\" id=\"wurmer\">W\u00fcrmer:<\/h4>\n\n\n\n<p>Der Wermut ist ein\ntraditionelles, aber nur eingeschr\u00e4nkt wirksames Wurmmittel.<\/p>\n\n\n\n<h4 class=\"wp-block-heading\" id=\"traditionelles-insektenvernichtungsmittel\">Traditionelles Insektenvernichtungsmittel:<\/h4>\n\n\n\n<p>Wermut ist ein gutes Insektenvernichtungs- und Insektenschutzmittel.<\/p>\n\n\n\n<h4 class=\"wp-block-heading\" id=\"weitere-anwendungen\">Weitere Anwendungen:<\/h4>\n\n\n\n<p> Seine entz\u00fcndungshemmende Wirkung macht ihn zu einem guten Mittel gegen Infektionen; gelegentlich wird er auch als Antidepressivum angewendet.<\/p>\n\n\n\n<h3 class=\"wp-block-heading\" id=\"rezepturen-ihre-anwendung\">Rezepturen &amp; ihre Anwendung<\/h3>\n\n\n\n<h3 class=\"wp-block-heading\" id=\"warnung\">Warnung:<\/h3>\n\n\n\n<p>Nur unter \u00e4rztlicher Aufsicht, in kleinen Mengen, normalerweise nicht l\u00e4nger als 4 bis 5 Wochen und nicht w\u00e4hrend der Schwangerschaft anwenden.<\/p>\n\n\n\n<h4 class=\"wp-block-heading\" id=\"aufguss\">Aufgu\u00df<\/h4>\n\n\n\n<p>aus Wermut und anderen Krautern als Verdauungsmittel anwenden.<\/p>\n\n\n\n<h4 class=\"wp-block-heading\" id=\"tinktur\">Tinktur<\/h4>\n\n\n\n<p>wendet man bei Ern\u00e4hrungsproblemen an, z. B. An\u00e4mie.<\/p>\n\n\n\n<hr class=\"wp-block-separator has-css-opacity is-style-wide\"\/>\n\n\n\n<p id=\"im-folgenden-sind-auch-die-heilsamen-wirkungen-des-beifuss-aufgelistet\">Im Folgenden sind auch die heilsamen Wirkungen des Beifu\u00df aufgelistet:<\/p>\n\n\n\n<h1 class=\"wp-block-heading\" id=\"artemisia-vulgaris-asteraceae-gemeiner-beifuss\"><span class=\"ez-toc-section\" id=\"Artemisia_vulgaris_Asteraceae_%E2%80%93_Gemeiner_Beifuss\"><\/span>Artemisia vulgaris (Asteraceae) &#8211; Gemeiner Beifu\u00df<span class=\"ez-toc-section-end\"><\/span><\/h1>\n\n\n\n<figure class=\"wp-block-gallery has-nested-images columns-default is-cropped wp-block-gallery-17 is-layout-flex wp-block-gallery-is-layout-flex\">\n<figure class=\"wp-block-image size-large\"><a href=\"https:\/\/heimatverein-nieder-roden.de\/wp-content\/uploads\/2019\/05\/beifuss_ausschnitt.jpg\"><img decoding=\"async\" width=\"768\" height=\"1024\" data-id=\"1212\" src=\"https:\/\/heimatverein-nieder-roden.de\/wp-content\/uploads\/2019\/05\/beifuss_ausschnitt-768x1024.jpg\" alt=\"\" class=\"wp-image-1212\" srcset=\"https:\/\/heimatverein-nieder-roden.de\/wp-content\/uploads\/2019\/05\/beifuss_ausschnitt-768x1024.jpg 768w, https:\/\/heimatverein-nieder-roden.de\/wp-content\/uploads\/2019\/05\/beifuss_ausschnitt-225x300.jpg 225w\" sizes=\"(max-width: 768px) 100vw, 768px\" \/><\/a><figcaption class=\"wp-element-caption\">Gemeiner Beifu\u00df, \u00a9 U.Biebel <\/figcaption><\/figure>\n\n\n\n<figure class=\"wp-block-image size-large\"><a href=\"https:\/\/heimatverein-nieder-roden.de\/wp-content\/uploads\/2019\/05\/beifuss_zeichnung.jpg\"><img decoding=\"async\" width=\"432\" height=\"611\" data-id=\"1213\" src=\"https:\/\/heimatverein-nieder-roden.de\/wp-content\/uploads\/2019\/05\/beifuss_zeichnung.jpg\" alt=\"\" class=\"wp-image-1213\" srcset=\"https:\/\/heimatverein-nieder-roden.de\/wp-content\/uploads\/2019\/05\/beifuss_zeichnung.jpg 432w, https:\/\/heimatverein-nieder-roden.de\/wp-content\/uploads\/2019\/05\/beifuss_zeichnung-212x300.jpg 212w\" sizes=\"(max-width: 432px) 100vw, 432px\" \/><\/a><figcaption class=\"wp-element-caption\">Gemeiner Beifu\u00df &#8211; Echter Wermut<\/figcaption><\/figure>\n<\/figure>\n\n\n\n<h3 class=\"wp-block-heading\" id=\"beschreibung\">Beschreibung:<\/h3>\n\n\n\n<p>Aromatische, bis zu l m hohe, mehrj\u00e4hrige Pflanze mit dunkelgr\u00fcnen, stark gefiederten Bl\u00e4ttern und zahlreichen Rispen aus kleinen r\u00f6tlichen oder gelben Bl\u00fctenk\u00f6pfchen.<\/p>\n\n\n\n<h3 class=\"wp-block-heading\" id=\"verbreitung-anbau\">Verbreitung &amp; Anbau:<\/h3>\n\n\n\n<p>Kommt in den gem\u00e4\u00dfigten Regionen der n\u00f6rdlichen Hemisph\u00e4re vor, w\u00e4chst auf \u00d6dland und in Geb\u00fcschen. Die Vermehrung erfolgt durch Teilung im Herbst und im Fr\u00fchjahr. Gesammelt wird er direkt vor der Bl\u00fcte im Sp\u00e4tsommer.<\/p>\n\n\n\n<h3 class=\"wp-block-heading\" id=\"verwendete-teile\">Verwendete Teile:<\/h3>\n\n\n\n<p>Bl\u00e4tter, Wurzel.<\/p>\n\n\n\n<h3 class=\"wp-block-heading\" id=\"inhaltsstoffe\">Inhaltsstoffe:<\/h3>\n\n\n\n<p>Enth\u00e4lt \u00e4therische \u00d6le (haupts\u00e4chlich Caryophyllene), ein Sesquiterpenlacton, Flavonoide, Cumarinderivate und Triterpene.<\/p>\n\n\n\n<h3 class=\"wp-block-heading\" id=\"geschichte-brauchtum\">Geschichte &amp; Brauchtum:<\/h3>\n\n\n\n<p>Der Beifu\u00df wird in Europa und Asien schon sehr lange verwendet. So sollen bereits r\u00f6mische Zenturios ihre Sandalen damit ausgelegt haben, um die Fu\u00dfsohlen gesund zu erhalten. Nach Aussage des griechischen Arztes Dioskorides galt die G\u00f6ttin Artemis (der die Pflanze ihren Gattungsnamen verdankt) als diejenige, die den Frauen w\u00e4hrend der Geburt Beistand leistet. Das walisische Kr\u00e4uterbuch The Physicians o&#8217;Myddfai aus dem 13. Jahrhundert empfiehlt: \u00bbIst eine Frau au\u00dferstande, ihr Kind auf die Welt zu bringen, so binde man Beifu\u00df an ihren linken Oberschenkel. Nach der Geburt wird er sofort entfernt, damit es nicht zu starken Blutungen kommt.\u00ab Im 18. Jahrhundert empfahl der spanische Pflanzenheilkundler Diego de Torres das Anbringen eines Beifu\u00dfpflasters unterhalb des Nebels um die Geburt einzuleiten.<\/p>\n\n\n\n<p>Auf der britischen Insel Isle of Man werden Beifu\u00dfzweige bei der j\u00e4hrlichen Er\u00f6ffnungssitzung des Parlaments, des sogenannten Court of Tynwald, getragen. Auch in China wird der Beifu\u00df schon seit Jahrtausenden gesch\u00e4tzt. So ist er Hauptbestandteil von moxa, das man zur <a rel=\"noreferrer noopener\" href=\"http:\/\/de.wikipedia.org\/wiki\/Moxibustion\" target=\"_blank\">Moxibustion<\/a> nutzt, einem Proze\u00df, bei dem eine zigarrenf\u00f6rmige Rolle aus getrockneten Bl\u00e4ttern \u00fcber bestimmten Akupunkturstellen angez\u00fcndet wird. <\/p>\n\n\n\n<h3 class=\"wp-block-heading\" id=\"medizinische-wirkung-anwendung\">Medizinische Wirkung &amp; Anwendung:<\/h3>\n\n\n\n<p>Das verdauungsf\u00f6rdernde und tonisierende Kraut hat eine Vielzahl traditioneller Anwendungen. Da es milder ist als viele andere Artemisia-Arten, kann Beifu\u00df in niedriger Dosis \u00fcber l\u00e4ngere Zeitr\u00e4ume genommen werden, um den Appetit anzuregen oder die Verdauungsfunktionen und die Aufnahme der N\u00e4hrstoffe zu verbessern. Er ist ein Wurmmittel, steigert die Gallensekretion und gilt als mildes Mittel zur Einleitung der Periode. Der europ\u00e4ischen Auffassung, Beifu\u00df sei auch ein Geb\u00e4rmutterstimulans, steht die chinesische Praxis entgegen, in der er verordnet wird, um Fehlgeburten zu verhindern und Periodenblutungen zu verringern oder zum Stillstand zu bringen. Beifu\u00df wirkt auch antiseptisch und wurde bereits bei der Behandlung von Malaria angewendet. <\/p>\n\n\n\n<p class=\"has-white-color has-vivid-red-background-color has-text-color has-background\" id=\"warnung\"><strong>Warnung:<br>Nicht w\u00e4hrend der Schwangerschaft anwenden.<\/strong><\/p>\n\n\n\n<p>Quelle: Chevallier, Andrew. 2001, S.66 (Wermut) u. S.173 (Beifu\u00df).<\/p>\n\n\n\n<hr class=\"wp-block-separator has-css-opacity is-style-wide\"\/>\n\n\nBeitrag 0 mal aufgerufen in den letzten 365 Tagen.\n","protected":false},"excerpt":{"rendered":"<p>Die Schaffkibbe Werzborre ist eine Gruppe engagierter Nieder-R\u00f6derinnen und Nieder-R\u00f6der, die sich der Pflege und Weitergabe eines alten Brauchtums widmet: dem Sammeln und Binden der Werzborre. Diese traditionellen Kr\u00e4uterstr\u00e4u\u00dfe, die am 15. August zu Maria Himmelfahrt geweiht werden, sind tief in der Geschichte unserer Heimat verwurzelt und zeugen von einer engen Verbindung zwischen Natur, Glauben &hellip; <\/p>\n<p><a class=\"more-link btn\" href=\"https:\/\/heimatverein-nieder-roden.de\/?page_id=388\">Weiterlesen<\/a><\/p>\n","protected":false},"author":1,"featured_media":2467,"parent":1023,"menu_order":0,"comment_status":"closed","ping_status":"closed","template":"","meta":{"_coblocks_attr":"","_coblocks_dimensions":"","_coblocks_responsive_height":"","_coblocks_accordion_ie_support":"","footnotes":""},"class_list":["post-388","page","type-page","status-publish","has-post-thumbnail","hentry","nodate"],"publishpress_future_action":{"enabled":false,"date":"2026-05-08 02:10:32","action":"change-status","newStatus":"draft","terms":[],"taxonomy":"","extraData":[]},"publishpress_future_workflow_manual_trigger":{"enabledWorkflows":[]},"_links":{"self":[{"href":"https:\/\/heimatverein-nieder-roden.de\/index.php?rest_route=\/wp\/v2\/pages\/388","targetHints":{"allow":["GET"]}}],"collection":[{"href":"https:\/\/heimatverein-nieder-roden.de\/index.php?rest_route=\/wp\/v2\/pages"}],"about":[{"href":"https:\/\/heimatverein-nieder-roden.de\/index.php?rest_route=\/wp\/v2\/types\/page"}],"author":[{"embeddable":true,"href":"https:\/\/heimatverein-nieder-roden.de\/index.php?rest_route=\/wp\/v2\/users\/1"}],"replies":[{"embeddable":true,"href":"https:\/\/heimatverein-nieder-roden.de\/index.php?rest_route=%2Fwp%2Fv2%2Fcomments&post=388"}],"version-history":[{"count":72,"href":"https:\/\/heimatverein-nieder-roden.de\/index.php?rest_route=\/wp\/v2\/pages\/388\/revisions"}],"predecessor-version":[{"id":7999,"href":"https:\/\/heimatverein-nieder-roden.de\/index.php?rest_route=\/wp\/v2\/pages\/388\/revisions\/7999"}],"up":[{"embeddable":true,"href":"https:\/\/heimatverein-nieder-roden.de\/index.php?rest_route=\/wp\/v2\/pages\/1023"}],"wp:featuredmedia":[{"embeddable":true,"href":"https:\/\/heimatverein-nieder-roden.de\/index.php?rest_route=\/wp\/v2\/media\/2467"}],"wp:attachment":[{"href":"https:\/\/heimatverein-nieder-roden.de\/index.php?rest_route=%2Fwp%2Fv2%2Fmedia&parent=388"}],"curies":[{"name":"wp","href":"https:\/\/api.w.org\/{rel}","templated":true}]}}