{"id":384,"date":"2019-02-08T20:10:25","date_gmt":"2019-02-08T19:10:25","guid":{"rendered":"http:\/\/heimatverein-nieder-roden.de\/?page_id=384"},"modified":"2026-03-06T07:16:30","modified_gmt":"2026-03-06T06:16:30","slug":"jahresausstellung","status":"publish","type":"page","link":"https:\/\/heimatverein-nieder-roden.de\/?page_id=384","title":{"rendered":"Jahresausstellung"},"content":{"rendered":"\n\n\n<p>In jedem Jahr versuchen wir neben der <a href=\"https:\/\/heimatverein-nieder-roden.de\/?page_id=352\">Dauerausstellung<\/a>, auch wieder eine neue Jahresausstellung zur Lokalgeschichte auf die Beine stellen. <\/p>\n\n\n\n<p>Die Jahresausstellung 2026 hat das Thema:<\/p>\n\n\n\n<figure class=\"wp-block-pullquote has-regular-font-size\" style=\"font-style:normal;font-weight:700\"><blockquote><p>&#8222;Der Strumpfdieb von Nieder-Roden&#8220;<\/p><\/blockquote><\/figure>\n\n\n\n<p><\/p>\n\n\n\n<div class=\"wp-block-columns is-layout-flex wp-container-core-columns-is-layout-9d6595d7 wp-block-columns-is-layout-flex\">\n<div class=\"wp-block-column is-layout-flow wp-block-column-is-layout-flow\">\n<figure class=\"wp-block-image size-full has-lightbox\"><a href=\"https:\/\/heimatverein-nieder-roden.de\/?p=8586\"><img decoding=\"async\" width=\"815\" height=\"597\" src=\"https:\/\/heimatverein-nieder-roden.de\/wp-content\/uploads\/2022\/03\/AKHNR_Website_Jahresausstellung-aktuell_Symbolbild.png\" alt=\"\" class=\"wp-image-3901\" srcset=\"https:\/\/heimatverein-nieder-roden.de\/wp-content\/uploads\/2022\/03\/AKHNR_Website_Jahresausstellung-aktuell_Symbolbild.png 815w, https:\/\/heimatverein-nieder-roden.de\/wp-content\/uploads\/2022\/03\/AKHNR_Website_Jahresausstellung-aktuell_Symbolbild-300x220.png 300w, https:\/\/heimatverein-nieder-roden.de\/wp-content\/uploads\/2022\/03\/AKHNR_Website_Jahresausstellung-aktuell_Symbolbild-768x563.png 768w, https:\/\/heimatverein-nieder-roden.de\/wp-content\/uploads\/2022\/03\/AKHNR_Website_Jahresausstellung-aktuell_Symbolbild-560x410.png 560w\" sizes=\"(max-width: 815px) 100vw, 815px\" \/><\/a><\/figure>\n<\/div>\n\n\n\n<div class=\"wp-block-column is-layout-flow wp-block-column-is-layout-flow\">\n<figure class=\"wp-block-image size-full\"><a href=\"https:\/\/heimatverein-nieder-roden.de\/?p=3887\"><img decoding=\"async\" width=\"815\" height=\"597\" src=\"https:\/\/heimatverein-nieder-roden.de\/wp-content\/uploads\/2022\/03\/AKHNR_Website_Ausstellungen-Liste_Symbolbild.png\" alt=\"\" class=\"wp-image-3902\" srcset=\"https:\/\/heimatverein-nieder-roden.de\/wp-content\/uploads\/2022\/03\/AKHNR_Website_Ausstellungen-Liste_Symbolbild.png 815w, https:\/\/heimatverein-nieder-roden.de\/wp-content\/uploads\/2022\/03\/AKHNR_Website_Ausstellungen-Liste_Symbolbild-300x220.png 300w, https:\/\/heimatverein-nieder-roden.de\/wp-content\/uploads\/2022\/03\/AKHNR_Website_Ausstellungen-Liste_Symbolbild-768x563.png 768w, https:\/\/heimatverein-nieder-roden.de\/wp-content\/uploads\/2022\/03\/AKHNR_Website_Ausstellungen-Liste_Symbolbild-560x410.png 560w\" sizes=\"(max-width: 815px) 100vw, 815px\" \/><\/a><\/figure>\n<\/div>\n<\/div>\n\n\n\n<p>Hier geht&#8217;s zum Hauptartikel der diesj\u00e4hrigen Ausstellung:<\/p>\n\n\n\n<div class=\"wp-block-buttons is-content-justification-center is-layout-flex wp-container-core-buttons-is-layout-16018d1d wp-block-buttons-is-layout-flex\">\n<div class=\"wp-block-button\"><a class=\"wp-block-button__link has-text-align-center wp-element-button\" href=\"https:\/\/heimatverein-nieder-roden.de\/?p=8586\">Jahresausstellung 2026<\/a><\/div>\n<\/div>\n\n\n\n<p>Wir freuen uns auf Sie!<\/p>\n\n\n\n<hr class=\"wp-block-separator has-css-opacity\"\/>\n\n\n\n<h3 class=\"wp-block-heading\" id=\"die-themen-der-vorjahre\"> Die Themen der Vorjahre<\/h3>\n\n\n<div class=\"display-posts-listing grid\"><div class=\"listing-item\"><a class=\"image\" href=\"https:\/\/heimatverein-nieder-roden.de\/?p=8586\"><img decoding=\"async\" width=\"225\" height=\"300\" src=\"https:\/\/heimatverein-nieder-roden.de\/wp-content\/uploads\/2025\/11\/Buch_Der-Strumpfdieb-von-Nieder-Roden_Cover_1080-225x300.png\" class=\"attachment-medium size-medium wp-post-image\" alt=\"\" srcset=\"https:\/\/heimatverein-nieder-roden.de\/wp-content\/uploads\/2025\/11\/Buch_Der-Strumpfdieb-von-Nieder-Roden_Cover_1080-225x300.png 225w, https:\/\/heimatverein-nieder-roden.de\/wp-content\/uploads\/2025\/11\/Buch_Der-Strumpfdieb-von-Nieder-Roden_Cover_1080-768x1024.png 768w, https:\/\/heimatverein-nieder-roden.de\/wp-content\/uploads\/2025\/11\/Buch_Der-Strumpfdieb-von-Nieder-Roden_Cover_1080-560x747.png 560w, https:\/\/heimatverein-nieder-roden.de\/wp-content\/uploads\/2025\/11\/Buch_Der-Strumpfdieb-von-Nieder-Roden_Cover_1080.png 810w\" sizes=\"(max-width: 225px) 100vw, 225px\" \/><\/a> <a class=\"title\" href=\"https:\/\/heimatverein-nieder-roden.de\/?p=8586\">Die Jahresausstellung 2026 &#8211; &#8222;Der Strumpfdieb von Nieder-Roden&#8220;<\/a> <span class=\"excerpt-dash\">-<\/span> <span class=\"excerpt\">&#8222;Der Strumpfdieb von Nieder-Roden&#8220; &#8211; der erste Nieder-R\u00f6der Comic, wurde im November 2025 vorgestellt.Der Zuspruch f\u00fcr die Vorstellung \u00fcbertraf alle Erwartungen. Die bemerkenswerte Atmosph\u00e4re der Veranstaltung kam nicht nur durch die liebevolle Moderation und die tollen musikalischen Darbietungen zustande &#8211; es war vor allem die emotionale Verbundenheit der Besucher zu &#8222;ihren&#8220; Geschichten, die viele beigesteuert &hellip; <\/p><p><a class=\"more-link btn\" href=\"https:\/\/heimatverein-nieder-roden.de\/?p=8586\">Weiterlesen<\/a><\/span><\/div><div class=\"listing-item\"><a class=\"image\" href=\"https:\/\/heimatverein-nieder-roden.de\/?p=8026\"><img decoding=\"async\" width=\"201\" height=\"300\" src=\"https:\/\/heimatverein-nieder-roden.de\/wp-content\/uploads\/2025\/05\/Jahresausstellung2025_TGN120_Plakat-201x300.jpg\" class=\"attachment-medium size-medium wp-post-image\" alt=\"\" srcset=\"https:\/\/heimatverein-nieder-roden.de\/wp-content\/uploads\/2025\/05\/Jahresausstellung2025_TGN120_Plakat-201x300.jpg 201w, https:\/\/heimatverein-nieder-roden.de\/wp-content\/uploads\/2025\/05\/Jahresausstellung2025_TGN120_Plakat-685x1024.jpg 685w, https:\/\/heimatverein-nieder-roden.de\/wp-content\/uploads\/2025\/05\/Jahresausstellung2025_TGN120_Plakat-768x1148.jpg 768w, https:\/\/heimatverein-nieder-roden.de\/wp-content\/uploads\/2025\/05\/Jahresausstellung2025_TGN120_Plakat-1028x1536.jpg 1028w, https:\/\/heimatverein-nieder-roden.de\/wp-content\/uploads\/2025\/05\/Jahresausstellung2025_TGN120_Plakat-836x1250.jpg 836w, https:\/\/heimatverein-nieder-roden.de\/wp-content\/uploads\/2025\/05\/Jahresausstellung2025_TGN120_Plakat-560x837.jpg 560w, https:\/\/heimatverein-nieder-roden.de\/wp-content\/uploads\/2025\/05\/Jahresausstellung2025_TGN120_Plakat.jpg 1170w\" sizes=\"(max-width: 201px) 100vw, 201px\" \/><\/a> <a class=\"title\" href=\"https:\/\/heimatverein-nieder-roden.de\/?p=8026\">&#8222;120 Jahre Turngemeinde Nieder-Roden&#8220;<\/a> <span class=\"excerpt-dash\">-<\/span> <span class=\"excerpt\">Thema der Jahresausstellung 2025<\/span><\/div><div class=\"listing-item\"><a class=\"image\" href=\"https:\/\/heimatverein-nieder-roden.de\/?p=6700\"><img decoding=\"async\" width=\"300\" height=\"204\" src=\"https:\/\/heimatverein-nieder-roden.de\/wp-content\/uploads\/2024\/04\/grafik-1-300x204.png\" class=\"attachment-medium size-medium wp-post-image\" alt=\"\" srcset=\"https:\/\/heimatverein-nieder-roden.de\/wp-content\/uploads\/2024\/04\/grafik-1-300x204.png 300w, https:\/\/heimatverein-nieder-roden.de\/wp-content\/uploads\/2024\/04\/grafik-1-1024x697.png 1024w, https:\/\/heimatverein-nieder-roden.de\/wp-content\/uploads\/2024\/04\/grafik-1-768x523.png 768w, https:\/\/heimatverein-nieder-roden.de\/wp-content\/uploads\/2024\/04\/grafik-1-1536x1046.png 1536w, https:\/\/heimatverein-nieder-roden.de\/wp-content\/uploads\/2024\/04\/grafik-1-2048x1395.png 2048w, https:\/\/heimatverein-nieder-roden.de\/wp-content\/uploads\/2024\/04\/grafik-1-836x569.png 836w, https:\/\/heimatverein-nieder-roden.de\/wp-content\/uploads\/2024\/04\/grafik-1-560x381.png 560w\" sizes=\"(max-width: 300px) 100vw, 300px\" \/><\/a> <a class=\"title\" href=\"https:\/\/heimatverein-nieder-roden.de\/?p=6700\">&#8222;70 Jahre Sch\u00fctzenclub Gamsbock&#8220;<\/a> <span class=\"excerpt-dash\">-<\/span> <span class=\"excerpt\">Thema der Jahresausstellung 2024<\/span><\/div><div class=\"listing-item\"><a class=\"image\" href=\"https:\/\/heimatverein-nieder-roden.de\/?p=5120\"><img decoding=\"async\" width=\"300\" height=\"225\" src=\"https:\/\/heimatverein-nieder-roden.de\/wp-content\/uploads\/2023\/04\/2011-09-26_Alter-Friedhof-in-Betrieb_AKHNR_Willibald-Heger_DSCN0406-scaled-300x225.jpg\" class=\"attachment-medium size-medium wp-post-image\" alt=\"Blick auf den alten Nieder-R\u00f6der Friedhof mit einigen gepflegten Gr\u00e4bern mit Seite des Eingangsgeb\u00e4udes.\" srcset=\"https:\/\/heimatverein-nieder-roden.de\/wp-content\/uploads\/2023\/04\/2011-09-26_Alter-Friedhof-in-Betrieb_AKHNR_Willibald-Heger_DSCN0406-scaled-300x225.jpg 300w, https:\/\/heimatverein-nieder-roden.de\/wp-content\/uploads\/2023\/04\/2011-09-26_Alter-Friedhof-in-Betrieb_AKHNR_Willibald-Heger_DSCN0406-scaled-1024x768.jpg 1024w, https:\/\/heimatverein-nieder-roden.de\/wp-content\/uploads\/2023\/04\/2011-09-26_Alter-Friedhof-in-Betrieb_AKHNR_Willibald-Heger_DSCN0406-scaled-768x576.jpg 768w, https:\/\/heimatverein-nieder-roden.de\/wp-content\/uploads\/2023\/04\/2011-09-26_Alter-Friedhof-in-Betrieb_AKHNR_Willibald-Heger_DSCN0406-scaled-1536x1152.jpg 1536w, https:\/\/heimatverein-nieder-roden.de\/wp-content\/uploads\/2023\/04\/2011-09-26_Alter-Friedhof-in-Betrieb_AKHNR_Willibald-Heger_DSCN0406-scaled-2048x1536.jpg 2048w, https:\/\/heimatverein-nieder-roden.de\/wp-content\/uploads\/2023\/04\/2011-09-26_Alter-Friedhof-in-Betrieb_AKHNR_Willibald-Heger_DSCN0406-scaled-836x627.jpg 836w, https:\/\/heimatverein-nieder-roden.de\/wp-content\/uploads\/2023\/04\/2011-09-26_Alter-Friedhof-in-Betrieb_AKHNR_Willibald-Heger_DSCN0406-scaled-560x420.jpg 560w\" sizes=\"(max-width: 300px) 100vw, 300px\" \/><\/a> <a class=\"title\" href=\"https:\/\/heimatverein-nieder-roden.de\/?p=5120\">Alte Grabsteine und welche Geschichten sie uns erz\u00e4hlen<\/a> <span class=\"excerpt-dash\">-<\/span> <span class=\"excerpt\">Thema der Jahresausstellung 2023<\/span><\/div><div class=\"listing-item\"><a class=\"image\" href=\"https:\/\/heimatverein-nieder-roden.de\/?p=2093\"><img decoding=\"async\" width=\"300\" height=\"206\" src=\"https:\/\/heimatverein-nieder-roden.de\/wp-content\/uploads\/2020\/01\/2020-01-04_AKHNR_JA2020_Titelplakat_1.2-Plakat-Luft_StolzenburgWerner_Bild-neu-300x206.jpg\" class=\"attachment-medium size-medium wp-post-image\" alt=\"\" srcset=\"https:\/\/heimatverein-nieder-roden.de\/wp-content\/uploads\/2020\/01\/2020-01-04_AKHNR_JA2020_Titelplakat_1.2-Plakat-Luft_StolzenburgWerner_Bild-neu-300x206.jpg 300w, https:\/\/heimatverein-nieder-roden.de\/wp-content\/uploads\/2020\/01\/2020-01-04_AKHNR_JA2020_Titelplakat_1.2-Plakat-Luft_StolzenburgWerner_Bild-neu-768x527.jpg 768w, https:\/\/heimatverein-nieder-roden.de\/wp-content\/uploads\/2020\/01\/2020-01-04_AKHNR_JA2020_Titelplakat_1.2-Plakat-Luft_StolzenburgWerner_Bild-neu-560x384.jpg 560w, https:\/\/heimatverein-nieder-roden.de\/wp-content\/uploads\/2020\/01\/2020-01-04_AKHNR_JA2020_Titelplakat_1.2-Plakat-Luft_StolzenburgWerner_Bild-neu.jpg 867w\" sizes=\"(max-width: 300px) 100vw, 300px\" \/><\/a> <a class=\"title\" href=\"https:\/\/heimatverein-nieder-roden.de\/?p=2093\">&#8222;Zweimal hingeschaut&#8230;&#8220; &#8211; Bilder aus Rollwald &#8211;  von vorgestern, gestern und heute<\/a> <span class=\"excerpt-dash\">-<\/span> <span class=\"excerpt\">Thema der Jahresausstellung 2020<\/span><\/div><div class=\"listing-item\"><a class=\"image\" href=\"https:\/\/heimatverein-nieder-roden.de\/?p=2051\"><img decoding=\"async\" width=\"300\" height=\"97\" src=\"https:\/\/heimatverein-nieder-roden.de\/wp-content\/uploads\/2019\/02\/2019-02-25_AKHNR_Pressemitteilung_EKNR-und-AKHNR_v1.4_Bild-Anh\u00e4nge-kombiniert-300x97.png\" class=\"attachment-medium size-medium wp-post-image\" alt=\"\" srcset=\"https:\/\/heimatverein-nieder-roden.de\/wp-content\/uploads\/2019\/02\/2019-02-25_AKHNR_Pressemitteilung_EKNR-und-AKHNR_v1.4_Bild-Anh\u00e4nge-kombiniert-300x97.png 300w, https:\/\/heimatverein-nieder-roden.de\/wp-content\/uploads\/2019\/02\/2019-02-25_AKHNR_Pressemitteilung_EKNR-und-AKHNR_v1.4_Bild-Anh\u00e4nge-kombiniert-768x248.png 768w, https:\/\/heimatverein-nieder-roden.de\/wp-content\/uploads\/2019\/02\/2019-02-25_AKHNR_Pressemitteilung_EKNR-und-AKHNR_v1.4_Bild-Anh\u00e4nge-kombiniert-1024x330.png 1024w, https:\/\/heimatverein-nieder-roden.de\/wp-content\/uploads\/2019\/02\/2019-02-25_AKHNR_Pressemitteilung_EKNR-und-AKHNR_v1.4_Bild-Anh\u00e4nge-kombiniert.png 1243w\" sizes=\"(max-width: 300px) 100vw, 300px\" \/><\/a> <a class=\"title\" href=\"https:\/\/heimatverein-nieder-roden.de\/?p=2051\">\u201eVon Ihm \u2013 durch Ihn \u2013 zu Ihm&#8220; \u2013 50 Jahre Evangelische Kirchengemeinde Nieder-Roden<\/a> <span class=\"excerpt-dash\">-<\/span> <span class=\"excerpt\">Thema der Jahresausstellung 2019<\/span><\/div><\/div>\n\n\n\n<hr class=\"wp-block-separator has-css-opacity is-style-wide\"\/>\n\n\nSeite 0 mal aufgerufen in den letzten 14 Tagen.\n","protected":false},"excerpt":{"rendered":"<p>In jedem Jahr versuchen wir neben der Dauerausstellung, auch wieder eine neue Jahresausstellung zur Lokalgeschichte auf die Beine stellen. Die Jahresausstellung 2026 hat das Thema: &#8222;Der Strumpfdieb von Nieder-Roden&#8220; Hier geht&#8217;s zum Hauptartikel der diesj\u00e4hrigen Ausstellung: Wir freuen uns auf Sie! Die Themen der Vorjahre<\/p><p><a class=\"more-link btn\" href=\"https:\/\/heimatverein-nieder-roden.de\/?p=2051\">Weiterlesen<\/a><\/p>\n","protected":false},"author":1,"featured_media":548,"parent":0,"menu_order":3,"comment_status":"closed","ping_status":"closed","template":"template-twocolumnsleft.php","meta":{"_coblocks_attr":"","_coblocks_dimensions":"","_coblocks_responsive_height":"","_coblocks_accordion_ie_support":"","footnotes":""},"class_list":["post-384","page","type-page","status-publish","has-post-thumbnail","hentry","nodate"],"publishpress_future_action":{"enabled":false,"date":"2026-05-06 21:33:43","action":"change-status","newStatus":"draft","terms":[],"taxonomy":"","extraData":[]},"publishpress_future_workflow_manual_trigger":{"enabledWorkflows":[]},"_links":{"self":[{"href":"https:\/\/heimatverein-nieder-roden.de\/index.php?rest_route=\/wp\/v2\/pages\/384","targetHints":{"allow":["GET"]}}],"collection":[{"href":"https:\/\/heimatverein-nieder-roden.de\/index.php?rest_route=\/wp\/v2\/pages"}],"about":[{"href":"https:\/\/heimatverein-nieder-roden.de\/index.php?rest_route=\/wp\/v2\/types\/page"}],"author":[{"embeddable":true,"href":"https:\/\/heimatverein-nieder-roden.de\/index.php?rest_route=\/wp\/v2\/users\/1"}],"replies":[{"embeddable":true,"href":"https:\/\/heimatverein-nieder-roden.de\/index.php?rest_route=%2Fwp%2Fv2%2Fcomments&post=384"}],"version-history":[{"count":54,"href":"https:\/\/heimatverein-nieder-roden.de\/index.php?rest_route=\/wp\/v2\/pages\/384\/revisions"}],"predecessor-version":[{"id":8589,"href":"https:\/\/heimatverein-nieder-roden.de\/index.php?rest_route=\/wp\/v2\/pages\/384\/revisions\/8589"}],"wp:featuredmedia":[{"embeddable":true,"href":"https:\/\/heimatverein-nieder-roden.de\/index.php?rest_route=\/wp\/v2\/media\/548"}],"wp:attachment":[{"href":"https:\/\/heimatverein-nieder-roden.de\/index.php?rest_route=%2Fwp%2Fv2%2Fmedia&parent=384"}],"curies":[{"name":"wp","href":"https:\/\/api.w.org\/{rel}","templated":true}]}}