{"id":352,"date":"2019-02-07T00:35:47","date_gmt":"2019-02-06T23:35:47","guid":{"rendered":"http:\/\/heimatverein-nieder-roden.de\/?page_id=352"},"modified":"2024-08-22T16:20:47","modified_gmt":"2024-08-22T14:20:47","slug":"museum","status":"publish","type":"page","link":"https:\/\/heimatverein-nieder-roden.de\/?page_id=352","title":{"rendered":"Museum"},"content":{"rendered":"\n\n\n<p>Der Mittelpunkt unseres Vereinslebens befindet sich im Herzen des alten Ortskerns von Nieder-Roden am Kirchplatz.<\/p>\n\n\n\n<figure class=\"wp-block-image\"><img decoding=\"async\" width=\"1024\" height=\"683\" src=\"http:\/\/heimatverein-nieder-roden.de\/wp-content\/uploads\/2019\/05\/AKHNR_Museum_Ecke-Turm-Schulstrasse-1024x683.jpg\" alt=\"\" class=\"wp-image-1121\" srcset=\"https:\/\/heimatverein-nieder-roden.de\/wp-content\/uploads\/2019\/05\/AKHNR_Museum_Ecke-Turm-Schulstrasse-1024x683.jpg 1024w, https:\/\/heimatverein-nieder-roden.de\/wp-content\/uploads\/2019\/05\/AKHNR_Museum_Ecke-Turm-Schulstrasse-300x200.jpg 300w, https:\/\/heimatverein-nieder-roden.de\/wp-content\/uploads\/2019\/05\/AKHNR_Museum_Ecke-Turm-Schulstrasse-768x512.jpg 768w\" sizes=\"(max-width: 1024px) 100vw, 1024px\" \/><figcaption class=\"wp-element-caption\">Das Nieder-R\u00f6der Heimatmuseum, an der Ecke Schulstra\u00dfe\/Turmstra\u00dfe, in Nieder-Roden \u00a9 AKHNR\/EG<\/figcaption><\/figure>\n\n\n\n<p>Bereits seit 1985 wird die s\u00fcdliche H\u00e4lfte des fr\u00fcheren Lehrerhauses durch den AKHNR verwaltet und gepflegt. Da seinerzeit ausschlie\u00dflich der Eingang von der Turmstra\u00dfe her genutzt werden konnte, war dies auch die Stra\u00dfe der Museumsanschrift.<\/p>\n\n\n<div class=\"wp-block-image\">\n<figure class=\"aligncenter size-large is-resized\"><a href=\"https:\/\/heimatverein-nieder-roden.de\/wp-content\/uploads\/2020\/01\/Heimatmuseum-Nieder-Roden_Karte.png\" target=\"_blank\" rel=\"noreferrer noopener\"><img decoding=\"async\" width=\"1024\" height=\"742\" src=\"https:\/\/heimatverein-nieder-roden.de\/wp-content\/uploads\/2020\/01\/Heimatmuseum-Nieder-Roden_Karte-1024x742.png\" alt=\"\" class=\"wp-image-2068\" style=\"width:625px;height:452px\" srcset=\"https:\/\/heimatverein-nieder-roden.de\/wp-content\/uploads\/2020\/01\/Heimatmuseum-Nieder-Roden_Karte-1024x742.png 1024w, https:\/\/heimatverein-nieder-roden.de\/wp-content\/uploads\/2020\/01\/Heimatmuseum-Nieder-Roden_Karte-300x217.png 300w, https:\/\/heimatverein-nieder-roden.de\/wp-content\/uploads\/2020\/01\/Heimatmuseum-Nieder-Roden_Karte-768x556.png 768w, https:\/\/heimatverein-nieder-roden.de\/wp-content\/uploads\/2020\/01\/Heimatmuseum-Nieder-Roden_Karte-560x406.png 560w, https:\/\/heimatverein-nieder-roden.de\/wp-content\/uploads\/2020\/01\/Heimatmuseum-Nieder-Roden_Karte.png 1267w\" sizes=\"(max-width: 1024px) 100vw, 1024px\" \/><\/a><figcaption class=\"wp-element-caption\">Lageplan des Heimatmuseums Nieder-Roden. Zum Vergr\u00f6\u00dfern bitte auf die Karte klicken. <br>\u00a9 <a rel=\"noreferrer noopener\" aria-label=\"OpenStreetMap-Mitwirkende   (\u00f6ffnet in neuem Tab)\" href=\"https:\/\/www.openstreetmap.org\/copyright\" target=\"_blank\">OpenStreetMap-Mitwirkende  <\/a><\/figcaption><\/figure>\n<\/div>\n\n\n<p>Im Jahr 2011 kam dann, im Zuge der Aufl\u00f6sung des spanischen Clubs, die n\u00f6rdliche H\u00e4lfte des Hauses hinzu. Seither gelangt man in das Museum prim\u00e4r von der Schulstra\u00dfe mit der dortigen Hausnummer 32.<\/p>\n\n\n\n<p>Das Haus, welches fr\u00fcher bis zu 4 Wohneinheiten beherbergte, wurde in verschiedene Bereiche unterteilt.<\/p>\n\n\n\n<p>Im Erdgeschoss befinden sich<\/p>\n\n\n\n<ul class=\"wp-block-list\">\n<li>die Museumsstubb: hier gibt es Platz f\u00fcr Versammlungen, Vortr\u00e4ge und das Museumscaf\u00e9 welches zu den regul\u00e4ren \u00d6ffnungstagen ge\u00f6ffnet ist.<\/li>\n\n\n\n<li>der Haupt-Ausstellungsraum: hier finden Wechselaustellungen im Jahresrythmus Platz. <\/li>\n\n\n\n<li>der kleine Kino-Saal: hier zeigen wir erg\u00e4nzend zu den Jahresausstellungen Beitr\u00e4ge wie historisches Filmmaterial und Zeitzeugeninterviews.<\/li>\n<\/ul>\n\n\n\n<div class=\"wp-block-button aligncenter\"><a class=\"wp-block-button__link wp-element-button\" href=\"https:\/\/heimatverein-nieder-roden.de\/?page_id=384\">Informationen zur Jahresausstellung<\/a><\/div>\n\n\n<div class=\"wp-block-image\">\n<figure class=\"aligncenter size-large is-resized\"><a href=\"https:\/\/heimatverein-nieder-roden.de\/wp-content\/uploads\/2019\/05\/AKHNR_Museum_Hauptausstellungsraum.jpg\"><img decoding=\"async\" width=\"1024\" height=\"768\" src=\"https:\/\/heimatverein-nieder-roden.de\/wp-content\/uploads\/2019\/05\/AKHNR_Museum_Hauptausstellungsraum-1024x768.jpg\" alt=\"\" class=\"wp-image-1125\" style=\"width:598px;height:448px\" srcset=\"https:\/\/heimatverein-nieder-roden.de\/wp-content\/uploads\/2019\/05\/AKHNR_Museum_Hauptausstellungsraum-1024x768.jpg 1024w, https:\/\/heimatverein-nieder-roden.de\/wp-content\/uploads\/2019\/05\/AKHNR_Museum_Hauptausstellungsraum-300x225.jpg 300w, https:\/\/heimatverein-nieder-roden.de\/wp-content\/uploads\/2019\/05\/AKHNR_Museum_Hauptausstellungsraum-768x576.jpg 768w\" sizes=\"(max-width: 1024px) 100vw, 1024px\" \/><\/a><figcaption class=\"wp-element-caption\">Der Hauptausstellungsraum, f\u00fcr Ausstellungen h\u00e4ufig im j\u00e4hrlichen Wechsel, im Heimatmuseum Nieder-Roden. \u00a9AKHNR\/FST<\/figcaption><\/figure>\n<\/div>\n\n\n<p id=\"dauerausstellung\"><\/p>\n\n\n\n<hr class=\"wp-block-separator has-alpha-channel-opacity is-style-wide\"\/>\n\n\n\n<p> <\/p>\n\n\n\n<h3 class=\"wp-block-heading\">Dauerausstellung &#8222;Wohnen in Nieder-Roden um die Jahrhundertwende 1900&#8220;<\/h3>\n\n\n\n<p>Im Obergeschoss befinden sich die R\u00e4umlichkeiten der Dauerausstellung. Hier k\u00f6nnen die Besucher nachempfinden wie die Nieder-R\u00f6der ungef\u00e4hr von 1900 bis 1960  wohnten. Dabei gibt es verschiedene Themenr\u00e4ume:<\/p>\n\n\n\n<ul class=\"wp-block-list\">\n<li>die alte K\u00fcche<\/li>\n\n\n\n<li>die &#8222;Gudd Stubb&#8220; (Wohnzimmer)<\/li>\n\n\n\n<li>das Klassenzimmer<\/li>\n\n\n\n<li>einen historischen Webstuhl<\/li>\n\n\n\n<li>ein kleines R\u00e4umchen zum Leben in und mit den Vereinen<\/li>\n\n\n\n<li>ein kleines R\u00e4umchen zum relig\u00f6sen Leben im Ort<\/li>\n<\/ul>\n\n\n<div class=\"wp-block-image\">\n<figure class=\"aligncenter size-large is-resized\"><a href=\"https:\/\/heimatverein-nieder-roden.de\/wp-content\/uploads\/2019\/05\/AKHNR_Museum_Klassenzimmer.jpg\"><img decoding=\"async\" width=\"1024\" height=\"768\" src=\"https:\/\/heimatverein-nieder-roden.de\/wp-content\/uploads\/2019\/05\/AKHNR_Museum_Klassenzimmer-1024x768.jpg\" alt=\"\" class=\"wp-image-1126\" style=\"width:565px;height:423px\" srcset=\"https:\/\/heimatverein-nieder-roden.de\/wp-content\/uploads\/2019\/05\/AKHNR_Museum_Klassenzimmer-1024x768.jpg 1024w, https:\/\/heimatverein-nieder-roden.de\/wp-content\/uploads\/2019\/05\/AKHNR_Museum_Klassenzimmer-300x225.jpg 300w, https:\/\/heimatverein-nieder-roden.de\/wp-content\/uploads\/2019\/05\/AKHNR_Museum_Klassenzimmer-768x576.jpg 768w\" sizes=\"(max-width: 1024px) 100vw, 1024px\" \/><\/a><figcaption class=\"wp-element-caption\">  Das historische Klassenzimmer im Heimatmuseum Nieder-Roden. Teil der Dauerausstellung. \u00a9AKHNR\/FST<\/figcaption><\/figure>\n<\/div>\n\n<div class=\"wp-block-image\">\n<figure class=\"aligncenter size-large is-resized\"><a href=\"https:\/\/heimatverein-nieder-roden.de\/wp-content\/uploads\/2019\/05\/AKHNR_Museum_GudStubb.jpg\"><img decoding=\"async\" width=\"1024\" height=\"768\" src=\"https:\/\/heimatverein-nieder-roden.de\/wp-content\/uploads\/2019\/05\/AKHNR_Museum_GudStubb-1024x768.jpg\" alt=\"\" class=\"wp-image-1127\" style=\"width:567px;height:425px\" srcset=\"https:\/\/heimatverein-nieder-roden.de\/wp-content\/uploads\/2019\/05\/AKHNR_Museum_GudStubb-1024x768.jpg 1024w, https:\/\/heimatverein-nieder-roden.de\/wp-content\/uploads\/2019\/05\/AKHNR_Museum_GudStubb-300x225.jpg 300w, https:\/\/heimatverein-nieder-roden.de\/wp-content\/uploads\/2019\/05\/AKHNR_Museum_GudStubb-768x576.jpg 768w\" sizes=\"(max-width: 1024px) 100vw, 1024px\" \/><\/a><figcaption class=\"wp-element-caption\">  Die &#8222;Gud Stubb&#8220;, als Teil des Bereiches &#8222;Wohnen fr\u00fcher&#8220;, in der Dauerausstellung des Nieder-R\u00f6der Heimatmuseums.  \u00a9AKHNR\/FST<\/figcaption><\/figure>\n<\/div>\n\n\n<p>Im Keller haben wir erg\u00e4nzend noch weitere R\u00e4ume nachgebildet:<\/p>\n\n\n\n<ul class=\"wp-block-list\">\n<li>einen alten Lagerraum<\/li>\n\n\n\n<li>eine Waschk\u00fcche<\/li>\n<\/ul>\n\n\n\n<p>Au\u00dferdem zeigen wir im Keller, in einem separaten Raum, die Bodenfunde die in der Umgebung Nieder-Rodens entdeckt wurden.<\/p>\n\n\n\n<p>Besuchen Sie das Heimatmuseum Nieder-Roden.<br>Den n\u00e4chsten regul\u00e4ren \u00d6ffnungstermin finden Sie rechts, wenn Sie diese Seite auf einem Computer betrachten.<br>Falls Sie die Seite auf einem Smartphone betrachten finden Sie die Termine unten am Ende der Seite.<\/p>\n\n\n\n<hr class=\"wp-block-separator has-css-opacity is-style-wide\"\/>\n\n\n\n<h3 class=\"wp-block-heading\" id=\"fuhrungen-fur-schulklassen\"><strong>F\u00fchrungen f\u00fcr Schulklassen<\/strong><\/h3>\n\n\n\n<p>Wir bieten auf Anfrage auch wieder F\u00fchrungen f\u00fcr Schulklassen an.<\/p>\n\n\n\n<p>Bitte wenden Sie sich gerne an uns<\/p>\n\n\n\n<ul class=\"wp-block-list\">\n<li>per E-Mail an: info@heimatverein-nieder-roden.de <\/li>\n<\/ul>\n\n\n\n<p>Wir freuen uns auf Sie!<\/p>\n\n\n\n<hr class=\"wp-block-separator has-css-opacity\"\/>\n\n\nSeite 0 mal aufgerufen in den letzten 365 Tagen.\n\n\n\n<hr class=\"wp-block-separator has-css-opacity is-style-wide\"\/>\n\n\n\n<h3 class=\"wp-block-heading\" id=\"meldungen-zum-thema\">Meldungen zum Thema<\/h3>\n\n\n<div class=\"display-posts-listing grid\"><div class=\"listing-item\"><a class=\"image\" href=\"https:\/\/heimatverein-nieder-roden.de\/?p=8595\"><img decoding=\"async\" width=\"300\" height=\"225\" src=\"https:\/\/heimatverein-nieder-roden.de\/wp-content\/uploads\/2023\/05\/2023-05-07_15-32-54_AKHNR_Museumsoeffnung-MiMh-JO-KF-Eroeffnung-JA2023_FMA_IMG_20230507_153254-300x225.jpg\" class=\"attachment-medium size-medium wp-post-image\" alt=\"\" srcset=\"https:\/\/heimatverein-nieder-roden.de\/wp-content\/uploads\/2023\/05\/2023-05-07_15-32-54_AKHNR_Museumsoeffnung-MiMh-JO-KF-Eroeffnung-JA2023_FMA_IMG_20230507_153254-300x225.jpg 300w, https:\/\/heimatverein-nieder-roden.de\/wp-content\/uploads\/2023\/05\/2023-05-07_15-32-54_AKHNR_Museumsoeffnung-MiMh-JO-KF-Eroeffnung-JA2023_FMA_IMG_20230507_153254-1024x768.jpg 1024w, https:\/\/heimatverein-nieder-roden.de\/wp-content\/uploads\/2023\/05\/2023-05-07_15-32-54_AKHNR_Museumsoeffnung-MiMh-JO-KF-Eroeffnung-JA2023_FMA_IMG_20230507_153254-768x576.jpg 768w, https:\/\/heimatverein-nieder-roden.de\/wp-content\/uploads\/2023\/05\/2023-05-07_15-32-54_AKHNR_Museumsoeffnung-MiMh-JO-KF-Eroeffnung-JA2023_FMA_IMG_20230507_153254-1536x1152.jpg 1536w, https:\/\/heimatverein-nieder-roden.de\/wp-content\/uploads\/2023\/05\/2023-05-07_15-32-54_AKHNR_Museumsoeffnung-MiMh-JO-KF-Eroeffnung-JA2023_FMA_IMG_20230507_153254-2048x1536.jpg 2048w, https:\/\/heimatverein-nieder-roden.de\/wp-content\/uploads\/2023\/05\/2023-05-07_15-32-54_AKHNR_Museumsoeffnung-MiMh-JO-KF-Eroeffnung-JA2023_FMA_IMG_20230507_153254-836x627.jpg 836w, https:\/\/heimatverein-nieder-roden.de\/wp-content\/uploads\/2023\/05\/2023-05-07_15-32-54_AKHNR_Museumsoeffnung-MiMh-JO-KF-Eroeffnung-JA2023_FMA_IMG_20230507_153254-560x420.jpg 560w\" sizes=\"(max-width: 300px) 100vw, 300px\" \/><\/a> <a class=\"title\" href=\"https:\/\/heimatverein-nieder-roden.de\/?p=8595\">Einladung zur Ausstellungser\u00f6ffnung am 15. M\u00e4rz &#8211; Der Strumpfdieb im Museum<\/a> <span class=\"excerpt-dash\">-<\/span> <span class=\"excerpt\">Bei der Vorstellung von &#8222;Der Strumpfdieb von Nieder-Roden&#8220; &#8211; dem ersten Nieder-R\u00f6der Comic, konnte Pirkko Cremer wieder und wieder die Protagonisten hintern den Comic-Figuren dazu bewegen ihre Geschichten zu erg\u00e4nzen um weitere Anekdoten und Hintergr\u00fcnde. Es war zu sp\u00fcren, dass noch lange nicht alle Geschichten erz\u00e4hlt waren &#8211; hier setzt der Heimatverein mit seiner neuen &hellip; <\/p><p><a class=\"more-link btn\" href=\"https:\/\/heimatverein-nieder-roden.de\/?p=8595\">Weiterlesen<\/a><\/span><\/div><div class=\"listing-item\"><a class=\"image\" href=\"https:\/\/heimatverein-nieder-roden.de\/?p=8275\"><img decoding=\"async\" width=\"300\" height=\"226\" src=\"https:\/\/heimatverein-nieder-roden.de\/wp-content\/uploads\/2025\/08\/2025-08-14_17-31-53_AKHNR_Museumsoeffnung-2025-08-17-Ortseingangstafeln_FMA_PXL_20250814_153153227-Large_korr-300x226.jpg\" class=\"attachment-medium size-medium wp-post-image\" alt=\"\" srcset=\"https:\/\/heimatverein-nieder-roden.de\/wp-content\/uploads\/2025\/08\/2025-08-14_17-31-53_AKHNR_Museumsoeffnung-2025-08-17-Ortseingangstafeln_FMA_PXL_20250814_153153227-Large_korr-300x226.jpg 300w, https:\/\/heimatverein-nieder-roden.de\/wp-content\/uploads\/2025\/08\/2025-08-14_17-31-53_AKHNR_Museumsoeffnung-2025-08-17-Ortseingangstafeln_FMA_PXL_20250814_153153227-Large_korr-1024x771.jpg 1024w, https:\/\/heimatverein-nieder-roden.de\/wp-content\/uploads\/2025\/08\/2025-08-14_17-31-53_AKHNR_Museumsoeffnung-2025-08-17-Ortseingangstafeln_FMA_PXL_20250814_153153227-Large_korr-768x578.jpg 768w, https:\/\/heimatverein-nieder-roden.de\/wp-content\/uploads\/2025\/08\/2025-08-14_17-31-53_AKHNR_Museumsoeffnung-2025-08-17-Ortseingangstafeln_FMA_PXL_20250814_153153227-Large_korr-836x630.jpg 836w, https:\/\/heimatverein-nieder-roden.de\/wp-content\/uploads\/2025\/08\/2025-08-14_17-31-53_AKHNR_Museumsoeffnung-2025-08-17-Ortseingangstafeln_FMA_PXL_20250814_153153227-Large_korr-560x422.jpg 560w, https:\/\/heimatverein-nieder-roden.de\/wp-content\/uploads\/2025\/08\/2025-08-14_17-31-53_AKHNR_Museumsoeffnung-2025-08-17-Ortseingangstafeln_FMA_PXL_20250814_153153227-Large_korr.jpg 1434w\" sizes=\"(max-width: 300px) 100vw, 300px\" \/><\/a> <a class=\"title\" href=\"https:\/\/heimatverein-nieder-roden.de\/?p=8275\">Museums\u00f6ffnung am 21.  September &#8211; Wieder mit Musik im Museumshof<\/a> <span class=\"excerpt-dash\">-<\/span> <span class=\"excerpt\">Am Sonntag den 21.9. \u00f6ffnet das Heimatmuseum Nieder-Roden wieder seine T\u00fcren. Neben der Dauerausstellung, durch die es zu bestimmten Zeiten F\u00fchrungen geben wird, k\u00f6nnen die Besucher noch einmal die Jahresausstellung zu &#8222;120 Jahren TG Nieder-Roden&#8220; erleben. Au\u00dferdem gibt es wieder Live-Musik in der Reihe &#8222;Musik im Museumshof&#8220;. Diesmal spielen Uli und Steffen (Gitarre, Keyboard und &hellip; <\/p><p><a class=\"more-link btn\" href=\"https:\/\/heimatverein-nieder-roden.de\/?p=8275\">Weiterlesen<\/a><\/span><\/div><div class=\"listing-item\"><a class=\"image\" href=\"https:\/\/heimatverein-nieder-roden.de\/?p=8161\"><img decoding=\"async\" width=\"300\" height=\"92\" src=\"https:\/\/heimatverein-nieder-roden.de\/wp-content\/uploads\/2025\/08\/AKHNR_Museumsoeffnung-2025-08-17_Slider_Var-Verlauf-schwarz_2025-08-15-300x92.jpg\" class=\"attachment-medium size-medium wp-post-image\" alt=\"\" srcset=\"https:\/\/heimatverein-nieder-roden.de\/wp-content\/uploads\/2025\/08\/AKHNR_Museumsoeffnung-2025-08-17_Slider_Var-Verlauf-schwarz_2025-08-15-300x92.jpg 300w, https:\/\/heimatverein-nieder-roden.de\/wp-content\/uploads\/2025\/08\/AKHNR_Museumsoeffnung-2025-08-17_Slider_Var-Verlauf-schwarz_2025-08-15-768x236.jpg 768w, https:\/\/heimatverein-nieder-roden.de\/wp-content\/uploads\/2025\/08\/AKHNR_Museumsoeffnung-2025-08-17_Slider_Var-Verlauf-schwarz_2025-08-15-836x257.jpg 836w, https:\/\/heimatverein-nieder-roden.de\/wp-content\/uploads\/2025\/08\/AKHNR_Museumsoeffnung-2025-08-17_Slider_Var-Verlauf-schwarz_2025-08-15-560x172.jpg 560w, https:\/\/heimatverein-nieder-roden.de\/wp-content\/uploads\/2025\/08\/AKHNR_Museumsoeffnung-2025-08-17_Slider_Var-Verlauf-schwarz_2025-08-15.jpg 983w\" sizes=\"(max-width: 300px) 100vw, 300px\" \/><\/a> <a class=\"title\" href=\"https:\/\/heimatverein-nieder-roden.de\/?p=8161\">Museums\u00f6ffnung am 17. August &#8211; Ein Nachmittag mit Geschichte und Genuss<\/a> <span class=\"excerpt-dash\">-<\/span> <span class=\"excerpt\">Am Sonntag, den 17. August 2025, l\u00e4dt der Arbeitskreis f\u00fcr Heimatkunde nach der Sommerpause wieder zu einem regul\u00e4ren \u00d6ffnungstag ein. Im Heimatmuseum Nieder-Roden ist die Jahresausstellung &#8222;120 Jahre Turngemeinde Nieder-Roden&#8220; ge\u00f6ffnet und bietet einen Einblick in die reiche Geschichte und Entwicklung der Turngemeinde Nieder-Roden. Ein besonderer H\u00f6hepunkt des Tages ist die M\u00f6glichkeit, die Dauerausstellung &#8222;Wohnen &hellip; <\/p><p><a class=\"more-link btn\" href=\"https:\/\/heimatverein-nieder-roden.de\/?p=8161\">Weiterlesen<\/a><\/span><\/div><div class=\"listing-item\"><a class=\"image\" href=\"https:\/\/heimatverein-nieder-roden.de\/?p=7744\"><img decoding=\"async\" width=\"300\" height=\"225\" src=\"https:\/\/heimatverein-nieder-roden.de\/wp-content\/uploads\/2023\/07\/2023-07-09_14-39-37_AKHNR_Museumsoeffnung-2023-07-09-MiMh-Hitzeausfall_FMA_IMG_20230709_143937-300x225.jpg\" class=\"attachment-medium size-medium wp-post-image\" alt=\"\" srcset=\"https:\/\/heimatverein-nieder-roden.de\/wp-content\/uploads\/2023\/07\/2023-07-09_14-39-37_AKHNR_Museumsoeffnung-2023-07-09-MiMh-Hitzeausfall_FMA_IMG_20230709_143937-300x225.jpg 300w, https:\/\/heimatverein-nieder-roden.de\/wp-content\/uploads\/2023\/07\/2023-07-09_14-39-37_AKHNR_Museumsoeffnung-2023-07-09-MiMh-Hitzeausfall_FMA_IMG_20230709_143937-1024x768.jpg 1024w, https:\/\/heimatverein-nieder-roden.de\/wp-content\/uploads\/2023\/07\/2023-07-09_14-39-37_AKHNR_Museumsoeffnung-2023-07-09-MiMh-Hitzeausfall_FMA_IMG_20230709_143937-768x576.jpg 768w, https:\/\/heimatverein-nieder-roden.de\/wp-content\/uploads\/2023\/07\/2023-07-09_14-39-37_AKHNR_Museumsoeffnung-2023-07-09-MiMh-Hitzeausfall_FMA_IMG_20230709_143937-1536x1152.jpg 1536w, https:\/\/heimatverein-nieder-roden.de\/wp-content\/uploads\/2023\/07\/2023-07-09_14-39-37_AKHNR_Museumsoeffnung-2023-07-09-MiMh-Hitzeausfall_FMA_IMG_20230709_143937-2048x1536.jpg 2048w, https:\/\/heimatverein-nieder-roden.de\/wp-content\/uploads\/2023\/07\/2023-07-09_14-39-37_AKHNR_Museumsoeffnung-2023-07-09-MiMh-Hitzeausfall_FMA_IMG_20230709_143937-836x627.jpg 836w, https:\/\/heimatverein-nieder-roden.de\/wp-content\/uploads\/2023\/07\/2023-07-09_14-39-37_AKHNR_Museumsoeffnung-2023-07-09-MiMh-Hitzeausfall_FMA_IMG_20230709_143937-560x420.jpg 560w\" sizes=\"(max-width: 300px) 100vw, 300px\" \/><\/a> <a class=\"title\" href=\"https:\/\/heimatverein-nieder-roden.de\/?p=7744\">Museums\u00f6ffnung am 17. November 2024 &#8211; Jahresausstellung und Museumscaf\u00e9<\/a> <span class=\"excerpt-dash\">-<\/span> <span class=\"excerpt\">Am kommenden Sonntag, den 16. November 2024 l\u00e4dt der Heimatverein Nieder-Roden wieder zur Museums\u00f6ffnung ins Heimatmuseum ein. Diesmal gibt es wieder frisch gebackene Kuchen und Torten, k\u00fchle Getr\u00e4nke und hei\u00dfen Kaffee im Museumscaf\u00e9. Es ist die letzte Gelegenheit die Jahresausstellung zu besuchen. Die zahlreichen Ausstellungstafeln, digitalen Slideshows und Videoanimationen lassen das Thema &#8222;70 Jahre Sch\u00fctzenclub &hellip; <\/p><p><a class=\"more-link btn\" href=\"https:\/\/heimatverein-nieder-roden.de\/?p=7744\">Weiterlesen<\/a><\/span><\/div><div class=\"listing-item\"><a class=\"image\" href=\"https:\/\/heimatverein-nieder-roden.de\/?p=7578\"><img decoding=\"async\" width=\"300\" height=\"85\" src=\"https:\/\/heimatverein-nieder-roden.de\/wp-content\/uploads\/2024\/10\/2019-11-23_15-19-37_AKHNR_Filmnacht-2019_IMG_20191123_151937_stitch_Q50-300x85.jpg\" class=\"attachment-medium size-medium wp-post-image\" alt=\"\" srcset=\"https:\/\/heimatverein-nieder-roden.de\/wp-content\/uploads\/2024\/10\/2019-11-23_15-19-37_AKHNR_Filmnacht-2019_IMG_20191123_151937_stitch_Q50-300x85.jpg 300w, https:\/\/heimatverein-nieder-roden.de\/wp-content\/uploads\/2024\/10\/2019-11-23_15-19-37_AKHNR_Filmnacht-2019_IMG_20191123_151937_stitch_Q50-1024x291.jpg 1024w, https:\/\/heimatverein-nieder-roden.de\/wp-content\/uploads\/2024\/10\/2019-11-23_15-19-37_AKHNR_Filmnacht-2019_IMG_20191123_151937_stitch_Q50-768x218.jpg 768w, https:\/\/heimatverein-nieder-roden.de\/wp-content\/uploads\/2024\/10\/2019-11-23_15-19-37_AKHNR_Filmnacht-2019_IMG_20191123_151937_stitch_Q50-1536x436.jpg 1536w, https:\/\/heimatverein-nieder-roden.de\/wp-content\/uploads\/2024\/10\/2019-11-23_15-19-37_AKHNR_Filmnacht-2019_IMG_20191123_151937_stitch_Q50-2048x581.jpg 2048w, https:\/\/heimatverein-nieder-roden.de\/wp-content\/uploads\/2024\/10\/2019-11-23_15-19-37_AKHNR_Filmnacht-2019_IMG_20191123_151937_stitch_Q50-836x237.jpg 836w, https:\/\/heimatverein-nieder-roden.de\/wp-content\/uploads\/2024\/10\/2019-11-23_15-19-37_AKHNR_Filmnacht-2019_IMG_20191123_151937_stitch_Q50-560x159.jpg 560w\" sizes=\"(max-width: 300px) 100vw, 300px\" \/><\/a> <a class=\"title\" href=\"https:\/\/heimatverein-nieder-roden.de\/?p=7578\">Museums\u00f6ffnung am 20. Oktober 2024 &#8211; Jahresausstellung um Filmbeitrag erweitert<\/a> <span class=\"excerpt-dash\">-<\/span> <span class=\"excerpt\">Am kommenden Sonntag, den 20. Oktober 2024 l\u00e4dt der Heimatverein Nieder-Roden wieder zur Museums\u00f6ffnung ins Heimatmuseum ein. Diesmal macht die Bewirtung im Museumscaf\u00e9 eine Pause. Es ist die vorletzte Gelegenheit die Jahresausstellung zu besuchen. Die zahlreichen Ausstellungstafeln, digitalen Slideshows und Videoanimationen lassen das Thema &#8222;70 Jahre Sch\u00fctzenclub Gamsbock Nieder-Roden\/Rollwald&#8220; anschaulich erlebbar werden. Und es lohnt &hellip; <\/p><p><a class=\"more-link btn\" href=\"https:\/\/heimatverein-nieder-roden.de\/?p=7578\">Weiterlesen<\/a><\/span><\/div><div class=\"listing-item\"><a class=\"image\" href=\"https:\/\/heimatverein-nieder-roden.de\/?p=7508\"><img decoding=\"async\" width=\"300\" height=\"225\" src=\"https:\/\/heimatverein-nieder-roden.de\/wp-content\/uploads\/2023\/05\/2023-05-07_15-03-34_AKHNR_Museumsoeffnung-MiMh-JO-KF-Eroeffnung-JA2023_FMA_IMG_20230507_150334-300x225.jpg\" class=\"attachment-medium size-medium wp-post-image\" alt=\"\" srcset=\"https:\/\/heimatverein-nieder-roden.de\/wp-content\/uploads\/2023\/05\/2023-05-07_15-03-34_AKHNR_Museumsoeffnung-MiMh-JO-KF-Eroeffnung-JA2023_FMA_IMG_20230507_150334-300x225.jpg 300w, https:\/\/heimatverein-nieder-roden.de\/wp-content\/uploads\/2023\/05\/2023-05-07_15-03-34_AKHNR_Museumsoeffnung-MiMh-JO-KF-Eroeffnung-JA2023_FMA_IMG_20230507_150334-1024x768.jpg 1024w, https:\/\/heimatverein-nieder-roden.de\/wp-content\/uploads\/2023\/05\/2023-05-07_15-03-34_AKHNR_Museumsoeffnung-MiMh-JO-KF-Eroeffnung-JA2023_FMA_IMG_20230507_150334-768x576.jpg 768w, https:\/\/heimatverein-nieder-roden.de\/wp-content\/uploads\/2023\/05\/2023-05-07_15-03-34_AKHNR_Museumsoeffnung-MiMh-JO-KF-Eroeffnung-JA2023_FMA_IMG_20230507_150334-1536x1152.jpg 1536w, https:\/\/heimatverein-nieder-roden.de\/wp-content\/uploads\/2023\/05\/2023-05-07_15-03-34_AKHNR_Museumsoeffnung-MiMh-JO-KF-Eroeffnung-JA2023_FMA_IMG_20230507_150334-2048x1536.jpg 2048w, https:\/\/heimatverein-nieder-roden.de\/wp-content\/uploads\/2023\/05\/2023-05-07_15-03-34_AKHNR_Museumsoeffnung-MiMh-JO-KF-Eroeffnung-JA2023_FMA_IMG_20230507_150334-836x627.jpg 836w, https:\/\/heimatverein-nieder-roden.de\/wp-content\/uploads\/2023\/05\/2023-05-07_15-03-34_AKHNR_Museumsoeffnung-MiMh-JO-KF-Eroeffnung-JA2023_FMA_IMG_20230507_150334-560x420.jpg 560w\" sizes=\"(max-width: 300px) 100vw, 300px\" \/><\/a> <a class=\"title\" href=\"https:\/\/heimatverein-nieder-roden.de\/?p=7508\">H\u00e4iwekuche im Museumscaf\u00e9<\/a> <span class=\"excerpt-dash\">-<\/span> <span class=\"excerpt\">Das Heimatmuseum in Nieder-Roden \u00f6ffnet wieder seine T\u00fcren. Die Jahresausstellung 2024 wird zum zweiten Mal gezeigt. Darin geht es um den Sch\u00fctzenclub Gamsbock Nieder-Roden \/ Rollwald, der in diesem Jahr 70 Jahre alt wird.<\/span><\/div><div class=\"listing-item\"><a class=\"image\" href=\"https:\/\/heimatverein-nieder-roden.de\/?p=7057\"><img decoding=\"async\" width=\"300\" height=\"225\" src=\"https:\/\/heimatverein-nieder-roden.de\/wp-content\/uploads\/2024\/07\/2024-07-21_16-23-38_akhnr_museumsoeffnung-2024-07-21_mimh-rbm_fma_img_20240721_162339-scaled-300x225.jpg\" class=\"attachment-medium size-medium wp-post-image\" alt=\"\" srcset=\"https:\/\/heimatverein-nieder-roden.de\/wp-content\/uploads\/2024\/07\/2024-07-21_16-23-38_akhnr_museumsoeffnung-2024-07-21_mimh-rbm_fma_img_20240721_162339-scaled-300x225.jpg 300w, https:\/\/heimatverein-nieder-roden.de\/wp-content\/uploads\/2024\/07\/2024-07-21_16-23-38_akhnr_museumsoeffnung-2024-07-21_mimh-rbm_fma_img_20240721_162339-scaled-1024x768.jpg 1024w, https:\/\/heimatverein-nieder-roden.de\/wp-content\/uploads\/2024\/07\/2024-07-21_16-23-38_akhnr_museumsoeffnung-2024-07-21_mimh-rbm_fma_img_20240721_162339-scaled-768x576.jpg 768w, https:\/\/heimatverein-nieder-roden.de\/wp-content\/uploads\/2024\/07\/2024-07-21_16-23-38_akhnr_museumsoeffnung-2024-07-21_mimh-rbm_fma_img_20240721_162339-scaled-1536x1152.jpg 1536w, https:\/\/heimatverein-nieder-roden.de\/wp-content\/uploads\/2024\/07\/2024-07-21_16-23-38_akhnr_museumsoeffnung-2024-07-21_mimh-rbm_fma_img_20240721_162339-scaled-2048x1536.jpg 2048w, https:\/\/heimatverein-nieder-roden.de\/wp-content\/uploads\/2024\/07\/2024-07-21_16-23-38_akhnr_museumsoeffnung-2024-07-21_mimh-rbm_fma_img_20240721_162339-scaled-836x627.jpg 836w, https:\/\/heimatverein-nieder-roden.de\/wp-content\/uploads\/2024\/07\/2024-07-21_16-23-38_akhnr_museumsoeffnung-2024-07-21_mimh-rbm_fma_img_20240721_162339-scaled-560x420.jpg 560w\" sizes=\"(max-width: 300px) 100vw, 300px\" \/><\/a> <a class=\"title\" href=\"https:\/\/heimatverein-nieder-roden.de\/?p=7057\">Impressionen der Museums\u00f6ffnung am 22. Juli 2024<\/a> <span class=\"excerpt-dash\">-<\/span> <span class=\"excerpt\">Tolle Musik, riesige Tortenauswahl und tropische Bedingungen.<\/span><\/div><div class=\"listing-item\"><a class=\"image\" href=\"https:\/\/heimatverein-nieder-roden.de\/?p=7040\"><img decoding=\"async\" width=\"300\" height=\"117\" src=\"https:\/\/heimatverein-nieder-roden.de\/wp-content\/uploads\/2020\/07\/2019-06-16_AKHNR_\u00d6ffnung-2019-06-16_IMG_20190616_144641_stitch-300x117.jpg\" class=\"attachment-medium size-medium wp-post-image\" alt=\"Die Rodgauer Blasmusik bei ihrem Jubil\u00e4umsauftritt 2019 im Hof des Heimatmuseums! - \u00a9AKHNR\/FST\" srcset=\"https:\/\/heimatverein-nieder-roden.de\/wp-content\/uploads\/2020\/07\/2019-06-16_AKHNR_\u00d6ffnung-2019-06-16_IMG_20190616_144641_stitch-300x117.jpg 300w, https:\/\/heimatverein-nieder-roden.de\/wp-content\/uploads\/2020\/07\/2019-06-16_AKHNR_\u00d6ffnung-2019-06-16_IMG_20190616_144641_stitch-1024x400.jpg 1024w, https:\/\/heimatverein-nieder-roden.de\/wp-content\/uploads\/2020\/07\/2019-06-16_AKHNR_\u00d6ffnung-2019-06-16_IMG_20190616_144641_stitch-768x300.jpg 768w, https:\/\/heimatverein-nieder-roden.de\/wp-content\/uploads\/2020\/07\/2019-06-16_AKHNR_\u00d6ffnung-2019-06-16_IMG_20190616_144641_stitch-1536x600.jpg 1536w, https:\/\/heimatverein-nieder-roden.de\/wp-content\/uploads\/2020\/07\/2019-06-16_AKHNR_\u00d6ffnung-2019-06-16_IMG_20190616_144641_stitch-560x219.jpg 560w, https:\/\/heimatverein-nieder-roden.de\/wp-content\/uploads\/2020\/07\/2019-06-16_AKHNR_\u00d6ffnung-2019-06-16_IMG_20190616_144641_stitch.jpg 1620w\" sizes=\"(max-width: 300px) 100vw, 300px\" \/><\/a> <a class=\"title\" href=\"https:\/\/heimatverein-nieder-roden.de\/?p=7040\">&#8222;Musik im Museumshof&#8220;, Werzborre und Oischulfoddo beim Heimatverein<\/a> <span class=\"excerpt-dash\">-<\/span> <span class=\"excerpt\">Am Sonntag, 21. Juli 2024, ge\u00f6ffnet ab 14 Uhr. Wir freuen uns, die Rodgauer Blasmusik begr\u00fc\u00dfen zu d\u00fcrfen. Besuchen Sie die Jahresausstellung \"70 Jahre Sch\u00fctzenclub Gamsbock\". Infos zu den Aktionen Werzborre und \"Oischulfoddo\".<\/span><\/div><div class=\"listing-item\"><a class=\"image\" href=\"https:\/\/heimatverein-nieder-roden.de\/?p=6835\"><img decoding=\"async\" width=\"300\" height=\"169\" src=\"https:\/\/heimatverein-nieder-roden.de\/wp-content\/uploads\/2024\/05\/2019_03_23_AKHNR_Museuemsraum_Schlafzimmer_EGE_IMG_8563-300x169.jpg\" class=\"attachment-medium size-medium wp-post-image\" alt=\"\" srcset=\"https:\/\/heimatverein-nieder-roden.de\/wp-content\/uploads\/2024\/05\/2019_03_23_AKHNR_Museuemsraum_Schlafzimmer_EGE_IMG_8563-300x169.jpg 300w, https:\/\/heimatverein-nieder-roden.de\/wp-content\/uploads\/2024\/05\/2019_03_23_AKHNR_Museuemsraum_Schlafzimmer_EGE_IMG_8563-1024x576.jpg 1024w, https:\/\/heimatverein-nieder-roden.de\/wp-content\/uploads\/2024\/05\/2019_03_23_AKHNR_Museuemsraum_Schlafzimmer_EGE_IMG_8563-768x432.jpg 768w, https:\/\/heimatverein-nieder-roden.de\/wp-content\/uploads\/2024\/05\/2019_03_23_AKHNR_Museuemsraum_Schlafzimmer_EGE_IMG_8563-1536x865.jpg 1536w, https:\/\/heimatverein-nieder-roden.de\/wp-content\/uploads\/2024\/05\/2019_03_23_AKHNR_Museuemsraum_Schlafzimmer_EGE_IMG_8563-2048x1153.jpg 2048w, https:\/\/heimatverein-nieder-roden.de\/wp-content\/uploads\/2024\/05\/2019_03_23_AKHNR_Museuemsraum_Schlafzimmer_EGE_IMG_8563-836x471.jpg 836w, https:\/\/heimatverein-nieder-roden.de\/wp-content\/uploads\/2024\/05\/2019_03_23_AKHNR_Museuemsraum_Schlafzimmer_EGE_IMG_8563-560x315.jpg 560w\" sizes=\"(max-width: 300px) 100vw, 300px\" \/><\/a> <a class=\"title\" href=\"https:\/\/heimatverein-nieder-roden.de\/?p=6835\">Museums\u00f6ffnung am 26. Mai 2024<\/a> <span class=\"excerpt-dash\">-<\/span> <span class=\"excerpt\">Das Heimatmuseum in Nieder-Roden \u00f6ffnet wieder seine T\u00fcren. Die Jahresausstellung 2024 wird zum zweiten Mal gezeigt. Darin geht es um den Sch\u00fctzenclub Gamsbock Nieder-Roden \/ Rollwald, der in diesem Jahr 70 Jahre alt wird.<\/span><\/div><div class=\"listing-item\"><a class=\"image\" href=\"https:\/\/heimatverein-nieder-roden.de\/?p=5972\"><img decoding=\"async\" width=\"300\" height=\"225\" src=\"https:\/\/heimatverein-nieder-roden.de\/wp-content\/uploads\/2022\/06\/2022-06-12_15-08-53_AKHNR_Museumsoeffnung-KO_IMG_20220612_150853_1920_72dpi_Wasserz-300x225.jpg\" class=\"attachment-medium size-medium wp-post-image\" alt=\"\" srcset=\"https:\/\/heimatverein-nieder-roden.de\/wp-content\/uploads\/2022\/06\/2022-06-12_15-08-53_AKHNR_Museumsoeffnung-KO_IMG_20220612_150853_1920_72dpi_Wasserz-300x225.jpg 300w, https:\/\/heimatverein-nieder-roden.de\/wp-content\/uploads\/2022\/06\/2022-06-12_15-08-53_AKHNR_Museumsoeffnung-KO_IMG_20220612_150853_1920_72dpi_Wasserz-1024x768.jpg 1024w, https:\/\/heimatverein-nieder-roden.de\/wp-content\/uploads\/2022\/06\/2022-06-12_15-08-53_AKHNR_Museumsoeffnung-KO_IMG_20220612_150853_1920_72dpi_Wasserz-768x576.jpg 768w, https:\/\/heimatverein-nieder-roden.de\/wp-content\/uploads\/2022\/06\/2022-06-12_15-08-53_AKHNR_Museumsoeffnung-KO_IMG_20220612_150853_1920_72dpi_Wasserz-1536x1152.jpg 1536w, https:\/\/heimatverein-nieder-roden.de\/wp-content\/uploads\/2022\/06\/2022-06-12_15-08-53_AKHNR_Museumsoeffnung-KO_IMG_20220612_150853_1920_72dpi_Wasserz-836x627.jpg 836w, https:\/\/heimatverein-nieder-roden.de\/wp-content\/uploads\/2022\/06\/2022-06-12_15-08-53_AKHNR_Museumsoeffnung-KO_IMG_20220612_150853_1920_72dpi_Wasserz-560x420.jpg 560w, https:\/\/heimatverein-nieder-roden.de\/wp-content\/uploads\/2022\/06\/2022-06-12_15-08-53_AKHNR_Museumsoeffnung-KO_IMG_20220612_150853_1920_72dpi_Wasserz.jpg 1920w\" sizes=\"(max-width: 300px) 100vw, 300px\" \/><\/a> <a class=\"title\" href=\"https:\/\/heimatverein-nieder-roden.de\/?p=5972\">Musik im Museumshof erstmals mit Chorgesang<\/a> <span class=\"excerpt-dash\">-<\/span> <span class=\"excerpt\">Museums\u00f6ffnung am kommenden  Sonntag, 17.09.2023, 14-18 Uhr\n\nVorverkauf f\u00fcr Weihnachtsoratorium startet im Heimatmuseum; gro\u00dfes R\u00e4tsel in der Jahresausstellung gel\u00f6st<\/span><\/div><\/div>\n","protected":false},"excerpt":{"rendered":"<p>Der Mittelpunkt unseres Vereinslebens befindet sich im Herzen des alten Ortskerns von Nieder-Roden am Kirchplatz. Bereits seit 1985 wird die s\u00fcdliche H\u00e4lfte des fr\u00fcheren Lehrerhauses durch den AKHNR verwaltet und gepflegt. Da seinerzeit ausschlie\u00dflich der Eingang von der Turmstra\u00dfe her genutzt werden konnte, war dies auch die Stra\u00dfe der Museumsanschrift. Im Jahr 2011 kam dann, &hellip; <\/p>\n<p><a class=\"more-link btn\" href=\"https:\/\/heimatverein-nieder-roden.de\/?p=5972\">Weiterlesen<\/a><\/p><p><a class=\"more-link btn\" href=\"https:\/\/heimatverein-nieder-roden.de\/?p=5972\">Weiterlesen<\/a><\/p>\n","protected":false},"author":1,"featured_media":1121,"parent":0,"menu_order":5,"comment_status":"closed","ping_status":"closed","template":"template-twocolumnsleft.php","meta":{"_coblocks_attr":"","_coblocks_dimensions":"","_coblocks_responsive_height":"","_coblocks_accordion_ie_support":"","footnotes":""},"class_list":["post-352","page","type-page","status-publish","has-post-thumbnail","hentry","nodate"],"publishpress_future_action":{"enabled":false,"date":"2026-05-06 21:38:15","action":"change-status","newStatus":"draft","terms":[],"taxonomy":"","extraData":[]},"publishpress_future_workflow_manual_trigger":{"enabledWorkflows":[]},"_links":{"self":[{"href":"https:\/\/heimatverein-nieder-roden.de\/index.php?rest_route=\/wp\/v2\/pages\/352","targetHints":{"allow":["GET"]}}],"collection":[{"href":"https:\/\/heimatverein-nieder-roden.de\/index.php?rest_route=\/wp\/v2\/pages"}],"about":[{"href":"https:\/\/heimatverein-nieder-roden.de\/index.php?rest_route=\/wp\/v2\/types\/page"}],"author":[{"embeddable":true,"href":"https:\/\/heimatverein-nieder-roden.de\/index.php?rest_route=\/wp\/v2\/users\/1"}],"replies":[{"embeddable":true,"href":"https:\/\/heimatverein-nieder-roden.de\/index.php?rest_route=%2Fwp%2Fv2%2Fcomments&post=352"}],"version-history":[{"count":53,"href":"https:\/\/heimatverein-nieder-roden.de\/index.php?rest_route=\/wp\/v2\/pages\/352\/revisions"}],"predecessor-version":[{"id":7354,"href":"https:\/\/heimatverein-nieder-roden.de\/index.php?rest_route=\/wp\/v2\/pages\/352\/revisions\/7354"}],"wp:featuredmedia":[{"embeddable":true,"href":"https:\/\/heimatverein-nieder-roden.de\/index.php?rest_route=\/wp\/v2\/media\/1121"}],"wp:attachment":[{"href":"https:\/\/heimatverein-nieder-roden.de\/index.php?rest_route=%2Fwp%2Fv2%2Fmedia&parent=352"}],"curies":[{"name":"wp","href":"https:\/\/api.w.org\/{rel}","templated":true}]}}