{"id":23,"date":"2018-03-14T21:12:16","date_gmt":"2018-03-14T20:12:16","guid":{"rendered":"http:\/\/heimatverein-nieder-roden.de\/?page_id=23"},"modified":"2026-04-20T20:53:58","modified_gmt":"2026-04-20T18:53:58","slug":"calendar","status":"publish","type":"page","link":"https:\/\/heimatverein-nieder-roden.de\/?page_id=23","title":{"rendered":"Termine"},"content":{"rendered":"\n\n\n<div class=\"wp-block-columns is-layout-flex wp-container-core-columns-is-layout-9d6595d7 wp-block-columns-is-layout-flex\">\n<div class=\"wp-block-column is-layout-flow wp-block-column-is-layout-flow\">\n<figure class=\"wp-block-image size-large\"><a href=\"#jahreskalender\"><img decoding=\"async\" width=\"639\" height=\"448\" src=\"https:\/\/heimatverein-nieder-roden.de\/wp-content\/uploads\/2020\/02\/Jahreskalender_Anker-Link.png\" alt=\"\" class=\"wp-image-2245\" srcset=\"https:\/\/heimatverein-nieder-roden.de\/wp-content\/uploads\/2020\/02\/Jahreskalender_Anker-Link.png 639w, https:\/\/heimatverein-nieder-roden.de\/wp-content\/uploads\/2020\/02\/Jahreskalender_Anker-Link-300x210.png 300w, https:\/\/heimatverein-nieder-roden.de\/wp-content\/uploads\/2020\/02\/Jahreskalender_Anker-Link-560x393.png 560w\" sizes=\"(max-width: 639px) 100vw, 639px\" \/><\/a><\/figure>\n<\/div>\n\n\n\n<div class=\"wp-block-column is-layout-flow wp-block-column-is-layout-flow\">\n<figure class=\"wp-block-image size-large\"><a href=\"#abonnieren\"><img decoding=\"async\" width=\"639\" height=\"448\" src=\"https:\/\/heimatverein-nieder-roden.de\/wp-content\/uploads\/2020\/02\/calendar-1868106_640_digital-abonnieren.png\" alt=\"\" class=\"wp-image-2246\" srcset=\"https:\/\/heimatverein-nieder-roden.de\/wp-content\/uploads\/2020\/02\/calendar-1868106_640_digital-abonnieren.png 639w, https:\/\/heimatverein-nieder-roden.de\/wp-content\/uploads\/2020\/02\/calendar-1868106_640_digital-abonnieren-300x210.png 300w, https:\/\/heimatverein-nieder-roden.de\/wp-content\/uploads\/2020\/02\/calendar-1868106_640_digital-abonnieren-560x393.png 560w\" sizes=\"(max-width: 639px) 100vw, 639px\" \/><\/a><\/figure>\n<\/div>\n<\/div>\n\n\n\n<div class=\"wp-block-columns is-layout-flex wp-container-core-columns-is-layout-9d6595d7 wp-block-columns-is-layout-flex\">\n<div class=\"wp-block-column is-layout-flow wp-block-column-is-layout-flow\">\n<figure class=\"wp-block-image size-full\"><a href=\"#terminubersicht-nach-monat\"><img decoding=\"async\" width=\"815\" height=\"597\" src=\"https:\/\/heimatverein-nieder-roden.de\/wp-content\/uploads\/2022\/03\/AKHNR_Website_Termine_Symbolbild_Termine-nach-Monat_Anker.png\" alt=\"\" class=\"wp-image-3720\" srcset=\"https:\/\/heimatverein-nieder-roden.de\/wp-content\/uploads\/2022\/03\/AKHNR_Website_Termine_Symbolbild_Termine-nach-Monat_Anker.png 815w, https:\/\/heimatverein-nieder-roden.de\/wp-content\/uploads\/2022\/03\/AKHNR_Website_Termine_Symbolbild_Termine-nach-Monat_Anker-300x220.png 300w, https:\/\/heimatverein-nieder-roden.de\/wp-content\/uploads\/2022\/03\/AKHNR_Website_Termine_Symbolbild_Termine-nach-Monat_Anker-768x563.png 768w, https:\/\/heimatverein-nieder-roden.de\/wp-content\/uploads\/2022\/03\/AKHNR_Website_Termine_Symbolbild_Termine-nach-Monat_Anker-560x410.png 560w\" sizes=\"(max-width: 815px) 100vw, 815px\" \/><\/a><\/figure>\n<\/div>\n\n\n\n<div class=\"wp-block-column is-layout-flow wp-block-column-is-layout-flow\">\n<figure class=\"wp-block-image size-full\"><a href=\"#terminubersicht-als-Liste\"><img decoding=\"async\" width=\"815\" height=\"597\" src=\"https:\/\/heimatverein-nieder-roden.de\/wp-content\/uploads\/2022\/03\/AKHNR_Website_Termine_Symbolbild_Termine-als-Liste_Anker.png\" alt=\"\" class=\"wp-image-3721\" srcset=\"https:\/\/heimatverein-nieder-roden.de\/wp-content\/uploads\/2022\/03\/AKHNR_Website_Termine_Symbolbild_Termine-als-Liste_Anker.png 815w, https:\/\/heimatverein-nieder-roden.de\/wp-content\/uploads\/2022\/03\/AKHNR_Website_Termine_Symbolbild_Termine-als-Liste_Anker-300x220.png 300w, https:\/\/heimatverein-nieder-roden.de\/wp-content\/uploads\/2022\/03\/AKHNR_Website_Termine_Symbolbild_Termine-als-Liste_Anker-768x563.png 768w, https:\/\/heimatverein-nieder-roden.de\/wp-content\/uploads\/2022\/03\/AKHNR_Website_Termine_Symbolbild_Termine-als-Liste_Anker-560x410.png 560w\" sizes=\"(max-width: 815px) 100vw, 815px\" \/><\/a><\/figure>\n<\/div>\n<\/div>\n\n\n\n<hr class=\"wp-block-separator has-alpha-channel-opacity is-style-wide\"\/>\n\n\n\n<p>Hier finden Sie alle Termine des AKHNR<br><br>Neben den regul\u00e4ren \u00d6ffnungstagen des Heimatmuseums, gilt dies nat\u00fcrlich auch f\u00fcr weitere Veranstaltungen wie die Ausgabe der Werzborre, die Teilnahme am Nieder-R\u00f6der-Adventsmarkt und die Heimat-Filmnacht.<\/p>\n\n\n\n<p>Auch Termine anderer Nieder-R\u00f6der Vereine und Termine, die f\u00fcr alle Nieder-R\u00f6der interessant sind f\u00fchren wir teilweise auf, um die Orientierung zu erleichtern. <\/p>\n\n\n\n<p id=\"abonnieren\"><strong>Nat\u00fcrlich k\u00f6nnen wir keine Gew\u00e4hr \u00fcbernehmen. Das gilt insbesondere <strong>f\u00fcr etwaige Termin\u00e4nderungen, die uns nicht mitgeteilt werden<\/strong>. <\/strong><br><strong>Auch erheben wir keinen Anspruch auf Vollst\u00e4ndigkeit.<\/strong><\/p>\n\n\n\n<hr class=\"wp-block-separator has-css-opacity is-style-wide\"\/>\n\n\n\n<h2 class=\"wp-block-heading\" id=\"abonnieren-der-kalender-ical\">Abonnieren der Kalender (iCal)<\/h2>\n\n\n\n<p>Unsere Kalender bauen auf dem iCal-Standard auf. <br>Dadurch k\u00f6nnen sie auch mit dem Smartphone oder Ihrem E-Mail-Programm (Bsp.: Outlook, Thunderbird) abonniert werden. <\/p>\n\n\n\n<p>Die Kalenderadressen erhalten Sie durch einen Klick auf die Schaltfl\u00e4che &#8222;Abonnieren&#8220; neben dem gew\u00fcnschten Kalender &#8211; siehe die folgenden Termin\u00fcbersichten.<\/p>\n\n\n\n<div style=\"height:37px\" aria-hidden=\"true\" id=\"terminubersicht-nach-monat\" class=\"wp-block-spacer\"><\/div>\n\n\n\n<hr class=\"wp-block-separator has-css-opacity is-style-wide\"\/>\n\n\n\n<h2 class=\"wp-block-heading\">Termin\u00fcbersicht &#8211; nach Monat<\/h2>\n\n\n<div class=\"r34ics-ajax-container loading\" id=\"r69f25e27c06ebd0\" data-view=\"month\" data-view-is-list-style=\"0\" data-view-is-list-long=\"0\" data-args=\"a441044d9ab2e4aba454ec120ead0ddb3e5572b7\" data-js-args=\"{&quot;debug&quot;:&quot;0&quot;}\">&nbsp;<\/div>\n\n\n\n<div style=\"height:37px\" aria-hidden=\"true\" id=\"terminubersicht-als-Liste\" class=\"wp-block-spacer\"><\/div>\n\n\n\n<hr class=\"wp-block-separator has-css-opacity is-style-wide\"\/>\n\n\n\n<h2 class=\"wp-block-heading\">Termin\u00fcbersicht &#8211; als Liste<\/h2>\n\n\n<div class=\"r34ics-ajax-container loading\" id=\"r69f25e27c2b97ef\" data-view=\"list\" data-view-is-list-style=\"1\" data-view-is-list-long=\"1\" data-args=\"1463717798f9f429a35838e1bf067d9648165a02\" data-js-args=\"{&quot;debug&quot;:&quot;0&quot;}\">&nbsp;<\/div>\n\n\n\n<div style=\"height:53px\" aria-hidden=\"true\" id=\"terminubersicht-als-Liste\" class=\"wp-block-spacer\"><\/div>\n\n\n\n<hr class=\"wp-block-separator has-css-opacity is-style-wide\" id=\"jahreskalender\"\/>\n\n\n\n<h2 class=\"wp-block-heading\" id=\"ja\">Nirrer\u00e4irer Jahreskalender<\/h2>\n\n\n\n<p>F\u00fcr den K\u00fchlschrank oder das schwarze Brett zu Hause, bieten wir einen Jahreskalender im DIN A4-Format an. Hier haben Sie auf Vorder- und R\u00fcckseite alles Relevante schnell im Griff, inklusive Wochenenden, Feiertagen und n\u00fctzlichen Zusatzinfos.<\/p>\n\n\n\n<p>Wenn Sie mit Ihrem Verein auch gerne darin auftauchen m\u00f6chten, versuchen wir gerne Ihre Termine zu integrieren. Sprechen oder schreiben Sie uns an.<br>Wir freuen uns darauf!<\/p>\n\n\n\n<div class=\"wp-block-buttons is-content-justification-center is-layout-flex wp-container-core-buttons-is-layout-16018d1d wp-block-buttons-is-layout-flex\">\n<div class=\"wp-block-button\"><a class=\"wp-block-button__link wp-element-button\" href=\"https:\/\/heimatverein-nieder-roden.de\/?page_id=6853\">Jahreskalender 2024<\/a><\/div>\n<\/div>\n\n\n\n<h4 class=\"wp-block-heading\">Meldungen zum Jahreskalender<\/h4>\n\n\n<ul class=\"wp-block-latest-posts__list is-grid columns-3 wp-block-latest-posts\"><li><div class=\"wp-block-latest-posts__featured-image\"><img decoding=\"async\" width=\"150\" height=\"150\" src=\"https:\/\/heimatverein-nieder-roden.de\/wp-content\/uploads\/2024\/01\/AKHNR_Kalender_Symbolbild2_v1.1_JPG-Q80-150x150.jpg\" class=\"attachment-thumbnail size-thumbnail wp-post-image\" alt=\"\" style=\"\" \/><\/div><a class=\"wp-block-latest-posts__post-title\" href=\"https:\/\/heimatverein-nieder-roden.de\/?p=8675\">Jahreskalender 2026 &#8211; Version 1.6 online<\/a><div class=\"wp-block-latest-posts__post-excerpt\">Wir haben den Jahreskalender auf den aktuellen Stand gebracht.\nHier gibt es die \u00c4nderungen&#8230;<\/div><\/li>\n<li><div class=\"wp-block-latest-posts__featured-image\"><img decoding=\"async\" width=\"150\" height=\"150\" src=\"https:\/\/heimatverein-nieder-roden.de\/wp-content\/uploads\/2024\/12\/AKHNR_Kalender_Symbolbild-fuer-Beitrag_2025_v1.0-150x150.jpg\" class=\"attachment-thumbnail size-thumbnail wp-post-image\" alt=\"\" style=\"\" \/><\/div><a class=\"wp-block-latest-posts__post-title\" href=\"https:\/\/heimatverein-nieder-roden.de\/?p=8601\">Jahreskalender 2026 online!<\/a><div class=\"wp-block-latest-posts__post-excerpt\">Zuhause f\u00fcr euren K\u00fchlschrank oder euer schwarzes Brett: Wir haben den Jahreskalender f\u00fcr 2026 fertiggestellt! Alle Wichtigen Termine f\u00fcr Rollwald und Nieder-Roden auf einem Fleck.<\/div><\/li>\n<li><div class=\"wp-block-latest-posts__featured-image\"><img decoding=\"async\" width=\"150\" height=\"150\" src=\"https:\/\/heimatverein-nieder-roden.de\/wp-content\/uploads\/2024\/01\/AKHNR_Kalender_Symbolbild2_v1.1_JPG-Q80-150x150.jpg\" class=\"attachment-thumbnail size-thumbnail wp-post-image\" alt=\"\" style=\"\" \/><\/div><a class=\"wp-block-latest-posts__post-title\" href=\"https:\/\/heimatverein-nieder-roden.de\/?p=8133\">Jahreskalender 2025 &#8211; Version 1.6 online<\/a><div class=\"wp-block-latest-posts__post-excerpt\">Wir haben den Jahreskalender auf den aktuellen Stand gebracht.\nHier gibt es die \u00c4nderungen&#8230;<\/div><\/li>\n<li><div class=\"wp-block-latest-posts__featured-image\"><img decoding=\"async\" width=\"150\" height=\"150\" src=\"https:\/\/heimatverein-nieder-roden.de\/wp-content\/uploads\/2024\/01\/AKHNR_Kalender_Symbolbild2_v1.1_JPG-Q80-150x150.jpg\" class=\"attachment-thumbnail size-thumbnail wp-post-image\" alt=\"\" style=\"\" \/><\/div><a class=\"wp-block-latest-posts__post-title\" href=\"https:\/\/heimatverein-nieder-roden.de\/?p=8052\">Jahreskalender 2025 &#8211; Version 1.5 online<\/a><div class=\"wp-block-latest-posts__post-excerpt\">Wir haben den Jahreskalender auf den aktuellen Stand gebracht.\nHier gibt es die \u00c4nderungen&#8230;<\/div><\/li>\n<li><div class=\"wp-block-latest-posts__featured-image\"><img decoding=\"async\" width=\"150\" height=\"150\" src=\"https:\/\/heimatverein-nieder-roden.de\/wp-content\/uploads\/2024\/01\/AKHNR_Kalender_Symbolbild2_v1.1_JPG-Q80-150x150.jpg\" class=\"attachment-thumbnail size-thumbnail wp-post-image\" alt=\"\" style=\"\" \/><\/div><a class=\"wp-block-latest-posts__post-title\" href=\"https:\/\/heimatverein-nieder-roden.de\/?p=7966\">Jahreskalender 2025 &#8211; Version 1.2 online<\/a><div class=\"wp-block-latest-posts__post-excerpt\">Wir haben den Jahreskalender auf den aktuellen Stand gebracht.\nHier gibt es die \u00c4nderungen&#8230;<\/div><\/li>\n<\/ul>\n\n\n<hr class=\"wp-block-separator has-css-opacity\"\/>\n\n\nSeite 0 mal aufgerufen in den letzten 14 Tagen.\n","protected":false},"excerpt":{"rendered":"<p>Hier finden Sie alle Termine des AKHNR Neben den regul\u00e4ren \u00d6ffnungstagen des Heimatmuseums, gilt dies nat\u00fcrlich auch f\u00fcr weitere Veranstaltungen wie die Ausgabe der Werzborre, die Teilnahme am Nieder-R\u00f6der-Adventsmarkt und die Heimat-Filmnacht. Auch Termine anderer Nieder-R\u00f6der Vereine und Termine, die f\u00fcr alle Nieder-R\u00f6der interessant sind f\u00fchren wir teilweise auf, um die Orientierung zu erleichtern. Nat\u00fcrlich &hellip; <\/p>\n<p><a class=\"more-link btn\" href=\"https:\/\/heimatverein-nieder-roden.de\/?page_id=23\">Weiterlesen<\/a><\/p>\n","protected":false},"author":1,"featured_media":1120,"parent":0,"menu_order":2,"comment_status":"closed","ping_status":"closed","template":"template-onecolumn.php","meta":{"_coblocks_attr":"","_coblocks_dimensions":"","_coblocks_responsive_height":"","_coblocks_accordion_ie_support":"","footnotes":""},"class_list":["post-23","page","type-page","status-publish","has-post-thumbnail","hentry","nodate"],"publishpress_future_action":{"enabled":false,"date":"2026-05-06 21:38:15","action":"change-status","newStatus":"draft","terms":[],"taxonomy":"","extraData":[]},"publishpress_future_workflow_manual_trigger":{"enabledWorkflows":[]},"_links":{"self":[{"href":"https:\/\/heimatverein-nieder-roden.de\/index.php?rest_route=\/wp\/v2\/pages\/23","targetHints":{"allow":["GET"]}}],"collection":[{"href":"https:\/\/heimatverein-nieder-roden.de\/index.php?rest_route=\/wp\/v2\/pages"}],"about":[{"href":"https:\/\/heimatverein-nieder-roden.de\/index.php?rest_route=\/wp\/v2\/types\/page"}],"author":[{"embeddable":true,"href":"https:\/\/heimatverein-nieder-roden.de\/index.php?rest_route=\/wp\/v2\/users\/1"}],"replies":[{"embeddable":true,"href":"https:\/\/heimatverein-nieder-roden.de\/index.php?rest_route=%2Fwp%2Fv2%2Fcomments&post=23"}],"version-history":[{"count":115,"href":"https:\/\/heimatverein-nieder-roden.de\/index.php?rest_route=\/wp\/v2\/pages\/23\/revisions"}],"predecessor-version":[{"id":6869,"href":"https:\/\/heimatverein-nieder-roden.de\/index.php?rest_route=\/wp\/v2\/pages\/23\/revisions\/6869"}],"wp:featuredmedia":[{"embeddable":true,"href":"https:\/\/heimatverein-nieder-roden.de\/index.php?rest_route=\/wp\/v2\/media\/1120"}],"wp:attachment":[{"href":"https:\/\/heimatverein-nieder-roden.de\/index.php?rest_route=%2Fwp%2Fv2%2Fmedia&parent=23"}],"curies":[{"name":"wp","href":"https:\/\/api.w.org\/{rel}","templated":true}]}}