{"id":1531,"date":"2019-08-23T11:08:21","date_gmt":"2019-08-23T09:08:21","guid":{"rendered":"http:\/\/heimatverein-nieder-roden.de\/?page_id=1531"},"modified":"2023-08-25T12:13:11","modified_gmt":"2023-08-25T10:13:11","slug":"nieder-roden-in-bildern","status":"publish","type":"page","link":"https:\/\/heimatverein-nieder-roden.de\/?page_id=1531","title":{"rendered":"Nieder-Roden in Bildern"},"content":{"rendered":"\n\n\n<p>Entdecken Sie Nieder-Roden aus verschiedenen Blickwinkeln. <br>In diesem Bilderblog nehmen wir Sie mit auf einen virtuellen Spaziergang durch und rund um Nieder-Roden.<\/p>\n\n\n\n<hr class=\"wp-block-separator has-css-opacity\"\/>\n\n\nSeite 0 mal aufgerufen in den letzten 365 Tagen.\n\n\n\n<hr class=\"wp-block-separator has-css-opacity\"\/>\n\n\n\n<h2 class=\"wp-block-heading\">Alle Folgen:<\/h2>\n\n\n<div class=\"display-posts-listing grid\"><div class=\"listing-item\"><a class=\"image\" href=\"https:\/\/heimatverein-nieder-roden.de\/?p=7454\"><img decoding=\"async\" width=\"300\" height=\"169\" src=\"https:\/\/heimatverein-nieder-roden.de\/wp-content\/uploads\/2024\/09\/2021-12-05_AKHNR_Heimatmuseum-beleuchtet_Kalender2023_EGE_12_IMG_7184-300x169.jpg\" class=\"attachment-medium size-medium wp-post-image\" alt=\"\" srcset=\"https:\/\/heimatverein-nieder-roden.de\/wp-content\/uploads\/2024\/09\/2021-12-05_AKHNR_Heimatmuseum-beleuchtet_Kalender2023_EGE_12_IMG_7184-300x169.jpg 300w, https:\/\/heimatverein-nieder-roden.de\/wp-content\/uploads\/2024\/09\/2021-12-05_AKHNR_Heimatmuseum-beleuchtet_Kalender2023_EGE_12_IMG_7184-1024x576.jpg 1024w, https:\/\/heimatverein-nieder-roden.de\/wp-content\/uploads\/2024\/09\/2021-12-05_AKHNR_Heimatmuseum-beleuchtet_Kalender2023_EGE_12_IMG_7184-768x432.jpg 768w, https:\/\/heimatverein-nieder-roden.de\/wp-content\/uploads\/2024\/09\/2021-12-05_AKHNR_Heimatmuseum-beleuchtet_Kalender2023_EGE_12_IMG_7184-1536x865.jpg 1536w, https:\/\/heimatverein-nieder-roden.de\/wp-content\/uploads\/2024\/09\/2021-12-05_AKHNR_Heimatmuseum-beleuchtet_Kalender2023_EGE_12_IMG_7184-2048x1153.jpg 2048w, https:\/\/heimatverein-nieder-roden.de\/wp-content\/uploads\/2024\/09\/2021-12-05_AKHNR_Heimatmuseum-beleuchtet_Kalender2023_EGE_12_IMG_7184-836x471.jpg 836w, https:\/\/heimatverein-nieder-roden.de\/wp-content\/uploads\/2024\/09\/2021-12-05_AKHNR_Heimatmuseum-beleuchtet_Kalender2023_EGE_12_IMG_7184-560x315.jpg 560w\" sizes=\"(max-width: 300px) 100vw, 300px\" \/><\/a> <a class=\"title\" href=\"https:\/\/heimatverein-nieder-roden.de\/?p=7454\">Nieder-Roden in Bildern &#8211; Folge 104<\/a> <span class=\"excerpt-dash\">-<\/span> <span class=\"excerpt\">Das Heimatmuseum erstrahlt weihnachtlich geschm\u00fcckt. 05.12.2021, EGE, (c) AKHNR<\/span><\/div><div class=\"listing-item\"><a class=\"image\" href=\"https:\/\/heimatverein-nieder-roden.de\/?p=7452\"><img decoding=\"async\" width=\"300\" height=\"200\" src=\"https:\/\/heimatverein-nieder-roden.de\/wp-content\/uploads\/2024\/09\/2015-11-13_AKHNR_Eingang-zum-alten-Friedhof_Kalender2023_EGE_11_IMG_7277-300x200.jpg\" class=\"attachment-medium size-medium wp-post-image\" alt=\"\" srcset=\"https:\/\/heimatverein-nieder-roden.de\/wp-content\/uploads\/2024\/09\/2015-11-13_AKHNR_Eingang-zum-alten-Friedhof_Kalender2023_EGE_11_IMG_7277-300x200.jpg 300w, https:\/\/heimatverein-nieder-roden.de\/wp-content\/uploads\/2024\/09\/2015-11-13_AKHNR_Eingang-zum-alten-Friedhof_Kalender2023_EGE_11_IMG_7277-1024x683.jpg 1024w, https:\/\/heimatverein-nieder-roden.de\/wp-content\/uploads\/2024\/09\/2015-11-13_AKHNR_Eingang-zum-alten-Friedhof_Kalender2023_EGE_11_IMG_7277-768x512.jpg 768w, https:\/\/heimatverein-nieder-roden.de\/wp-content\/uploads\/2024\/09\/2015-11-13_AKHNR_Eingang-zum-alten-Friedhof_Kalender2023_EGE_11_IMG_7277-1536x1024.jpg 1536w, https:\/\/heimatverein-nieder-roden.de\/wp-content\/uploads\/2024\/09\/2015-11-13_AKHNR_Eingang-zum-alten-Friedhof_Kalender2023_EGE_11_IMG_7277-2048x1365.jpg 2048w, https:\/\/heimatverein-nieder-roden.de\/wp-content\/uploads\/2024\/09\/2015-11-13_AKHNR_Eingang-zum-alten-Friedhof_Kalender2023_EGE_11_IMG_7277-836x557.jpg 836w, https:\/\/heimatverein-nieder-roden.de\/wp-content\/uploads\/2024\/09\/2015-11-13_AKHNR_Eingang-zum-alten-Friedhof_Kalender2023_EGE_11_IMG_7277-560x373.jpg 560w, https:\/\/heimatverein-nieder-roden.de\/wp-content\/uploads\/2024\/09\/2015-11-13_AKHNR_Eingang-zum-alten-Friedhof_Kalender2023_EGE_11_IMG_7277-272x182.jpg 272w\" sizes=\"(max-width: 300px) 100vw, 300px\" \/><\/a> <a class=\"title\" href=\"https:\/\/heimatverein-nieder-roden.de\/?p=7452\">Nieder-Roden in Bildern &#8211; Folge 103<\/a> <span class=\"excerpt-dash\">-<\/span> <span class=\"excerpt\">Das Kruzifix am Eingang zum alten Friedhof begr\u00fc\u00dft die Besucher. 13.11.2015, EGE, (c) AKHNR<\/span><\/div><div class=\"listing-item\"><a class=\"image\" href=\"https:\/\/heimatverein-nieder-roden.de\/?p=7450\"><img decoding=\"async\" width=\"300\" height=\"169\" src=\"https:\/\/heimatverein-nieder-roden.de\/wp-content\/uploads\/2024\/09\/2021-10-24_AKHNR_Kapelle-am-Friedhof_Kalender2023_EGE_10_IMG_6851-300x169.jpg\" class=\"attachment-medium size-medium wp-post-image\" alt=\"\" srcset=\"https:\/\/heimatverein-nieder-roden.de\/wp-content\/uploads\/2024\/09\/2021-10-24_AKHNR_Kapelle-am-Friedhof_Kalender2023_EGE_10_IMG_6851-300x169.jpg 300w, https:\/\/heimatverein-nieder-roden.de\/wp-content\/uploads\/2024\/09\/2021-10-24_AKHNR_Kapelle-am-Friedhof_Kalender2023_EGE_10_IMG_6851-1024x576.jpg 1024w, https:\/\/heimatverein-nieder-roden.de\/wp-content\/uploads\/2024\/09\/2021-10-24_AKHNR_Kapelle-am-Friedhof_Kalender2023_EGE_10_IMG_6851-768x432.jpg 768w, https:\/\/heimatverein-nieder-roden.de\/wp-content\/uploads\/2024\/09\/2021-10-24_AKHNR_Kapelle-am-Friedhof_Kalender2023_EGE_10_IMG_6851-1536x865.jpg 1536w, https:\/\/heimatverein-nieder-roden.de\/wp-content\/uploads\/2024\/09\/2021-10-24_AKHNR_Kapelle-am-Friedhof_Kalender2023_EGE_10_IMG_6851-2048x1153.jpg 2048w, https:\/\/heimatverein-nieder-roden.de\/wp-content\/uploads\/2024\/09\/2021-10-24_AKHNR_Kapelle-am-Friedhof_Kalender2023_EGE_10_IMG_6851-836x471.jpg 836w, https:\/\/heimatverein-nieder-roden.de\/wp-content\/uploads\/2024\/09\/2021-10-24_AKHNR_Kapelle-am-Friedhof_Kalender2023_EGE_10_IMG_6851-560x315.jpg 560w\" sizes=\"(max-width: 300px) 100vw, 300px\" \/><\/a> <a class=\"title\" href=\"https:\/\/heimatverein-nieder-roden.de\/?p=7450\">Nieder-Roden in Bildern &#8211; Folge 102<\/a> <span class=\"excerpt-dash\">-<\/span> <span class=\"excerpt\">Herbstliche Farben an der Kapelle am neuen Friedhof . 24.10.2021, EGE, (c) AKHNR<\/span><\/div><div class=\"listing-item\"><a class=\"image\" href=\"https:\/\/heimatverein-nieder-roden.de\/?p=7448\"><img decoding=\"async\" width=\"300\" height=\"160\" src=\"https:\/\/heimatverein-nieder-roden.de\/wp-content\/uploads\/2024\/09\/2022-08-24_AKHNR_Rodaubruecke_Kalender2023_09_EGE_09_IMG_8174-300x160.jpg\" class=\"attachment-medium size-medium wp-post-image\" alt=\"\" srcset=\"https:\/\/heimatverein-nieder-roden.de\/wp-content\/uploads\/2024\/09\/2022-08-24_AKHNR_Rodaubruecke_Kalender2023_09_EGE_09_IMG_8174-300x160.jpg 300w, https:\/\/heimatverein-nieder-roden.de\/wp-content\/uploads\/2024\/09\/2022-08-24_AKHNR_Rodaubruecke_Kalender2023_09_EGE_09_IMG_8174-1024x547.jpg 1024w, https:\/\/heimatverein-nieder-roden.de\/wp-content\/uploads\/2024\/09\/2022-08-24_AKHNR_Rodaubruecke_Kalender2023_09_EGE_09_IMG_8174-768x410.jpg 768w, https:\/\/heimatverein-nieder-roden.de\/wp-content\/uploads\/2024\/09\/2022-08-24_AKHNR_Rodaubruecke_Kalender2023_09_EGE_09_IMG_8174-1536x820.jpg 1536w, https:\/\/heimatverein-nieder-roden.de\/wp-content\/uploads\/2024\/09\/2022-08-24_AKHNR_Rodaubruecke_Kalender2023_09_EGE_09_IMG_8174-2048x1094.jpg 2048w, https:\/\/heimatverein-nieder-roden.de\/wp-content\/uploads\/2024\/09\/2022-08-24_AKHNR_Rodaubruecke_Kalender2023_09_EGE_09_IMG_8174-836x447.jpg 836w, https:\/\/heimatverein-nieder-roden.de\/wp-content\/uploads\/2024\/09\/2022-08-24_AKHNR_Rodaubruecke_Kalender2023_09_EGE_09_IMG_8174-560x299.jpg 560w\" sizes=\"(max-width: 300px) 100vw, 300px\" \/><\/a> <a class=\"title\" href=\"https:\/\/heimatverein-nieder-roden.de\/?p=7448\">Nieder-Roden in Bildern &#8211; Folge 101<\/a> <span class=\"excerpt-dash\">-<\/span> <span class=\"excerpt\">Idyllischer Blick auf die Rodaubr\u00fccke, kurz bevor sie Nieder-Roden erreicht. 24.08.2022, EGE, (c) AKHNR<\/span><\/div><div class=\"listing-item\"><a class=\"image\" href=\"https:\/\/heimatverein-nieder-roden.de\/?p=6885\"><img decoding=\"async\" width=\"300\" height=\"169\" src=\"https:\/\/heimatverein-nieder-roden.de\/wp-content\/uploads\/2024\/06\/2023-07-27_AKHNR_Skaterpark-am-Badesee_Kalender2023_08_EGE_IMG_4754-300x169.jpg\" class=\"attachment-medium size-medium wp-post-image\" alt=\"\" srcset=\"https:\/\/heimatverein-nieder-roden.de\/wp-content\/uploads\/2024\/06\/2023-07-27_AKHNR_Skaterpark-am-Badesee_Kalender2023_08_EGE_IMG_4754-300x169.jpg 300w, https:\/\/heimatverein-nieder-roden.de\/wp-content\/uploads\/2024\/06\/2023-07-27_AKHNR_Skaterpark-am-Badesee_Kalender2023_08_EGE_IMG_4754-1024x576.jpg 1024w, https:\/\/heimatverein-nieder-roden.de\/wp-content\/uploads\/2024\/06\/2023-07-27_AKHNR_Skaterpark-am-Badesee_Kalender2023_08_EGE_IMG_4754-768x432.jpg 768w, https:\/\/heimatverein-nieder-roden.de\/wp-content\/uploads\/2024\/06\/2023-07-27_AKHNR_Skaterpark-am-Badesee_Kalender2023_08_EGE_IMG_4754-1536x865.jpg 1536w, https:\/\/heimatverein-nieder-roden.de\/wp-content\/uploads\/2024\/06\/2023-07-27_AKHNR_Skaterpark-am-Badesee_Kalender2023_08_EGE_IMG_4754-2048x1153.jpg 2048w, https:\/\/heimatverein-nieder-roden.de\/wp-content\/uploads\/2024\/06\/2023-07-27_AKHNR_Skaterpark-am-Badesee_Kalender2023_08_EGE_IMG_4754-836x471.jpg 836w, https:\/\/heimatverein-nieder-roden.de\/wp-content\/uploads\/2024\/06\/2023-07-27_AKHNR_Skaterpark-am-Badesee_Kalender2023_08_EGE_IMG_4754-560x315.jpg 560w\" sizes=\"(max-width: 300px) 100vw, 300px\" \/><\/a> <a class=\"title\" href=\"https:\/\/heimatverein-nieder-roden.de\/?p=6885\">Nieder-Roden in Bildern &#8211; Folge 100<\/a> <span class=\"excerpt-dash\">-<\/span> <span class=\"excerpt\">Der Skaterpark am Badesee ist noch ruhig am Morgen. 27.07.2021, EGE, (c) AKHNR<\/span><\/div><div class=\"listing-item\"><a class=\"image\" href=\"https:\/\/heimatverein-nieder-roden.de\/?p=6884\"><img decoding=\"async\" width=\"300\" height=\"184\" src=\"https:\/\/heimatverein-nieder-roden.de\/wp-content\/uploads\/2024\/06\/2020-07-17_AKHNR_Hof-des-Pfarrheims-mit-Blick-auf-die-Turmstrasse_Kalender2023_07_EGE_IMG_7769-300x184.jpg\" class=\"attachment-medium size-medium wp-post-image\" alt=\"\" srcset=\"https:\/\/heimatverein-nieder-roden.de\/wp-content\/uploads\/2024\/06\/2020-07-17_AKHNR_Hof-des-Pfarrheims-mit-Blick-auf-die-Turmstrasse_Kalender2023_07_EGE_IMG_7769-300x184.jpg 300w, https:\/\/heimatverein-nieder-roden.de\/wp-content\/uploads\/2024\/06\/2020-07-17_AKHNR_Hof-des-Pfarrheims-mit-Blick-auf-die-Turmstrasse_Kalender2023_07_EGE_IMG_7769-1024x627.jpg 1024w, https:\/\/heimatverein-nieder-roden.de\/wp-content\/uploads\/2024\/06\/2020-07-17_AKHNR_Hof-des-Pfarrheims-mit-Blick-auf-die-Turmstrasse_Kalender2023_07_EGE_IMG_7769-768x470.jpg 768w, https:\/\/heimatverein-nieder-roden.de\/wp-content\/uploads\/2024\/06\/2020-07-17_AKHNR_Hof-des-Pfarrheims-mit-Blick-auf-die-Turmstrasse_Kalender2023_07_EGE_IMG_7769-1536x940.jpg 1536w, https:\/\/heimatverein-nieder-roden.de\/wp-content\/uploads\/2024\/06\/2020-07-17_AKHNR_Hof-des-Pfarrheims-mit-Blick-auf-die-Turmstrasse_Kalender2023_07_EGE_IMG_7769-2048x1253.jpg 2048w, https:\/\/heimatverein-nieder-roden.de\/wp-content\/uploads\/2024\/06\/2020-07-17_AKHNR_Hof-des-Pfarrheims-mit-Blick-auf-die-Turmstrasse_Kalender2023_07_EGE_IMG_7769-836x512.jpg 836w, https:\/\/heimatverein-nieder-roden.de\/wp-content\/uploads\/2024\/06\/2020-07-17_AKHNR_Hof-des-Pfarrheims-mit-Blick-auf-die-Turmstrasse_Kalender2023_07_EGE_IMG_7769-560x343.jpg 560w\" sizes=\"(max-width: 300px) 100vw, 300px\" \/><\/a> <a class=\"title\" href=\"https:\/\/heimatverein-nieder-roden.de\/?p=6884\">Nieder-Roden in Bildern &#8211; Folge 99<\/a> <span class=\"excerpt-dash\">-<\/span> <span class=\"excerpt\">Blick vom Hof des Pfarrheims auf die Turmstra\u00dfe mit dem Museum und dem Turm von St. Matthias, 17.07.2020, EGE, (c) AKHNR<\/span><\/div><div class=\"listing-item\"><a class=\"image\" href=\"https:\/\/heimatverein-nieder-roden.de\/?p=6740\"><img decoding=\"async\" width=\"300\" height=\"169\" src=\"https:\/\/heimatverein-nieder-roden.de\/wp-content\/uploads\/2024\/04\/2020-06-21_Haus-der-Musik_Kalender2023-06_EGE_IMG_7142-300x169.jpg\" class=\"attachment-medium size-medium wp-post-image\" alt=\"\" srcset=\"https:\/\/heimatverein-nieder-roden.de\/wp-content\/uploads\/2024\/04\/2020-06-21_Haus-der-Musik_Kalender2023-06_EGE_IMG_7142-300x169.jpg 300w, https:\/\/heimatverein-nieder-roden.de\/wp-content\/uploads\/2024\/04\/2020-06-21_Haus-der-Musik_Kalender2023-06_EGE_IMG_7142-1024x575.jpg 1024w, https:\/\/heimatverein-nieder-roden.de\/wp-content\/uploads\/2024\/04\/2020-06-21_Haus-der-Musik_Kalender2023-06_EGE_IMG_7142-768x432.jpg 768w, https:\/\/heimatverein-nieder-roden.de\/wp-content\/uploads\/2024\/04\/2020-06-21_Haus-der-Musik_Kalender2023-06_EGE_IMG_7142-1536x863.jpg 1536w, https:\/\/heimatverein-nieder-roden.de\/wp-content\/uploads\/2024\/04\/2020-06-21_Haus-der-Musik_Kalender2023-06_EGE_IMG_7142-2048x1151.jpg 2048w, https:\/\/heimatverein-nieder-roden.de\/wp-content\/uploads\/2024\/04\/2020-06-21_Haus-der-Musik_Kalender2023-06_EGE_IMG_7142-836x470.jpg 836w, https:\/\/heimatverein-nieder-roden.de\/wp-content\/uploads\/2024\/04\/2020-06-21_Haus-der-Musik_Kalender2023-06_EGE_IMG_7142-560x315.jpg 560w\" sizes=\"(max-width: 300px) 100vw, 300px\" \/><\/a> <a class=\"title\" href=\"https:\/\/heimatverein-nieder-roden.de\/?p=6740\">Nieder-Roden in Bildern &#8211; Folge 98<\/a> <span class=\"excerpt-dash\">-<\/span> <span class=\"excerpt\">Das ehemaliges Rathaus von Nieder-Roden: heute das &#8222;Haus der Musik&#8220;, Ein Ort der Freude und der schr\u00e4gen T\u00f6ne. 21.06.2021, EGE, (c) AKHNR<\/span><\/div><div class=\"listing-item\"><a class=\"image\" href=\"https:\/\/heimatverein-nieder-roden.de\/?p=6738\"><img decoding=\"async\" width=\"300\" height=\"164\" src=\"https:\/\/heimatverein-nieder-roden.de\/wp-content\/uploads\/2024\/04\/2020-05-03_Gemaelde-am-Huehnerzuchtverein-am-Eicheleck_Kalender2023-05_EGE_Huehnerverein-300x164.jpg\" class=\"attachment-medium size-medium wp-post-image\" alt=\"\" srcset=\"https:\/\/heimatverein-nieder-roden.de\/wp-content\/uploads\/2024\/04\/2020-05-03_Gemaelde-am-Huehnerzuchtverein-am-Eicheleck_Kalender2023-05_EGE_Huehnerverein-300x164.jpg 300w, https:\/\/heimatverein-nieder-roden.de\/wp-content\/uploads\/2024\/04\/2020-05-03_Gemaelde-am-Huehnerzuchtverein-am-Eicheleck_Kalender2023-05_EGE_Huehnerverein-1024x560.jpg 1024w, https:\/\/heimatverein-nieder-roden.de\/wp-content\/uploads\/2024\/04\/2020-05-03_Gemaelde-am-Huehnerzuchtverein-am-Eicheleck_Kalender2023-05_EGE_Huehnerverein-768x420.jpg 768w, https:\/\/heimatverein-nieder-roden.de\/wp-content\/uploads\/2024\/04\/2020-05-03_Gemaelde-am-Huehnerzuchtverein-am-Eicheleck_Kalender2023-05_EGE_Huehnerverein-1536x841.jpg 1536w, https:\/\/heimatverein-nieder-roden.de\/wp-content\/uploads\/2024\/04\/2020-05-03_Gemaelde-am-Huehnerzuchtverein-am-Eicheleck_Kalender2023-05_EGE_Huehnerverein-2048x1121.jpg 2048w, https:\/\/heimatverein-nieder-roden.de\/wp-content\/uploads\/2024\/04\/2020-05-03_Gemaelde-am-Huehnerzuchtverein-am-Eicheleck_Kalender2023-05_EGE_Huehnerverein-836x458.jpg 836w, https:\/\/heimatverein-nieder-roden.de\/wp-content\/uploads\/2024\/04\/2020-05-03_Gemaelde-am-Huehnerzuchtverein-am-Eicheleck_Kalender2023-05_EGE_Huehnerverein-560x307.jpg 560w\" sizes=\"(max-width: 300px) 100vw, 300px\" \/><\/a> <a class=\"title\" href=\"https:\/\/heimatverein-nieder-roden.de\/?p=6738\">Nieder-Roden in Bildern &#8211; Folge 97<\/a> <span class=\"excerpt-dash\">-<\/span> <span class=\"excerpt\">Gem\u00e4lde am Vereinsgel\u00e4nde der &#8222;Hinkeler&#8220; (H\u00fchnerzuchtverein) am Eicheleck&#8220;, 03.05.2020, EGE, (c) AKHNR<\/span><\/div><div class=\"listing-item\"><a class=\"image\" href=\"https:\/\/heimatverein-nieder-roden.de\/?p=6626\"><img decoding=\"async\" width=\"300\" height=\"200\" src=\"https:\/\/heimatverein-nieder-roden.de\/wp-content\/uploads\/2024\/03\/2017-04-29_Boote-am-Kiessee_Kalender2023-04_EGE_Badesee2-300x200.jpg\" class=\"attachment-medium size-medium wp-post-image\" alt=\"\" srcset=\"https:\/\/heimatverein-nieder-roden.de\/wp-content\/uploads\/2024\/03\/2017-04-29_Boote-am-Kiessee_Kalender2023-04_EGE_Badesee2-300x200.jpg 300w, https:\/\/heimatverein-nieder-roden.de\/wp-content\/uploads\/2024\/03\/2017-04-29_Boote-am-Kiessee_Kalender2023-04_EGE_Badesee2-1024x683.jpg 1024w, https:\/\/heimatverein-nieder-roden.de\/wp-content\/uploads\/2024\/03\/2017-04-29_Boote-am-Kiessee_Kalender2023-04_EGE_Badesee2-768x512.jpg 768w, https:\/\/heimatverein-nieder-roden.de\/wp-content\/uploads\/2024\/03\/2017-04-29_Boote-am-Kiessee_Kalender2023-04_EGE_Badesee2-1536x1024.jpg 1536w, https:\/\/heimatverein-nieder-roden.de\/wp-content\/uploads\/2024\/03\/2017-04-29_Boote-am-Kiessee_Kalender2023-04_EGE_Badesee2-2048x1365.jpg 2048w, https:\/\/heimatverein-nieder-roden.de\/wp-content\/uploads\/2024\/03\/2017-04-29_Boote-am-Kiessee_Kalender2023-04_EGE_Badesee2-836x557.jpg 836w, https:\/\/heimatverein-nieder-roden.de\/wp-content\/uploads\/2024\/03\/2017-04-29_Boote-am-Kiessee_Kalender2023-04_EGE_Badesee2-560x373.jpg 560w, https:\/\/heimatverein-nieder-roden.de\/wp-content\/uploads\/2024\/03\/2017-04-29_Boote-am-Kiessee_Kalender2023-04_EGE_Badesee2-272x182.jpg 272w\" sizes=\"(max-width: 300px) 100vw, 300px\" \/><\/a> <a class=\"title\" href=\"https:\/\/heimatverein-nieder-roden.de\/?p=6626\">Nieder-Roden in Bildern &#8211; Folge 96<\/a> <span class=\"excerpt-dash\">-<\/span> <span class=\"excerpt\">Erste Aktivit\u00e4ten vor der Er\u00f6ffnung des Badebetriebs am &#8222;Kiessee&#8220;, 29.04.2017, EGE, (c) AKHNR<\/span><\/div><div class=\"listing-item\"><a class=\"image\" href=\"https:\/\/heimatverein-nieder-roden.de\/?p=6558\"><img decoding=\"async\" width=\"300\" height=\"169\" src=\"https:\/\/heimatverein-nieder-roden.de\/wp-content\/uploads\/2024\/02\/2018-04-28_Parkbank-am-See-auf-dem-Gelaende-des-Hotels-Atlantis_Kalender2023-03_EGE_IMG_6020-300x169.jpg\" class=\"attachment-medium size-medium wp-post-image\" alt=\"\" srcset=\"https:\/\/heimatverein-nieder-roden.de\/wp-content\/uploads\/2024\/02\/2018-04-28_Parkbank-am-See-auf-dem-Gelaende-des-Hotels-Atlantis_Kalender2023-03_EGE_IMG_6020-300x169.jpg 300w, https:\/\/heimatverein-nieder-roden.de\/wp-content\/uploads\/2024\/02\/2018-04-28_Parkbank-am-See-auf-dem-Gelaende-des-Hotels-Atlantis_Kalender2023-03_EGE_IMG_6020-1024x576.jpg 1024w, https:\/\/heimatverein-nieder-roden.de\/wp-content\/uploads\/2024\/02\/2018-04-28_Parkbank-am-See-auf-dem-Gelaende-des-Hotels-Atlantis_Kalender2023-03_EGE_IMG_6020-768x432.jpg 768w, https:\/\/heimatverein-nieder-roden.de\/wp-content\/uploads\/2024\/02\/2018-04-28_Parkbank-am-See-auf-dem-Gelaende-des-Hotels-Atlantis_Kalender2023-03_EGE_IMG_6020-1536x865.jpg 1536w, https:\/\/heimatverein-nieder-roden.de\/wp-content\/uploads\/2024\/02\/2018-04-28_Parkbank-am-See-auf-dem-Gelaende-des-Hotels-Atlantis_Kalender2023-03_EGE_IMG_6020-2048x1153.jpg 2048w, https:\/\/heimatverein-nieder-roden.de\/wp-content\/uploads\/2024\/02\/2018-04-28_Parkbank-am-See-auf-dem-Gelaende-des-Hotels-Atlantis_Kalender2023-03_EGE_IMG_6020-836x471.jpg 836w, https:\/\/heimatverein-nieder-roden.de\/wp-content\/uploads\/2024\/02\/2018-04-28_Parkbank-am-See-auf-dem-Gelaende-des-Hotels-Atlantis_Kalender2023-03_EGE_IMG_6020-560x315.jpg 560w\" sizes=\"(max-width: 300px) 100vw, 300px\" \/><\/a> <a class=\"title\" href=\"https:\/\/heimatverein-nieder-roden.de\/?p=6558\">Nieder-Roden in Bildern &#8211; Folge 95<\/a><\/div><div class=\"listing-item\"><a class=\"image\" href=\"https:\/\/heimatverein-nieder-roden.de\/?p=6562\"><img decoding=\"async\" width=\"300\" height=\"169\" src=\"https:\/\/heimatverein-nieder-roden.de\/wp-content\/uploads\/2024\/02\/2021-02-14_AKHNR_Spieleisenbahn-am-Don-Bosco-Heim-im-Schnee_Kalender2023-02_EGE_IMG_1154-300x169.jpg\" class=\"attachment-medium size-medium wp-post-image\" alt=\"\" srcset=\"https:\/\/heimatverein-nieder-roden.de\/wp-content\/uploads\/2024\/02\/2021-02-14_AKHNR_Spieleisenbahn-am-Don-Bosco-Heim-im-Schnee_Kalender2023-02_EGE_IMG_1154-300x169.jpg 300w, https:\/\/heimatverein-nieder-roden.de\/wp-content\/uploads\/2024\/02\/2021-02-14_AKHNR_Spieleisenbahn-am-Don-Bosco-Heim-im-Schnee_Kalender2023-02_EGE_IMG_1154-1024x576.jpg 1024w, https:\/\/heimatverein-nieder-roden.de\/wp-content\/uploads\/2024\/02\/2021-02-14_AKHNR_Spieleisenbahn-am-Don-Bosco-Heim-im-Schnee_Kalender2023-02_EGE_IMG_1154-768x432.jpg 768w, https:\/\/heimatverein-nieder-roden.de\/wp-content\/uploads\/2024\/02\/2021-02-14_AKHNR_Spieleisenbahn-am-Don-Bosco-Heim-im-Schnee_Kalender2023-02_EGE_IMG_1154-1536x865.jpg 1536w, https:\/\/heimatverein-nieder-roden.de\/wp-content\/uploads\/2024\/02\/2021-02-14_AKHNR_Spieleisenbahn-am-Don-Bosco-Heim-im-Schnee_Kalender2023-02_EGE_IMG_1154-2048x1153.jpg 2048w, https:\/\/heimatverein-nieder-roden.de\/wp-content\/uploads\/2024\/02\/2021-02-14_AKHNR_Spieleisenbahn-am-Don-Bosco-Heim-im-Schnee_Kalender2023-02_EGE_IMG_1154-836x471.jpg 836w, https:\/\/heimatverein-nieder-roden.de\/wp-content\/uploads\/2024\/02\/2021-02-14_AKHNR_Spieleisenbahn-am-Don-Bosco-Heim-im-Schnee_Kalender2023-02_EGE_IMG_1154-560x315.jpg 560w\" sizes=\"(max-width: 300px) 100vw, 300px\" \/><\/a> <a class=\"title\" href=\"https:\/\/heimatverein-nieder-roden.de\/?p=6562\">Nieder-Roden in Bildern &#8211; Folge 94<\/a><\/div><div class=\"listing-item\"><a class=\"image\" href=\"https:\/\/heimatverein-nieder-roden.de\/?p=6384\"><img decoding=\"async\" width=\"300\" height=\"203\" src=\"https:\/\/heimatverein-nieder-roden.de\/wp-content\/uploads\/2024\/01\/2021-12-31_AKHNR_Eingang-zur-Heilig-Kreuz-Kirche-Rollwald_Kalender2023-01_EGE_IMG_7552-300x203.jpg\" class=\"attachment-medium size-medium wp-post-image\" alt=\"\" srcset=\"https:\/\/heimatverein-nieder-roden.de\/wp-content\/uploads\/2024\/01\/2021-12-31_AKHNR_Eingang-zur-Heilig-Kreuz-Kirche-Rollwald_Kalender2023-01_EGE_IMG_7552-300x203.jpg 300w, https:\/\/heimatverein-nieder-roden.de\/wp-content\/uploads\/2024\/01\/2021-12-31_AKHNR_Eingang-zur-Heilig-Kreuz-Kirche-Rollwald_Kalender2023-01_EGE_IMG_7552-1024x692.jpg 1024w, https:\/\/heimatverein-nieder-roden.de\/wp-content\/uploads\/2024\/01\/2021-12-31_AKHNR_Eingang-zur-Heilig-Kreuz-Kirche-Rollwald_Kalender2023-01_EGE_IMG_7552-768x519.jpg 768w, https:\/\/heimatverein-nieder-roden.de\/wp-content\/uploads\/2024\/01\/2021-12-31_AKHNR_Eingang-zur-Heilig-Kreuz-Kirche-Rollwald_Kalender2023-01_EGE_IMG_7552-1536x1038.jpg 1536w, https:\/\/heimatverein-nieder-roden.de\/wp-content\/uploads\/2024\/01\/2021-12-31_AKHNR_Eingang-zur-Heilig-Kreuz-Kirche-Rollwald_Kalender2023-01_EGE_IMG_7552-2048x1384.jpg 2048w, https:\/\/heimatverein-nieder-roden.de\/wp-content\/uploads\/2024\/01\/2021-12-31_AKHNR_Eingang-zur-Heilig-Kreuz-Kirche-Rollwald_Kalender2023-01_EGE_IMG_7552-836x565.jpg 836w, https:\/\/heimatverein-nieder-roden.de\/wp-content\/uploads\/2024\/01\/2021-12-31_AKHNR_Eingang-zur-Heilig-Kreuz-Kirche-Rollwald_Kalender2023-01_EGE_IMG_7552-560x378.jpg 560w\" sizes=\"(max-width: 300px) 100vw, 300px\" \/><\/a> <a class=\"title\" href=\"https:\/\/heimatverein-nieder-roden.de\/?p=6384\">Nieder-Roden in Bildern &#8211; Folge 93<\/a><\/div><div class=\"listing-item\"><a class=\"image\" href=\"https:\/\/heimatverein-nieder-roden.de\/?p=6381\"><img decoding=\"async\" width=\"300\" height=\"169\" src=\"https:\/\/heimatverein-nieder-roden.de\/wp-content\/uploads\/2024\/01\/2021-10-22_AKHNR_Herzfoermiger-Baum-an-der-Rodgausringstrasse_Kalender2023-00-Titelblatt_EGE_IMG_6778-300x169.jpg\" class=\"attachment-medium size-medium wp-post-image\" alt=\"\" srcset=\"https:\/\/heimatverein-nieder-roden.de\/wp-content\/uploads\/2024\/01\/2021-10-22_AKHNR_Herzfoermiger-Baum-an-der-Rodgausringstrasse_Kalender2023-00-Titelblatt_EGE_IMG_6778-300x169.jpg 300w, https:\/\/heimatverein-nieder-roden.de\/wp-content\/uploads\/2024\/01\/2021-10-22_AKHNR_Herzfoermiger-Baum-an-der-Rodgausringstrasse_Kalender2023-00-Titelblatt_EGE_IMG_6778-1024x576.jpg 1024w, https:\/\/heimatverein-nieder-roden.de\/wp-content\/uploads\/2024\/01\/2021-10-22_AKHNR_Herzfoermiger-Baum-an-der-Rodgausringstrasse_Kalender2023-00-Titelblatt_EGE_IMG_6778-768x432.jpg 768w, https:\/\/heimatverein-nieder-roden.de\/wp-content\/uploads\/2024\/01\/2021-10-22_AKHNR_Herzfoermiger-Baum-an-der-Rodgausringstrasse_Kalender2023-00-Titelblatt_EGE_IMG_6778-1536x865.jpg 1536w, https:\/\/heimatverein-nieder-roden.de\/wp-content\/uploads\/2024\/01\/2021-10-22_AKHNR_Herzfoermiger-Baum-an-der-Rodgausringstrasse_Kalender2023-00-Titelblatt_EGE_IMG_6778-2048x1153.jpg 2048w, https:\/\/heimatverein-nieder-roden.de\/wp-content\/uploads\/2024\/01\/2021-10-22_AKHNR_Herzfoermiger-Baum-an-der-Rodgausringstrasse_Kalender2023-00-Titelblatt_EGE_IMG_6778-836x471.jpg 836w, https:\/\/heimatverein-nieder-roden.de\/wp-content\/uploads\/2024\/01\/2021-10-22_AKHNR_Herzfoermiger-Baum-an-der-Rodgausringstrasse_Kalender2023-00-Titelblatt_EGE_IMG_6778-560x315.jpg 560w\" sizes=\"(max-width: 300px) 100vw, 300px\" \/><\/a> <a class=\"title\" href=\"https:\/\/heimatverein-nieder-roden.de\/?p=6381\">Nieder-Roden in Bildern &#8211; Folge 92<\/a><\/div><div class=\"listing-item\"><a class=\"image\" href=\"https:\/\/heimatverein-nieder-roden.de\/?p=6155\"><img decoding=\"async\" width=\"300\" height=\"189\" src=\"https:\/\/heimatverein-nieder-roden.de\/wp-content\/uploads\/2023\/10\/2019-12-04_akhnr_alter-bahnhof-im-abendrot_kalender-22-12_ege_img_3954-scaled-300x189.jpg\" class=\"attachment-medium size-medium wp-post-image\" alt=\"\" srcset=\"https:\/\/heimatverein-nieder-roden.de\/wp-content\/uploads\/2023\/10\/2019-12-04_akhnr_alter-bahnhof-im-abendrot_kalender-22-12_ege_img_3954-scaled-300x189.jpg 300w, https:\/\/heimatverein-nieder-roden.de\/wp-content\/uploads\/2023\/10\/2019-12-04_akhnr_alter-bahnhof-im-abendrot_kalender-22-12_ege_img_3954-scaled-1024x646.jpg 1024w, https:\/\/heimatverein-nieder-roden.de\/wp-content\/uploads\/2023\/10\/2019-12-04_akhnr_alter-bahnhof-im-abendrot_kalender-22-12_ege_img_3954-scaled-768x485.jpg 768w, https:\/\/heimatverein-nieder-roden.de\/wp-content\/uploads\/2023\/10\/2019-12-04_akhnr_alter-bahnhof-im-abendrot_kalender-22-12_ege_img_3954-scaled-1536x969.jpg 1536w, https:\/\/heimatverein-nieder-roden.de\/wp-content\/uploads\/2023\/10\/2019-12-04_akhnr_alter-bahnhof-im-abendrot_kalender-22-12_ege_img_3954-scaled-2048x1292.jpg 2048w, https:\/\/heimatverein-nieder-roden.de\/wp-content\/uploads\/2023\/10\/2019-12-04_akhnr_alter-bahnhof-im-abendrot_kalender-22-12_ege_img_3954-scaled-836x527.jpg 836w, https:\/\/heimatverein-nieder-roden.de\/wp-content\/uploads\/2023\/10\/2019-12-04_akhnr_alter-bahnhof-im-abendrot_kalender-22-12_ege_img_3954-scaled-560x353.jpg 560w\" sizes=\"(max-width: 300px) 100vw, 300px\" \/><\/a> <a class=\"title\" href=\"https:\/\/heimatverein-nieder-roden.de\/?p=6155\">Nieder-Roden in Bildern &#8211; Folge 91<\/a><\/div><div class=\"listing-item\"><a class=\"image\" href=\"https:\/\/heimatverein-nieder-roden.de\/?p=6129\"><img decoding=\"async\" width=\"300\" height=\"169\" src=\"https:\/\/heimatverein-nieder-roden.de\/wp-content\/uploads\/2023\/10\/2019_11_14_AKHNR_Geheimnisvoller-Waldweg_EGE_Kalender-2022-11IMG_3388-300x169.jpg\" class=\"attachment-medium size-medium wp-post-image\" alt=\"\" srcset=\"https:\/\/heimatverein-nieder-roden.de\/wp-content\/uploads\/2023\/10\/2019_11_14_AKHNR_Geheimnisvoller-Waldweg_EGE_Kalender-2022-11IMG_3388-300x169.jpg 300w, https:\/\/heimatverein-nieder-roden.de\/wp-content\/uploads\/2023\/10\/2019_11_14_AKHNR_Geheimnisvoller-Waldweg_EGE_Kalender-2022-11IMG_3388-1024x576.jpg 1024w, https:\/\/heimatverein-nieder-roden.de\/wp-content\/uploads\/2023\/10\/2019_11_14_AKHNR_Geheimnisvoller-Waldweg_EGE_Kalender-2022-11IMG_3388-768x432.jpg 768w, https:\/\/heimatverein-nieder-roden.de\/wp-content\/uploads\/2023\/10\/2019_11_14_AKHNR_Geheimnisvoller-Waldweg_EGE_Kalender-2022-11IMG_3388-1536x865.jpg 1536w, https:\/\/heimatverein-nieder-roden.de\/wp-content\/uploads\/2023\/10\/2019_11_14_AKHNR_Geheimnisvoller-Waldweg_EGE_Kalender-2022-11IMG_3388-2048x1153.jpg 2048w, https:\/\/heimatverein-nieder-roden.de\/wp-content\/uploads\/2023\/10\/2019_11_14_AKHNR_Geheimnisvoller-Waldweg_EGE_Kalender-2022-11IMG_3388-836x471.jpg 836w, https:\/\/heimatverein-nieder-roden.de\/wp-content\/uploads\/2023\/10\/2019_11_14_AKHNR_Geheimnisvoller-Waldweg_EGE_Kalender-2022-11IMG_3388-560x315.jpg 560w\" sizes=\"(max-width: 300px) 100vw, 300px\" \/><\/a> <a class=\"title\" href=\"https:\/\/heimatverein-nieder-roden.de\/?p=6129\">Nieder-Roden in Bildern &#8211; Folge 90<\/a><\/div><div class=\"listing-item\"><a class=\"image\" href=\"https:\/\/heimatverein-nieder-roden.de\/?p=5381\"><img decoding=\"async\" width=\"300\" height=\"170\" src=\"https:\/\/heimatverein-nieder-roden.de\/wp-content\/uploads\/2023\/07\/2018-10-10_akhnr_herbstlich-gefaerbte-baeume-am-lichtenbergring_ege_20181010_160723-scaled-300x170.jpg\" class=\"attachment-medium size-medium wp-post-image\" alt=\"\" srcset=\"https:\/\/heimatverein-nieder-roden.de\/wp-content\/uploads\/2023\/07\/2018-10-10_akhnr_herbstlich-gefaerbte-baeume-am-lichtenbergring_ege_20181010_160723-scaled-300x170.jpg 300w, https:\/\/heimatverein-nieder-roden.de\/wp-content\/uploads\/2023\/07\/2018-10-10_akhnr_herbstlich-gefaerbte-baeume-am-lichtenbergring_ege_20181010_160723-scaled-1024x582.jpg 1024w, https:\/\/heimatverein-nieder-roden.de\/wp-content\/uploads\/2023\/07\/2018-10-10_akhnr_herbstlich-gefaerbte-baeume-am-lichtenbergring_ege_20181010_160723-scaled-768x436.jpg 768w, https:\/\/heimatverein-nieder-roden.de\/wp-content\/uploads\/2023\/07\/2018-10-10_akhnr_herbstlich-gefaerbte-baeume-am-lichtenbergring_ege_20181010_160723-scaled-1536x872.jpg 1536w, https:\/\/heimatverein-nieder-roden.de\/wp-content\/uploads\/2023\/07\/2018-10-10_akhnr_herbstlich-gefaerbte-baeume-am-lichtenbergring_ege_20181010_160723-scaled-2048x1163.jpg 2048w, https:\/\/heimatverein-nieder-roden.de\/wp-content\/uploads\/2023\/07\/2018-10-10_akhnr_herbstlich-gefaerbte-baeume-am-lichtenbergring_ege_20181010_160723-scaled-836x475.jpg 836w, https:\/\/heimatverein-nieder-roden.de\/wp-content\/uploads\/2023\/07\/2018-10-10_akhnr_herbstlich-gefaerbte-baeume-am-lichtenbergring_ege_20181010_160723-scaled-560x318.jpg 560w\" sizes=\"(max-width: 300px) 100vw, 300px\" \/><\/a> <a class=\"title\" href=\"https:\/\/heimatverein-nieder-roden.de\/?p=5381\">Nieder-Roden in Bildern &#8211; Folge 89<\/a><\/div><div class=\"listing-item\"><a class=\"image\" href=\"https:\/\/heimatverein-nieder-roden.de\/?p=5372\"><img decoding=\"async\" width=\"300\" height=\"225\" src=\"https:\/\/heimatverein-nieder-roden.de\/wp-content\/uploads\/2023\/07\/2014-10-13_akhnr_brunnen-auf-dem-puiseauxplatz_ege_imgp4888-scaled-300x225.jpg\" class=\"attachment-medium size-medium wp-post-image\" alt=\"\" srcset=\"https:\/\/heimatverein-nieder-roden.de\/wp-content\/uploads\/2023\/07\/2014-10-13_akhnr_brunnen-auf-dem-puiseauxplatz_ege_imgp4888-scaled-300x225.jpg 300w, https:\/\/heimatverein-nieder-roden.de\/wp-content\/uploads\/2023\/07\/2014-10-13_akhnr_brunnen-auf-dem-puiseauxplatz_ege_imgp4888-scaled-1024x768.jpg 1024w, https:\/\/heimatverein-nieder-roden.de\/wp-content\/uploads\/2023\/07\/2014-10-13_akhnr_brunnen-auf-dem-puiseauxplatz_ege_imgp4888-scaled-768x576.jpg 768w, https:\/\/heimatverein-nieder-roden.de\/wp-content\/uploads\/2023\/07\/2014-10-13_akhnr_brunnen-auf-dem-puiseauxplatz_ege_imgp4888-scaled-1536x1152.jpg 1536w, https:\/\/heimatverein-nieder-roden.de\/wp-content\/uploads\/2023\/07\/2014-10-13_akhnr_brunnen-auf-dem-puiseauxplatz_ege_imgp4888-scaled-2048x1536.jpg 2048w, https:\/\/heimatverein-nieder-roden.de\/wp-content\/uploads\/2023\/07\/2014-10-13_akhnr_brunnen-auf-dem-puiseauxplatz_ege_imgp4888-scaled-836x627.jpg 836w, https:\/\/heimatverein-nieder-roden.de\/wp-content\/uploads\/2023\/07\/2014-10-13_akhnr_brunnen-auf-dem-puiseauxplatz_ege_imgp4888-scaled-560x420.jpg 560w\" sizes=\"(max-width: 300px) 100vw, 300px\" \/><\/a> <a class=\"title\" href=\"https:\/\/heimatverein-nieder-roden.de\/?p=5372\">Nieder-Roden in Bildern &#8211; Folge 88<\/a><\/div><div class=\"listing-item\"><a class=\"image\" href=\"https:\/\/heimatverein-nieder-roden.de\/?p=5377\"><img decoding=\"async\" width=\"300\" height=\"225\" src=\"https:\/\/heimatverein-nieder-roden.de\/wp-content\/uploads\/2023\/07\/2014-08-22_akhnr_ein-mann-bunker-im-wald_ege_imgp4252-scaled-300x225.jpg\" class=\"attachment-medium size-medium wp-post-image\" alt=\"\" srcset=\"https:\/\/heimatverein-nieder-roden.de\/wp-content\/uploads\/2023\/07\/2014-08-22_akhnr_ein-mann-bunker-im-wald_ege_imgp4252-scaled-300x225.jpg 300w, https:\/\/heimatverein-nieder-roden.de\/wp-content\/uploads\/2023\/07\/2014-08-22_akhnr_ein-mann-bunker-im-wald_ege_imgp4252-scaled-1024x768.jpg 1024w, https:\/\/heimatverein-nieder-roden.de\/wp-content\/uploads\/2023\/07\/2014-08-22_akhnr_ein-mann-bunker-im-wald_ege_imgp4252-scaled-768x576.jpg 768w, https:\/\/heimatverein-nieder-roden.de\/wp-content\/uploads\/2023\/07\/2014-08-22_akhnr_ein-mann-bunker-im-wald_ege_imgp4252-scaled-1536x1152.jpg 1536w, https:\/\/heimatverein-nieder-roden.de\/wp-content\/uploads\/2023\/07\/2014-08-22_akhnr_ein-mann-bunker-im-wald_ege_imgp4252-scaled-2048x1536.jpg 2048w, https:\/\/heimatverein-nieder-roden.de\/wp-content\/uploads\/2023\/07\/2014-08-22_akhnr_ein-mann-bunker-im-wald_ege_imgp4252-scaled-836x627.jpg 836w, https:\/\/heimatverein-nieder-roden.de\/wp-content\/uploads\/2023\/07\/2014-08-22_akhnr_ein-mann-bunker-im-wald_ege_imgp4252-scaled-560x420.jpg 560w\" sizes=\"(max-width: 300px) 100vw, 300px\" \/><\/a> <a class=\"title\" href=\"https:\/\/heimatverein-nieder-roden.de\/?p=5377\">Nieder-Roden in Bildern &#8211; Folge 87<\/a><\/div><div class=\"listing-item\"><a class=\"image\" href=\"https:\/\/heimatverein-nieder-roden.de\/?p=5095\"><img decoding=\"async\" width=\"300\" height=\"169\" src=\"https:\/\/heimatverein-nieder-roden.de\/wp-content\/uploads\/2023\/03\/2021-07-27_AKHNR_Zwischen-Feld-Wald-Kiessee-und-Katharinenhof_EGEKalender2022-07_IMG_4717-scaled-300x169.jpg\" class=\"attachment-medium size-medium wp-post-image\" alt=\"\" srcset=\"https:\/\/heimatverein-nieder-roden.de\/wp-content\/uploads\/2023\/03\/2021-07-27_AKHNR_Zwischen-Feld-Wald-Kiessee-und-Katharinenhof_EGEKalender2022-07_IMG_4717-scaled-300x169.jpg 300w, https:\/\/heimatverein-nieder-roden.de\/wp-content\/uploads\/2023\/03\/2021-07-27_AKHNR_Zwischen-Feld-Wald-Kiessee-und-Katharinenhof_EGEKalender2022-07_IMG_4717-scaled-1024x576.jpg 1024w, https:\/\/heimatverein-nieder-roden.de\/wp-content\/uploads\/2023\/03\/2021-07-27_AKHNR_Zwischen-Feld-Wald-Kiessee-und-Katharinenhof_EGEKalender2022-07_IMG_4717-scaled-768x432.jpg 768w, https:\/\/heimatverein-nieder-roden.de\/wp-content\/uploads\/2023\/03\/2021-07-27_AKHNR_Zwischen-Feld-Wald-Kiessee-und-Katharinenhof_EGEKalender2022-07_IMG_4717-scaled-1536x865.jpg 1536w, https:\/\/heimatverein-nieder-roden.de\/wp-content\/uploads\/2023\/03\/2021-07-27_AKHNR_Zwischen-Feld-Wald-Kiessee-und-Katharinenhof_EGEKalender2022-07_IMG_4717-scaled-2048x1153.jpg 2048w, https:\/\/heimatverein-nieder-roden.de\/wp-content\/uploads\/2023\/03\/2021-07-27_AKHNR_Zwischen-Feld-Wald-Kiessee-und-Katharinenhof_EGEKalender2022-07_IMG_4717-scaled-836x471.jpg 836w, https:\/\/heimatverein-nieder-roden.de\/wp-content\/uploads\/2023\/03\/2021-07-27_AKHNR_Zwischen-Feld-Wald-Kiessee-und-Katharinenhof_EGEKalender2022-07_IMG_4717-scaled-560x315.jpg 560w\" sizes=\"(max-width: 300px) 100vw, 300px\" \/><\/a> <a class=\"title\" href=\"https:\/\/heimatverein-nieder-roden.de\/?p=5095\">Nieder-Roden in Bildern &#8211; Folge 86<\/a><\/div><div class=\"listing-item\"><a class=\"image\" href=\"https:\/\/heimatverein-nieder-roden.de\/?p=5093\"><img decoding=\"async\" width=\"300\" height=\"225\" src=\"https:\/\/heimatverein-nieder-roden.de\/wp-content\/uploads\/2023\/03\/2019-06-29_AKHNR_Aussegnungshalle-am-Friedhof_EGE_Kalender-2022-0620190629_083830-scaled-300x225.jpg\" class=\"attachment-medium size-medium wp-post-image\" alt=\"\" srcset=\"https:\/\/heimatverein-nieder-roden.de\/wp-content\/uploads\/2023\/03\/2019-06-29_AKHNR_Aussegnungshalle-am-Friedhof_EGE_Kalender-2022-0620190629_083830-scaled-300x225.jpg 300w, https:\/\/heimatverein-nieder-roden.de\/wp-content\/uploads\/2023\/03\/2019-06-29_AKHNR_Aussegnungshalle-am-Friedhof_EGE_Kalender-2022-0620190629_083830-scaled-1024x768.jpg 1024w, https:\/\/heimatverein-nieder-roden.de\/wp-content\/uploads\/2023\/03\/2019-06-29_AKHNR_Aussegnungshalle-am-Friedhof_EGE_Kalender-2022-0620190629_083830-scaled-768x576.jpg 768w, https:\/\/heimatverein-nieder-roden.de\/wp-content\/uploads\/2023\/03\/2019-06-29_AKHNR_Aussegnungshalle-am-Friedhof_EGE_Kalender-2022-0620190629_083830-scaled-1536x1152.jpg 1536w, https:\/\/heimatverein-nieder-roden.de\/wp-content\/uploads\/2023\/03\/2019-06-29_AKHNR_Aussegnungshalle-am-Friedhof_EGE_Kalender-2022-0620190629_083830-scaled-2048x1536.jpg 2048w, https:\/\/heimatverein-nieder-roden.de\/wp-content\/uploads\/2023\/03\/2019-06-29_AKHNR_Aussegnungshalle-am-Friedhof_EGE_Kalender-2022-0620190629_083830-scaled-836x627.jpg 836w, https:\/\/heimatverein-nieder-roden.de\/wp-content\/uploads\/2023\/03\/2019-06-29_AKHNR_Aussegnungshalle-am-Friedhof_EGE_Kalender-2022-0620190629_083830-scaled-560x420.jpg 560w\" sizes=\"(max-width: 300px) 100vw, 300px\" \/><\/a> <a class=\"title\" href=\"https:\/\/heimatverein-nieder-roden.de\/?p=5093\">Nieder-Roden in Bildern &#8211; Folge 85<\/a><\/div><div class=\"listing-item\"><a class=\"image\" href=\"https:\/\/heimatverein-nieder-roden.de\/?p=5091\"><img decoding=\"async\" width=\"300\" height=\"169\" src=\"https:\/\/heimatverein-nieder-roden.de\/wp-content\/uploads\/2023\/03\/2021-04-25_AKHNR_Hexenhaeuschen-an-der-Rodau_EGE_Kalender-2022-05IMG_2339-scaled-300x169.jpg\" class=\"attachment-medium size-medium wp-post-image\" alt=\"\" srcset=\"https:\/\/heimatverein-nieder-roden.de\/wp-content\/uploads\/2023\/03\/2021-04-25_AKHNR_Hexenhaeuschen-an-der-Rodau_EGE_Kalender-2022-05IMG_2339-scaled-300x169.jpg 300w, https:\/\/heimatverein-nieder-roden.de\/wp-content\/uploads\/2023\/03\/2021-04-25_AKHNR_Hexenhaeuschen-an-der-Rodau_EGE_Kalender-2022-05IMG_2339-scaled-1024x576.jpg 1024w, https:\/\/heimatverein-nieder-roden.de\/wp-content\/uploads\/2023\/03\/2021-04-25_AKHNR_Hexenhaeuschen-an-der-Rodau_EGE_Kalender-2022-05IMG_2339-scaled-768x432.jpg 768w, https:\/\/heimatverein-nieder-roden.de\/wp-content\/uploads\/2023\/03\/2021-04-25_AKHNR_Hexenhaeuschen-an-der-Rodau_EGE_Kalender-2022-05IMG_2339-scaled-1536x865.jpg 1536w, https:\/\/heimatverein-nieder-roden.de\/wp-content\/uploads\/2023\/03\/2021-04-25_AKHNR_Hexenhaeuschen-an-der-Rodau_EGE_Kalender-2022-05IMG_2339-scaled-2048x1153.jpg 2048w, https:\/\/heimatverein-nieder-roden.de\/wp-content\/uploads\/2023\/03\/2021-04-25_AKHNR_Hexenhaeuschen-an-der-Rodau_EGE_Kalender-2022-05IMG_2339-scaled-836x471.jpg 836w, https:\/\/heimatverein-nieder-roden.de\/wp-content\/uploads\/2023\/03\/2021-04-25_AKHNR_Hexenhaeuschen-an-der-Rodau_EGE_Kalender-2022-05IMG_2339-scaled-560x315.jpg 560w\" sizes=\"(max-width: 300px) 100vw, 300px\" \/><\/a> <a class=\"title\" href=\"https:\/\/heimatverein-nieder-roden.de\/?p=5091\">Nieder-Roden in Bildern &#8211; Folge 84<\/a><\/div><div class=\"listing-item\"><a class=\"image\" href=\"https:\/\/heimatverein-nieder-roden.de\/?p=4936\"><img decoding=\"async\" width=\"300\" height=\"169\" src=\"https:\/\/heimatverein-nieder-roden.de\/wp-content\/uploads\/2023\/01\/2017-04-23_AKHNR_Ehemaliges-Wildgehege-am-Rollwald_Kal-22-04_EGE_2017-04-23-Abendspaziergang-Fiona-Rollwald-006-scaled-300x169.jpg\" class=\"attachment-medium size-medium wp-post-image\" alt=\"\" srcset=\"https:\/\/heimatverein-nieder-roden.de\/wp-content\/uploads\/2023\/01\/2017-04-23_AKHNR_Ehemaliges-Wildgehege-am-Rollwald_Kal-22-04_EGE_2017-04-23-Abendspaziergang-Fiona-Rollwald-006-scaled-300x169.jpg 300w, https:\/\/heimatverein-nieder-roden.de\/wp-content\/uploads\/2023\/01\/2017-04-23_AKHNR_Ehemaliges-Wildgehege-am-Rollwald_Kal-22-04_EGE_2017-04-23-Abendspaziergang-Fiona-Rollwald-006-scaled-1024x576.jpg 1024w, https:\/\/heimatverein-nieder-roden.de\/wp-content\/uploads\/2023\/01\/2017-04-23_AKHNR_Ehemaliges-Wildgehege-am-Rollwald_Kal-22-04_EGE_2017-04-23-Abendspaziergang-Fiona-Rollwald-006-scaled-768x432.jpg 768w, https:\/\/heimatverein-nieder-roden.de\/wp-content\/uploads\/2023\/01\/2017-04-23_AKHNR_Ehemaliges-Wildgehege-am-Rollwald_Kal-22-04_EGE_2017-04-23-Abendspaziergang-Fiona-Rollwald-006-scaled-1536x865.jpg 1536w, https:\/\/heimatverein-nieder-roden.de\/wp-content\/uploads\/2023\/01\/2017-04-23_AKHNR_Ehemaliges-Wildgehege-am-Rollwald_Kal-22-04_EGE_2017-04-23-Abendspaziergang-Fiona-Rollwald-006-scaled-2048x1153.jpg 2048w, https:\/\/heimatverein-nieder-roden.de\/wp-content\/uploads\/2023\/01\/2017-04-23_AKHNR_Ehemaliges-Wildgehege-am-Rollwald_Kal-22-04_EGE_2017-04-23-Abendspaziergang-Fiona-Rollwald-006-scaled-836x471.jpg 836w, https:\/\/heimatverein-nieder-roden.de\/wp-content\/uploads\/2023\/01\/2017-04-23_AKHNR_Ehemaliges-Wildgehege-am-Rollwald_Kal-22-04_EGE_2017-04-23-Abendspaziergang-Fiona-Rollwald-006-scaled-560x315.jpg 560w\" sizes=\"(max-width: 300px) 100vw, 300px\" \/><\/a> <a class=\"title\" href=\"https:\/\/heimatverein-nieder-roden.de\/?p=4936\">Nieder-Roden in Bildern &#8211; Folge 83<\/a><\/div><div class=\"listing-item\"><a class=\"image\" href=\"https:\/\/heimatverein-nieder-roden.de\/?p=4932\"><img decoding=\"async\" width=\"300\" height=\"225\" src=\"https:\/\/heimatverein-nieder-roden.de\/wp-content\/uploads\/2023\/01\/2014-03-07_AKHNR_Wandertafel-im-Wald-hinter-dem-Don-Bosco-Heim_Kalender-22-03_EGE_IMGP9413-scaled-300x225.jpg\" class=\"attachment-medium size-medium wp-post-image\" alt=\"\" srcset=\"https:\/\/heimatverein-nieder-roden.de\/wp-content\/uploads\/2023\/01\/2014-03-07_AKHNR_Wandertafel-im-Wald-hinter-dem-Don-Bosco-Heim_Kalender-22-03_EGE_IMGP9413-scaled-300x225.jpg 300w, https:\/\/heimatverein-nieder-roden.de\/wp-content\/uploads\/2023\/01\/2014-03-07_AKHNR_Wandertafel-im-Wald-hinter-dem-Don-Bosco-Heim_Kalender-22-03_EGE_IMGP9413-scaled-1024x768.jpg 1024w, https:\/\/heimatverein-nieder-roden.de\/wp-content\/uploads\/2023\/01\/2014-03-07_AKHNR_Wandertafel-im-Wald-hinter-dem-Don-Bosco-Heim_Kalender-22-03_EGE_IMGP9413-scaled-768x576.jpg 768w, https:\/\/heimatverein-nieder-roden.de\/wp-content\/uploads\/2023\/01\/2014-03-07_AKHNR_Wandertafel-im-Wald-hinter-dem-Don-Bosco-Heim_Kalender-22-03_EGE_IMGP9413-scaled-1536x1152.jpg 1536w, https:\/\/heimatverein-nieder-roden.de\/wp-content\/uploads\/2023\/01\/2014-03-07_AKHNR_Wandertafel-im-Wald-hinter-dem-Don-Bosco-Heim_Kalender-22-03_EGE_IMGP9413-scaled-2048x1536.jpg 2048w, https:\/\/heimatverein-nieder-roden.de\/wp-content\/uploads\/2023\/01\/2014-03-07_AKHNR_Wandertafel-im-Wald-hinter-dem-Don-Bosco-Heim_Kalender-22-03_EGE_IMGP9413-scaled-836x627.jpg 836w, https:\/\/heimatverein-nieder-roden.de\/wp-content\/uploads\/2023\/01\/2014-03-07_AKHNR_Wandertafel-im-Wald-hinter-dem-Don-Bosco-Heim_Kalender-22-03_EGE_IMGP9413-scaled-560x420.jpg 560w\" sizes=\"(max-width: 300px) 100vw, 300px\" \/><\/a> <a class=\"title\" href=\"https:\/\/heimatverein-nieder-roden.de\/?p=4932\">Nieder-Roden in Bildern &#8211; Folge 82<\/a><\/div><div class=\"listing-item\"><a class=\"image\" href=\"https:\/\/heimatverein-nieder-roden.de\/?p=4928\"><img decoding=\"async\" width=\"300\" height=\"166\" src=\"https:\/\/heimatverein-nieder-roden.de\/wp-content\/uploads\/2023\/01\/2014-02-07_AKHNR_Himmlisches-Stimmungsgemaelde-an-der-Not-Gottes_Kalender-22-02_EGE_IMGP9413-scaled-300x166.jpg\" class=\"attachment-medium size-medium wp-post-image\" alt=\"\" srcset=\"https:\/\/heimatverein-nieder-roden.de\/wp-content\/uploads\/2023\/01\/2014-02-07_AKHNR_Himmlisches-Stimmungsgemaelde-an-der-Not-Gottes_Kalender-22-02_EGE_IMGP9413-scaled-300x166.jpg 300w, https:\/\/heimatverein-nieder-roden.de\/wp-content\/uploads\/2023\/01\/2014-02-07_AKHNR_Himmlisches-Stimmungsgemaelde-an-der-Not-Gottes_Kalender-22-02_EGE_IMGP9413-scaled-1024x566.jpg 1024w, https:\/\/heimatverein-nieder-roden.de\/wp-content\/uploads\/2023\/01\/2014-02-07_AKHNR_Himmlisches-Stimmungsgemaelde-an-der-Not-Gottes_Kalender-22-02_EGE_IMGP9413-scaled-768x424.jpg 768w, https:\/\/heimatverein-nieder-roden.de\/wp-content\/uploads\/2023\/01\/2014-02-07_AKHNR_Himmlisches-Stimmungsgemaelde-an-der-Not-Gottes_Kalender-22-02_EGE_IMGP9413-scaled-1536x848.jpg 1536w, https:\/\/heimatverein-nieder-roden.de\/wp-content\/uploads\/2023\/01\/2014-02-07_AKHNR_Himmlisches-Stimmungsgemaelde-an-der-Not-Gottes_Kalender-22-02_EGE_IMGP9413-scaled-2048x1131.jpg 2048w, https:\/\/heimatverein-nieder-roden.de\/wp-content\/uploads\/2023\/01\/2014-02-07_AKHNR_Himmlisches-Stimmungsgemaelde-an-der-Not-Gottes_Kalender-22-02_EGE_IMGP9413-scaled-836x462.jpg 836w, https:\/\/heimatverein-nieder-roden.de\/wp-content\/uploads\/2023\/01\/2014-02-07_AKHNR_Himmlisches-Stimmungsgemaelde-an-der-Not-Gottes_Kalender-22-02_EGE_IMGP9413-scaled-560x309.jpg 560w\" sizes=\"(max-width: 300px) 100vw, 300px\" \/><\/a> <a class=\"title\" href=\"https:\/\/heimatverein-nieder-roden.de\/?p=4928\">Nieder-Roden in Bildern &#8211; Folge 81<\/a><\/div><div class=\"listing-item\"><a class=\"image\" href=\"https:\/\/heimatverein-nieder-roden.de\/?p=4924\"><img decoding=\"async\" width=\"300\" height=\"169\" src=\"https:\/\/heimatverein-nieder-roden.de\/wp-content\/uploads\/2023\/01\/2021-02-13_AKHNR_Die-renaturierte-Rodau-etwa-auf-Hoehe-Rollwald_Kalender-22-01EGE_IMG_1112-scaled-300x169.jpg\" class=\"attachment-medium size-medium wp-post-image\" alt=\"\" srcset=\"https:\/\/heimatverein-nieder-roden.de\/wp-content\/uploads\/2023\/01\/2021-02-13_AKHNR_Die-renaturierte-Rodau-etwa-auf-Hoehe-Rollwald_Kalender-22-01EGE_IMG_1112-scaled-300x169.jpg 300w, https:\/\/heimatverein-nieder-roden.de\/wp-content\/uploads\/2023\/01\/2021-02-13_AKHNR_Die-renaturierte-Rodau-etwa-auf-Hoehe-Rollwald_Kalender-22-01EGE_IMG_1112-scaled-1024x576.jpg 1024w, https:\/\/heimatverein-nieder-roden.de\/wp-content\/uploads\/2023\/01\/2021-02-13_AKHNR_Die-renaturierte-Rodau-etwa-auf-Hoehe-Rollwald_Kalender-22-01EGE_IMG_1112-scaled-768x432.jpg 768w, https:\/\/heimatverein-nieder-roden.de\/wp-content\/uploads\/2023\/01\/2021-02-13_AKHNR_Die-renaturierte-Rodau-etwa-auf-Hoehe-Rollwald_Kalender-22-01EGE_IMG_1112-scaled-1536x865.jpg 1536w, https:\/\/heimatverein-nieder-roden.de\/wp-content\/uploads\/2023\/01\/2021-02-13_AKHNR_Die-renaturierte-Rodau-etwa-auf-Hoehe-Rollwald_Kalender-22-01EGE_IMG_1112-scaled-2048x1153.jpg 2048w, https:\/\/heimatverein-nieder-roden.de\/wp-content\/uploads\/2023\/01\/2021-02-13_AKHNR_Die-renaturierte-Rodau-etwa-auf-Hoehe-Rollwald_Kalender-22-01EGE_IMG_1112-scaled-836x471.jpg 836w, https:\/\/heimatverein-nieder-roden.de\/wp-content\/uploads\/2023\/01\/2021-02-13_AKHNR_Die-renaturierte-Rodau-etwa-auf-Hoehe-Rollwald_Kalender-22-01EGE_IMG_1112-scaled-560x315.jpg 560w\" sizes=\"(max-width: 300px) 100vw, 300px\" \/><\/a> <a class=\"title\" href=\"https:\/\/heimatverein-nieder-roden.de\/?p=4924\">Nieder-Roden in Bildern &#8211; Folge 80<\/a><\/div><div class=\"listing-item\"><a class=\"image\" href=\"https:\/\/heimatverein-nieder-roden.de\/?p=4889\"><img decoding=\"async\" width=\"300\" height=\"300\" src=\"https:\/\/heimatverein-nieder-roden.de\/wp-content\/uploads\/2022\/12\/139028938_3665040066908064_4475545351715528746_n-300x300.jpg\" class=\"attachment-medium size-medium wp-post-image\" alt=\"\" srcset=\"https:\/\/heimatverein-nieder-roden.de\/wp-content\/uploads\/2022\/12\/139028938_3665040066908064_4475545351715528746_n-300x300.jpg 300w, https:\/\/heimatverein-nieder-roden.de\/wp-content\/uploads\/2022\/12\/139028938_3665040066908064_4475545351715528746_n-1024x1020.jpg 1024w, https:\/\/heimatverein-nieder-roden.de\/wp-content\/uploads\/2022\/12\/139028938_3665040066908064_4475545351715528746_n-150x150.jpg 150w, https:\/\/heimatverein-nieder-roden.de\/wp-content\/uploads\/2022\/12\/139028938_3665040066908064_4475545351715528746_n-768x765.jpg 768w, https:\/\/heimatverein-nieder-roden.de\/wp-content\/uploads\/2022\/12\/139028938_3665040066908064_4475545351715528746_n-836x833.jpg 836w, https:\/\/heimatverein-nieder-roden.de\/wp-content\/uploads\/2022\/12\/139028938_3665040066908064_4475545351715528746_n-560x558.jpg 560w, https:\/\/heimatverein-nieder-roden.de\/wp-content\/uploads\/2022\/12\/139028938_3665040066908064_4475545351715528746_n.jpg 1080w\" sizes=\"(max-width: 300px) 100vw, 300px\" \/><\/a> <a class=\"title\" href=\"https:\/\/heimatverein-nieder-roden.de\/?p=4889\">Nieder-Roden in Bildern &#8211; Folge 79<\/a><\/div><div class=\"listing-item\"><a class=\"image\" href=\"https:\/\/heimatverein-nieder-roden.de\/?p=3420\"><img decoding=\"async\" width=\"300\" height=\"169\" src=\"https:\/\/heimatverein-nieder-roden.de\/wp-content\/uploads\/2022\/01\/20191220_AKHNR_Die_Hoffnung_lebt_EGE_20191220_111745-300x169.jpg\" class=\"attachment-medium size-medium wp-post-image\" alt=\"\" srcset=\"https:\/\/heimatverein-nieder-roden.de\/wp-content\/uploads\/2022\/01\/20191220_AKHNR_Die_Hoffnung_lebt_EGE_20191220_111745-300x169.jpg 300w, https:\/\/heimatverein-nieder-roden.de\/wp-content\/uploads\/2022\/01\/20191220_AKHNR_Die_Hoffnung_lebt_EGE_20191220_111745-1024x576.jpg 1024w, https:\/\/heimatverein-nieder-roden.de\/wp-content\/uploads\/2022\/01\/20191220_AKHNR_Die_Hoffnung_lebt_EGE_20191220_111745-768x432.jpg 768w, https:\/\/heimatverein-nieder-roden.de\/wp-content\/uploads\/2022\/01\/20191220_AKHNR_Die_Hoffnung_lebt_EGE_20191220_111745-1536x864.jpg 1536w, https:\/\/heimatverein-nieder-roden.de\/wp-content\/uploads\/2022\/01\/20191220_AKHNR_Die_Hoffnung_lebt_EGE_20191220_111745-2048x1152.jpg 2048w, https:\/\/heimatverein-nieder-roden.de\/wp-content\/uploads\/2022\/01\/20191220_AKHNR_Die_Hoffnung_lebt_EGE_20191220_111745-836x470.jpg 836w, https:\/\/heimatverein-nieder-roden.de\/wp-content\/uploads\/2022\/01\/20191220_AKHNR_Die_Hoffnung_lebt_EGE_20191220_111745-560x315.jpg 560w\" sizes=\"(max-width: 300px) 100vw, 300px\" \/><\/a> <a class=\"title\" href=\"https:\/\/heimatverein-nieder-roden.de\/?p=3420\">Nieder-Roden in Bildern &#8211; Folge 78<\/a><\/div><div class=\"listing-item\"><a class=\"image\" href=\"https:\/\/heimatverein-nieder-roden.de\/?p=4425\"><img decoding=\"async\" width=\"225\" height=\"300\" src=\"https:\/\/heimatverein-nieder-roden.de\/wp-content\/uploads\/2022\/07\/20211024_151725-225x300.jpg\" class=\"attachment-medium size-medium wp-post-image\" alt=\"\" srcset=\"https:\/\/heimatverein-nieder-roden.de\/wp-content\/uploads\/2022\/07\/20211024_151725-225x300.jpg 225w, https:\/\/heimatverein-nieder-roden.de\/wp-content\/uploads\/2022\/07\/20211024_151725-768x1024.jpg 768w, https:\/\/heimatverein-nieder-roden.de\/wp-content\/uploads\/2022\/07\/20211024_151725-1152x1536.jpg 1152w, https:\/\/heimatverein-nieder-roden.de\/wp-content\/uploads\/2022\/07\/20211024_151725-1536x2048.jpg 1536w, https:\/\/heimatverein-nieder-roden.de\/wp-content\/uploads\/2022\/07\/20211024_151725-836x1115.jpg 836w, https:\/\/heimatverein-nieder-roden.de\/wp-content\/uploads\/2022\/07\/20211024_151725-560x747.jpg 560w, https:\/\/heimatverein-nieder-roden.de\/wp-content\/uploads\/2022\/07\/20211024_151725-scaled.jpg 1920w\" sizes=\"(max-width: 225px) 100vw, 225px\" \/><\/a> <a class=\"title\" href=\"https:\/\/heimatverein-nieder-roden.de\/?p=4425\">Nieder-Roden in Bildern &#8211; Folge 77<\/a><\/div><div class=\"listing-item\"><a class=\"image\" href=\"https:\/\/heimatverein-nieder-roden.de\/?p=3415\"><img decoding=\"async\" width=\"300\" height=\"200\" src=\"https:\/\/heimatverein-nieder-roden.de\/wp-content\/uploads\/2022\/01\/20151228_AKHN_Geisterstimmung_an_der_Not_Gottes_EGE_IMG_7761-300x200.jpg\" class=\"attachment-medium size-medium wp-post-image\" alt=\"\" srcset=\"https:\/\/heimatverein-nieder-roden.de\/wp-content\/uploads\/2022\/01\/20151228_AKHN_Geisterstimmung_an_der_Not_Gottes_EGE_IMG_7761-300x200.jpg 300w, https:\/\/heimatverein-nieder-roden.de\/wp-content\/uploads\/2022\/01\/20151228_AKHN_Geisterstimmung_an_der_Not_Gottes_EGE_IMG_7761-1024x683.jpg 1024w, https:\/\/heimatverein-nieder-roden.de\/wp-content\/uploads\/2022\/01\/20151228_AKHN_Geisterstimmung_an_der_Not_Gottes_EGE_IMG_7761-768x512.jpg 768w, https:\/\/heimatverein-nieder-roden.de\/wp-content\/uploads\/2022\/01\/20151228_AKHN_Geisterstimmung_an_der_Not_Gottes_EGE_IMG_7761-1536x1024.jpg 1536w, https:\/\/heimatverein-nieder-roden.de\/wp-content\/uploads\/2022\/01\/20151228_AKHN_Geisterstimmung_an_der_Not_Gottes_EGE_IMG_7761-2048x1365.jpg 2048w, https:\/\/heimatverein-nieder-roden.de\/wp-content\/uploads\/2022\/01\/20151228_AKHN_Geisterstimmung_an_der_Not_Gottes_EGE_IMG_7761-836x557.jpg 836w, https:\/\/heimatverein-nieder-roden.de\/wp-content\/uploads\/2022\/01\/20151228_AKHN_Geisterstimmung_an_der_Not_Gottes_EGE_IMG_7761-560x373.jpg 560w\" sizes=\"(max-width: 300px) 100vw, 300px\" \/><\/a> <a class=\"title\" href=\"https:\/\/heimatverein-nieder-roden.de\/?p=3415\">Nieder-Roden in Bildern &#8211; Folge 76<\/a><\/div><div class=\"listing-item\"><a class=\"image\" href=\"https:\/\/heimatverein-nieder-roden.de\/?p=3197\"><img decoding=\"async\" width=\"300\" height=\"169\" src=\"https:\/\/heimatverein-nieder-roden.de\/wp-content\/uploads\/2021\/11\/IMG_3227-2_okt17-scaled-300x169.jpg\" class=\"attachment-medium size-medium wp-post-image\" alt=\"\" srcset=\"https:\/\/heimatverein-nieder-roden.de\/wp-content\/uploads\/2021\/11\/IMG_3227-2_okt17-scaled-300x169.jpg 300w, https:\/\/heimatverein-nieder-roden.de\/wp-content\/uploads\/2021\/11\/IMG_3227-2_okt17-scaled-1024x576.jpg 1024w, https:\/\/heimatverein-nieder-roden.de\/wp-content\/uploads\/2021\/11\/IMG_3227-2_okt17-scaled-768x432.jpg 768w, https:\/\/heimatverein-nieder-roden.de\/wp-content\/uploads\/2021\/11\/IMG_3227-2_okt17-scaled-1536x865.jpg 1536w, https:\/\/heimatverein-nieder-roden.de\/wp-content\/uploads\/2021\/11\/IMG_3227-2_okt17-scaled-2048x1153.jpg 2048w, https:\/\/heimatverein-nieder-roden.de\/wp-content\/uploads\/2021\/11\/IMG_3227-2_okt17-scaled-836x471.jpg 836w, https:\/\/heimatverein-nieder-roden.de\/wp-content\/uploads\/2021\/11\/IMG_3227-2_okt17-scaled-560x315.jpg 560w\" sizes=\"(max-width: 300px) 100vw, 300px\" \/><\/a> <a class=\"title\" href=\"https:\/\/heimatverein-nieder-roden.de\/?p=3197\">Nieder-Roden in Bildern &#8211; Folge 75<\/a><\/div><div class=\"listing-item\"><a class=\"image\" href=\"https:\/\/heimatverein-nieder-roden.de\/?p=3411\"><img decoding=\"async\" width=\"300\" height=\"169\" src=\"https:\/\/heimatverein-nieder-roden.de\/wp-content\/uploads\/2022\/01\/20201115_AKHNR_Die-Schatten-werden_laenger_EGE_IMG_9642-300x169.jpg\" class=\"attachment-medium size-medium wp-post-image\" alt=\"\" srcset=\"https:\/\/heimatverein-nieder-roden.de\/wp-content\/uploads\/2022\/01\/20201115_AKHNR_Die-Schatten-werden_laenger_EGE_IMG_9642-300x169.jpg 300w, https:\/\/heimatverein-nieder-roden.de\/wp-content\/uploads\/2022\/01\/20201115_AKHNR_Die-Schatten-werden_laenger_EGE_IMG_9642-1024x576.jpg 1024w, https:\/\/heimatverein-nieder-roden.de\/wp-content\/uploads\/2022\/01\/20201115_AKHNR_Die-Schatten-werden_laenger_EGE_IMG_9642-768x432.jpg 768w, https:\/\/heimatverein-nieder-roden.de\/wp-content\/uploads\/2022\/01\/20201115_AKHNR_Die-Schatten-werden_laenger_EGE_IMG_9642-1536x865.jpg 1536w, https:\/\/heimatverein-nieder-roden.de\/wp-content\/uploads\/2022\/01\/20201115_AKHNR_Die-Schatten-werden_laenger_EGE_IMG_9642-2048x1153.jpg 2048w, https:\/\/heimatverein-nieder-roden.de\/wp-content\/uploads\/2022\/01\/20201115_AKHNR_Die-Schatten-werden_laenger_EGE_IMG_9642-836x471.jpg 836w, https:\/\/heimatverein-nieder-roden.de\/wp-content\/uploads\/2022\/01\/20201115_AKHNR_Die-Schatten-werden_laenger_EGE_IMG_9642-560x315.jpg 560w\" sizes=\"(max-width: 300px) 100vw, 300px\" \/><\/a> <a class=\"title\" href=\"https:\/\/heimatverein-nieder-roden.de\/?p=3411\">Nieder-Roden in Bildern &#8211; Folge 74<\/a><\/div><div class=\"listing-item\"><a class=\"image\" href=\"https:\/\/heimatverein-nieder-roden.de\/?p=4142\"><img decoding=\"async\" width=\"225\" height=\"300\" src=\"https:\/\/heimatverein-nieder-roden.de\/wp-content\/uploads\/2022\/05\/2021-10-24_AKHNR_Alte-Eiche-am-ehemaligen-Schiessstand-bei-Rollwald_UBI_143954-225x300.jpg\" class=\"attachment-medium size-medium wp-post-image\" alt=\"\" srcset=\"https:\/\/heimatverein-nieder-roden.de\/wp-content\/uploads\/2022\/05\/2021-10-24_AKHNR_Alte-Eiche-am-ehemaligen-Schiessstand-bei-Rollwald_UBI_143954-225x300.jpg 225w, https:\/\/heimatverein-nieder-roden.de\/wp-content\/uploads\/2022\/05\/2021-10-24_AKHNR_Alte-Eiche-am-ehemaligen-Schiessstand-bei-Rollwald_UBI_143954-768x1024.jpg 768w, https:\/\/heimatverein-nieder-roden.de\/wp-content\/uploads\/2022\/05\/2021-10-24_AKHNR_Alte-Eiche-am-ehemaligen-Schiessstand-bei-Rollwald_UBI_143954-1152x1536.jpg 1152w, https:\/\/heimatverein-nieder-roden.de\/wp-content\/uploads\/2022\/05\/2021-10-24_AKHNR_Alte-Eiche-am-ehemaligen-Schiessstand-bei-Rollwald_UBI_143954-1536x2048.jpg 1536w, https:\/\/heimatverein-nieder-roden.de\/wp-content\/uploads\/2022\/05\/2021-10-24_AKHNR_Alte-Eiche-am-ehemaligen-Schiessstand-bei-Rollwald_UBI_143954-836x1115.jpg 836w, https:\/\/heimatverein-nieder-roden.de\/wp-content\/uploads\/2022\/05\/2021-10-24_AKHNR_Alte-Eiche-am-ehemaligen-Schiessstand-bei-Rollwald_UBI_143954-560x747.jpg 560w, https:\/\/heimatverein-nieder-roden.de\/wp-content\/uploads\/2022\/05\/2021-10-24_AKHNR_Alte-Eiche-am-ehemaligen-Schiessstand-bei-Rollwald_UBI_143954-scaled.jpg 1920w\" sizes=\"(max-width: 225px) 100vw, 225px\" \/><\/a> <a class=\"title\" href=\"https:\/\/heimatverein-nieder-roden.de\/?p=4142\">Nieder-Roden in Bildern &#8211; Folge 73<\/a><\/div><div class=\"listing-item\"><a class=\"image\" href=\"https:\/\/heimatverein-nieder-roden.de\/?p=3388\"><img decoding=\"async\" width=\"300\" height=\"169\" src=\"https:\/\/heimatverein-nieder-roden.de\/wp-content\/uploads\/2022\/01\/2020_09_06_AKHNR_Haloerscheinung_am_HimmeI_ueber-St.Matthias_EGE_MG_8696-300x169.jpg\" class=\"attachment-medium size-medium wp-post-image\" alt=\"\" srcset=\"https:\/\/heimatverein-nieder-roden.de\/wp-content\/uploads\/2022\/01\/2020_09_06_AKHNR_Haloerscheinung_am_HimmeI_ueber-St.Matthias_EGE_MG_8696-300x169.jpg 300w, https:\/\/heimatverein-nieder-roden.de\/wp-content\/uploads\/2022\/01\/2020_09_06_AKHNR_Haloerscheinung_am_HimmeI_ueber-St.Matthias_EGE_MG_8696-1024x576.jpg 1024w, https:\/\/heimatverein-nieder-roden.de\/wp-content\/uploads\/2022\/01\/2020_09_06_AKHNR_Haloerscheinung_am_HimmeI_ueber-St.Matthias_EGE_MG_8696-768x432.jpg 768w, https:\/\/heimatverein-nieder-roden.de\/wp-content\/uploads\/2022\/01\/2020_09_06_AKHNR_Haloerscheinung_am_HimmeI_ueber-St.Matthias_EGE_MG_8696-1536x865.jpg 1536w, https:\/\/heimatverein-nieder-roden.de\/wp-content\/uploads\/2022\/01\/2020_09_06_AKHNR_Haloerscheinung_am_HimmeI_ueber-St.Matthias_EGE_MG_8696-2048x1153.jpg 2048w, https:\/\/heimatverein-nieder-roden.de\/wp-content\/uploads\/2022\/01\/2020_09_06_AKHNR_Haloerscheinung_am_HimmeI_ueber-St.Matthias_EGE_MG_8696-836x471.jpg 836w, https:\/\/heimatverein-nieder-roden.de\/wp-content\/uploads\/2022\/01\/2020_09_06_AKHNR_Haloerscheinung_am_HimmeI_ueber-St.Matthias_EGE_MG_8696-560x315.jpg 560w\" sizes=\"(max-width: 300px) 100vw, 300px\" \/><\/a> <a class=\"title\" href=\"https:\/\/heimatverein-nieder-roden.de\/?p=3388\">Nieder-Roden in Bildern &#8211; Folge 72<\/a><\/div><div class=\"listing-item\"><a class=\"image\" href=\"https:\/\/heimatverein-nieder-roden.de\/?p=4418\"><img decoding=\"async\" width=\"300\" height=\"180\" src=\"https:\/\/heimatverein-nieder-roden.de\/wp-content\/uploads\/2022\/07\/20170722_AKHNR_Abendstimmung_am-_Eicheleck_UBI_20170722_201259-300x180.jpg\" class=\"attachment-medium size-medium wp-post-image\" alt=\"\" srcset=\"https:\/\/heimatverein-nieder-roden.de\/wp-content\/uploads\/2022\/07\/20170722_AKHNR_Abendstimmung_am-_Eicheleck_UBI_20170722_201259-300x180.jpg 300w, https:\/\/heimatverein-nieder-roden.de\/wp-content\/uploads\/2022\/07\/20170722_AKHNR_Abendstimmung_am-_Eicheleck_UBI_20170722_201259-1024x614.jpg 1024w, https:\/\/heimatverein-nieder-roden.de\/wp-content\/uploads\/2022\/07\/20170722_AKHNR_Abendstimmung_am-_Eicheleck_UBI_20170722_201259-768x461.jpg 768w, https:\/\/heimatverein-nieder-roden.de\/wp-content\/uploads\/2022\/07\/20170722_AKHNR_Abendstimmung_am-_Eicheleck_UBI_20170722_201259-1536x922.jpg 1536w, https:\/\/heimatverein-nieder-roden.de\/wp-content\/uploads\/2022\/07\/20170722_AKHNR_Abendstimmung_am-_Eicheleck_UBI_20170722_201259-2048x1229.jpg 2048w, https:\/\/heimatverein-nieder-roden.de\/wp-content\/uploads\/2022\/07\/20170722_AKHNR_Abendstimmung_am-_Eicheleck_UBI_20170722_201259-836x502.jpg 836w, https:\/\/heimatverein-nieder-roden.de\/wp-content\/uploads\/2022\/07\/20170722_AKHNR_Abendstimmung_am-_Eicheleck_UBI_20170722_201259-560x336.jpg 560w\" sizes=\"(max-width: 300px) 100vw, 300px\" \/><\/a> <a class=\"title\" href=\"https:\/\/heimatverein-nieder-roden.de\/?p=4418\">Nieder-Roden in Bildern &#8211; Folge 71<\/a><\/div><div class=\"listing-item\"><a class=\"image\" href=\"https:\/\/heimatverein-nieder-roden.de\/?p=4416\"><img decoding=\"async\" width=\"300\" height=\"169\" src=\"https:\/\/heimatverein-nieder-roden.de\/wp-content\/uploads\/2022\/07\/20200823_AKHNR_Hagebutten_und_schoene-Eichen_am-_Ortsteilekreisel_EGE_IMG_8423-300x169.jpg\" class=\"attachment-medium size-medium wp-post-image\" alt=\"\" srcset=\"https:\/\/heimatverein-nieder-roden.de\/wp-content\/uploads\/2022\/07\/20200823_AKHNR_Hagebutten_und_schoene-Eichen_am-_Ortsteilekreisel_EGE_IMG_8423-300x169.jpg 300w, https:\/\/heimatverein-nieder-roden.de\/wp-content\/uploads\/2022\/07\/20200823_AKHNR_Hagebutten_und_schoene-Eichen_am-_Ortsteilekreisel_EGE_IMG_8423-1024x576.jpg 1024w, https:\/\/heimatverein-nieder-roden.de\/wp-content\/uploads\/2022\/07\/20200823_AKHNR_Hagebutten_und_schoene-Eichen_am-_Ortsteilekreisel_EGE_IMG_8423-768x432.jpg 768w, https:\/\/heimatverein-nieder-roden.de\/wp-content\/uploads\/2022\/07\/20200823_AKHNR_Hagebutten_und_schoene-Eichen_am-_Ortsteilekreisel_EGE_IMG_8423-1536x865.jpg 1536w, https:\/\/heimatverein-nieder-roden.de\/wp-content\/uploads\/2022\/07\/20200823_AKHNR_Hagebutten_und_schoene-Eichen_am-_Ortsteilekreisel_EGE_IMG_8423-2048x1153.jpg 2048w, https:\/\/heimatverein-nieder-roden.de\/wp-content\/uploads\/2022\/07\/20200823_AKHNR_Hagebutten_und_schoene-Eichen_am-_Ortsteilekreisel_EGE_IMG_8423-836x471.jpg 836w, https:\/\/heimatverein-nieder-roden.de\/wp-content\/uploads\/2022\/07\/20200823_AKHNR_Hagebutten_und_schoene-Eichen_am-_Ortsteilekreisel_EGE_IMG_8423-560x315.jpg 560w\" sizes=\"(max-width: 300px) 100vw, 300px\" \/><\/a> <a class=\"title\" href=\"https:\/\/heimatverein-nieder-roden.de\/?p=4416\">Nieder-Roden in Bildern &#8211; Folge 70<\/a><\/div><div class=\"listing-item\"><a class=\"image\" href=\"https:\/\/heimatverein-nieder-roden.de\/?p=3403\"><img decoding=\"async\" width=\"300\" height=\"159\" src=\"https:\/\/heimatverein-nieder-roden.de\/wp-content\/uploads\/2022\/01\/20200819_AKHNR_Die-_Nieder-roeder_Heide_EGE_IMG_8277-300x159.jpg\" class=\"attachment-medium size-medium wp-post-image\" alt=\"\" srcset=\"https:\/\/heimatverein-nieder-roden.de\/wp-content\/uploads\/2022\/01\/20200819_AKHNR_Die-_Nieder-roeder_Heide_EGE_IMG_8277-300x159.jpg 300w, https:\/\/heimatverein-nieder-roden.de\/wp-content\/uploads\/2022\/01\/20200819_AKHNR_Die-_Nieder-roeder_Heide_EGE_IMG_8277-1024x541.jpg 1024w, https:\/\/heimatverein-nieder-roden.de\/wp-content\/uploads\/2022\/01\/20200819_AKHNR_Die-_Nieder-roeder_Heide_EGE_IMG_8277-768x406.jpg 768w, https:\/\/heimatverein-nieder-roden.de\/wp-content\/uploads\/2022\/01\/20200819_AKHNR_Die-_Nieder-roeder_Heide_EGE_IMG_8277-1536x812.jpg 1536w, https:\/\/heimatverein-nieder-roden.de\/wp-content\/uploads\/2022\/01\/20200819_AKHNR_Die-_Nieder-roeder_Heide_EGE_IMG_8277-2048x1083.jpg 2048w, https:\/\/heimatverein-nieder-roden.de\/wp-content\/uploads\/2022\/01\/20200819_AKHNR_Die-_Nieder-roeder_Heide_EGE_IMG_8277-836x442.jpg 836w, https:\/\/heimatverein-nieder-roden.de\/wp-content\/uploads\/2022\/01\/20200819_AKHNR_Die-_Nieder-roeder_Heide_EGE_IMG_8277-560x296.jpg 560w\" sizes=\"(max-width: 300px) 100vw, 300px\" \/><\/a> <a class=\"title\" href=\"https:\/\/heimatverein-nieder-roden.de\/?p=3403\">Nieder-Roden in Bildern &#8211; Folge 69<\/a><\/div><div class=\"listing-item\"><a class=\"image\" href=\"https:\/\/heimatverein-nieder-roden.de\/?p=4402\"><img decoding=\"async\" width=\"300\" height=\"169\" src=\"https:\/\/heimatverein-nieder-roden.de\/wp-content\/uploads\/2022\/07\/20200717_AKHNR_Ziegen-zu-Besuch_EGE_IMG_7736-300x169.jpg\" class=\"attachment-medium size-medium wp-post-image\" alt=\"\" srcset=\"https:\/\/heimatverein-nieder-roden.de\/wp-content\/uploads\/2022\/07\/20200717_AKHNR_Ziegen-zu-Besuch_EGE_IMG_7736-300x169.jpg 300w, https:\/\/heimatverein-nieder-roden.de\/wp-content\/uploads\/2022\/07\/20200717_AKHNR_Ziegen-zu-Besuch_EGE_IMG_7736-1024x576.jpg 1024w, https:\/\/heimatverein-nieder-roden.de\/wp-content\/uploads\/2022\/07\/20200717_AKHNR_Ziegen-zu-Besuch_EGE_IMG_7736-768x432.jpg 768w, https:\/\/heimatverein-nieder-roden.de\/wp-content\/uploads\/2022\/07\/20200717_AKHNR_Ziegen-zu-Besuch_EGE_IMG_7736-1536x865.jpg 1536w, https:\/\/heimatverein-nieder-roden.de\/wp-content\/uploads\/2022\/07\/20200717_AKHNR_Ziegen-zu-Besuch_EGE_IMG_7736-2048x1153.jpg 2048w, https:\/\/heimatverein-nieder-roden.de\/wp-content\/uploads\/2022\/07\/20200717_AKHNR_Ziegen-zu-Besuch_EGE_IMG_7736-836x471.jpg 836w, https:\/\/heimatverein-nieder-roden.de\/wp-content\/uploads\/2022\/07\/20200717_AKHNR_Ziegen-zu-Besuch_EGE_IMG_7736-560x315.jpg 560w\" sizes=\"(max-width: 300px) 100vw, 300px\" \/><\/a> <a class=\"title\" href=\"https:\/\/heimatverein-nieder-roden.de\/?p=4402\">Nieder-Roden in Bildern &#8211; Folge 68<\/a><\/div><div class=\"listing-item\"><a class=\"image\" href=\"https:\/\/heimatverein-nieder-roden.de\/?p=3399\"><img decoding=\"async\" width=\"300\" height=\"169\" src=\"https:\/\/heimatverein-nieder-roden.de\/wp-content\/uploads\/2022\/01\/2020_0818_AKHNNR_Laechelnde_Sonnenblume_IMG_8218-300x169.jpg\" class=\"attachment-medium size-medium wp-post-image\" alt=\"\" srcset=\"https:\/\/heimatverein-nieder-roden.de\/wp-content\/uploads\/2022\/01\/2020_0818_AKHNNR_Laechelnde_Sonnenblume_IMG_8218-300x169.jpg 300w, https:\/\/heimatverein-nieder-roden.de\/wp-content\/uploads\/2022\/01\/2020_0818_AKHNNR_Laechelnde_Sonnenblume_IMG_8218-1024x576.jpg 1024w, https:\/\/heimatverein-nieder-roden.de\/wp-content\/uploads\/2022\/01\/2020_0818_AKHNNR_Laechelnde_Sonnenblume_IMG_8218-768x432.jpg 768w, https:\/\/heimatverein-nieder-roden.de\/wp-content\/uploads\/2022\/01\/2020_0818_AKHNNR_Laechelnde_Sonnenblume_IMG_8218-1536x865.jpg 1536w, https:\/\/heimatverein-nieder-roden.de\/wp-content\/uploads\/2022\/01\/2020_0818_AKHNNR_Laechelnde_Sonnenblume_IMG_8218-2048x1153.jpg 2048w, https:\/\/heimatverein-nieder-roden.de\/wp-content\/uploads\/2022\/01\/2020_0818_AKHNNR_Laechelnde_Sonnenblume_IMG_8218-836x471.jpg 836w, https:\/\/heimatverein-nieder-roden.de\/wp-content\/uploads\/2022\/01\/2020_0818_AKHNNR_Laechelnde_Sonnenblume_IMG_8218-560x315.jpg 560w\" sizes=\"(max-width: 300px) 100vw, 300px\" \/><\/a> <a class=\"title\" href=\"https:\/\/heimatverein-nieder-roden.de\/?p=3399\">Nieder-Roden in Bildern &#8211; Folge 67<\/a><\/div><div class=\"listing-item\"><a class=\"image\" href=\"https:\/\/heimatverein-nieder-roden.de\/?p=4333\"><img decoding=\"async\" width=\"300\" height=\"200\" src=\"https:\/\/heimatverein-nieder-roden.de\/wp-content\/uploads\/2022\/05\/2019-06-17_AKHNR_Rapsfelder_an_Der_Rodau_EGE_IMG_0131-300x200.jpg\" class=\"attachment-medium size-medium wp-post-image\" alt=\"\" srcset=\"https:\/\/heimatverein-nieder-roden.de\/wp-content\/uploads\/2022\/05\/2019-06-17_AKHNR_Rapsfelder_an_Der_Rodau_EGE_IMG_0131-300x200.jpg 300w, https:\/\/heimatverein-nieder-roden.de\/wp-content\/uploads\/2022\/05\/2019-06-17_AKHNR_Rapsfelder_an_Der_Rodau_EGE_IMG_0131-1024x683.jpg 1024w, https:\/\/heimatverein-nieder-roden.de\/wp-content\/uploads\/2022\/05\/2019-06-17_AKHNR_Rapsfelder_an_Der_Rodau_EGE_IMG_0131-768x512.jpg 768w, https:\/\/heimatverein-nieder-roden.de\/wp-content\/uploads\/2022\/05\/2019-06-17_AKHNR_Rapsfelder_an_Der_Rodau_EGE_IMG_0131-1536x1024.jpg 1536w, https:\/\/heimatverein-nieder-roden.de\/wp-content\/uploads\/2022\/05\/2019-06-17_AKHNR_Rapsfelder_an_Der_Rodau_EGE_IMG_0131-2048x1365.jpg 2048w, https:\/\/heimatverein-nieder-roden.de\/wp-content\/uploads\/2022\/05\/2019-06-17_AKHNR_Rapsfelder_an_Der_Rodau_EGE_IMG_0131-836x557.jpg 836w, https:\/\/heimatverein-nieder-roden.de\/wp-content\/uploads\/2022\/05\/2019-06-17_AKHNR_Rapsfelder_an_Der_Rodau_EGE_IMG_0131-560x373.jpg 560w, https:\/\/heimatverein-nieder-roden.de\/wp-content\/uploads\/2022\/05\/2019-06-17_AKHNR_Rapsfelder_an_Der_Rodau_EGE_IMG_0131-272x182.jpg 272w\" sizes=\"(max-width: 300px) 100vw, 300px\" \/><\/a> <a class=\"title\" href=\"https:\/\/heimatverein-nieder-roden.de\/?p=4333\">Nieder-Roden in Bildern &#8211; Folge 66<\/a><\/div><div class=\"listing-item\"><a class=\"image\" href=\"https:\/\/heimatverein-nieder-roden.de\/?p=3393\"><img decoding=\"async\" width=\"300\" height=\"200\" src=\"https:\/\/heimatverein-nieder-roden.de\/wp-content\/uploads\/2022\/01\/20200601_AKHNR_So-blauer-Himmel-ueber-der-Chinamauer_EGE_IMG_6898-300x200.jpg\" class=\"attachment-medium size-medium wp-post-image\" alt=\"\" srcset=\"https:\/\/heimatverein-nieder-roden.de\/wp-content\/uploads\/2022\/01\/20200601_AKHNR_So-blauer-Himmel-ueber-der-Chinamauer_EGE_IMG_6898-300x200.jpg 300w, https:\/\/heimatverein-nieder-roden.de\/wp-content\/uploads\/2022\/01\/20200601_AKHNR_So-blauer-Himmel-ueber-der-Chinamauer_EGE_IMG_6898-1024x683.jpg 1024w, https:\/\/heimatverein-nieder-roden.de\/wp-content\/uploads\/2022\/01\/20200601_AKHNR_So-blauer-Himmel-ueber-der-Chinamauer_EGE_IMG_6898-768x512.jpg 768w, https:\/\/heimatverein-nieder-roden.de\/wp-content\/uploads\/2022\/01\/20200601_AKHNR_So-blauer-Himmel-ueber-der-Chinamauer_EGE_IMG_6898-1536x1024.jpg 1536w, https:\/\/heimatverein-nieder-roden.de\/wp-content\/uploads\/2022\/01\/20200601_AKHNR_So-blauer-Himmel-ueber-der-Chinamauer_EGE_IMG_6898-2048x1365.jpg 2048w, https:\/\/heimatverein-nieder-roden.de\/wp-content\/uploads\/2022\/01\/20200601_AKHNR_So-blauer-Himmel-ueber-der-Chinamauer_EGE_IMG_6898-836x557.jpg 836w, https:\/\/heimatverein-nieder-roden.de\/wp-content\/uploads\/2022\/01\/20200601_AKHNR_So-blauer-Himmel-ueber-der-Chinamauer_EGE_IMG_6898-560x373.jpg 560w\" sizes=\"(max-width: 300px) 100vw, 300px\" \/><\/a> <a class=\"title\" href=\"https:\/\/heimatverein-nieder-roden.de\/?p=3393\">Nieder-Roden in Bildern &#8211; Folge 65<\/a><\/div><div class=\"listing-item\"><a class=\"image\" href=\"https:\/\/heimatverein-nieder-roden.de\/?p=3186\"><img decoding=\"async\" width=\"300\" height=\"202\" src=\"https:\/\/heimatverein-nieder-roden.de\/wp-content\/uploads\/2021\/07\/142D48-300x202.jpg\" class=\"attachment-medium size-medium wp-post-image\" alt=\"\" srcset=\"https:\/\/heimatverein-nieder-roden.de\/wp-content\/uploads\/2021\/07\/142D48-300x202.jpg 300w, https:\/\/heimatverein-nieder-roden.de\/wp-content\/uploads\/2021\/07\/142D48-1024x689.jpg 1024w, https:\/\/heimatverein-nieder-roden.de\/wp-content\/uploads\/2021\/07\/142D48-768x517.jpg 768w, https:\/\/heimatverein-nieder-roden.de\/wp-content\/uploads\/2021\/07\/142D48-836x563.jpg 836w, https:\/\/heimatverein-nieder-roden.de\/wp-content\/uploads\/2021\/07\/142D48-560x377.jpg 560w, https:\/\/heimatverein-nieder-roden.de\/wp-content\/uploads\/2021\/07\/142D48.jpg 1248w\" sizes=\"(max-width: 300px) 100vw, 300px\" \/><\/a> <a class=\"title\" href=\"https:\/\/heimatverein-nieder-roden.de\/?p=3186\">Nieder-Roden in Bildern &#8211; Folge 64<\/a><\/div><div class=\"listing-item\"><a class=\"image\" href=\"https:\/\/heimatverein-nieder-roden.de\/?p=3389\"><img decoding=\"async\" width=\"300\" height=\"169\" src=\"https:\/\/heimatverein-nieder-roden.de\/wp-content\/uploads\/2022\/01\/2020_0503_AKHNR_Die_Baeume_schlagen-_aus_EGE_IMG_6433-300x169.jpg\" class=\"attachment-medium size-medium wp-post-image\" alt=\"\" srcset=\"https:\/\/heimatverein-nieder-roden.de\/wp-content\/uploads\/2022\/01\/2020_0503_AKHNR_Die_Baeume_schlagen-_aus_EGE_IMG_6433-300x169.jpg 300w, https:\/\/heimatverein-nieder-roden.de\/wp-content\/uploads\/2022\/01\/2020_0503_AKHNR_Die_Baeume_schlagen-_aus_EGE_IMG_6433-1024x576.jpg 1024w, https:\/\/heimatverein-nieder-roden.de\/wp-content\/uploads\/2022\/01\/2020_0503_AKHNR_Die_Baeume_schlagen-_aus_EGE_IMG_6433-768x432.jpg 768w, https:\/\/heimatverein-nieder-roden.de\/wp-content\/uploads\/2022\/01\/2020_0503_AKHNR_Die_Baeume_schlagen-_aus_EGE_IMG_6433-1536x865.jpg 1536w, https:\/\/heimatverein-nieder-roden.de\/wp-content\/uploads\/2022\/01\/2020_0503_AKHNR_Die_Baeume_schlagen-_aus_EGE_IMG_6433-2048x1153.jpg 2048w, https:\/\/heimatverein-nieder-roden.de\/wp-content\/uploads\/2022\/01\/2020_0503_AKHNR_Die_Baeume_schlagen-_aus_EGE_IMG_6433-836x471.jpg 836w, https:\/\/heimatverein-nieder-roden.de\/wp-content\/uploads\/2022\/01\/2020_0503_AKHNR_Die_Baeume_schlagen-_aus_EGE_IMG_6433-560x315.jpg 560w\" sizes=\"(max-width: 300px) 100vw, 300px\" \/><\/a> <a class=\"title\" href=\"https:\/\/heimatverein-nieder-roden.de\/?p=3389\">Nieder-Roden in Bildern &#8211; Folge 63<\/a><\/div><div class=\"listing-item\"><a class=\"image\" href=\"https:\/\/heimatverein-nieder-roden.de\/?p=3947\"><img decoding=\"async\" width=\"300\" height=\"225\" src=\"https:\/\/heimatverein-nieder-roden.de\/wp-content\/uploads\/2022\/04\/2021-07-25_AKHNR_Nach-dem-Gewitter_INICKOLAY_20210725_200410-scaled-300x225.jpg\" class=\"attachment-medium size-medium wp-post-image\" alt=\"\" srcset=\"https:\/\/heimatverein-nieder-roden.de\/wp-content\/uploads\/2022\/04\/2021-07-25_AKHNR_Nach-dem-Gewitter_INICKOLAY_20210725_200410-scaled-300x225.jpg 300w, https:\/\/heimatverein-nieder-roden.de\/wp-content\/uploads\/2022\/04\/2021-07-25_AKHNR_Nach-dem-Gewitter_INICKOLAY_20210725_200410-scaled-1024x768.jpg 1024w, https:\/\/heimatverein-nieder-roden.de\/wp-content\/uploads\/2022\/04\/2021-07-25_AKHNR_Nach-dem-Gewitter_INICKOLAY_20210725_200410-scaled-768x576.jpg 768w, https:\/\/heimatverein-nieder-roden.de\/wp-content\/uploads\/2022\/04\/2021-07-25_AKHNR_Nach-dem-Gewitter_INICKOLAY_20210725_200410-scaled-1536x1152.jpg 1536w, https:\/\/heimatverein-nieder-roden.de\/wp-content\/uploads\/2022\/04\/2021-07-25_AKHNR_Nach-dem-Gewitter_INICKOLAY_20210725_200410-scaled-2048x1536.jpg 2048w, https:\/\/heimatverein-nieder-roden.de\/wp-content\/uploads\/2022\/04\/2021-07-25_AKHNR_Nach-dem-Gewitter_INICKOLAY_20210725_200410-scaled-836x627.jpg 836w, https:\/\/heimatverein-nieder-roden.de\/wp-content\/uploads\/2022\/04\/2021-07-25_AKHNR_Nach-dem-Gewitter_INICKOLAY_20210725_200410-scaled-560x420.jpg 560w\" sizes=\"(max-width: 300px) 100vw, 300px\" \/><\/a> <a class=\"title\" href=\"https:\/\/heimatverein-nieder-roden.de\/?p=3947\">Nieder-Roden in Bildern &#8211; Folge 62<\/a><\/div><div class=\"listing-item\"><a class=\"image\" href=\"https:\/\/heimatverein-nieder-roden.de\/?p=3383\"><img decoding=\"async\" width=\"300\" height=\"200\" src=\"https:\/\/heimatverein-nieder-roden.de\/wp-content\/uploads\/2022\/01\/20200413_AKHNR_Gespraechskreis-am-Rollwaldkreisel_EGE_IMG_6028-300x200.jpg\" class=\"attachment-medium size-medium wp-post-image\" alt=\"\" srcset=\"https:\/\/heimatverein-nieder-roden.de\/wp-content\/uploads\/2022\/01\/20200413_AKHNR_Gespraechskreis-am-Rollwaldkreisel_EGE_IMG_6028-300x200.jpg 300w, https:\/\/heimatverein-nieder-roden.de\/wp-content\/uploads\/2022\/01\/20200413_AKHNR_Gespraechskreis-am-Rollwaldkreisel_EGE_IMG_6028-1024x683.jpg 1024w, https:\/\/heimatverein-nieder-roden.de\/wp-content\/uploads\/2022\/01\/20200413_AKHNR_Gespraechskreis-am-Rollwaldkreisel_EGE_IMG_6028-768x512.jpg 768w, https:\/\/heimatverein-nieder-roden.de\/wp-content\/uploads\/2022\/01\/20200413_AKHNR_Gespraechskreis-am-Rollwaldkreisel_EGE_IMG_6028-1536x1024.jpg 1536w, https:\/\/heimatverein-nieder-roden.de\/wp-content\/uploads\/2022\/01\/20200413_AKHNR_Gespraechskreis-am-Rollwaldkreisel_EGE_IMG_6028-2048x1365.jpg 2048w, https:\/\/heimatverein-nieder-roden.de\/wp-content\/uploads\/2022\/01\/20200413_AKHNR_Gespraechskreis-am-Rollwaldkreisel_EGE_IMG_6028-836x557.jpg 836w, https:\/\/heimatverein-nieder-roden.de\/wp-content\/uploads\/2022\/01\/20200413_AKHNR_Gespraechskreis-am-Rollwaldkreisel_EGE_IMG_6028-560x373.jpg 560w\" sizes=\"(max-width: 300px) 100vw, 300px\" \/><\/a> <a class=\"title\" href=\"https:\/\/heimatverein-nieder-roden.de\/?p=3383\">Nieder-Roden in Bildern &#8211; Folge 61<\/a><\/div><div class=\"listing-item\"><a class=\"image\" href=\"https:\/\/heimatverein-nieder-roden.de\/?p=3674\"><img decoding=\"async\" width=\"300\" height=\"300\" src=\"https:\/\/heimatverein-nieder-roden.de\/wp-content\/uploads\/2022\/03\/IMG_20220130_170608-300x300.jpg\" class=\"attachment-medium size-medium wp-post-image\" alt=\"\" srcset=\"https:\/\/heimatverein-nieder-roden.de\/wp-content\/uploads\/2022\/03\/IMG_20220130_170608-300x300.jpg 300w, https:\/\/heimatverein-nieder-roden.de\/wp-content\/uploads\/2022\/03\/IMG_20220130_170608-1024x1024.jpg 1024w, https:\/\/heimatverein-nieder-roden.de\/wp-content\/uploads\/2022\/03\/IMG_20220130_170608-150x150.jpg 150w, https:\/\/heimatverein-nieder-roden.de\/wp-content\/uploads\/2022\/03\/IMG_20220130_170608-768x768.jpg 768w, https:\/\/heimatverein-nieder-roden.de\/wp-content\/uploads\/2022\/03\/IMG_20220130_170608-1536x1536.jpg 1536w, https:\/\/heimatverein-nieder-roden.de\/wp-content\/uploads\/2022\/03\/IMG_20220130_170608-2048x2048.jpg 2048w, https:\/\/heimatverein-nieder-roden.de\/wp-content\/uploads\/2022\/03\/IMG_20220130_170608-836x836.jpg 836w, https:\/\/heimatverein-nieder-roden.de\/wp-content\/uploads\/2022\/03\/IMG_20220130_170608-560x560.jpg 560w\" sizes=\"(max-width: 300px) 100vw, 300px\" \/><\/a> <a class=\"title\" href=\"https:\/\/heimatverein-nieder-roden.de\/?p=3674\">Nieder-Roden in Bildern &#8211; Folge 60<\/a><\/div><div class=\"listing-item\"><a class=\"image\" href=\"https:\/\/heimatverein-nieder-roden.de\/?p=3378\"><img decoding=\"async\" width=\"300\" height=\"169\" src=\"https:\/\/heimatverein-nieder-roden.de\/wp-content\/uploads\/2022\/01\/2020215_AKHNR__Schneegloeckchen_ohne_Schnee_EGE_IMG_5128-300x169.jpg\" class=\"attachment-medium size-medium wp-post-image\" alt=\"\" srcset=\"https:\/\/heimatverein-nieder-roden.de\/wp-content\/uploads\/2022\/01\/2020215_AKHNR__Schneegloeckchen_ohne_Schnee_EGE_IMG_5128-300x169.jpg 300w, https:\/\/heimatverein-nieder-roden.de\/wp-content\/uploads\/2022\/01\/2020215_AKHNR__Schneegloeckchen_ohne_Schnee_EGE_IMG_5128-1024x576.jpg 1024w, https:\/\/heimatverein-nieder-roden.de\/wp-content\/uploads\/2022\/01\/2020215_AKHNR__Schneegloeckchen_ohne_Schnee_EGE_IMG_5128-768x432.jpg 768w, https:\/\/heimatverein-nieder-roden.de\/wp-content\/uploads\/2022\/01\/2020215_AKHNR__Schneegloeckchen_ohne_Schnee_EGE_IMG_5128-1536x865.jpg 1536w, https:\/\/heimatverein-nieder-roden.de\/wp-content\/uploads\/2022\/01\/2020215_AKHNR__Schneegloeckchen_ohne_Schnee_EGE_IMG_5128-2048x1153.jpg 2048w, https:\/\/heimatverein-nieder-roden.de\/wp-content\/uploads\/2022\/01\/2020215_AKHNR__Schneegloeckchen_ohne_Schnee_EGE_IMG_5128-836x471.jpg 836w, https:\/\/heimatverein-nieder-roden.de\/wp-content\/uploads\/2022\/01\/2020215_AKHNR__Schneegloeckchen_ohne_Schnee_EGE_IMG_5128-560x315.jpg 560w\" sizes=\"(max-width: 300px) 100vw, 300px\" \/><\/a> <a class=\"title\" href=\"https:\/\/heimatverein-nieder-roden.de\/?p=3378\">Nieder-Roden in Bildern &#8211; Folge 59<\/a><\/div><div class=\"listing-item\"><a class=\"image\" href=\"https:\/\/heimatverein-nieder-roden.de\/?p=3253\"><img decoding=\"async\" width=\"225\" height=\"300\" src=\"https:\/\/heimatverein-nieder-roden.de\/wp-content\/uploads\/2021\/11\/20150220_AKHNR_Rollwald_Kirche_mit-Fahrradstaender_Stozenburg_2021-02-20--225x300.jpg\" class=\"attachment-medium size-medium wp-post-image\" alt=\"\" srcset=\"https:\/\/heimatverein-nieder-roden.de\/wp-content\/uploads\/2021\/11\/20150220_AKHNR_Rollwald_Kirche_mit-Fahrradstaender_Stozenburg_2021-02-20--225x300.jpg 225w, https:\/\/heimatverein-nieder-roden.de\/wp-content\/uploads\/2021\/11\/20150220_AKHNR_Rollwald_Kirche_mit-Fahrradstaender_Stozenburg_2021-02-20--768x1024.jpg 768w, https:\/\/heimatverein-nieder-roden.de\/wp-content\/uploads\/2021\/11\/20150220_AKHNR_Rollwald_Kirche_mit-Fahrradstaender_Stozenburg_2021-02-20--1152x1536.jpg 1152w, https:\/\/heimatverein-nieder-roden.de\/wp-content\/uploads\/2021\/11\/20150220_AKHNR_Rollwald_Kirche_mit-Fahrradstaender_Stozenburg_2021-02-20--1536x2048.jpg 1536w, https:\/\/heimatverein-nieder-roden.de\/wp-content\/uploads\/2021\/11\/20150220_AKHNR_Rollwald_Kirche_mit-Fahrradstaender_Stozenburg_2021-02-20--836x1115.jpg 836w, https:\/\/heimatverein-nieder-roden.de\/wp-content\/uploads\/2021\/11\/20150220_AKHNR_Rollwald_Kirche_mit-Fahrradstaender_Stozenburg_2021-02-20--560x747.jpg 560w, https:\/\/heimatverein-nieder-roden.de\/wp-content\/uploads\/2021\/11\/20150220_AKHNR_Rollwald_Kirche_mit-Fahrradstaender_Stozenburg_2021-02-20-.jpg 1726w\" sizes=\"(max-width: 225px) 100vw, 225px\" \/><\/a> <a class=\"title\" href=\"https:\/\/heimatverein-nieder-roden.de\/?p=3253\">Nieder-Roden in Bildern &#8211; Folge 58<\/a><\/div><div class=\"listing-item\"><a class=\"image\" href=\"https:\/\/heimatverein-nieder-roden.de\/?p=3358\"><img decoding=\"async\" width=\"300\" height=\"169\" src=\"https:\/\/heimatverein-nieder-roden.de\/wp-content\/uploads\/2022\/01\/20200219_AKHNR_Feuchtwiesen-hinter-dem-Industriegebiet_EGE_IMG_5174-300x169.jpg\" class=\"attachment-medium size-medium wp-post-image\" alt=\"\" srcset=\"https:\/\/heimatverein-nieder-roden.de\/wp-content\/uploads\/2022\/01\/20200219_AKHNR_Feuchtwiesen-hinter-dem-Industriegebiet_EGE_IMG_5174-300x169.jpg 300w, https:\/\/heimatverein-nieder-roden.de\/wp-content\/uploads\/2022\/01\/20200219_AKHNR_Feuchtwiesen-hinter-dem-Industriegebiet_EGE_IMG_5174-1024x576.jpg 1024w, https:\/\/heimatverein-nieder-roden.de\/wp-content\/uploads\/2022\/01\/20200219_AKHNR_Feuchtwiesen-hinter-dem-Industriegebiet_EGE_IMG_5174-768x432.jpg 768w, https:\/\/heimatverein-nieder-roden.de\/wp-content\/uploads\/2022\/01\/20200219_AKHNR_Feuchtwiesen-hinter-dem-Industriegebiet_EGE_IMG_5174-1536x865.jpg 1536w, https:\/\/heimatverein-nieder-roden.de\/wp-content\/uploads\/2022\/01\/20200219_AKHNR_Feuchtwiesen-hinter-dem-Industriegebiet_EGE_IMG_5174-2048x1153.jpg 2048w, https:\/\/heimatverein-nieder-roden.de\/wp-content\/uploads\/2022\/01\/20200219_AKHNR_Feuchtwiesen-hinter-dem-Industriegebiet_EGE_IMG_5174-836x471.jpg 836w, https:\/\/heimatverein-nieder-roden.de\/wp-content\/uploads\/2022\/01\/20200219_AKHNR_Feuchtwiesen-hinter-dem-Industriegebiet_EGE_IMG_5174-560x315.jpg 560w\" sizes=\"(max-width: 300px) 100vw, 300px\" \/><\/a> <a class=\"title\" href=\"https:\/\/heimatverein-nieder-roden.de\/?p=3358\">Nieder-Roden in Bildern &#8211; Folge 57<\/a><\/div><div class=\"listing-item\"><a class=\"image\" href=\"https:\/\/heimatverein-nieder-roden.de\/?p=3345\"><img decoding=\"async\" width=\"300\" height=\"225\" src=\"https:\/\/heimatverein-nieder-roden.de\/wp-content\/uploads\/2022\/01\/20190121_AKHNR_Die-eisigste-Jahreszeit_EGE_20190121_141229-300x225.jpg\" class=\"attachment-medium size-medium wp-post-image\" alt=\"\" srcset=\"https:\/\/heimatverein-nieder-roden.de\/wp-content\/uploads\/2022\/01\/20190121_AKHNR_Die-eisigste-Jahreszeit_EGE_20190121_141229-300x225.jpg 300w, https:\/\/heimatverein-nieder-roden.de\/wp-content\/uploads\/2022\/01\/20190121_AKHNR_Die-eisigste-Jahreszeit_EGE_20190121_141229-1024x768.jpg 1024w, https:\/\/heimatverein-nieder-roden.de\/wp-content\/uploads\/2022\/01\/20190121_AKHNR_Die-eisigste-Jahreszeit_EGE_20190121_141229-768x576.jpg 768w, https:\/\/heimatverein-nieder-roden.de\/wp-content\/uploads\/2022\/01\/20190121_AKHNR_Die-eisigste-Jahreszeit_EGE_20190121_141229-1536x1152.jpg 1536w, https:\/\/heimatverein-nieder-roden.de\/wp-content\/uploads\/2022\/01\/20190121_AKHNR_Die-eisigste-Jahreszeit_EGE_20190121_141229-2048x1536.jpg 2048w, https:\/\/heimatverein-nieder-roden.de\/wp-content\/uploads\/2022\/01\/20190121_AKHNR_Die-eisigste-Jahreszeit_EGE_20190121_141229-836x627.jpg 836w, https:\/\/heimatverein-nieder-roden.de\/wp-content\/uploads\/2022\/01\/20190121_AKHNR_Die-eisigste-Jahreszeit_EGE_20190121_141229-560x420.jpg 560w\" sizes=\"(max-width: 300px) 100vw, 300px\" \/><\/a> <a class=\"title\" href=\"https:\/\/heimatverein-nieder-roden.de\/?p=3345\">Nieder-Roden in Bildern &#8211; Folge 56<\/a><\/div><div class=\"listing-item\"><a class=\"image\" href=\"https:\/\/heimatverein-nieder-roden.de\/?p=3350\"><img decoding=\"async\" width=\"300\" height=\"169\" src=\"https:\/\/heimatverein-nieder-roden.de\/wp-content\/uploads\/2022\/01\/20200117_AKNHR_Ankommende-S-Bahn_EGE_IMG_4725-300x169.jpg\" class=\"attachment-medium size-medium wp-post-image\" alt=\"\" srcset=\"https:\/\/heimatverein-nieder-roden.de\/wp-content\/uploads\/2022\/01\/20200117_AKNHR_Ankommende-S-Bahn_EGE_IMG_4725-300x169.jpg 300w, https:\/\/heimatverein-nieder-roden.de\/wp-content\/uploads\/2022\/01\/20200117_AKNHR_Ankommende-S-Bahn_EGE_IMG_4725-1024x576.jpg 1024w, https:\/\/heimatverein-nieder-roden.de\/wp-content\/uploads\/2022\/01\/20200117_AKNHR_Ankommende-S-Bahn_EGE_IMG_4725-768x432.jpg 768w, https:\/\/heimatverein-nieder-roden.de\/wp-content\/uploads\/2022\/01\/20200117_AKNHR_Ankommende-S-Bahn_EGE_IMG_4725-1536x865.jpg 1536w, https:\/\/heimatverein-nieder-roden.de\/wp-content\/uploads\/2022\/01\/20200117_AKNHR_Ankommende-S-Bahn_EGE_IMG_4725-2048x1153.jpg 2048w, https:\/\/heimatverein-nieder-roden.de\/wp-content\/uploads\/2022\/01\/20200117_AKNHR_Ankommende-S-Bahn_EGE_IMG_4725-836x471.jpg 836w, https:\/\/heimatverein-nieder-roden.de\/wp-content\/uploads\/2022\/01\/20200117_AKNHR_Ankommende-S-Bahn_EGE_IMG_4725-560x315.jpg 560w\" sizes=\"(max-width: 300px) 100vw, 300px\" \/><\/a> <a class=\"title\" href=\"https:\/\/heimatverein-nieder-roden.de\/?p=3350\">Nieder-Roden in Bildern &#8211; Folge 55<\/a><\/div><\/div>\n\n\n\n<p><\/p>\n","protected":false},"excerpt":{"rendered":"<p>Entdecken Sie Nieder-Roden aus verschiedenen Blickwinkeln. In diesem Bilderblog nehmen wir Sie mit auf einen virtuellen Spaziergang durch und rund um Nieder-Roden. Alle Folgen:<\/p>\n","protected":false},"author":1,"featured_media":164,"parent":1023,"menu_order":1,"comment_status":"closed","ping_status":"closed","template":"","meta":{"_coblocks_attr":"","_coblocks_dimensions":"","_coblocks_responsive_height":"","_coblocks_accordion_ie_support":"","footnotes":""},"class_list":["post-1531","page","type-page","status-publish","has-post-thumbnail","hentry","nodate"],"publishpress_future_action":{"enabled":false,"date":"2026-05-08 01:04:25","action":"change-status","newStatus":"draft","terms":[],"taxonomy":"","extraData":[]},"publishpress_future_workflow_manual_trigger":{"enabledWorkflows":[]},"_links":{"self":[{"href":"https:\/\/heimatverein-nieder-roden.de\/index.php?rest_route=\/wp\/v2\/pages\/1531","targetHints":{"allow":["GET"]}}],"collection":[{"href":"https:\/\/heimatverein-nieder-roden.de\/index.php?rest_route=\/wp\/v2\/pages"}],"about":[{"href":"https:\/\/heimatverein-nieder-roden.de\/index.php?rest_route=\/wp\/v2\/types\/page"}],"author":[{"embeddable":true,"href":"https:\/\/heimatverein-nieder-roden.de\/index.php?rest_route=\/wp\/v2\/users\/1"}],"replies":[{"embeddable":true,"href":"https:\/\/heimatverein-nieder-roden.de\/index.php?rest_route=%2Fwp%2Fv2%2Fcomments&post=1531"}],"version-history":[{"count":18,"href":"https:\/\/heimatverein-nieder-roden.de\/index.php?rest_route=\/wp\/v2\/pages\/1531\/revisions"}],"predecessor-version":[{"id":5631,"href":"https:\/\/heimatverein-nieder-roden.de\/index.php?rest_route=\/wp\/v2\/pages\/1531\/revisions\/5631"}],"up":[{"embeddable":true,"href":"https:\/\/heimatverein-nieder-roden.de\/index.php?rest_route=\/wp\/v2\/pages\/1023"}],"wp:featuredmedia":[{"embeddable":true,"href":"https:\/\/heimatverein-nieder-roden.de\/index.php?rest_route=\/wp\/v2\/media\/164"}],"wp:attachment":[{"href":"https:\/\/heimatverein-nieder-roden.de\/index.php?rest_route=%2Fwp%2Fv2%2Fmedia&parent=1531"}],"curies":[{"name":"wp","href":"https:\/\/api.w.org\/{rel}","templated":true}]}}