{"id":1414,"date":"2019-06-23T14:54:23","date_gmt":"2019-06-23T12:54:23","guid":{"rendered":"http:\/\/heimatverein-nieder-roden.de\/?page_id=1414"},"modified":"2023-08-22T15:05:20","modified_gmt":"2023-08-22T13:05:20","slug":"presse","status":"publish","type":"page","link":"https:\/\/heimatverein-nieder-roden.de\/?page_id=1414","title":{"rendered":"Presse"},"content":{"rendered":"\n\n\n<p>Hier finden Sie die Artikel aus der Lokalpresse mit Bezug zum AKHNR.<\/p>\n\n\n\n<p>Wir k\u00f6nnen nat\u00fcrlich keinen Anspruch auf Vollst\u00e4ndigkeit erheben.<br>Wir freuen uns, wenn Sie einen Artikel kennen, den wir \u00fcbersehen haben!<br>Senden Sie ihn uns einfach zu &#8211; Vielen Dank im Voraus!<\/p>\n\n\n\n<p>Viel Spa\u00df beim St\u00f6bern!<\/p>\n\n\n\n<hr class=\"wp-block-separator has-css-opacity\"\/>\n\n\nSeite 0 mal aufgerufen in den letzten 14 Tagen.\n\n\n<div class=\"display-posts-listing grid\"><div class=\"listing-item\"><a class=\"image\" href=\"https:\/\/heimatverein-nieder-roden.de\/?p=8270\"><img decoding=\"async\" width=\"300\" height=\"191\" src=\"https:\/\/heimatverein-nieder-roden.de\/wp-content\/uploads\/2025\/09\/image-1-300x191.png\" class=\"attachment-medium size-medium wp-post-image\" alt=\"\" srcset=\"https:\/\/heimatverein-nieder-roden.de\/wp-content\/uploads\/2025\/09\/image-1-300x191.png 300w, https:\/\/heimatverein-nieder-roden.de\/wp-content\/uploads\/2025\/09\/image-1-768x488.png 768w, https:\/\/heimatverein-nieder-roden.de\/wp-content\/uploads\/2025\/09\/image-1-836x531.png 836w, https:\/\/heimatverein-nieder-roden.de\/wp-content\/uploads\/2025\/09\/image-1-560x356.png 560w, https:\/\/heimatverein-nieder-roden.de\/wp-content\/uploads\/2025\/09\/image-1.png 1015w\" sizes=\"(max-width: 300px) 100vw, 300px\" \/><\/a> <a class=\"title\" href=\"https:\/\/heimatverein-nieder-roden.de\/?p=8270\">&#8222;Nieder-R\u00f6der Kerb verbindet Tradition und Trends&#8220;<\/a> <span class=\"excerpt-dash\">-<\/span> <span class=\"excerpt\">Artikel der Offenbach-Post auf OP-Online.de vom 09.09.2025. \nWir bedanken uns herzlich f\u00fcr die Berichterstattung der Presse!<\/span><\/div><div class=\"listing-item\"><a class=\"image\" href=\"https:\/\/heimatverein-nieder-roden.de\/?p=8240\"><img decoding=\"async\" width=\"300\" height=\"193\" src=\"https:\/\/heimatverein-nieder-roden.de\/wp-content\/uploads\/2025\/08\/image-2-300x193.png\" class=\"attachment-medium size-medium wp-post-image\" alt=\"\" srcset=\"https:\/\/heimatverein-nieder-roden.de\/wp-content\/uploads\/2025\/08\/image-2-300x193.png 300w, https:\/\/heimatverein-nieder-roden.de\/wp-content\/uploads\/2025\/08\/image-2-768x493.png 768w, https:\/\/heimatverein-nieder-roden.de\/wp-content\/uploads\/2025\/08\/image-2-836x537.png 836w, https:\/\/heimatverein-nieder-roden.de\/wp-content\/uploads\/2025\/08\/image-2-560x360.png 560w, https:\/\/heimatverein-nieder-roden.de\/wp-content\/uploads\/2025\/08\/image-2.png 1018w\" sizes=\"(max-width: 300px) 100vw, 300px\" \/><\/a> <a class=\"title\" href=\"https:\/\/heimatverein-nieder-roden.de\/?p=8240\">&#8222;L\u00fccke in der Friedhofsmauer: Letzte Ruhest\u00e4tte wird zum Park&#8220;<\/a> <span class=\"excerpt-dash\">-<\/span> <span class=\"excerpt\">Artikel der Offenbach-Post auf OP-Online.de vom 21.08.2025. \nWir bedanken uns herzlich f\u00fcr die Berichterstattung der Presse!<\/span><\/div><div class=\"listing-item\"><a class=\"image\" href=\"https:\/\/heimatverein-nieder-roden.de\/?p=8237\"><img decoding=\"async\" width=\"300\" height=\"168\" src=\"https:\/\/heimatverein-nieder-roden.de\/wp-content\/uploads\/2025\/08\/image-1-300x168.png\" class=\"attachment-medium size-medium wp-post-image\" alt=\"\" srcset=\"https:\/\/heimatverein-nieder-roden.de\/wp-content\/uploads\/2025\/08\/image-1-300x168.png 300w, https:\/\/heimatverein-nieder-roden.de\/wp-content\/uploads\/2025\/08\/image-1-1024x575.png 1024w, https:\/\/heimatverein-nieder-roden.de\/wp-content\/uploads\/2025\/08\/image-1-768x431.png 768w, https:\/\/heimatverein-nieder-roden.de\/wp-content\/uploads\/2025\/08\/image-1-836x469.png 836w, https:\/\/heimatverein-nieder-roden.de\/wp-content\/uploads\/2025\/08\/image-1-560x314.png 560w, https:\/\/heimatverein-nieder-roden.de\/wp-content\/uploads\/2025\/08\/image-1.png 1033w\" sizes=\"(max-width: 300px) 100vw, 300px\" \/><\/a> <a class=\"title\" href=\"https:\/\/heimatverein-nieder-roden.de\/?p=8237\">&#8222;Kr\u00e4uterwissen nicht vergessen: Ein alter Brauch bl\u00fcht auf&#8220;<\/a> <span class=\"excerpt-dash\">-<\/span> <span class=\"excerpt\">Artikel der Offenbach-Post auf OP-Online.de vom 16.08.2025. \nWir bedanken uns herzlich f\u00fcr die Berichterstattung der Presse!<\/span><\/div><div class=\"listing-item\"><a class=\"image\" href=\"https:\/\/heimatverein-nieder-roden.de\/?p=8179\"><img decoding=\"async\" width=\"300\" height=\"185\" src=\"https:\/\/heimatverein-nieder-roden.de\/wp-content\/uploads\/2025\/08\/image-300x185.png\" class=\"attachment-medium size-medium wp-post-image\" alt=\"\" srcset=\"https:\/\/heimatverein-nieder-roden.de\/wp-content\/uploads\/2025\/08\/image-300x185.png 300w, https:\/\/heimatverein-nieder-roden.de\/wp-content\/uploads\/2025\/08\/image-768x474.png 768w, https:\/\/heimatverein-nieder-roden.de\/wp-content\/uploads\/2025\/08\/image-836x516.png 836w, https:\/\/heimatverein-nieder-roden.de\/wp-content\/uploads\/2025\/08\/image-560x345.png 560w, https:\/\/heimatverein-nieder-roden.de\/wp-content\/uploads\/2025\/08\/image.png 1020w\" sizes=\"(max-width: 300px) 100vw, 300px\" \/><\/a> <a class=\"title\" href=\"https:\/\/heimatverein-nieder-roden.de\/?p=8179\">&#8222;Als Ernten noch Knochenarbeit war \u2013 Nieder-R\u00f6der Heimatkundler organisieren lehrreichen Protest&#8220;<\/a> <span class=\"excerpt-dash\">-<\/span> <span class=\"excerpt\">Artikel der Offenbach-Post auf OP-Online.de vom 15.07.2025. \nWir bedanken uns herzlich f\u00fcr die Berichterstattung der Presse!<\/span><\/div><div class=\"listing-item\"><a class=\"image\" href=\"https:\/\/heimatverein-nieder-roden.de\/?p=8151\"><img decoding=\"async\" width=\"300\" height=\"188\" src=\"https:\/\/heimatverein-nieder-roden.de\/wp-content\/uploads\/2025\/07\/image-1-300x188.png\" class=\"attachment-medium size-medium wp-post-image\" alt=\"\" srcset=\"https:\/\/heimatverein-nieder-roden.de\/wp-content\/uploads\/2025\/07\/image-1-300x188.png 300w, https:\/\/heimatverein-nieder-roden.de\/wp-content\/uploads\/2025\/07\/image-1-768x482.png 768w, https:\/\/heimatverein-nieder-roden.de\/wp-content\/uploads\/2025\/07\/image-1-836x525.png 836w, https:\/\/heimatverein-nieder-roden.de\/wp-content\/uploads\/2025\/07\/image-1-560x351.png 560w, https:\/\/heimatverein-nieder-roden.de\/wp-content\/uploads\/2025\/07\/image-1.png 1015w\" sizes=\"(max-width: 300px) 100vw, 300px\" \/><\/a> <a class=\"title\" href=\"https:\/\/heimatverein-nieder-roden.de\/?p=8151\">&#8222;Museumsreif und noch gut in Schuss \u2013 Nieder-R\u00f6der Heimatverein muss historische Landmaschinen abgeben&#8220;<\/a> <span class=\"excerpt-dash\">-<\/span> <span class=\"excerpt\">Artikel der Offenbach-Post auf OP-Online.de vom 11.07.2025. \nWir bedanken uns herzlich f\u00fcr die Berichterstattung der Presse!<\/span><\/div><div class=\"listing-item\"><a class=\"image\" href=\"https:\/\/heimatverein-nieder-roden.de\/?p=8157\"><img decoding=\"async\" width=\"300\" height=\"201\" src=\"https:\/\/heimatverein-nieder-roden.de\/wp-content\/uploads\/2025\/07\/image-2-300x201.png\" class=\"attachment-medium size-medium wp-post-image\" alt=\"\" srcset=\"https:\/\/heimatverein-nieder-roden.de\/wp-content\/uploads\/2025\/07\/image-2-300x201.png 300w, https:\/\/heimatverein-nieder-roden.de\/wp-content\/uploads\/2025\/07\/image-2-768x514.png 768w, https:\/\/heimatverein-nieder-roden.de\/wp-content\/uploads\/2025\/07\/image-2-836x560.png 836w, https:\/\/heimatverein-nieder-roden.de\/wp-content\/uploads\/2025\/07\/image-2-560x375.png 560w, https:\/\/heimatverein-nieder-roden.de\/wp-content\/uploads\/2025\/07\/image-2-272x182.png 272w, https:\/\/heimatverein-nieder-roden.de\/wp-content\/uploads\/2025\/07\/image-2.png 1020w\" sizes=\"(max-width: 300px) 100vw, 300px\" \/><\/a> <a class=\"title\" href=\"https:\/\/heimatverein-nieder-roden.de\/?p=8157\">&#8222;Alter Friedhof Nieder-Roden wird zum Park umgebaut&#8220;<\/a> <span class=\"excerpt-dash\">-<\/span> <span class=\"excerpt\">Artikel der Offenbach-Post auf OP-Online.de vom 10.07.2025. \nWir bedanken uns herzlich f\u00fcr die Berichterstattung der Presse!<\/span><\/div><div class=\"listing-item\"><a class=\"image\" href=\"https:\/\/heimatverein-nieder-roden.de\/?p=8148\"><img decoding=\"async\" width=\"300\" height=\"177\" src=\"https:\/\/heimatverein-nieder-roden.de\/wp-content\/uploads\/2025\/07\/image-300x177.png\" class=\"attachment-medium size-medium wp-post-image\" alt=\"\" srcset=\"https:\/\/heimatverein-nieder-roden.de\/wp-content\/uploads\/2025\/07\/image-300x177.png 300w, https:\/\/heimatverein-nieder-roden.de\/wp-content\/uploads\/2025\/07\/image-768x454.png 768w, https:\/\/heimatverein-nieder-roden.de\/wp-content\/uploads\/2025\/07\/image-836x494.png 836w, https:\/\/heimatverein-nieder-roden.de\/wp-content\/uploads\/2025\/07\/image-560x331.png 560w, https:\/\/heimatverein-nieder-roden.de\/wp-content\/uploads\/2025\/07\/image.png 1023w\" sizes=\"(max-width: 300px) 100vw, 300px\" \/><\/a> <a class=\"title\" href=\"https:\/\/heimatverein-nieder-roden.de\/?p=8148\">&#8222;Es geht um mehr als nur Geb\u00e4ude \u2013 Nieder-R\u00f6der k\u00e4mpfen um Kirche und Pfarrheim&#8220;<\/a> <span class=\"excerpt-dash\">-<\/span> <span class=\"excerpt\">Artikel der Offenbach-Post auf OP-Online.de vom 04.07.2025. \nWir bedanken uns herzlich f\u00fcr die Berichterstattung der Presse!<\/span><\/div><div class=\"listing-item\"><a class=\"image\" href=\"https:\/\/heimatverein-nieder-roden.de\/?p=7948\"><img decoding=\"async\" width=\"300\" height=\"200\" src=\"https:\/\/heimatverein-nieder-roden.de\/wp-content\/uploads\/2025\/02\/image-300x200.png\" class=\"attachment-medium size-medium wp-post-image\" alt=\"\" srcset=\"https:\/\/heimatverein-nieder-roden.de\/wp-content\/uploads\/2025\/02\/image-300x200.png 300w, https:\/\/heimatverein-nieder-roden.de\/wp-content\/uploads\/2025\/02\/image-768x512.png 768w, https:\/\/heimatverein-nieder-roden.de\/wp-content\/uploads\/2025\/02\/image-836x557.png 836w, https:\/\/heimatverein-nieder-roden.de\/wp-content\/uploads\/2025\/02\/image-560x373.png 560w, https:\/\/heimatverein-nieder-roden.de\/wp-content\/uploads\/2025\/02\/image-272x182.png 272w, https:\/\/heimatverein-nieder-roden.de\/wp-content\/uploads\/2025\/02\/image.png 1022w\" sizes=\"(max-width: 300px) 100vw, 300px\" \/><\/a> <a class=\"title\" href=\"https:\/\/heimatverein-nieder-roden.de\/?p=7948\">&#8222;Jubil\u00e4umsfilm 750 Jahre Urberach: Dreharbeiten im Heimatmuseum&#8220;<\/a> <span class=\"excerpt-dash\">-<\/span> <span class=\"excerpt\">Artikel der Offenbach-Post auf OP-Online.de vom 06.02.2025. \nWir bedanken uns herzlich f\u00fcr die Berichterstattung der Presse!<\/span><\/div><div class=\"listing-item\"><a class=\"image\" href=\"https:\/\/heimatverein-nieder-roden.de\/?p=8077\"><img decoding=\"async\" width=\"300\" height=\"43\" src=\"https:\/\/heimatverein-nieder-roden.de\/wp-content\/uploads\/2019\/06\/Offenbach-Post_Titel_Symbolbild-300x43.png\" class=\"attachment-medium size-medium wp-post-image\" alt=\"\" srcset=\"https:\/\/heimatverein-nieder-roden.de\/wp-content\/uploads\/2019\/06\/Offenbach-Post_Titel_Symbolbild-300x43.png 300w, https:\/\/heimatverein-nieder-roden.de\/wp-content\/uploads\/2019\/06\/Offenbach-Post_Titel_Symbolbild-768x111.png 768w, https:\/\/heimatverein-nieder-roden.de\/wp-content\/uploads\/2019\/06\/Offenbach-Post_Titel_Symbolbild-1024x148.png 1024w\" sizes=\"(max-width: 300px) 100vw, 300px\" \/><\/a> <a class=\"title\" href=\"https:\/\/heimatverein-nieder-roden.de\/?p=8077\">&#8222;Katholische Kirche in der Krise: Unterhalt f\u00fcr Gottesh\u00e4user zu teuer&#8220;<\/a> <span class=\"excerpt-dash\">-<\/span> <span class=\"excerpt\">Artikel der Offenbach-Post auf OP-Online.de vom 22.11.2024. \nWir bedanken uns herzlich f\u00fcr die Berichterstattung der Presse!<\/span><\/div><div class=\"listing-item\"><a class=\"image\" href=\"https:\/\/heimatverein-nieder-roden.de\/?p=7666\"><img decoding=\"async\" width=\"300\" height=\"55\" src=\"https:\/\/heimatverein-nieder-roden.de\/wp-content\/uploads\/2019\/06\/Rodgau-Zeitung_Titel_Symbolbild-300x55.png\" class=\"attachment-medium size-medium wp-post-image\" alt=\"\" srcset=\"https:\/\/heimatverein-nieder-roden.de\/wp-content\/uploads\/2019\/06\/Rodgau-Zeitung_Titel_Symbolbild-300x55.png 300w, https:\/\/heimatverein-nieder-roden.de\/wp-content\/uploads\/2019\/06\/Rodgau-Zeitung_Titel_Symbolbild-768x142.png 768w, https:\/\/heimatverein-nieder-roden.de\/wp-content\/uploads\/2019\/06\/Rodgau-Zeitung_Titel_Symbolbild-1024x189.png 1024w\" sizes=\"(max-width: 300px) 100vw, 300px\" \/><\/a> <a class=\"title\" href=\"https:\/\/heimatverein-nieder-roden.de\/?p=7666\">&#8222;Laternenumz\u00fcge in Rodgau&#8220;<\/a> <span class=\"excerpt-dash\">-<\/span> <span class=\"excerpt\">Artikel in der Rodgau-Zeitung vom 01.11.2024.\nWir bedanken uns herzlich f\u00fcr die Berichterstattung der Presse!<\/span><\/div><div class=\"listing-item\"><a class=\"image\" href=\"https:\/\/heimatverein-nieder-roden.de\/?p=7526\"><img decoding=\"async\" width=\"300\" height=\"189\" src=\"https:\/\/heimatverein-nieder-roden.de\/wp-content\/uploads\/2024\/09\/grafik-300x189.png\" class=\"attachment-medium size-medium wp-post-image\" alt=\"\" srcset=\"https:\/\/heimatverein-nieder-roden.de\/wp-content\/uploads\/2024\/09\/grafik-300x189.png 300w, https:\/\/heimatverein-nieder-roden.de\/wp-content\/uploads\/2024\/09\/grafik-1024x644.png 1024w, https:\/\/heimatverein-nieder-roden.de\/wp-content\/uploads\/2024\/09\/grafik-768x483.png 768w, https:\/\/heimatverein-nieder-roden.de\/wp-content\/uploads\/2024\/09\/grafik-836x526.png 836w, https:\/\/heimatverein-nieder-roden.de\/wp-content\/uploads\/2024\/09\/grafik-560x352.png 560w, https:\/\/heimatverein-nieder-roden.de\/wp-content\/uploads\/2024\/09\/grafik.png 1119w\" sizes=\"(max-width: 300px) 100vw, 300px\" \/><\/a> <a class=\"title\" href=\"https:\/\/heimatverein-nieder-roden.de\/?p=7526\">&#8222;Nieder-Roden feiert f\u00fcnf Tage Kirchweih&#8220;<\/a> <span class=\"excerpt-dash\">-<\/span> <span class=\"excerpt\">Artikel der Offenbach-Post auf OP-Online.de vom 10.09.2024. \nWir bedanken uns herzlich f\u00fcr die Berichterstattung der Presse!<\/span><\/div><div class=\"listing-item\"><a class=\"image\" href=\"https:\/\/heimatverein-nieder-roden.de\/?p=7399\"><img decoding=\"async\" width=\"300\" height=\"197\" src=\"https:\/\/heimatverein-nieder-roden.de\/wp-content\/uploads\/2024\/08\/grafik-2-300x197.png\" class=\"attachment-medium size-medium wp-post-image\" alt=\"\" srcset=\"https:\/\/heimatverein-nieder-roden.de\/wp-content\/uploads\/2024\/08\/grafik-2-300x197.png 300w, https:\/\/heimatverein-nieder-roden.de\/wp-content\/uploads\/2024\/08\/grafik-2-1024x673.png 1024w, https:\/\/heimatverein-nieder-roden.de\/wp-content\/uploads\/2024\/08\/grafik-2-768x504.png 768w, https:\/\/heimatverein-nieder-roden.de\/wp-content\/uploads\/2024\/08\/grafik-2-836x549.png 836w, https:\/\/heimatverein-nieder-roden.de\/wp-content\/uploads\/2024\/08\/grafik-2-560x368.png 560w, https:\/\/heimatverein-nieder-roden.de\/wp-content\/uploads\/2024\/08\/grafik-2.png 1116w\" sizes=\"(max-width: 300px) 100vw, 300px\" \/><\/a> <a class=\"title\" href=\"https:\/\/heimatverein-nieder-roden.de\/?p=7399\">&#8222;In Rodgau gibt es ein Klassenzimmer wie vor 100 Jahren&#8220;<\/a> <span class=\"excerpt-dash\">-<\/span> <span class=\"excerpt\">Artikel der Offenbach-Post auf OP-Online.de vom 23.08.2024. \nWir bedanken uns herzlich f\u00fcr die Berichterstattung der Presse!<\/span><\/div><div class=\"listing-item\"><a class=\"image\" href=\"https:\/\/heimatverein-nieder-roden.de\/?p=7173\"><img decoding=\"async\" width=\"300\" height=\"191\" src=\"https:\/\/heimatverein-nieder-roden.de\/wp-content\/uploads\/2024\/08\/grafik-300x191.png\" class=\"attachment-medium size-medium wp-post-image\" alt=\"\" srcset=\"https:\/\/heimatverein-nieder-roden.de\/wp-content\/uploads\/2024\/08\/grafik-300x191.png 300w, https:\/\/heimatverein-nieder-roden.de\/wp-content\/uploads\/2024\/08\/grafik-1024x652.png 1024w, https:\/\/heimatverein-nieder-roden.de\/wp-content\/uploads\/2024\/08\/grafik-768x489.png 768w, https:\/\/heimatverein-nieder-roden.de\/wp-content\/uploads\/2024\/08\/grafik-836x533.png 836w, https:\/\/heimatverein-nieder-roden.de\/wp-content\/uploads\/2024\/08\/grafik-560x357.png 560w, https:\/\/heimatverein-nieder-roden.de\/wp-content\/uploads\/2024\/08\/grafik.png 1102w\" sizes=\"(max-width: 300px) 100vw, 300px\" \/><\/a> <a class=\"title\" href=\"https:\/\/heimatverein-nieder-roden.de\/?p=7173\">&#8222;Stadt bezahlt Wartungskosten f\u00fcr zugewuchertes Gleis &#8211; w\u00e4re es wirklich reaktivierbar?&#8220;<\/a> <span class=\"excerpt-dash\">-<\/span> <span class=\"excerpt\">Artikel der Offenbach-Post auf OP-Online.de vom 16.08.2024, zum alten Gleisanschluss im Industriegebiet Nieder-Roden S\u00fcd. <\/span><\/div><div class=\"listing-item\"><a class=\"image\" href=\"https:\/\/heimatverein-nieder-roden.de\/?p=7132\"><img decoding=\"async\" width=\"300\" height=\"55\" src=\"https:\/\/heimatverein-nieder-roden.de\/wp-content\/uploads\/2019\/06\/Rodgau-Zeitung_Titel_Symbolbild-300x55.png\" class=\"attachment-medium size-medium wp-post-image\" alt=\"\" srcset=\"https:\/\/heimatverein-nieder-roden.de\/wp-content\/uploads\/2019\/06\/Rodgau-Zeitung_Titel_Symbolbild-300x55.png 300w, https:\/\/heimatverein-nieder-roden.de\/wp-content\/uploads\/2019\/06\/Rodgau-Zeitung_Titel_Symbolbild-768x142.png 768w, https:\/\/heimatverein-nieder-roden.de\/wp-content\/uploads\/2019\/06\/Rodgau-Zeitung_Titel_Symbolbild-1024x189.png 1024w\" sizes=\"(max-width: 300px) 100vw, 300px\" \/><\/a> <a class=\"title\" href=\"https:\/\/heimatverein-nieder-roden.de\/?p=7132\">&#8222;Werzborre und Oischulfoddo beim Heimatverein&#8220;<\/a> <span class=\"excerpt-dash\">-<\/span> <span class=\"excerpt\">Artikel in der Rodgau-Zeitung vom 26.07.2024.\nWir bedanken uns herzlich f\u00fcr die Berichterstattung der Presse!<\/span><\/div><div class=\"listing-item\"><a class=\"image\" href=\"https:\/\/heimatverein-nieder-roden.de\/?p=7129\"><img decoding=\"async\" width=\"300\" height=\"96\" src=\"https:\/\/heimatverein-nieder-roden.de\/wp-content\/uploads\/2019\/06\/Rodgau-Post_Titel_Symbolbild-300x96.jpg\" class=\"attachment-medium size-medium wp-post-image\" alt=\"\" srcset=\"https:\/\/heimatverein-nieder-roden.de\/wp-content\/uploads\/2019\/06\/Rodgau-Post_Titel_Symbolbild-300x96.jpg 300w, https:\/\/heimatverein-nieder-roden.de\/wp-content\/uploads\/2019\/06\/Rodgau-Post_Titel_Symbolbild-768x246.jpg 768w, https:\/\/heimatverein-nieder-roden.de\/wp-content\/uploads\/2019\/06\/Rodgau-Post_Titel_Symbolbild-1024x328.jpg 1024w\" sizes=\"(max-width: 300px) 100vw, 300px\" \/><\/a> <a class=\"title\" href=\"https:\/\/heimatverein-nieder-roden.de\/?p=7129\">&#8222;Bildgeschenke f\u00fcrs Museum&#8220;<\/a> <span class=\"excerpt-dash\">-<\/span> <span class=\"excerpt\">Artikel in der Rodgau-Post vom 27.07.2024.\nWir bedanken uns herzlich f\u00fcr die Berichterstattung der Presse!<\/span><\/div><div class=\"listing-item\"><a class=\"image\" href=\"https:\/\/heimatverein-nieder-roden.de\/?p=7153\"><img decoding=\"async\" width=\"300\" height=\"205\" src=\"https:\/\/heimatverein-nieder-roden.de\/wp-content\/uploads\/2024\/08\/grafik-1-300x205.png\" class=\"attachment-medium size-medium wp-post-image\" alt=\"\" srcset=\"https:\/\/heimatverein-nieder-roden.de\/wp-content\/uploads\/2024\/08\/grafik-1-300x205.png 300w, https:\/\/heimatverein-nieder-roden.de\/wp-content\/uploads\/2024\/08\/grafik-1-1024x700.png 1024w, https:\/\/heimatverein-nieder-roden.de\/wp-content\/uploads\/2024\/08\/grafik-1-768x525.png 768w, https:\/\/heimatverein-nieder-roden.de\/wp-content\/uploads\/2024\/08\/grafik-1-836x571.png 836w, https:\/\/heimatverein-nieder-roden.de\/wp-content\/uploads\/2024\/08\/grafik-1-560x383.png 560w, https:\/\/heimatverein-nieder-roden.de\/wp-content\/uploads\/2024\/08\/grafik-1.png 1064w\" sizes=\"(max-width: 300px) 100vw, 300px\" \/><\/a> <a class=\"title\" href=\"https:\/\/heimatverein-nieder-roden.de\/?p=7153\">&#8222;Architektenwettbewerb f\u00fcr neues Sozialzentrum am Puiseauxplatz&#8220;<\/a> <span class=\"excerpt-dash\">-<\/span> <span class=\"excerpt\">Artikel der Offenbach-Post auf OP-Online.de vom 25.07.2024. \nWir bedanken uns herzlich f\u00fcr die Berichterstattung der Presse!<\/span><\/div><div class=\"listing-item\"><a class=\"image\" href=\"https:\/\/heimatverein-nieder-roden.de\/?p=7047\"><img decoding=\"async\" width=\"300\" height=\"55\" src=\"https:\/\/heimatverein-nieder-roden.de\/wp-content\/uploads\/2019\/06\/Rodgau-Zeitung_Titel_Symbolbild-300x55.png\" class=\"attachment-medium size-medium wp-post-image\" alt=\"\" srcset=\"https:\/\/heimatverein-nieder-roden.de\/wp-content\/uploads\/2019\/06\/Rodgau-Zeitung_Titel_Symbolbild-300x55.png 300w, https:\/\/heimatverein-nieder-roden.de\/wp-content\/uploads\/2019\/06\/Rodgau-Zeitung_Titel_Symbolbild-768x142.png 768w, https:\/\/heimatverein-nieder-roden.de\/wp-content\/uploads\/2019\/06\/Rodgau-Zeitung_Titel_Symbolbild-1024x189.png 1024w\" sizes=\"(max-width: 300px) 100vw, 300px\" \/><\/a> <a class=\"title\" href=\"https:\/\/heimatverein-nieder-roden.de\/?p=7047\">&#8222;Sport auch au\u00dferhalb der Schulzeit&#8220;<\/a> <span class=\"excerpt-dash\">-<\/span> <span class=\"excerpt\">Artikel in der Rodgau-Zeitung vom 19.07.2024 zum Bolzplatz an der Heinrich-B\u00f6ll-Schule (HBS).\nWir bedanken uns herzlich f\u00fcr die Berichterstattung der Presse!<\/span><\/div><div class=\"listing-item\"><a class=\"image\" href=\"https:\/\/heimatverein-nieder-roden.de\/?p=7035\"><img decoding=\"async\" width=\"300\" height=\"204\" src=\"https:\/\/heimatverein-nieder-roden.de\/wp-content\/uploads\/2024\/07\/grafik-4-300x204.png\" class=\"attachment-medium size-medium wp-post-image\" alt=\"\" srcset=\"https:\/\/heimatverein-nieder-roden.de\/wp-content\/uploads\/2024\/07\/grafik-4-300x204.png 300w, https:\/\/heimatverein-nieder-roden.de\/wp-content\/uploads\/2024\/07\/grafik-4-1024x697.png 1024w, https:\/\/heimatverein-nieder-roden.de\/wp-content\/uploads\/2024\/07\/grafik-4-768x523.png 768w, https:\/\/heimatverein-nieder-roden.de\/wp-content\/uploads\/2024\/07\/grafik-4-836x569.png 836w, https:\/\/heimatverein-nieder-roden.de\/wp-content\/uploads\/2024\/07\/grafik-4-560x381.png 560w, https:\/\/heimatverein-nieder-roden.de\/wp-content\/uploads\/2024\/07\/grafik-4.png 1121w\" sizes=\"(max-width: 300px) 100vw, 300px\" \/><\/a> <a class=\"title\" href=\"https:\/\/heimatverein-nieder-roden.de\/?p=7035\">&#8222;Linden am alten Friedhof bleiben nun doch stehen&#8220;<\/a> <span class=\"excerpt-dash\">-<\/span> <span class=\"excerpt\">Artikel der Offenbach-Post auf OP-Online.de vom 10.07.2024. \nWir bedanken uns herzlich f\u00fcr die Berichterstattung der Presse!<\/span><\/div><div class=\"listing-item\"><a class=\"image\" href=\"https:\/\/heimatverein-nieder-roden.de\/?p=6966\"><img decoding=\"async\" width=\"300\" height=\"43\" src=\"https:\/\/heimatverein-nieder-roden.de\/wp-content\/uploads\/2019\/06\/Offenbach-Post_Titel_Symbolbild-300x43.png\" class=\"attachment-medium size-medium wp-post-image\" alt=\"\" srcset=\"https:\/\/heimatverein-nieder-roden.de\/wp-content\/uploads\/2019\/06\/Offenbach-Post_Titel_Symbolbild-300x43.png 300w, https:\/\/heimatverein-nieder-roden.de\/wp-content\/uploads\/2019\/06\/Offenbach-Post_Titel_Symbolbild-768x111.png 768w, https:\/\/heimatverein-nieder-roden.de\/wp-content\/uploads\/2019\/06\/Offenbach-Post_Titel_Symbolbild-1024x148.png 1024w\" sizes=\"(max-width: 300px) 100vw, 300px\" \/><\/a> <a class=\"title\" href=\"https:\/\/heimatverein-nieder-roden.de\/?p=6966\">&#8222;Ex-Banker sammelt Geld-Ersatz aus Rodgau&#8220;<\/a> <span class=\"excerpt-dash\">-<\/span> <span class=\"excerpt\">Artikel der Offenbach-Post auf OP-Online.de vom 04.07.2024. \nWir bedanken uns herzlich f\u00fcr die Berichterstattung der Presse!<\/span><\/div><div class=\"listing-item\"><a class=\"image\" href=\"https:\/\/heimatverein-nieder-roden.de\/?p=6937\"><img decoding=\"async\" width=\"300\" height=\"191\" src=\"https:\/\/heimatverein-nieder-roden.de\/wp-content\/uploads\/2024\/06\/grafik-2-300x191.png\" class=\"attachment-medium size-medium wp-post-image\" alt=\"\" srcset=\"https:\/\/heimatverein-nieder-roden.de\/wp-content\/uploads\/2024\/06\/grafik-2-300x191.png 300w, https:\/\/heimatverein-nieder-roden.de\/wp-content\/uploads\/2024\/06\/grafik-2-1024x651.png 1024w, https:\/\/heimatverein-nieder-roden.de\/wp-content\/uploads\/2024\/06\/grafik-2-768x488.png 768w, https:\/\/heimatverein-nieder-roden.de\/wp-content\/uploads\/2024\/06\/grafik-2-836x532.png 836w, https:\/\/heimatverein-nieder-roden.de\/wp-content\/uploads\/2024\/06\/grafik-2-560x356.png 560w, https:\/\/heimatverein-nieder-roden.de\/wp-content\/uploads\/2024\/06\/grafik-2.png 1425w\" sizes=\"(max-width: 300px) 100vw, 300px\" \/><\/a> <a class=\"title\" href=\"https:\/\/heimatverein-nieder-roden.de\/?p=6937\">&#8222;Rodgauer Blasmusik: Rentner spielen vier Stunden am St\u00fcck&#8220;<\/a> <span class=\"excerpt-dash\">-<\/span> <span class=\"excerpt\">Artikel der Offenbach-Post auf OP-Online.de vom 26.06.2024. \nWir bedanken uns herzlich f\u00fcr die Berichterstattung der Presse!<\/span><\/div><div class=\"listing-item\"><a class=\"image\" href=\"https:\/\/heimatverein-nieder-roden.de\/?p=6934\"><img decoding=\"async\" width=\"300\" height=\"159\" src=\"https:\/\/heimatverein-nieder-roden.de\/wp-content\/uploads\/2024\/06\/grafik-1-300x159.png\" class=\"attachment-medium size-medium wp-post-image\" alt=\"\" srcset=\"https:\/\/heimatverein-nieder-roden.de\/wp-content\/uploads\/2024\/06\/grafik-1-300x159.png 300w, https:\/\/heimatverein-nieder-roden.de\/wp-content\/uploads\/2024\/06\/grafik-1-1024x544.png 1024w, https:\/\/heimatverein-nieder-roden.de\/wp-content\/uploads\/2024\/06\/grafik-1-768x408.png 768w, https:\/\/heimatverein-nieder-roden.de\/wp-content\/uploads\/2024\/06\/grafik-1-836x444.png 836w, https:\/\/heimatverein-nieder-roden.de\/wp-content\/uploads\/2024\/06\/grafik-1-560x297.png 560w, https:\/\/heimatverein-nieder-roden.de\/wp-content\/uploads\/2024\/06\/grafik-1.png 1100w\" sizes=\"(max-width: 300px) 100vw, 300px\" \/><\/a> <a class=\"title\" href=\"https:\/\/heimatverein-nieder-roden.de\/?p=6934\">&#8222;Alte B\u00e4ume haben in Rodgau viele Freunde&#8220;<\/a> <span class=\"excerpt-dash\">-<\/span> <span class=\"excerpt\">Artikel der Offenbach-Post auf OP-Online.de vom 20.06.2024. \nWir bedanken uns herzlich f\u00fcr die Berichterstattung der Presse!<\/span><\/div><div class=\"listing-item\"><a class=\"image\" href=\"https:\/\/heimatverein-nieder-roden.de\/?p=6649\"><img decoding=\"async\" width=\"300\" height=\"155\" src=\"https:\/\/heimatverein-nieder-roden.de\/wp-content\/uploads\/2024\/04\/Bildschirmfoto-2024-04-02-um-13.58.00-300x155.png\" class=\"attachment-medium size-medium wp-post-image\" alt=\"\" srcset=\"https:\/\/heimatverein-nieder-roden.de\/wp-content\/uploads\/2024\/04\/Bildschirmfoto-2024-04-02-um-13.58.00-300x155.png 300w, https:\/\/heimatverein-nieder-roden.de\/wp-content\/uploads\/2024\/04\/Bildschirmfoto-2024-04-02-um-13.58.00-1024x530.png 1024w, https:\/\/heimatverein-nieder-roden.de\/wp-content\/uploads\/2024\/04\/Bildschirmfoto-2024-04-02-um-13.58.00-768x398.png 768w, https:\/\/heimatverein-nieder-roden.de\/wp-content\/uploads\/2024\/04\/Bildschirmfoto-2024-04-02-um-13.58.00-1536x795.png 1536w, https:\/\/heimatverein-nieder-roden.de\/wp-content\/uploads\/2024\/04\/Bildschirmfoto-2024-04-02-um-13.58.00-836x433.png 836w, https:\/\/heimatverein-nieder-roden.de\/wp-content\/uploads\/2024\/04\/Bildschirmfoto-2024-04-02-um-13.58.00-560x290.png 560w, https:\/\/heimatverein-nieder-roden.de\/wp-content\/uploads\/2024\/04\/Bildschirmfoto-2024-04-02-um-13.58.00.png 2012w\" sizes=\"(max-width: 300px) 100vw, 300px\" \/><\/a> <a class=\"title\" href=\"https:\/\/heimatverein-nieder-roden.de\/?p=6649\">&#8222;Siebenarmiger Leuchter als Geschenk f\u00fcr ehemalige Synagoge in Rodgau&#8220;<\/a> <span class=\"excerpt-dash\">-<\/span> <span class=\"excerpt\">Artikel der Offenbach-Post auf OP-Online.de vom 01.04.2024. \nWir bedanken uns herzlich f\u00fcr die Berichterstattung der Presse!<\/span><\/div><div class=\"listing-item\"><a class=\"image\" href=\"https:\/\/heimatverein-nieder-roden.de\/?p=6588\"><img decoding=\"async\" width=\"300\" height=\"173\" src=\"https:\/\/heimatverein-nieder-roden.de\/wp-content\/uploads\/2024\/02\/grafik-1-300x173.png\" class=\"attachment-medium size-medium wp-post-image\" alt=\"\" srcset=\"https:\/\/heimatverein-nieder-roden.de\/wp-content\/uploads\/2024\/02\/grafik-1-300x173.png 300w, https:\/\/heimatverein-nieder-roden.de\/wp-content\/uploads\/2024\/02\/grafik-1-1024x591.png 1024w, https:\/\/heimatverein-nieder-roden.de\/wp-content\/uploads\/2024\/02\/grafik-1-768x443.png 768w, https:\/\/heimatverein-nieder-roden.de\/wp-content\/uploads\/2024\/02\/grafik-1-836x482.png 836w, https:\/\/heimatverein-nieder-roden.de\/wp-content\/uploads\/2024\/02\/grafik-1-560x323.png 560w, https:\/\/heimatverein-nieder-roden.de\/wp-content\/uploads\/2024\/02\/grafik-1.png 1113w\" sizes=\"(max-width: 300px) 100vw, 300px\" \/><\/a> <a class=\"title\" href=\"https:\/\/heimatverein-nieder-roden.de\/?p=6588\">&#8222;Rodgau startet Planerwettbewerb f\u00fcr Sozialzentrum am Puiseauxplatz&#8220;<\/a> <span class=\"excerpt-dash\">-<\/span> <span class=\"excerpt\">Artikel der Offenbach-Post auf OP-Online.de vom 07.02.2024. \nWir bedanken uns herzlich f\u00fcr die Berichterstattung der Presse!<\/span><\/div><div class=\"listing-item\"><a class=\"image\" href=\"https:\/\/heimatverein-nieder-roden.de\/?p=6409\"><img decoding=\"async\" width=\"300\" height=\"155\" src=\"https:\/\/heimatverein-nieder-roden.de\/wp-content\/uploads\/2024\/01\/grafik-2-300x155.png\" class=\"attachment-medium size-medium wp-post-image\" alt=\"\" srcset=\"https:\/\/heimatverein-nieder-roden.de\/wp-content\/uploads\/2024\/01\/grafik-2-300x155.png 300w, https:\/\/heimatverein-nieder-roden.de\/wp-content\/uploads\/2024\/01\/grafik-2-768x397.png 768w, https:\/\/heimatverein-nieder-roden.de\/wp-content\/uploads\/2024\/01\/grafik-2-836x432.png 836w, https:\/\/heimatverein-nieder-roden.de\/wp-content\/uploads\/2024\/01\/grafik-2-560x289.png 560w, https:\/\/heimatverein-nieder-roden.de\/wp-content\/uploads\/2024\/01\/grafik-2.png 1020w\" sizes=\"(max-width: 300px) 100vw, 300px\" \/><\/a> <a class=\"title\" href=\"https:\/\/heimatverein-nieder-roden.de\/?p=6409\">&#8222;Alte Postkarten im Stadtarchiv Rodgau&#8220;<\/a> <span class=\"excerpt-dash\">-<\/span> <span class=\"excerpt\">Artikel der Offenbach-Post auf OP-Online.de vom 03.01.2024 \nWir bedanken uns herzlich f\u00fcr die Berichterstattung der Presse!<\/span><\/div><div class=\"listing-item\"><a class=\"image\" href=\"https:\/\/heimatverein-nieder-roden.de\/?p=6404\"><img decoding=\"async\" width=\"300\" height=\"177\" src=\"https:\/\/heimatverein-nieder-roden.de\/wp-content\/uploads\/2024\/01\/grafik-1-300x177.png\" class=\"attachment-medium size-medium wp-post-image\" alt=\"\" srcset=\"https:\/\/heimatverein-nieder-roden.de\/wp-content\/uploads\/2024\/01\/grafik-1-300x177.png 300w, https:\/\/heimatverein-nieder-roden.de\/wp-content\/uploads\/2024\/01\/grafik-1-768x452.png 768w, https:\/\/heimatverein-nieder-roden.de\/wp-content\/uploads\/2024\/01\/grafik-1-836x492.png 836w, https:\/\/heimatverein-nieder-roden.de\/wp-content\/uploads\/2024\/01\/grafik-1-560x330.png 560w, https:\/\/heimatverein-nieder-roden.de\/wp-content\/uploads\/2024\/01\/grafik-1.png 1024w\" sizes=\"(max-width: 300px) 100vw, 300px\" \/><\/a> <a class=\"title\" href=\"https:\/\/heimatverein-nieder-roden.de\/?p=6404\">&#8222;Rollwald feiert Tannenfest&#8220;<\/a> <span class=\"excerpt-dash\">-<\/span> <span class=\"excerpt\">Artikel der Offenbach-Post auf OP-Online.de vom 12.01.2024 \nWir bedanken uns herzlich f\u00fcr die Berichterstattung der Presse!<\/span><\/div><div class=\"listing-item\"><a class=\"image\" href=\"https:\/\/heimatverein-nieder-roden.de\/?p=6401\"><img decoding=\"async\" width=\"300\" height=\"165\" src=\"https:\/\/heimatverein-nieder-roden.de\/wp-content\/uploads\/2024\/01\/grafik-300x165.png\" class=\"attachment-medium size-medium wp-post-image\" alt=\"\" srcset=\"https:\/\/heimatverein-nieder-roden.de\/wp-content\/uploads\/2024\/01\/grafik-300x165.png 300w, https:\/\/heimatverein-nieder-roden.de\/wp-content\/uploads\/2024\/01\/grafik-768x422.png 768w, https:\/\/heimatverein-nieder-roden.de\/wp-content\/uploads\/2024\/01\/grafik-836x459.png 836w, https:\/\/heimatverein-nieder-roden.de\/wp-content\/uploads\/2024\/01\/grafik-560x308.png 560w, https:\/\/heimatverein-nieder-roden.de\/wp-content\/uploads\/2024\/01\/grafik.png 1018w\" sizes=\"(max-width: 300px) 100vw, 300px\" \/><\/a> <a class=\"title\" href=\"https:\/\/heimatverein-nieder-roden.de\/?p=6401\">&#8222;Mehr Leben auf den Puiseauxplatz in Rodgau&#8220;<\/a> <span class=\"excerpt-dash\">-<\/span> <span class=\"excerpt\">Artikel der Offenbach-Post auf OP-Online.de vom 10.01.2024. \nWir bedanken uns herzlich f\u00fcr die Berichterstattung der Presse!<\/span><\/div><div class=\"listing-item\"><a class=\"image\" href=\"https:\/\/heimatverein-nieder-roden.de\/?p=6377\"><img decoding=\"async\" width=\"300\" height=\"43\" src=\"https:\/\/heimatverein-nieder-roden.de\/wp-content\/uploads\/2019\/06\/Offenbach-Post_Titel_Symbolbild-300x43.png\" class=\"attachment-medium size-medium wp-post-image\" alt=\"\" srcset=\"https:\/\/heimatverein-nieder-roden.de\/wp-content\/uploads\/2019\/06\/Offenbach-Post_Titel_Symbolbild-300x43.png 300w, https:\/\/heimatverein-nieder-roden.de\/wp-content\/uploads\/2019\/06\/Offenbach-Post_Titel_Symbolbild-768x111.png 768w, https:\/\/heimatverein-nieder-roden.de\/wp-content\/uploads\/2019\/06\/Offenbach-Post_Titel_Symbolbild-1024x148.png 1024w\" sizes=\"(max-width: 300px) 100vw, 300px\" \/><\/a> <a class=\"title\" href=\"https:\/\/heimatverein-nieder-roden.de\/?p=6377\">&#8222;Konzertorchester Nieder-Roden auf &#8218;Sternenreise'&#8220;<\/a> <span class=\"excerpt-dash\">-<\/span> <span class=\"excerpt\">Artikel der Offenbach-Post auf OP-Online.de vom 28.12.2023. \nWir bedanken uns herzlich f\u00fcr die Berichterstattung der Presse!<\/span><\/div><div class=\"listing-item\"><a class=\"image\" href=\"https:\/\/heimatverein-nieder-roden.de\/?p=6373\"><img decoding=\"async\" width=\"300\" height=\"55\" src=\"https:\/\/heimatverein-nieder-roden.de\/wp-content\/uploads\/2019\/06\/Rodgau-Zeitung_Titel_Symbolbild-300x55.png\" class=\"attachment-medium size-medium wp-post-image\" alt=\"\" srcset=\"https:\/\/heimatverein-nieder-roden.de\/wp-content\/uploads\/2019\/06\/Rodgau-Zeitung_Titel_Symbolbild-300x55.png 300w, https:\/\/heimatverein-nieder-roden.de\/wp-content\/uploads\/2019\/06\/Rodgau-Zeitung_Titel_Symbolbild-768x142.png 768w, https:\/\/heimatverein-nieder-roden.de\/wp-content\/uploads\/2019\/06\/Rodgau-Zeitung_Titel_Symbolbild-1024x189.png 1024w\" sizes=\"(max-width: 300px) 100vw, 300px\" \/><\/a> <a class=\"title\" href=\"https:\/\/heimatverein-nieder-roden.de\/?p=6373\">&#8222;Adventsmarkt zieht Besucher trotz Regens an&#8220;<\/a> <span class=\"excerpt-dash\">-<\/span> <span class=\"excerpt\">Artikel in der Rodgau-Zeitung vom 15.12.2023. Wir bedanken uns herzlich f\u00fcr die Berichterstattung der Presse!<\/span><\/div><div class=\"listing-item\"><a class=\"image\" href=\"https:\/\/heimatverein-nieder-roden.de\/?p=6342\"><img decoding=\"async\" width=\"300\" height=\"43\" src=\"https:\/\/heimatverein-nieder-roden.de\/wp-content\/uploads\/2019\/06\/Offenbach-Post_Titel_Symbolbild-300x43.png\" class=\"attachment-medium size-medium wp-post-image\" alt=\"\" srcset=\"https:\/\/heimatverein-nieder-roden.de\/wp-content\/uploads\/2019\/06\/Offenbach-Post_Titel_Symbolbild-300x43.png 300w, https:\/\/heimatverein-nieder-roden.de\/wp-content\/uploads\/2019\/06\/Offenbach-Post_Titel_Symbolbild-768x111.png 768w, https:\/\/heimatverein-nieder-roden.de\/wp-content\/uploads\/2019\/06\/Offenbach-Post_Titel_Symbolbild-1024x148.png 1024w\" sizes=\"(max-width: 300px) 100vw, 300px\" \/><\/a> <a class=\"title\" href=\"https:\/\/heimatverein-nieder-roden.de\/?p=6342\">&#8222;Adventsmarkt in Rodgau trotzt dem Regen&#8220;<\/a> <span class=\"excerpt-dash\">-<\/span> <span class=\"excerpt\">Artikel der Offenbach-Post auf OP-Online.de vom 06.12.2023. \nWir bedanken uns herzlich f\u00fcr die Berichterstattung der Presse!<\/span><\/div><div class=\"listing-item\"><a class=\"image\" href=\"https:\/\/heimatverein-nieder-roden.de\/?p=6339\"><img decoding=\"async\" width=\"300\" height=\"43\" src=\"https:\/\/heimatverein-nieder-roden.de\/wp-content\/uploads\/2019\/06\/Offenbach-Post_Titel_Symbolbild-300x43.png\" class=\"attachment-medium size-medium wp-post-image\" alt=\"\" srcset=\"https:\/\/heimatverein-nieder-roden.de\/wp-content\/uploads\/2019\/06\/Offenbach-Post_Titel_Symbolbild-300x43.png 300w, https:\/\/heimatverein-nieder-roden.de\/wp-content\/uploads\/2019\/06\/Offenbach-Post_Titel_Symbolbild-768x111.png 768w, https:\/\/heimatverein-nieder-roden.de\/wp-content\/uploads\/2019\/06\/Offenbach-Post_Titel_Symbolbild-1024x148.png 1024w\" sizes=\"(max-width: 300px) 100vw, 300px\" \/><\/a> <a class=\"title\" href=\"https:\/\/heimatverein-nieder-roden.de\/?p=6339\">&#8222;Rollwald: B\u00fcrger sind gefragt&#8220;<\/a> <span class=\"excerpt-dash\">-<\/span> <span class=\"excerpt\">Artikel der Offenbach-Post auf OP-Online.de vom 08.12.2023. \nWir bedanken uns herzlich f\u00fcr die Berichterstattung der Presse!<\/span><\/div><div class=\"listing-item\"><a class=\"image\" href=\"https:\/\/heimatverein-nieder-roden.de\/?p=6336\"><img decoding=\"async\" width=\"300\" height=\"43\" src=\"https:\/\/heimatverein-nieder-roden.de\/wp-content\/uploads\/2019\/06\/Offenbach-Post_Titel_Symbolbild-300x43.png\" class=\"attachment-medium size-medium wp-post-image\" alt=\"\" srcset=\"https:\/\/heimatverein-nieder-roden.de\/wp-content\/uploads\/2019\/06\/Offenbach-Post_Titel_Symbolbild-300x43.png 300w, https:\/\/heimatverein-nieder-roden.de\/wp-content\/uploads\/2019\/06\/Offenbach-Post_Titel_Symbolbild-768x111.png 768w, https:\/\/heimatverein-nieder-roden.de\/wp-content\/uploads\/2019\/06\/Offenbach-Post_Titel_Symbolbild-1024x148.png 1024w\" sizes=\"(max-width: 300px) 100vw, 300px\" \/><\/a> <a class=\"title\" href=\"https:\/\/heimatverein-nieder-roden.de\/?p=6336\">&#8222;Geheimnisvoller Grabstein entschl\u00fcsselt&#8220;<\/a> <span class=\"excerpt-dash\">-<\/span> <span class=\"excerpt\">Artikel der Offenbach-Post auf OP-Online.de vom 06.12.2023. \nWir bedanken uns herzlich f\u00fcr die Berichterstattung der Presse!<\/span><\/div><div class=\"listing-item\"><a class=\"image\" href=\"https:\/\/heimatverein-nieder-roden.de\/?p=6333\"><img decoding=\"async\" width=\"300\" height=\"96\" src=\"https:\/\/heimatverein-nieder-roden.de\/wp-content\/uploads\/2019\/06\/Rodgau-Post_Titel_Symbolbild-300x96.jpg\" class=\"attachment-medium size-medium wp-post-image\" alt=\"\" srcset=\"https:\/\/heimatverein-nieder-roden.de\/wp-content\/uploads\/2019\/06\/Rodgau-Post_Titel_Symbolbild-300x96.jpg 300w, https:\/\/heimatverein-nieder-roden.de\/wp-content\/uploads\/2019\/06\/Rodgau-Post_Titel_Symbolbild-768x246.jpg 768w, https:\/\/heimatverein-nieder-roden.de\/wp-content\/uploads\/2019\/06\/Rodgau-Post_Titel_Symbolbild-1024x328.jpg 1024w\" sizes=\"(max-width: 300px) 100vw, 300px\" \/><\/a> <a class=\"title\" href=\"https:\/\/heimatverein-nieder-roden.de\/?p=6333\">&#8222;Budenzauber trotzt dem Regen&#8220;<\/a> <span class=\"excerpt-dash\">-<\/span> <span class=\"excerpt\">Artikel in der Rodgau-Post vom 14.12.2023. Wir bedanken uns herzlich f\u00fcr die Berichterstattung der Presse!<\/span><\/div><div class=\"listing-item\"><a class=\"image\" href=\"https:\/\/heimatverein-nieder-roden.de\/?p=6064\"><img decoding=\"async\" width=\"300\" height=\"55\" src=\"https:\/\/heimatverein-nieder-roden.de\/wp-content\/uploads\/2019\/06\/Rodgau-Zeitung_Titel_Symbolbild-300x55.png\" class=\"attachment-medium size-medium wp-post-image\" alt=\"\" srcset=\"https:\/\/heimatverein-nieder-roden.de\/wp-content\/uploads\/2019\/06\/Rodgau-Zeitung_Titel_Symbolbild-300x55.png 300w, https:\/\/heimatverein-nieder-roden.de\/wp-content\/uploads\/2019\/06\/Rodgau-Zeitung_Titel_Symbolbild-768x142.png 768w, https:\/\/heimatverein-nieder-roden.de\/wp-content\/uploads\/2019\/06\/Rodgau-Zeitung_Titel_Symbolbild-1024x189.png 1024w\" sizes=\"(max-width: 300px) 100vw, 300px\" \/><\/a> <a class=\"title\" href=\"https:\/\/heimatverein-nieder-roden.de\/?p=6064\">&#8222;Kerb Nieder-Roden: Bieranstich mit einem Schlag erledigt&#8220;<\/a> <span class=\"excerpt-dash\">-<\/span> <span class=\"excerpt\">Artikel in der Rodgau-Zeitung vom 15.09.2023.\nWir bedanken uns herzlich f\u00fcr die Berichterstattung der Presse!<\/span><\/div><div class=\"listing-item\"><a class=\"image\" href=\"https:\/\/heimatverein-nieder-roden.de\/?p=6009\"><img decoding=\"async\" width=\"300\" height=\"43\" src=\"https:\/\/heimatverein-nieder-roden.de\/wp-content\/uploads\/2019\/06\/Offenbach-Post_Titel_Symbolbild-300x43.png\" class=\"attachment-medium size-medium wp-post-image\" alt=\"\" srcset=\"https:\/\/heimatverein-nieder-roden.de\/wp-content\/uploads\/2019\/06\/Offenbach-Post_Titel_Symbolbild-300x43.png 300w, https:\/\/heimatverein-nieder-roden.de\/wp-content\/uploads\/2019\/06\/Offenbach-Post_Titel_Symbolbild-768x111.png 768w, https:\/\/heimatverein-nieder-roden.de\/wp-content\/uploads\/2019\/06\/Offenbach-Post_Titel_Symbolbild-1024x148.png 1024w\" sizes=\"(max-width: 300px) 100vw, 300px\" \/><\/a> <a class=\"title\" href=\"https:\/\/heimatverein-nieder-roden.de\/?p=6009\">&#8222;Nachdenkliche und heitere T\u00f6ne vom Kerbvadder&#8220;<\/a> <span class=\"excerpt-dash\">-<\/span> <span class=\"excerpt\">Artikel der Offenbach-Post auf OP-Online.de vom 12.09.2023. \nWir bedanken uns herzlich f\u00fcr die Berichterstattung der Presse!<\/span><\/div><div class=\"listing-item\"><a class=\"image\" href=\"https:\/\/heimatverein-nieder-roden.de\/?p=5981\"><img decoding=\"async\" width=\"300\" height=\"43\" src=\"https:\/\/heimatverein-nieder-roden.de\/wp-content\/uploads\/2019\/06\/Offenbach-Post_Titel_Symbolbild-300x43.png\" class=\"attachment-medium size-medium wp-post-image\" alt=\"\" srcset=\"https:\/\/heimatverein-nieder-roden.de\/wp-content\/uploads\/2019\/06\/Offenbach-Post_Titel_Symbolbild-300x43.png 300w, https:\/\/heimatverein-nieder-roden.de\/wp-content\/uploads\/2019\/06\/Offenbach-Post_Titel_Symbolbild-768x111.png 768w, https:\/\/heimatverein-nieder-roden.de\/wp-content\/uploads\/2019\/06\/Offenbach-Post_Titel_Symbolbild-1024x148.png 1024w\" sizes=\"(max-width: 300px) 100vw, 300px\" \/><\/a> <a class=\"title\" href=\"https:\/\/heimatverein-nieder-roden.de\/?p=5981\">&#8222;Nieder-Roden feiert Kerb mit viel Musik&#8220;<\/a> <span class=\"excerpt-dash\">-<\/span> <span class=\"excerpt\">Artikel der Offenbach-Post auf OP-Online.de vom 08.09.2023. \nWir bedanken uns herzlich f\u00fcr die Berichterstattung der Presse!<\/span><\/div><div class=\"listing-item\"><a class=\"image\" href=\"https:\/\/heimatverein-nieder-roden.de\/?p=5879\"><img decoding=\"async\" width=\"300\" height=\"55\" src=\"https:\/\/heimatverein-nieder-roden.de\/wp-content\/uploads\/2019\/06\/Rodgau-Zeitung_Titel_Symbolbild-300x55.png\" class=\"attachment-medium size-medium wp-post-image\" alt=\"\" srcset=\"https:\/\/heimatverein-nieder-roden.de\/wp-content\/uploads\/2019\/06\/Rodgau-Zeitung_Titel_Symbolbild-300x55.png 300w, https:\/\/heimatverein-nieder-roden.de\/wp-content\/uploads\/2019\/06\/Rodgau-Zeitung_Titel_Symbolbild-768x142.png 768w, https:\/\/heimatverein-nieder-roden.de\/wp-content\/uploads\/2019\/06\/Rodgau-Zeitung_Titel_Symbolbild-1024x189.png 1024w\" sizes=\"(max-width: 300px) 100vw, 300px\" \/><\/a> <a class=\"title\" href=\"https:\/\/heimatverein-nieder-roden.de\/?p=5879\">&#8222;Aktion Oischulfoddo&#8220;<\/a> <span class=\"excerpt-dash\">-<\/span> <span class=\"excerpt\">Artikel in der Rodgau-Zeitung vom 01.09.2023.\nWir bedanken uns herzlich f\u00fcr die Berichterstattung der Presse!<\/span><\/div><div class=\"listing-item\"><a class=\"image\" href=\"https:\/\/heimatverein-nieder-roden.de\/?p=5984\"><img decoding=\"async\" width=\"300\" height=\"43\" src=\"https:\/\/heimatverein-nieder-roden.de\/wp-content\/uploads\/2019\/06\/Offenbach-Post_Titel_Symbolbild-300x43.png\" class=\"attachment-medium size-medium wp-post-image\" alt=\"\" srcset=\"https:\/\/heimatverein-nieder-roden.de\/wp-content\/uploads\/2019\/06\/Offenbach-Post_Titel_Symbolbild-300x43.png 300w, https:\/\/heimatverein-nieder-roden.de\/wp-content\/uploads\/2019\/06\/Offenbach-Post_Titel_Symbolbild-768x111.png 768w, https:\/\/heimatverein-nieder-roden.de\/wp-content\/uploads\/2019\/06\/Offenbach-Post_Titel_Symbolbild-1024x148.png 1024w\" sizes=\"(max-width: 300px) 100vw, 300px\" \/><\/a> <a class=\"title\" href=\"https:\/\/heimatverein-nieder-roden.de\/?p=5984\">&#8222;Rodgau: F\u00fcrs Foto auf die historische Schulbank&#8220;<\/a> <span class=\"excerpt-dash\">-<\/span> <span class=\"excerpt\">Artikel der Offenbach-Post auf OP-Online.de vom 11.09.2023. \nWir bedanken uns herzlich f\u00fcr die Berichterstattung der Presse!<\/span><\/div><div class=\"listing-item\"><a class=\"image\" href=\"https:\/\/heimatverein-nieder-roden.de\/?p=5346\"><img decoding=\"async\" width=\"300\" height=\"43\" src=\"https:\/\/heimatverein-nieder-roden.de\/wp-content\/uploads\/2019\/06\/Offenbach-Post_Titel_Symbolbild-300x43.png\" class=\"attachment-medium size-medium wp-post-image\" alt=\"\" srcset=\"https:\/\/heimatverein-nieder-roden.de\/wp-content\/uploads\/2019\/06\/Offenbach-Post_Titel_Symbolbild-300x43.png 300w, https:\/\/heimatverein-nieder-roden.de\/wp-content\/uploads\/2019\/06\/Offenbach-Post_Titel_Symbolbild-768x111.png 768w, https:\/\/heimatverein-nieder-roden.de\/wp-content\/uploads\/2019\/06\/Offenbach-Post_Titel_Symbolbild-1024x148.png 1024w\" sizes=\"(max-width: 300px) 100vw, 300px\" \/><\/a> <a class=\"title\" href=\"https:\/\/heimatverein-nieder-roden.de\/?p=5346\">&#8222;Rodgau: Musik im Museumshof&#8220;<\/a> <span class=\"excerpt-dash\">-<\/span> <span class=\"excerpt\">Artikel der Offenbach-Post auf OP-Online.de vom 17.07.2023. \nWir bedanken uns herzlich f\u00fcr die Berichterstattung der Presse!<\/span><\/div><div class=\"listing-item\"><a class=\"image\" href=\"https:\/\/heimatverein-nieder-roden.de\/?p=5205\"><img decoding=\"async\" width=\"300\" height=\"55\" src=\"https:\/\/heimatverein-nieder-roden.de\/wp-content\/uploads\/2019\/06\/Rodgau-Zeitung_Titel_Symbolbild-300x55.png\" class=\"attachment-medium size-medium wp-post-image\" alt=\"\" srcset=\"https:\/\/heimatverein-nieder-roden.de\/wp-content\/uploads\/2019\/06\/Rodgau-Zeitung_Titel_Symbolbild-300x55.png 300w, https:\/\/heimatverein-nieder-roden.de\/wp-content\/uploads\/2019\/06\/Rodgau-Zeitung_Titel_Symbolbild-768x142.png 768w, https:\/\/heimatverein-nieder-roden.de\/wp-content\/uploads\/2019\/06\/Rodgau-Zeitung_Titel_Symbolbild-1024x189.png 1024w\" sizes=\"(max-width: 300px) 100vw, 300px\" \/><\/a> <a class=\"title\" href=\"https:\/\/heimatverein-nieder-roden.de\/?p=5205\">&#8222;Alte Grabsteine und welche Geschichten sie uns erz\u00e4hlen&#8220;<\/a> <span class=\"excerpt-dash\">-<\/span> <span class=\"excerpt\">Artikel in der Rodgau-Zeitung vom 05.05.2023.\nWir bedanken uns herzlich f\u00fcr die Berichterstattung der Presse!<\/span><\/div><div class=\"listing-item\"><a class=\"image\" href=\"https:\/\/heimatverein-nieder-roden.de\/?p=5202\"><img decoding=\"async\" width=\"300\" height=\"43\" src=\"https:\/\/heimatverein-nieder-roden.de\/wp-content\/uploads\/2019\/06\/Offenbach-Post_Titel_Symbolbild-300x43.png\" class=\"attachment-medium size-medium wp-post-image\" alt=\"\" srcset=\"https:\/\/heimatverein-nieder-roden.de\/wp-content\/uploads\/2019\/06\/Offenbach-Post_Titel_Symbolbild-300x43.png 300w, https:\/\/heimatverein-nieder-roden.de\/wp-content\/uploads\/2019\/06\/Offenbach-Post_Titel_Symbolbild-768x111.png 768w, https:\/\/heimatverein-nieder-roden.de\/wp-content\/uploads\/2019\/06\/Offenbach-Post_Titel_Symbolbild-1024x148.png 1024w\" sizes=\"(max-width: 300px) 100vw, 300px\" \/><\/a> <a class=\"title\" href=\"https:\/\/heimatverein-nieder-roden.de\/?p=5202\">&#8222;Neue Ausstellung in Rodgauer Museum&#8220;<\/a> <span class=\"excerpt-dash\">-<\/span> <span class=\"excerpt\">Artikel der Offenbach-Post auf OP-Online.de vom 05.05.2023. \nWir bedanken uns herzlich f\u00fcr die Berichterstattung der Presse!<\/span><\/div><div class=\"listing-item\"><a class=\"image\" href=\"https:\/\/heimatverein-nieder-roden.de\/?p=5110\"><img decoding=\"async\" width=\"300\" height=\"55\" src=\"https:\/\/heimatverein-nieder-roden.de\/wp-content\/uploads\/2019\/06\/Rodgau-Zeitung_Titel_Symbolbild-300x55.png\" class=\"attachment-medium size-medium wp-post-image\" alt=\"\" srcset=\"https:\/\/heimatverein-nieder-roden.de\/wp-content\/uploads\/2019\/06\/Rodgau-Zeitung_Titel_Symbolbild-300x55.png 300w, https:\/\/heimatverein-nieder-roden.de\/wp-content\/uploads\/2019\/06\/Rodgau-Zeitung_Titel_Symbolbild-768x142.png 768w, https:\/\/heimatverein-nieder-roden.de\/wp-content\/uploads\/2019\/06\/Rodgau-Zeitung_Titel_Symbolbild-1024x189.png 1024w\" sizes=\"(max-width: 300px) 100vw, 300px\" \/><\/a> <a class=\"title\" href=\"https:\/\/heimatverein-nieder-roden.de\/?p=5110\">&#8222;Musikverein und Heimatverein gemeinsam auf der Landesgartenschau&#8220;<\/a> <span class=\"excerpt-dash\">-<\/span> <span class=\"excerpt\">Artikel in der Rodgau-Zeitung vom 10.03.2023.\nWir bedanken uns herzlich f\u00fcr die Berichterstattung der Presse!<\/span><\/div><div class=\"listing-item\"><a class=\"image\" href=\"https:\/\/heimatverein-nieder-roden.de\/?p=5075\"><img decoding=\"async\" width=\"300\" height=\"43\" src=\"https:\/\/heimatverein-nieder-roden.de\/wp-content\/uploads\/2019\/06\/Offenbach-Post_Titel_Symbolbild-300x43.png\" class=\"attachment-medium size-medium wp-post-image\" alt=\"\" srcset=\"https:\/\/heimatverein-nieder-roden.de\/wp-content\/uploads\/2019\/06\/Offenbach-Post_Titel_Symbolbild-300x43.png 300w, https:\/\/heimatverein-nieder-roden.de\/wp-content\/uploads\/2019\/06\/Offenbach-Post_Titel_Symbolbild-768x111.png 768w, https:\/\/heimatverein-nieder-roden.de\/wp-content\/uploads\/2019\/06\/Offenbach-Post_Titel_Symbolbild-1024x148.png 1024w\" sizes=\"(max-width: 300px) 100vw, 300px\" \/><\/a> <a class=\"title\" href=\"https:\/\/heimatverein-nieder-roden.de\/?p=5075\">&#8222;Heimatverein aus Rodgau besucht Karl-Mayer-Haus&#8220;<\/a> <span class=\"excerpt-dash\">-<\/span> <span class=\"excerpt\">Artikel der Offenbach-Post auf OP-Online.de vom 22.02.2023. \nWir bedanken uns herzlich f\u00fcr die Berichterstattung der Presse!<\/span><\/div><div class=\"listing-item\"><a class=\"image\" href=\"https:\/\/heimatverein-nieder-roden.de\/?p=5041\"><img decoding=\"async\" width=\"300\" height=\"55\" src=\"https:\/\/heimatverein-nieder-roden.de\/wp-content\/uploads\/2019\/06\/Rodgau-Zeitung_Titel_Symbolbild-300x55.png\" class=\"attachment-medium size-medium wp-post-image\" alt=\"\" srcset=\"https:\/\/heimatverein-nieder-roden.de\/wp-content\/uploads\/2019\/06\/Rodgau-Zeitung_Titel_Symbolbild-300x55.png 300w, https:\/\/heimatverein-nieder-roden.de\/wp-content\/uploads\/2019\/06\/Rodgau-Zeitung_Titel_Symbolbild-768x142.png 768w, https:\/\/heimatverein-nieder-roden.de\/wp-content\/uploads\/2019\/06\/Rodgau-Zeitung_Titel_Symbolbild-1024x189.png 1024w\" sizes=\"(max-width: 300px) 100vw, 300px\" \/><\/a> <a class=\"title\" href=\"https:\/\/heimatverein-nieder-roden.de\/?p=5041\">&#8222;Jahresauftakt des AK f\u00fcr Heimatkunde&#8220;<\/a> <span class=\"excerpt-dash\">-<\/span> <span class=\"excerpt\">Artikel in der Rodgau-Zeitung vom 24.02.2023.\nWir bedanken uns herzlich f\u00fcr die Berichterstattung der Presse!<\/span><\/div><div class=\"listing-item\"><a class=\"image\" href=\"https:\/\/heimatverein-nieder-roden.de\/?p=5003\"><img decoding=\"async\" width=\"300\" height=\"55\" src=\"https:\/\/heimatverein-nieder-roden.de\/wp-content\/uploads\/2019\/06\/Rodgau-Zeitung_Titel_Symbolbild-300x55.png\" class=\"attachment-medium size-medium wp-post-image\" alt=\"\" srcset=\"https:\/\/heimatverein-nieder-roden.de\/wp-content\/uploads\/2019\/06\/Rodgau-Zeitung_Titel_Symbolbild-300x55.png 300w, https:\/\/heimatverein-nieder-roden.de\/wp-content\/uploads\/2019\/06\/Rodgau-Zeitung_Titel_Symbolbild-768x142.png 768w, https:\/\/heimatverein-nieder-roden.de\/wp-content\/uploads\/2019\/06\/Rodgau-Zeitung_Titel_Symbolbild-1024x189.png 1024w\" sizes=\"(max-width: 300px) 100vw, 300px\" \/><\/a> <a class=\"title\" href=\"https:\/\/heimatverein-nieder-roden.de\/?p=5003\">&#8222;Heringsessen des Heimatvereins&#8220;<\/a> <span class=\"excerpt-dash\">-<\/span> <span class=\"excerpt\">Artikel in der Rodgau-Zeitung vom 10.02.2023.\nWir bedanken uns herzlich f\u00fcr die Berichterstattung der Presse!<\/span><\/div><div class=\"listing-item\"><a class=\"image\" href=\"https:\/\/heimatverein-nieder-roden.de\/?p=5000\"><img decoding=\"async\" width=\"300\" height=\"43\" src=\"https:\/\/heimatverein-nieder-roden.de\/wp-content\/uploads\/2019\/06\/Offenbach-Post_Titel_Symbolbild-300x43.png\" class=\"attachment-medium size-medium wp-post-image\" alt=\"\" srcset=\"https:\/\/heimatverein-nieder-roden.de\/wp-content\/uploads\/2019\/06\/Offenbach-Post_Titel_Symbolbild-300x43.png 300w, https:\/\/heimatverein-nieder-roden.de\/wp-content\/uploads\/2019\/06\/Offenbach-Post_Titel_Symbolbild-768x111.png 768w, https:\/\/heimatverein-nieder-roden.de\/wp-content\/uploads\/2019\/06\/Offenbach-Post_Titel_Symbolbild-1024x148.png 1024w\" sizes=\"(max-width: 300px) 100vw, 300px\" \/><\/a> <a class=\"title\" href=\"https:\/\/heimatverein-nieder-roden.de\/?p=5000\">&#8222;Heringsessen im Heimatmuseum&#8220;<\/a> <span class=\"excerpt-dash\">-<\/span> <span class=\"excerpt\">Artikel der Offenbach-Post auf OP-Online.de vom 12.02.2023. \nWir bedanken uns herzlich f\u00fcr die Berichterstattung der Presse!<\/span><\/div><div class=\"listing-item\"><a class=\"image\" href=\"https:\/\/heimatverein-nieder-roden.de\/?p=4913\"><img decoding=\"async\" width=\"300\" height=\"96\" src=\"https:\/\/heimatverein-nieder-roden.de\/wp-content\/uploads\/2019\/06\/Rodgau-Post_Titel_Symbolbild-300x96.jpg\" class=\"attachment-medium size-medium wp-post-image\" alt=\"\" srcset=\"https:\/\/heimatverein-nieder-roden.de\/wp-content\/uploads\/2019\/06\/Rodgau-Post_Titel_Symbolbild-300x96.jpg 300w, https:\/\/heimatverein-nieder-roden.de\/wp-content\/uploads\/2019\/06\/Rodgau-Post_Titel_Symbolbild-768x246.jpg 768w, https:\/\/heimatverein-nieder-roden.de\/wp-content\/uploads\/2019\/06\/Rodgau-Post_Titel_Symbolbild-1024x328.jpg 1024w\" sizes=\"(max-width: 300px) 100vw, 300px\" \/><\/a> <a class=\"title\" href=\"https:\/\/heimatverein-nieder-roden.de\/?p=4913\">&#8222;Rummel an der Kirche&#8220;<\/a> <span class=\"excerpt-dash\">-<\/span> <span class=\"excerpt\">Artikel in der Rodgau-Post vom 15.12.2022, zum Nieder-R\u00f6der Adventsmarkt 2022.\nWir bedanken uns herzlich f\u00fcr die Berichterstattung der Presse!<\/span><\/div><div class=\"listing-item\"><a class=\"image\" href=\"https:\/\/heimatverein-nieder-roden.de\/?p=4909\"><img decoding=\"async\" width=\"300\" height=\"96\" src=\"https:\/\/heimatverein-nieder-roden.de\/wp-content\/uploads\/2019\/06\/Rodgau-Post_Titel_Symbolbild-300x96.jpg\" class=\"attachment-medium size-medium wp-post-image\" alt=\"\" srcset=\"https:\/\/heimatverein-nieder-roden.de\/wp-content\/uploads\/2019\/06\/Rodgau-Post_Titel_Symbolbild-300x96.jpg 300w, https:\/\/heimatverein-nieder-roden.de\/wp-content\/uploads\/2019\/06\/Rodgau-Post_Titel_Symbolbild-768x246.jpg 768w, https:\/\/heimatverein-nieder-roden.de\/wp-content\/uploads\/2019\/06\/Rodgau-Post_Titel_Symbolbild-1024x328.jpg 1024w\" sizes=\"(max-width: 300px) 100vw, 300px\" \/><\/a> <a class=\"title\" href=\"https:\/\/heimatverein-nieder-roden.de\/?p=4909\">&#8222;Alte Lieder nicht vergessen&#8220;<\/a> <span class=\"excerpt-dash\">-<\/span> <span class=\"excerpt\">Artikel in der Rodgau-Post vom 15.12.2022. \nWir bedanken uns herzlich f\u00fcr die Berichterstattung der Presse!<\/span><\/div><div class=\"listing-item\"><a class=\"image\" href=\"https:\/\/heimatverein-nieder-roden.de\/?p=4872\"><img decoding=\"async\" width=\"300\" height=\"43\" src=\"https:\/\/heimatverein-nieder-roden.de\/wp-content\/uploads\/2019\/06\/Offenbach-Post_Titel_Symbolbild-300x43.png\" class=\"attachment-medium size-medium wp-post-image\" alt=\"\" srcset=\"https:\/\/heimatverein-nieder-roden.de\/wp-content\/uploads\/2019\/06\/Offenbach-Post_Titel_Symbolbild-300x43.png 300w, https:\/\/heimatverein-nieder-roden.de\/wp-content\/uploads\/2019\/06\/Offenbach-Post_Titel_Symbolbild-768x111.png 768w, https:\/\/heimatverein-nieder-roden.de\/wp-content\/uploads\/2019\/06\/Offenbach-Post_Titel_Symbolbild-1024x148.png 1024w\" sizes=\"(max-width: 300px) 100vw, 300px\" \/><\/a> <a class=\"title\" href=\"https:\/\/heimatverein-nieder-roden.de\/?p=4872\">&#8222;Anregungen f\u00fcr Spazierg\u00e4nge&#8220;<\/a> <span class=\"excerpt-dash\">-<\/span> <span class=\"excerpt\">Artikel der Offenbach-Post auf OP-Online.de vom 01.12.2022. \nWir bedanken uns herzlich f\u00fcr die Berichterstattung der Presse!<\/span><\/div><div class=\"listing-item\"><a class=\"image\" href=\"https:\/\/heimatverein-nieder-roden.de\/?p=4867\"><img decoding=\"async\" width=\"300\" height=\"55\" src=\"https:\/\/heimatverein-nieder-roden.de\/wp-content\/uploads\/2019\/06\/Rodgau-Zeitung_Titel_Symbolbild-300x55.png\" class=\"attachment-medium size-medium wp-post-image\" alt=\"\" srcset=\"https:\/\/heimatverein-nieder-roden.de\/wp-content\/uploads\/2019\/06\/Rodgau-Zeitung_Titel_Symbolbild-300x55.png 300w, https:\/\/heimatverein-nieder-roden.de\/wp-content\/uploads\/2019\/06\/Rodgau-Zeitung_Titel_Symbolbild-768x142.png 768w, https:\/\/heimatverein-nieder-roden.de\/wp-content\/uploads\/2019\/06\/Rodgau-Zeitung_Titel_Symbolbild-1024x189.png 1024w\" sizes=\"(max-width: 300px) 100vw, 300px\" \/><\/a> <a class=\"title\" href=\"https:\/\/heimatverein-nieder-roden.de\/?p=4867\">&#8222;Nieder-R\u00f6der Fotokalender&#8220;<\/a> <span class=\"excerpt-dash\">-<\/span> <span class=\"excerpt\">Artikel in der Rodgau-Zeitung vom 02.12.2022.\nWir bedanken uns herzlich f\u00fcr die Berichterstattung der Presse!<\/span><\/div><div class=\"listing-item\"><a class=\"image\" href=\"https:\/\/heimatverein-nieder-roden.de\/?p=4775\"><img decoding=\"async\" width=\"300\" height=\"43\" src=\"https:\/\/heimatverein-nieder-roden.de\/wp-content\/uploads\/2019\/06\/Offenbach-Post_Titel_Symbolbild-300x43.png\" class=\"attachment-medium size-medium wp-post-image\" alt=\"\" srcset=\"https:\/\/heimatverein-nieder-roden.de\/wp-content\/uploads\/2019\/06\/Offenbach-Post_Titel_Symbolbild-300x43.png 300w, https:\/\/heimatverein-nieder-roden.de\/wp-content\/uploads\/2019\/06\/Offenbach-Post_Titel_Symbolbild-768x111.png 768w, https:\/\/heimatverein-nieder-roden.de\/wp-content\/uploads\/2019\/06\/Offenbach-Post_Titel_Symbolbild-1024x148.png 1024w\" sizes=\"(max-width: 300px) 100vw, 300px\" \/><\/a> <a class=\"title\" href=\"https:\/\/heimatverein-nieder-roden.de\/?p=4775\">&#8222;Alte Lieder nicht vergessen&#8220;<\/a> <span class=\"excerpt-dash\">-<\/span> <span class=\"excerpt\">Artikel der Offenbach-Post auf OP-Online.de vom 17.11.2022. \nWir bedanken uns herzlich f\u00fcr die Berichterstattung der Presse!<\/span><\/div><div class=\"listing-item\"><a class=\"image\" href=\"https:\/\/heimatverein-nieder-roden.de\/?p=4777\"><img decoding=\"async\" width=\"300\" height=\"43\" src=\"https:\/\/heimatverein-nieder-roden.de\/wp-content\/uploads\/2019\/06\/Offenbach-Post_Titel_Symbolbild-300x43.png\" class=\"attachment-medium size-medium wp-post-image\" alt=\"\" srcset=\"https:\/\/heimatverein-nieder-roden.de\/wp-content\/uploads\/2019\/06\/Offenbach-Post_Titel_Symbolbild-300x43.png 300w, https:\/\/heimatverein-nieder-roden.de\/wp-content\/uploads\/2019\/06\/Offenbach-Post_Titel_Symbolbild-768x111.png 768w, https:\/\/heimatverein-nieder-roden.de\/wp-content\/uploads\/2019\/06\/Offenbach-Post_Titel_Symbolbild-1024x148.png 1024w\" sizes=\"(max-width: 300px) 100vw, 300px\" \/><\/a> <a class=\"title\" href=\"https:\/\/heimatverein-nieder-roden.de\/?p=4777\">&#8222;Budenzauber in J\u00fcgesheim und Nieder-Roden&#8220;<\/a> <span class=\"excerpt-dash\">-<\/span> <span class=\"excerpt\">Artikel der Offenbach-Post auf OP-Online.de vom 17.11.2022. \nWir bedanken uns herzlich f\u00fcr die Berichterstattung der Presse!<\/span><\/div><div class=\"listing-item\"><a class=\"image\" href=\"https:\/\/heimatverein-nieder-roden.de\/?p=4730\"><img decoding=\"async\" width=\"300\" height=\"43\" src=\"https:\/\/heimatverein-nieder-roden.de\/wp-content\/uploads\/2019\/06\/Offenbach-Post_Titel_Symbolbild-300x43.png\" class=\"attachment-medium size-medium wp-post-image\" alt=\"\" srcset=\"https:\/\/heimatverein-nieder-roden.de\/wp-content\/uploads\/2019\/06\/Offenbach-Post_Titel_Symbolbild-300x43.png 300w, https:\/\/heimatverein-nieder-roden.de\/wp-content\/uploads\/2019\/06\/Offenbach-Post_Titel_Symbolbild-768x111.png 768w, https:\/\/heimatverein-nieder-roden.de\/wp-content\/uploads\/2019\/06\/Offenbach-Post_Titel_Symbolbild-1024x148.png 1024w\" sizes=\"(max-width: 300px) 100vw, 300px\" \/><\/a> <a class=\"title\" href=\"https:\/\/heimatverein-nieder-roden.de\/?p=4730\">&#8222;Rodgau zu Fu\u00df erleben&#8220;<\/a> <span class=\"excerpt-dash\">-<\/span> <span class=\"excerpt\">Artikel der Offenbach-Post auf OP-Online.de vom 01.11.2022. \nWir bedanken uns herzlich f\u00fcr die Berichterstattung der Presse!<\/span><\/div><div class=\"listing-item\"><a class=\"image\" href=\"https:\/\/heimatverein-nieder-roden.de\/?p=4721\"><img decoding=\"async\" width=\"300\" height=\"55\" src=\"https:\/\/heimatverein-nieder-roden.de\/wp-content\/uploads\/2019\/06\/Rodgau-Zeitung_Titel_Symbolbild-300x55.png\" class=\"attachment-medium size-medium wp-post-image\" alt=\"\" srcset=\"https:\/\/heimatverein-nieder-roden.de\/wp-content\/uploads\/2019\/06\/Rodgau-Zeitung_Titel_Symbolbild-300x55.png 300w, https:\/\/heimatverein-nieder-roden.de\/wp-content\/uploads\/2019\/06\/Rodgau-Zeitung_Titel_Symbolbild-768x142.png 768w, https:\/\/heimatverein-nieder-roden.de\/wp-content\/uploads\/2019\/06\/Rodgau-Zeitung_Titel_Symbolbild-1024x189.png 1024w\" sizes=\"(max-width: 300px) 100vw, 300px\" \/><\/a> <a class=\"title\" href=\"https:\/\/heimatverein-nieder-roden.de\/?p=4721\">&#8222;Buchpr\u00e4sentation &#8222;125 Jahre Rodgaubahn&#8220; im Bahnhof Nieder-Roden&#8220;<\/a> <span class=\"excerpt-dash\">-<\/span> <span class=\"excerpt\">Artikel in der Rodgau-Zeitung vom 21.10.2022.\nWir bedanken uns herzlich f\u00fcr die Berichterstattung der Presse!<\/span><\/div><div class=\"listing-item\"><a class=\"image\" href=\"https:\/\/heimatverein-nieder-roden.de\/?p=4689\"><img decoding=\"async\" width=\"300\" height=\"87\" src=\"https:\/\/heimatverein-nieder-roden.de\/wp-content\/uploads\/2022\/10\/OF-News_Logo_Slider-300x87.jpg\" class=\"attachment-medium size-medium wp-post-image\" alt=\"\" srcset=\"https:\/\/heimatverein-nieder-roden.de\/wp-content\/uploads\/2022\/10\/OF-News_Logo_Slider-300x87.jpg 300w, https:\/\/heimatverein-nieder-roden.de\/wp-content\/uploads\/2022\/10\/OF-News_Logo_Slider-1024x295.jpg 1024w, https:\/\/heimatverein-nieder-roden.de\/wp-content\/uploads\/2022\/10\/OF-News_Logo_Slider-768x221.jpg 768w, https:\/\/heimatverein-nieder-roden.de\/wp-content\/uploads\/2022\/10\/OF-News_Logo_Slider-836x241.jpg 836w, https:\/\/heimatverein-nieder-roden.de\/wp-content\/uploads\/2022\/10\/OF-News_Logo_Slider-560x161.jpg 560w, https:\/\/heimatverein-nieder-roden.de\/wp-content\/uploads\/2022\/10\/OF-News_Logo_Slider.jpg 1200w\" sizes=\"(max-width: 300px) 100vw, 300px\" \/><\/a> <a class=\"title\" href=\"https:\/\/heimatverein-nieder-roden.de\/?p=4689\">&#8222;125 Jahre Rodgaubahn &#8211; Reise auf dem Gleis der Nostalgie&#8220;<\/a> <span class=\"excerpt-dash\">-<\/span> <span class=\"excerpt\">Artikel auf OF-News.de vom 11.10.2022.\nWir bedanken uns herzlich f\u00fcr die Berichterstattung der Presse!<\/span><\/div><div class=\"listing-item\"><a class=\"image\" href=\"https:\/\/heimatverein-nieder-roden.de\/?p=4682\"><img decoding=\"async\" width=\"300\" height=\"55\" src=\"https:\/\/heimatverein-nieder-roden.de\/wp-content\/uploads\/2019\/06\/Rodgau-Zeitung_Titel_Symbolbild-300x55.png\" class=\"attachment-medium size-medium wp-post-image\" alt=\"\" srcset=\"https:\/\/heimatverein-nieder-roden.de\/wp-content\/uploads\/2019\/06\/Rodgau-Zeitung_Titel_Symbolbild-300x55.png 300w, https:\/\/heimatverein-nieder-roden.de\/wp-content\/uploads\/2019\/06\/Rodgau-Zeitung_Titel_Symbolbild-768x142.png 768w, https:\/\/heimatverein-nieder-roden.de\/wp-content\/uploads\/2019\/06\/Rodgau-Zeitung_Titel_Symbolbild-1024x189.png 1024w\" sizes=\"(max-width: 300px) 100vw, 300px\" \/><\/a> <a class=\"title\" href=\"https:\/\/heimatverein-nieder-roden.de\/?p=4682\">&#8222;Buch wurde druckfrisch in der \u201eStation 1\u201c vorgestellt \/ Viel Lob f\u00fcr Gemeinschaftswerk&#8220;<\/a> <span class=\"excerpt-dash\">-<\/span> <span class=\"excerpt\">Artikel in der Rodgau-Zeitung vom 14.10.2022.\nWir bedanken uns herzlich f\u00fcr die Berichterstattung der Presse!<\/span><\/div><div class=\"listing-item\"><a class=\"image\" href=\"https:\/\/heimatverein-nieder-roden.de\/?p=4594\"><img decoding=\"async\" width=\"300\" height=\"43\" src=\"https:\/\/heimatverein-nieder-roden.de\/wp-content\/uploads\/2019\/06\/Offenbach-Post_Titel_Symbolbild-300x43.png\" class=\"attachment-medium size-medium wp-post-image\" alt=\"\" srcset=\"https:\/\/heimatverein-nieder-roden.de\/wp-content\/uploads\/2019\/06\/Offenbach-Post_Titel_Symbolbild-300x43.png 300w, https:\/\/heimatverein-nieder-roden.de\/wp-content\/uploads\/2019\/06\/Offenbach-Post_Titel_Symbolbild-768x111.png 768w, https:\/\/heimatverein-nieder-roden.de\/wp-content\/uploads\/2019\/06\/Offenbach-Post_Titel_Symbolbild-1024x148.png 1024w\" sizes=\"(max-width: 300px) 100vw, 300px\" \/><\/a> <a class=\"title\" href=\"https:\/\/heimatverein-nieder-roden.de\/?p=4594\">&#8222;Reise auf dem Gleis der Nostalgie&#8220;<\/a> <span class=\"excerpt-dash\">-<\/span> <span class=\"excerpt\">Artikel der Offenbach-Post auf OP-Online.de vom 11.10.2022. \nWir bedanken uns herzlich f\u00fcr die Berichterstattung der Presse!<\/span><\/div><div class=\"listing-item\"><a class=\"image\" href=\"https:\/\/heimatverein-nieder-roden.de\/?p=4526\"><img decoding=\"async\" width=\"300\" height=\"43\" src=\"https:\/\/heimatverein-nieder-roden.de\/wp-content\/uploads\/2019\/06\/Offenbach-Post_Titel_Symbolbild-300x43.png\" class=\"attachment-medium size-medium wp-post-image\" alt=\"\" srcset=\"https:\/\/heimatverein-nieder-roden.de\/wp-content\/uploads\/2019\/06\/Offenbach-Post_Titel_Symbolbild-300x43.png 300w, https:\/\/heimatverein-nieder-roden.de\/wp-content\/uploads\/2019\/06\/Offenbach-Post_Titel_Symbolbild-768x111.png 768w, https:\/\/heimatverein-nieder-roden.de\/wp-content\/uploads\/2019\/06\/Offenbach-Post_Titel_Symbolbild-1024x148.png 1024w\" sizes=\"(max-width: 300px) 100vw, 300px\" \/><\/a> <a class=\"title\" href=\"https:\/\/heimatverein-nieder-roden.de\/?p=4526\">&#8222;125 Jahre Rodgaubahn: Buch ist bald erh\u00e4ltlich&#8220;<\/a> <span class=\"excerpt-dash\">-<\/span> <span class=\"excerpt\">Artikel der Offenbach-Post auf OP-Online.de vom 07.10.2022. \nWir bedanken uns herzlich f\u00fcr die Berichterstattung der Presse!<\/span><\/div><div class=\"listing-item\"><a class=\"image\" href=\"https:\/\/heimatverein-nieder-roden.de\/?p=4431\"><img decoding=\"async\" width=\"300\" height=\"43\" src=\"https:\/\/heimatverein-nieder-roden.de\/wp-content\/uploads\/2019\/06\/Offenbach-Post_Titel_Symbolbild-300x43.png\" class=\"attachment-medium size-medium wp-post-image\" alt=\"\" srcset=\"https:\/\/heimatverein-nieder-roden.de\/wp-content\/uploads\/2019\/06\/Offenbach-Post_Titel_Symbolbild-300x43.png 300w, https:\/\/heimatverein-nieder-roden.de\/wp-content\/uploads\/2019\/06\/Offenbach-Post_Titel_Symbolbild-768x111.png 768w, https:\/\/heimatverein-nieder-roden.de\/wp-content\/uploads\/2019\/06\/Offenbach-Post_Titel_Symbolbild-1024x148.png 1024w\" sizes=\"(max-width: 300px) 100vw, 300px\" \/><\/a> <a class=\"title\" href=\"https:\/\/heimatverein-nieder-roden.de\/?p=4431\">&#8222;Motor der Industrialisierung&#8220;<\/a> <span class=\"excerpt-dash\">-<\/span> <span class=\"excerpt\">Artikel der Offenbach-Post auf OP-Online.de vom 21.09.2022. \nWir bedanken uns herzlich f\u00fcr die Berichterstattung der Presse!<\/span><\/div><div class=\"listing-item\"><a class=\"image\" href=\"https:\/\/heimatverein-nieder-roden.de\/?p=4343\"><img decoding=\"async\" width=\"300\" height=\"43\" src=\"https:\/\/heimatverein-nieder-roden.de\/wp-content\/uploads\/2019\/06\/Offenbach-Post_Titel_Symbolbild-300x43.png\" class=\"attachment-medium size-medium wp-post-image\" alt=\"\" srcset=\"https:\/\/heimatverein-nieder-roden.de\/wp-content\/uploads\/2019\/06\/Offenbach-Post_Titel_Symbolbild-300x43.png 300w, https:\/\/heimatverein-nieder-roden.de\/wp-content\/uploads\/2019\/06\/Offenbach-Post_Titel_Symbolbild-768x111.png 768w, https:\/\/heimatverein-nieder-roden.de\/wp-content\/uploads\/2019\/06\/Offenbach-Post_Titel_Symbolbild-1024x148.png 1024w\" sizes=\"(max-width: 300px) 100vw, 300px\" \/><\/a> <a class=\"title\" href=\"https:\/\/heimatverein-nieder-roden.de\/?p=4343\">&#8222;Gr\u00fcne Fraktion sucht Gespr\u00e4ch beim Ortstermin&#8220;<\/a> <span class=\"excerpt-dash\">-<\/span> <span class=\"excerpt\">Artikel der Offenbach-Post auf OP-Online.de vom 03.05.2022. \nWir bedanken uns herzlich f\u00fcr die Berichterstattung der Presse!<\/span><\/div><div class=\"listing-item\"><a class=\"image\" href=\"https:\/\/heimatverein-nieder-roden.de\/?p=4338\"><img decoding=\"async\" width=\"300\" height=\"43\" src=\"https:\/\/heimatverein-nieder-roden.de\/wp-content\/uploads\/2019\/06\/Offenbach-Post_Titel_Symbolbild-300x43.png\" class=\"attachment-medium size-medium wp-post-image\" alt=\"\" srcset=\"https:\/\/heimatverein-nieder-roden.de\/wp-content\/uploads\/2019\/06\/Offenbach-Post_Titel_Symbolbild-300x43.png 300w, https:\/\/heimatverein-nieder-roden.de\/wp-content\/uploads\/2019\/06\/Offenbach-Post_Titel_Symbolbild-768x111.png 768w, https:\/\/heimatverein-nieder-roden.de\/wp-content\/uploads\/2019\/06\/Offenbach-Post_Titel_Symbolbild-1024x148.png 1024w\" sizes=\"(max-width: 300px) 100vw, 300px\" \/><\/a> <a class=\"title\" href=\"https:\/\/heimatverein-nieder-roden.de\/?p=4338\">&#8222;Rundgang durchs alte Nieder-Roden&#8220;<\/a> <span class=\"excerpt-dash\">-<\/span> <span class=\"excerpt\">Artikel der Offenbach-Post auf OP-Online.de vom 04.05.2022. \nWir bedanken uns herzlich f\u00fcr die Berichterstattung der Presse!<\/span><\/div><div class=\"listing-item\"><a class=\"image\" href=\"https:\/\/heimatverein-nieder-roden.de\/?p=4266\"><img decoding=\"async\" width=\"300\" height=\"55\" src=\"https:\/\/heimatverein-nieder-roden.de\/wp-content\/uploads\/2019\/06\/Rodgau-Zeitung_Titel_Symbolbild-300x55.png\" class=\"attachment-medium size-medium wp-post-image\" alt=\"\" srcset=\"https:\/\/heimatverein-nieder-roden.de\/wp-content\/uploads\/2019\/06\/Rodgau-Zeitung_Titel_Symbolbild-300x55.png 300w, https:\/\/heimatverein-nieder-roden.de\/wp-content\/uploads\/2019\/06\/Rodgau-Zeitung_Titel_Symbolbild-768x142.png 768w, https:\/\/heimatverein-nieder-roden.de\/wp-content\/uploads\/2019\/06\/Rodgau-Zeitung_Titel_Symbolbild-1024x189.png 1024w\" sizes=\"(max-width: 300px) 100vw, 300px\" \/><\/a> <a class=\"title\" href=\"https:\/\/heimatverein-nieder-roden.de\/?p=4266\">&#8222;Ortsrundgang am 6. Mai&#8220;<\/a> <span class=\"excerpt-dash\">-<\/span> <span class=\"excerpt\">Artikel in der Rodgau-Zeitung vom 06.05.2022.\nWir bedanken uns herzlich f\u00fcr die Berichterstattung der Presse!<\/span><\/div><div class=\"listing-item\"><a class=\"image\" href=\"https:\/\/heimatverein-nieder-roden.de\/?p=4095\"><img decoding=\"async\" width=\"300\" height=\"55\" src=\"https:\/\/heimatverein-nieder-roden.de\/wp-content\/uploads\/2019\/06\/Rodgau-Zeitung_Titel_Symbolbild-300x55.png\" class=\"attachment-medium size-medium wp-post-image\" alt=\"\" srcset=\"https:\/\/heimatverein-nieder-roden.de\/wp-content\/uploads\/2019\/06\/Rodgau-Zeitung_Titel_Symbolbild-300x55.png 300w, https:\/\/heimatverein-nieder-roden.de\/wp-content\/uploads\/2019\/06\/Rodgau-Zeitung_Titel_Symbolbild-768x142.png 768w, https:\/\/heimatverein-nieder-roden.de\/wp-content\/uploads\/2019\/06\/Rodgau-Zeitung_Titel_Symbolbild-1024x189.png 1024w\" sizes=\"(max-width: 300px) 100vw, 300px\" \/><\/a> <a class=\"title\" href=\"https:\/\/heimatverein-nieder-roden.de\/?p=4095\">&#8222;Neugestaltung des alten Friedhofs Nieder-Roden&#8220;<\/a> <span class=\"excerpt-dash\">-<\/span> <span class=\"excerpt\">Artikel in der Rodgau-Zeitung vom 29.04.2022.\nWir bedanken uns herzlich f\u00fcr die Berichterstattung der Presse!<\/span><\/div><div class=\"listing-item\"><a class=\"image\" href=\"https:\/\/heimatverein-nieder-roden.de\/?p=4060\"><img decoding=\"async\" width=\"300\" height=\"55\" src=\"https:\/\/heimatverein-nieder-roden.de\/wp-content\/uploads\/2019\/06\/Rodgau-Zeitung_Titel_Symbolbild-300x55.png\" class=\"attachment-medium size-medium wp-post-image\" alt=\"\" srcset=\"https:\/\/heimatverein-nieder-roden.de\/wp-content\/uploads\/2019\/06\/Rodgau-Zeitung_Titel_Symbolbild-300x55.png 300w, https:\/\/heimatverein-nieder-roden.de\/wp-content\/uploads\/2019\/06\/Rodgau-Zeitung_Titel_Symbolbild-768x142.png 768w, https:\/\/heimatverein-nieder-roden.de\/wp-content\/uploads\/2019\/06\/Rodgau-Zeitung_Titel_Symbolbild-1024x189.png 1024w\" sizes=\"(max-width: 300px) 100vw, 300px\" \/><\/a> <a class=\"title\" href=\"https:\/\/heimatverein-nieder-roden.de\/?p=4060\">&#8222;Was wird aus dem alten Friedhof Nieder-Roden?&#8220;<\/a> <span class=\"excerpt-dash\">-<\/span> <span class=\"excerpt\">Artikel in der Rodgau-Zeitung vom 21.04.2022.\nWir bedanken uns herzlich f\u00fcr die Berichterstattung der Presse!<\/span><\/div><div class=\"listing-item\"><a class=\"image\" href=\"https:\/\/heimatverein-nieder-roden.de\/?p=4045\"><img decoding=\"async\" width=\"300\" height=\"169\" src=\"https:\/\/heimatverein-nieder-roden.de\/wp-content\/uploads\/2022\/04\/2022-04-19_18-11-20_AKHNR_Alter-Friedhof-Begehung-Gruene_EGE_IMG_7975-300x169.jpg\" class=\"attachment-medium size-medium wp-post-image\" alt=\"\" srcset=\"https:\/\/heimatverein-nieder-roden.de\/wp-content\/uploads\/2022\/04\/2022-04-19_18-11-20_AKHNR_Alter-Friedhof-Begehung-Gruene_EGE_IMG_7975-300x169.jpg 300w, https:\/\/heimatverein-nieder-roden.de\/wp-content\/uploads\/2022\/04\/2022-04-19_18-11-20_AKHNR_Alter-Friedhof-Begehung-Gruene_EGE_IMG_7975-1024x576.jpg 1024w, https:\/\/heimatverein-nieder-roden.de\/wp-content\/uploads\/2022\/04\/2022-04-19_18-11-20_AKHNR_Alter-Friedhof-Begehung-Gruene_EGE_IMG_7975-768x432.jpg 768w, https:\/\/heimatverein-nieder-roden.de\/wp-content\/uploads\/2022\/04\/2022-04-19_18-11-20_AKHNR_Alter-Friedhof-Begehung-Gruene_EGE_IMG_7975-1536x865.jpg 1536w, https:\/\/heimatverein-nieder-roden.de\/wp-content\/uploads\/2022\/04\/2022-04-19_18-11-20_AKHNR_Alter-Friedhof-Begehung-Gruene_EGE_IMG_7975-2048x1153.jpg 2048w, https:\/\/heimatverein-nieder-roden.de\/wp-content\/uploads\/2022\/04\/2022-04-19_18-11-20_AKHNR_Alter-Friedhof-Begehung-Gruene_EGE_IMG_7975-836x471.jpg 836w, https:\/\/heimatverein-nieder-roden.de\/wp-content\/uploads\/2022\/04\/2022-04-19_18-11-20_AKHNR_Alter-Friedhof-Begehung-Gruene_EGE_IMG_7975-560x315.jpg 560w\" sizes=\"(max-width: 300px) 100vw, 300px\" \/><\/a> <a class=\"title\" href=\"https:\/\/heimatverein-nieder-roden.de\/?p=4045\">Alter Friedhof &#8211; Pressemitteilung &#8211; AKHNR und die Gr\u00fcnen mit Ortstermin am 19. April 2022<\/a> <span class=\"excerpt-dash\">-<\/span> <span class=\"excerpt\">Pressemitteilung des AKHNR zum Ortstermin mit den Gr\u00fcnen auf dem Alten Friedhof am Dienstag, den 19. April 2022. <\/span><\/div><div class=\"listing-item\"><a class=\"image\" href=\"https:\/\/heimatverein-nieder-roden.de\/?p=4040\"><img decoding=\"async\" width=\"300\" height=\"96\" src=\"https:\/\/heimatverein-nieder-roden.de\/wp-content\/uploads\/2019\/06\/Rodgau-Post_Titel_Symbolbild-300x96.jpg\" class=\"attachment-medium size-medium wp-post-image\" alt=\"\" srcset=\"https:\/\/heimatverein-nieder-roden.de\/wp-content\/uploads\/2019\/06\/Rodgau-Post_Titel_Symbolbild-300x96.jpg 300w, https:\/\/heimatverein-nieder-roden.de\/wp-content\/uploads\/2019\/06\/Rodgau-Post_Titel_Symbolbild-768x246.jpg 768w, https:\/\/heimatverein-nieder-roden.de\/wp-content\/uploads\/2019\/06\/Rodgau-Post_Titel_Symbolbild-1024x328.jpg 1024w\" sizes=\"(max-width: 300px) 100vw, 300px\" \/><\/a> <a class=\"title\" href=\"https:\/\/heimatverein-nieder-roden.de\/?p=4040\">&#8222;Einst und jetzt: 100 Fotomotive aus Rollwald&#8220;<\/a> <span class=\"excerpt-dash\">-<\/span> <span class=\"excerpt\">Artikel in der Rodgau-Post vom 21.04.2022. Wir bedanken uns herzlich f\u00fcr die Berichterstattung der Presse!<\/span><\/div><div class=\"listing-item\"><a class=\"image\" href=\"https:\/\/heimatverein-nieder-roden.de\/?p=4036\"><img decoding=\"async\" width=\"300\" height=\"55\" src=\"https:\/\/heimatverein-nieder-roden.de\/wp-content\/uploads\/2019\/06\/Rodgau-Zeitung_Titel_Symbolbild-300x55.png\" class=\"attachment-medium size-medium wp-post-image\" alt=\"\" srcset=\"https:\/\/heimatverein-nieder-roden.de\/wp-content\/uploads\/2019\/06\/Rodgau-Zeitung_Titel_Symbolbild-300x55.png 300w, https:\/\/heimatverein-nieder-roden.de\/wp-content\/uploads\/2019\/06\/Rodgau-Zeitung_Titel_Symbolbild-768x142.png 768w, https:\/\/heimatverein-nieder-roden.de\/wp-content\/uploads\/2019\/06\/Rodgau-Zeitung_Titel_Symbolbild-1024x189.png 1024w\" sizes=\"(max-width: 300px) 100vw, 300px\" \/><\/a> <a class=\"title\" href=\"https:\/\/heimatverein-nieder-roden.de\/?p=4036\">&#8222;Heimatmuseum ge\u00f6ffnet&#8220;<\/a> <span class=\"excerpt-dash\">-<\/span> <span class=\"excerpt\">Artikel in der Rodgau-Zeitung vom 14.04.2022.\nWir bedanken uns herzlich f\u00fcr die Berichterstattung der Presse!<\/span><\/div><div class=\"listing-item\"><a class=\"image\" href=\"https:\/\/heimatverein-nieder-roden.de\/?p=4032\"><img decoding=\"async\" width=\"300\" height=\"169\" src=\"https:\/\/heimatverein-nieder-roden.de\/wp-content\/uploads\/2020\/07\/2019-03-15_AKHNR_Ausstellungser\u00f6ffnung_20200315_132617_bearb-300x169.jpg\" class=\"attachment-medium size-medium wp-post-image\" alt=\"Die Ausstellung steht, alles ist vorbereitet! - \u00a9AKHNR\/WST\" srcset=\"https:\/\/heimatverein-nieder-roden.de\/wp-content\/uploads\/2020\/07\/2019-03-15_AKHNR_Ausstellungser\u00f6ffnung_20200315_132617_bearb-300x169.jpg 300w, https:\/\/heimatverein-nieder-roden.de\/wp-content\/uploads\/2020\/07\/2019-03-15_AKHNR_Ausstellungser\u00f6ffnung_20200315_132617_bearb-1024x576.jpg 1024w, https:\/\/heimatverein-nieder-roden.de\/wp-content\/uploads\/2020\/07\/2019-03-15_AKHNR_Ausstellungser\u00f6ffnung_20200315_132617_bearb-768x432.jpg 768w, https:\/\/heimatverein-nieder-roden.de\/wp-content\/uploads\/2020\/07\/2019-03-15_AKHNR_Ausstellungser\u00f6ffnung_20200315_132617_bearb-1536x864.jpg 1536w, https:\/\/heimatverein-nieder-roden.de\/wp-content\/uploads\/2020\/07\/2019-03-15_AKHNR_Ausstellungser\u00f6ffnung_20200315_132617_bearb-560x315.jpg 560w, https:\/\/heimatverein-nieder-roden.de\/wp-content\/uploads\/2020\/07\/2019-03-15_AKHNR_Ausstellungser\u00f6ffnung_20200315_132617_bearb.jpg 1620w\" sizes=\"(max-width: 300px) 100vw, 300px\" \/><\/a> <a class=\"title\" href=\"https:\/\/heimatverein-nieder-roden.de\/?p=4032\">Pressemitteilung &#8211; Museums\u00f6ffnung am 24. April 2022<\/a> <span class=\"excerpt-dash\">-<\/span> <span class=\"excerpt\">Pressemitteilung zur Museums\u00f6ffnung am Sonntag, den 24. April 2022. <\/span><\/div><div class=\"listing-item\"><a class=\"image\" href=\"https:\/\/heimatverein-nieder-roden.de\/?p=4029\"><img decoding=\"async\" width=\"300\" height=\"225\" src=\"https:\/\/heimatverein-nieder-roden.de\/wp-content\/uploads\/2022\/01\/2012-11-18_14-01-12_AKHNR_Alter-Friedhof_EGE_12_202-300x225.jpg\" class=\"attachment-medium size-medium wp-post-image\" alt=\"\" srcset=\"https:\/\/heimatverein-nieder-roden.de\/wp-content\/uploads\/2022\/01\/2012-11-18_14-01-12_AKHNR_Alter-Friedhof_EGE_12_202-300x225.jpg 300w, https:\/\/heimatverein-nieder-roden.de\/wp-content\/uploads\/2022\/01\/2012-11-18_14-01-12_AKHNR_Alter-Friedhof_EGE_12_202-1024x768.jpg 1024w, https:\/\/heimatverein-nieder-roden.de\/wp-content\/uploads\/2022\/01\/2012-11-18_14-01-12_AKHNR_Alter-Friedhof_EGE_12_202-768x576.jpg 768w, https:\/\/heimatverein-nieder-roden.de\/wp-content\/uploads\/2022\/01\/2012-11-18_14-01-12_AKHNR_Alter-Friedhof_EGE_12_202-1536x1152.jpg 1536w, https:\/\/heimatverein-nieder-roden.de\/wp-content\/uploads\/2022\/01\/2012-11-18_14-01-12_AKHNR_Alter-Friedhof_EGE_12_202-2048x1536.jpg 2048w, https:\/\/heimatverein-nieder-roden.de\/wp-content\/uploads\/2022\/01\/2012-11-18_14-01-12_AKHNR_Alter-Friedhof_EGE_12_202-836x627.jpg 836w, https:\/\/heimatverein-nieder-roden.de\/wp-content\/uploads\/2022\/01\/2012-11-18_14-01-12_AKHNR_Alter-Friedhof_EGE_12_202-560x420.jpg 560w\" sizes=\"(max-width: 300px) 100vw, 300px\" \/><\/a> <a class=\"title\" href=\"https:\/\/heimatverein-nieder-roden.de\/?p=4029\">Alter Friedhof &#8211; Pressemitteilung des AKHNR<\/a> <span class=\"excerpt-dash\">-<\/span> <span class=\"excerpt\">Pressemitteilung zur weiteren Behandlung des Themas durch den AKHNR, Stadtverwaltung und politische Gremien. Versendet am 05.04.2022.<\/span><\/div><div class=\"listing-item\"><a class=\"image\" href=\"https:\/\/heimatverein-nieder-roden.de\/?p=3943\"><img decoding=\"async\" width=\"300\" height=\"55\" src=\"https:\/\/heimatverein-nieder-roden.de\/wp-content\/uploads\/2019\/06\/Rodgau-Zeitung_Titel_Symbolbild-300x55.png\" class=\"attachment-medium size-medium wp-post-image\" alt=\"\" srcset=\"https:\/\/heimatverein-nieder-roden.de\/wp-content\/uploads\/2019\/06\/Rodgau-Zeitung_Titel_Symbolbild-300x55.png 300w, https:\/\/heimatverein-nieder-roden.de\/wp-content\/uploads\/2019\/06\/Rodgau-Zeitung_Titel_Symbolbild-768x142.png 768w, https:\/\/heimatverein-nieder-roden.de\/wp-content\/uploads\/2019\/06\/Rodgau-Zeitung_Titel_Symbolbild-1024x189.png 1024w\" sizes=\"(max-width: 300px) 100vw, 300px\" \/><\/a> <a class=\"title\" href=\"https:\/\/heimatverein-nieder-roden.de\/?p=3943\">Zwei Jahre &#8222;Zweimal hingeschaut&#8220;<\/a> <span class=\"excerpt-dash\">-<\/span> <span class=\"excerpt\">Artikel in der Rodgau-Zeitung vom 25.03.2022.\nWir bedanken uns herzlich f\u00fcr die Berichterstattung der Presse!<\/span><\/div><div class=\"listing-item\"><a class=\"image\" href=\"https:\/\/heimatverein-nieder-roden.de\/?p=3932\"><img decoding=\"async\" width=\"300\" height=\"96\" src=\"https:\/\/heimatverein-nieder-roden.de\/wp-content\/uploads\/2019\/06\/Rodgau-Post_Titel_Symbolbild-300x96.jpg\" class=\"attachment-medium size-medium wp-post-image\" alt=\"\" srcset=\"https:\/\/heimatverein-nieder-roden.de\/wp-content\/uploads\/2019\/06\/Rodgau-Post_Titel_Symbolbild-300x96.jpg 300w, https:\/\/heimatverein-nieder-roden.de\/wp-content\/uploads\/2019\/06\/Rodgau-Post_Titel_Symbolbild-768x246.jpg 768w, https:\/\/heimatverein-nieder-roden.de\/wp-content\/uploads\/2019\/06\/Rodgau-Post_Titel_Symbolbild-1024x328.jpg 1024w\" sizes=\"(max-width: 300px) 100vw, 300px\" \/><\/a> <a class=\"title\" href=\"https:\/\/heimatverein-nieder-roden.de\/?p=3932\">&#8222;Zweiter Blick lohnt sich&#8220;<\/a> <span class=\"excerpt-dash\">-<\/span> <span class=\"excerpt\">Artikel in der Rodgau-Post vom 31.03.2022. Wir bedanken uns herzlich f\u00fcr die Berichterstattung der Press<\/span><\/div><div class=\"listing-item\"><a class=\"image\" href=\"https:\/\/heimatverein-nieder-roden.de\/?p=3472\"><img decoding=\"async\" width=\"300\" height=\"55\" src=\"https:\/\/heimatverein-nieder-roden.de\/wp-content\/uploads\/2019\/06\/Rodgau-Zeitung_Titel_Symbolbild-300x55.png\" class=\"attachment-medium size-medium wp-post-image\" alt=\"\" srcset=\"https:\/\/heimatverein-nieder-roden.de\/wp-content\/uploads\/2019\/06\/Rodgau-Zeitung_Titel_Symbolbild-300x55.png 300w, https:\/\/heimatverein-nieder-roden.de\/wp-content\/uploads\/2019\/06\/Rodgau-Zeitung_Titel_Symbolbild-768x142.png 768w, https:\/\/heimatverein-nieder-roden.de\/wp-content\/uploads\/2019\/06\/Rodgau-Zeitung_Titel_Symbolbild-1024x189.png 1024w\" sizes=\"(max-width: 300px) 100vw, 300px\" \/><\/a> <a class=\"title\" href=\"https:\/\/heimatverein-nieder-roden.de\/?p=3472\">&#8222;Informationen zur Neugestaltung des Alten Friedhofs im Heimatmuseum&#8220;<\/a> <span class=\"excerpt-dash\">-<\/span> <span class=\"excerpt\">Artikel in der Rodgau-Zeitung vom 28.01.2022.\nWir bedanken uns herzlich f\u00fcr die Berichterstattung der Presse!<\/span><\/div><div class=\"listing-item\"><a class=\"image\" href=\"https:\/\/heimatverein-nieder-roden.de\/?p=3477\"><img decoding=\"async\" width=\"300\" height=\"43\" src=\"https:\/\/heimatverein-nieder-roden.de\/wp-content\/uploads\/2019\/06\/Offenbach-Post_Titel_Symbolbild-300x43.png\" class=\"attachment-medium size-medium wp-post-image\" alt=\"\" srcset=\"https:\/\/heimatverein-nieder-roden.de\/wp-content\/uploads\/2019\/06\/Offenbach-Post_Titel_Symbolbild-300x43.png 300w, https:\/\/heimatverein-nieder-roden.de\/wp-content\/uploads\/2019\/06\/Offenbach-Post_Titel_Symbolbild-768x111.png 768w, https:\/\/heimatverein-nieder-roden.de\/wp-content\/uploads\/2019\/06\/Offenbach-Post_Titel_Symbolbild-1024x148.png 1024w\" sizes=\"(max-width: 300px) 100vw, 300px\" \/><\/a> <a class=\"title\" href=\"https:\/\/heimatverein-nieder-roden.de\/?p=3477\">&#8222;Heimatmuseum in Rodgau f\u00fcr Kleingruppen offen&#8220;<\/a> <span class=\"excerpt-dash\">-<\/span> <span class=\"excerpt\">Artikel der Offenbach-Post auf OP-Online.de vom 27.01.2022. \nWir bedanken uns herzlich f\u00fcr die Berichterstattung der Presse!<\/span><\/div><div class=\"listing-item\"><a class=\"image\" href=\"https:\/\/heimatverein-nieder-roden.de\/?p=3363\"><img decoding=\"async\" width=\"300\" height=\"43\" src=\"https:\/\/heimatverein-nieder-roden.de\/wp-content\/uploads\/2019\/06\/Offenbach-Post_Titel_Symbolbild-300x43.png\" class=\"attachment-medium size-medium wp-post-image\" alt=\"\" srcset=\"https:\/\/heimatverein-nieder-roden.de\/wp-content\/uploads\/2019\/06\/Offenbach-Post_Titel_Symbolbild-300x43.png 300w, https:\/\/heimatverein-nieder-roden.de\/wp-content\/uploads\/2019\/06\/Offenbach-Post_Titel_Symbolbild-768x111.png 768w, https:\/\/heimatverein-nieder-roden.de\/wp-content\/uploads\/2019\/06\/Offenbach-Post_Titel_Symbolbild-1024x148.png 1024w\" sizes=\"(max-width: 300px) 100vw, 300px\" \/><\/a> <a class=\"title\" href=\"https:\/\/heimatverein-nieder-roden.de\/?p=3363\">&#8222;Friedhof in Rodgau wird zum Park &#8211; Gestaltungsplan f\u00fcr alten Friedhof Nieder-Roden: Online-B\u00fcrgerbeteiligung am 9. Februar&#8220;<\/a> <span class=\"excerpt-dash\">-<\/span> <span class=\"excerpt\">Artikel der Offenbach-Post auf OP-Online.de vom 06.01.2022. \nWir bedanken uns herzlich f\u00fcr die Berichterstattung der Presse!<\/span><\/div><div class=\"listing-item\"><a class=\"image\" href=\"https:\/\/heimatverein-nieder-roden.de\/?p=3317\"><img decoding=\"async\" width=\"300\" height=\"43\" src=\"https:\/\/heimatverein-nieder-roden.de\/wp-content\/uploads\/2019\/06\/Offenbach-Post_Titel_Symbolbild-300x43.png\" class=\"attachment-medium size-medium wp-post-image\" alt=\"\" srcset=\"https:\/\/heimatverein-nieder-roden.de\/wp-content\/uploads\/2019\/06\/Offenbach-Post_Titel_Symbolbild-300x43.png 300w, https:\/\/heimatverein-nieder-roden.de\/wp-content\/uploads\/2019\/06\/Offenbach-Post_Titel_Symbolbild-768x111.png 768w, https:\/\/heimatverein-nieder-roden.de\/wp-content\/uploads\/2019\/06\/Offenbach-Post_Titel_Symbolbild-1024x148.png 1024w\" sizes=\"(max-width: 300px) 100vw, 300px\" \/><\/a> <a class=\"title\" href=\"https:\/\/heimatverein-nieder-roden.de\/?p=3317\">&#8222;Heimatverein Nieder-Roden gibt Fotokalender heraus&#8220;<\/a> <span class=\"excerpt-dash\">-<\/span> <span class=\"excerpt\">Artikel der Offenbach-Post auf OP-Online.de vom 02.12.2021. \nWir bedanken uns herzlich f\u00fcr die Berichterstattung der Presse!<\/span><\/div><div class=\"listing-item\"><a class=\"image\" href=\"https:\/\/heimatverein-nieder-roden.de\/?p=3313\"><img decoding=\"async\" width=\"300\" height=\"55\" src=\"https:\/\/heimatverein-nieder-roden.de\/wp-content\/uploads\/2019\/06\/Rodgau-Zeitung_Titel_Symbolbild-300x55.png\" class=\"attachment-medium size-medium wp-post-image\" alt=\"\" srcset=\"https:\/\/heimatverein-nieder-roden.de\/wp-content\/uploads\/2019\/06\/Rodgau-Zeitung_Titel_Symbolbild-300x55.png 300w, https:\/\/heimatverein-nieder-roden.de\/wp-content\/uploads\/2019\/06\/Rodgau-Zeitung_Titel_Symbolbild-768x142.png 768w, https:\/\/heimatverein-nieder-roden.de\/wp-content\/uploads\/2019\/06\/Rodgau-Zeitung_Titel_Symbolbild-1024x189.png 1024w\" sizes=\"(max-width: 300px) 100vw, 300px\" \/><\/a> <a class=\"title\" href=\"https:\/\/heimatverein-nieder-roden.de\/?p=3313\">&#8222;Neuer Kalender des AKHNR erh\u00e4ltlich&#8220;<\/a> <span class=\"excerpt-dash\">-<\/span> <span class=\"excerpt\">Artikel in der Rodgau-Zeitung vom 02.12.2021.\nWir bedanken uns herzlich f\u00fcr die Berichterstattung der Presse!<\/span><\/div><div class=\"listing-item\"><a class=\"image\" href=\"https:\/\/heimatverein-nieder-roden.de\/?p=3296\"><img decoding=\"async\" width=\"300\" height=\"169\" src=\"https:\/\/heimatverein-nieder-roden.de\/wp-content\/uploads\/2021\/11\/2021-11-14_AKHNR_Fotokalender-2022_Titelfoto_IMG_6657_2MP-300x169.jpg\" class=\"attachment-medium size-medium wp-post-image\" alt=\"\" srcset=\"https:\/\/heimatverein-nieder-roden.de\/wp-content\/uploads\/2021\/11\/2021-11-14_AKHNR_Fotokalender-2022_Titelfoto_IMG_6657_2MP-300x169.jpg 300w, https:\/\/heimatverein-nieder-roden.de\/wp-content\/uploads\/2021\/11\/2021-11-14_AKHNR_Fotokalender-2022_Titelfoto_IMG_6657_2MP-1024x576.jpg 1024w, https:\/\/heimatverein-nieder-roden.de\/wp-content\/uploads\/2021\/11\/2021-11-14_AKHNR_Fotokalender-2022_Titelfoto_IMG_6657_2MP-768x432.jpg 768w, https:\/\/heimatverein-nieder-roden.de\/wp-content\/uploads\/2021\/11\/2021-11-14_AKHNR_Fotokalender-2022_Titelfoto_IMG_6657_2MP-1536x864.jpg 1536w, https:\/\/heimatverein-nieder-roden.de\/wp-content\/uploads\/2021\/11\/2021-11-14_AKHNR_Fotokalender-2022_Titelfoto_IMG_6657_2MP-836x470.jpg 836w, https:\/\/heimatverein-nieder-roden.de\/wp-content\/uploads\/2021\/11\/2021-11-14_AKHNR_Fotokalender-2022_Titelfoto_IMG_6657_2MP-560x315.jpg 560w, https:\/\/heimatverein-nieder-roden.de\/wp-content\/uploads\/2021\/11\/2021-11-14_AKHNR_Fotokalender-2022_Titelfoto_IMG_6657_2MP.jpg 1930w\" sizes=\"(max-width: 300px) 100vw, 300px\" \/><\/a> <a class=\"title\" href=\"https:\/\/heimatverein-nieder-roden.de\/?p=3296\">\u201eSpazierg\u00e4nge\u201c \u2013 Pressemitteilung zum Fotokalender 2022<\/a> <span class=\"excerpt-dash\">-<\/span> <span class=\"excerpt\">Wie auch schon in den letzten beiden Jahren bietet der AKHNR wieder seinen beliebten Monatskalender an. Der Nieder-R\u00f6der Fotokalender im Format DIN A4 quer ist jetzt verf\u00fcgbar.<\/span><\/div><div class=\"listing-item\"><a class=\"image\" href=\"https:\/\/heimatverein-nieder-roden.de\/?p=3064\"><img decoding=\"async\" width=\"300\" height=\"43\" src=\"https:\/\/heimatverein-nieder-roden.de\/wp-content\/uploads\/2019\/06\/Offenbach-Post_Titel_Symbolbild-300x43.png\" class=\"attachment-medium size-medium wp-post-image\" alt=\"\" srcset=\"https:\/\/heimatverein-nieder-roden.de\/wp-content\/uploads\/2019\/06\/Offenbach-Post_Titel_Symbolbild-300x43.png 300w, https:\/\/heimatverein-nieder-roden.de\/wp-content\/uploads\/2019\/06\/Offenbach-Post_Titel_Symbolbild-768x111.png 768w, https:\/\/heimatverein-nieder-roden.de\/wp-content\/uploads\/2019\/06\/Offenbach-Post_Titel_Symbolbild-1024x148.png 1024w\" sizes=\"(max-width: 300px) 100vw, 300px\" \/><\/a> <a class=\"title\" href=\"https:\/\/heimatverein-nieder-roden.de\/?p=3064\">&#8222;Rodgau-Bahn f\u00e4hrt seit 125 Jahren &#8211; Jubil\u00e4umsbuch mit Autoren von Offenbach bis Reinheim&#8220;<\/a> <span class=\"excerpt-dash\">-<\/span> <span class=\"excerpt\">Artikel der Offenbach-Post auf OP-Online.de vom 08.10.2021. \nWir bedanken uns herzlich f\u00fcr die Berichterstattung der Presse!<\/span><\/div><div class=\"listing-item\"><a class=\"image\" href=\"https:\/\/heimatverein-nieder-roden.de\/?p=3058\"><img decoding=\"async\" width=\"300\" height=\"43\" src=\"https:\/\/heimatverein-nieder-roden.de\/wp-content\/uploads\/2019\/06\/Offenbach-Post_Titel_Symbolbild-300x43.png\" class=\"attachment-medium size-medium wp-post-image\" alt=\"\" srcset=\"https:\/\/heimatverein-nieder-roden.de\/wp-content\/uploads\/2019\/06\/Offenbach-Post_Titel_Symbolbild-300x43.png 300w, https:\/\/heimatverein-nieder-roden.de\/wp-content\/uploads\/2019\/06\/Offenbach-Post_Titel_Symbolbild-768x111.png 768w, https:\/\/heimatverein-nieder-roden.de\/wp-content\/uploads\/2019\/06\/Offenbach-Post_Titel_Symbolbild-1024x148.png 1024w\" sizes=\"(max-width: 300px) 100vw, 300px\" \/><\/a> <a class=\"title\" href=\"https:\/\/heimatverein-nieder-roden.de\/?p=3058\">&#8222;Auf einer Stufe mit Einzelnen &#8211; Arbeitskreis f\u00fcr Heimatkunde Nieder-Roden sieht seine Ideen f\u00fcr Friedhof unterrepr\u00e4sentiert&#8220;<\/a> <span class=\"excerpt-dash\">-<\/span> <span class=\"excerpt\">Artikel der Offenbach-Post auf OP-Online.de vom 29.09.2021. \nWir bedanken uns herzlich f\u00fcr die Berichterstattung der Presse!<\/span><\/div><div class=\"listing-item\"><a class=\"image\" href=\"https:\/\/heimatverein-nieder-roden.de\/?p=3055\"><img decoding=\"async\" width=\"300\" height=\"96\" src=\"https:\/\/heimatverein-nieder-roden.de\/wp-content\/uploads\/2019\/06\/Rodgau-Post_Titel_Symbolbild-300x96.jpg\" class=\"attachment-medium size-medium wp-post-image\" alt=\"\" srcset=\"https:\/\/heimatverein-nieder-roden.de\/wp-content\/uploads\/2019\/06\/Rodgau-Post_Titel_Symbolbild-300x96.jpg 300w, https:\/\/heimatverein-nieder-roden.de\/wp-content\/uploads\/2019\/06\/Rodgau-Post_Titel_Symbolbild-768x246.jpg 768w, https:\/\/heimatverein-nieder-roden.de\/wp-content\/uploads\/2019\/06\/Rodgau-Post_Titel_Symbolbild-1024x328.jpg 1024w\" sizes=\"(max-width: 300px) 100vw, 300px\" \/><\/a> <a class=\"title\" href=\"https:\/\/heimatverein-nieder-roden.de\/?p=3055\">&#8222;Kerb-Aktivit\u00e4ten m\u00fcssen ruhen&#8220;<\/a> <span class=\"excerpt-dash\">-<\/span> <span class=\"excerpt\">Artikel in der Rodgau-Post vom 16.09.2021. \nWir bedanken uns herzlich f\u00fcr die Berichterstattung der Presse!<\/span><\/div><div class=\"listing-item\"><a class=\"image\" href=\"https:\/\/heimatverein-nieder-roden.de\/?p=2988\"><img decoding=\"async\" width=\"300\" height=\"169\" src=\"https:\/\/heimatverein-nieder-roden.de\/wp-content\/uploads\/2020\/06\/IMG_7070-300x169.jpg\" class=\"attachment-medium size-medium wp-post-image\" alt=\"\" srcset=\"https:\/\/heimatverein-nieder-roden.de\/wp-content\/uploads\/2020\/06\/IMG_7070-300x169.jpg 300w, https:\/\/heimatverein-nieder-roden.de\/wp-content\/uploads\/2020\/06\/IMG_7070-1024x576.jpg 1024w, https:\/\/heimatverein-nieder-roden.de\/wp-content\/uploads\/2020\/06\/IMG_7070-768x432.jpg 768w, https:\/\/heimatverein-nieder-roden.de\/wp-content\/uploads\/2020\/06\/IMG_7070-2048x1153.jpg 2048w, https:\/\/heimatverein-nieder-roden.de\/wp-content\/uploads\/2020\/06\/IMG_7070-560x315.jpg 560w\" sizes=\"(max-width: 300px) 100vw, 300px\" \/><\/a> <a class=\"title\" href=\"https:\/\/heimatverein-nieder-roden.de\/?p=2988\">Pressemitteilung des AKHNR zur Gestaltung des Alten Friedhofs in Nieder-Roden<\/a> <span class=\"excerpt-dash\">-<\/span> <span class=\"excerpt\">Versendet an die Vertreter der Presse  am 05.09.2021<\/span><\/div><div class=\"listing-item\"><a class=\"image\" href=\"https:\/\/heimatverein-nieder-roden.de\/?p=2980\"><img decoding=\"async\" width=\"300\" height=\"96\" src=\"https:\/\/heimatverein-nieder-roden.de\/wp-content\/uploads\/2019\/06\/Rodgau-Post_Titel_Symbolbild-300x96.jpg\" class=\"attachment-medium size-medium wp-post-image\" alt=\"\" srcset=\"https:\/\/heimatverein-nieder-roden.de\/wp-content\/uploads\/2019\/06\/Rodgau-Post_Titel_Symbolbild-300x96.jpg 300w, https:\/\/heimatverein-nieder-roden.de\/wp-content\/uploads\/2019\/06\/Rodgau-Post_Titel_Symbolbild-768x246.jpg 768w, https:\/\/heimatverein-nieder-roden.de\/wp-content\/uploads\/2019\/06\/Rodgau-Post_Titel_Symbolbild-1024x328.jpg 1024w\" sizes=\"(max-width: 300px) 100vw, 300px\" \/><\/a> <a class=\"title\" href=\"https:\/\/heimatverein-nieder-roden.de\/?p=2980\">&#8222;Fast wie fr\u00fcher die Wochenschau&#8220;<\/a> <span class=\"excerpt-dash\">-<\/span> <span class=\"excerpt\">Artikel in der Rodgau-Post vom 12.08.2021. Wir bedanken uns herzlich f\u00fcr die Berichterstattung der Presse! Mit freundlicher Genehmigung der Rodgau-Post! Hier geht&#8217;s zum E-Paper der Rodgau-Post.<\/span><\/div><div class=\"listing-item\"><a class=\"image\" href=\"https:\/\/heimatverein-nieder-roden.de\/?p=2945\"><img decoding=\"async\" width=\"300\" height=\"43\" src=\"https:\/\/heimatverein-nieder-roden.de\/wp-content\/uploads\/2019\/06\/Offenbach-Post_Titel_Symbolbild-300x43.png\" class=\"attachment-medium size-medium wp-post-image\" alt=\"\" srcset=\"https:\/\/heimatverein-nieder-roden.de\/wp-content\/uploads\/2019\/06\/Offenbach-Post_Titel_Symbolbild-300x43.png 300w, https:\/\/heimatverein-nieder-roden.de\/wp-content\/uploads\/2019\/06\/Offenbach-Post_Titel_Symbolbild-768x111.png 768w, https:\/\/heimatverein-nieder-roden.de\/wp-content\/uploads\/2019\/06\/Offenbach-Post_Titel_Symbolbild-1024x148.png 1024w\" sizes=\"(max-width: 300px) 100vw, 300px\" \/><\/a> <a class=\"title\" href=\"https:\/\/heimatverein-nieder-roden.de\/?p=2945\">&#8222;Das Geheimnis der &#8222;Werzborre&#8220; in Rodgau&#8220;<\/a> <span class=\"excerpt-dash\">-<\/span> <span class=\"excerpt\">Artikel der Offenbach-Post auf OP-Online.de vom 14.08.2021. \nWir bedanken uns herzlich f\u00fcr die Berichterstattung der Presse!<\/span><\/div><div class=\"listing-item\"><a class=\"image\" href=\"https:\/\/heimatverein-nieder-roden.de\/?p=2937\"><img decoding=\"async\" width=\"300\" height=\"55\" src=\"https:\/\/heimatverein-nieder-roden.de\/wp-content\/uploads\/2019\/06\/Rodgau-Zeitung_Titel_Symbolbild-300x55.png\" class=\"attachment-medium size-medium wp-post-image\" alt=\"\" srcset=\"https:\/\/heimatverein-nieder-roden.de\/wp-content\/uploads\/2019\/06\/Rodgau-Zeitung_Titel_Symbolbild-300x55.png 300w, https:\/\/heimatverein-nieder-roden.de\/wp-content\/uploads\/2019\/06\/Rodgau-Zeitung_Titel_Symbolbild-768x142.png 768w, https:\/\/heimatverein-nieder-roden.de\/wp-content\/uploads\/2019\/06\/Rodgau-Zeitung_Titel_Symbolbild-1024x189.png 1024w\" sizes=\"(max-width: 300px) 100vw, 300px\" \/><\/a> <a class=\"title\" href=\"https:\/\/heimatverein-nieder-roden.de\/?p=2937\">&#8222;Filmnacht vom Arbeitskreis f\u00fcr Heimatkunde in Nieder-Roden&#8220;<\/a> <span class=\"excerpt-dash\">-<\/span> <span class=\"excerpt\">Artikel in der Rodgau-Zeitung und auf rheinmainverlag.de vom 22.07.2021.\nWir bedanken uns herzlich f\u00fcr die Berichterstattung der Presse!<\/span><\/div><div class=\"listing-item\"><a class=\"image\" href=\"https:\/\/heimatverein-nieder-roden.de\/?p=2827\"><img decoding=\"async\" width=\"300\" height=\"43\" src=\"https:\/\/heimatverein-nieder-roden.de\/wp-content\/uploads\/2019\/06\/Offenbach-Post_Titel_Symbolbild-300x43.png\" class=\"attachment-medium size-medium wp-post-image\" alt=\"\" srcset=\"https:\/\/heimatverein-nieder-roden.de\/wp-content\/uploads\/2019\/06\/Offenbach-Post_Titel_Symbolbild-300x43.png 300w, https:\/\/heimatverein-nieder-roden.de\/wp-content\/uploads\/2019\/06\/Offenbach-Post_Titel_Symbolbild-768x111.png 768w, https:\/\/heimatverein-nieder-roden.de\/wp-content\/uploads\/2019\/06\/Offenbach-Post_Titel_Symbolbild-1024x148.png 1024w\" sizes=\"(max-width: 300px) 100vw, 300px\" \/><\/a> <a class=\"title\" href=\"https:\/\/heimatverein-nieder-roden.de\/?p=2827\">&#8222;Heimatmuseum bereitet sich auf Neustart vor&#8220;<\/a> <span class=\"excerpt-dash\">-<\/span> <span class=\"excerpt\">Artikel der Offenbach-Post auf OP-Online.de vom 29.06.2021. Wir bedanken uns herzlich f\u00fcr die Berichterstattung der Presse! Klicken Sie auf das Bild und sie gelangen direkt zum Artikel! Mit freundlicher Genehmigung der Offenbach-Post!<\/span><\/div><div class=\"listing-item\"><a class=\"image\" href=\"https:\/\/heimatverein-nieder-roden.de\/?p=2824\"><img decoding=\"async\" width=\"300\" height=\"55\" src=\"https:\/\/heimatverein-nieder-roden.de\/wp-content\/uploads\/2019\/06\/Rodgau-Zeitung_Titel_Symbolbild-300x55.png\" class=\"attachment-medium size-medium wp-post-image\" alt=\"\" srcset=\"https:\/\/heimatverein-nieder-roden.de\/wp-content\/uploads\/2019\/06\/Rodgau-Zeitung_Titel_Symbolbild-300x55.png 300w, https:\/\/heimatverein-nieder-roden.de\/wp-content\/uploads\/2019\/06\/Rodgau-Zeitung_Titel_Symbolbild-768x142.png 768w, https:\/\/heimatverein-nieder-roden.de\/wp-content\/uploads\/2019\/06\/Rodgau-Zeitung_Titel_Symbolbild-1024x189.png 1024w\" sizes=\"(max-width: 300px) 100vw, 300px\" \/><\/a> <a class=\"title\" href=\"https:\/\/heimatverein-nieder-roden.de\/?p=2824\">&#8222;Filmabende in Planung&#8220;<\/a> <span class=\"excerpt-dash\">-<\/span> <span class=\"excerpt\"><!-- wp:paragraph -->\n<p>Artikel in der Rodgau-Zeitung vom 02.07.2021. <\/p>\n<!-- \/wp:paragraph -->\n\n<!-- wp:paragraph -->\n<p>Wir bedanken uns herzlich f\u00fcr die Berichterstattung der Presse! <\/p>\n<!-- \/wp:paragraph --><\/span><\/div><div class=\"listing-item\"><a class=\"image\" href=\"https:\/\/heimatverein-nieder-roden.de\/?p=2606\"><img decoding=\"async\" width=\"300\" height=\"43\" src=\"https:\/\/heimatverein-nieder-roden.de\/wp-content\/uploads\/2019\/06\/Offenbach-Post_Titel_Symbolbild-300x43.png\" class=\"attachment-medium size-medium wp-post-image\" alt=\"\" srcset=\"https:\/\/heimatverein-nieder-roden.de\/wp-content\/uploads\/2019\/06\/Offenbach-Post_Titel_Symbolbild-300x43.png 300w, https:\/\/heimatverein-nieder-roden.de\/wp-content\/uploads\/2019\/06\/Offenbach-Post_Titel_Symbolbild-768x111.png 768w, https:\/\/heimatverein-nieder-roden.de\/wp-content\/uploads\/2019\/06\/Offenbach-Post_Titel_Symbolbild-1024x148.png 1024w\" sizes=\"(max-width: 300px) 100vw, 300px\" \/><\/a> <a class=\"title\" href=\"https:\/\/heimatverein-nieder-roden.de\/?p=2606\">&#8222;Heringssalat \u201eto go\u201c am Heimatmuseum in Rodgau&#8220;<\/a> <span class=\"excerpt-dash\">-<\/span> <span class=\"excerpt\">Artikel der Offenbach-Post auf OP-Online.de vom 11.02.2021. Wir bedanken uns herzlich f\u00fcr die Berichterstattung der Presse! Klicken Sie auf das Bild und sie gelangen direkt zum Artikel! F\u00fcr weitere Infos zum Heringsessen auf dieser Internetseite klicken Sie hier. Mit freundlicher Genehmigung der Offenbach-Post!<\/span><\/div><div class=\"listing-item\"><a class=\"image\" href=\"https:\/\/heimatverein-nieder-roden.de\/?p=3265\"><img decoding=\"async\" width=\"300\" height=\"55\" src=\"https:\/\/heimatverein-nieder-roden.de\/wp-content\/uploads\/2019\/06\/Rodgau-Zeitung_Titel_Symbolbild-300x55.png\" class=\"attachment-medium size-medium wp-post-image\" alt=\"\" srcset=\"https:\/\/heimatverein-nieder-roden.de\/wp-content\/uploads\/2019\/06\/Rodgau-Zeitung_Titel_Symbolbild-300x55.png 300w, https:\/\/heimatverein-nieder-roden.de\/wp-content\/uploads\/2019\/06\/Rodgau-Zeitung_Titel_Symbolbild-768x142.png 768w, https:\/\/heimatverein-nieder-roden.de\/wp-content\/uploads\/2019\/06\/Rodgau-Zeitung_Titel_Symbolbild-1024x189.png 1024w\" sizes=\"(max-width: 300px) 100vw, 300px\" \/><\/a> <a class=\"title\" href=\"https:\/\/heimatverein-nieder-roden.de\/?p=3265\">&#8222;Nieder-R\u00f6der Fotokalender&#8220;<\/a> <span class=\"excerpt-dash\">-<\/span> <span class=\"excerpt\">Artikel in der Rodgau-Zeitung vom 25.12.2020.\nWir bedanken uns herzlich f\u00fcr die Berichterstattung der Presse!<\/span><\/div><div class=\"listing-item\"><a class=\"image\" href=\"https:\/\/heimatverein-nieder-roden.de\/?p=2555\"><img decoding=\"async\" width=\"300\" height=\"96\" src=\"https:\/\/heimatverein-nieder-roden.de\/wp-content\/uploads\/2019\/06\/Rodgau-Post_Titel_Symbolbild-300x96.jpg\" class=\"attachment-medium size-medium wp-post-image\" alt=\"\" srcset=\"https:\/\/heimatverein-nieder-roden.de\/wp-content\/uploads\/2019\/06\/Rodgau-Post_Titel_Symbolbild-300x96.jpg 300w, https:\/\/heimatverein-nieder-roden.de\/wp-content\/uploads\/2019\/06\/Rodgau-Post_Titel_Symbolbild-768x246.jpg 768w, https:\/\/heimatverein-nieder-roden.de\/wp-content\/uploads\/2019\/06\/Rodgau-Post_Titel_Symbolbild-1024x328.jpg 1024w\" sizes=\"(max-width: 300px) 100vw, 300px\" \/><\/a> <a class=\"title\" href=\"https:\/\/heimatverein-nieder-roden.de\/?p=2555\">&#8222;Bilder aus Nieder-Roden&#8220;<\/a> <span class=\"excerpt-dash\">-<\/span> <span class=\"excerpt\">Artikel in der Rodgau-Post vom 24.12.2020. Wir bedanken uns herzlich f\u00fcr die Berichterstattung der Presse! Mit freundlicher Genehmigung der Rodgau-Post! Hier geht&#8217;s zum E-Paper der Rodgau-Post.<\/span><\/div><div class=\"listing-item\"><a class=\"image\" href=\"https:\/\/heimatverein-nieder-roden.de\/?p=3268\"><img decoding=\"async\" width=\"300\" height=\"96\" src=\"https:\/\/heimatverein-nieder-roden.de\/wp-content\/uploads\/2019\/06\/Rodgau-Post_Titel_Symbolbild-300x96.jpg\" class=\"attachment-medium size-medium wp-post-image\" alt=\"\" srcset=\"https:\/\/heimatverein-nieder-roden.de\/wp-content\/uploads\/2019\/06\/Rodgau-Post_Titel_Symbolbild-300x96.jpg 300w, https:\/\/heimatverein-nieder-roden.de\/wp-content\/uploads\/2019\/06\/Rodgau-Post_Titel_Symbolbild-768x246.jpg 768w, https:\/\/heimatverein-nieder-roden.de\/wp-content\/uploads\/2019\/06\/Rodgau-Post_Titel_Symbolbild-1024x328.jpg 1024w\" sizes=\"(max-width: 300px) 100vw, 300px\" \/><\/a> <a class=\"title\" href=\"https:\/\/heimatverein-nieder-roden.de\/?p=3268\">&#8222;Bilder aus Nieder-Roden&#8220; &#8211; Arbeitskreis f\u00fcr Heimatkunde gibt Kalender heraus<\/a> <span class=\"excerpt-dash\">-<\/span> <span class=\"excerpt\">Artikel in der Rodgau-Post vom 24.12.2020. \nWir bedanken uns herzlich f\u00fcr die Berichterstattung der Presse!<\/span><\/div><div class=\"listing-item\"><a class=\"image\" href=\"https:\/\/heimatverein-nieder-roden.de\/?p=2489\"><img decoding=\"async\" width=\"300\" height=\"96\" src=\"https:\/\/heimatverein-nieder-roden.de\/wp-content\/uploads\/2019\/06\/Rodgau-Post_Titel_Symbolbild-300x96.jpg\" class=\"attachment-medium size-medium wp-post-image\" alt=\"\" srcset=\"https:\/\/heimatverein-nieder-roden.de\/wp-content\/uploads\/2019\/06\/Rodgau-Post_Titel_Symbolbild-300x96.jpg 300w, https:\/\/heimatverein-nieder-roden.de\/wp-content\/uploads\/2019\/06\/Rodgau-Post_Titel_Symbolbild-768x246.jpg 768w, https:\/\/heimatverein-nieder-roden.de\/wp-content\/uploads\/2019\/06\/Rodgau-Post_Titel_Symbolbild-1024x328.jpg 1024w\" sizes=\"(max-width: 300px) 100vw, 300px\" \/><\/a> <a class=\"title\" href=\"https:\/\/heimatverein-nieder-roden.de\/?p=2489\">&#8222;Filmabend kann nicht stattfinden&#8220;<\/a> <span class=\"excerpt-dash\">-<\/span> <span class=\"excerpt\"><!-- wp:paragraph -->\n<p>Artikel in der Rodgau-Post vom 09.07.2020.<\/p>\n<!-- \/wp:paragraph -->\n\n<!-- wp:paragraph -->\n<p>Wir bedanken uns herzlich f\u00fcr die Berichterstattung der Presse!<\/p>\n<!-- \/wp:paragraph --><\/span><\/div><div class=\"listing-item\"><a class=\"image\" href=\"https:\/\/heimatverein-nieder-roden.de\/?p=2425\"><img decoding=\"async\" width=\"300\" height=\"96\" src=\"https:\/\/heimatverein-nieder-roden.de\/wp-content\/uploads\/2019\/06\/Rodgau-Post_Titel_Symbolbild-300x96.jpg\" class=\"attachment-medium size-medium wp-post-image\" alt=\"\" srcset=\"https:\/\/heimatverein-nieder-roden.de\/wp-content\/uploads\/2019\/06\/Rodgau-Post_Titel_Symbolbild-300x96.jpg 300w, https:\/\/heimatverein-nieder-roden.de\/wp-content\/uploads\/2019\/06\/Rodgau-Post_Titel_Symbolbild-768x246.jpg 768w, https:\/\/heimatverein-nieder-roden.de\/wp-content\/uploads\/2019\/06\/Rodgau-Post_Titel_Symbolbild-1024x328.jpg 1024w\" sizes=\"(max-width: 300px) 100vw, 300px\" \/><\/a> <a class=\"title\" href=\"https:\/\/heimatverein-nieder-roden.de\/?p=2425\">&#8222;Von Online-Musik bis zu alten Liedern &#8211; Musikverein und Heimatverein trotzen der Krise&#8220;<\/a> <span class=\"excerpt-dash\">-<\/span> <span class=\"excerpt\"><!-- wp:paragraph -->\n<p>Artikel in der Rodgau-Post vom 09.07.2020.<\/p>\n<!-- \/wp:paragraph -->\n\n<!-- wp:paragraph -->\n<p>Wir bedanken uns herzlich f\u00fcr die Berichterstattung der Presse!<\/p>\n<!-- \/wp:paragraph --><\/span><\/div><div class=\"listing-item\"><a class=\"image\" href=\"https:\/\/heimatverein-nieder-roden.de\/?p=2382\"><img decoding=\"async\" width=\"300\" height=\"43\" src=\"https:\/\/heimatverein-nieder-roden.de\/wp-content\/uploads\/2019\/06\/Offenbach-Post_Titel_Symbolbild-300x43.png\" class=\"attachment-medium size-medium wp-post-image\" alt=\"\" srcset=\"https:\/\/heimatverein-nieder-roden.de\/wp-content\/uploads\/2019\/06\/Offenbach-Post_Titel_Symbolbild-300x43.png 300w, https:\/\/heimatverein-nieder-roden.de\/wp-content\/uploads\/2019\/06\/Offenbach-Post_Titel_Symbolbild-768x111.png 768w, https:\/\/heimatverein-nieder-roden.de\/wp-content\/uploads\/2019\/06\/Offenbach-Post_Titel_Symbolbild-1024x148.png 1024w\" sizes=\"(max-width: 300px) 100vw, 300px\" \/><\/a> <a class=\"title\" href=\"https:\/\/heimatverein-nieder-roden.de\/?p=2382\">&#8222;Gro\u00dfe Vorfreude auf gemeinsame Proben&#8220;<\/a> <span class=\"excerpt-dash\">-<\/span> <span class=\"excerpt\"><!-- wp:paragraph -->\n<p>Artikel der Offenbach-Post auf OP-Online.de vom 02.07.2020. <\/p>\n<!-- \/wp:paragraph -->\n\n<!-- wp:paragraph -->\n<p>Wir bedanken uns herzlich f\u00fcr die Berichterstattung der Presse!<\/p>\n<!-- \/wp:paragraph --><\/span><\/div><div class=\"listing-item\"><a class=\"image\" href=\"https:\/\/heimatverein-nieder-roden.de\/?p=2337\"><img decoding=\"async\" width=\"300\" height=\"117\" src=\"https:\/\/heimatverein-nieder-roden.de\/wp-content\/uploads\/2020\/07\/2019-06-16_AKHNR_\u00d6ffnung-2019-06-16_IMG_20190616_144641_stitch-300x117.jpg\" class=\"attachment-medium size-medium wp-post-image\" alt=\"Die Rodgauer Blasmusik bei ihrem Jubil\u00e4umsauftritt 2019 im Hof des Heimatmuseums! - \u00a9AKHNR\/FST\" srcset=\"https:\/\/heimatverein-nieder-roden.de\/wp-content\/uploads\/2020\/07\/2019-06-16_AKHNR_\u00d6ffnung-2019-06-16_IMG_20190616_144641_stitch-300x117.jpg 300w, https:\/\/heimatverein-nieder-roden.de\/wp-content\/uploads\/2020\/07\/2019-06-16_AKHNR_\u00d6ffnung-2019-06-16_IMG_20190616_144641_stitch-1024x400.jpg 1024w, https:\/\/heimatverein-nieder-roden.de\/wp-content\/uploads\/2020\/07\/2019-06-16_AKHNR_\u00d6ffnung-2019-06-16_IMG_20190616_144641_stitch-768x300.jpg 768w, https:\/\/heimatverein-nieder-roden.de\/wp-content\/uploads\/2020\/07\/2019-06-16_AKHNR_\u00d6ffnung-2019-06-16_IMG_20190616_144641_stitch-1536x600.jpg 1536w, https:\/\/heimatverein-nieder-roden.de\/wp-content\/uploads\/2020\/07\/2019-06-16_AKHNR_\u00d6ffnung-2019-06-16_IMG_20190616_144641_stitch-560x219.jpg 560w, https:\/\/heimatverein-nieder-roden.de\/wp-content\/uploads\/2020\/07\/2019-06-16_AKHNR_\u00d6ffnung-2019-06-16_IMG_20190616_144641_stitch.jpg 1620w\" sizes=\"(max-width: 300px) 100vw, 300px\" \/><\/a> <a class=\"title\" href=\"https:\/\/heimatverein-nieder-roden.de\/?p=2337\">Vereinsleben in der Pandemie<\/a> <span class=\"excerpt-dash\">-<\/span> <span class=\"excerpt\">Vereinsleben in der Pandemie - Musikverein und Heimatverein trotzen der Krise und bleiben hoffnungsvoll\n<\/span><\/div><div class=\"listing-item\"><a class=\"image\" href=\"https:\/\/heimatverein-nieder-roden.de\/?p=2256\"><img decoding=\"async\" width=\"300\" height=\"79\" src=\"https:\/\/heimatverein-nieder-roden.de\/wp-content\/uploads\/2020\/02\/Mein-Rodgau_Titel_Symbolbild-300x79.png\" class=\"attachment-medium size-medium wp-post-image\" alt=\"\" srcset=\"https:\/\/heimatverein-nieder-roden.de\/wp-content\/uploads\/2020\/02\/Mein-Rodgau_Titel_Symbolbild-300x79.png 300w, https:\/\/heimatverein-nieder-roden.de\/wp-content\/uploads\/2020\/02\/Mein-Rodgau_Titel_Symbolbild-1024x268.png 1024w, https:\/\/heimatverein-nieder-roden.de\/wp-content\/uploads\/2020\/02\/Mein-Rodgau_Titel_Symbolbild-768x201.png 768w, https:\/\/heimatverein-nieder-roden.de\/wp-content\/uploads\/2020\/02\/Mein-Rodgau_Titel_Symbolbild-1536x402.png 1536w, https:\/\/heimatverein-nieder-roden.de\/wp-content\/uploads\/2020\/02\/Mein-Rodgau_Titel_Symbolbild-2048x536.png 2048w, https:\/\/heimatverein-nieder-roden.de\/wp-content\/uploads\/2020\/02\/Mein-Rodgau_Titel_Symbolbild-560x147.png 560w\" sizes=\"(max-width: 300px) 100vw, 300px\" \/><\/a> <a class=\"title\" href=\"https:\/\/heimatverein-nieder-roden.de\/?p=2256\">&#8222;AKHNR startet in das Jahr 2020&#8220;<\/a> <span class=\"excerpt-dash\">-<\/span> <span class=\"excerpt\"><!-- wp:paragraph -->\n<p>Artikel in \"Mein Rodgau\" vom Februar 2020.<\/p>\n<!-- \/wp:paragraph -->\n\n<!-- wp:paragraph -->\n<p>Wir bedanken uns herzlich f\u00fcr die Berichterstattung der Presse!<\/p>\n<!-- \/wp:paragraph --><\/span><\/div><div class=\"listing-item\"><a class=\"image\" href=\"https:\/\/heimatverein-nieder-roden.de\/?p=2202\"><img decoding=\"async\" width=\"300\" height=\"43\" src=\"https:\/\/heimatverein-nieder-roden.de\/wp-content\/uploads\/2019\/06\/Offenbach-Post_Titel_Symbolbild-300x43.png\" class=\"attachment-medium size-medium wp-post-image\" alt=\"\" srcset=\"https:\/\/heimatverein-nieder-roden.de\/wp-content\/uploads\/2019\/06\/Offenbach-Post_Titel_Symbolbild-300x43.png 300w, https:\/\/heimatverein-nieder-roden.de\/wp-content\/uploads\/2019\/06\/Offenbach-Post_Titel_Symbolbild-768x111.png 768w, https:\/\/heimatverein-nieder-roden.de\/wp-content\/uploads\/2019\/06\/Offenbach-Post_Titel_Symbolbild-1024x148.png 1024w\" sizes=\"(max-width: 300px) 100vw, 300px\" \/><\/a> <a class=\"title\" href=\"https:\/\/heimatverein-nieder-roden.de\/?p=2202\">&#8222;Interkultureller Austausch &#8211; Arbeitskreis f\u00fcr Heimatkunde Nieder-Roden besucht Kollegen in Orwisch&#8220;<\/a> <span class=\"excerpt-dash\">-<\/span> <span class=\"excerpt\">Artikel der Offenbach-Post auf OP-Online.de vom 26.01.2020.\n\nWir bedanken uns herzlich f\u00fcr die Berichterstattung der Presse!<\/span><\/div><div class=\"listing-item\"><a class=\"image\" href=\"https:\/\/heimatverein-nieder-roden.de\/?p=2192\"><img decoding=\"async\" width=\"300\" height=\"43\" src=\"https:\/\/heimatverein-nieder-roden.de\/wp-content\/uploads\/2019\/06\/Offenbach-Post_Titel_Symbolbild-300x43.png\" class=\"attachment-medium size-medium wp-post-image\" alt=\"\" srcset=\"https:\/\/heimatverein-nieder-roden.de\/wp-content\/uploads\/2019\/06\/Offenbach-Post_Titel_Symbolbild-300x43.png 300w, https:\/\/heimatverein-nieder-roden.de\/wp-content\/uploads\/2019\/06\/Offenbach-Post_Titel_Symbolbild-768x111.png 768w, https:\/\/heimatverein-nieder-roden.de\/wp-content\/uploads\/2019\/06\/Offenbach-Post_Titel_Symbolbild-1024x148.png 1024w\" sizes=\"(max-width: 300px) 100vw, 300px\" \/><\/a> <a class=\"title\" href=\"https:\/\/heimatverein-nieder-roden.de\/?p=2192\">&#8222;Ein DVD-Stapel so hoch wie der K\u00f6lner Dom &#8211; Verein digitalisiert alte Heimatfilme: Archiv erfordert riesigen Speicherplatz&#8220;<\/a> <span class=\"excerpt-dash\">-<\/span> <span class=\"excerpt\"><!-- wp:paragraph -->\n<p>Artikel der Offenbach-Post auf OP-Online.de vom 23.01.2020. <\/p>\n<!-- \/wp:paragraph -->\n\n<!-- wp:paragraph -->\n<p>Wir bedanken uns herzlich f\u00fcr die Berichterstattung der Presse!<\/p>\n<!-- \/wp:paragraph --><\/span><\/div><div class=\"listing-item\"><a class=\"image\" href=\"https:\/\/heimatverein-nieder-roden.de\/?p=2198\"><img decoding=\"async\" width=\"300\" height=\"55\" src=\"https:\/\/heimatverein-nieder-roden.de\/wp-content\/uploads\/2019\/06\/Rodgau-Zeitung_Titel_Symbolbild-300x55.png\" class=\"attachment-medium size-medium wp-post-image\" alt=\"\" srcset=\"https:\/\/heimatverein-nieder-roden.de\/wp-content\/uploads\/2019\/06\/Rodgau-Zeitung_Titel_Symbolbild-300x55.png 300w, https:\/\/heimatverein-nieder-roden.de\/wp-content\/uploads\/2019\/06\/Rodgau-Zeitung_Titel_Symbolbild-768x142.png 768w, https:\/\/heimatverein-nieder-roden.de\/wp-content\/uploads\/2019\/06\/Rodgau-Zeitung_Titel_Symbolbild-1024x189.png 1024w\" sizes=\"(max-width: 300px) 100vw, 300px\" \/><\/a> <a class=\"title\" href=\"https:\/\/heimatverein-nieder-roden.de\/?p=2198\">&#8222;Geschichtlicher Start ins Jahr 2020 &#8211; Jahresauftakt des AK f\u00fcr Heimatkunde mit Austausch in Urberach&#8220;<\/a> <span class=\"excerpt-dash\">-<\/span> <span class=\"excerpt\"><!-- wp:paragraph -->\n<p>Artikel in der Rodgau-Zeitung vom 23.01.2020<\/p>\n<!-- \/wp:paragraph -->\n\n<!-- wp:paragraph -->\n<p>Wir bedanken uns herzlich f\u00fcr die Berichterstattung der Presse!<\/p>\n<!-- \/wp:paragraph --><\/span><\/div><div class=\"listing-item\"><a class=\"image\" href=\"https:\/\/heimatverein-nieder-roden.de\/?p=2021\"><img decoding=\"async\" width=\"300\" height=\"55\" src=\"https:\/\/heimatverein-nieder-roden.de\/wp-content\/uploads\/2019\/06\/Rodgau-Zeitung_Titel_Symbolbild-300x55.png\" class=\"attachment-medium size-medium wp-post-image\" alt=\"\" srcset=\"https:\/\/heimatverein-nieder-roden.de\/wp-content\/uploads\/2019\/06\/Rodgau-Zeitung_Titel_Symbolbild-300x55.png 300w, https:\/\/heimatverein-nieder-roden.de\/wp-content\/uploads\/2019\/06\/Rodgau-Zeitung_Titel_Symbolbild-768x142.png 768w, https:\/\/heimatverein-nieder-roden.de\/wp-content\/uploads\/2019\/06\/Rodgau-Zeitung_Titel_Symbolbild-1024x189.png 1024w\" sizes=\"(max-width: 300px) 100vw, 300px\" \/><\/a> <a class=\"title\" href=\"https:\/\/heimatverein-nieder-roden.de\/?p=2021\">&#8222;Stimmungsvoll auch bei Regen&#8220;<\/a> <span class=\"excerpt-dash\">-<\/span> <span class=\"excerpt\"><!-- wp:paragraph -->\n<p>Artikel in der Rodgau-Zeitung vom 12.12.2019. <\/p>\n<!-- \/wp:paragraph -->\n\n<!-- wp:paragraph -->\n<p>Wir bedanken uns herzlich f\u00fcr die Berichterstattung der Presse!<\/p>\n<!-- \/wp:paragraph --><\/span><\/div><div class=\"listing-item\"><a class=\"image\" href=\"https:\/\/heimatverein-nieder-roden.de\/?p=2029\"><img decoding=\"async\" width=\"300\" height=\"96\" src=\"https:\/\/heimatverein-nieder-roden.de\/wp-content\/uploads\/2019\/06\/Rodgau-Post_Titel_Symbolbild-300x96.jpg\" class=\"attachment-medium size-medium wp-post-image\" alt=\"\" srcset=\"https:\/\/heimatverein-nieder-roden.de\/wp-content\/uploads\/2019\/06\/Rodgau-Post_Titel_Symbolbild-300x96.jpg 300w, https:\/\/heimatverein-nieder-roden.de\/wp-content\/uploads\/2019\/06\/Rodgau-Post_Titel_Symbolbild-768x246.jpg 768w, https:\/\/heimatverein-nieder-roden.de\/wp-content\/uploads\/2019\/06\/Rodgau-Post_Titel_Symbolbild-1024x328.jpg 1024w\" sizes=\"(max-width: 300px) 100vw, 300px\" \/><\/a> <a class=\"title\" href=\"https:\/\/heimatverein-nieder-roden.de\/?p=2029\">&#8222;Von Baumauktion bis Krippenschau&#8220;<\/a> <span class=\"excerpt-dash\">-<\/span> <span class=\"excerpt\"><!-- wp:paragraph -->\n<p>Artikel in der Rodgau-Post vom 12.12.2019.<\/p>\n<!-- \/wp:paragraph -->\n\n<!-- wp:paragraph -->\n<p>Wir bedanken uns herzlich f\u00fcr die Berichterstattung der Presse!<\/p>\n<!-- \/wp:paragraph --><\/span><\/div><div class=\"listing-item\"><a class=\"image\" href=\"https:\/\/heimatverein-nieder-roden.de\/?p=2043\"><img decoding=\"async\" width=\"300\" height=\"43\" src=\"https:\/\/heimatverein-nieder-roden.de\/wp-content\/uploads\/2019\/06\/Offenbach-Post_Titel_Symbolbild-300x43.png\" class=\"attachment-medium size-medium wp-post-image\" alt=\"\" srcset=\"https:\/\/heimatverein-nieder-roden.de\/wp-content\/uploads\/2019\/06\/Offenbach-Post_Titel_Symbolbild-300x43.png 300w, https:\/\/heimatverein-nieder-roden.de\/wp-content\/uploads\/2019\/06\/Offenbach-Post_Titel_Symbolbild-768x111.png 768w, https:\/\/heimatverein-nieder-roden.de\/wp-content\/uploads\/2019\/06\/Offenbach-Post_Titel_Symbolbild-1024x148.png 1024w\" sizes=\"(max-width: 300px) 100vw, 300px\" \/><\/a> <a class=\"title\" href=\"https:\/\/heimatverein-nieder-roden.de\/?p=2043\">&#8222;Jede Menge selbst gemacht&#8220;<\/a> <span class=\"excerpt-dash\">-<\/span> <span class=\"excerpt\"><!-- wp:paragraph -->\n<p>Artikel der Offenbach-Post auf OP-Online.de vom 10.12.2019. <\/p>\n<!-- \/wp:paragraph -->\n\n<!-- wp:paragraph -->\n<p>Wir bedanken uns herzlich f\u00fcr die Berichterstattung der Presse!<\/p>\n<!-- \/wp:paragraph --><\/span><\/div><div class=\"listing-item\"><a class=\"image\" href=\"https:\/\/heimatverein-nieder-roden.de\/?p=2025\"><img decoding=\"async\" width=\"300\" height=\"96\" src=\"https:\/\/heimatverein-nieder-roden.de\/wp-content\/uploads\/2019\/06\/Rodgau-Post_Titel_Symbolbild-300x96.jpg\" class=\"attachment-medium size-medium wp-post-image\" alt=\"\" srcset=\"https:\/\/heimatverein-nieder-roden.de\/wp-content\/uploads\/2019\/06\/Rodgau-Post_Titel_Symbolbild-300x96.jpg 300w, https:\/\/heimatverein-nieder-roden.de\/wp-content\/uploads\/2019\/06\/Rodgau-Post_Titel_Symbolbild-768x246.jpg 768w, https:\/\/heimatverein-nieder-roden.de\/wp-content\/uploads\/2019\/06\/Rodgau-Post_Titel_Symbolbild-1024x328.jpg 1024w\" sizes=\"(max-width: 300px) 100vw, 300px\" \/><\/a> <a class=\"title\" href=\"https:\/\/heimatverein-nieder-roden.de\/?p=2025\">&#8222;Besinnlicher Markt mit einzigartiger Atmosph\u00e4re&#8220;<\/a> <span class=\"excerpt-dash\">-<\/span> <span class=\"excerpt\"><!-- wp:paragraph -->\n<p>Artikel in der Rodgau-Post vom 05.12.2019.<\/p>\n<!-- \/wp:paragraph -->\n\n<!-- wp:paragraph -->\n<p>Wir bedanken uns herzlich f\u00fcr die Berichterstattung der Presse!<\/p>\n<!-- \/wp:paragraph --><\/span><\/div><div class=\"listing-item\"><a class=\"image\" href=\"https:\/\/heimatverein-nieder-roden.de\/?p=2047\"><img decoding=\"async\" width=\"300\" height=\"55\" src=\"https:\/\/heimatverein-nieder-roden.de\/wp-content\/uploads\/2019\/06\/Rodgau-Zeitung_Titel_Symbolbild-300x55.png\" class=\"attachment-medium size-medium wp-post-image\" alt=\"\" srcset=\"https:\/\/heimatverein-nieder-roden.de\/wp-content\/uploads\/2019\/06\/Rodgau-Zeitung_Titel_Symbolbild-300x55.png 300w, https:\/\/heimatverein-nieder-roden.de\/wp-content\/uploads\/2019\/06\/Rodgau-Zeitung_Titel_Symbolbild-768x142.png 768w, https:\/\/heimatverein-nieder-roden.de\/wp-content\/uploads\/2019\/06\/Rodgau-Zeitung_Titel_Symbolbild-1024x189.png 1024w\" sizes=\"(max-width: 300px) 100vw, 300px\" \/><\/a> <a class=\"title\" href=\"https:\/\/heimatverein-nieder-roden.de\/?p=2047\">&#8222;Nieder-R\u00f6der Adventsmarkt 2019&#8220; &#8211; Sonderseite<\/a> <span class=\"excerpt-dash\">-<\/span> <span class=\"excerpt\"><!-- wp:paragraph -->\n<p>Sonderseite in der Rodgau-Zeitung vom 05.12.2019. <\/p>\n<!-- \/wp:paragraph -->\n\n<!-- wp:paragraph -->\n<p>Wir bedanken uns herzlich f\u00fcr die Berichterstattung der Presse! <\/p>\n<!-- \/wp:paragraph --><\/span><\/div><div class=\"listing-item\"><a class=\"image\" href=\"https:\/\/heimatverein-nieder-roden.de\/?p=1867\"><img decoding=\"async\" width=\"300\" height=\"96\" src=\"https:\/\/heimatverein-nieder-roden.de\/wp-content\/uploads\/2019\/06\/Rodgau-Post_Titel_Symbolbild-300x96.jpg\" class=\"attachment-medium size-medium wp-post-image\" alt=\"\" srcset=\"https:\/\/heimatverein-nieder-roden.de\/wp-content\/uploads\/2019\/06\/Rodgau-Post_Titel_Symbolbild-300x96.jpg 300w, https:\/\/heimatverein-nieder-roden.de\/wp-content\/uploads\/2019\/06\/Rodgau-Post_Titel_Symbolbild-768x246.jpg 768w, https:\/\/heimatverein-nieder-roden.de\/wp-content\/uploads\/2019\/06\/Rodgau-Post_Titel_Symbolbild-1024x328.jpg 1024w\" sizes=\"(max-width: 300px) 100vw, 300px\" \/><\/a> <a class=\"title\" href=\"https:\/\/heimatverein-nieder-roden.de\/?p=1867\">&#8222;Nachholtermine f\u00fcr Heimat-Filmnacht&#8220;<\/a> <span class=\"excerpt-dash\">-<\/span> <span class=\"excerpt\">Artikel in der Rodgau-Post vom 21.11.2019. Wir bedanken uns herzlich f\u00fcr die Berichterstattung der Presse! Mit freundlicher Genehmigung der Rodgau-Post! Hier geht&#8217;s zum E-Paper der Rodgau-Post.<\/span><\/div><div class=\"listing-item\"><a class=\"image\" href=\"https:\/\/heimatverein-nieder-roden.de\/?p=2195\"><img decoding=\"async\" width=\"300\" height=\"55\" src=\"https:\/\/heimatverein-nieder-roden.de\/wp-content\/uploads\/2019\/06\/Rodgau-Zeitung_Titel_Symbolbild-300x55.png\" class=\"attachment-medium size-medium wp-post-image\" alt=\"\" srcset=\"https:\/\/heimatverein-nieder-roden.de\/wp-content\/uploads\/2019\/06\/Rodgau-Zeitung_Titel_Symbolbild-300x55.png 300w, https:\/\/heimatverein-nieder-roden.de\/wp-content\/uploads\/2019\/06\/Rodgau-Zeitung_Titel_Symbolbild-768x142.png 768w, https:\/\/heimatverein-nieder-roden.de\/wp-content\/uploads\/2019\/06\/Rodgau-Zeitung_Titel_Symbolbild-1024x189.png 1024w\" sizes=\"(max-width: 300px) 100vw, 300px\" \/><\/a> <a class=\"title\" href=\"https:\/\/heimatverein-nieder-roden.de\/?p=2195\">&#8222;Heimat-Filmnacht 2019 &#8211; Der Arbeitskreis f\u00fcr Heimatkunde l\u00e4dt ein&#8220;<\/a> <span class=\"excerpt-dash\">-<\/span> <span class=\"excerpt\"><!-- wp:paragraph -->\n<p>Artikel in der Rodgau-Zeitung vom 14.11.2019. <\/p>\n<!-- \/wp:paragraph -->\n\n<!-- wp:paragraph -->\n<p>Wir bedanken uns herzlich f\u00fcr die Berichterstattung der Presse! <\/p>\n<!-- \/wp:paragraph --><\/span><\/div><div class=\"listing-item\"><a class=\"image\" href=\"https:\/\/heimatverein-nieder-roden.de\/?p=1838\"><img decoding=\"async\" width=\"300\" height=\"43\" src=\"https:\/\/heimatverein-nieder-roden.de\/wp-content\/uploads\/2019\/06\/Offenbach-Post_Titel_Symbolbild-300x43.png\" class=\"attachment-medium size-medium wp-post-image\" alt=\"\" srcset=\"https:\/\/heimatverein-nieder-roden.de\/wp-content\/uploads\/2019\/06\/Offenbach-Post_Titel_Symbolbild-300x43.png 300w, https:\/\/heimatverein-nieder-roden.de\/wp-content\/uploads\/2019\/06\/Offenbach-Post_Titel_Symbolbild-768x111.png 768w, https:\/\/heimatverein-nieder-roden.de\/wp-content\/uploads\/2019\/06\/Offenbach-Post_Titel_Symbolbild-1024x148.png 1024w\" sizes=\"(max-width: 300px) 100vw, 300px\" \/><\/a> <a class=\"title\" href=\"https:\/\/heimatverein-nieder-roden.de\/?p=1838\">&#8222;Heimatverein in Nieder-Roden holt Filmnacht nach&#8220;<\/a> <span class=\"excerpt-dash\">-<\/span> <span class=\"excerpt\">Artikel der Offenbach-Post auf OP-Online.de vom 07.11.2019. Wir bedanken uns herzlich f\u00fcr die Berichterstattung der Presse!<\/span><\/div><div class=\"listing-item\"><a class=\"image\" href=\"https:\/\/heimatverein-nieder-roden.de\/?p=1833\"><img decoding=\"async\" width=\"300\" height=\"55\" src=\"https:\/\/heimatverein-nieder-roden.de\/wp-content\/uploads\/2019\/06\/Rodgau-Zeitung_Titel_Symbolbild-300x55.png\" class=\"attachment-medium size-medium wp-post-image\" alt=\"\" srcset=\"https:\/\/heimatverein-nieder-roden.de\/wp-content\/uploads\/2019\/06\/Rodgau-Zeitung_Titel_Symbolbild-300x55.png 300w, https:\/\/heimatverein-nieder-roden.de\/wp-content\/uploads\/2019\/06\/Rodgau-Zeitung_Titel_Symbolbild-768x142.png 768w, https:\/\/heimatverein-nieder-roden.de\/wp-content\/uploads\/2019\/06\/Rodgau-Zeitung_Titel_Symbolbild-1024x189.png 1024w\" sizes=\"(max-width: 300px) 100vw, 300px\" \/><\/a> <a class=\"title\" href=\"https:\/\/heimatverein-nieder-roden.de\/?p=1833\">&#8222;23 Mannschaften beim Ortsvereinsschie\u00dfen&#8220; &#8211; Der AKHNR war auch dabei<\/a> <span class=\"excerpt-dash\">-<\/span> <span class=\"excerpt\">Artikel in der Rodgau-Zeitung vom 31.10.2019. Wir bedanken uns herzlich f\u00fcr die Berichterstattung der Presse! Mit freundlicher Genehmigung der Rodgau-Zeitung!<\/span><\/div><div class=\"listing-item\"><a class=\"image\" href=\"https:\/\/heimatverein-nieder-roden.de\/?p=1828\"><img decoding=\"async\" width=\"300\" height=\"55\" src=\"https:\/\/heimatverein-nieder-roden.de\/wp-content\/uploads\/2019\/06\/Rodgau-Zeitung_Titel_Symbolbild-300x55.png\" class=\"attachment-medium size-medium wp-post-image\" alt=\"\" srcset=\"https:\/\/heimatverein-nieder-roden.de\/wp-content\/uploads\/2019\/06\/Rodgau-Zeitung_Titel_Symbolbild-300x55.png 300w, https:\/\/heimatverein-nieder-roden.de\/wp-content\/uploads\/2019\/06\/Rodgau-Zeitung_Titel_Symbolbild-768x142.png 768w, https:\/\/heimatverein-nieder-roden.de\/wp-content\/uploads\/2019\/06\/Rodgau-Zeitung_Titel_Symbolbild-1024x189.png 1024w\" sizes=\"(max-width: 300px) 100vw, 300px\" \/><\/a> <a class=\"title\" href=\"https:\/\/heimatverein-nieder-roden.de\/?p=1828\">&#8222;Reformation auf M\u00fcnzen&#8220;<\/a> <span class=\"excerpt-dash\">-<\/span> <span class=\"excerpt\">Artikel in der Rodgau-Zeitung vom 31.10.2019. Wir bedanken uns herzlich f\u00fcr die Berichterstattung der Presse! Mit freundlicher Genehmigung der Rodgau-Zeitung!<\/span><\/div><div class=\"listing-item\"><a class=\"image\" href=\"https:\/\/heimatverein-nieder-roden.de\/?p=1692\"><img decoding=\"async\" width=\"300\" height=\"43\" src=\"https:\/\/heimatverein-nieder-roden.de\/wp-content\/uploads\/2019\/06\/Offenbach-Post_Titel_Symbolbild-300x43.png\" class=\"attachment-medium size-medium wp-post-image\" alt=\"\" srcset=\"https:\/\/heimatverein-nieder-roden.de\/wp-content\/uploads\/2019\/06\/Offenbach-Post_Titel_Symbolbild-300x43.png 300w, https:\/\/heimatverein-nieder-roden.de\/wp-content\/uploads\/2019\/06\/Offenbach-Post_Titel_Symbolbild-768x111.png 768w, https:\/\/heimatverein-nieder-roden.de\/wp-content\/uploads\/2019\/06\/Offenbach-Post_Titel_Symbolbild-1024x148.png 1024w\" sizes=\"(max-width: 300px) 100vw, 300px\" \/><\/a> <a class=\"title\" href=\"https:\/\/heimatverein-nieder-roden.de\/?p=1692\">&#8222;Numismatische Spurensuche im Heimatmuseum&#8220;<\/a> <span class=\"excerpt-dash\">-<\/span> <span class=\"excerpt\">Artikel der Offenbach-Post auf OP-Online.de vom 18.10.2019. Wir bedanken uns herzlich f\u00fcr die Berichterstattung der Presse! Klicken Sie auf das Bild und sie gelangen direkt zum Artikel! Mit freundlicher Genehmigung der Offenbach-Post!<\/span><\/div><div class=\"listing-item\"><a class=\"image\" href=\"https:\/\/heimatverein-nieder-roden.de\/?p=1689\"><img decoding=\"async\" width=\"300\" height=\"96\" src=\"https:\/\/heimatverein-nieder-roden.de\/wp-content\/uploads\/2019\/06\/Rodgau-Post_Titel_Symbolbild-300x96.jpg\" class=\"attachment-medium size-medium wp-post-image\" alt=\"\" srcset=\"https:\/\/heimatverein-nieder-roden.de\/wp-content\/uploads\/2019\/06\/Rodgau-Post_Titel_Symbolbild-300x96.jpg 300w, https:\/\/heimatverein-nieder-roden.de\/wp-content\/uploads\/2019\/06\/Rodgau-Post_Titel_Symbolbild-768x246.jpg 768w, https:\/\/heimatverein-nieder-roden.de\/wp-content\/uploads\/2019\/06\/Rodgau-Post_Titel_Symbolbild-1024x328.jpg 1024w\" sizes=\"(max-width: 300px) 100vw, 300px\" \/><\/a> <a class=\"title\" href=\"https:\/\/heimatverein-nieder-roden.de\/?p=1689\">&#8222;Der Jahresausflug des Arbeitskreises Heimatkunde Nieder-Roden&#8230;&#8220;<\/a> <span class=\"excerpt-dash\">-<\/span> <span class=\"excerpt\">Artikel in der Rodgau-Post vom 17.10.2019 Wir bedanken uns herzlich f\u00fcr die Berichterstattung der Presse! Mit freundlicher Genehmigung der Rodgau-Post! Hier geht&#8217;s zum E-Paper der Rodgau-Post.<\/span><\/div><div class=\"listing-item\"><a class=\"image\" href=\"https:\/\/heimatverein-nieder-roden.de\/?p=1564\"><img decoding=\"async\" width=\"300\" height=\"96\" src=\"https:\/\/heimatverein-nieder-roden.de\/wp-content\/uploads\/2019\/06\/Rodgau-Post_Titel_Symbolbild-300x96.jpg\" class=\"attachment-medium size-medium wp-post-image\" alt=\"\" srcset=\"https:\/\/heimatverein-nieder-roden.de\/wp-content\/uploads\/2019\/06\/Rodgau-Post_Titel_Symbolbild-300x96.jpg 300w, https:\/\/heimatverein-nieder-roden.de\/wp-content\/uploads\/2019\/06\/Rodgau-Post_Titel_Symbolbild-768x246.jpg 768w, https:\/\/heimatverein-nieder-roden.de\/wp-content\/uploads\/2019\/06\/Rodgau-Post_Titel_Symbolbild-1024x328.jpg 1024w\" sizes=\"(max-width: 300px) 100vw, 300px\" \/><\/a> <a class=\"title\" href=\"https:\/\/heimatverein-nieder-roden.de\/?p=1564\">&#8222;Stadt Rodgau und ihre B\u00fcrger feiern 40 Jahre Stadtrechte&#8220; &#8211; Heimatvereine mit gemeinsamer Ausstellung<\/a> <span class=\"excerpt-dash\">-<\/span> <span class=\"excerpt\">Artikel in der Rodgau-Post vom 05.09.2019. \nWir bedanken uns herzlich f\u00fcr die Berichterstattung der Presse!<\/span><\/div><div class=\"listing-item\"><a class=\"image\" href=\"https:\/\/heimatverein-nieder-roden.de\/?p=1573\"><img decoding=\"async\" width=\"300\" height=\"55\" src=\"https:\/\/heimatverein-nieder-roden.de\/wp-content\/uploads\/2019\/06\/Rodgau-Zeitung_Titel_Symbolbild-300x55.png\" class=\"attachment-medium size-medium wp-post-image\" alt=\"\" srcset=\"https:\/\/heimatverein-nieder-roden.de\/wp-content\/uploads\/2019\/06\/Rodgau-Zeitung_Titel_Symbolbild-300x55.png 300w, https:\/\/heimatverein-nieder-roden.de\/wp-content\/uploads\/2019\/06\/Rodgau-Zeitung_Titel_Symbolbild-768x142.png 768w, https:\/\/heimatverein-nieder-roden.de\/wp-content\/uploads\/2019\/06\/Rodgau-Zeitung_Titel_Symbolbild-1024x189.png 1024w\" sizes=\"(max-width: 300px) 100vw, 300px\" \/><\/a> <a class=\"title\" href=\"https:\/\/heimatverein-nieder-roden.de\/?p=1573\">&#8222;Erstes gemeinsames Projekt aller Heimatvereine&#8220;<\/a> <span class=\"excerpt-dash\">-<\/span> <span class=\"excerpt\">Artikel in der Rodgau-Zeitung vom 05.09.2019. Wir bedanken uns herzlich f\u00fcr die Berichterstattung der Presse! Mit freundlicher Genehmigung der Rodgau-Zeitung!<\/span><\/div><div class=\"listing-item\"><a class=\"image\" href=\"https:\/\/heimatverein-nieder-roden.de\/?p=1570\"><img decoding=\"async\" width=\"300\" height=\"51\" src=\"https:\/\/heimatverein-nieder-roden.de\/wp-content\/uploads\/2019\/09\/Dreieich-Zeitung_Titel_Symbolbild-300x51.jpg\" class=\"attachment-medium size-medium wp-post-image\" alt=\"\" srcset=\"https:\/\/heimatverein-nieder-roden.de\/wp-content\/uploads\/2019\/09\/Dreieich-Zeitung_Titel_Symbolbild-300x51.jpg 300w, https:\/\/heimatverein-nieder-roden.de\/wp-content\/uploads\/2019\/09\/Dreieich-Zeitung_Titel_Symbolbild-768x130.jpg 768w, https:\/\/heimatverein-nieder-roden.de\/wp-content\/uploads\/2019\/09\/Dreieich-Zeitung_Titel_Symbolbild-1024x173.jpg 1024w, https:\/\/heimatverein-nieder-roden.de\/wp-content\/uploads\/2019\/09\/Dreieich-Zeitung_Titel_Symbolbild-560x95.jpg 560w\" sizes=\"(max-width: 300px) 100vw, 300px\" \/><\/a> <a class=\"title\" href=\"https:\/\/heimatverein-nieder-roden.de\/?p=1570\">&#8222;40 Jahre Stadtrechte: Plakat-Ausstellung erm\u00f6glichte Zeitreise durch Rodgau&#8220;<\/a> <span class=\"excerpt-dash\">-<\/span> <span class=\"excerpt\">Artikel in der Dreieich-Zeitung vom 04.09.2019.\nWir bedanken uns herzlich f\u00fcr die Berichterstattung der Presse!<\/span><\/div><div class=\"listing-item\"><a class=\"image\" href=\"https:\/\/heimatverein-nieder-roden.de\/?p=1566\"><img decoding=\"async\" width=\"300\" height=\"43\" src=\"https:\/\/heimatverein-nieder-roden.de\/wp-content\/uploads\/2019\/06\/Offenbach-Post_Titel_Symbolbild-300x43.png\" class=\"attachment-medium size-medium wp-post-image\" alt=\"\" srcset=\"https:\/\/heimatverein-nieder-roden.de\/wp-content\/uploads\/2019\/06\/Offenbach-Post_Titel_Symbolbild-300x43.png 300w, https:\/\/heimatverein-nieder-roden.de\/wp-content\/uploads\/2019\/06\/Offenbach-Post_Titel_Symbolbild-768x111.png 768w, https:\/\/heimatverein-nieder-roden.de\/wp-content\/uploads\/2019\/06\/Offenbach-Post_Titel_Symbolbild-1024x148.png 1024w\" sizes=\"(max-width: 300px) 100vw, 300px\" \/><\/a> <a class=\"title\" href=\"https:\/\/heimatverein-nieder-roden.de\/?p=1566\">&#8222;40 Jahre Stadtrechte Rodgau: Facetten einer lebendigen Stadt&#8220;<\/a> <span class=\"excerpt-dash\">-<\/span> <span class=\"excerpt\">Artikel der Offenbach-Post auf OP-Online.de vom 02.09.2019. \nWir bedanken uns herzlich f\u00fcr die Berichterstattung der Presse!<\/span><\/div><div class=\"listing-item\"><a class=\"image\" href=\"https:\/\/heimatverein-nieder-roden.de\/?p=1549\"><img decoding=\"async\" width=\"300\" height=\"43\" src=\"https:\/\/heimatverein-nieder-roden.de\/wp-content\/uploads\/2019\/06\/Offenbach-Post_Titel_Symbolbild-300x43.png\" class=\"attachment-medium size-medium wp-post-image\" alt=\"\" srcset=\"https:\/\/heimatverein-nieder-roden.de\/wp-content\/uploads\/2019\/06\/Offenbach-Post_Titel_Symbolbild-300x43.png 300w, https:\/\/heimatverein-nieder-roden.de\/wp-content\/uploads\/2019\/06\/Offenbach-Post_Titel_Symbolbild-768x111.png 768w, https:\/\/heimatverein-nieder-roden.de\/wp-content\/uploads\/2019\/06\/Offenbach-Post_Titel_Symbolbild-1024x148.png 1024w\" sizes=\"(max-width: 300px) 100vw, 300px\" \/><\/a> <a class=\"title\" href=\"https:\/\/heimatverein-nieder-roden.de\/?p=1549\">Zw\u00f6lf Kr\u00e4uter zu Mari\u00e4 Himmelfahrt<\/a> <span class=\"excerpt-dash\">-<\/span> <span class=\"excerpt\">Artikel der Offenbach-Post auf OP-Online.de vom 04.09.2019. \nWir bedanken uns herzlich f\u00fcr die Berichterstattung der Presse!<\/span><\/div><div class=\"listing-item\"><a class=\"image\" href=\"https:\/\/heimatverein-nieder-roden.de\/?p=1472\"><img decoding=\"async\" width=\"300\" height=\"96\" src=\"https:\/\/heimatverein-nieder-roden.de\/wp-content\/uploads\/2019\/06\/Rodgau-Post_Titel_Symbolbild-300x96.jpg\" class=\"attachment-medium size-medium wp-post-image\" alt=\"\" srcset=\"https:\/\/heimatverein-nieder-roden.de\/wp-content\/uploads\/2019\/06\/Rodgau-Post_Titel_Symbolbild-300x96.jpg 300w, https:\/\/heimatverein-nieder-roden.de\/wp-content\/uploads\/2019\/06\/Rodgau-Post_Titel_Symbolbild-768x246.jpg 768w, https:\/\/heimatverein-nieder-roden.de\/wp-content\/uploads\/2019\/06\/Rodgau-Post_Titel_Symbolbild-1024x328.jpg 1024w\" sizes=\"(max-width: 300px) 100vw, 300px\" \/><\/a> <a class=\"title\" href=\"https:\/\/heimatverein-nieder-roden.de\/?p=1472\">&#8222;Mit der Schult\u00fcte auf Schulbank anno dazumal&#8220;<\/a> <span class=\"excerpt-dash\">-<\/span> <span class=\"excerpt\">Artikel in der Rodgau-Post vom 08.08.2019.\nWir bedanken uns herzlich f\u00fcr die Berichterstattung der Presse!<\/span><\/div><div class=\"listing-item\"><a class=\"image\" href=\"https:\/\/heimatverein-nieder-roden.de\/?p=1403\"><img decoding=\"async\" width=\"300\" height=\"96\" src=\"https:\/\/heimatverein-nieder-roden.de\/wp-content\/uploads\/2019\/06\/Rodgau-Post_Titel_Symbolbild-300x96.jpg\" class=\"attachment-medium size-medium wp-post-image\" alt=\"\" srcset=\"https:\/\/heimatverein-nieder-roden.de\/wp-content\/uploads\/2019\/06\/Rodgau-Post_Titel_Symbolbild-300x96.jpg 300w, https:\/\/heimatverein-nieder-roden.de\/wp-content\/uploads\/2019\/06\/Rodgau-Post_Titel_Symbolbild-768x246.jpg 768w, https:\/\/heimatverein-nieder-roden.de\/wp-content\/uploads\/2019\/06\/Rodgau-Post_Titel_Symbolbild-1024x328.jpg 1024w\" sizes=\"(max-width: 300px) 100vw, 300px\" \/><\/a> <a class=\"title\" href=\"https:\/\/heimatverein-nieder-roden.de\/?p=1403\">&#8222;Fetzige Musik im Seniorenalter&#8220;<\/a> <span class=\"excerpt-dash\">-<\/span> <span class=\"excerpt\">Artikel in der Rodgau-Post vom 20.06.2019. Wir bedanken uns herzlich f\u00fcr die Berichterstattung der Presse! Mit freundlicher Genehmigung der Rodgau-Post! Hier geht&#8217;s zum E-Paper der Rodgau-Post.<\/span><\/div><div class=\"listing-item\"><a class=\"image\" href=\"https:\/\/heimatverein-nieder-roden.de\/?p=1390\"><img decoding=\"async\" width=\"300\" height=\"55\" src=\"https:\/\/heimatverein-nieder-roden.de\/wp-content\/uploads\/2019\/06\/Rodgau-Zeitung_Titel_Symbolbild-300x55.png\" class=\"attachment-medium size-medium wp-post-image\" alt=\"\" srcset=\"https:\/\/heimatverein-nieder-roden.de\/wp-content\/uploads\/2019\/06\/Rodgau-Zeitung_Titel_Symbolbild-300x55.png 300w, https:\/\/heimatverein-nieder-roden.de\/wp-content\/uploads\/2019\/06\/Rodgau-Zeitung_Titel_Symbolbild-768x142.png 768w, https:\/\/heimatverein-nieder-roden.de\/wp-content\/uploads\/2019\/06\/Rodgau-Zeitung_Titel_Symbolbild-1024x189.png 1024w\" sizes=\"(max-width: 300px) 100vw, 300px\" \/><\/a> <a class=\"title\" href=\"https:\/\/heimatverein-nieder-roden.de\/?p=1390\">&#8222;Jubil\u00e4umsblasmusik begeistert&#8220;<\/a> <span class=\"excerpt-dash\">-<\/span> <span class=\"excerpt\">Artikel in der Rodgau-Zeitung vom 19.06.2019. Wir bedanken uns herzlich f\u00fcr die Berichterstattung der Presse! Mit freundlicher Genehmigung der Rodgau-Zeitung!<\/span><\/div><div class=\"listing-item\"><a class=\"image\" href=\"https:\/\/heimatverein-nieder-roden.de\/?p=1377\"><img decoding=\"async\" width=\"300\" height=\"43\" src=\"https:\/\/heimatverein-nieder-roden.de\/wp-content\/uploads\/2019\/06\/Offenbach-Post_Titel_Symbolbild-300x43.png\" class=\"attachment-medium size-medium wp-post-image\" alt=\"\" srcset=\"https:\/\/heimatverein-nieder-roden.de\/wp-content\/uploads\/2019\/06\/Offenbach-Post_Titel_Symbolbild-300x43.png 300w, https:\/\/heimatverein-nieder-roden.de\/wp-content\/uploads\/2019\/06\/Offenbach-Post_Titel_Symbolbild-768x111.png 768w, https:\/\/heimatverein-nieder-roden.de\/wp-content\/uploads\/2019\/06\/Offenbach-Post_Titel_Symbolbild-1024x148.png 1024w\" sizes=\"(max-width: 300px) 100vw, 300px\" \/><\/a> <a class=\"title\" href=\"https:\/\/heimatverein-nieder-roden.de\/?p=1377\">\u201e&#8217;Rodgauer Blasmusik&#8216; spielt im Museumshof zum Geburtstag\u201c<\/a> <span class=\"excerpt-dash\">-<\/span> <span class=\"excerpt\">Artikel der Offenbach-Post auf OP-Online.de vom 20.06.2019. Wir bedanken uns herzlich f\u00fcr die Berichterstattung der Presse! Klicken Sie auf das Bild und sie gelangen direkt zum Artikel! Mit freundlicher Genehmigung der Offenbach-Post!<\/span><\/div><\/div>\n","protected":false},"excerpt":{"rendered":"<p>Hier finden Sie die Artikel aus der Lokalpresse mit Bezug zum AKHNR. Wir k\u00f6nnen nat\u00fcrlich keinen Anspruch auf Vollst\u00e4ndigkeit erheben.Wir freuen uns, wenn Sie einen Artikel kennen, den wir \u00fcbersehen haben!Senden Sie ihn uns einfach zu &#8211; Vielen Dank im Voraus! Viel Spa\u00df beim St\u00f6bern!<\/p>\n","protected":false},"author":1,"featured_media":0,"parent":0,"menu_order":0,"comment_status":"closed","ping_status":"closed","template":"","meta":{"_coblocks_attr":"","_coblocks_dimensions":"","_coblocks_responsive_height":"","_coblocks_accordion_ie_support":"","footnotes":""},"class_list":["post-1414","page","type-page","status-publish","hentry","nodate"],"publishpress_future_action":{"enabled":false,"date":"2026-05-06 21:44:12","action":"change-status","newStatus":"draft","terms":[],"taxonomy":"","extraData":[]},"publishpress_future_workflow_manual_trigger":{"enabledWorkflows":[]},"_links":{"self":[{"href":"https:\/\/heimatverein-nieder-roden.de\/index.php?rest_route=\/wp\/v2\/pages\/1414","targetHints":{"allow":["GET"]}}],"collection":[{"href":"https:\/\/heimatverein-nieder-roden.de\/index.php?rest_route=\/wp\/v2\/pages"}],"about":[{"href":"https:\/\/heimatverein-nieder-roden.de\/index.php?rest_route=\/wp\/v2\/types\/page"}],"author":[{"embeddable":true,"href":"https:\/\/heimatverein-nieder-roden.de\/index.php?rest_route=\/wp\/v2\/users\/1"}],"replies":[{"embeddable":true,"href":"https:\/\/heimatverein-nieder-roden.de\/index.php?rest_route=%2Fwp%2Fv2%2Fcomments&post=1414"}],"version-history":[{"count":9,"href":"https:\/\/heimatverein-nieder-roden.de\/index.php?rest_route=\/wp\/v2\/pages\/1414\/revisions"}],"predecessor-version":[{"id":5581,"href":"https:\/\/heimatverein-nieder-roden.de\/index.php?rest_route=\/wp\/v2\/pages\/1414\/revisions\/5581"}],"wp:attachment":[{"href":"https:\/\/heimatverein-nieder-roden.de\/index.php?rest_route=%2Fwp%2Fv2%2Fmedia&parent=1414"}],"curies":[{"name":"wp","href":"https:\/\/api.w.org\/{rel}","templated":true}]}}