{"id":1144,"date":"2019-05-01T23:13:30","date_gmt":"2019-05-01T21:13:30","guid":{"rendered":"http:\/\/heimatverein-nieder-roden.de\/?page_id=1144"},"modified":"2022-02-08T15:42:55","modified_gmt":"2022-02-08T14:42:55","slug":"jahresauftakt","status":"publish","type":"page","link":"https:\/\/heimatverein-nieder-roden.de\/?page_id=1144","title":{"rendered":"Jahresauftakt"},"content":{"rendered":"\n<p>Zum Jahresanfang veranstaltet der AKHNR nach M\u00f6glichkeit eine vereinsinterne Auftaktveranstaltung. Dabei treffen wir uns zu einem Spazierung, verbringen einen gemeinsamen Abend im Museum oder machen einen Ausflug in die n\u00e4here Umgebung, vorzugsweise zu einem benachbarten Heimatverein, einem Museum oder \u00c4hnlichem.<\/p>\n\n\n\n<p>Dabei stimmen wir uns auf das neue Jahr ein und besprechen bereits unsere Pl\u00e4ne, Termine und Ideen f\u00fcr die anstehende Vereinssaison.<\/p>\n\n\n\n<hr class=\"wp-block-separator\"\/>\n\n\nSeite 0 mal aufgerufen in den letzten 14 Tagen.\n\n\n\n<hr class=\"wp-block-separator is-style-wide\"\/>\n\n\n\n<h3 class=\"wp-block-heading\" id=\"meldungen-zum-thema\">Meldungen zum Thema<\/h3>\n\n\n<div class=\"display-posts-listing grid\"><div class=\"listing-item\"><a class=\"image\" href=\"https:\/\/heimatverein-nieder-roden.de\/?p=7961\"><img decoding=\"async\" width=\"300\" height=\"225\" src=\"https:\/\/heimatverein-nieder-roden.de\/wp-content\/uploads\/2025\/03\/2012-01-15_14-00-32_AKHNR_Ortsrundgang-2012_EGE_IMGP2595-300x225.jpg\" class=\"attachment-medium size-medium wp-post-image\" alt=\"\" srcset=\"https:\/\/heimatverein-nieder-roden.de\/wp-content\/uploads\/2025\/03\/2012-01-15_14-00-32_AKHNR_Ortsrundgang-2012_EGE_IMGP2595-300x225.jpg 300w, https:\/\/heimatverein-nieder-roden.de\/wp-content\/uploads\/2025\/03\/2012-01-15_14-00-32_AKHNR_Ortsrundgang-2012_EGE_IMGP2595-1024x768.jpg 1024w, https:\/\/heimatverein-nieder-roden.de\/wp-content\/uploads\/2025\/03\/2012-01-15_14-00-32_AKHNR_Ortsrundgang-2012_EGE_IMGP2595-768x576.jpg 768w, https:\/\/heimatverein-nieder-roden.de\/wp-content\/uploads\/2025\/03\/2012-01-15_14-00-32_AKHNR_Ortsrundgang-2012_EGE_IMGP2595-1536x1152.jpg 1536w, https:\/\/heimatverein-nieder-roden.de\/wp-content\/uploads\/2025\/03\/2012-01-15_14-00-32_AKHNR_Ortsrundgang-2012_EGE_IMGP2595-2048x1536.jpg 2048w, https:\/\/heimatverein-nieder-roden.de\/wp-content\/uploads\/2025\/03\/2012-01-15_14-00-32_AKHNR_Ortsrundgang-2012_EGE_IMGP2595-836x627.jpg 836w, https:\/\/heimatverein-nieder-roden.de\/wp-content\/uploads\/2025\/03\/2012-01-15_14-00-32_AKHNR_Ortsrundgang-2012_EGE_IMGP2595-560x420.jpg 560w\" sizes=\"(max-width: 300px) 100vw, 300px\" \/><\/a> <a class=\"title\" href=\"https:\/\/heimatverein-nieder-roden.de\/?p=7961\">Ortsrundgang zum Jahresauftakt 2025 &#8211; Jetzt anmelden!<\/a> <span class=\"excerpt-dash\">-<\/span> <span class=\"excerpt\">Zum Jahresauftakt treffen wir uns in diesem Jahr am Sonntag, 23. M\u00e4rz um 13:30 Uhr am Heimatmuseum. Wir machen einen Spaziergang zum Thema &#8222;Phasen der Bebauung im Altort&#8220;.G\u00fcnther Keller wird mit seinem umfangreichen Wissen und zahlreichen Anekdoten die F\u00fchrung \u00fcbernehmen. Danach kehren wir zu Kaffee und Riwwelkuche ins Heimatmuseum ein. Auch Nicht-Mitglieder sind herzlich eingeladen. &hellip; <\/p><p><a class=\"more-link btn\" href=\"https:\/\/heimatverein-nieder-roden.de\/?p=7961\">Weiterlesen<\/a><\/span><\/div><div class=\"listing-item\"><a class=\"image\" href=\"https:\/\/heimatverein-nieder-roden.de\/?p=5041\"><img decoding=\"async\" width=\"300\" height=\"55\" src=\"https:\/\/heimatverein-nieder-roden.de\/wp-content\/uploads\/2019\/06\/Rodgau-Zeitung_Titel_Symbolbild-300x55.png\" class=\"attachment-medium size-medium wp-post-image\" alt=\"\" srcset=\"https:\/\/heimatverein-nieder-roden.de\/wp-content\/uploads\/2019\/06\/Rodgau-Zeitung_Titel_Symbolbild-300x55.png 300w, https:\/\/heimatverein-nieder-roden.de\/wp-content\/uploads\/2019\/06\/Rodgau-Zeitung_Titel_Symbolbild-768x142.png 768w, https:\/\/heimatverein-nieder-roden.de\/wp-content\/uploads\/2019\/06\/Rodgau-Zeitung_Titel_Symbolbild-1024x189.png 1024w\" sizes=\"(max-width: 300px) 100vw, 300px\" \/><\/a> <a class=\"title\" href=\"https:\/\/heimatverein-nieder-roden.de\/?p=5041\">&#8222;Jahresauftakt des AK f\u00fcr Heimatkunde&#8220;<\/a> <span class=\"excerpt-dash\">-<\/span> <span class=\"excerpt\">Artikel in der Rodgau-Zeitung vom 24.02.2023.\nWir bedanken uns herzlich f\u00fcr die Berichterstattung der Presse!<\/span><\/div><div class=\"listing-item\"><a class=\"image\" href=\"https:\/\/heimatverein-nieder-roden.de\/?p=5014\"><img decoding=\"async\" width=\"300\" height=\"169\" src=\"https:\/\/heimatverein-nieder-roden.de\/wp-content\/uploads\/2023\/02\/Obertshausen_Karl-Mayer-Haus_Werkstattmuseum-300x169.jpg\" class=\"attachment-medium size-medium wp-post-image\" alt=\"\" srcset=\"https:\/\/heimatverein-nieder-roden.de\/wp-content\/uploads\/2023\/02\/Obertshausen_Karl-Mayer-Haus_Werkstattmuseum-300x169.jpg 300w, https:\/\/heimatverein-nieder-roden.de\/wp-content\/uploads\/2023\/02\/Obertshausen_Karl-Mayer-Haus_Werkstattmuseum-768x432.jpg 768w, https:\/\/heimatverein-nieder-roden.de\/wp-content\/uploads\/2023\/02\/Obertshausen_Karl-Mayer-Haus_Werkstattmuseum-836x470.jpg 836w, https:\/\/heimatverein-nieder-roden.de\/wp-content\/uploads\/2023\/02\/Obertshausen_Karl-Mayer-Haus_Werkstattmuseum-560x315.jpg 560w, https:\/\/heimatverein-nieder-roden.de\/wp-content\/uploads\/2023\/02\/Obertshausen_Karl-Mayer-Haus_Werkstattmuseum.jpg 960w\" sizes=\"(max-width: 300px) 100vw, 300px\" \/><\/a> <a class=\"title\" href=\"https:\/\/heimatverein-nieder-roden.de\/?p=5014\">Jahresauftakt des AKHNR mit Ausflug nach Obertshausen<\/a> <span class=\"excerpt-dash\">-<\/span> <span class=\"excerpt\">Die Mitglieder des AKHNR starten mit zum Jahresauftakt mit einem Kurzausflug, am Samstag, den 4. M\u00e4rz.<\/span><\/div><div class=\"listing-item\"><a class=\"image\" href=\"https:\/\/heimatverein-nieder-roden.de\/?p=2256\"><img decoding=\"async\" width=\"300\" height=\"79\" src=\"https:\/\/heimatverein-nieder-roden.de\/wp-content\/uploads\/2020\/02\/Mein-Rodgau_Titel_Symbolbild-300x79.png\" class=\"attachment-medium size-medium wp-post-image\" alt=\"\" srcset=\"https:\/\/heimatverein-nieder-roden.de\/wp-content\/uploads\/2020\/02\/Mein-Rodgau_Titel_Symbolbild-300x79.png 300w, https:\/\/heimatverein-nieder-roden.de\/wp-content\/uploads\/2020\/02\/Mein-Rodgau_Titel_Symbolbild-1024x268.png 1024w, https:\/\/heimatverein-nieder-roden.de\/wp-content\/uploads\/2020\/02\/Mein-Rodgau_Titel_Symbolbild-768x201.png 768w, https:\/\/heimatverein-nieder-roden.de\/wp-content\/uploads\/2020\/02\/Mein-Rodgau_Titel_Symbolbild-1536x402.png 1536w, https:\/\/heimatverein-nieder-roden.de\/wp-content\/uploads\/2020\/02\/Mein-Rodgau_Titel_Symbolbild-2048x536.png 2048w, https:\/\/heimatverein-nieder-roden.de\/wp-content\/uploads\/2020\/02\/Mein-Rodgau_Titel_Symbolbild-560x147.png 560w\" sizes=\"(max-width: 300px) 100vw, 300px\" \/><\/a> <a class=\"title\" href=\"https:\/\/heimatverein-nieder-roden.de\/?p=2256\">&#8222;AKHNR startet in das Jahr 2020&#8220;<\/a> <span class=\"excerpt-dash\">-<\/span> <span class=\"excerpt\"><!-- wp:paragraph -->\n<p>Artikel in \"Mein Rodgau\" vom Februar 2020.<\/p>\n<!-- \/wp:paragraph -->\n\n<!-- wp:paragraph -->\n<p>Wir bedanken uns herzlich f\u00fcr die Berichterstattung der Presse!<\/p>\n<!-- \/wp:paragraph --><\/span><\/div><div class=\"listing-item\"><a class=\"image\" href=\"https:\/\/heimatverein-nieder-roden.de\/?p=2202\"><img decoding=\"async\" width=\"300\" height=\"43\" src=\"https:\/\/heimatverein-nieder-roden.de\/wp-content\/uploads\/2019\/06\/Offenbach-Post_Titel_Symbolbild-300x43.png\" class=\"attachment-medium size-medium wp-post-image\" alt=\"\" srcset=\"https:\/\/heimatverein-nieder-roden.de\/wp-content\/uploads\/2019\/06\/Offenbach-Post_Titel_Symbolbild-300x43.png 300w, https:\/\/heimatverein-nieder-roden.de\/wp-content\/uploads\/2019\/06\/Offenbach-Post_Titel_Symbolbild-768x111.png 768w, https:\/\/heimatverein-nieder-roden.de\/wp-content\/uploads\/2019\/06\/Offenbach-Post_Titel_Symbolbild-1024x148.png 1024w\" sizes=\"(max-width: 300px) 100vw, 300px\" \/><\/a> <a class=\"title\" href=\"https:\/\/heimatverein-nieder-roden.de\/?p=2202\">&#8222;Interkultureller Austausch &#8211; Arbeitskreis f\u00fcr Heimatkunde Nieder-Roden besucht Kollegen in Orwisch&#8220;<\/a> <span class=\"excerpt-dash\">-<\/span> <span class=\"excerpt\">Artikel der Offenbach-Post auf OP-Online.de vom 26.01.2020.\n\nWir bedanken uns herzlich f\u00fcr die Berichterstattung der Presse!<\/span><\/div><div class=\"listing-item\"><a class=\"image\" href=\"https:\/\/heimatverein-nieder-roden.de\/?p=2198\"><img decoding=\"async\" width=\"300\" height=\"55\" src=\"https:\/\/heimatverein-nieder-roden.de\/wp-content\/uploads\/2019\/06\/Rodgau-Zeitung_Titel_Symbolbild-300x55.png\" class=\"attachment-medium size-medium wp-post-image\" alt=\"\" srcset=\"https:\/\/heimatverein-nieder-roden.de\/wp-content\/uploads\/2019\/06\/Rodgau-Zeitung_Titel_Symbolbild-300x55.png 300w, https:\/\/heimatverein-nieder-roden.de\/wp-content\/uploads\/2019\/06\/Rodgau-Zeitung_Titel_Symbolbild-768x142.png 768w, https:\/\/heimatverein-nieder-roden.de\/wp-content\/uploads\/2019\/06\/Rodgau-Zeitung_Titel_Symbolbild-1024x189.png 1024w\" sizes=\"(max-width: 300px) 100vw, 300px\" \/><\/a> <a class=\"title\" href=\"https:\/\/heimatverein-nieder-roden.de\/?p=2198\">&#8222;Geschichtlicher Start ins Jahr 2020 &#8211; Jahresauftakt des AK f\u00fcr Heimatkunde mit Austausch in Urberach&#8220;<\/a> <span class=\"excerpt-dash\">-<\/span> <span class=\"excerpt\"><!-- wp:paragraph -->\n<p>Artikel in der Rodgau-Zeitung vom 23.01.2020<\/p>\n<!-- \/wp:paragraph -->\n\n<!-- wp:paragraph -->\n<p>Wir bedanken uns herzlich f\u00fcr die Berichterstattung der Presse!<\/p>\n<!-- \/wp:paragraph --><\/span><\/div><div class=\"listing-item\"><a class=\"image\" href=\"https:\/\/heimatverein-nieder-roden.de\/?p=2173\"><img decoding=\"async\" width=\"300\" height=\"169\" src=\"https:\/\/heimatverein-nieder-roden.de\/wp-content\/uploads\/2020\/01\/2020-01-19_15-57-48_AKHNR_Jahresauftakt2020-Urberach_IMG_4833-300x169.jpg\" class=\"attachment-medium size-medium wp-post-image\" alt=\"\" srcset=\"https:\/\/heimatverein-nieder-roden.de\/wp-content\/uploads\/2020\/01\/2020-01-19_15-57-48_AKHNR_Jahresauftakt2020-Urberach_IMG_4833-300x169.jpg 300w, https:\/\/heimatverein-nieder-roden.de\/wp-content\/uploads\/2020\/01\/2020-01-19_15-57-48_AKHNR_Jahresauftakt2020-Urberach_IMG_4833-1024x576.jpg 1024w, https:\/\/heimatverein-nieder-roden.de\/wp-content\/uploads\/2020\/01\/2020-01-19_15-57-48_AKHNR_Jahresauftakt2020-Urberach_IMG_4833-768x432.jpg 768w, https:\/\/heimatverein-nieder-roden.de\/wp-content\/uploads\/2020\/01\/2020-01-19_15-57-48_AKHNR_Jahresauftakt2020-Urberach_IMG_4833-1536x865.jpg 1536w, https:\/\/heimatverein-nieder-roden.de\/wp-content\/uploads\/2020\/01\/2020-01-19_15-57-48_AKHNR_Jahresauftakt2020-Urberach_IMG_4833-2048x1153.jpg 2048w, https:\/\/heimatverein-nieder-roden.de\/wp-content\/uploads\/2020\/01\/2020-01-19_15-57-48_AKHNR_Jahresauftakt2020-Urberach_IMG_4833-560x315.jpg 560w\" sizes=\"(max-width: 300px) 100vw, 300px\" \/><\/a> <a class=\"title\" href=\"https:\/\/heimatverein-nieder-roden.de\/?p=2173\">AKHNR startet in das Jahr 2020 &#8211; Jahresauftakt mit interkulturellem Austausch in Orwisch<\/a> <span class=\"excerpt-dash\">-<\/span> <span class=\"excerpt\">Nieder-R\u00f6der lernen Urberach kennen - tolle F\u00fchrungen von Patricia Lips und Horst-Peter Knapp<\/span><\/div><div class=\"listing-item\"><a class=\"image\" href=\"https:\/\/heimatverein-nieder-roden.de\/?p=2039\"><img decoding=\"async\" width=\"300\" height=\"225\" src=\"https:\/\/heimatverein-nieder-roden.de\/wp-content\/uploads\/2019\/05\/AKHNR_Jahresauftakt2019_3-300x225.jpg\" class=\"attachment-medium size-medium wp-post-image\" alt=\"\" srcset=\"https:\/\/heimatverein-nieder-roden.de\/wp-content\/uploads\/2019\/05\/AKHNR_Jahresauftakt2019_3-300x225.jpg 300w, https:\/\/heimatverein-nieder-roden.de\/wp-content\/uploads\/2019\/05\/AKHNR_Jahresauftakt2019_3-768x576.jpg 768w, https:\/\/heimatverein-nieder-roden.de\/wp-content\/uploads\/2019\/05\/AKHNR_Jahresauftakt2019_3-1024x768.jpg 1024w, https:\/\/heimatverein-nieder-roden.de\/wp-content\/uploads\/2019\/05\/AKHNR_Jahresauftakt2019_3.jpg 1440w\" sizes=\"(max-width: 300px) 100vw, 300px\" \/><\/a> <a class=\"title\" href=\"https:\/\/heimatverein-nieder-roden.de\/?p=2039\">Jahresauftakt 2020 am 19. Januar<\/a> <span class=\"excerpt-dash\">-<\/span> <span class=\"excerpt\">Unser Ausflug zum Jahresanfang f\u00fchrt uns diesmal nach Urberach. Alle weiteren Infos folgen.Die Mitglieder werden in den n\u00e4chsten Tagen schriftlich informiert!<\/span><\/div><div class=\"listing-item\"><a class=\"image\" href=\"https:\/\/heimatverein-nieder-roden.de\/?p=1371\"><img decoding=\"async\" width=\"300\" height=\"225\" src=\"https:\/\/heimatverein-nieder-roden.de\/wp-content\/uploads\/2019\/05\/AKHNR_Jahresauftakt2019_1-300x225.jpg\" class=\"attachment-medium size-medium wp-post-image\" alt=\"\" srcset=\"https:\/\/heimatverein-nieder-roden.de\/wp-content\/uploads\/2019\/05\/AKHNR_Jahresauftakt2019_1-300x225.jpg 300w, https:\/\/heimatverein-nieder-roden.de\/wp-content\/uploads\/2019\/05\/AKHNR_Jahresauftakt2019_1-768x576.jpg 768w, https:\/\/heimatverein-nieder-roden.de\/wp-content\/uploads\/2019\/05\/AKHNR_Jahresauftakt2019_1-1024x768.jpg 1024w, https:\/\/heimatverein-nieder-roden.de\/wp-content\/uploads\/2019\/05\/AKHNR_Jahresauftakt2019_1.jpg 1440w\" sizes=\"(max-width: 300px) 100vw, 300px\" \/><\/a> <a class=\"title\" href=\"https:\/\/heimatverein-nieder-roden.de\/?p=1371\">Jahresauftakt 2019<\/a> <span class=\"excerpt-dash\">-<\/span> <span class=\"excerpt\">In das Jahr 2019 startete der AKHNR mit einem Ausflug zum Heimat- und Geschichtsverein M\u00fcnster e. V. (HGV).<\/span><\/div><\/div>\n","protected":false},"excerpt":{"rendered":"<p>Zum Jahresanfang veranstaltet der AKHNR nach M\u00f6glichkeit eine vereinsinterne Auftaktveranstaltung. Dabei treffen wir uns zu einem Spazierung, verbringen einen gemeinsamen Abend im Museum oder machen einen Ausflug in die n\u00e4here Umgebung, vorzugsweise zu einem benachbarten Heimatverein, einem Museum oder \u00c4hnlichem. Dabei stimmen wir uns auf das neue Jahr ein und besprechen bereits unsere Pl\u00e4ne, Termine &hellip; <\/p>\n<p><a class=\"more-link btn\" href=\"https:\/\/heimatverein-nieder-roden.de\/?p=1371\">Weiterlesen<\/a><\/p><p><a class=\"more-link btn\" href=\"https:\/\/heimatverein-nieder-roden.de\/?p=1371\">Weiterlesen<\/a><\/p>\n","protected":false},"author":1,"featured_media":1132,"parent":381,"menu_order":0,"comment_status":"closed","ping_status":"closed","template":"","meta":{"_coblocks_attr":"","_coblocks_dimensions":"","_coblocks_responsive_height":"","_coblocks_accordion_ie_support":"","footnotes":""},"class_list":["post-1144","page","type-page","status-publish","has-post-thumbnail","hentry","nodate"],"publishpress_future_action":{"enabled":false,"date":"2026-05-08 01:04:14","action":"change-status","newStatus":"draft","terms":[],"taxonomy":"","extraData":[]},"publishpress_future_workflow_manual_trigger":{"enabledWorkflows":[]},"_links":{"self":[{"href":"https:\/\/heimatverein-nieder-roden.de\/index.php?rest_route=\/wp\/v2\/pages\/1144","targetHints":{"allow":["GET"]}}],"collection":[{"href":"https:\/\/heimatverein-nieder-roden.de\/index.php?rest_route=\/wp\/v2\/pages"}],"about":[{"href":"https:\/\/heimatverein-nieder-roden.de\/index.php?rest_route=\/wp\/v2\/types\/page"}],"author":[{"embeddable":true,"href":"https:\/\/heimatverein-nieder-roden.de\/index.php?rest_route=\/wp\/v2\/users\/1"}],"replies":[{"embeddable":true,"href":"https:\/\/heimatverein-nieder-roden.de\/index.php?rest_route=%2Fwp%2Fv2%2Fcomments&post=1144"}],"version-history":[{"count":6,"href":"https:\/\/heimatverein-nieder-roden.de\/index.php?rest_route=\/wp\/v2\/pages\/1144\/revisions"}],"predecessor-version":[{"id":3553,"href":"https:\/\/heimatverein-nieder-roden.de\/index.php?rest_route=\/wp\/v2\/pages\/1144\/revisions\/3553"}],"up":[{"embeddable":true,"href":"https:\/\/heimatverein-nieder-roden.de\/index.php?rest_route=\/wp\/v2\/pages\/381"}],"wp:featuredmedia":[{"embeddable":true,"href":"https:\/\/heimatverein-nieder-roden.de\/index.php?rest_route=\/wp\/v2\/media\/1132"}],"wp:attachment":[{"href":"https:\/\/heimatverein-nieder-roden.de\/index.php?rest_route=%2Fwp%2Fv2%2Fmedia&parent=1144"}],"curies":[{"name":"wp","href":"https:\/\/api.w.org\/{rel}","templated":true}]}}